{"id":19984,"date":"2021-03-12T06:17:06","date_gmt":"2021-03-12T05:17:06","guid":{"rendered":"http:\/\/www.slovensky-kras.eu\/info\/?page_id=19984"},"modified":"2026-04-06T08:34:09","modified_gmt":"2026-04-06T06:34:09","slug":"ostry-vrsok-775-m","status":"publish","type":"page","link":"https:\/\/www.slovensky-kras.eu\/info\/kam-do-prirody\/ostry-vrsok-775-m\/","title":{"rendered":"Ostr\u00fd vr\u0161ok (775 m n.m.) a vojensk\u00e9 stanovisko z 2. svetovej vojny"},"content":{"rendered":"<p><strong>Menu: <\/strong> <a href=\"http:\/\/www.slovensky-kras.eu\/info\/\" class=\"su-button su-button-style-default\" style=\"color:#000000;background-color:#FFCF2F;border-color:#cca626;border-radius:5px\" target=\"_self\"><span style=\"color:#000000;padding:6px 16px;font-size:13px;line-height:20px;border-color:#ffde6e;border-radius:5px;text-shadow:none\"><i class=\"sui sui-arrow-right\" style=\"font-size:13px;color:#000000\"><\/i>  \u00davod \/ Aktuality <\/span><\/a>\n<a href=\"http:\/\/www.slovensky-kras.eu\/info\/kam-do-prirody\/\" class=\"su-button su-button-style-default\" style=\"color:#000000;background-color:#FFCF2F;border-color:#cca626;border-radius:5px\" target=\"_self\"><span style=\"color:#000000;padding:6px 16px;font-size:13px;line-height:20px;border-color:#ffde6e;border-radius:5px;text-shadow:none\"><i class=\"sui sui-arrow-right\" style=\"font-size:13px;color:#000000\"><\/i>  Kam do pr\u00edrody <\/span><\/a>\n<p><strong>Podkateg\u00f3ria: <\/strong> <a href=\"http:\/\/www.slovensky-kras.eu\/info\/kam-do-prirody\/vrchy-skaly-a-sedla\/\" class=\"su-button su-button-style-default\" style=\"color:#000000;background-color:#C5ED2C;border-color:#9ebe24;border-radius:5px\" target=\"_self\"><span style=\"color:#000000;padding:6px 16px;font-size:13px;line-height:20px;border-color:#d7f36c;border-radius:5px;text-shadow:none\"><i class=\"sui sui-arrow-right\" style=\"font-size:13px;color:#000000\"><\/i>  Vrchy, skaly, vyhliadky a sedl\u00e1 <\/span><\/a>\n<div class=\"su-divider su-divider-style-default\" style=\"margin:15px 0;border-width:2px;border-color:#000000\"><\/div>\n<figure id=\"attachment_20018\" aria-describedby=\"caption-attachment-20018\" style=\"width: 900px\" class=\"wp-caption aligncenter\"><a href=\"https:\/\/www.slovensky-kras.eu\/info\/wp-content\/uploads\/2021\/03\/ostry-vrsok.jpg\"><img loading=\"lazy\" decoding=\"async\" class=\"wp-image-20018\" src=\"http:\/\/www.slovensky-kras.eu\/info\/wp-content\/uploads\/2021\/03\/ostry-vrsok.jpg\" alt=\"Ostr\u00fd vr\u0161ok (775 m n.m.)\" width=\"900\" height=\"675\" srcset=\"https:\/\/www.slovensky-kras.eu\/info\/wp-content\/uploads\/2021\/03\/ostry-vrsok.jpg 800w, https:\/\/www.slovensky-kras.eu\/info\/wp-content\/uploads\/2021\/03\/ostry-vrsok-768x576.jpg 768w\" sizes=\"auto, (max-width: 900px) 100vw, 900px\" \/><\/a><figcaption id=\"caption-attachment-20018\" class=\"wp-caption-text\">Ostr\u00fd vr\u0161ok (775 m n.m.) foto: Viktor Bal\u00e1\u017e KST Ro\u017e\u0148ava<\/figcaption><\/figure>\n<div class=\"su-divider su-divider-style-default\" style=\"margin:15px 0;border-width:2px;border-color:#000000\"><\/div>\n<h2 data-path-to-node=\"1\"><span style=\"color: #800000;\"><b data-path-to-node=\"1\" data-index-in-node=\"0\">Tajomstvo ukryt\u00e9 v tieni planiny<\/b><\/span><\/h2>\n<p data-path-to-node=\"2\">H\u013ead\u00e1te miesto, kde sa <b data-path-to-node=\"2\" data-index-in-node=\"23\">divok\u00e1 pr\u00edroda<\/b> Slovensk\u00e9ho krasu sp\u00e1ja s mrazivou <b data-path-to-node=\"2\" data-index-in-node=\"73\">hist\u00f3riou<\/b>? Vyst\u00fapte na <b data-path-to-node=\"2\" data-index-in-node=\"96\">Ostr\u00fd vr\u0161ok<\/b>, kde medzi stromami dodnes n\u00e1jdete <b data-path-to-node=\"2\" data-index-in-node=\"143\">vojensk\u00e9 z\u00e1kopy<\/b> a stopy po ni\u010divom <b data-path-to-node=\"2\" data-index-in-node=\"178\">delostrelectve<\/b>. Odha\u013ete pr\u00edbeh strategick\u00e9ho <b data-path-to-node=\"2\" data-index-in-node=\"223\">obrann\u00e9ho valu<\/b>, ktor\u00fd mal zastavi\u0165 postup arm\u00e1d v osudnom roku <b data-path-to-node=\"2\" data-index-in-node=\"286\">1945<\/b>. Spoznajte tret\u00ed najvy\u0161\u0161\u00ed bod <a href=\"https:\/\/www.slovensky-kras.eu\/info\/kam-do-prirody\/plesivecka-planina\/\"><b data-path-to-node=\"2\" data-index-in-node=\"321\">Ple\u0161iveckej planiny<\/b><\/a>, ktor\u00fd kedysi p\u00edsal dejiny na\u0161ej slobody.<\/p>\n<h2><span style=\"color: #800000;\">Kde presne sa nach\u00e1dza vrch Ostr\u00fd vr\u0161ok a ak\u00e1 je jeho nadmorsk\u00e1 v\u00fd\u0161ka?<\/span><\/h2>\n<p data-path-to-node=\"3\"><b>Ostr\u00fd vr\u0161ok<\/b>, ktor\u00e9ho nadmorsk\u00e1 v\u00fd\u0161ka dosahuje <b>775 m n. m.<\/b>, sa majest\u00e1tne vyp\u00edna na <a href=\"https:\/\/www.slovensky-kras.eu\/info\/kam-do-prirody\/plesivecka-planina\/\"><b>Ple\u0161iveckej planine<\/b><\/a>. Z geomorfologick\u00e9ho h\u013eadiska patr\u00ed tento vrch do rozsiahlej oblasti <b>Slovensk\u00e9ho rudohoria<\/b> a konkr\u00e9tne do jeho horsk\u00e9ho celku zvan\u00e9ho <b>Slovensk\u00fd kras<\/b> (podcelok <b>Ple\u0161iveck\u00e1 planina<\/b>). Je to tret\u00ed najvy\u0161\u0161\u00ed, no z\u00e1rove\u0148 zalesnen\u00fd vrch spom\u00ednanej planiny.<\/p>\n<h2><span style=\"color: #800000;\">Ak\u00e9 historick\u00e9 pozostatky m\u00f4\u017eeme na Ostrom vr\u0161ku vidie\u0165?<\/span><\/h2>\n<p data-path-to-node=\"6\">Na vrchole a svahoch <b>Ostr\u00e9ho vr\u0161ku<\/b> sa nach\u00e1dzaj\u00fa <b>pozostatky opevnenia<\/b>, ktor\u00e9 poch\u00e1dzaj\u00fa z konca druhej svetovej vojny. I\u0161lo o <b>opevnen\u00e9 stanovisko ma\u010farskej arm\u00e1dy<\/b> s <b>bunkrom<\/b> a <b>opevnen\u00fdmi z\u00e1kopmi<\/b>. Toto <b>obrann\u00e9 stanovisko<\/b> bolo s\u00fa\u010das\u0165ou v\u00e4\u010d\u0161ieho obrann\u00e9ho valu, ktor\u00fd vytvorili jednotky 1. ma\u010farskej a 8. nemeckej arm\u00e1dy.<\/p>\n<h2><span style=\"color: #800000;\">Ak\u00e1 bola \u00faloha obrann\u00e9ho valu, ktor\u00e9ho s\u00fa\u010das\u0165ou bol aj Ostr\u00fd vr\u0161ok?<\/span><\/h2>\n<p data-path-to-node=\"9\">S\u00fa\u010das\u0165ou tohto rozsiahleho obrann\u00e9ho valu boli aj mest\u00e1 a \u00fazemia ako <b>Ro\u017e\u0148ava<\/b>, <b>Ple\u0161ivec<\/b>, <b>Silick\u00e1 planina<\/b> a, samozrejme, <b>Ple\u0161iveck\u00e1 planina<\/b>. Hlavnou \u00falohou tohto obrann\u00e9ho syst\u00e9mu bolo <b>zabr\u00e1ni\u0165 postupu jednotiek sovietskej arm\u00e1dy<\/b>, a to tak, aby sa nedostali \u00fadol\u00edm Slanej a \u0160t\u00edtnickej doliny a\u017e do strategick\u00e9ho priestoru Dob\u0161inej.<\/p>\n<h2><span style=\"color: #800000;\">Ktor\u00e9 arm\u00e1dy sa podie\u013eali na oslobodzovan\u00ed tohto \u00fazemia?<\/span><\/h2>\n<p data-path-to-node=\"12\">Na <b>oslobodzovan\u00ed tohto \u00fazemia<\/b> sa podie\u013eali vojsk\u00e1 <b>II. ukrajinsk\u00e9ho frontu<\/b>, v r\u00e1mci ktor\u00e9ho operovali aj <b>jednotky rumunskej arm\u00e1dy<\/b>. Je zauj\u00edmav\u00e9, \u017ee <b>rumunsk\u00e1 kr\u00e1\u013eovsk\u00e1 arm\u00e1da<\/b> p\u00f4vodne bojovala po boku nacistick\u00e9ho Nemecka. Spojencom <b>Sovietskeho zv\u00e4zu<\/b> sa stala a\u017e po prevrate v Rumunsku v auguste 1944 a n\u00e1slednej dohode o pr\u00edmer\u00ed, ktor\u00e1 bola podp\u00edsan\u00e1 12. septembra 1944. Po t\u00fdchto udalostiach bola rumunsk\u00e1 arm\u00e1da nasadzovan\u00e1 v s\u00fa\u010dinnosti so sovietskymi jednotkami 2. a 4. ukrajinsk\u00e9ho frontu.<\/p>\n<h2><span style=\"color: #800000;\">Ak\u00e1 bola strat\u00e9gia oslobodzovacej oper\u00e1cie?<\/span><\/h2>\n<p data-path-to-node=\"15\">\u00dadern\u00e9 zoskupenie, ktor\u00e9mu bola zveren\u00e1 \u00faloha oslobodi\u0165 toto \u00fazemie, pozost\u00e1valo z <b>piatich sovietskych<\/b> a <b>piatich rumunsk\u00fdch div\u00edzi\u00ed<\/b>. Toto siln\u00e9 vojensk\u00e9 zoskupenie malo na za\u010diatku oper\u00e1cie <b>prelomi\u0165 nepriate\u013esk\u00fa obranu<\/b>, ktor\u00e1 sa opierala o n\u00e1ro\u010dn\u00fd kopcovit\u00fd ter\u00e9n <b>Silickej planiny<\/b>, a n\u00e1sledne pokra\u010dova\u0165 severn\u00fdm smerom na Dob\u0161in\u00fa. Spom\u00ednan\u00e9 <b>opevnen\u00e9 stanovisko na Ostrom vr\u0161ku<\/b> bolo po\u010das bojov ostre\u013eovan\u00e9 a zni\u010den\u00e9 sovietskym delostrelectvom. Prakticky cel\u00e9 toto \u00fazemie bolo <b>osloboden\u00e9<\/b> koncom janu\u00e1ra roku 1945.<\/p>\n<h2 data-path-to-node=\"2\"><span style=\"color: #800000;\">Poves\u0165 o \u0160epote v divokej tr\u00e1ve<\/span><\/h2>\n<p data-path-to-node=\"3\">Vrav\u00ed sa, \u017ee <b data-path-to-node=\"3\" data-index-in-node=\"13\">Ostr\u00fd vr\u0161ok<\/b> je najtich\u0161\u00edm miestom planiny, hoci kedysi bol t\u00fdm najhlu\u010dnej\u0161\u00edm. Ke\u010f v janu\u00e1ri 1945 <b data-path-to-node=\"3\" data-index-in-node=\"110\">sovietske delostrelectvo<\/b> rozbilo ma\u010farsk\u00e9 obrann\u00e9 poz\u00edcie, hlbok\u00e9 <b data-path-to-node=\"3\" data-index-in-node=\"176\">z\u00e1kopy<\/b> a skr\u00fd\u0161e v zemi zostali opusten\u00e9 a napospas mrazu. Miestni hovoria, \u017ee <b data-path-to-node=\"3\" data-index-in-node=\"254\">divok\u00e1 tr\u00e1va<\/b>, ktor\u00e1 dnes vrchol kopca tak husto a nesp\u00fatane pokr\u00fdva, nar\u00e1stla tak\u00e1 vysok\u00e1 preto, aby milosrdne skryla jazvy po bojoch. Traduje sa, \u017ee kto sa v t\u00fdchto miestach zastav\u00ed, nepo\u010duje len \u0161um vetra, ale ozvenu hist\u00f3rie ukryt\u00fa v hline, ktor\u00e1 do seba vsiakla hrmot oslobodzovac\u00edch bojov. Vrch si tak str\u00e1\u017ei svoje tajomstvo pod <b data-path-to-node=\"3\" data-index-in-node=\"588\">zelen\u00fdm kobercom<\/b>, ktor\u00fd je dnes jedinou \u017eivou pamiatkou na hrdinstvo a strach z konca vojny.<\/p>\n<h2><span style=\"color: #800000;\">Fotogal\u00e9ria<\/span><\/h2>\n<style type=\"text\/css\">\n#foogallery-gallery-28565 .fg-image { width: 200px; }<\/style>\n\t\t\t<div class=\"foogallery foogallery-container foogallery-carousel foogallery-lightbox-foogallery fg-carousel fg-ready fg-light fg-border-medium fg-round-small fg-shadow-medium fg-loading-default fg-loaded-fade-in fg-hover-semi-zoomed fg-hover-fade fg-hover-circle-plus2\" id=\"foogallery-gallery-28565\" data-foogallery=\"{&quot;item&quot;:{&quot;showCaptionTitle&quot;:true,&quot;showCaptionDescription&quot;:true},&quot;lazy&quot;:true,&quot;template&quot;:{&quot;maxItems&quot;:5,&quot;scale&quot;:0.11999999999999999555910790149937383830547332763671875,&quot;gutter&quot;:{&quot;min&quot;:-40,&quot;max&quot;:-20,&quot;unit&quot;:&quot;%&quot;},&quot;autoplay&quot;:{&quot;time&quot;:0,&quot;interaction&quot;:&quot;pause&quot;},&quot;centerOnClick&quot;:true,&quot;align&quot;:&quot;center&quot;,&quot;activePosition&quot;:&quot;center&quot;}}\" data-foogallery-lightbox=\"{&quot;thumbs&quot;:&quot;bottom&quot;,&quot;thumbsCaptions&quot;:false,&quot;thumbsBestFit&quot;:false,&quot;thumbsSmall&quot;:false,&quot;thumbsCaptionsAlign&quot;:&quot;default&quot;,&quot;info&quot;:&quot;bottom&quot;,&quot;infoVisible&quot;:true,&quot;infoOverlay&quot;:true,&quot;infoAlign&quot;:&quot;default&quot;,&quot;transition&quot;:&quot;fade&quot;,&quot;hoverButtons&quot;:false,&quot;fitMedia&quot;:false,&quot;noScrollbars&quot;:true,&quot;preserveButtonSpace&quot;:true,&quot;buttons&quot;:{&quot;fullscreen&quot;:true,&quot;info&quot;:true,&quot;thumbs&quot;:false},&quot;video&quot;:{&quot;autoPlay&quot;:true}}\" style=\"--fg-title-line-clamp: 0; --fg-description-line-clamp: 0;\" >\n\t<button type=\"button\" class=\"fg-carousel-prev\" title=\"Previous\"><\/button>\n\t<div class=\"fg-carousel-inner\">\n\t\t<div class=\"fg-carousel-center\"><\/div>\n\t\t<div class=\"fg-item fg-type-image fg-idle\"><figure class=\"fg-item-inner\"><a href=\"https:\/\/www.slovensky-kras.eu\/info\/wp-content\/uploads\/2021\/03\/ostry-vrsok.jpg\" data-caption-title=\"Ostr\u00fd vr\u0161ok (775 m n.m.) a vojensk\u00e9 stanovisko z 2. svetovej vojny\" data-caption-desc=\"Ostr\u00fd vr\u0161ok (775 m n.m.) foto: Viktor Bal\u00e1\u017e KST Ro\u017e\u0148ava\" data-attachment-id=\"20018\" data-type=\"image\" class=\"fg-thumb\"><span class=\"fg-image-wrap\"><img decoding=\"async\" title=\"Ostr\u00fd vr\u0161ok (775 m n.m.) a vojensk\u00e9 stanovisko z 2. svetovej vojny\" width=\"200\" height=\"200\" class=\"skip-lazy fg-image\" data-src-fg=\"https:\/\/www.slovensky-kras.eu\/info\/wp-content\/uploads\/cache\/2021\/03\/ostry-vrsok\/2364227443.jpg\" src=\"data:image\/svg+xml,%3Csvg%20xmlns%3D%22http%3A%2F%2Fwww.w3.org%2F2000%2Fsvg%22%20width%3D%22200%22%20height%3D%22200%22%20viewBox%3D%220%200%20200%20200%22%3E%3C%2Fsvg%3E\" loading=\"eager\"><\/span><span class=\"fg-image-overlay\"><\/span><\/a><figcaption class=\"fg-caption\"><div class=\"fg-caption-inner\"><div class=\"fg-caption-title\">Ostr\u00fd vr\u0161ok (775 m n.m.) a vojensk\u00e9 stanovisko z 2. svetovej vojny<\/div><div class=\"fg-caption-desc\">Ostr\u00fd vr\u0161ok (775 m n.m.) foto: Viktor Bal\u00e1\u017e KST Ro\u017e\u0148ava<\/div><\/div><\/figcaption><\/figure><div class=\"fg-loader\"><\/div><\/div><div class=\"fg-item fg-type-image fg-idle\"><figure class=\"fg-item-inner\"><a href=\"https:\/\/www.slovensky-kras.eu\/info\/wp-content\/uploads\/2021\/03\/pozostatky-municie-na-Ostrom-vrsku.jpg\" data-caption-title=\"Ostr\u00fd vr\u0161ok (775 m n.m.) a vojensk\u00e9 stanovisko z 2. svetovej vojny\" data-caption-desc=\"Ostr\u00fd vr\u0161ok (775 m n.m.) a pozostatky mun\u00edcie, foto: Viktor Bal\u00e1\u017e KST Ro\u017e\u0148ava\" data-attachment-id=\"20017\" data-type=\"image\" class=\"fg-thumb\"><span class=\"fg-image-wrap\"><img decoding=\"async\" title=\"Ostr\u00fd vr\u0161ok (775 m n.m.) a vojensk\u00e9 stanovisko z 2. svetovej vojny\" width=\"200\" height=\"200\" class=\"skip-lazy fg-image\" data-src-fg=\"https:\/\/www.slovensky-kras.eu\/info\/wp-content\/uploads\/cache\/2021\/03\/pozostatky-municie-na-Ostrom-vrsku\/1146884128.jpg\" src=\"data:image\/svg+xml,%3Csvg%20xmlns%3D%22http%3A%2F%2Fwww.w3.org%2F2000%2Fsvg%22%20width%3D%22200%22%20height%3D%22200%22%20viewBox%3D%220%200%20200%20200%22%3E%3C%2Fsvg%3E\" loading=\"eager\"><\/span><span class=\"fg-image-overlay\"><\/span><\/a><figcaption class=\"fg-caption\"><div class=\"fg-caption-inner\"><div class=\"fg-caption-title\">Ostr\u00fd vr\u0161ok (775 m n.m.) a vojensk\u00e9 stanovisko z 2. svetovej vojny<\/div><div class=\"fg-caption-desc\">Ostr\u00fd vr\u0161ok (775 m n.m.) a pozostatky mun\u00edcie, foto: Viktor Bal\u00e1\u017e KST Ro\u017e\u0148ava<\/div><\/div><\/figcaption><\/figure><div class=\"fg-loader\"><\/div><\/div><div class=\"fg-item fg-type-image fg-idle\"><figure class=\"fg-item-inner\"><a href=\"https:\/\/www.slovensky-kras.eu\/info\/wp-content\/uploads\/2021\/03\/zvysky-opevnenia-na-vrchole.jpg\" data-caption-title=\"Ostr\u00fd vr\u0161ok (775 m n.m.) a vojensk\u00e9 stanovisko z 2. svetovej vojny\" data-caption-desc=\"Ostr\u00fd vr\u0161ok (775 m n.m.) a zvy\u0161ky opevnenia foto: Viktor Bal\u00e1\u017e KST Ro\u017e\u0148ava\" data-attachment-id=\"20015\" data-type=\"image\" class=\"fg-thumb\"><span class=\"fg-image-wrap\"><img decoding=\"async\" alt=\"Ostr\u00fd vr\u0161ok (775 m n.m.) a vojensk\u00e9 stanovisko z 2. svetovej vojny\" title=\"Ostr\u00fd vr\u0161ok (775 m n.m.) a vojensk\u00e9 stanovisko z 2. svetovej vojny\" width=\"200\" height=\"200\" class=\"skip-lazy fg-image\" data-src-fg=\"https:\/\/www.slovensky-kras.eu\/info\/wp-content\/uploads\/cache\/2021\/03\/zvysky-opevnenia-na-vrchole\/1754902136.jpg\" src=\"data:image\/svg+xml,%3Csvg%20xmlns%3D%22http%3A%2F%2Fwww.w3.org%2F2000%2Fsvg%22%20width%3D%22200%22%20height%3D%22200%22%20viewBox%3D%220%200%20200%20200%22%3E%3C%2Fsvg%3E\" loading=\"eager\"><\/span><span class=\"fg-image-overlay\"><\/span><\/a><figcaption class=\"fg-caption\"><div class=\"fg-caption-inner\"><div class=\"fg-caption-title\">Ostr\u00fd vr\u0161ok (775 m n.m.) a vojensk\u00e9 stanovisko z 2. svetovej vojny<\/div><div class=\"fg-caption-desc\">Ostr\u00fd vr\u0161ok (775 m n.m.) a zvy\u0161ky opevnenia foto: Viktor Bal\u00e1\u017e KST Ro\u017e\u0148ava<\/div><\/div><\/figcaption><\/figure><div class=\"fg-loader\"><\/div><\/div><div class=\"fg-item fg-type-image fg-idle\"><figure class=\"fg-item-inner\"><a href=\"https:\/\/www.slovensky-kras.eu\/info\/wp-content\/uploads\/2021\/03\/pozostatky-zakopov.jpg\" data-caption-title=\"Ostr\u00fd vr\u0161ok (775 m n.m.) a vojensk\u00e9 stanovisko z 2. svetovej vojny\" data-caption-desc=\"Ostr\u00fd vr\u0161ok (775 m n.m.) a zvy\u0161ky z\u00e1kopov z II. svetovej vojny foto: Viktor Bal\u00e1\u017e KST Ro\u017e\u0148ava\" data-attachment-id=\"20016\" data-type=\"image\" class=\"fg-thumb\"><span class=\"fg-image-wrap\"><img decoding=\"async\" title=\"Ostr\u00fd vr\u0161ok (775 m n.m.) a vojensk\u00e9 stanovisko z 2. svetovej vojny\" width=\"200\" height=\"200\" class=\"skip-lazy fg-image\" data-src-fg=\"https:\/\/www.slovensky-kras.eu\/info\/wp-content\/uploads\/cache\/2021\/03\/pozostatky-zakopov\/3967710009.jpg\" src=\"data:image\/svg+xml,%3Csvg%20xmlns%3D%22http%3A%2F%2Fwww.w3.org%2F2000%2Fsvg%22%20width%3D%22200%22%20height%3D%22200%22%20viewBox%3D%220%200%20200%20200%22%3E%3C%2Fsvg%3E\" loading=\"eager\"><\/span><span class=\"fg-image-overlay\"><\/span><\/a><figcaption class=\"fg-caption\"><div class=\"fg-caption-inner\"><div class=\"fg-caption-title\">Ostr\u00fd vr\u0161ok (775 m n.m.) a vojensk\u00e9 stanovisko z 2. svetovej vojny<\/div><div class=\"fg-caption-desc\">Ostr\u00fd vr\u0161ok (775 m n.m.) a zvy\u0161ky z\u00e1kopov z II. svetovej vojny foto: Viktor Bal\u00e1\u017e KST Ro\u017e\u0148ava<\/div><\/div><\/figcaption><\/figure><div class=\"fg-loader\"><\/div><\/div>\t<\/div>\n\t<div class=\"fg-carousel-bottom\"><\/div>\n\t<div class=\"fg-carousel-progress\"><\/div>\n\t<button type=\"button\" class=\"fg-carousel-next\" title=\"Next\"><\/button>\n<\/div>\n<h3><span style=\"color: #808000;\">Bl\u00edzke stredisko, turistick\u00e9 centrum, obec alebo mesto:<\/span><\/h3>\n<ul>\n<li><a href=\"http:\/\/www.slovensky-kras.eu\/info\/strediska-a-centra\/obec-slavec\/\">Obec Slavec (\u010d\u00edtaj viac&#8230;)<\/a><\/li>\n<\/ul>\n<ul>\n<li><a href=\"http:\/\/www.slovensky-kras.eu\/info\/strediska-a-centra\/rekreacne-stredisko-gombasek\/\">Rekrea\u010dn\u00e9 stredisko Gombasek (\u010d\u00edtaj viac&#8230;)<\/a><\/li>\n<\/ul>\n<ul>\n<li><a href=\"http:\/\/www.slovensky-kras.eu\/info\/strediska-a-centra\/obec-plesivec\/\">Obec Ple\u0161ivec (\u010d\u00edtaj viac&#8230;)<\/a><\/li>\n<\/ul>\n<ul>\n<li><a href=\"http:\/\/www.slovensky-kras.eu\/info\/strediska-a-centra\/obec-stitnik\/\">Obec \u0160titn\u00edk (\u010d\u00edtaj viac&#8230;)<\/a><\/li>\n<\/ul>\n<ul>\n<li><a href=\"http:\/\/www.slovensky-kras.eu\/info\/strediska-a-centra\/obec-rakovnica\/\">Obec Rakovnica (\u010d\u00edtaj viac&#8230;)<\/a><\/li>\n<\/ul>\n<ul>\n<li><a href=\"http:\/\/www.slovensky-kras.eu\/info\/strediska-a-centra\/obec-kruzna\/\">Obec Kru\u017en\u00e1 (\u010d\u00edtaj viac&#8230;)<\/a><\/li>\n<\/ul>\n<h3><span style=\"color: #808000;\">Pamiatky na planine<\/span><\/h3>\n<ul>\n<li><a href=\"http:\/\/www.slovensky-kras.eu\/info\/kam-za-pamiatkami\/serenyiho-cisterna\/\">Ser\u00e9nyiho cisterna na Ple\u0161iveckej planine (\u010d\u00edtaj viac)<\/a><\/li>\n<\/ul>\n<h2><span style=\"color: #800000;\">Mapy<\/span><\/h2>\n<p><strong>Vrstvy: <\/strong>Turistick\u00e1 mapa, Automapa, Cyklomapa, Ly\u017eiarska mapa, Satelitn\u00e1 mapa a OpenStreetMap.<\/p>\n<p><strong>Kliknut\u00edm na logo &#8222;Freemap.sk&#8220; sa V\u00e1m mapa zobraz\u00ed na celej ploche obrazovky.<\/strong><\/p>\n<p><iframe style=\"width: 900px; height: 600px; border: 0;\" src=\"https:\/\/www.freemap.sk\/?map=14\/48.615599\/20.407626&amp;info-point=48.615599\/20.407626,Ostr\u00fd vr\u0161ok (775 m n.m.)&amp;layers=T&amp;embed=search\" allowfullscreen=\"allowfullscreen\"><span data-mce-type=\"bookmark\" style=\"display: inline-block; width: 0px; overflow: hidden; line-height: 0;\" class=\"mce_SELRES_start\">\ufeff<\/span><\/iframe><\/p>\n<h2><span style=\"color: #800000;\">Po\u010dasie<\/span><\/h2>\n<p><iframe style=\"width: 900px; height: 608px;\" src=\"https:\/\/www.meteoblue.com\/sk\/po%C4%8Dasie\/widget\/three\/ple%c5%a1iveck%c3%a1-planina_slovensk%c3%a1-republika_723878?geoloc=fixed&amp;nocurrent=0&amp;noforecast=0&amp;days=6&amp;tempunit=CELSIUS&amp;windunit=KILOMETER_PER_HOUR&amp;layout=image\" frameborder=\"0\" scrolling=\"NO\" sandbox=\"allow-same-origin allow-scripts allow-popups allow-popups-to-escape-sandbox\"><span data-mce-type=\"bookmark\" style=\"display: inline-block; width: 0px; overflow: hidden; line-height: 0;\" class=\"mce_SELRES_start\">\ufeff<\/span><\/iframe><\/p>\n<div><!-- DO NOT REMOVE THIS LINK --><a href=\"https:\/\/www.meteoblue.com\/sk\/po%C4%8Dasie\/predpove%C4%8F\/t%C3%BD%C5%BEde%C5%88\/ple%c5%a1iveck%c3%a1-planina_slovensk%c3%a1-republika_723878?utm_source=weather_widget&amp;utm_medium=linkus&amp;utm_content=three&amp;utm_campaign=Weather%2BWidget\" target=\"_blank\" rel=\"noopener noreferrer\">meteoblue<\/a><\/div>\n","protected":false},"excerpt":{"rendered":"<p>Menu: Podkateg\u00f3ria: Tajomstvo ukryt\u00e9 v tieni planiny H\u013ead\u00e1te miesto, kde sa divok\u00e1 pr\u00edroda Slovensk\u00e9ho krasu sp\u00e1ja s mrazivou hist\u00f3riou? Vyst\u00fapte na Ostr\u00fd vr\u0161ok, kde medzi stromami dodnes n\u00e1jdete vojensk\u00e9 z\u00e1kopy [&hellip;]<\/p>\n","protected":false},"author":1,"featured_media":20015,"parent":13,"menu_order":0,"comment_status":"closed","ping_status":"closed","template":"","meta":{"_uag_custom_page_level_css":"","footnotes":""},"class_list":["post-19984","page","type-page","status-publish","has-post-thumbnail","hentry"],"featured_image_src":"https:\/\/www.slovensky-kras.eu\/info\/wp-content\/uploads\/2021\/03\/zvysky-opevnenia-na-vrchole.jpg","featured_image_src_square":"https:\/\/www.slovensky-kras.eu\/info\/wp-content\/uploads\/2021\/03\/zvysky-opevnenia-na-vrchole.jpg","rbea_author_info":{"display_name":"admin","author_link":"https:\/\/www.slovensky-kras.eu\/info\/author\/admin\/"},"rbea_excerpt_info":"Menu: Podkateg\u00f3ria: Tajomstvo ukryt\u00e9 v tieni planiny H\u013ead\u00e1te miesto, kde sa divok\u00e1 pr\u00edroda Slovensk\u00e9ho krasu sp\u00e1ja s mrazivou hist\u00f3riou? Vyst\u00fapte na Ostr\u00fd vr\u0161ok, kde medzi stromami dodnes n\u00e1jdete vojensk\u00e9 z\u00e1kopy [&hellip;]","uagb_featured_image_src":{"full":["https:\/\/www.slovensky-kras.eu\/info\/wp-content\/uploads\/2021\/03\/zvysky-opevnenia-na-vrchole.jpg",800,600,false],"thumbnail":["https:\/\/www.slovensky-kras.eu\/info\/wp-content\/uploads\/2021\/03\/zvysky-opevnenia-na-vrchole-150x150.jpg",150,150,true],"medium":["https:\/\/www.slovensky-kras.eu\/info\/wp-content\/uploads\/2021\/03\/zvysky-opevnenia-na-vrchole.jpg",800,600,false],"medium_large":["https:\/\/www.slovensky-kras.eu\/info\/wp-content\/uploads\/2021\/03\/zvysky-opevnenia-na-vrchole-768x576.jpg",768,576,true],"large":["https:\/\/www.slovensky-kras.eu\/info\/wp-content\/uploads\/2021\/03\/zvysky-opevnenia-na-vrchole.jpg",800,600,false],"1536x1536":["https:\/\/www.slovensky-kras.eu\/info\/wp-content\/uploads\/2021\/03\/zvysky-opevnenia-na-vrchole.jpg",800,600,false],"2048x2048":["https:\/\/www.slovensky-kras.eu\/info\/wp-content\/uploads\/2021\/03\/zvysky-opevnenia-na-vrchole.jpg",800,600,false]},"uagb_author_info":{"display_name":"admin","author_link":"https:\/\/www.slovensky-kras.eu\/info\/author\/admin\/"},"uagb_comment_info":0,"uagb_excerpt":"Menu: Podkateg\u00f3ria: Tajomstvo ukryt\u00e9 v tieni planiny H\u013ead\u00e1te miesto, kde sa divok\u00e1 pr\u00edroda Slovensk\u00e9ho krasu sp\u00e1ja s mrazivou hist\u00f3riou? Vyst\u00fapte na Ostr\u00fd vr\u0161ok, kde medzi stromami dodnes n\u00e1jdete vojensk\u00e9 z\u00e1kopy [&hellip;]","_links":{"self":[{"href":"https:\/\/www.slovensky-kras.eu\/info\/wp-json\/wp\/v2\/pages\/19984","targetHints":{"allow":["GET"]}}],"collection":[{"href":"https:\/\/www.slovensky-kras.eu\/info\/wp-json\/wp\/v2\/pages"}],"about":[{"href":"https:\/\/www.slovensky-kras.eu\/info\/wp-json\/wp\/v2\/types\/page"}],"author":[{"embeddable":true,"href":"https:\/\/www.slovensky-kras.eu\/info\/wp-json\/wp\/v2\/users\/1"}],"replies":[{"embeddable":true,"href":"https:\/\/www.slovensky-kras.eu\/info\/wp-json\/wp\/v2\/comments?post=19984"}],"version-history":[{"count":34,"href":"https:\/\/www.slovensky-kras.eu\/info\/wp-json\/wp\/v2\/pages\/19984\/revisions"}],"predecessor-version":[{"id":29931,"href":"https:\/\/www.slovensky-kras.eu\/info\/wp-json\/wp\/v2\/pages\/19984\/revisions\/29931"}],"up":[{"embeddable":true,"href":"https:\/\/www.slovensky-kras.eu\/info\/wp-json\/wp\/v2\/pages\/13"}],"wp:featuredmedia":[{"embeddable":true,"href":"https:\/\/www.slovensky-kras.eu\/info\/wp-json\/wp\/v2\/media\/20015"}],"wp:attachment":[{"href":"https:\/\/www.slovensky-kras.eu\/info\/wp-json\/wp\/v2\/media?parent=19984"}],"curies":[{"name":"wp","href":"https:\/\/api.w.org\/{rel}","templated":true}]}}