{"id":19868,"date":"2021-03-03T07:24:56","date_gmt":"2021-03-03T06:24:56","guid":{"rendered":"http:\/\/www.slovensky-kras.eu\/info\/?page_id=19868"},"modified":"2025-11-18T18:12:37","modified_gmt":"2025-11-18T17:12:37","slug":"kuria-rakosiovcov-rakossyovcov-v-obci-brzotin","status":"publish","type":"page","link":"https:\/\/www.slovensky-kras.eu\/info\/kam-za-pamiatkami\/kuria-rakosiovcov-rakossyovcov-v-obci-brzotin\/","title":{"rendered":"K\u00faria R\u00e1ko\u0161iovcov (R\u00e1kossyovcov) v obci Brzot\u00edn"},"content":{"rendered":"<p><strong>Menu: <\/strong><a href=\"http:\/\/www.slovensky-kras.eu\/info\/\" class=\"su-button su-button-style-default\" style=\"color:#000000;background-color:#FFCF2F;border-color:#cca626;border-radius:5px\" target=\"_self\"><span style=\"color:#000000;padding:6px 16px;font-size:13px;line-height:20px;border-color:#ffde6e;border-radius:5px;text-shadow:none\"><i class=\"sui sui-arrow-right\" style=\"font-size:13px;color:#000000\"><\/i>  \u00davod \/ Aktuality <\/span><\/a>\n<a href=\"http:\/\/www.slovensky-kras.eu\/info\/kam-za-pamiatkami\/\" class=\"su-button su-button-style-default\" style=\"color:#000000;background-color:#FFCF2F;border-color:#cca626;border-radius:5px\" target=\"_self\"><span style=\"color:#000000;padding:6px 16px;font-size:13px;line-height:20px;border-color:#ffde6e;border-radius:5px;text-shadow:none\"><i class=\"sui sui-arrow-right\" style=\"font-size:13px;color:#000000\"><\/i>  Kam za pamiatkami <\/span><\/a>\n<div class=\"su-divider su-divider-style-default\" style=\"margin:15px 0;border-width:0px;border-color:#000000\"><\/div>\n<strong>Podkateg\u00f3ria: <\/strong> <a href=\"http:\/\/www.slovensky-kras.eu\/info\/kam-za-pamiatkami\/kastiele-a-kurie\/\" class=\"su-button su-button-style-default\" style=\"color:#000000;background-color:#afd144;border-color:#8ca837;border-radius:5px\" target=\"_self\"><span style=\"color:#000000;padding:6px 16px;font-size:13px;line-height:20px;border-color:#c7df7d;border-radius:5px;text-shadow:none\"><i class=\"sui sui-arrow-right\" style=\"font-size:13px;color:#000000\"><\/i>  Ka\u0161tiele a k\u00farie <\/span><\/a>\n<div class=\"su-divider su-divider-style-default\" style=\"margin:15px 0;border-width:2px;border-color:#000000\"><\/div>\n<figure id=\"attachment_19827\" aria-describedby=\"caption-attachment-19827\" style=\"width: 900px\" class=\"wp-caption aligncenter\"><a href=\"https:\/\/www.slovensky-kras.eu\/info\/wp-content\/uploads\/2021\/03\/brzotin-skolka-kastiel.jpg\"><img loading=\"lazy\" decoding=\"async\" class=\"wp-image-19827\" src=\"http:\/\/www.slovensky-kras.eu\/info\/wp-content\/uploads\/2021\/03\/brzotin-skolka-kastiel-800x600.jpg\" alt=\"K\u00faria R\u00e1ko\u0161iovcov (R\u00e1kossyovcov) v obci Brzot\u00edn\" width=\"900\" height=\"675\" srcset=\"https:\/\/www.slovensky-kras.eu\/info\/wp-content\/uploads\/2021\/03\/brzotin-skolka-kastiel-800x600.jpg 800w, https:\/\/www.slovensky-kras.eu\/info\/wp-content\/uploads\/2021\/03\/brzotin-skolka-kastiel-768x576.jpg 768w, https:\/\/www.slovensky-kras.eu\/info\/wp-content\/uploads\/2021\/03\/brzotin-skolka-kastiel.jpg 960w\" sizes=\"auto, (max-width: 900px) 100vw, 900px\" \/><\/a><figcaption id=\"caption-attachment-19827\" class=\"wp-caption-text\">k\u00faria R\u00e1ko\u0161iovcov (R\u00e1kossyovcov) ,\u00a0 fotograf: Ida Csefo Gy\u00f6rgy<\/figcaption><\/figure>\n<div class=\"su-divider su-divider-style-default\" style=\"margin:15px 0;border-width:2px;border-color:#000000\"><\/div>\n<h2 dir=\"auto\"><span style=\"color: #800000;\">Kde presne sa k\u00faria R\u00e1ko\u0161iovcov nach\u00e1dza?<\/span><\/h2>\n<p dir=\"auto\"><strong>K\u00faria R\u00e1ko\u0161iovcov<\/strong> (p\u00f4vodne R\u00e1kossyovcov) stoj\u00ed priamo v centre obce Brzot\u00edn, v are\u00e1li z\u00e1kladnej \u0161koly, hne\u010f za kr\u00e1snym reformovan\u00fdm kostolom. N\u00e1jdete ju \u013eahko \u2013 je to v\u00fdrazn\u00e1 jednopodla\u017en\u00e1 budova s p\u00f4dorysom v tvare p\u00edsmena L.<\/p>\n<h2 dir=\"auto\"><span style=\"color: #800000;\">Kedy a v akom \u0161t\u00fdle bola k\u00faria postaven\u00e1?<\/span><\/h2>\n<p dir=\"auto\"><strong>K\u00faria R\u00e1ko\u0161iovcov<\/strong> bola postaven\u00e1 v roku 1880 v elegantnom klasicistickom \u0161t\u00fdle. Jej architekt\u00fara nesie v\u00fdrazn\u00e9 prvky \u0161t\u00fdlu \u013dudov\u00edta XVI., ktor\u00e9 m\u00f4\u017eete obdivova\u0165 najm\u00e4 na fas\u00e1dach.<\/p>\n<h2 dir=\"auto\"><span style=\"color: #800000;\">Kto dal k\u00fariu postavi\u0165 a pre koho?<\/span><\/h2>\n<p dir=\"auto\">K\u00fariu dal v roku 1880 postavi\u0165 Gundelanger Luczi\u00e1n (Luci\u00e1n Gundelfingen, *1843 \u2013 \u20201903) ako prejav l\u00e1sky pre svoju milovan\u00fa man\u017eelku Irenu M\u00e1ri\u00e1\u0161i (Ir\u00e9n M\u00e1ri\u00e1ssy, *1851 \u2013 \u20201922). Za\u010diatkom 20. storo\u010dia k\u00fariu odk\u00fapil \u013dudov\u00edt R\u00e1ko\u0161i (Lajos R\u00e1kossy), pod\u013ea ktor\u00e9ho nesie dne\u0161n\u00fd n\u00e1zov.<\/p>\n<h2 dir=\"auto\"><span style=\"color: #800000;\">Ak\u00e9 architektonick\u00e9 prvky k\u00fariu zdobia?<\/span><\/h2>\n<p dir=\"auto\">Hlavn\u00e1 fas\u00e1da m\u00e1 v\u00fdrazn\u00fd trojosov\u00fd stredn\u00fd rizalit, ukon\u010den\u00fd klasick\u00fdm trojuholn\u00edkov\u00fdm \u0161t\u00edtom. Tympan\u00f3n prie\u010delia je lemovan\u00fd stup\u0148ovitou r\u00edmsou a v jeho strede sa hrdo vyn\u00edma rodov\u00fd erb. \u0160t\u00edt je podopret\u00fd \u0161tyrmi piliermi \u0161tvorcov\u00e9ho p\u00f4dorysu. Strecha hlavn\u00e9ho objektu je sedlovo-valbov\u00e1. Miestnosti k\u00farie s\u00fa plochostrop\u00e9 s traverzov\u00fdm stropom.<\/p>\n<h2 dir=\"auto\"><span style=\"color: #800000;\">\u010co v k\u00farii R\u00e1ko\u0161iovcov n\u00e1jdeme dnes?<\/span><\/h2>\n<p dir=\"auto\">V s\u00fa\u010dasnosti v historickej <strong>k\u00farii R\u00e1ko\u0161iovcov<\/strong> s\u00eddli matersk\u00e1 \u0161kola. Budova je tak st\u00e1le pln\u00e1 \u017eivota a detsk\u00e9ho smiechu, \u010do jej dod\u00e1va osobit\u00fa a mil\u00fa atmosf\u00e9ru.<\/p>\n<p dir=\"auto\">Objavte \u010daro <strong>k\u00farie R\u00e1ko\u0161iovcov<\/strong> v Brzot\u00edne \u2013 romantick\u00fa klasicistick\u00fa perlu Gemera s bohatou hist\u00f3riou, rodov\u00fdm erbom a \u0161t\u00fdlom \u013dudov\u00edta XVI. Ide\u00e1lne miesto pre milovn\u00edkov hist\u00f3rie, architekt\u00fary a pokojn\u00fdch v\u00fdletov po slovenskom vidieku.<\/p>\n<h2><span style=\"color: #800000;\">Fotogal\u00e9ria<\/span><\/h2>\n<style type=\"text\/css\">\n#foogallery-gallery-28783 .fg-image { width: 200px; }<\/style>\n\t\t\t<div class=\"foogallery foogallery-container foogallery-carousel foogallery-lightbox-foogallery fg-carousel fg-ready fg-light fg-border-medium fg-round-small fg-shadow-medium fg-loading-default fg-loaded-fade-in fg-hover-semi-zoomed fg-hover-fade fg-hover-circle-plus2\" id=\"foogallery-gallery-28783\" data-foogallery=\"{&quot;item&quot;:{&quot;showCaptionTitle&quot;:true,&quot;showCaptionDescription&quot;:true},&quot;lazy&quot;:true,&quot;template&quot;:{&quot;maxItems&quot;:5,&quot;scale&quot;:0.11999999999999999555910790149937383830547332763671875,&quot;gutter&quot;:{&quot;min&quot;:-40,&quot;max&quot;:-20,&quot;unit&quot;:&quot;%&quot;},&quot;autoplay&quot;:{&quot;time&quot;:0,&quot;interaction&quot;:&quot;pause&quot;},&quot;centerOnClick&quot;:true,&quot;align&quot;:&quot;center&quot;,&quot;activePosition&quot;:&quot;center&quot;}}\" data-foogallery-lightbox=\"{&quot;thumbs&quot;:&quot;bottom&quot;,&quot;thumbsCaptions&quot;:false,&quot;thumbsBestFit&quot;:false,&quot;thumbsSmall&quot;:false,&quot;thumbsCaptionsAlign&quot;:&quot;default&quot;,&quot;info&quot;:&quot;bottom&quot;,&quot;infoVisible&quot;:true,&quot;infoOverlay&quot;:true,&quot;infoAlign&quot;:&quot;default&quot;,&quot;transition&quot;:&quot;fade&quot;,&quot;hoverButtons&quot;:false,&quot;fitMedia&quot;:false,&quot;noScrollbars&quot;:true,&quot;preserveButtonSpace&quot;:true,&quot;buttons&quot;:{&quot;fullscreen&quot;:true,&quot;info&quot;:true,&quot;thumbs&quot;:false},&quot;video&quot;:{&quot;autoPlay&quot;:true}}\" style=\"--fg-title-line-clamp: 0; --fg-description-line-clamp: 0;\" >\n\t<button type=\"button\" class=\"fg-carousel-prev\" title=\"Previous\"><\/button>\n\t<div class=\"fg-carousel-inner\">\n\t\t<div class=\"fg-carousel-center\"><\/div>\n\t\t<div class=\"fg-item fg-type-image fg-idle\"><figure class=\"fg-item-inner\"><a href=\"https:\/\/www.slovensky-kras.eu\/info\/wp-content\/uploads\/2021\/03\/brzotin-skolka-kastiel.jpg\" data-caption-title=\"K\u00faria R\u00e1ko\u0161iovcov (R\u00e1kossyovcov) v obci Brzot\u00edn\" data-attachment-id=\"19827\" data-type=\"image\" class=\"fg-thumb\"><span class=\"fg-image-wrap\"><img decoding=\"async\" title=\"K\u00faria R\u00e1ko\u0161iovcov (R\u00e1kossyovcov) v obci Brzot\u00edn\" width=\"200\" height=\"200\" class=\"skip-lazy fg-image\" data-src-fg=\"https:\/\/www.slovensky-kras.eu\/info\/wp-content\/uploads\/cache\/2021\/03\/brzotin-skolka-kastiel\/3870643549.jpg\" src=\"data:image\/svg+xml,%3Csvg%20xmlns%3D%22http%3A%2F%2Fwww.w3.org%2F2000%2Fsvg%22%20width%3D%22200%22%20height%3D%22200%22%20viewBox%3D%220%200%20200%20200%22%3E%3C%2Fsvg%3E\" loading=\"eager\"><\/span><span class=\"fg-image-overlay\"><\/span><\/a><figcaption class=\"fg-caption\"><div class=\"fg-caption-inner\"><div class=\"fg-caption-title\">K\u00faria R\u00e1ko\u0161iovcov (R\u00e1kossyovcov) v obci Brzot\u00edn<\/div><\/div><\/figcaption><\/figure><div class=\"fg-loader\"><\/div><\/div><div class=\"fg-item fg-type-image fg-idle\"><figure class=\"fg-item-inner\"><a href=\"https:\/\/www.slovensky-kras.eu\/info\/wp-content\/uploads\/2021\/03\/brzotin22.jpg\" data-caption-title=\"K\u00faria R\u00e1ko\u0161iovcov (R\u00e1kossyovcov) v obci Brzot\u00edn\" data-attachment-id=\"19905\" data-type=\"image\" class=\"fg-thumb\"><span class=\"fg-image-wrap\"><img decoding=\"async\" title=\"K\u00faria R\u00e1ko\u0161iovcov (R\u00e1kossyovcov) v obci Brzot\u00edn\" width=\"200\" height=\"200\" class=\"skip-lazy fg-image\" data-src-fg=\"https:\/\/www.slovensky-kras.eu\/info\/wp-content\/uploads\/cache\/2021\/03\/brzotin22\/3694883398.jpg\" src=\"data:image\/svg+xml,%3Csvg%20xmlns%3D%22http%3A%2F%2Fwww.w3.org%2F2000%2Fsvg%22%20width%3D%22200%22%20height%3D%22200%22%20viewBox%3D%220%200%20200%20200%22%3E%3C%2Fsvg%3E\" loading=\"eager\"><\/span><span class=\"fg-image-overlay\"><\/span><\/a><figcaption class=\"fg-caption\"><div class=\"fg-caption-inner\"><div class=\"fg-caption-title\">K\u00faria R\u00e1ko\u0161iovcov (R\u00e1kossyovcov) v obci Brzot\u00edn<\/div><\/div><\/figcaption><\/figure><div class=\"fg-loader\"><\/div><\/div>\t<\/div>\n\t<div class=\"fg-carousel-bottom\"><\/div>\n\t<div class=\"fg-carousel-progress\"><\/div>\n\t<button type=\"button\" class=\"fg-carousel-next\" title=\"Next\"><\/button>\n<\/div>\n<h3><span style=\"color: #808000;\">Bl\u00edzke stredisko, turistick\u00e9 centrum, obec alebo mesto:<\/span><\/h3>\n<ul>\n<li><a href=\"http:\/\/www.slovensky-kras.eu\/info\/strediska-a-centra\/obec-brzotin\/\">Obec Brzot\u00edn (\u010d\u00edtaj viac&#8230;)<\/a><\/li>\n<\/ul>\n<h2><span style=\"color: #800000;\">Mapy<\/span><\/h2>\n<p><strong>Vrstvy: <\/strong>Turistick\u00e1 mapa, Automapa, Cyklomapa, Ly\u017eiarska mapa, Satelitn\u00e1 mapa a OpenStreetMap.<\/p>\n<p><strong>Kliknut\u00edm na logo &#8222;Freemap.sk&#8220; sa V\u00e1m mapa zobraz\u00ed na celej ploche obrazovky.<\/strong><\/p>\n<p><iframe style=\"width: 900px; height: 600px; border: 0;\" src=\"https:\/\/www.freemap.sk\/?map=13\/48.631831\/20.497484&amp;info-point=48.631831\/20.497484,Obec Brzot\u00edn&amp;layers=X&amp;embed=search\" allowfullscreen=\"allowfullscreen\"><\/iframe><\/p>\n<h2><span style=\"color: #800000;\">Po\u010dasie<\/span><\/h2>\n<p><iframe style=\"width: 900px; height: 610px;\" src=\"https:\/\/www.meteoblue.com\/sk\/po%C4%8Dasie\/widget\/three\/brzot%c3%adn_slovensk%c3%a1-republika_725062?geoloc=fixed&amp;nocurrent=0&amp;noforecast=0&amp;days=6&amp;tempunit=CELSIUS&amp;windunit=KILOMETER_PER_HOUR&amp;layout=image\" frameborder=\"0\" scrolling=\"NO\" sandbox=\"allow-same-origin allow-scripts allow-popups allow-popups-to-escape-sandbox\"><span data-mce-type=\"bookmark\" style=\"display: inline-block; width: 0px; overflow: hidden; line-height: 0;\" class=\"mce_SELRES_start\">\ufeff<\/span><\/iframe><\/p>\n<div><!-- DO NOT REMOVE THIS LINK --><a href=\"https:\/\/www.meteoblue.com\/sk\/po%C4%8Dasie\/predpove%C4%8F\/t%C3%BD%C5%BEde%C5%88\/brzot%c3%adn_slovensk%c3%a1-republika_725062?utm_source=weather_widget&amp;utm_medium=linkus&amp;utm_content=three&amp;utm_campaign=Weather%2BWidget\" target=\"_blank\" rel=\"noopener noreferrer\">meteoblue<\/a><\/div>\n<p><strong>Ot\u00e1zka pre JazykovaPoradna.sk: <\/strong><br \/>\nAko sa spr\u00e1vne p\u00ed\u0161e rod P\u00e1lffyovcov? Pre\u0161lo v poslednom \u010dase nejak\u00fdmi pravopisn\u00fdmi zmenami aj p\u00edsanie in\u00fdch mien, napr. Eszterh\u00e1zyovci, Zichyovci?<\/p>\n<p><strong>Odpove\u010f:<\/strong><\/p>\n<p>V 80. rokoch minul\u00e9ho storo\u010dia sa prijali z\u00e1sady p\u00edsania mien os\u00f4b vystupuj\u00facich v uhorskom obdob\u00ed slovensk\u00fdch dej\u00edn do roku 1918, ktor\u00e9 boli vypracovan\u00e9 v s\u00falade so z\u00e1vermi komisie pre historick\u00fa terminol\u00f3giu pri Historickom \u00fastave SAV. M\u00f4\u017eete si ich pre\u010d\u00edta\u0165 v Pravidl\u00e1ch slovensk\u00e9ho pravopisu (2000) v kapitole P\u00edsanie historick\u00fdch osobn\u00fdch mien z uhorsk\u00e9ho obdobia slovensk\u00fdch dej\u00edn. Pravidl\u00e1 slovensk\u00e9ho pravopisu s\u00fa spr\u00edstupnen\u00e9 aj v elektronickej verzii na str\u00e1nke Jazykovedn\u00e9ho \u00fastavu \u013d. \u0160t\u00fara SAV <a href=\"http:\/\/www.juls.savba.sk\/pravidla_sloven_pravopisu.html\" target=\"_blank\" rel=\"noopener noreferrer\">http:\/\/www.juls.savba.sk\/pravidla_sloven_pravopisu.html<\/a> (zvo\u013ete textov\u00fa \u010das\u0165). Priezvisko P\u00e1lffy\/P\u00e1lffi sa pod\u013ea z\u00e1sad slovensk\u00e9ho prepisu p\u00ed\u0161e P\u00e1lfi, tak\u017ee pomenovanie rodu m\u00e1 podobu rod P\u00e1lfiovcov a rodinn\u00e9 pomenovanie je P\u00e1lfiovci. Podobne je to pri men\u00e1ch Eszterh\u00e1zy a Zichy, ktor\u00e9 sa pod\u013ea spom\u00ednan\u00fdch z\u00e1sad p\u00ed\u0161u Esterh\u00e1zi a Zi\u010di. Rodinn\u00e9 pomenovanie m\u00e1 podobu Esterh\u00e1ziovci, Zi\u010diovci.<br \/>\n<strong>Zdroj inform\u00e1ci\u00ed:<\/strong> <a href=\"http:\/\/jazykovaporadna.sme.sk\/q\/4965\/#axzz4hOkYiI9I\" target=\"_blank\" rel=\"noopener noreferrer\">http:\/\/jazykovaporadna.sme.sk\/q\/4965\/#axzz4hOkYiI9I<\/a><\/p>\n<p><strong><br \/>\nOt\u00e1zka pre jazykov\u00fa porad\u0148u (Jazykovedn\u00fd \u00fastav \u013dudov\u00edta \u0160t\u00fara)<\/strong><\/p>\n<p>Ak potrebujete z\u00edska\u0165 odpove\u010f v kr\u00e1tkom \u010dase, odpor\u00fa\u010dame v\u00e1m vyu\u017ei\u0165 mo\u017enos\u0165 telefonickej konzult\u00e1cie na telef\u00f3nnom \u010d\u00edsle +421 2 54431761-2 v pracovn\u00fdch d\u0148och od 8.00 do 11.00 hodiny.<br \/>\n<strong><br \/>\nV pr\u00edpade technick\u00fdch probl\u00e9mov:<\/strong> <a href=\"mailto:jazykovaporadna@smeonline.sk\" target=\"_blank\" rel=\"noopener noreferrer\">jazykovaporadna@smeonline.sk<\/a><\/p>\n<p><strong>\u010c\u00edtajte viac:<\/strong> <a href=\"http:\/\/jazykovaporadna.sme.sk\/question\/add\/#axzz4hOkYiI9I\" target=\"_blank\" rel=\"noopener noreferrer\">http:\/\/jazykovaporadna.sme.sk\/question\/add\/#axzz4hOkYiI9I<\/a><br \/>\n&#8212;<\/p>\n","protected":false},"excerpt":{"rendered":"<p>Menu: Podkateg\u00f3ria: Kde presne sa k\u00faria R\u00e1ko\u0161iovcov nach\u00e1dza? K\u00faria R\u00e1ko\u0161iovcov (p\u00f4vodne R\u00e1kossyovcov) stoj\u00ed priamo v centre obce Brzot\u00edn, v are\u00e1li z\u00e1kladnej \u0161koly, hne\u010f za kr\u00e1snym reformovan\u00fdm kostolom. N\u00e1jdete ju \u013eahko [&hellip;]<\/p>\n","protected":false},"author":1,"featured_media":0,"parent":15,"menu_order":0,"comment_status":"closed","ping_status":"closed","template":"","meta":{"_uag_custom_page_level_css":"","footnotes":""},"class_list":["post-19868","page","type-page","status-publish","hentry"],"featured_image_src":"","featured_image_src_square":false,"rbea_author_info":{"display_name":"admin","author_link":"https:\/\/www.slovensky-kras.eu\/info\/author\/admin\/"},"rbea_excerpt_info":"Menu: Podkateg\u00f3ria: Kde presne sa k\u00faria R\u00e1ko\u0161iovcov nach\u00e1dza? K\u00faria R\u00e1ko\u0161iovcov (p\u00f4vodne R\u00e1kossyovcov) stoj\u00ed priamo v centre obce Brzot\u00edn, v are\u00e1li z\u00e1kladnej \u0161koly, hne\u010f za kr\u00e1snym reformovan\u00fdm kostolom. N\u00e1jdete ju \u013eahko [&hellip;]","uagb_featured_image_src":{"full":false,"thumbnail":false,"medium":false,"medium_large":false,"large":false,"1536x1536":false,"2048x2048":false},"uagb_author_info":{"display_name":"admin","author_link":"https:\/\/www.slovensky-kras.eu\/info\/author\/admin\/"},"uagb_comment_info":0,"uagb_excerpt":"Menu: Podkateg\u00f3ria: Kde presne sa k\u00faria R\u00e1ko\u0161iovcov nach\u00e1dza? K\u00faria R\u00e1ko\u0161iovcov (p\u00f4vodne R\u00e1kossyovcov) stoj\u00ed priamo v centre obce Brzot\u00edn, v are\u00e1li z\u00e1kladnej \u0161koly, hne\u010f za kr\u00e1snym reformovan\u00fdm kostolom. N\u00e1jdete ju \u013eahko [&hellip;]","_links":{"self":[{"href":"https:\/\/www.slovensky-kras.eu\/info\/wp-json\/wp\/v2\/pages\/19868","targetHints":{"allow":["GET"]}}],"collection":[{"href":"https:\/\/www.slovensky-kras.eu\/info\/wp-json\/wp\/v2\/pages"}],"about":[{"href":"https:\/\/www.slovensky-kras.eu\/info\/wp-json\/wp\/v2\/types\/page"}],"author":[{"embeddable":true,"href":"https:\/\/www.slovensky-kras.eu\/info\/wp-json\/wp\/v2\/users\/1"}],"replies":[{"embeddable":true,"href":"https:\/\/www.slovensky-kras.eu\/info\/wp-json\/wp\/v2\/comments?post=19868"}],"version-history":[{"count":14,"href":"https:\/\/www.slovensky-kras.eu\/info\/wp-json\/wp\/v2\/pages\/19868\/revisions"}],"predecessor-version":[{"id":28784,"href":"https:\/\/www.slovensky-kras.eu\/info\/wp-json\/wp\/v2\/pages\/19868\/revisions\/28784"}],"up":[{"embeddable":true,"href":"https:\/\/www.slovensky-kras.eu\/info\/wp-json\/wp\/v2\/pages\/15"}],"wp:attachment":[{"href":"https:\/\/www.slovensky-kras.eu\/info\/wp-json\/wp\/v2\/media?parent=19868"}],"curies":[{"name":"wp","href":"https:\/\/api.w.org\/{rel}","templated":true}]}}