{"id":19858,"date":"2021-03-03T06:40:26","date_gmt":"2021-03-03T05:40:26","guid":{"rendered":"http:\/\/www.slovensky-kras.eu\/info\/?page_id=19858"},"modified":"2025-11-18T17:56:11","modified_gmt":"2025-11-18T16:56:11","slug":"kuria-juliusa-poscha","status":"publish","type":"page","link":"https:\/\/www.slovensky-kras.eu\/info\/kam-za-pamiatkami\/kuria-juliusa-poscha\/","title":{"rendered":"K\u00faria J\u00faliusa P\u00f3scha v obci Brzot\u00edn"},"content":{"rendered":"<p><strong>Menu: <\/strong><a href=\"http:\/\/www.slovensky-kras.eu\/info\/\" class=\"su-button su-button-style-default\" style=\"color:#000000;background-color:#FFCF2F;border-color:#cca626;border-radius:5px\" target=\"_self\"><span style=\"color:#000000;padding:6px 16px;font-size:13px;line-height:20px;border-color:#ffde6e;border-radius:5px;text-shadow:none\"><i class=\"sui sui-arrow-right\" style=\"font-size:13px;color:#000000\"><\/i>  \u00davod \/ Aktuality <\/span><\/a>\n<a href=\"http:\/\/www.slovensky-kras.eu\/info\/kam-za-pamiatkami\/\" class=\"su-button su-button-style-default\" style=\"color:#000000;background-color:#FFCF2F;border-color:#cca626;border-radius:5px\" target=\"_self\"><span style=\"color:#000000;padding:6px 16px;font-size:13px;line-height:20px;border-color:#ffde6e;border-radius:5px;text-shadow:none\"><i class=\"sui sui-arrow-right\" style=\"font-size:13px;color:#000000\"><\/i>  Kam za pamiatkami <\/span><\/a>\n<div class=\"su-divider su-divider-style-default\" style=\"margin:15px 0;border-width:0px;border-color:#000000\"><\/div>\n<strong>Podkateg\u00f3ria: <\/strong> <a href=\"http:\/\/www.slovensky-kras.eu\/info\/kam-za-pamiatkami\/kastiele-a-kurie\/\" class=\"su-button su-button-style-default\" style=\"color:#000000;background-color:#afd144;border-color:#8ca837;border-radius:5px\" target=\"_self\"><span style=\"color:#000000;padding:6px 16px;font-size:13px;line-height:20px;border-color:#c7df7d;border-radius:5px;text-shadow:none\"><i class=\"sui sui-arrow-right\" style=\"font-size:13px;color:#000000\"><\/i>  Ka\u0161tiele a k\u00farie <\/span><\/a>\n<div class=\"su-divider su-divider-style-default\" style=\"margin:15px 0;border-width:2px;border-color:#000000\"><\/div>\n<figure id=\"attachment_19821\" aria-describedby=\"caption-attachment-19821\" style=\"width: 900px\" class=\"wp-caption aligncenter\"><a href=\"https:\/\/www.slovensky-kras.eu\/info\/wp-content\/uploads\/2021\/03\/brzotin3.jpg\"><img loading=\"lazy\" decoding=\"async\" class=\"wp-image-19821\" src=\"http:\/\/www.slovensky-kras.eu\/info\/wp-content\/uploads\/2021\/03\/brzotin3.jpg\" alt=\"K\u00faria J\u00faliusa Poscha\" width=\"900\" height=\"735\" srcset=\"https:\/\/www.slovensky-kras.eu\/info\/wp-content\/uploads\/2021\/03\/brzotin3.jpg 800w, https:\/\/www.slovensky-kras.eu\/info\/wp-content\/uploads\/2021\/03\/brzotin3-735x600.jpg 735w, https:\/\/www.slovensky-kras.eu\/info\/wp-content\/uploads\/2021\/03\/brzotin3-768x627.jpg 768w\" sizes=\"auto, (max-width: 900px) 100vw, 900px\" \/><\/a><figcaption id=\"caption-attachment-19821\" class=\"wp-caption-text\">K\u00faria J\u00faliusa Poscha, fotograf: Ida Csefo Gy\u00f6rgy<\/figcaption><\/figure>\n<div class=\"su-divider su-divider-style-default\" style=\"margin:15px 0;border-width:2px;border-color:#000000\"><\/div>\n<h2 dir=\"auto\"><span style=\"color: #800000;\">Kde sa nach\u00e1dza <strong>K\u00faria J\u00faliusa P\u00f3scha<\/strong>?<\/span><\/h2>\n<p dir=\"auto\"><strong>K\u00faria J\u00faliusa P\u00f3scha<\/strong> sa nach\u00e1dza v obci Brzot\u00edn na Berz\u00e9tskej ulici \u010d\u00edslo 164. Je situovan\u00e1 v strede obce hne\u010f za reformovan\u00fdm kostolom.<\/p>\n<h2 dir=\"auto\"><span style=\"color: #800000;\">Ako vyzer\u00e1 poloha a okolie <strong>K\u00farie J\u00faliusa P\u00f3scha<\/strong> v Brzot\u00edne?<\/span><\/h2>\n<p dir=\"auto\"><strong>K\u00faria J\u00faliusa P\u00f3scha<\/strong> stoj\u00ed priamo v centre malebnej obce Brzot\u00edn, kde ju \u013eahko n\u00e1jdete hne\u010f za impozantn\u00fdm reformovan\u00fdm kostolom \u2013 ide\u00e1lne miesto na pr\u00edjemn\u00fa prech\u00e1dzku po historickom Gemeri.<\/p>\n<h2 dir=\"auto\"><span style=\"color: #800000;\">Kedy a ako bola postaven\u00e1 <strong>K\u00faria J\u00faliusa P\u00f3scha<\/strong>?<\/span><\/h2>\n<p dir=\"auto\"><strong>K\u00faria J\u00faliusa P\u00f3scha<\/strong> bola postaven\u00e1 okolo roku 1830 ako samostatne stojaca pr\u00edzemn\u00e1 <strong>klasicistick\u00e1 budova<\/strong> obd\u013a\u017enikov\u00e9ho p\u00f4dorysu. Postavil ju gr\u00f3f J\u00f3b M\u00e1ri\u00e1ssy.<\/p>\n<h2 dir=\"auto\"><span style=\"color: #800000;\">Kto bol stavebn\u00edkom a obyvate\u013eom <strong>K\u00farie J\u00faliusa P\u00f3scha<\/strong>?<\/span><\/h2>\n<p dir=\"auto\"><strong>K\u00faria J\u00faliusa P\u00f3scha<\/strong> bola postaven\u00e1 gr\u00f3fom J\u00f3bom M\u00e1ri\u00e1ssyom. V roku 1837 tu \u017eil Gyula P\u00f3sch.<\/p>\n<h2 dir=\"auto\"><span style=\"color: #800000;\">Ak\u00e9 architektonick\u00e9 prvky m\u00e1 hlavn\u00e1 fas\u00e1da <strong>K\u00farie J\u00faliusa P\u00f3scha<\/strong>?<\/span><\/h2>\n<p dir=\"auto\">Hlavn\u00e1 fas\u00e1da <strong>K\u00farie J\u00faliusa P\u00f3scha<\/strong> je <strong>klasicistick\u00e1<\/strong> s vystupuj\u00facim stredn\u00fdm rizalitom, na \u010delnom prie\u010del\u00ed zakon\u010den\u00fdm trojhrann\u00fdm \u0161t\u00edtom s tympan\u00f3nom s ov\u00e1lnym okienkom uprostred. V strednom rizalite je situovan\u00fd hlavn\u00fd vstup do k\u00farie.<\/p>\n<h2 dir=\"auto\"><span style=\"color: #800000;\">\u010co sa nach\u00e1dza na zadnej strane <strong>K\u00farie J\u00faliusa P\u00f3scha<\/strong>?<\/span><\/h2>\n<p dir=\"auto\">Vzadu sa pri <strong>K\u00farii J\u00faliusa P\u00f3scha<\/strong> nach\u00e1dza po celej \u0161\u00edrke jedno\u00farov\u0148ov\u00e1 <strong>ark\u00e1dov\u00e1 chodba<\/strong> so vstupom do pivni\u010dn\u00fdch priestorov. Ark\u00e1dy na murovan\u00fdch pilieroch s\u00fa zavret\u00e9 odspodu prusk\u00fdmi klenbami.<\/p>\n<h2 dir=\"auto\"><span style=\"color: #800000;\">Ako s\u00fa zaklenut\u00e9 interi\u00e9ry <strong>K\u00farie J\u00faliusa P\u00f3scha<\/strong>?<\/span><\/h2>\n<p dir=\"auto\">Skoro v\u0161etky miestnosti v <strong>K\u00farii J\u00faliusa P\u00f3scha<\/strong> s\u00fa zaklenut\u00e9 <strong>kor\u00fdtkov\u00fdmi klenbami<\/strong> (valen\u00e9 klenby s prie\u010dne zaklenut\u00fdmi \u010delami). P\u00f4vodn\u00e1 sl\u00e1vnostn\u00e1 s\u00e1la je zaklenut\u00e1 <strong>kl\u00e1\u0161tornou klenbou<\/strong> (kolm\u00fd priesek dvoch v\u00e1len\u00fdch klenieb).<\/p>\n<h2 dir=\"auto\"><span style=\"color: #800000;\">Ak\u00e9 dekorat\u00edvne prvky zdobia fas\u00e1dy <strong>K\u00farie J\u00faliusa P\u00f3scha<\/strong>?<\/span><\/h2>\n<p dir=\"auto\">Fas\u00e1dy <strong>K\u00farie J\u00faliusa P\u00f3scha<\/strong> s\u00fa \u010dlenen\u00e9 hladk\u00fdmi pilastrami s i\u00f3nskymi hlavicami.<\/p>\n<h2 dir=\"auto\"><span style=\"color: #800000;\">Ak\u00fa strechu m\u00e1 <strong>K\u00faria J\u00faliusa P\u00f3scha<\/strong>?<\/span><\/h2>\n<p dir=\"auto\">Strecha <strong>K\u00farie J\u00faliusa P\u00f3scha<\/strong> je <strong>valbov\u00e1<\/strong> s p\u00e1lenou krytinou.<\/p>\n<h2 dir=\"auto\"><span style=\"color: #800000;\">Pre\u0161la <strong>K\u00faria J\u00faliusa P\u00f3scha<\/strong> nejakou rekon\u0161trukciou?<\/span><\/h2>\n<p dir=\"auto\">\u00c1no, <strong>K\u00faria J\u00faliusa P\u00f3scha<\/strong> pre\u0161la v roku 2000 rekon\u0161trukciou fas\u00e1dy a strechy.<\/p>\n<h2 dir=\"auto\"><span style=\"color: #800000;\">Fotogal\u00e9ria<\/span><\/h2>\n<p dir=\"auto\"><style type=\"text\/css\">\n#foogallery-gallery-28778 .fg-image { width: 200px; }<\/style>\n\t\t\t<div class=\"foogallery foogallery-container foogallery-carousel foogallery-lightbox-foogallery fg-carousel fg-ready fg-light fg-border-medium fg-round-small fg-shadow-medium fg-loading-default fg-loaded-fade-in fg-hover-semi-zoomed fg-hover-fade fg-hover-circle-plus2\" id=\"foogallery-gallery-28778\" data-foogallery=\"{&quot;item&quot;:{&quot;showCaptionTitle&quot;:true,&quot;showCaptionDescription&quot;:true},&quot;lazy&quot;:true,&quot;template&quot;:{&quot;maxItems&quot;:5,&quot;scale&quot;:0.11999999999999999555910790149937383830547332763671875,&quot;gutter&quot;:{&quot;min&quot;:-40,&quot;max&quot;:-20,&quot;unit&quot;:&quot;%&quot;},&quot;autoplay&quot;:{&quot;time&quot;:0,&quot;interaction&quot;:&quot;pause&quot;},&quot;centerOnClick&quot;:true,&quot;align&quot;:&quot;center&quot;,&quot;activePosition&quot;:&quot;center&quot;}}\" data-foogallery-lightbox=\"{&quot;thumbs&quot;:&quot;bottom&quot;,&quot;thumbsCaptions&quot;:false,&quot;thumbsBestFit&quot;:false,&quot;thumbsSmall&quot;:false,&quot;thumbsCaptionsAlign&quot;:&quot;default&quot;,&quot;info&quot;:&quot;bottom&quot;,&quot;infoVisible&quot;:true,&quot;infoOverlay&quot;:true,&quot;infoAlign&quot;:&quot;default&quot;,&quot;transition&quot;:&quot;fade&quot;,&quot;hoverButtons&quot;:false,&quot;fitMedia&quot;:false,&quot;noScrollbars&quot;:true,&quot;preserveButtonSpace&quot;:true,&quot;buttons&quot;:{&quot;fullscreen&quot;:true,&quot;info&quot;:true,&quot;thumbs&quot;:false},&quot;video&quot;:{&quot;autoPlay&quot;:true}}\" style=\"--fg-title-line-clamp: 0; --fg-description-line-clamp: 0;\" >\n\t<button type=\"button\" class=\"fg-carousel-prev\" title=\"Previous\"><\/button>\n\t<div class=\"fg-carousel-inner\">\n\t\t<div class=\"fg-carousel-center\"><\/div>\n\t\t<div class=\"fg-item fg-type-image fg-idle\"><figure class=\"fg-item-inner\"><a href=\"https:\/\/www.slovensky-kras.eu\/info\/wp-content\/uploads\/2021\/03\/brzotin3.jpg\" data-attachment-id=\"19821\" data-type=\"image\" class=\"fg-thumb\"><span class=\"fg-image-wrap\"><img decoding=\"async\" width=\"200\" height=\"200\" class=\"skip-lazy fg-image\" data-src-fg=\"https:\/\/www.slovensky-kras.eu\/info\/wp-content\/uploads\/cache\/2021\/03\/brzotin3\/1025496842.jpg\" src=\"data:image\/svg+xml,%3Csvg%20xmlns%3D%22http%3A%2F%2Fwww.w3.org%2F2000%2Fsvg%22%20width%3D%22200%22%20height%3D%22200%22%20viewBox%3D%220%200%20200%20200%22%3E%3C%2Fsvg%3E\" loading=\"eager\"><\/span><span class=\"fg-image-overlay\"><\/span><\/a><\/figure><div class=\"fg-loader\"><\/div><\/div><div class=\"fg-item fg-type-image fg-idle\"><figure class=\"fg-item-inner\"><a href=\"https:\/\/www.slovensky-kras.eu\/info\/wp-content\/uploads\/2021\/03\/brzotin.jpg\" data-caption-title=\"K\u00faria J\u00faliusa Poscha\" data-attachment-id=\"19876\" data-type=\"image\" class=\"fg-thumb\"><span class=\"fg-image-wrap\"><img decoding=\"async\" alt=\"K\u00faria J\u00faliusa Poscha\" title=\"K\u00faria J\u00faliusa Poscha\" width=\"200\" height=\"200\" class=\"skip-lazy fg-image\" data-src-fg=\"https:\/\/www.slovensky-kras.eu\/info\/wp-content\/uploads\/cache\/2021\/03\/brzotin\/141592846.jpg\" src=\"data:image\/svg+xml,%3Csvg%20xmlns%3D%22http%3A%2F%2Fwww.w3.org%2F2000%2Fsvg%22%20width%3D%22200%22%20height%3D%22200%22%20viewBox%3D%220%200%20200%20200%22%3E%3C%2Fsvg%3E\" loading=\"eager\"><\/span><span class=\"fg-image-overlay\"><\/span><\/a><figcaption class=\"fg-caption\"><div class=\"fg-caption-inner\"><div class=\"fg-caption-title\">K\u00faria J\u00faliusa Poscha<\/div><\/div><\/figcaption><\/figure><div class=\"fg-loader\"><\/div><\/div>\t<\/div>\n\t<div class=\"fg-carousel-bottom\"><\/div>\n\t<div class=\"fg-carousel-progress\"><\/div>\n\t<button type=\"button\" class=\"fg-carousel-next\" title=\"Next\"><\/button>\n<\/div>\n<h3><span style=\"color: #808000;\">Bl\u00edzke stredisko, turistick\u00e9 centrum, obec alebo mesto:<\/span><\/h3>\n<ul>\n<li><a href=\"http:\/\/www.slovensky-kras.eu\/info\/strediska-a-centra\/obec-brzotin\/\">Obec Brzot\u00edn (\u010d\u00edtaj viac&#8230;)<\/a><\/li>\n<\/ul>\n<h2><span style=\"color: #800000;\">Mapy<\/span><\/h2>\n<p><strong>Vrstvy: <\/strong>Turistick\u00e1 mapa, Automapa, Cyklomapa, Ly\u017eiarska mapa, Satelitn\u00e1 mapa a OpenStreetMap.<\/p>\n<p><strong>Kliknut\u00edm na logo &#8222;Freemap.sk&#8220; sa V\u00e1m mapa zobraz\u00ed na celej ploche obrazovky.<\/strong><\/p>\n<p><iframe style=\"width: 900px; height: 600px; border: 0;\" src=\"https:\/\/www.freemap.sk\/?map=15\/48.630298\/20.496042&amp;info-point=48.630298\/20.496042,K\u00faria J\u00faliusa P\u00f3scha &amp;layers=X&amp;embed=search\" allowfullscreen=\"allowfullscreen\"><span data-mce-type=\"bookmark\" style=\"display: inline-block; width: 0px; overflow: hidden; line-height: 0;\" class=\"mce_SELRES_start\">\ufeff<\/span><\/iframe><\/p>\n<h2><span style=\"color: #800000;\">Po\u010dasie<\/span><\/h2>\n<p><iframe style=\"width: 900px; height: 610px;\" src=\"https:\/\/www.meteoblue.com\/sk\/po%C4%8Dasie\/widget\/three\/brzot%c3%adn_slovensk%c3%a1-republika_725062?geoloc=fixed&amp;nocurrent=0&amp;noforecast=0&amp;days=6&amp;tempunit=CELSIUS&amp;windunit=KILOMETER_PER_HOUR&amp;layout=image\" frameborder=\"0\" scrolling=\"NO\" sandbox=\"allow-same-origin allow-scripts allow-popups allow-popups-to-escape-sandbox\"><span data-mce-type=\"bookmark\" style=\"display: inline-block; width: 0px; overflow: hidden; line-height: 0;\" class=\"mce_SELRES_start\">\ufeff<\/span><\/iframe><\/p>\n<div><!-- DO NOT REMOVE THIS LINK --><a href=\"https:\/\/www.meteoblue.com\/sk\/po%C4%8Dasie\/predpove%C4%8F\/t%C3%BD%C5%BEde%C5%88\/brzot%c3%adn_slovensk%c3%a1-republika_725062?utm_source=weather_widget&amp;utm_medium=linkus&amp;utm_content=three&amp;utm_campaign=Weather%2BWidget\" target=\"_blank\" rel=\"noopener noreferrer\">meteoblue<\/a><\/div>\n<h3>Ot\u00e1zka pre JazykovaPoradna.sk:<\/h3>\n<p>Ako sa spr\u00e1vne p\u00ed\u0161e rod P\u00e1lffyovcov? Pre\u0161lo v poslednom \u010dase nejak\u00fdmi pravopisn\u00fdmi zmenami aj p\u00edsanie in\u00fdch mien, napr. Eszterh\u00e1zyovci, Zichyovci?<\/p>\n<h3><span style=\"color: #808000;\">Odpove\u010f:<\/span><\/h3>\n<p>V 80. rokoch minul\u00e9ho storo\u010dia sa prijali z\u00e1sady p\u00edsania mien os\u00f4b vystupuj\u00facich v uhorskom obdob\u00ed slovensk\u00fdch dej\u00edn do roku 1918, ktor\u00e9 boli vypracovan\u00e9 v s\u00falade so z\u00e1vermi komisie pre historick\u00fa terminol\u00f3giu pri Historickom \u00fastave SAV. M\u00f4\u017eete si ich pre\u010d\u00edta\u0165 v Pravidl\u00e1ch slovensk\u00e9ho pravopisu (2000) v kapitole P\u00edsanie historick\u00fdch osobn\u00fdch mien z uhorsk\u00e9ho obdobia slovensk\u00fdch dej\u00edn. Pravidl\u00e1 slovensk\u00e9ho pravopisu s\u00fa spr\u00edstupnen\u00e9 aj v elektronickej verzii na str\u00e1nke Jazykovedn\u00e9ho \u00fastavu \u013d. \u0160t\u00fara SAV <a href=\"http:\/\/www.juls.savba.sk\/pravidla_sloven_pravopisu.html\" target=\"_blank\" rel=\"noopener noreferrer\">http:\/\/www.juls.savba.sk\/pravidla_sloven_pravopisu.html<\/a> (zvo\u013ete textov\u00fa \u010das\u0165). Priezvisko P\u00e1lffy\/P\u00e1lffi sa pod\u013ea z\u00e1sad slovensk\u00e9ho prepisu p\u00ed\u0161e P\u00e1lfi, tak\u017ee pomenovanie rodu m\u00e1 podobu rod P\u00e1lfiovcov a rodinn\u00e9 pomenovanie je P\u00e1lfiovci. Podobne je to pri men\u00e1ch Eszterh\u00e1zy a Zichy, ktor\u00e9 sa pod\u013ea spom\u00ednan\u00fdch z\u00e1sad p\u00ed\u0161u Esterh\u00e1zi a Zi\u010di. Rodinn\u00e9 pomenovanie m\u00e1 podobu Esterh\u00e1ziovci, Zi\u010diovci.<br \/>\n<strong>Zdroj inform\u00e1ci\u00ed:<\/strong> <a href=\"http:\/\/jazykovaporadna.sme.sk\/q\/4965\/#axzz4hOkYiI9I\" target=\"_blank\" rel=\"noopener noreferrer\">http:\/\/jazykovaporadna.sme.sk\/q\/4965\/#axzz4hOkYiI9I<\/a><\/p>\n<h3><strong><br \/>\n<\/strong><span style=\"color: #808000;\">Ot\u00e1zka pre jazykov\u00fa porad\u0148u (Jazykovedn\u00fd \u00fastav \u013dudov\u00edta \u0160t\u00fara)<\/span><\/h3>\n<p>Ak potrebujete z\u00edska\u0165 odpove\u010f v kr\u00e1tkom \u010dase, odpor\u00fa\u010dame v\u00e1m vyu\u017ei\u0165 mo\u017enos\u0165 telefonickej konzult\u00e1cie na telef\u00f3nnom \u010d\u00edsle +421 2 54431761-2 v pracovn\u00fdch d\u0148och od 8.00 do 11.00 hodiny.<br \/>\n<strong><br \/>\nV pr\u00edpade technick\u00fdch probl\u00e9mov:<\/strong> <a href=\"mailto:jazykovaporadna@smeonline.sk\" target=\"_blank\" rel=\"noopener noreferrer\">jazykovaporadna@smeonline.sk<\/a><\/p>\n<p><strong>\u010c\u00edtajte viac:<\/strong> <a href=\"http:\/\/jazykovaporadna.sme.sk\/question\/add\/#axzz4hOkYiI9I\" target=\"_blank\" rel=\"noopener noreferrer\">http:\/\/jazykovaporadna.sme.sk\/question\/add\/#axzz4hOkYiI9I<\/a><\/p>\n","protected":false},"excerpt":{"rendered":"<p>Menu: Podkateg\u00f3ria: Kde sa nach\u00e1dza K\u00faria J\u00faliusa P\u00f3scha? K\u00faria J\u00faliusa P\u00f3scha sa nach\u00e1dza v obci Brzot\u00edn na Berz\u00e9tskej ulici \u010d\u00edslo 164. Je situovan\u00e1 v strede obce hne\u010f za reformovan\u00fdm kostolom. [&hellip;]<\/p>\n","protected":false},"author":1,"featured_media":19876,"parent":15,"menu_order":0,"comment_status":"closed","ping_status":"closed","template":"","meta":{"_uag_custom_page_level_css":"","footnotes":""},"class_list":["post-19858","page","type-page","status-publish","has-post-thumbnail","hentry"],"featured_image_src":"https:\/\/www.slovensky-kras.eu\/info\/wp-content\/uploads\/2021\/03\/brzotin.jpg","featured_image_src_square":"https:\/\/www.slovensky-kras.eu\/info\/wp-content\/uploads\/2021\/03\/brzotin.jpg","rbea_author_info":{"display_name":"admin","author_link":"https:\/\/www.slovensky-kras.eu\/info\/author\/admin\/"},"rbea_excerpt_info":"Menu: Podkateg\u00f3ria: Kde sa nach\u00e1dza K\u00faria J\u00faliusa P\u00f3scha? K\u00faria J\u00faliusa P\u00f3scha sa nach\u00e1dza v obci Brzot\u00edn na Berz\u00e9tskej ulici \u010d\u00edslo 164. Je situovan\u00e1 v strede obce hne\u010f za reformovan\u00fdm kostolom. [&hellip;]","uagb_featured_image_src":{"full":["https:\/\/www.slovensky-kras.eu\/info\/wp-content\/uploads\/2021\/03\/brzotin.jpg",960,720,false],"thumbnail":["https:\/\/www.slovensky-kras.eu\/info\/wp-content\/uploads\/2021\/03\/brzotin-150x150.jpg",150,150,true],"medium":["https:\/\/www.slovensky-kras.eu\/info\/wp-content\/uploads\/2021\/03\/brzotin-800x600.jpg",800,600,true],"medium_large":["https:\/\/www.slovensky-kras.eu\/info\/wp-content\/uploads\/2021\/03\/brzotin-768x576.jpg",768,576,true],"large":["https:\/\/www.slovensky-kras.eu\/info\/wp-content\/uploads\/2021\/03\/brzotin.jpg",960,720,false],"1536x1536":["https:\/\/www.slovensky-kras.eu\/info\/wp-content\/uploads\/2021\/03\/brzotin.jpg",960,720,false],"2048x2048":["https:\/\/www.slovensky-kras.eu\/info\/wp-content\/uploads\/2021\/03\/brzotin.jpg",960,720,false]},"uagb_author_info":{"display_name":"admin","author_link":"https:\/\/www.slovensky-kras.eu\/info\/author\/admin\/"},"uagb_comment_info":0,"uagb_excerpt":"Menu: Podkateg\u00f3ria: Kde sa nach\u00e1dza K\u00faria J\u00faliusa P\u00f3scha? K\u00faria J\u00faliusa P\u00f3scha sa nach\u00e1dza v obci Brzot\u00edn na Berz\u00e9tskej ulici \u010d\u00edslo 164. Je situovan\u00e1 v strede obce hne\u010f za reformovan\u00fdm kostolom. [&hellip;]","_links":{"self":[{"href":"https:\/\/www.slovensky-kras.eu\/info\/wp-json\/wp\/v2\/pages\/19858","targetHints":{"allow":["GET"]}}],"collection":[{"href":"https:\/\/www.slovensky-kras.eu\/info\/wp-json\/wp\/v2\/pages"}],"about":[{"href":"https:\/\/www.slovensky-kras.eu\/info\/wp-json\/wp\/v2\/types\/page"}],"author":[{"embeddable":true,"href":"https:\/\/www.slovensky-kras.eu\/info\/wp-json\/wp\/v2\/users\/1"}],"replies":[{"embeddable":true,"href":"https:\/\/www.slovensky-kras.eu\/info\/wp-json\/wp\/v2\/comments?post=19858"}],"version-history":[{"count":20,"href":"https:\/\/www.slovensky-kras.eu\/info\/wp-json\/wp\/v2\/pages\/19858\/revisions"}],"predecessor-version":[{"id":28779,"href":"https:\/\/www.slovensky-kras.eu\/info\/wp-json\/wp\/v2\/pages\/19858\/revisions\/28779"}],"up":[{"embeddable":true,"href":"https:\/\/www.slovensky-kras.eu\/info\/wp-json\/wp\/v2\/pages\/15"}],"wp:featuredmedia":[{"embeddable":true,"href":"https:\/\/www.slovensky-kras.eu\/info\/wp-json\/wp\/v2\/media\/19876"}],"wp:attachment":[{"href":"https:\/\/www.slovensky-kras.eu\/info\/wp-json\/wp\/v2\/media?parent=19858"}],"curies":[{"name":"wp","href":"https:\/\/api.w.org\/{rel}","templated":true}]}}