{"id":19325,"date":"2020-12-12T06:39:04","date_gmt":"2020-12-12T05:39:04","guid":{"rendered":"http:\/\/www.slovensky-kras.eu\/info\/?page_id=19325"},"modified":"2026-04-05T10:25:49","modified_gmt":"2026-04-05T08:25:49","slug":"vyhliadka-na-skale-670-m-n-m","status":"publish","type":"page","link":"https:\/\/www.slovensky-kras.eu\/info\/kam-do-prirody\/vyhliadka-na-skale-670-m-n-m\/","title":{"rendered":"Vyhliadka Na skale (670 m n. m.)"},"content":{"rendered":"<p><strong>Menu: <\/strong> <a href=\"http:\/\/www.slovensky-kras.eu\/info\/\" class=\"su-button su-button-style-default\" style=\"color:#000000;background-color:#FFCF2F;border-color:#cca626;border-radius:5px\" target=\"_self\"><span style=\"color:#000000;padding:6px 16px;font-size:13px;line-height:20px;border-color:#ffde6e;border-radius:5px;text-shadow:none\"><i class=\"sui sui-arrow-right\" style=\"font-size:13px;color:#000000\"><\/i>  \u00davod \/ Aktuality <\/span><\/a>\n<a href=\"http:\/\/www.slovensky-kras.eu\/info\/kam-do-prirody\/\" class=\"su-button su-button-style-default\" style=\"color:#000000;background-color:#FFCF2F;border-color:#cca626;border-radius:5px\" target=\"_self\"><span style=\"color:#000000;padding:6px 16px;font-size:13px;line-height:20px;border-color:#ffde6e;border-radius:5px;text-shadow:none\"><i class=\"sui sui-arrow-right\" style=\"font-size:13px;color:#000000\"><\/i>  Kam do pr\u00edrody <\/span><\/a>\n<p><strong>Podkateg\u00f3ria: <\/strong> <a href=\"http:\/\/www.slovensky-kras.eu\/info\/kam-do-prirody\/vrchy-skaly-a-sedla\/\" class=\"su-button su-button-style-default\" style=\"color:#000000;background-color:#C5ED2C;border-color:#9ebe24;border-radius:5px\" target=\"_self\"><span style=\"color:#000000;padding:6px 16px;font-size:13px;line-height:20px;border-color:#d7f36c;border-radius:5px;text-shadow:none\"><i class=\"sui sui-arrow-right\" style=\"font-size:13px;color:#000000\"><\/i>  Vrchy, skaly, vyhliadky a sedl\u00e1 <\/span><\/a>\n<div class=\"su-divider su-divider-style-default\" style=\"margin:15px 0;border-width:2px;border-color:#000000\"><\/div>\n<figure id=\"attachment_29920\" aria-describedby=\"caption-attachment-29920\" style=\"width: 900px\" class=\"wp-caption aligncenter\"><a href=\"https:\/\/www.slovensky-kras.eu\/info\/wp-content\/uploads\/2026\/04\/na-skale-jar.jpeg\"><img loading=\"lazy\" decoding=\"async\" class=\"wp-image-29920\" src=\"https:\/\/www.slovensky-kras.eu\/info\/wp-content\/uploads\/2026\/04\/na-skale-jar.jpeg\" alt=\"Vyhliadka Na skale (670 m n. m.)\" width=\"900\" height=\"502\" srcset=\"https:\/\/www.slovensky-kras.eu\/info\/wp-content\/uploads\/2026\/04\/na-skale-jar.jpeg 1376w, https:\/\/www.slovensky-kras.eu\/info\/wp-content\/uploads\/2026\/04\/na-skale-jar-800x447.jpeg 800w, https:\/\/www.slovensky-kras.eu\/info\/wp-content\/uploads\/2026\/04\/na-skale-jar-1024x572.jpeg 1024w, https:\/\/www.slovensky-kras.eu\/info\/wp-content\/uploads\/2026\/04\/na-skale-jar-768x429.jpeg 768w\" sizes=\"auto, (max-width: 900px) 100vw, 900px\" \/><\/a><figcaption id=\"caption-attachment-29920\" class=\"wp-caption-text\">Vyhliadka Na skale (670 m n. m.)<\/figcaption><\/figure>\n<div class=\"su-divider su-divider-style-default\" style=\"margin:15px 0;border-width:2px;border-color:#000000\"><\/div>\n<h2 data-path-to-node=\"0\"><span style=\"color: #800000;\"><b data-path-to-node=\"0\" data-index-in-node=\"0\">Adrenal\u00ednov\u00fd balk\u00f3n<\/b> priamo nad priepas\u0165ou<\/span><\/h2>\n<p data-path-to-node=\"1\">T\u00fa\u017eite po <b data-path-to-node=\"1\" data-index-in-node=\"10\">intenz\u00edvnom z\u00e1\u017eitku<\/b> bez davov? Vyst\u00fapte na mohutn\u00e9 bralo <b data-path-to-node=\"1\" data-index-in-node=\"67\">V\u00e1penn\u00e1 str\u00e1\u0148<\/b>, kde sa v\u00e1m z v\u00fd\u0161ky otvor\u00ed dychber\u00faci v\u00fdh\u013ead na ju\u017en\u00fa \u010das\u0165 <a href=\"https:\/\/www.slovensky-kras.eu\/info\/kam-do-prirody\/zadielska-dolina\/\"><b data-path-to-node=\"1\" data-index-in-node=\"152\">Z\u00e1dielskej ties\u0148avy<\/b><\/a>. Sta\u010d\u00ed nasledova\u0165 <b data-path-to-node=\"1\" data-index-in-node=\"190\">n\u00e1u\u010dn\u00fd chodn\u00edk<\/b> priamo z obce Z\u00e1diel a necha\u0165 sa o\u010dari\u0165 <b data-path-to-node=\"1\" data-index-in-node=\"245\">divokou pr\u00edrodou<\/b>, ktor\u00fa m\u00e1te doslova na dlani.<\/p>\n<h2 data-start=\"46\" data-end=\"251\"><span style=\"color: #800000;\">Kde presne n\u00e1jdem t\u00fato pr\u00edrodn\u00fa dominantu a ak\u00e1 je jej nadmorsk\u00e1 v\u00fd\u0161ka?<\/span><\/h2>\n<p data-start=\"46\" data-end=\"251\">Vyhliadka <strong data-start=\"137\" data-end=\"149\">Na skale<\/strong> sa nach\u00e1dza na z\u00e1padnom okraji malebnej Z\u00e1dielskej planiny a dosahuje nadmorsk\u00fa v\u00fd\u0161ku <strong data-start=\"236\" data-end=\"251\">670 m n. m.<\/strong><\/p>\n<h2 data-start=\"253\" data-end=\"460\"><span style=\"color: #800000;\">Z \u010doho je Vyhliadka Na skale tvoren\u00e1 a ak\u00e9 pr\u00edrodn\u00e9 \u00fakazy ju obklopuj\u00fa?<\/span><\/h2>\n<p data-start=\"253\" data-end=\"460\">T\u00e1to pozoruhodn\u00e1 vyhliadka je formovan\u00e1 mohutn\u00fdm skaln\u00fdm bralom naz\u00fdvan\u00fdm <strong data-start=\"408\" data-end=\"425\">V\u00e1penn\u00e1 str\u00e1\u0148<\/strong>, ktor\u00e9 dop\u013a\u0148a mal\u00e1 skaln\u00e1 plo\u0161ina.<\/p>\n<h2 data-start=\"462\" data-end=\"869\"><span style=\"color: #800000;\">Ak\u00fd typ v\u00fdh\u013eadu m\u00f4\u017eem z Vyhliadky Na skale o\u010dak\u00e1va\u0165 a \u010do uvid\u00edm?<\/span><\/h2>\n<p data-start=\"462\" data-end=\"869\">Hoci je v\u00fdh\u013ead rozsahovo obmedzen\u00fd, ide o kr\u00e1sny a intenz\u00edvny z\u00e1\u017eitok. Najviac vynikne poh\u013ead na doln\u00fa, ju\u017en\u00fa \u010das\u0165 <a href=\"https:\/\/www.slovensky-kras.eu\/info\/kam-do-prirody\/zadielska-dolina\/\"><strong data-start=\"651\" data-end=\"674\">Z\u00e1dielskej ties\u0148avy<\/strong><\/a> a pri\u013eahl\u00e9 doliny. V pozad\u00ed mo\u017eno vidie\u0165 obec <strong data-start=\"721\" data-end=\"741\">Dvorn\u00edky-V\u010del\u00e1re<\/strong>, rozsiahlu v\u00fdchodn\u00fa \u010das\u0165 planiny <strong data-start=\"775\" data-end=\"789\">Doln\u00fd vrch<\/strong>, impozantn\u00fa <strong data-start=\"802\" data-end=\"835\">cement\u00e1re\u0148 v Turni nad Bodvou<\/strong> a dokonca aj obrysy <strong data-start=\"856\" data-end=\"868\">Ma\u010farska<\/strong>.<\/p>\n<h2 data-start=\"871\" data-end=\"1227\"><span style=\"color: #800000;\">Ako sa najlep\u0161ie dostanem k Vyhliadke Na skale a ak\u00e9 s\u00fa detaily turistickej trasy?<\/span><\/h2>\n<p data-start=\"871\" data-end=\"1227\">K najbli\u017e\u0161iemu parkovisku \u2013 ktor\u00e9 sl\u00fa\u017ei ako v\u00fdchodiskov\u00fd bod na vyhliadku \u2013 sa naj\u010dastej\u0161ie dostanete z obce <strong data-start=\"1072\" data-end=\"1082\">Z\u00e1diel<\/strong>. Parkovanie je mo\u017en\u00e9 na konci dediny, pri \u00fast\u00ed Z\u00e1dielskej ties\u0148avy. Odtia\u013e pokra\u010dujete po atrakt\u00edvnom <strong data-start=\"1185\" data-end=\"1226\">n\u00e1u\u010dnom chodn\u00edku cez Z\u00e1dielsku dolinu<\/strong>.<\/p>\n<h3 data-start=\"1229\" data-end=\"1270\"><span style=\"color: #808000;\">Podrobnosti o trase a navig\u00e1cii:<\/span><\/h3>\n<ul data-start=\"1271\" data-end=\"2038\">\n<li data-start=\"1271\" data-end=\"1372\">\n<p data-start=\"1273\" data-end=\"1372\"><strong data-start=\"1273\" data-end=\"1294\">V\u00fdchodiskov\u00fd bod:<\/strong> Parkovisko v obci <a href=\"https:\/\/www.slovensky-kras.eu\/info\/strediska-a-centra\/obec-zadiel\/\">Z\u00e1diel<\/a> (bezplatn\u00e9, cca 300 metrov od vstupu do ties\u0148avy).<\/p>\n<\/li>\n<li data-start=\"1373\" data-end=\"1627\">\n<p data-start=\"1375\" data-end=\"1627\"><strong data-start=\"1375\" data-end=\"1385\">Trasa:<\/strong> Od parkoviska pokra\u010dujete po asfaltovej ceste, potom po turistickej zna\u010dke do Z\u00e1dielskej ties\u0148avy. \u010ealej sledujete <a href=\"https:\/\/www.slovensky-kras.eu\/info\/wp-content\/uploads\/2013\/07\/modra.png\"><img loading=\"lazy\" decoding=\"async\" class=\"size-full wp-image-10352 alignnone\" src=\"https:\/\/www.slovensky-kras.eu\/info\/wp-content\/uploads\/2013\/07\/modra.png\" alt=\"\" width=\"20\" height=\"21\" \/><\/a> <strong data-start=\"1501\" data-end=\"1528\">modr\u00fa turistick\u00fa zna\u010dku<\/strong>, ktor\u00e1 vedie cez ties\u0148avu. Z nej sa trasa nesk\u00f4r odkl\u00e1\u0148a po lesnom chodn\u00edku smerom na vyhliadku.<\/p>\n<\/li>\n<li data-start=\"1628\" data-end=\"1777\">\n<p data-start=\"1630\" data-end=\"1777\"><strong data-start=\"1630\" data-end=\"1646\">D\u013a\u017eka trasy:<\/strong> Cel\u00fd n\u00e1u\u010dn\u00fd okruh Z\u00e1dielska ties\u0148ava s vyhliadkou m\u00e1 <strong data-start=\"1700\" data-end=\"1710\">9,2 km<\/strong>. Samotn\u00fd v\u00fdstup na vyhliadku tvor\u00ed nadv\u00e4zuj\u00facu \u010das\u0165 tejto trasy.<\/p>\n<\/li>\n<li data-start=\"1778\" data-end=\"1891\">\n<p data-start=\"1780\" data-end=\"1891\"><strong data-start=\"1780\" data-end=\"1797\">\u010cas prechodu:<\/strong> V\u00fdstup na vyhliadku trv\u00e1 pribli\u017ene <strong data-start=\"1833\" data-end=\"1845\">30 min\u00fat<\/strong> svi\u017enej ch\u00f4dze od najbli\u017e\u0161ieho r\u00e1zcestn\u00edka.<\/p>\n<\/li>\n<li data-start=\"1892\" data-end=\"2038\">\n<p data-start=\"1894\" data-end=\"2038\"><strong data-start=\"1894\" data-end=\"1908\">N\u00e1ro\u010dnos\u0165:<\/strong> Stredne n\u00e1ro\u010dn\u00e1 turistika s celkov\u00fdm prev\u00fd\u0161en\u00edm do <strong data-start=\"1960\" data-end=\"1969\">420 m<\/strong>. Trasa je dobre zna\u010den\u00e1 a vhodn\u00e1 aj pre rodiny \u010di turistov so psami.<\/p>\n<\/li>\n<\/ul>\n<h3 data-start=\"2040\" data-end=\"2410\"><span style=\"color: #808000;\">Zhrnutie pr\u00edstupu:<\/span><\/h3>\n<p data-start=\"2040\" data-end=\"2410\">Najlep\u0161ie parkovanie n\u00e1jdete pri vstupe do <a href=\"https:\/\/www.slovensky-kras.eu\/info\/kam-do-prirody\/zadielska-dolina\/\">Z\u00e1dielskej ties\u0148avy<\/a> v obci <a href=\"https:\/\/www.slovensky-kras.eu\/info\/strediska-a-centra\/obec-zadiel\/\">Z\u00e1diel<\/a>. Po <a href=\"https:\/\/www.slovensky-kras.eu\/info\/wp-content\/uploads\/2013\/07\/modra.png\"><img loading=\"lazy\" decoding=\"async\" class=\"size-full wp-image-10352 alignnone\" src=\"https:\/\/www.slovensky-kras.eu\/info\/wp-content\/uploads\/2013\/07\/modra.png\" alt=\"\" width=\"20\" height=\"21\" \/><\/a> modrej zna\u010dke a n\u00e1u\u010dnom chodn\u00edku prejdete cel\u00fa ties\u0148avu a\u017e k r\u00e1zcestn\u00edku, odkia\u013e vedie odbo\u010dka na Vyhliadku Na skale. N\u00e1sledn\u00fd v\u00fdstup trv\u00e1 len pribli\u017ene pol hodiny a pon\u00faka kr\u00e1sne v\u00fdh\u013eady. Celkov\u00fd okruh <strong data-start=\"2352\" data-end=\"2362\">9,2 km<\/strong> je dobre zna\u010den\u00fd a n\u00e1v\u0161tevn\u00edcky ve\u013emi pr\u00edjemn\u00fd.<\/p>\n<h2 data-path-to-node=\"0\"><span style=\"color: #800000;\">Ve\u010dn\u00e1 str\u00e1\u017e v tieni v\u00e1penca<\/span><\/h2>\n<p data-path-to-node=\"1\">Ke\u010f letn\u00e1 hor\u00fa\u010dava ust\u00fapi mesa\u010dn\u00e9mu svitu, <b data-path-to-node=\"1\" data-index-in-node=\"43\">Z\u00e1dielska ties\u0148ava<\/b> odhal\u00ed svoje najv\u00e4\u010d\u0161ie tajomstvo. Pod mohutn\u00fdmi <b data-path-to-node=\"1\" data-index-in-node=\"110\">v\u00e1pencov\u00fdmi bralami<\/b> sa ruka v ruke zjavuj\u00fa <b data-path-to-node=\"1\" data-index-in-node=\"153\">zamilovan\u00ed duchovia<\/b>, ktor\u00ed tich\u00fdm krokom <b data-path-to-node=\"1\" data-index-in-node=\"194\">str\u00e1\u017eia pokoj<\/b> tejto divokej doliny. Ich <b data-path-to-node=\"1\" data-index-in-node=\"234\">nesmrte\u013en\u00e1 l\u00e1ska<\/b> \u00fadajne preb\u00fdva v \u00fatrob\u00e1ch <b data-path-to-node=\"1\" data-index-in-node=\"277\">Tajnej jaskyne<\/b>, kde ich vern\u00e9 du\u0161e m\u00f4\u017eete zazrie\u0165 po\u010das <b data-path-to-node=\"1\" data-index-in-node=\"333\">cel\u00e9ho roka<\/b>, ak sa odv\u00e1\u017eite vst\u00fapi\u0165 do ticha noci.<\/p>\n<p data-path-to-node=\"1\">Miestni hovoria, \u017ee ich pr\u00edtomnos\u0165 prezr\u00e1dza len <b data-path-to-node=\"0\" data-index-in-node=\"49\">jemn\u00fd v\u00e1nok<\/b> a ne\u010dakan\u00e1 v\u00f4\u0148a lesn\u00fdch kvetov uprostred tmavej noci. Kto ich v\u0161ak zazrie, ten vraj n\u00e1jde <b data-path-to-node=\"0\" data-index-in-node=\"151\">skuto\u010dn\u00e9 \u0161\u0165astie<\/b> v l\u00e1ske, ktor\u00e9 ho bude sprev\u00e1dza\u0165 po cel\u00fd zvy\u0161ok \u017eivota.<\/p>\n<h2 data-start=\"2040\" data-end=\"2410\"><span style=\"color: #800000;\">Fotogal\u00e9ria<\/span><\/h2>\n<p data-start=\"2040\" data-end=\"2410\"><style type=\"text\/css\">\n#foogallery-gallery-29916 .fg-image { width: 200px; }<\/style>\n\t\t\t<div class=\"foogallery foogallery-container foogallery-carousel foogallery-lightbox-foogallery fg-carousel fg-ready fg-light fg-border-medium fg-round-small fg-shadow-medium fg-loading-default fg-loaded-fade-in fg-hover-semi-zoomed fg-hover-fade fg-hover-circle-plus2\" id=\"foogallery-gallery-29916\" data-foogallery=\"{&quot;item&quot;:{&quot;showCaptionTitle&quot;:true,&quot;showCaptionDescription&quot;:true},&quot;lazy&quot;:true,&quot;template&quot;:{&quot;maxItems&quot;:5,&quot;scale&quot;:0.11999999999999999555910790149937383830547332763671875,&quot;gutter&quot;:{&quot;min&quot;:-40,&quot;max&quot;:-20,&quot;unit&quot;:&quot;%&quot;},&quot;autoplay&quot;:{&quot;time&quot;:0,&quot;interaction&quot;:&quot;pause&quot;},&quot;centerOnClick&quot;:true,&quot;align&quot;:&quot;center&quot;,&quot;activePosition&quot;:&quot;center&quot;}}\" data-foogallery-lightbox=\"{&quot;thumbs&quot;:&quot;bottom&quot;,&quot;thumbsCaptions&quot;:false,&quot;thumbsBestFit&quot;:false,&quot;thumbsSmall&quot;:false,&quot;thumbsCaptionsAlign&quot;:&quot;default&quot;,&quot;info&quot;:&quot;bottom&quot;,&quot;infoVisible&quot;:true,&quot;infoOverlay&quot;:true,&quot;infoAlign&quot;:&quot;default&quot;,&quot;transition&quot;:&quot;fade&quot;,&quot;hoverButtons&quot;:false,&quot;fitMedia&quot;:false,&quot;noScrollbars&quot;:true,&quot;preserveButtonSpace&quot;:true,&quot;buttons&quot;:{&quot;fullscreen&quot;:true,&quot;info&quot;:true,&quot;thumbs&quot;:false},&quot;video&quot;:{&quot;autoPlay&quot;:true}}\" style=\"--fg-title-line-clamp: 1; --fg-description-line-clamp: 2;\" >\n\t<button type=\"button\" class=\"fg-carousel-prev\" title=\"Previous\"><\/button>\n\t<div class=\"fg-carousel-inner\">\n\t\t<div class=\"fg-carousel-center\"><\/div>\n\t\t<div class=\"fg-item fg-type-image fg-idle\"><figure class=\"fg-item-inner\"><a href=\"https:\/\/www.slovensky-kras.eu\/info\/wp-content\/uploads\/2026\/04\/na-skale-zima.jpeg\" data-caption-title=\"Vyhliadka Na skale (670 m n. m.)\" data-attachment-id=\"29917\" data-type=\"image\" class=\"fg-thumb\"><span class=\"fg-image-wrap\"><img decoding=\"async\" alt=\"Vyhliadka Na skale (670 m n. m.)\" title=\"Vyhliadka Na skale (670 m n. m.)\" width=\"200\" height=\"200\" class=\"skip-lazy fg-image\" data-src-fg=\"https:\/\/www.slovensky-kras.eu\/info\/wp-content\/uploads\/cache\/2026\/04\/na-skale-zima\/95749381.jpeg\" src=\"data:image\/svg+xml,%3Csvg%20xmlns%3D%22http%3A%2F%2Fwww.w3.org%2F2000%2Fsvg%22%20width%3D%22200%22%20height%3D%22200%22%20viewBox%3D%220%200%20200%20200%22%3E%3C%2Fsvg%3E\" loading=\"eager\"><\/span><span class=\"fg-image-overlay\"><\/span><\/a><figcaption class=\"fg-caption\"><div class=\"fg-caption-inner\"><div class=\"fg-caption-title\">Vyhliadka Na skale (670 m n. m.)<\/div><\/div><\/figcaption><\/figure><div class=\"fg-loader\"><\/div><\/div><div class=\"fg-item fg-type-image fg-idle\"><figure class=\"fg-item-inner\"><a href=\"https:\/\/www.slovensky-kras.eu\/info\/wp-content\/uploads\/2026\/04\/na-skale-jesen.jpeg\" data-caption-title=\"Vyhliadka Na skale (670 m n. m.)\" data-attachment-id=\"29918\" data-type=\"image\" class=\"fg-thumb\"><span class=\"fg-image-wrap\"><img decoding=\"async\" alt=\"Vyhliadka Na skale (670 m n. m.)\" title=\"Vyhliadka Na skale (670 m n. m.)\" width=\"200\" height=\"200\" class=\"skip-lazy fg-image\" data-src-fg=\"https:\/\/www.slovensky-kras.eu\/info\/wp-content\/uploads\/cache\/2026\/04\/na-skale-jesen\/347094802.jpeg\" src=\"data:image\/svg+xml,%3Csvg%20xmlns%3D%22http%3A%2F%2Fwww.w3.org%2F2000%2Fsvg%22%20width%3D%22200%22%20height%3D%22200%22%20viewBox%3D%220%200%20200%20200%22%3E%3C%2Fsvg%3E\" loading=\"eager\"><\/span><span class=\"fg-image-overlay\"><\/span><\/a><figcaption class=\"fg-caption\"><div class=\"fg-caption-inner\"><div class=\"fg-caption-title\">Vyhliadka Na skale (670 m n. m.)<\/div><\/div><\/figcaption><\/figure><div class=\"fg-loader\"><\/div><\/div><div class=\"fg-item fg-type-image fg-idle\"><figure class=\"fg-item-inner\"><a href=\"https:\/\/www.slovensky-kras.eu\/info\/wp-content\/uploads\/2026\/04\/na-skale-leto.jpeg\" data-caption-title=\"Vyhliadka Na skale (670 m n. m.)\" data-attachment-id=\"29919\" data-type=\"image\" class=\"fg-thumb\"><span class=\"fg-image-wrap\"><img decoding=\"async\" alt=\"Vyhliadka Na skale (670 m n. m.)\" title=\"Vyhliadka Na skale (670 m n. m.)\" width=\"200\" height=\"200\" class=\"skip-lazy fg-image\" data-src-fg=\"https:\/\/www.slovensky-kras.eu\/info\/wp-content\/uploads\/cache\/2026\/04\/na-skale-leto\/3455630113.jpeg\" src=\"data:image\/svg+xml,%3Csvg%20xmlns%3D%22http%3A%2F%2Fwww.w3.org%2F2000%2Fsvg%22%20width%3D%22200%22%20height%3D%22200%22%20viewBox%3D%220%200%20200%20200%22%3E%3C%2Fsvg%3E\" loading=\"eager\"><\/span><span class=\"fg-image-overlay\"><\/span><\/a><figcaption class=\"fg-caption\"><div class=\"fg-caption-inner\"><div class=\"fg-caption-title\">Vyhliadka Na skale (670 m n. m.)<\/div><\/div><\/figcaption><\/figure><div class=\"fg-loader\"><\/div><\/div><div class=\"fg-item fg-type-image fg-idle\"><figure class=\"fg-item-inner\"><a href=\"https:\/\/www.slovensky-kras.eu\/info\/wp-content\/uploads\/2026\/04\/na-skale-jar.jpeg\" data-caption-title=\"Vyhliadka Na skale (670 m n. m.)\" data-attachment-id=\"29920\" data-type=\"image\" class=\"fg-thumb\"><span class=\"fg-image-wrap\"><img decoding=\"async\" alt=\"Vyhliadka Na skale (670 m n. m.)\" title=\"Vyhliadka Na skale (670 m n. m.)\" width=\"200\" height=\"200\" class=\"skip-lazy fg-image\" data-src-fg=\"https:\/\/www.slovensky-kras.eu\/info\/wp-content\/uploads\/cache\/2026\/04\/na-skale-jar\/1688437326.jpeg\" src=\"data:image\/svg+xml,%3Csvg%20xmlns%3D%22http%3A%2F%2Fwww.w3.org%2F2000%2Fsvg%22%20width%3D%22200%22%20height%3D%22200%22%20viewBox%3D%220%200%20200%20200%22%3E%3C%2Fsvg%3E\" loading=\"eager\"><\/span><span class=\"fg-image-overlay\"><\/span><\/a><figcaption class=\"fg-caption\"><div class=\"fg-caption-inner\"><div class=\"fg-caption-title\">Vyhliadka Na skale (670 m n. m.)<\/div><\/div><\/figcaption><\/figure><div class=\"fg-loader\"><\/div><\/div>\t<\/div>\n\t<div class=\"fg-carousel-bottom\"><\/div>\n\t<div class=\"fg-carousel-progress\"><\/div>\n\t<button type=\"button\" class=\"fg-carousel-next\" title=\"Next\"><\/button>\n<\/div>\n<h2 data-start=\"2040\" data-end=\"2410\"><span style=\"color: #800000;\">Zauj\u00edmav\u00e9 odkazy<\/span><\/h2>\n<h3><span style=\"color: #808000;\">Bl\u00edzke stredisko, turistick\u00e9 centrum, obec alebo mesto<\/span><\/h3>\n<ul>\n<li><a href=\"http:\/\/www.slovensky-kras.eu\/info\/strediska-a-centra\/obec-zadiel\/\">Obec Z\u00e1diel (\u010d\u00edtaj viac&#8230;)<\/a><\/li>\n<\/ul>\n<ul>\n<li><a href=\"http:\/\/www.slovensky-kras.eu\/info\/strediska-a-centra\/obec-haj\/\">Obec H\u00e1j (\u010d\u00edtaj viac&#8230;)<\/a><\/li>\n<\/ul>\n<ul>\n<li><a href=\"http:\/\/www.slovensky-kras.eu\/info\/strediska-a-centra\/obec-hacava\/\">Obec Ha\u010dava (\u010d\u00edtaj viac&#8230;)<\/a><\/li>\n<\/ul>\n<ul>\n<li><a href=\"http:\/\/www.slovensky-kras.eu\/info\/strediska-a-centra\/obec-turna-nad-bodvou\/\">Obec Tur\u0148a nad Bodvou (\u010d\u00edtaj viac&#8230;)<\/a><\/li>\n<\/ul>\n<h2><span style=\"color: #800000;\">Mapy<\/span><\/h2>\n<p><strong>Vrstvy: <\/strong>Turistick\u00e1 mapa, Automapa, Cyklomapa, Ly\u017eiarska mapa, Satelitn\u00e1 mapa a OpenStreetMap.<\/p>\n<p><strong>Kliknut\u00edm na logo &#8222;Freemap.sk&#8220; sa V\u00e1m mapa zobraz\u00ed na celej ploche obrazovky.<\/strong><\/p>\n<p><iframe style=\"width: 900px; height: 600px; border: 0;\" src=\"https:\/\/www.freemap.sk\/?map=14\/48.635859\/20.827343&amp;info-point=48.635859\/20.827343,Vyhliadka Na skale (670 m n. m.)&amp;layers=X&amp;embed=search\" allowfullscreen=\"allowfullscreen\"><span data-mce-type=\"bookmark\" style=\"display: inline-block; width: 0px; overflow: hidden; line-height: 0;\" class=\"mce_SELRES_start\">\ufeff<\/span><\/iframe><\/p>\n<h2><span style=\"color: #800000;\">Po\u010dasie<\/span><\/h2>\n<p><iframe style=\"width: 900px; height: 610px;\" src=\"https:\/\/www.meteoblue.com\/sk\/po%C4%8Dasie\/widget\/three\/48.624N20.835E447_Europe%2FBratislava?geoloc=fixed&amp;nocurrent=0&amp;noforecast=0&amp;days=6&amp;tempunit=CELSIUS&amp;windunit=KILOMETER_PER_HOUR&amp;layout=image\" frameborder=\"0\" scrolling=\"NO\" sandbox=\"allow-same-origin allow-scripts allow-popups allow-popups-to-escape-sandbox\"><span data-mce-type=\"bookmark\" style=\"display: inline-block; width: 0px; overflow: hidden; line-height: 0;\" class=\"mce_SELRES_start\">\ufeff<\/span><\/iframe><\/p>\n<div><!-- DO NOT REMOVE THIS LINK --><a href=\"https:\/\/www.meteoblue.com\/sk\/po%C4%8Dasie\/predpove%C4%8F\/t%C3%BD%C5%BEde%C5%88\/48.624N20.835E447_Europe%2FBratislava?utm_source=weather_widget&amp;utm_medium=linkus&amp;utm_content=three&amp;utm_campaign=Weather%2BWidget\" target=\"_blank\" rel=\"noopener noreferrer\">meteoblue<\/a><\/div>\n<p><strong>Zdroj foto: <\/strong><\/p>\n","protected":false},"excerpt":{"rendered":"<p>Menu: Podkateg\u00f3ria: Adrenal\u00ednov\u00fd balk\u00f3n priamo nad priepas\u0165ou T\u00fa\u017eite po intenz\u00edvnom z\u00e1\u017eitku bez davov? Vyst\u00fapte na mohutn\u00e9 bralo V\u00e1penn\u00e1 str\u00e1\u0148, kde sa v\u00e1m z v\u00fd\u0161ky otvor\u00ed dychber\u00faci v\u00fdh\u013ead na ju\u017en\u00fa \u010das\u0165 [&hellip;]<\/p>\n","protected":false},"author":1,"featured_media":29920,"parent":13,"menu_order":0,"comment_status":"closed","ping_status":"closed","template":"","meta":{"_uag_custom_page_level_css":"","footnotes":""},"class_list":["post-19325","page","type-page","status-publish","has-post-thumbnail","hentry"],"featured_image_src":"https:\/\/www.slovensky-kras.eu\/info\/wp-content\/uploads\/2026\/04\/na-skale-jar.jpeg","featured_image_src_square":"https:\/\/www.slovensky-kras.eu\/info\/wp-content\/uploads\/2026\/04\/na-skale-jar.jpeg","rbea_author_info":{"display_name":"admin","author_link":"https:\/\/www.slovensky-kras.eu\/info\/author\/admin\/"},"rbea_excerpt_info":"Menu: Podkateg\u00f3ria: Adrenal\u00ednov\u00fd balk\u00f3n priamo nad priepas\u0165ou T\u00fa\u017eite po intenz\u00edvnom z\u00e1\u017eitku bez davov? Vyst\u00fapte na mohutn\u00e9 bralo V\u00e1penn\u00e1 str\u00e1\u0148, kde sa v\u00e1m z v\u00fd\u0161ky otvor\u00ed dychber\u00faci v\u00fdh\u013ead na ju\u017en\u00fa \u010das\u0165 [&hellip;]","uagb_featured_image_src":{"full":["https:\/\/www.slovensky-kras.eu\/info\/wp-content\/uploads\/2026\/04\/na-skale-jar.jpeg",1376,768,false],"thumbnail":["https:\/\/www.slovensky-kras.eu\/info\/wp-content\/uploads\/2026\/04\/na-skale-jar-150x150.jpeg",150,150,true],"medium":["https:\/\/www.slovensky-kras.eu\/info\/wp-content\/uploads\/2026\/04\/na-skale-jar-800x447.jpeg",800,447,true],"medium_large":["https:\/\/www.slovensky-kras.eu\/info\/wp-content\/uploads\/2026\/04\/na-skale-jar-768x429.jpeg",768,429,true],"large":["https:\/\/www.slovensky-kras.eu\/info\/wp-content\/uploads\/2026\/04\/na-skale-jar-1024x572.jpeg",1024,572,true],"1536x1536":["https:\/\/www.slovensky-kras.eu\/info\/wp-content\/uploads\/2026\/04\/na-skale-jar.jpeg",1376,768,false],"2048x2048":["https:\/\/www.slovensky-kras.eu\/info\/wp-content\/uploads\/2026\/04\/na-skale-jar.jpeg",1376,768,false]},"uagb_author_info":{"display_name":"admin","author_link":"https:\/\/www.slovensky-kras.eu\/info\/author\/admin\/"},"uagb_comment_info":0,"uagb_excerpt":"Menu: Podkateg\u00f3ria: Adrenal\u00ednov\u00fd balk\u00f3n priamo nad priepas\u0165ou T\u00fa\u017eite po intenz\u00edvnom z\u00e1\u017eitku bez davov? Vyst\u00fapte na mohutn\u00e9 bralo V\u00e1penn\u00e1 str\u00e1\u0148, kde sa v\u00e1m z v\u00fd\u0161ky otvor\u00ed dychber\u00faci v\u00fdh\u013ead na ju\u017en\u00fa \u010das\u0165 [&hellip;]","_links":{"self":[{"href":"https:\/\/www.slovensky-kras.eu\/info\/wp-json\/wp\/v2\/pages\/19325","targetHints":{"allow":["GET"]}}],"collection":[{"href":"https:\/\/www.slovensky-kras.eu\/info\/wp-json\/wp\/v2\/pages"}],"about":[{"href":"https:\/\/www.slovensky-kras.eu\/info\/wp-json\/wp\/v2\/types\/page"}],"author":[{"embeddable":true,"href":"https:\/\/www.slovensky-kras.eu\/info\/wp-json\/wp\/v2\/users\/1"}],"replies":[{"embeddable":true,"href":"https:\/\/www.slovensky-kras.eu\/info\/wp-json\/wp\/v2\/comments?post=19325"}],"version-history":[{"count":17,"href":"https:\/\/www.slovensky-kras.eu\/info\/wp-json\/wp\/v2\/pages\/19325\/revisions"}],"predecessor-version":[{"id":29924,"href":"https:\/\/www.slovensky-kras.eu\/info\/wp-json\/wp\/v2\/pages\/19325\/revisions\/29924"}],"up":[{"embeddable":true,"href":"https:\/\/www.slovensky-kras.eu\/info\/wp-json\/wp\/v2\/pages\/13"}],"wp:featuredmedia":[{"embeddable":true,"href":"https:\/\/www.slovensky-kras.eu\/info\/wp-json\/wp\/v2\/media\/29920"}],"wp:attachment":[{"href":"https:\/\/www.slovensky-kras.eu\/info\/wp-json\/wp\/v2\/media?parent=19325"}],"curies":[{"name":"wp","href":"https:\/\/api.w.org\/{rel}","templated":true}]}}