{"id":19261,"date":"2020-12-11T06:41:57","date_gmt":"2020-12-11T05:41:57","guid":{"rendered":"http:\/\/www.slovensky-kras.eu\/info\/?page_id=19261"},"modified":"2026-04-05T10:05:09","modified_gmt":"2026-04-05T08:05:09","slug":"vrch-horka-359-m-n-m","status":"publish","type":"page","link":"https:\/\/www.slovensky-kras.eu\/info\/kam-do-prirody\/vrch-horka-359-m-n-m\/","title":{"rendered":"Vrch H\u00f4rka (359 m n.m.)"},"content":{"rendered":"<p><strong>Menu: <\/strong> <a href=\"http:\/\/www.slovensky-kras.eu\/info\/\" class=\"su-button su-button-style-default\" style=\"color:#000000;background-color:#FFCF2F;border-color:#cca626;border-radius:5px\" target=\"_self\"><span style=\"color:#000000;padding:6px 16px;font-size:13px;line-height:20px;border-color:#ffde6e;border-radius:5px;text-shadow:none\"><i class=\"sui sui-arrow-right\" style=\"font-size:13px;color:#000000\"><\/i>  \u00davod \/ Aktuality <\/span><\/a>\n<a href=\"http:\/\/www.slovensky-kras.eu\/info\/kam-do-prirody\/\" class=\"su-button su-button-style-default\" style=\"color:#000000;background-color:#FFCF2F;border-color:#cca626;border-radius:5px\" target=\"_self\"><span style=\"color:#000000;padding:6px 16px;font-size:13px;line-height:20px;border-color:#ffde6e;border-radius:5px;text-shadow:none\"><i class=\"sui sui-arrow-right\" style=\"font-size:13px;color:#000000\"><\/i>  Kam do pr\u00edrody <\/span><\/a>\n<p><strong>Podkateg\u00f3ria: <\/strong> <a href=\"http:\/\/www.slovensky-kras.eu\/info\/kam-do-prirody\/vrchy-skaly-a-sedla\/\" class=\"su-button su-button-style-default\" style=\"color:#000000;background-color:#C5ED2C;border-color:#9ebe24;border-radius:5px\" target=\"_self\"><span style=\"color:#000000;padding:6px 16px;font-size:13px;line-height:20px;border-color:#d7f36c;border-radius:5px;text-shadow:none\"><i class=\"sui sui-arrow-right\" style=\"font-size:13px;color:#000000\"><\/i>  Vrchy, skaly, vyhliadky a sedl\u00e1 <\/span><\/a>\n<div class=\"su-divider su-divider-style-default\" style=\"margin:15px 0;border-width:2px;border-color:#000000\"><\/div>\n<figure id=\"attachment_29913\" aria-describedby=\"caption-attachment-29913\" style=\"width: 900px\" class=\"wp-caption aligncenter\"><a href=\"https:\/\/www.slovensky-kras.eu\/info\/wp-content\/uploads\/2025\/11\/horka-jar.jpeg\"><img loading=\"lazy\" decoding=\"async\" class=\"wp-image-29913\" src=\"https:\/\/www.slovensky-kras.eu\/info\/wp-content\/uploads\/2025\/11\/horka-jar.jpeg\" alt=\"Vrch H\u00f4rka (359 m n.m.)\" width=\"900\" height=\"502\" srcset=\"https:\/\/www.slovensky-kras.eu\/info\/wp-content\/uploads\/2025\/11\/horka-jar.jpeg 1376w, https:\/\/www.slovensky-kras.eu\/info\/wp-content\/uploads\/2025\/11\/horka-jar-800x447.jpeg 800w, https:\/\/www.slovensky-kras.eu\/info\/wp-content\/uploads\/2025\/11\/horka-jar-1024x572.jpeg 1024w, https:\/\/www.slovensky-kras.eu\/info\/wp-content\/uploads\/2025\/11\/horka-jar-768x429.jpeg 768w\" sizes=\"auto, (max-width: 900px) 100vw, 900px\" \/><\/a><figcaption id=\"caption-attachment-29913\" class=\"wp-caption-text\">Vrch H\u00f4rka (359 m n.m.)<\/figcaption><\/figure>\n<div class=\"su-divider su-divider-style-default\" style=\"margin:15px 0;border-width:2px;border-color:#000000\"><\/div>\n<h2 data-path-to-node=\"1\"><span style=\"color: #800000;\">Objavte skryt\u00fd klenot Slovensk\u00e9ho krasu<\/span><\/h2>\n<p data-path-to-node=\"2\">T\u00fa\u017eite po <b data-path-to-node=\"2\" data-index-in-node=\"10\">panoramatick\u00fdch v\u00fdh\u013eadoch<\/b> bez hod\u00edn nam\u00e1haveho st\u00fapania? <b data-path-to-node=\"2\" data-index-in-node=\"67\">Vrch H\u00f4rka<\/b> v\u00e1s o\u010dar\u00ed svoj\u00edm unik\u00e1tnym <b data-path-to-node=\"2\" data-index-in-node=\"105\">\u0161krapov\u00fdm po\u013eom<\/b> a nen\u00e1ro\u010dn\u00fdm <b data-path-to-node=\"2\" data-index-in-node=\"134\">n\u00e1u\u010dn\u00fdm chodn\u00edkom<\/b>, ktor\u00fd hravo zvl\u00e1dnu aj deti. Z jeho nezalesnen\u00e9ho vrcholu si vychutn\u00e1te dychber\u00faci <b data-path-to-node=\"2\" data-index-in-node=\"236\">kruhov\u00fd v\u00fdh\u013ead<\/b> od Silickej planiny a\u017e po Rimavsk\u00fa kotlinu. Nechajte sa zl\u00e1ka\u0165 svetom <b data-path-to-node=\"2\" data-index-in-node=\"321\">tajupln\u00fdch z\u00e1vrtov<\/b> a vyviera\u010diek v najju\u017enej\u0161om v\u00fdbe\u017eku planiny Koniar.<\/p>\n<h2><span style=\"color: #800000;\">Kde sa nach\u00e1dza <b>Vrch H\u00f4rka <\/b>a pre\u010do je ide\u00e1lny pre turistiku?<\/span><\/h2>\n<p data-path-to-node=\"3\"><b>Vrch H\u00f4rka (359 m n.m.)<\/b> sa vyp\u00edna severn\u00fdm smerom od malebnej obce <a href=\"https:\/\/www.slovensky-kras.eu\/info\/strediska-a-centra\/obec-gemerska-horka\/\">Gemersk\u00e1 H\u00f4rka<\/a>.<\/p>\n<h2><span style=\"color: #800000;\">Do akej geomorfologickej oblasti patr\u00ed <b>Vrch H\u00f4rka<\/b>?<\/span><\/h2>\n<p data-path-to-node=\"6\">Z geomorfologick\u00e9ho h\u013eadiska patr\u00ed t\u00e1to lokalita do rozsiahlej oblasti <b>Slovensk\u00e9ho rudohoria<\/b>, konkr\u00e9tne do jeho horsk\u00e9ho celku naz\u00fdvan\u00e9ho <b>Slovensk\u00fd kras<\/b>. V r\u00e1mci neho spad\u00e1 pod podcelok <b>planina Koniar<\/b>. Tento <b>Vrch H\u00f4rka (359 m n.m.)<\/b> predstavuje najju\u017enej\u0161\u00ed v\u00fdbe\u017eok <a href=\"https:\/\/www.slovensky-kras.eu\/info\/kam-do-prirody\/planina-koniar\/\"><b>planiny Koniar<\/b><\/a>.<\/p>\n<h2><span style=\"color: #800000;\">Ak\u00fd je charakter vrcholu <b>Vrchu H\u00f4rka <\/b>a \u010do ho rob\u00ed tak v\u00fdnimo\u010dn\u00fdm?<\/span><\/h2>\n<p data-path-to-node=\"9\"><b>Vrch H\u00f4rka (359 m n.m.)<\/b> je s\u00edce mal\u00fdch rozmerov, no ide o <b>v\u00fdh\u013eadov\u00fd vrch<\/b> s mimoriadnym potenci\u00e1lom. Jeho <b>pomerne nezalesnen\u00fd vrchol<\/b> je typick\u00fdm znakom <b>krasovej krajiny<\/b> a je jasne vy\u010dlenen\u00fd z okolit\u00e9ho ter\u00e9nu. Tento fakt rob\u00ed <b>Vrch H\u00f4rka (359 m n.m.)<\/b> v\u00fdnimo\u010dn\u00fdm a <b>turisticky<\/b> l\u00e1kav\u00fdm. Na jeho tiahlej <b>vrcholovej \u010dasti<\/b> sa dokonca nach\u00e1dza aj <b>rozsiahle \u0161krapov\u00e9 pole<\/b>.<\/p>\n<h2><span style=\"color: #800000;\">Ak\u00e9 v\u00fdh\u013eady pon\u00faka vrchol <b>Vrchu H\u00f4rka<\/b>?<\/span><\/h2>\n<p data-path-to-node=\"12\">Samotn\u00fd <b>vrchol<\/b> poskytuje takmer <b>kruhov\u00fd v\u00fdh\u013ead<\/b> do \u0161irok\u00e9ho okolia. <b>Turista<\/b> m\u00f4\u017ee na v\u00fdchode obdivova\u0165 <b>Silick\u00fa planinu<\/b>, na severe sa rozprestiera hlavn\u00e1 \u010das\u0165 <b>planiny Koniar<\/b> s <b>vrchom Koniar<\/b> (491 m n.m.), zatia\u013e \u010do na juhoz\u00e1pade sa otv\u00e1ra poh\u013ead na Rimavsk\u00fa kotlinu a na juhu na zvlnen\u00fa <b>Bodviansku pahorkatinu<\/b>.<\/p>\n<h2><span style=\"color: #800000;\">Ak\u00e9 zauj\u00edmav\u00e9 krasov\u00e9 javy sa nach\u00e1dzaj\u00fa na svahoch <b>Vrchu H\u00f4rka<\/b>?<\/span><\/h2>\n<p data-path-to-node=\"15\">Jeho svahy a bl\u00edzke okolie s\u00fa doslova posiate <b>po\u010detn\u00fdmi krasov\u00fdmi javmi<\/b>. <b>Turista<\/b> tu objav\u00ed <b>z\u00e1vrt<\/b>y, \u010fal\u0161ie <b>\u0161krapov\u00e9 polia<\/b> a fascinuj\u00face <b>vyviera\u010dky<\/b>. Medzi zn\u00e1me patria <b>Pivni\u010dn\u00e1 diera<\/b>, <b>Studni\u010dka<\/b>, <b>Prame\u0148<\/b> a <b>Dedinsk\u00e1 stud\u0148a<\/b>. Navy\u0161e, na jeho z\u00e1padnom \u00fap\u00e4t\u00ed sa nach\u00e1dza aj <b>v\u00fdznamn\u00fd krasov\u00fd jav<\/b> a obrovsk\u00e1 depresia zn\u00e1ma ako <b>Ponor pri Kamennom moste<\/b>.<\/p>\n<h2><span style=\"color: #800000;\">Ako sa dosta\u0165 na vrch H\u00f4rka?<\/span><\/h2>\n<p>Z obce Gemersk\u00e1 H\u00f4rka vedie na Vrch H\u00f4rka n\u00e1u\u010dn\u00fd chodn\u00edk \u201e<a href=\"https:\/\/www.slovensky-kras.eu\/info\/aktivity-a-sport\/naucny-chodnik-krasove-javy-gemerskej-horky\/\">Krasov\u00e9 javy H\u00f4rky<\/a>\u201c, ktor\u00fd je vhodn\u00fd aj pre deti.<\/p>\n<h2 data-path-to-node=\"1\"><span style=\"color: #800000;\">O stratenom striebre a tieni zbojn\u00edka Havrana<\/span><\/h2>\n<p data-path-to-node=\"2\">V \u010dasoch, ke\u010f stredovek\u00e9 cesty v okol\u00ed <b data-path-to-node=\"2\" data-index-in-node=\"39\">Gemerskej H\u00f4rky<\/b> bi\u010dovali kopyt\u00e1 kupeck\u00fdch kon\u00ed, nebolo pre cestuj\u00facich nebezpe\u010dnej\u0161ieho miesta ne\u017e \u00fap\u00e4tie <b data-path-to-node=\"2\" data-index-in-node=\"145\">planiny Koniar<\/b>. Traduje sa, \u017ee v hlbok\u00fdch skaln\u00fdch puklin\u00e1ch a tmav\u00fdch otvoroch, ktor\u00e9 miestni naz\u00fdvali \u201edychom zeme\u201c, s\u00eddlila dru\u017eina <b data-path-to-node=\"2\" data-index-in-node=\"280\">zbojn\u00edka Havrana<\/b>. Ten neprepad\u00e1val kupcov pre sl\u00e1vu, ale pre poklady, ktor\u00e9 potom str\u00e1\u017eil v \u00fatrob\u00e1ch samotn\u00fdch sk\u00e1l.<\/p>\n<p data-path-to-node=\"3\">Legenda vrav\u00ed, \u017ee Havran objavil v krasovom ter\u00e9ne <b data-path-to-node=\"3\" data-index-in-node=\"51\">skryt\u00fd vchod<\/b>, ktor\u00fd sa otv\u00e1ral len po\u010das b\u00farliv\u00fdch noc\u00ed, ke\u010f blesky osvetlili <b data-path-to-node=\"3\" data-index-in-node=\"129\">\u0161krapov\u00e9 polia<\/b>. Bola to chodba ved\u00faca do obrovskej podzemnej siene vyzdobenej bielymi kvap\u013eami, kde zbojn\u00edci hromadili ul\u00fapen\u00e9 strieborn\u00e9 mince a drah\u00e9 kovy. Aby ich nikto nena\u0161iel, vchody maskovali balvanmi a vstup str\u00e1\u017eila kliatba \u2013 kto by sa pok\u00fasil poklad vzia\u0165 bez \u010dist\u00e9ho srdca, toho <b data-path-to-node=\"3\" data-index-in-node=\"419\">vyviera\u010dky<\/b> nav\u017edy uv\u00e4znia v bludisku podzemn\u00fdch riek.<\/p>\n<p data-path-to-node=\"4\">Ke\u010f jedn\u00e9ho d\u0148a Havranova dru\u017eina zmizla, ostali po nich len tich\u00e9 <b data-path-to-node=\"4\" data-index-in-node=\"67\">z\u00e1vrty<\/b> a tajomn\u00e1 <b data-path-to-node=\"4\" data-index-in-node=\"84\">Pivni\u010dn\u00e1 diera<\/b>. Star\u00ed \u013eudia dodnes \u0161epkaj\u00fa, \u017ee ak sa pri z\u00e1pade slnka postav\u00edte na vrchol H\u00f4rky a zapo\u010d\u00favate sa do vetra, m\u00f4\u017eete po\u010du\u0165 cinkot minc\u00ed oz\u00fdvaj\u00faci sa hlboko z podzemia. <b data-path-to-node=\"4\" data-index-in-node=\"264\">Skryt\u00fd poklad<\/b> tam vraj st\u00e1le \u010dak\u00e1, k\u00fdm ho niekto objav\u00ed, no cesta k nemu vedie len cez tie najtemnej\u0161ie krasov\u00e9 pukliny, ktor\u00e9 si svoje tajomstv\u00e1 str\u00e1\u017eia u\u017e cel\u00e9 st\u00e1ro\u010dia.<\/p>\n<h2><span style=\"color: #800000;\">Fotogal\u00e9ria<\/span><\/h2>\n<style type=\"text\/css\">\n#foogallery-gallery-28556 .fg-image { width: 200px; }<\/style>\n\t\t\t<div class=\"foogallery foogallery-container foogallery-carousel foogallery-lightbox-foogallery fg-carousel fg-ready fg-light fg-border-medium fg-round-small fg-shadow-medium fg-loading-default fg-loaded-fade-in fg-hover-semi-zoomed fg-hover-fade fg-hover-circle-plus2\" id=\"foogallery-gallery-28556\" data-foogallery=\"{&quot;item&quot;:{&quot;showCaptionTitle&quot;:true,&quot;showCaptionDescription&quot;:true},&quot;lazy&quot;:true,&quot;template&quot;:{&quot;maxItems&quot;:5,&quot;scale&quot;:0.11999999999999999555910790149937383830547332763671875,&quot;gutter&quot;:{&quot;min&quot;:-40,&quot;max&quot;:-20,&quot;unit&quot;:&quot;%&quot;},&quot;autoplay&quot;:{&quot;time&quot;:0,&quot;interaction&quot;:&quot;pause&quot;},&quot;centerOnClick&quot;:true,&quot;align&quot;:&quot;center&quot;,&quot;activePosition&quot;:&quot;center&quot;}}\" data-foogallery-lightbox=\"{&quot;thumbs&quot;:&quot;bottom&quot;,&quot;thumbsCaptions&quot;:false,&quot;thumbsBestFit&quot;:false,&quot;thumbsSmall&quot;:false,&quot;thumbsCaptionsAlign&quot;:&quot;default&quot;,&quot;info&quot;:&quot;bottom&quot;,&quot;infoVisible&quot;:true,&quot;infoOverlay&quot;:true,&quot;infoAlign&quot;:&quot;default&quot;,&quot;transition&quot;:&quot;fade&quot;,&quot;hoverButtons&quot;:false,&quot;fitMedia&quot;:false,&quot;noScrollbars&quot;:true,&quot;preserveButtonSpace&quot;:true,&quot;buttons&quot;:{&quot;fullscreen&quot;:true,&quot;info&quot;:true,&quot;thumbs&quot;:false},&quot;video&quot;:{&quot;autoPlay&quot;:true}}\" style=\"--fg-title-line-clamp: 0; --fg-description-line-clamp: 0;\" >\n\t<button type=\"button\" class=\"fg-carousel-prev\" title=\"Previous\"><\/button>\n\t<div class=\"fg-carousel-inner\">\n\t\t<div class=\"fg-carousel-center\"><\/div>\n\t\t<div class=\"fg-item fg-type-image fg-idle\"><figure class=\"fg-item-inner\"><a href=\"https:\/\/www.slovensky-kras.eu\/info\/wp-content\/uploads\/2025\/11\/vrch-horka1.png\" data-attachment-id=\"28557\" data-type=\"image\" class=\"fg-thumb\"><span class=\"fg-image-wrap\"><img decoding=\"async\" alt=\"Vrch H\u00f4rka (359 m n.m.)\" width=\"200\" height=\"200\" class=\"skip-lazy fg-image\" data-src-fg=\"https:\/\/www.slovensky-kras.eu\/info\/wp-content\/uploads\/cache\/2025\/11\/vrch-horka1\/220208212.png\" src=\"data:image\/svg+xml,%3Csvg%20xmlns%3D%22http%3A%2F%2Fwww.w3.org%2F2000%2Fsvg%22%20width%3D%22200%22%20height%3D%22200%22%20viewBox%3D%220%200%20200%20200%22%3E%3C%2Fsvg%3E\" loading=\"eager\"><\/span><span class=\"fg-image-overlay\"><\/span><\/a><\/figure><div class=\"fg-loader\"><\/div><\/div><div class=\"fg-item fg-type-image fg-idle\"><figure class=\"fg-item-inner\"><a href=\"https:\/\/www.slovensky-kras.eu\/info\/wp-content\/uploads\/2025\/11\/vrch-horka-jar.png\" data-attachment-id=\"28558\" data-type=\"image\" class=\"fg-thumb\"><span class=\"fg-image-wrap\"><img decoding=\"async\" width=\"200\" height=\"200\" class=\"skip-lazy fg-image\" data-src-fg=\"https:\/\/www.slovensky-kras.eu\/info\/wp-content\/uploads\/cache\/2025\/11\/vrch-horka-jar\/1849270668.png\" src=\"data:image\/svg+xml,%3Csvg%20xmlns%3D%22http%3A%2F%2Fwww.w3.org%2F2000%2Fsvg%22%20width%3D%22200%22%20height%3D%22200%22%20viewBox%3D%220%200%20200%20200%22%3E%3C%2Fsvg%3E\" loading=\"eager\"><\/span><span class=\"fg-image-overlay\"><\/span><\/a><\/figure><div class=\"fg-loader\"><\/div><\/div><div class=\"fg-item fg-type-image fg-idle\"><figure class=\"fg-item-inner\"><a href=\"https:\/\/www.slovensky-kras.eu\/info\/wp-content\/uploads\/2025\/11\/vrch-horka-leto.png\" data-attachment-id=\"28559\" data-type=\"image\" class=\"fg-thumb\"><span class=\"fg-image-wrap\"><img decoding=\"async\" width=\"200\" height=\"200\" class=\"skip-lazy fg-image\" data-src-fg=\"https:\/\/www.slovensky-kras.eu\/info\/wp-content\/uploads\/cache\/2025\/11\/vrch-horka-leto\/2347627938.png\" src=\"data:image\/svg+xml,%3Csvg%20xmlns%3D%22http%3A%2F%2Fwww.w3.org%2F2000%2Fsvg%22%20width%3D%22200%22%20height%3D%22200%22%20viewBox%3D%220%200%20200%20200%22%3E%3C%2Fsvg%3E\" loading=\"eager\"><\/span><span class=\"fg-image-overlay\"><\/span><\/a><\/figure><div class=\"fg-loader\"><\/div><\/div><div class=\"fg-item fg-type-image fg-idle\"><figure class=\"fg-item-inner\"><a href=\"https:\/\/www.slovensky-kras.eu\/info\/wp-content\/uploads\/2025\/11\/vrch-horka-jesen.png\" data-attachment-id=\"28560\" data-type=\"image\" class=\"fg-thumb\"><span class=\"fg-image-wrap\"><img decoding=\"async\" width=\"200\" height=\"200\" class=\"skip-lazy fg-image\" data-src-fg=\"https:\/\/www.slovensky-kras.eu\/info\/wp-content\/uploads\/cache\/2025\/11\/vrch-horka-jesen\/1688023137.png\" src=\"data:image\/svg+xml,%3Csvg%20xmlns%3D%22http%3A%2F%2Fwww.w3.org%2F2000%2Fsvg%22%20width%3D%22200%22%20height%3D%22200%22%20viewBox%3D%220%200%20200%20200%22%3E%3C%2Fsvg%3E\" loading=\"eager\"><\/span><span class=\"fg-image-overlay\"><\/span><\/a><\/figure><div class=\"fg-loader\"><\/div><\/div><div class=\"fg-item fg-type-image fg-idle\"><figure class=\"fg-item-inner\"><a href=\"https:\/\/www.slovensky-kras.eu\/info\/wp-content\/uploads\/2025\/11\/vrch-horka-zima.png\" data-attachment-id=\"28561\" data-type=\"image\" class=\"fg-thumb\"><span class=\"fg-image-wrap\"><img decoding=\"async\" width=\"200\" height=\"200\" class=\"skip-lazy fg-image\" data-src-fg=\"https:\/\/www.slovensky-kras.eu\/info\/wp-content\/uploads\/cache\/2025\/11\/vrch-horka-zima\/2358418741.png\" src=\"data:image\/svg+xml,%3Csvg%20xmlns%3D%22http%3A%2F%2Fwww.w3.org%2F2000%2Fsvg%22%20width%3D%22200%22%20height%3D%22200%22%20viewBox%3D%220%200%20200%20200%22%3E%3C%2Fsvg%3E\" loading=\"eager\"><\/span><span class=\"fg-image-overlay\"><\/span><\/a><\/figure><div class=\"fg-loader\"><\/div><\/div><div class=\"fg-item fg-type-image fg-idle\"><figure class=\"fg-item-inner\"><a href=\"https:\/\/www.slovensky-kras.eu\/info\/wp-content\/uploads\/2025\/11\/horka-jar.jpeg\" data-caption-title=\"Vrch H\u00f4rka (359 m n.m.)\" data-attachment-id=\"29913\" data-type=\"image\" class=\"fg-thumb\"><span class=\"fg-image-wrap\"><img decoding=\"async\" alt=\"Vrch H\u00f4rka (359 m n.m.)\" title=\"Vrch H\u00f4rka (359 m n.m.)\" width=\"200\" height=\"200\" class=\"skip-lazy fg-image\" data-src-fg=\"https:\/\/www.slovensky-kras.eu\/info\/wp-content\/uploads\/cache\/2025\/11\/horka-jar\/2472080478.jpeg\" src=\"data:image\/svg+xml,%3Csvg%20xmlns%3D%22http%3A%2F%2Fwww.w3.org%2F2000%2Fsvg%22%20width%3D%22200%22%20height%3D%22200%22%20viewBox%3D%220%200%20200%20200%22%3E%3C%2Fsvg%3E\" loading=\"eager\"><\/span><span class=\"fg-image-overlay\"><\/span><\/a><figcaption class=\"fg-caption\"><div class=\"fg-caption-inner\"><div class=\"fg-caption-title\">Vrch H\u00f4rka (359 m n.m.)<\/div><\/div><\/figcaption><\/figure><div class=\"fg-loader\"><\/div><\/div>\t<\/div>\n\t<div class=\"fg-carousel-bottom\"><\/div>\n\t<div class=\"fg-carousel-progress\"><\/div>\n\t<button type=\"button\" class=\"fg-carousel-next\" title=\"Next\"><\/button>\n<\/div>\n<h2><span style=\"color: #800000;\">Zauj\u00edmav\u00e9 odkazy<\/span><\/h2>\n<h3><span style=\"color: #808000;\">Ubytovanie v bl\u00edzkosti<\/span><\/h3>\n<p><strong>Penzi\u00f3n Skaln\u00e1 Ru\u017ea \u2013 K\u00f6vir\u00f3zsa Panzi\u00f3 **<\/strong><br \/>\nGemersk\u00e1 H\u00f4rka 104,<br \/>\n04912 Gemersk\u00e1 H\u00f4rka<br \/>\nokres Ro\u017e\u0148ava, Ko\u0161ick\u00fd kraj<br \/>\n<strong>Telef\u00f3n: <\/strong>+421 (0) 587 921 458<br \/>\n<strong>Mobil: <\/strong>+421 (0) 905 718 046<br \/>\n<strong>Web:<\/strong> <a href=\"http:\/\/penzionskalnaruza.sk\/\" target=\"_blank\" rel=\"noopener noreferrer\">http:\/\/penzionskalnaruza.sk\/<\/a><br \/>\n<strong>E-mail: <\/strong>info@penzionskalnaruza.sk<br \/>\n<strong>GPS s\u00faradnice : <\/strong> 48\u00b032&#8217;21.88&#8243;, 20\u00b022&#8217;58.01&#8243;<\/p>\n<h3><span style=\"color: #808000;\">Bl\u00edzke stredisko, turistick\u00e9 centrum, obec alebo mesto:<\/span><\/h3>\n<ul>\n<li><a href=\"http:\/\/www.slovensky-kras.eu\/info\/strediska-a-centra\/obec-gemerska-horka\/\">Obec Gemersk\u00e1 H\u00f4rka (\u010d\u00edtaj viac&#8230;)<\/a><\/li>\n<\/ul>\n<h2><span style=\"color: #800000;\">Mapy<\/span><\/h2>\n<p><strong>Vrstvy: <\/strong>Turistick\u00e1 mapa, Automapa, Cyklomapa, Ly\u017eiarska mapa, Satelitn\u00e1 mapa a OpenStreetMap.<\/p>\n<p><strong>Kliknut\u00edm na logo &#8222;Freemap.sk&#8220; sa V\u00e1m mapa zobraz\u00ed na celej ploche obrazovky.<\/strong><\/p>\n<p><iframe style=\"width: 900px; height: 600px; border: 0;\" src=\"https:\/\/www.freemap.sk\/?map=14\/48.541090\/20.376044&amp;info-point=48.541090\/20.376044,Vrch H\u00f4rka (359 m n.m.)&amp;layers=X&amp;embed=search\" allowfullscreen=\"allowfullscreen\"><\/iframe><\/p>\n<h2><span style=\"color: #800000;\">Po\u010dasie<\/span><\/h2>\n<p><iframe style=\"width: 900px; height: 607px;\" src=\"https:\/\/www.meteoblue.com\/sk\/po%C4%8Dasie\/widget\/three\/gemersk%c3%a1-horka_slovensk%c3%a1-republika_724796?geoloc=fixed&amp;nocurrent=0&amp;noforecast=0&amp;days=6&amp;tempunit=CELSIUS&amp;windunit=KILOMETER_PER_HOUR&amp;layout=image\" frameborder=\"0\" scrolling=\"NO\" sandbox=\"allow-same-origin allow-scripts allow-popups allow-popups-to-escape-sandbox\"><span data-mce-type=\"bookmark\" style=\"display: inline-block; width: 0px; overflow: hidden; line-height: 0;\" class=\"mce_SELRES_start\">\ufeff<\/span><span data-mce-type=\"bookmark\" style=\"display: inline-block; width: 0px; overflow: hidden; line-height: 0;\" class=\"mce_SELRES_start\">\ufeff<\/span><\/iframe><\/p>\n<div><!-- DO NOT REMOVE THIS LINK --><a href=\"https:\/\/www.meteoblue.com\/sk\/po%C4%8Dasie\/predpove%C4%8F\/t%C3%BD%C5%BEde%C5%88\/gemersk%c3%a1-horka_slovensk%c3%a1-republika_724796?utm_source=weather_widget&amp;utm_medium=linkus&amp;utm_content=three&amp;utm_campaign=Weather%2BWidget\" target=\"_blank\" rel=\"noopener noreferrer\">meteoblue<\/a><\/div>\n","protected":false},"excerpt":{"rendered":"<p>Menu: Podkateg\u00f3ria: Objavte skryt\u00fd klenot Slovensk\u00e9ho krasu T\u00fa\u017eite po panoramatick\u00fdch v\u00fdh\u013eadoch bez hod\u00edn nam\u00e1haveho st\u00fapania? Vrch H\u00f4rka v\u00e1s o\u010dar\u00ed svoj\u00edm unik\u00e1tnym \u0161krapov\u00fdm po\u013eom a nen\u00e1ro\u010dn\u00fdm n\u00e1u\u010dn\u00fdm chodn\u00edkom, ktor\u00fd hravo zvl\u00e1dnu [&hellip;]<\/p>\n","protected":false},"author":1,"featured_media":29913,"parent":13,"menu_order":0,"comment_status":"closed","ping_status":"closed","template":"","meta":{"_uag_custom_page_level_css":"","footnotes":""},"class_list":["post-19261","page","type-page","status-publish","has-post-thumbnail","hentry"],"featured_image_src":"https:\/\/www.slovensky-kras.eu\/info\/wp-content\/uploads\/2025\/11\/horka-jar.jpeg","featured_image_src_square":"https:\/\/www.slovensky-kras.eu\/info\/wp-content\/uploads\/2025\/11\/horka-jar.jpeg","rbea_author_info":{"display_name":"admin","author_link":"https:\/\/www.slovensky-kras.eu\/info\/author\/admin\/"},"rbea_excerpt_info":"Menu: Podkateg\u00f3ria: Objavte skryt\u00fd klenot Slovensk\u00e9ho krasu T\u00fa\u017eite po panoramatick\u00fdch v\u00fdh\u013eadoch bez hod\u00edn nam\u00e1haveho st\u00fapania? Vrch H\u00f4rka v\u00e1s o\u010dar\u00ed svoj\u00edm unik\u00e1tnym \u0161krapov\u00fdm po\u013eom a nen\u00e1ro\u010dn\u00fdm n\u00e1u\u010dn\u00fdm chodn\u00edkom, ktor\u00fd hravo zvl\u00e1dnu [&hellip;]","uagb_featured_image_src":{"full":["https:\/\/www.slovensky-kras.eu\/info\/wp-content\/uploads\/2025\/11\/horka-jar.jpeg",1376,768,false],"thumbnail":["https:\/\/www.slovensky-kras.eu\/info\/wp-content\/uploads\/2025\/11\/horka-jar-150x150.jpeg",150,150,true],"medium":["https:\/\/www.slovensky-kras.eu\/info\/wp-content\/uploads\/2025\/11\/horka-jar-800x447.jpeg",800,447,true],"medium_large":["https:\/\/www.slovensky-kras.eu\/info\/wp-content\/uploads\/2025\/11\/horka-jar-768x429.jpeg",768,429,true],"large":["https:\/\/www.slovensky-kras.eu\/info\/wp-content\/uploads\/2025\/11\/horka-jar-1024x572.jpeg",1024,572,true],"1536x1536":["https:\/\/www.slovensky-kras.eu\/info\/wp-content\/uploads\/2025\/11\/horka-jar.jpeg",1376,768,false],"2048x2048":["https:\/\/www.slovensky-kras.eu\/info\/wp-content\/uploads\/2025\/11\/horka-jar.jpeg",1376,768,false]},"uagb_author_info":{"display_name":"admin","author_link":"https:\/\/www.slovensky-kras.eu\/info\/author\/admin\/"},"uagb_comment_info":0,"uagb_excerpt":"Menu: Podkateg\u00f3ria: Objavte skryt\u00fd klenot Slovensk\u00e9ho krasu T\u00fa\u017eite po panoramatick\u00fdch v\u00fdh\u013eadoch bez hod\u00edn nam\u00e1haveho st\u00fapania? Vrch H\u00f4rka v\u00e1s o\u010dar\u00ed svoj\u00edm unik\u00e1tnym \u0161krapov\u00fdm po\u013eom a nen\u00e1ro\u010dn\u00fdm n\u00e1u\u010dn\u00fdm chodn\u00edkom, ktor\u00fd hravo zvl\u00e1dnu [&hellip;]","_links":{"self":[{"href":"https:\/\/www.slovensky-kras.eu\/info\/wp-json\/wp\/v2\/pages\/19261","targetHints":{"allow":["GET"]}}],"collection":[{"href":"https:\/\/www.slovensky-kras.eu\/info\/wp-json\/wp\/v2\/pages"}],"about":[{"href":"https:\/\/www.slovensky-kras.eu\/info\/wp-json\/wp\/v2\/types\/page"}],"author":[{"embeddable":true,"href":"https:\/\/www.slovensky-kras.eu\/info\/wp-json\/wp\/v2\/users\/1"}],"replies":[{"embeddable":true,"href":"https:\/\/www.slovensky-kras.eu\/info\/wp-json\/wp\/v2\/comments?post=19261"}],"version-history":[{"count":34,"href":"https:\/\/www.slovensky-kras.eu\/info\/wp-json\/wp\/v2\/pages\/19261\/revisions"}],"predecessor-version":[{"id":29915,"href":"https:\/\/www.slovensky-kras.eu\/info\/wp-json\/wp\/v2\/pages\/19261\/revisions\/29915"}],"up":[{"embeddable":true,"href":"https:\/\/www.slovensky-kras.eu\/info\/wp-json\/wp\/v2\/pages\/13"}],"wp:featuredmedia":[{"embeddable":true,"href":"https:\/\/www.slovensky-kras.eu\/info\/wp-json\/wp\/v2\/media\/29913"}],"wp:attachment":[{"href":"https:\/\/www.slovensky-kras.eu\/info\/wp-json\/wp\/v2\/media?parent=19261"}],"curies":[{"name":"wp","href":"https:\/\/api.w.org\/{rel}","templated":true}]}}