{"id":19,"date":"2013-06-22T10:42:28","date_gmt":"2013-06-22T08:42:28","guid":{"rendered":"http:\/\/www.slovensky-kras.eu\/info\/?page_id=19"},"modified":"2026-04-16T07:18:46","modified_gmt":"2026-04-16T05:18:46","slug":"zaujimavosti","status":"publish","type":"page","link":"https:\/\/www.slovensky-kras.eu\/info\/zaujimavosti\/","title":{"rendered":"Zauj\u00edmavosti"},"content":{"rendered":"<p><strong>Menu: <\/strong><a href=\"http:\/\/www.slovensky-kras.eu\/info\/\" class=\"su-button su-button-style-default\" style=\"color:#000000;background-color:#FFCF2F;border-color:#cca626;border-radius:5px\" target=\"_self\"><span style=\"color:#000000;padding:6px 16px;font-size:13px;line-height:20px;border-color:#ffde6e;border-radius:5px;text-shadow:none\"><i class=\"sui sui-arrow-right\" style=\"font-size:13px;color:#000000\"><\/i>  \u00davod \/ Aktuality <\/span><\/a>\n<a href=\"http:\/\/www.slovensky-kras.eu\/info\/zaujimavosti\/\" class=\"su-button su-button-style-default\" style=\"color:#000000;background-color:#FFCF2F;border-color:#cca626;border-radius:5px\" target=\"_self\"><span style=\"color:#000000;padding:6px 16px;font-size:13px;line-height:20px;border-color:#ffde6e;border-radius:5px;text-shadow:none\"><i class=\"sui sui-arrow-right\" style=\"font-size:13px;color:#000000\"><\/i>  Zauj\u00edmavosti <\/span><\/a>\n<div class=\"su-divider su-divider-style-default\" style=\"margin:15px 0;border-width:3px;border-color:#000000\"><\/div>\n<div id=\"metaslider-id-4682\" style=\"max-width: 800px; margin: 0 auto;\" class=\"ml-slider-3-108-0 metaslider metaslider-flex metaslider-4682 ml-slider ms-theme-default nav-hidden\" role=\"region\" aria-label=\"Gemerski remeselnici\" data-height=\"250\" data-width=\"800\">\n    <div id=\"metaslider_container_4682\">\n        <div id=\"metaslider_4682\" class=\"flexslider\">\n            <ul class='slides'>\n                <li style=\"display: block; width: 100%;\" class=\"slide-21875 ms-image \" aria-roledescription=\"slide\" data-date=\"2021-12-22 19:56:00\" data-filename=\"remesel111-800x250.jpg\" data-slide-type=\"image\"><a href=\"http:\/\/www.slovensky-kras.eu\/info\/zaujimavosti\/remeselnicky-dom-v-krasnohorskej-dlhej-luke\/\" target=\"_self\" aria-label=\"View Slide Details\" class=\"metaslider_image_link\"><img loading=\"lazy\" decoding=\"async\" src=\"https:\/\/www.slovensky-kras.eu\/info\/wp-content\/uploads\/2021\/01\/remesel111-800x250.jpg\" height=\"250\" width=\"800\" alt=\"Remeseln\u00edcky dom v Kr\u00e1snohorskej Dlhej L\u00fake\" class=\"slider-4682 slide-21875 msDefaultImage\" title=\"Ka\u0161tie\u013e v Kr\u00e1snohorskej Dlhej L\u00fake\" \/><\/a><div class=\"caption-wrap\"><div class=\"caption\"><b><a href=\"http:\/\/www.slovensky-kras.eu\/info\/zaujimavosti\/remeselnicky-dom-v-krasnohorskej-dlhej-luke\/\"><span style=\"color:#FFFF00;\">Remeseln\u00edcky dom v Kr\u00e1snohorskej Dlhej L\u00fake<\/span><\/a><\/b><\/div><\/div><\/li>\n            <\/ul>\n        <\/div>\n        \n    <\/div>\n<\/div><div id=\"metaslider-id-28491\" style=\"max-width: 800px;\" class=\"ml-slider-3-108-0 metaslider metaslider-flex metaslider-28491 ml-slider has-dots-nav ms-theme-default-base\" role=\"region\" aria-label=\"New Slideshow\" data-height=\"250\" data-width=\"800\">\n    <div id=\"metaslider_container_28491\">\n        <div id=\"metaslider_28491\">\n            <ul aria-live='off' class='slides'>\n                <li style=\"display: block; width: 100%;\" class=\"slide-28492 ms-image \" aria-roledescription=\"slide\" data-date=\"2025-11-13 03:14:53\" data-filename=\"veza-na-vlasku2-800x250.jpg\" data-slide-type=\"image\"><a href=\"https:\/\/www.slovensky-kras.eu\/info\/zaujimavosti\/veza-na-vlasku-v-obci-haj\/\" target=\"_self\" aria-label=\"View Slide Details\" class=\"metaslider_image_link\"><img loading=\"lazy\" decoding=\"async\" src=\"https:\/\/www.slovensky-kras.eu\/info\/wp-content\/uploads\/2025\/11\/veza-na-vlasku2-800x250.jpg\" height=\"250\" width=\"800\" alt=\"Ve\u017ea na vl\u00e1sku v obci H\u00e1j\" class=\"slider-28491 slide-28492 msDefaultImage\" title=\"veza na vlasku2\" \/><\/a><div class=\"caption-wrap\"><div class=\"caption\"><div><span style=\"color:rgb(255,244,0);\"><a style=\"color:rgb(255,244,0);\" href=\"https:\/\/www.slovensky-kras.eu\/info\/zaujimavosti\/veza-na-vlasku-v-obci-haj\/\"><strong>Ve\u017ea na vl\u00e1sku v obci H\u00e1j<\/strong><\/a><\/span><\/div><\/div><\/div><\/li>\n            <\/ul>\n        <\/div>\n        \n    <\/div>\n<\/div><div id=\"metaslider-id-4709\" style=\"max-width: 800px; margin: 0 auto;\" class=\"ml-slider-3-108-0 metaslider metaslider-flex metaslider-4709 ml-slider ms-theme-default nav-hidden nav-hidden nav-hidden\" role=\"region\" aria-label=\"ZeleZNICNA TRAT\" data-height=\"250\" data-width=\"800\">\n    <div id=\"metaslider_container_4709\">\n        <div id=\"metaslider_4709\" class=\"flexslider\">\n            <ul class='slides'>\n                <li style=\"display: block; width: 100%;\" class=\"slide-21888 ms-image \" aria-roledescription=\"slide\" data-date=\"2021-12-23 16:39:09\" data-filename=\"trat-jasov1-800x250.jpg\" data-slide-type=\"image\"><a href=\"http:\/\/www.slovensky-kras.eu\/info\/zaujimavosti\/zeleznicna-trat-medzi-moldavou-nad-bodvou-a-medzevom\/\" target=\"_self\" aria-label=\"View Slide Details\" class=\"metaslider_image_link\"><img loading=\"lazy\" decoding=\"async\" src=\"https:\/\/www.slovensky-kras.eu\/info\/wp-content\/uploads\/2021\/12\/trat-jasov1-800x250.jpg\" height=\"250\" width=\"800\" alt=\"\u017delezni\u010dn\u00e1 tra\u0165 medzi Moldavou nad Bodvou a Medzevom\" class=\"slider-4709 slide-21888 msDefaultImage\" title=\"\u017delezni\u010dn\u00e1 tra\u0165 medzi Moldavou nad Bodvou a Medzevom\" \/><\/a><div class=\"caption-wrap\"><div class=\"caption\"><b><a href=\"http:\/\/www.slovensky-kras.eu\/info\/zaujimavosti\/zeleznicna-trat-medzi-moldavou-nad-bodvou-a-medzevom\/\"><span style=\"color:#FFFF00;\">\u017delezni\u010dn\u00e1 tra\u0165 medzi Moldavou nad Bodvou a Medzevom<\/span><\/a><\/b><\/div><\/div><\/li>\n            <\/ul>\n        <\/div>\n        \n    <\/div>\n<\/div><div id=\"metaslider-id-4692\" style=\"max-width: 800px; margin: 0 auto;\" class=\"ml-slider-3-108-0 metaslider metaslider-flex metaslider-4692 ml-slider ms-theme-default nav-hidden nav-hidden nav-hidden nav-hidden\" role=\"region\" aria-label=\"Turna vino\" data-height=\"250\" data-width=\"800\">\n    <div id=\"metaslider_container_4692\">\n        <div id=\"metaslider_4692\" class=\"flexslider\">\n            <ul class='slides'>\n                <li style=\"display: block; width: 100%;\" class=\"slide-18828 ms-image \" aria-roledescription=\"slide\" data-date=\"2020-12-06 18:37:40\" data-filename=\"vino-800x250.jpg\" data-slide-type=\"image\"><a href=\"http:\/\/www.slovensky-kras.eu\/info\/turnianska-vinna-cesta\/\" target=\"_self\" aria-label=\"View Slide Details\" class=\"metaslider_image_link\"><img loading=\"lazy\" decoding=\"async\" src=\"https:\/\/www.slovensky-kras.eu\/info\/wp-content\/uploads\/2020\/12\/vino-800x250.jpg\" height=\"250\" width=\"800\" alt=\"Turnianska v\u00ednna cesta\" class=\"slider-4692 slide-18828 msDefaultImage\" title=\"vino\" \/><\/a><div class=\"caption-wrap\"><div class=\"caption\"><b><a href=\"http:\/\/www.slovensky-kras.eu\/info\/turnianska-vinna-cesta\/\"><span style=\"color:#FFFF00;\">Turnianska v\u00ednna cesta<\/span><\/a><\/b><\/div><\/div><\/li>\n            <\/ul>\n        <\/div>\n        \n    <\/div>\n<\/div><div id=\"metaslider-id-6663\" style=\"max-width: 800px; margin: 0 auto;\" class=\"ml-slider-3-108-0 metaslider metaslider-flex metaslider-6663 ml-slider ms-theme-default nav-hidden nav-hidden nav-hidden nav-hidden nav-hidden\" role=\"region\" aria-label=\"Vidiecka turistika\" data-height=\"250\" data-width=\"800\">\n    <div id=\"metaslider_container_6663\">\n        <div id=\"metaslider_6663\" class=\"flexslider\">\n            <ul class='slides'>\n                <li style=\"display: block; width: 100%;\" class=\"slide-21871 ms-image \" aria-roledescription=\"slide\" data-date=\"2021-12-22 19:48:04\" data-filename=\"lucka-kostol-800x250.jpg\" data-slide-type=\"image\"><a href=\"http:\/\/www.slovensky-kras.eu\/info\/zaujimavosti\/vidiecka-turistika\/\" target=\"_self\" aria-label=\"View Slide Details\" class=\"metaslider_image_link\"><img loading=\"lazy\" decoding=\"async\" src=\"https:\/\/www.slovensky-kras.eu\/info\/wp-content\/uploads\/2021\/01\/lucka-kostol-800x250.jpg\" height=\"250\" width=\"800\" alt=\"Vidiecka turistika v Slovenskom krase\" class=\"slider-6663 slide-21871 msDefaultImage\" title=\"lucka kostol\" \/><\/a><div class=\"caption-wrap\"><div class=\"caption\"><b><a href=\"http:\/\/www.slovensky-kras.eu\/info\/zaujimavosti\/vidiecka-turistika\/\"><span style=\"color:#FFFF00;\">Vidiecka turistika<\/span><\/a><\/b><\/div><\/div><\/li>\n            <\/ul>\n        <\/div>\n        \n    <\/div>\n<\/div><div id=\"metaslider-id-7039\" style=\"max-width: 800px; margin: 0 auto;\" class=\"ml-slider-3-108-0 metaslider metaslider-flex metaslider-7039 ml-slider ms-theme-default nav-hidden nav-hidden nav-hidden nav-hidden nav-hidden nav-hidden\" role=\"region\" aria-label=\"Z\u00e1dielsk\u00e1 chata Ran\u010d \u2013 ob\u010derstvenie\" data-height=\"250\" data-width=\"800\">\n    <div id=\"metaslider_container_7039\">\n        <div id=\"metaslider_7039\" class=\"flexslider\">\n            <ul class='slides'>\n                <li style=\"display: block; width: 100%;\" class=\"slide-19699 ms-image \" aria-roledescription=\"slide\" data-date=\"2021-01-04 11:09:24\" data-filename=\"zadiel-chata-800x250.jpg\" data-slide-type=\"image\"><a href=\"http:\/\/www.slovensky-kras.eu\/info\/zaujimavosti\/zadielska-chata-ranc-obcerstvenie\/\" target=\"_self\" aria-label=\"View Slide Details\" class=\"metaslider_image_link\"><img loading=\"lazy\" decoding=\"async\" src=\"https:\/\/www.slovensky-kras.eu\/info\/wp-content\/uploads\/2019\/09\/zadiel-chata-800x250.jpg\" height=\"250\" width=\"800\" alt=\"Z\u00e1dielska chata - ob\u010derstvenie\" class=\"slider-7039 slide-19699 msDefaultImage\" title=\"Z\u00e1dielska chata - ob\u010derstvenie\" \/><\/a><div class=\"caption-wrap\"><div class=\"caption\"><b><a href=\"http:\/\/www.slovensky-kras.eu\/info\/zaujimavosti\/zadielska-chata-ranc-obcerstvenie\/\"><span style=\"color:#FFFF00;\">Z\u00e1dielsk\u00e1 chata Ran\u010d \u2013 ob\u010derstvenie<\/span><\/a><\/b><\/div><\/div><\/li>\n            <\/ul>\n        <\/div>\n        \n    <\/div>\n<\/div><div id=\"metaslider-id-16764\" style=\"max-width: 800px; margin: 0 auto;\" class=\"ml-slider-3-108-0 metaslider metaslider-flex metaslider-16764 ml-slider ms-theme-default nav-hidden nav-hidden nav-hidden nav-hidden nav-hidden nav-hidden nav-hidden\" role=\"region\" aria-label=\"Hostinec pod Skalou v obci H\u00e1j\" data-height=\"250\" data-width=\"800\">\n    <div id=\"metaslider_container_16764\">\n        <div id=\"metaslider_16764\" class=\"flexslider\">\n            <ul class='slides'>\n                <li style=\"display: block; width: 100%;\" class=\"slide-16766 ms-image \" aria-roledescription=\"slide\" data-date=\"2020-02-03 07:42:23\" data-filename=\"presso-800x250.jpg\" data-slide-type=\"image\"><a href=\"http:\/\/www.slovensky-kras.eu\/info\/zaujimavosti\/hostinec-pod-skalou-v-obci-haj\/\" target=\"_self\" aria-label=\"View Slide Details\" class=\"metaslider_image_link\"><img loading=\"lazy\" decoding=\"async\" src=\"https:\/\/www.slovensky-kras.eu\/info\/wp-content\/uploads\/2020\/02\/presso-800x250.jpg\" height=\"250\" width=\"800\" alt=\"\" class=\"slider-16764 slide-16766 msDefaultImage\" title=\"presso\" \/><\/a><div class=\"caption-wrap\"><div class=\"caption\"><b><a href=\"http:\/\/www.slovensky-kras.eu\/info\/zaujimavosti\/hostinec-pod-skalou-v-obci-haj\/\"><span style=\"color:#FFFF00;\">Hostinec pod Skalou v obci H\u00e1j<\/span><\/a><\/b><\/div><\/div><\/li>\n            <\/ul>\n        <\/div>\n        \n    <\/div>\n<\/div> <div id=\"metaslider-id-20063\" style=\"max-width: 800px; margin: 0 auto;\" class=\"ml-slider-3-108-0 metaslider metaslider-flex metaslider-20063 ml-slider ms-theme-default nav-hidden nav-hidden nav-hidden nav-hidden nav-hidden nav-hidden nav-hidden nav-hidden\" role=\"region\" aria-label=\"Pr\u00edstre\u0161ok \u010eulov\u00e1\" data-height=\"250\" data-width=\"800\">\n    <div id=\"metaslider_container_20063\">\n        <div id=\"metaslider_20063\" class=\"flexslider\">\n            <ul class='slides'>\n                <li style=\"display: block; width: 100%;\" class=\"slide-20064 ms-image \" aria-roledescription=\"slide\" data-date=\"2021-03-24 09:19:07\" data-filename=\"dulova-planina-plesivecka-800x250.jpg\" data-slide-type=\"image\"><a href=\"http:\/\/www.slovensky-kras.eu\/info\/zaujimavosti\/pristresok-dulova\/\" target=\"_self\" aria-label=\"View Slide Details\" class=\"metaslider_image_link\"><img loading=\"lazy\" decoding=\"async\" src=\"https:\/\/www.slovensky-kras.eu\/info\/wp-content\/uploads\/2021\/03\/dulova-planina-plesivecka-800x250.jpg\" height=\"250\" width=\"800\" alt=\"Pr\u00edstre\u0161ok \u010eulov\u00e1\" class=\"slider-20063 slide-20064 msDefaultImage\" title=\"Pr\u00edstre\u0161ok \u010eulov\u00e1\" \/><\/a><div class=\"caption-wrap\"><div class=\"caption\"><b><a href=\"http:\/\/www.slovensky-kras.eu\/info\/zaujimavosti\/pristresok-dulova\/\"><span style=\"color:#FFFF00;\">Pr\u00edstre\u0161ok \u010eulov\u00e1 <\/span><\/a><\/b><\/div><\/div><\/li>\n            <\/ul>\n        <\/div>\n        \n    <\/div>\n<\/div><div id=\"metaslider-id-22855\" style=\"max-width: 800px; margin: 0 auto;\" class=\"ml-slider-3-108-0 metaslider metaslider-flex metaslider-22855 ml-slider ms-theme-default nav-hidden nav-hidden nav-hidden nav-hidden nav-hidden nav-hidden nav-hidden nav-hidden nav-hidden\" role=\"region\" aria-label=\"Happy Tree House Betliar\" data-height=\"250\" data-width=\"800\">\n    <div id=\"metaslider_container_22855\">\n        <div id=\"metaslider_22855\" class=\"flexslider\">\n            <ul class='slides'>\n                <li style=\"display: block; width: 100%;\" class=\"slide-22857 ms-image \" aria-roledescription=\"slide\" data-date=\"2022-03-09 15:55:41\" data-filename=\"happy3-768x239.jpg\" data-slide-type=\"image\"><a href=\"https:\/\/www.slovensky-kras.eu\/info\/zaujimavosti\/22852-2\/\" target=\"_self\" aria-label=\"View Slide Details\" class=\"metaslider_image_link\"><img loading=\"lazy\" decoding=\"async\" src=\"https:\/\/www.slovensky-kras.eu\/info\/wp-content\/uploads\/2022\/03\/happy3-768x239.jpg\" height=\"250\" width=\"800\" alt=\"\" class=\"slider-22855 slide-22857 msDefaultImage\" title=\"happy3\" \/><\/a><div class=\"caption-wrap\"><div class=\"caption\"><b><a href=\"https:\/\/www.slovensky-kras.eu\/info\/zaujimavosti\/22852-2\/\"><span style=\"color:#FFFF00;\">Happy Tree House Betliar\n<\/span><\/a><\/b><\/div><\/div><\/li>\n            <\/ul>\n        <\/div>\n        \n    <\/div>\n<\/div><div id=\"metaslider-id-30223\" style=\"max-width: 800px;\" class=\"ml-slider-3-108-0 metaslider metaslider-flex metaslider-30223 ml-slider ms-theme-default-base nav-hidden nav-hidden nav-hidden nav-hidden nav-hidden nav-hidden nav-hidden nav-hidden nav-hidden nav-hidden\" role=\"region\" aria-label=\"Moldavsk\u00fd vinohradn\u00edcky raj\u00f3n\" data-height=\"250\" data-width=\"800\">\n    <div id=\"metaslider_container_30223\">\n        <div id=\"metaslider_30223\" class=\"flexslider\">\n            <ul class='slides'>\n                <li style=\"display: block; width: 100%;\" class=\"slide-30224 ms-image \" aria-roledescription=\"slide\" data-date=\"2026-04-16 07:17:32\" data-filename=\"moldava-vino-800x250.jpeg\" data-slide-type=\"image\"><a href=\"https:\/\/www.slovensky-kras.eu\/info\/zaujimavosti\/moldavsky-vinohradnicky-rajon\/\" target=\"_self\" aria-label=\"View Slide Details\" class=\"metaslider_image_link\"><img loading=\"lazy\" decoding=\"async\" src=\"https:\/\/www.slovensky-kras.eu\/info\/wp-content\/uploads\/2026\/04\/moldava-vino-800x250.jpeg\" height=\"250\" width=\"800\" alt=\"Moldavsk\u00fd vinohradn\u00edcky raj\u00f3n\" class=\"slider-30223 slide-30224 msDefaultImage\" title=\"Moldavsk\u00fd vinohradn\u00edcky raj\u00f3n\" \/><\/a><div class=\"caption-wrap\"><div class=\"caption\"><div><span style=\"color:rgb(241,196,15);\"><a style=\"color:rgb(241,196,15);\" href=\"https:\/\/www.slovensky-kras.eu\/info\/zaujimavosti\/moldavsky-vinohradnicky-rajon\/\"><strong>Moldavsk\u00fd vinohradn\u00edcky raj\u00f3n<\/strong><\/a><\/span><\/div><\/div><\/div><\/li>\n            <\/ul>\n        <\/div>\n        \n    <\/div>\n<\/div><div id=\"metaslider-id-22979\" style=\"max-width: 800px; margin: 0 auto;\" class=\"ml-slider-3-108-0 metaslider metaslider-flex metaslider-22979 ml-slider ms-theme-default nav-hidden nav-hidden nav-hidden nav-hidden nav-hidden nav-hidden nav-hidden nav-hidden nav-hidden nav-hidden nav-hidden\" role=\"region\" aria-label=\"Ornitologick\u00fd stacion\u00e1r DRIENOVEC\" data-height=\"250\" data-width=\"800\">\n    <div id=\"metaslider_container_22979\">\n        <div id=\"metaslider_22979\" class=\"flexslider\">\n            <ul class='slides'>\n                <li style=\"display: block; width: 100%;\" class=\"slide-22980 ms-image \" aria-roledescription=\"slide\" data-date=\"2022-04-20 17:13:13\" data-filename=\"drienovec6-800x250.jpg\" data-slide-type=\"image\"><a href=\"https:\/\/www.slovensky-kras.eu\/info\/zaujimavosti\/ornitologicky-stacionar-drienovec\/\" target=\"_self\" aria-label=\"View Slide Details\" class=\"metaslider_image_link\"><img loading=\"lazy\" decoding=\"async\" src=\"https:\/\/www.slovensky-kras.eu\/info\/wp-content\/uploads\/2022\/04\/drienovec6-800x250.jpg\" height=\"250\" width=\"800\" alt=\"\" class=\"slider-22979 slide-22980 msDefaultImage\" title=\"drienovec6\" \/><\/a><div class=\"caption-wrap\"><div class=\"caption\"><b><a href=\"https:\/\/www.slovensky-kras.eu\/info\/zaujimavosti\/ornitologicky-stacionar-drienovec\/\"><span style=\"color:#FFFF00;\">Ornitologick\u00fd stacion\u00e1r DRIENOVEC\n\n<\/span><\/a><\/b><\/div><\/div><\/li>\n            <\/ul>\n        <\/div>\n        \n    <\/div>\n<\/div><div id=\"metaslider-id-29039\" style=\"max-width: 800px;\" class=\"ml-slider-3-108-0 metaslider metaslider-flex metaslider-29039 ml-slider has-dots-nav ms-theme-default-base\" role=\"region\" aria-label=\"New Slideshow\" data-height=\"250\" data-width=\"800\">\n    <div id=\"metaslider_container_29039\">\n        <div id=\"metaslider_29039\">\n            <ul aria-live='off' class='slides'>\n                <li style=\"display: block; width: 100%;\" class=\"slide-29040 ms-image \" aria-roledescription=\"slide\" data-date=\"2025-11-26 04:49:28\" data-filename=\"vyhliadkova-veza-Ardovo1-800x250.jpeg\" data-slide-type=\"image\"><a href=\"https:\/\/www.slovensky-kras.eu\/info\/zaujimavosti\/vyhliadkova-veza-ardovo\/\" target=\"_self\" aria-label=\"View Slide Details\" class=\"metaslider_image_link\"><img loading=\"lazy\" decoding=\"async\" src=\"https:\/\/www.slovensky-kras.eu\/info\/wp-content\/uploads\/2025\/11\/vyhliadkova-veza-Ardovo1-800x250.jpeg\" height=\"250\" width=\"800\" alt=\"\" class=\"slider-29039 slide-29040 msDefaultImage\" title=\"vyhliadkova veza Ardovo1\" \/><\/a><div class=\"caption-wrap\"><div class=\"caption\"><div><strong><span style=\"color:rgb(255,244,0);\"><a style=\"color:rgb(255,244,0);\" href=\"https:\/\/www.slovensky-kras.eu\/info\/zaujimavosti\/vyhliadkova-veza-ardovo\/\">Vyhliadkov\u00e1 ve\u017ea Ardovo<\/a><\/span><\/strong><\/div><\/div><\/div><\/li>\n            <\/ul>\n        <\/div>\n        \n    <\/div>\n<\/div><div id=\"metaslider-id-30212\" style=\"max-width: 800px; margin: 0 auto;\" class=\"ml-slider-3-108-0 metaslider metaslider-flex metaslider-30212 ml-slider ms-theme-default-base nav-hidden nav-hidden nav-hidden nav-hidden nav-hidden nav-hidden nav-hidden nav-hidden nav-hidden nav-hidden nav-hidden nav-hidden nav-hidden\" role=\"region\" aria-label=\"Vin\u00e1rstvo Sentp\u00e9tery \u2013 Turnianska v\u00ednna cesta\" data-height=\"250\" data-width=\"800\">\n    <div id=\"metaslider_container_30212\">\n        <div id=\"metaslider_30212\" class=\"flexslider\">\n            <ul class='slides'>\n                <li style=\"display: block; width: 100%;\" class=\"slide-30213 ms-image \" aria-roledescription=\"slide\" data-date=\"2026-04-16 06:29:47\" data-filename=\"Vinarstvo-Sentpetery-1-800x250.jpeg\" data-slide-type=\"image\"><a href=\"https:\/\/www.slovensky-kras.eu\/info\/zaujimavosti\/vinarstvo-sentpetery-turnianska-vinna-cesta\/\" target=\"_self\" aria-label=\"View Slide Details\" class=\"metaslider_image_link\"><img loading=\"lazy\" decoding=\"async\" src=\"https:\/\/www.slovensky-kras.eu\/info\/wp-content\/uploads\/2026\/04\/Vinarstvo-Sentpetery-1-800x250.jpeg\" height=\"250\" width=\"800\" alt=\"Vin\u00e1rstvo Sentp\u00e9tery \u2013 Turnianska v\u00ednna cesta\" class=\"slider-30212 slide-30213 msDefaultImage\" title=\"Vin\u00e1rstvo Sentp\u00e9tery \u2013 Turnianska v\u00ednna cesta\" \/><\/a><div class=\"caption-wrap\"><div class=\"caption\"><div><a href=\"https:\/\/www.slovensky-kras.eu\/info\/zaujimavosti\/vinarstvo-sentpetery-turnianska-vinna-cesta\/\"><strong><span style=\"color:rgb(241,196,15);\">Vin\u00e1rstvo Sentp\u00e9tery \u2013 Turnianska v\u00ednna cesta<\/span><\/strong><\/a><\/div><\/div><\/div><\/li>\n            <\/ul>\n        <\/div>\n        \n    <\/div>\n<\/div>\n<div class=\"su-divider su-divider-style-default\" style=\"margin:15px 0;border-width:3px;border-color:#000000\"><\/div>\n","protected":false},"excerpt":{"rendered":"<p>Menu:<\/p>\n","protected":false},"author":1,"featured_media":28960,"parent":0,"menu_order":8,"comment_status":"closed","ping_status":"open","template":"","meta":{"_uag_custom_page_level_css":"","footnotes":""},"class_list":["post-19","page","type-page","status-publish","has-post-thumbnail","hentry"],"featured_image_src":"https:\/\/www.slovensky-kras.eu\/info\/wp-content\/uploads\/2025\/11\/vyhliadkova-veza-Ardovo2.jpeg","featured_image_src_square":"https:\/\/www.slovensky-kras.eu\/info\/wp-content\/uploads\/2025\/11\/vyhliadkova-veza-Ardovo2.jpeg","rbea_author_info":{"display_name":"admin","author_link":"https:\/\/www.slovensky-kras.eu\/info\/author\/admin\/"},"rbea_excerpt_info":"Menu:","uagb_featured_image_src":{"full":["https:\/\/www.slovensky-kras.eu\/info\/wp-content\/uploads\/2025\/11\/vyhliadkova-veza-Ardovo2.jpeg",1344,768,false],"thumbnail":["https:\/\/www.slovensky-kras.eu\/info\/wp-content\/uploads\/2025\/11\/vyhliadkova-veza-Ardovo2-150x150.jpeg",150,150,true],"medium":["https:\/\/www.slovensky-kras.eu\/info\/wp-content\/uploads\/2025\/11\/vyhliadkova-veza-Ardovo2-800x457.jpeg",800,457,true],"medium_large":["https:\/\/www.slovensky-kras.eu\/info\/wp-content\/uploads\/2025\/11\/vyhliadkova-veza-Ardovo2-768x439.jpeg",768,439,true],"large":["https:\/\/www.slovensky-kras.eu\/info\/wp-content\/uploads\/2025\/11\/vyhliadkova-veza-Ardovo2-1024x585.jpeg",1024,585,true],"1536x1536":["https:\/\/www.slovensky-kras.eu\/info\/wp-content\/uploads\/2025\/11\/vyhliadkova-veza-Ardovo2.jpeg",1344,768,false],"2048x2048":["https:\/\/www.slovensky-kras.eu\/info\/wp-content\/uploads\/2025\/11\/vyhliadkova-veza-Ardovo2.jpeg",1344,768,false]},"uagb_author_info":{"display_name":"admin","author_link":"https:\/\/www.slovensky-kras.eu\/info\/author\/admin\/"},"uagb_comment_info":0,"uagb_excerpt":"Menu:","_links":{"self":[{"href":"https:\/\/www.slovensky-kras.eu\/info\/wp-json\/wp\/v2\/pages\/19","targetHints":{"allow":["GET"]}}],"collection":[{"href":"https:\/\/www.slovensky-kras.eu\/info\/wp-json\/wp\/v2\/pages"}],"about":[{"href":"https:\/\/www.slovensky-kras.eu\/info\/wp-json\/wp\/v2\/types\/page"}],"author":[{"embeddable":true,"href":"https:\/\/www.slovensky-kras.eu\/info\/wp-json\/wp\/v2\/users\/1"}],"replies":[{"embeddable":true,"href":"https:\/\/www.slovensky-kras.eu\/info\/wp-json\/wp\/v2\/comments?post=19"}],"version-history":[{"count":13,"href":"https:\/\/www.slovensky-kras.eu\/info\/wp-json\/wp\/v2\/pages\/19\/revisions"}],"predecessor-version":[{"id":30225,"href":"https:\/\/www.slovensky-kras.eu\/info\/wp-json\/wp\/v2\/pages\/19\/revisions\/30225"}],"wp:featuredmedia":[{"embeddable":true,"href":"https:\/\/www.slovensky-kras.eu\/info\/wp-json\/wp\/v2\/media\/28960"}],"wp:attachment":[{"href":"https:\/\/www.slovensky-kras.eu\/info\/wp-json\/wp\/v2\/media?parent=19"}],"curies":[{"name":"wp","href":"https:\/\/api.w.org\/{rel}","templated":true}]}}