{"id":18381,"date":"2020-12-02T06:05:04","date_gmt":"2020-12-02T05:05:04","guid":{"rendered":"http:\/\/www.slovensky-kras.eu\/info\/?page_id=18381"},"modified":"2025-11-23T09:04:29","modified_gmt":"2025-11-23T08:04:29","slug":"zupny-dom-stolicny-dom-v-plesivci","status":"publish","type":"page","link":"https:\/\/www.slovensky-kras.eu\/info\/kam-za-pamiatkami\/zupny-dom-stolicny-dom-v-plesivci\/","title":{"rendered":"\u017dupn\u00fd dom v Ple\u0161ivci"},"content":{"rendered":"<p><strong>Menu: <\/strong><a href=\"http:\/\/www.slovensky-kras.eu\/info\/\" class=\"su-button su-button-style-default\" style=\"color:#000000;background-color:#FFCF2F;border-color:#cca626;border-radius:5px\" target=\"_self\"><span style=\"color:#000000;padding:6px 16px;font-size:13px;line-height:20px;border-color:#ffde6e;border-radius:5px;text-shadow:none\"><i class=\"sui sui-arrow-right\" style=\"font-size:13px;color:#000000\"><\/i>  \u00davod \/ Aktuality <\/span><\/a>\n<a href=\"http:\/\/www.slovensky-kras.eu\/info\/kam-za-pamiatkami\/\" class=\"su-button su-button-style-default\" style=\"color:#000000;background-color:#FFCF2F;border-color:#cca626;border-radius:5px\" target=\"_self\"><span style=\"color:#000000;padding:6px 16px;font-size:13px;line-height:20px;border-color:#ffde6e;border-radius:5px;text-shadow:none\"><i class=\"sui sui-arrow-right\" style=\"font-size:13px;color:#000000\"><\/i>  Kam za pamiatkami <\/span><\/a>\n<div class=\"su-divider su-divider-style-default\" style=\"margin:15px 0;border-width:0px;border-color:#000000\"><\/div>\n<strong>Podkateg\u00f3ria: <\/strong> <a href=\"http:\/\/www.slovensky-kras.eu\/info\/kam-za-pamiatkami\/ostatne-pamiatky\/\" class=\"su-button su-button-style-default\" style=\"color:#000000;background-color:#afd144;border-color:#8ca837;border-radius:5px\" target=\"_self\"><span style=\"color:#000000;padding:6px 16px;font-size:13px;line-height:20px;border-color:#c7df7d;border-radius:5px;text-shadow:none\"><i class=\"sui sui-arrow-right\" style=\"font-size:13px;color:#000000\"><\/i>  Ostatn\u00e9 pamiatky <\/span><\/a>\n<div class=\"su-divider su-divider-style-default\" style=\"margin:15px 0;border-width:2px;border-color:#000000\"><\/div>\n<figure id=\"attachment_18400\" aria-describedby=\"caption-attachment-18400\" style=\"width: 900px\" class=\"wp-caption aligncenter\"><a href=\"https:\/\/www.slovensky-kras.eu\/info\/wp-content\/uploads\/2020\/12\/zupny-dom-plesivec.jpg\"><img loading=\"lazy\" decoding=\"async\" class=\"wp-image-18400\" src=\"http:\/\/www.slovensky-kras.eu\/info\/wp-content\/uploads\/2020\/12\/zupny-dom-plesivec.jpg\" alt=\"\u017dupn\u00fd dom v Ple\u0161ivci\" width=\"900\" height=\"675\" srcset=\"https:\/\/www.slovensky-kras.eu\/info\/wp-content\/uploads\/2020\/12\/zupny-dom-plesivec.jpg 800w, https:\/\/www.slovensky-kras.eu\/info\/wp-content\/uploads\/2020\/12\/zupny-dom-plesivec-768x576.jpg 768w\" sizes=\"auto, (max-width: 900px) 100vw, 900px\" \/><\/a><figcaption id=\"caption-attachment-18400\" class=\"wp-caption-text\">\u017dupn\u00fd (stoli\u010dn\u00fd) dom<\/figcaption><\/figure>\n<div class=\"su-divider su-divider-style-default\" style=\"margin:15px 0;border-width:2px;border-color:#000000\"><\/div>\n<h2 class=\"ds-markdown-paragraph\"><span style=\"color: #800000;\">\u010co je\u00a0<strong>\u017dupn\u00fd dom v Ple\u0161ivci<\/strong>\u00a0a pre\u010do by ste ho mali nav\u0161t\u00edvi\u0165?<\/span><\/h2>\n<p class=\"ds-markdown-paragraph\"><strong>\u017dupn\u00fd dom v Ple\u0161ivci<\/strong>\u00a0je dvojposchodov\u00e1, trojtraktov\u00e1 stavba p\u00f4vodne barokov\u00e9ho slohu, ktor\u00e1 bola postaven\u00e1 v rokoch 1716 a\u017e 1719. T\u00e1to impozantn\u00e1 budova, ktor\u00e1 dnes sl\u00fa\u017ei ako\u00a0<strong>Obecn\u00fd \u00farad<\/strong>, pon\u00faka jedine\u010dn\u00fd poh\u013ead do architektonick\u00e9ho a historick\u00e9ho dedi\u010dstva regi\u00f3nu.<\/p>\n<h2 class=\"ds-markdown-paragraph\"><span style=\"color: #800000;\">Pre\u010do bol \u017dupn\u00fd dom v\u00f4bec postaven\u00fd?<\/span><\/h2>\n<p class=\"ds-markdown-paragraph\">Budova vznikla na z\u00e1klade nariadenia uhorsk\u00e9ho kr\u00e1\u013ea <strong>Karola III. (VI.)<\/strong>\u00a0po por\u00e1\u017eke R\u00e1kocziho povstania v roku 1711. Cie\u013eom bolo, aby ka\u017ed\u00e1 \u017eupa mala svoje d\u00f4stojn\u00e9 s\u00eddlo pre arch\u00edvy a \u017eal\u00e1re.\u00a0<strong>Ple\u0161ivec<\/strong>\u00a0sa stal s\u00eddlom\u00a0<strong>Gemerskej stolice<\/strong>\u00a0v dvoch obdobiach: v rokoch 1719\u20131786 a n\u00e1sledne 1790\u20131898, kedy bolo s\u00eddlo \u017eupy presunut\u00e9 do Rimavskej Soboty.<\/p>\n<h2 class=\"ds-markdown-paragraph\"><span style=\"color: #800000;\">Ako bola budova p\u00f4vodne usporiadan\u00e1?<\/span><\/h2>\n<p class=\"ds-markdown-paragraph\"><strong>\u017dupn\u00fd dom<\/strong>\u00a0mal dva hlavn\u00e9 funk\u010dn\u00e9 oddiely. V prednej \u010dasti sa nach\u00e1dzal\u00a0<strong>arch\u00edv<\/strong>, miestnos\u0165 pre verejn\u00e9 stoli\u010dn\u00e9 zhroma\u017edenia a byty pre \u00faradn\u00e9 osoby.<\/p>\n<p class=\"ds-markdown-paragraph\">Zadn\u00fa \u010das\u0165 tvorili obytn\u00e9 priestory,\u00a0<strong>kaplnka pre katol\u00edckych veriacich<\/strong>\u00a0a\u00a0<strong>\u017eal\u00e1re<\/strong>. P\u00f4vodn\u00fd architektonick\u00fd z\u00e1mer po\u010d\u00edtal s ve\u013ek\u00fdm dvorom v strede, ku ktor\u00e9mu mali by\u0165 pristavan\u00e9 bo\u010dn\u00e9 budovy, no tieto u\u017e realizovan\u00e9 neboli.<\/p>\n<h2 class=\"ds-markdown-paragraph\"><span style=\"color: #800000;\">Ako vyzer\u00e1 architekt\u00fara \u017dupn\u00e9ho domu?<\/span><\/h2>\n<p class=\"ds-markdown-paragraph\">Budova m\u00e1 trojtraktov\u00e9 usporiadanie a p\u00f4dorys v tvare nepravideln\u00e9ho p\u00edsmena U. Prie\u010deliu dominuje trojosov\u00fd rizalit \u010dlenen\u00fd vysok\u00fdm pilastrov\u00fdm r\u00e1dom, ktor\u00fd je ukon\u010den\u00fd trojuholn\u00edkov\u00fdm \u0161t\u00edtom s tympan\u00f3nom. P\u00f4vodne barokov\u00e1 stavba pre\u0161la za\u010diatkom 19. storo\u010dia klasicistickou \u00fapravou, pri ktorej bol objekt prefas\u00e1dovan\u00fd.<\/p>\n<p class=\"ds-markdown-paragraph\">Interi\u00e9ry s\u00fa zaklenut\u00e9 <strong>valenou klenbou s lunetami<\/strong>,\u00a0<strong>kr\u00ed\u017eovou klenbou<\/strong>\u00a0a\u00a0<strong>pruskou klenbou<\/strong>. Prav\u00e9 kr\u00eddlo budovy bolo v\u0161ak v prverej polovici 20. storo\u010dia zasiahnut\u00e9 necitlivou prefas\u00e1dovanou prestavbou.<\/p>\n<h2 class=\"ds-markdown-paragraph\"><span style=\"color: #800000;\">Ak\u00e1 je hist\u00f3ria v\u00fdstavby \u017dupn\u00e9ho domu?<\/span><\/h2>\n<p class=\"ds-markdown-paragraph\">Stavba <strong>\u017dupn\u00e9ho domu<\/strong>\u00a0prebiehala v rokoch 1716-1719. Ako b\u00fdval\u00fd \u017eupn\u00fd, resp. stoli\u010dn\u00fd dom, bol d\u00f4le\u017eit\u00fdm centrom spr\u00e1vy a moci.<\/p>\n<h2 class=\"ds-markdown-paragraph\"><span style=\"color: #800000;\">Pre\u010do je \u017dupn\u00fd dom v\u00fdznamn\u00fdm historick\u00fdm miestom?<\/span><\/h2>\n<p class=\"ds-markdown-paragraph\">Na budove je umiestnen\u00e1 <strong>pam\u00e4tn\u00e1 tabu\u013ea<\/strong>\u00a0od\u00a0<strong>Frica Moto\u0161ku<\/strong>\u00a0z roku 1928, ktor\u00e1 pripom\u00edna osud troch ods\u00faden\u00fdch n\u00e1rodovcov:\u00a0<strong>\u0160tefana Marka Daxnera<\/strong>,\u00a0<strong>Jozefa Francisciho<\/strong>\u00a0a\u00a0<strong>Mikul\u00e1\u0161a Bakul\u00ednyho<\/strong>. T\u00edto mu\u017ei boli ods\u00faden\u00ed na smr\u0165 6. novembra 1848 za ozbrojen\u00fa \u00fa\u010das\u0165 v\u00a0<strong>Slovenskom povstan\u00ed<\/strong>.<\/p>\n<p class=\"ds-markdown-paragraph\">Toto povstanie, zn\u00e1me aj ako slovensk\u00e9 dobrovo\u013en\u00edcke v\u00fdpravy, bolo ozbrojen\u00fdm vyst\u00fapen\u00edm organizovan\u00fdm Slovenskou n\u00e1rodnou radou so s\u00eddlom vo Viedni.<\/p>\n<p class=\"ds-markdown-paragraph\">Prebehlo na severnom \u00fazem\u00ed Uhorska v obdob\u00ed od septembra 1848 do marca 1849 v r\u00e1mci Revol\u00facie 1848 \u2013 1849.<\/p>\n<h2 class=\"ds-markdown-paragraph\"><span style=\"color: #800000;\">Bol rozsudok smrti nakoniec vykonan\u00fd?<\/span><\/h2>\n<p class=\"ds-markdown-paragraph\">Kr\u00e1tko pred pl\u00e1novan\u00fdm vykonan\u00edm rozsudku \u0161tatari\u00e1lny s\u00fad Gemerskej stolice trest smrti zru\u0161il a obvinen\u00fdch odovzdal riadnemu s\u00fadu. Konanie s\u00fadu bolo nesk\u00f4r zastaven\u00e9, a to po prehre uhorskej gardy pri Schwechate a so zhor\u0161en\u00edm politickej situ\u00e1cie.<\/p>\n<h2 class=\"ds-markdown-paragraph\"><span style=\"color: #800000;\">\u010co je nap\u00edsan\u00e9 na pam\u00e4tnej tabuli?<\/span><\/h2>\n<p class=\"ds-markdown-paragraph\">N\u00e1pis na pam\u00e4tnej tabuli uv\u00e1dza: &#8222;V TOMTO DOME BOLI NA SMR\u0164 ODS\u00daDEN\u00cd ROKU 1848 M. DAXNER J. FRANCISCI M. BAKUL\u00cdNI&#8220;.<\/p>\n<h2 class=\"ds-markdown-paragraph\"><span style=\"color: #800000;\">Kde sa \u017dupn\u00fd dom v Ple\u0161ivci nach\u00e1dza a ak\u00fd je jeho v\u00fdznam?<\/span><\/h2>\n<p class=\"ds-markdown-paragraph\"><strong>B\u00fdval\u00fd \u017dupn\u00fd dom<\/strong>\u00a0sa nach\u00e1dza na ulici \u010ceskoslovenskej arm\u00e1dy \u010d\u00edslo 1. Budova je v\u00fdznamnou\u00a0<strong>historickou pamiatkou<\/strong>, ktor\u00e1 pripom\u00edna spr\u00e1vne a s\u00fadne zriadenie\u00a0<strong>Gemerskej stolice<\/strong>\u00a0v 18. a 19. storo\u010d\u00ed.<\/p>\n<h3><span style=\"color: #808000;\">Kontakt<\/span><\/h3>\n<p><strong>Obecn\u00fd \u00farad Ple\u0161ivec <\/strong><br \/>\n\u010csl. Arm\u00e1dy 1,<br \/>\n049 11 Ple\u0161ivec<br \/>\n<b>Web:<\/b> <a href=\"https:\/\/www.obecplesivec.sk\/\" target=\"_blank\" rel=\"noopener\">https:\/\/www.obecplesivec.sk\/<\/a><\/p>\n<h3><span style=\"color: #808000;\">Bl\u00edzke stredisko, turistick\u00e9 centrum, obec alebo mesto:<\/span><\/h3>\n<ul>\n<li><a href=\"http:\/\/www.slovensky-kras.eu\/info\/strediska-a-centra\/obec-plesivec\/\">Obec Ple\u0161ivec (\u010d\u00edtaj viac&#8230;)<\/a><\/li>\n<\/ul>\n<h2><span style=\"color: #800000;\">Mapy<\/span><\/h2>\n<p><strong>Vrstvy: <\/strong>Turistick\u00e1 mapa, Automapa, Cyklomapa, Ly\u017eiarska mapa, Satelitn\u00e1 mapa a OpenStreetMap.<\/p>\n<p><strong>Kliknut\u00edm na logo &#8222;Freemap.sk&#8220; sa V\u00e1m mapa zobraz\u00ed na celej ploche obrazovky.<\/strong><\/p>\n<p><iframe style=\"width: 900px; height: 600px; border: 0;\" src=\"https:\/\/www.freemap.sk\/?map=15\/48.547469\/20.405452&amp;info-point=48.547469\/20.405452,\u017dupn\u00fd dom&amp;layers=X&amp;embed=search\" allowfullscreen=\"allowfullscreen\"><span data-mce-type=\"bookmark\" style=\"display: inline-block; width: 0px; overflow: hidden; line-height: 0;\" class=\"mce_SELRES_start\">\ufeff<\/span><\/iframe><\/p>\n<h2><span style=\"color: #800000;\"><strong>Po\u010dasie<\/strong><\/span><br \/>\n<iframe style=\"width: 900px; height: 609px;\" src=\"https:\/\/www.meteoblue.com\/sk\/po%C4%8Dasie\/widget\/three\/ple%c5%a1ivec_slovensk%c3%a1-republika_723879?geoloc=fixed&amp;nocurrent=0&amp;noforecast=0&amp;days=6&amp;tempunit=CELSIUS&amp;windunit=KILOMETER_PER_HOUR&amp;layout=image\" frameborder=\"0\" scrolling=\"NO\" sandbox=\"allow-same-origin allow-scripts allow-popups allow-popups-to-escape-sandbox\"><\/iframe><\/h2>\n<div><!-- DO NOT REMOVE THIS LINK --><a href=\"https:\/\/www.meteoblue.com\/sk\/po%C4%8Dasie\/predpove%C4%8F\/t%C3%BD%C5%BEde%C5%88\/ple%c5%a1ivec_slovensk%c3%a1-republika_723879?utm_source=weather_widget&amp;utm_medium=linkus&amp;utm_content=three&amp;utm_campaign=Weather%2BWidget\" target=\"_blank\" rel=\"noopener noreferrer\">meteoblue<\/a><\/div>\n","protected":false},"excerpt":{"rendered":"<p>Menu: Podkateg\u00f3ria: \u010co je\u00a0\u017dupn\u00fd dom v Ple\u0161ivci\u00a0a pre\u010do by ste ho mali nav\u0161t\u00edvi\u0165? \u017dupn\u00fd dom v Ple\u0161ivci\u00a0je dvojposchodov\u00e1, trojtraktov\u00e1 stavba p\u00f4vodne barokov\u00e9ho slohu, ktor\u00e1 bola postaven\u00e1 v rokoch 1716 a\u017e [&hellip;]<\/p>\n","protected":false},"author":1,"featured_media":18400,"parent":15,"menu_order":0,"comment_status":"closed","ping_status":"closed","template":"","meta":{"_uag_custom_page_level_css":"","footnotes":""},"class_list":["post-18381","page","type-page","status-publish","has-post-thumbnail","hentry"],"featured_image_src":"https:\/\/www.slovensky-kras.eu\/info\/wp-content\/uploads\/2020\/12\/zupny-dom-plesivec.jpg","featured_image_src_square":"https:\/\/www.slovensky-kras.eu\/info\/wp-content\/uploads\/2020\/12\/zupny-dom-plesivec.jpg","rbea_author_info":{"display_name":"admin","author_link":"https:\/\/www.slovensky-kras.eu\/info\/author\/admin\/"},"rbea_excerpt_info":"Menu: Podkateg\u00f3ria: \u010co je\u00a0\u017dupn\u00fd dom v Ple\u0161ivci\u00a0a pre\u010do by ste ho mali nav\u0161t\u00edvi\u0165? \u017dupn\u00fd dom v Ple\u0161ivci\u00a0je dvojposchodov\u00e1, trojtraktov\u00e1 stavba p\u00f4vodne barokov\u00e9ho slohu, ktor\u00e1 bola postaven\u00e1 v rokoch 1716 a\u017e [&hellip;]","uagb_featured_image_src":{"full":["https:\/\/www.slovensky-kras.eu\/info\/wp-content\/uploads\/2020\/12\/zupny-dom-plesivec.jpg",800,600,false],"thumbnail":["https:\/\/www.slovensky-kras.eu\/info\/wp-content\/uploads\/2020\/12\/zupny-dom-plesivec-150x150.jpg",150,150,true],"medium":["https:\/\/www.slovensky-kras.eu\/info\/wp-content\/uploads\/2020\/12\/zupny-dom-plesivec.jpg",800,600,false],"medium_large":["https:\/\/www.slovensky-kras.eu\/info\/wp-content\/uploads\/2020\/12\/zupny-dom-plesivec-768x576.jpg",768,576,true],"large":["https:\/\/www.slovensky-kras.eu\/info\/wp-content\/uploads\/2020\/12\/zupny-dom-plesivec.jpg",800,600,false],"1536x1536":["https:\/\/www.slovensky-kras.eu\/info\/wp-content\/uploads\/2020\/12\/zupny-dom-plesivec.jpg",800,600,false],"2048x2048":["https:\/\/www.slovensky-kras.eu\/info\/wp-content\/uploads\/2020\/12\/zupny-dom-plesivec.jpg",800,600,false]},"uagb_author_info":{"display_name":"admin","author_link":"https:\/\/www.slovensky-kras.eu\/info\/author\/admin\/"},"uagb_comment_info":0,"uagb_excerpt":"Menu: Podkateg\u00f3ria: \u010co je\u00a0\u017dupn\u00fd dom v Ple\u0161ivci\u00a0a pre\u010do by ste ho mali nav\u0161t\u00edvi\u0165? \u017dupn\u00fd dom v Ple\u0161ivci\u00a0je dvojposchodov\u00e1, trojtraktov\u00e1 stavba p\u00f4vodne barokov\u00e9ho slohu, ktor\u00e1 bola postaven\u00e1 v rokoch 1716 a\u017e [&hellip;]","_links":{"self":[{"href":"https:\/\/www.slovensky-kras.eu\/info\/wp-json\/wp\/v2\/pages\/18381","targetHints":{"allow":["GET"]}}],"collection":[{"href":"https:\/\/www.slovensky-kras.eu\/info\/wp-json\/wp\/v2\/pages"}],"about":[{"href":"https:\/\/www.slovensky-kras.eu\/info\/wp-json\/wp\/v2\/types\/page"}],"author":[{"embeddable":true,"href":"https:\/\/www.slovensky-kras.eu\/info\/wp-json\/wp\/v2\/users\/1"}],"replies":[{"embeddable":true,"href":"https:\/\/www.slovensky-kras.eu\/info\/wp-json\/wp\/v2\/comments?post=18381"}],"version-history":[{"count":14,"href":"https:\/\/www.slovensky-kras.eu\/info\/wp-json\/wp\/v2\/pages\/18381\/revisions"}],"predecessor-version":[{"id":28933,"href":"https:\/\/www.slovensky-kras.eu\/info\/wp-json\/wp\/v2\/pages\/18381\/revisions\/28933"}],"up":[{"embeddable":true,"href":"https:\/\/www.slovensky-kras.eu\/info\/wp-json\/wp\/v2\/pages\/15"}],"wp:featuredmedia":[{"embeddable":true,"href":"https:\/\/www.slovensky-kras.eu\/info\/wp-json\/wp\/v2\/media\/18400"}],"wp:attachment":[{"href":"https:\/\/www.slovensky-kras.eu\/info\/wp-json\/wp\/v2\/media?parent=18381"}],"curies":[{"name":"wp","href":"https:\/\/api.w.org\/{rel}","templated":true}]}}