{"id":17561,"date":"2020-06-25T15:53:45","date_gmt":"2020-06-25T13:53:45","guid":{"rendered":"http:\/\/www.slovensky-kras.eu\/info\/?page_id=17561"},"modified":"2026-04-15T05:57:12","modified_gmt":"2026-04-15T03:57:12","slug":"jaskyna-pesko","status":"publish","type":"page","link":"https:\/\/www.slovensky-kras.eu\/info\/kam-do-prirody\/jaskyna-pesko\/","title":{"rendered":"Jasky\u0148a Pe\u0161ko"},"content":{"rendered":"<p><strong>Menu: <\/strong> <a href=\"http:\/\/www.slovensky-kras.eu\/info\/\" class=\"su-button su-button-style-default\" style=\"color:#000000;background-color:#FFCF2F;border-color:#cca626;border-radius:5px\" target=\"_self\"><span style=\"color:#000000;padding:6px 16px;font-size:13px;line-height:20px;border-color:#ffde6e;border-radius:5px;text-shadow:none\"><i class=\"sui sui-arrow-right\" style=\"font-size:13px;color:#000000\"><\/i>  \u00davod \/ Aktuality <\/span><\/a>\n<a href=\"http:\/\/www.slovensky-kras.eu\/info\/kam-do-prirody\/\" class=\"su-button su-button-style-default\" style=\"color:#000000;background-color:#FFCF2F;border-color:#cca626;border-radius:5px\" target=\"_self\"><span style=\"color:#000000;padding:6px 16px;font-size:13px;line-height:20px;border-color:#ffde6e;border-radius:5px;text-shadow:none\"><i class=\"sui sui-arrow-right\" style=\"font-size:13px;color:#000000\"><\/i>  Kam do pr\u00edrody <\/span><\/a>\n<p><strong>Podkateg\u00f3ria: <\/strong> <a href=\"http:\/\/www.slovensky-kras.eu\/info\/jaskyne-a-priepasti\/\" class=\"su-button su-button-style-default\" style=\"color:#000000;background-color:#C5ED2C;border-color:#9ebe24;border-radius:5px\" target=\"_self\"><span style=\"color:#000000;padding:6px 16px;font-size:13px;line-height:20px;border-color:#d7f36c;border-radius:5px;text-shadow:none\"><i class=\"sui sui-arrow-right\" style=\"font-size:13px;color:#000000\"><\/i>  Jaskyne a priepasti <\/span><\/a>\n<div class=\"su-divider su-divider-style-default\" style=\"margin:15px 0;border-width:2px;border-color:#000000\"><\/div>\n<figure id=\"attachment_30150\" aria-describedby=\"caption-attachment-30150\" style=\"width: 900px\" class=\"wp-caption aligncenter\"><a href=\"https:\/\/www.slovensky-kras.eu\/info\/wp-content\/uploads\/2026\/04\/pesko-2.jpeg\"><img loading=\"lazy\" decoding=\"async\" class=\"wp-image-30150\" src=\"https:\/\/www.slovensky-kras.eu\/info\/wp-content\/uploads\/2026\/04\/pesko-2.jpeg\" alt=\"Jasky\u0148a Pe\u0161ko\" width=\"900\" height=\"502\" srcset=\"https:\/\/www.slovensky-kras.eu\/info\/wp-content\/uploads\/2026\/04\/pesko-2.jpeg 1376w, https:\/\/www.slovensky-kras.eu\/info\/wp-content\/uploads\/2026\/04\/pesko-2-800x447.jpeg 800w, https:\/\/www.slovensky-kras.eu\/info\/wp-content\/uploads\/2026\/04\/pesko-2-1024x572.jpeg 1024w, https:\/\/www.slovensky-kras.eu\/info\/wp-content\/uploads\/2026\/04\/pesko-2-768x429.jpeg 768w\" sizes=\"auto, (max-width: 900px) 100vw, 900px\" \/><\/a><figcaption id=\"caption-attachment-30150\" class=\"wp-caption-text\">Jasky\u0148a Pe\u0161ko<\/figcaption><\/figure>\n<div class=\"su-divider su-divider-style-default\" style=\"margin:15px 0;border-width:2px;border-color:#000000\"><\/div>\n<h2 data-path-to-node=\"1\"><span style=\"color: #800000;\">Prejdite br\u00e1nou \u010dasu v jaskyni Pe\u0161ko<\/span><\/h2>\n<p data-path-to-node=\"2\">Predstavte si unik\u00e1tny <b data-path-to-node=\"2\" data-index-in-node=\"23\">krasov\u00fd tunel<\/b> v tvare gotick\u00e9ho obl\u00faka, ktor\u00fd kedysi sl\u00fa\u017eil ako <b data-path-to-node=\"2\" data-index-in-node=\"87\">pr\u00edbytok pravek\u00fdch \u013eud\u00ed<\/b> aj bezpe\u010dn\u00fd \u00fakryt po\u010das vojny. Dnes v\u00e1s k tomuto tajomn\u00e9mu miestu pri obci Bretka dovedie <b data-path-to-node=\"2\" data-index-in-node=\"201\">pohodln\u00fd n\u00e1u\u010dn\u00fd chodn\u00edk<\/b>, ktor\u00fd hravo zvl\u00e1dnu aj <b data-path-to-node=\"2\" data-index-in-node=\"249\">deti za p\u00e1r min\u00fat<\/b>. Na konci 17-metrovej chodby v\u00e1s \u010dak\u00e1 dychber\u00faci bonus \u2013 <b data-path-to-node=\"2\" data-index-in-node=\"324\">v\u00fdh\u013eadov\u00fd balk\u00f3n Kamenn\u00e9 Oko<\/b> s panor\u00e1mou na rieku Mur\u00e1\u0148. Objavte toto spojenie hist\u00f3rie a pr\u00edrody, ktor\u00e9 je ide\u00e1lnym cie\u013eom pre v\u00e1\u0161 <b data-path-to-node=\"2\" data-index-in-node=\"456\">nen\u00e1ro\u010dn\u00fd rodinn\u00fd v\u00fdlet<\/b>.<\/p>\n<h2 class=\"ds-markdown-paragraph\"><span style=\"color: #800000;\"><strong>\u010co je to vlastne Jasky\u0148a Pe\u0161ko a ako vznikla?<\/strong><\/span><\/h2>\n<p class=\"ds-markdown-paragraph\"><strong>Jasky\u0148a Pe\u0161ko (ma\u010f. Pesk\u0151)<\/strong>\u00a0je unik\u00e1tny\u00a0<strong>krasov\u00fd tunel<\/strong>, ktor\u00fd je\u00a0<strong>priechodn\u00fd na oboch stran\u00e1ch<\/strong>. Je tvoren\u00e1 17 metrov dlh\u00fdm krasov\u00fdm tunelom s otvormi na oboch koncoch, ktor\u00fd vznikol chemick\u00fdm rozp\u00fa\u0161\u0165an\u00edm v\u00e1penca podzemn\u00fdmi vodami a m\u00e1 charakteristick\u00fd tvar gotick\u00e9ho obl\u00faka. Je to\u00a0<strong>pr\u00edrodn\u00e1 pamiatka v spr\u00e1ve pr\u00edspevkovej organiz\u00e1cie Spr\u00e1va slovensk\u00fdch jask\u00fd\u0148<\/strong>, \u010do zaru\u010duje, \u017ee je o \u0148u dobre postaran\u00e9 a zachovan\u00e1 pre bud\u00facnos\u0165. Jej n\u00e1zov je s\u00e1m o sebe historickou zmie\u0161aninou, vznikol zo slovansk\u00e9ho slova <em>pe\u0161t<\/em>\u00a0(pec, jasky\u0148a) a ma\u010farsk\u00e9ho\u00a0<em>k\u0151<\/em> (kame\u0148, skala). P\u00f4vod n\u00e1zvu <b>Pest<\/b> poch\u00e1dza zo slovansk\u00e9ho slova <b>pe\u0107<\/b> (v \u010de\u0161tine a v sloven\u010dine pec) alebo <b>pe\u0161tera<\/b>, ktor\u00e9 znamen\u00e1 <b>jasky\u0148a<\/b> alebo <b>jama<\/b>. Historici sa domnievaj\u00fa, \u017ee tento n\u00e1zov odkazuje bu\u010f na miestne jaskyne, alebo na pec na p\u00e1lenie teh\u00e1l, ktor\u00e1 sa v danej oblasti nach\u00e1dzala.<\/p>\n<h2 class=\"ds-markdown-paragraph\"><span style=\"color: #800000;\"><strong>Ak\u00e1 je jej hist\u00f3ria a pre\u010do je chr\u00e1nen\u00e1?<\/strong><\/span><\/h2>\n<p class=\"ds-markdown-paragraph\">\u00dazemie bolo vyhl\u00e1sen\u00e9 za pr\u00edrodn\u00fa pamiatku v roku 1994, aby sa ochr\u00e1nil jeho unik\u00e1tny krasov\u00fd charakter. Jej hist\u00f3ria je v\u0161ak omnoho star\u0161ia. <strong>Jasky\u0148a bola ob\u00fdvan\u00e1 u\u017e v dobe kamennej<\/strong>.\u00a0<strong>Sved\u010dia o tom aj archeologick\u00e9 n\u00e1lezy a pozostatky<\/strong>, ako s\u00fa zvy\u0161ky keramick\u00fdch n\u00e1dob \u010di strelky \u0161\u00edpov, ktor\u00e9 tu boli odkryt\u00e9.\u00a0<strong>Nako\u013eko je t\u00e1to jasky\u0148a vo\u013ene pr\u00edstupn\u00e1, pr\u00edbytok pravek\u00fdch \u013eud\u00ed si m\u00f4\u017eete obzrie\u0165 aj vy<\/strong>. Ove\u013ea nesk\u00f4r,\u00a0<strong>po\u010das druhej svetovej vojny sl\u00fa\u017eila ako \u00fakryt pre \u013eud\u00ed z obce pred prebiehaj\u00facimi bojmi medzi sovietskou \u010dervenou arm\u00e1dou a nemeckou nacistickou arm\u00e1dou<\/strong>, \u010do z nej rob\u00ed aj miesto s v\u00fdnimo\u010dn\u00fdm historick\u00fdm odkazom. V\u010faka v\u00fdskumnej sonde z rokov 1984-1987 dnes dokonca vieme, z ak\u00fdch vrstiev jasky\u0148a pozost\u00e1va.<\/p>\n<h2 class=\"ds-markdown-paragraph\"><span style=\"color: #800000;\"><strong>Ak\u00e1 je jasky\u0148a ve\u013ek\u00e1 a \u010do m\u00f4\u017eem o\u010dak\u00e1va\u0165?<\/strong><\/span><\/h2>\n<p class=\"ds-markdown-paragraph\"><strong>Jasky\u0148a je dlh\u00e1 17 metrov a je vo\u013ene pr\u00edstupn\u00e1<\/strong>. To znamen\u00e1, \u017ee nemus\u00edte rie\u0161i\u0165 rezerv\u00e1cie ani sprievodcu. Jej najv\u00e4\u010d\u0161\u00edm prekvapen\u00edm je, \u017ee\u00a0<strong>na jej konci na v\u00e1s \u010dak\u00e1 ak\u00e1si men\u0161ia vyhliadkov\u00e1 plo\u0161ina zvan\u00e1 balk\u00f3n Kamenn\u00e9 Oko, z ktorej sa v\u00e1m naskytne poh\u013ead na okolit\u00fa pr\u00edrodu a skaly<\/strong>. Tento v\u00fdh\u013ead na okolit\u00e9 horstvo a rieku Mur\u00e1\u0148 je skuto\u010dnou odmenou. V hor\u00facich letn\u00fdch d\u0148och pon\u00faka jaskynn\u00fd tunel pr\u00edjemn\u00e9 schladenie.<\/p>\n<h2 class=\"ds-markdown-paragraph\"><span style=\"color: #800000;\"><strong>Kde presne sa jasky\u0148a nach\u00e1dza a ako sa k nej dostanem?<\/strong><\/span><\/h2>\n<p class=\"ds-markdown-paragraph\">T\u00e1to jasky\u0148a sa nach\u00e1dza v mas\u00edve rovnomenn\u00e9ho 40 metrov vysok\u00e9ho brala, ukryt\u00e1 v lesoch pri obci Bretka. Presnej\u0161ie povedan\u00e9, le\u017e\u00ed <strong>v katastr\u00e1lnom \u00fazem\u00ed obce <a href=\"http:\/\/www.slovensky-kras.eu\/info\/strediska-a-centra\/obec-bretka\/\">Bretka<\/a> v okrese Ro\u017e\u0148ava v Ko\u0161ickom kraji<\/strong>.\u00a0<strong>Samotn\u00e1 jasky\u0148a je vzdialen\u00e1 od obce Bretka pribli\u017ene 700m po zna\u010denom turistickom chodn\u00edku<\/strong>. Cesta je pohodln\u00e1, vedie\u00a0<strong>n\u00e1u\u010dn\u00fdm chodn\u00edkom s vybudovan\u00fdmi schodmi, z\u00e1bradliami a lavi\u010dkami<\/strong>. Pri dobrom tempe ste pri nej do 15 min\u00fat, \u010do z nej rob\u00ed ide\u00e1lny\u00a0<strong>r\u00fdchly v\u00fdlet<\/strong>\u00a0alebo\u00a0<strong>rekrea\u010dn\u00fa prech\u00e1dzku za poznan\u00edm<\/strong>.<\/p>\n<h2 class=\"ds-markdown-paragraph\"><span style=\"color: #800000;\"><strong>Je v\u00fdlet ku jaskyni vhodn\u00fd pre deti?<\/strong><\/span><\/h2>\n<p class=\"ds-markdown-paragraph\"><strong>Cesta k jaskyni Pe\u0161ko nepatr\u00ed medzi n\u00e1ro\u010dn\u00e9 ani dlh\u00e9 a zvl\u00e1dnu ju hravo aj deti<\/strong>. Je s\u00fa\u010das\u0165ou v\u00e4\u010d\u0161ieho celku. Konkr\u00e9tne je\u00a0<strong>jasky\u0148a s\u00fa\u010das\u0165ou <a href=\"http:\/\/www.slovensky-kras.eu\/info\/aktivity-a-sport\/naucny-chodnik-prielom-murana\/\">n\u00e1u\u010dn\u00e9ho chodn\u00edka Prielom Mur\u00e1\u0148a<\/a><\/strong>.\u00a0<strong>N\u00e1u\u010dn\u00fd chodn\u00edk za\u010d\u00edna v obci Bretka a prevedie v\u00e1s okruhom okolo Prielomu Mur\u00e1\u0148a, ktor\u00e9 s\u00fa\u010das\u0165ou je aj <a href=\"https:\/\/www.slovensky-kras.eu\/info\/jaskyne-a-priepasti\/hutnianska-jaskyna\/\">Hutnianska jasky\u0148a<\/a><\/strong>. Tento chodn\u00edk, otvoren\u00fd v roku 2010, m\u00e1 d\u013a\u017eku 3,2 kilometra a na 6 informa\u010dn\u00fdch paneloch v troch jazykoch v\u00e1m pribl\u00ed\u017ei miestne pr\u00edrodn\u00e9 kr\u00e1sy. Pe\u0161ko je jeho druhou zast\u00e1vkou. Ide o perfektn\u00fd\u00a0<strong>v\u00fdlet pre rodiny s de\u0165mi<\/strong>, ktor\u00fd kombinuje pr\u00edrodn\u00e9 kr\u00e1sy, hist\u00f3riu a trochu adrenal\u00ednu. Pri jaskyni s\u00fa schody, ktor\u00fdmi sa dostanete na vrchol brala, odkia\u013e sa v\u00e1m otvor\u00ed panoramatick\u00fd v\u00fdh\u013ead do gemerskej krajiny.<\/p>\n<h2 data-path-to-node=\"2\"><span style=\"color: #800000;\">Pre\u010do nav\u0161t\u00edvi\u0165 jasky\u0148u Pe\u0161ko?<\/span><\/h2>\n<p data-path-to-node=\"3\"><em>N\u00e1v\u0161teva tohto miesta nie je len oby\u010dajnou prech\u00e1dzkou, ale fascinuj\u00facou cestou do vn\u00fatra <b data-path-to-node=\"3\" data-index-in-node=\"90\">v\u00e1pencov\u00e9ho brala<\/b>, kde sa hist\u00f3ria praveku dot\u00fdka s\u00fa\u010dasnosti. V\u010faka nen\u00e1ro\u010dn\u00e9mu ter\u00e9nu a unik\u00e1tnemu <b data-path-to-node=\"3\" data-index-in-node=\"190\">\u201ebalk\u00f3nu\u201c s v\u00fdh\u013eadom<\/b> ide o jeden z najdostupnej\u0161\u00edch a najfotogenickej\u0161\u00edch cie\u013eov v celom regi\u00f3ne. <b data-path-to-node=\"3\" data-index-in-node=\"288\">Zba\u013ete si batohy a pr\u00ed\u010fte sa presved\u010di\u0165 \u2013 tr\u00fafnete si postavi\u0165 sa do Kamenn\u00e9ho Oka a pozrie\u0165 sa na Gemer z v\u00fd\u0161ky, ktor\u00fa pred tis\u00edcro\u010diami obdivovali prv\u00ed lovci?<\/b><\/em><\/p>\n<h2 data-path-to-node=\"2\"><span style=\"color: #800000;\">Legenda o stratenom poklade v Prielome Mur\u00e1\u0148a<\/span><\/h2>\n<p data-path-to-node=\"3\">P\u00ed\u0161e sa rok <b data-path-to-node=\"3\" data-index-in-node=\"12\">1610<\/b>. Kraj pod Mur\u00e1nskou planinou je dor\u00e1\u0148an\u00fd krut\u00fdmi bojmi a v lesoch sa skr\u00fdvaj\u00fa t\u00ed, \u010do nechc\u00fa padn\u00fa\u0165 do r\u00fak v\u00ed\u0165azn\u00fdm cis\u00e1rskym vojsk\u00e1m. Tak vznikla legenda o troch str\u00e1\u017ecoch v\u00e1pencov\u00e9ho ka\u0148onu.<\/p>\n<p data-path-to-node=\"4\">V hlbokom z\u00e1reze rieky, tam, kde sa voda k\u013eukat\u00ed pomedzi v\u00e1pencov\u00e9 steny, vtedy \u017eil zbojn\u00edk menom <b data-path-to-node=\"4\" data-index-in-node=\"98\">Gell\u00e9rt<\/b>. Po por\u00e1\u017eke Bo\u010dkajovho povstania utiekol z bojiska a v jaskyni <b data-path-to-node=\"4\" data-index-in-node=\"169\">Pe\u0161k\u0151<\/b> ukryl ul\u00fapen\u00fd poklad, ktor\u00fd mal p\u00f4vodne sl\u00fa\u017ei\u0165 na v\u00fdplatu vojska \u2013 \u0165a\u017ek\u00e9 me\u0161ce pln\u00e9 <b data-path-to-node=\"4\" data-index-in-node=\"259\">zlat\u00fdch duk\u00e1tov a strieborn\u00fdch minc\u00ed<\/b>. Gell\u00e9rt v\u0161ak v ka\u0148one nebol s\u00e1m.<\/p>\n<p data-path-to-node=\"5\">Ke\u010f sa raz za b\u00farlivej noci pok\u00fa\u0161al poklad zakopa\u0165 hlb\u0161ie do skalnej pukliny, z m\u00fatnej a spenenej rieky sa vynoril vodn\u00edk <b data-path-to-node=\"5\" data-index-in-node=\"122\">Istv\u00e1n<\/b>. Mal zelen\u00fd kab\u00e1tik, z ktor\u00e9ho neust\u00e1le kvapkala voda, a v o\u010diach mu hral hnev nad t\u00fdm, \u017ee niekto \u0161pin\u00ed jeho rev\u00edr vojnovou koris\u0165ou.<\/p>\n<blockquote data-path-to-node=\"6\">\n<p data-path-to-node=\"6,0\">\u201eTento k\u00fasok zeme patr\u00ed rieke, nie tvojmu nakradnut\u00e9mu zlatu, zbojn\u00edk!\u201c zahrmel Istv\u00e1n a \u0161vihol mokr\u00fdm bi\u010dom z t\u0155stia.<\/p>\n<\/blockquote>\n<p data-path-to-node=\"7\">Strhla sa bitka, no sk\u00f4r ne\u017e stihol Gell\u00e9rt vytasi\u0165 \u0161ab\u013eu alebo Istv\u00e1n stiahnu\u0165 zbojn\u00edka pod hladinu, jasky\u0148u osvetlila nadpozemsk\u00e1 \u017eiara. Z v\u00e1pencovej steny vyst\u00fapila v\u00edla <b data-path-to-node=\"7\" data-index-in-node=\"173\">Erzs\u00e9bet<\/b>, ochranky\u0148a tunaj\u0161\u00edch krasov\u00fdch prame\u0148ov. Svoj\u00edm spevom v momente upokojila rozb\u00faren\u00fd Mur\u00e1\u0148 aj hor\u00face hlavy dvoch sokov a vyniesla spravodliv\u00fd rozsudok.<\/p>\n<p data-path-to-node=\"8\"><b data-path-to-node=\"8\" data-index-in-node=\"0\">Gell\u00e9rt<\/b> smel v jaskyni zosta\u0165 a unikn\u00fa\u0165 tak \u0161ibenici, ktor\u00e1 ho vonku \u010dakala \u2013 <b data-path-to-node=\"8\" data-index-in-node=\"78\">odmenou mu bol samotn\u00fd \u017eivot, no o poklad definit\u00edvne pri\u0161iel<\/b>. V\u0161etky tie <b data-path-to-node=\"8\" data-index-in-node=\"152\">zlat\u00e9 duk\u00e1ty a strieborn\u00e9 mince<\/b> si nechal vodn\u00edk <b data-path-to-node=\"8\" data-index-in-node=\"201\">Istv\u00e1n<\/b>, ktor\u00fd ich s v\u00ed\u0165azosl\u00e1vnym \u00fa\u0161krnom stiahol na dno najhlb\u0161ieho meandra.<\/p>\n<p data-path-to-node=\"9\">Hovor\u00ed sa, \u017ee ke\u010f sa hladina Mur\u00e1\u0148a po da\u017edi zdvihne a nar\u00e1\u017ea na steny prielomu, nie je to len zvuk nar\u00e1\u017eaj\u00facich sk\u00e1l, ale cinkot drah\u00fdch kovov, ktor\u00fdmi vodn\u00edk na dne hoduje. A zbojn\u00edk Gell\u00e9rt? Ten dodnes h\u013ead\u00ed z tmy jaskyne na drav\u00fd pr\u00fad, v\u010fa\u010dn\u00fd za bezpe\u010die sk\u00e1l, hoci u\u017e nav\u017edy bez jedin\u00e9ho duk\u00e1ta v dlani.<\/p>\n<h2 data-path-to-node=\"9\"><span style=\"color: #800000;\">Fotogal\u00e9ria<\/span><\/h2>\n<p data-path-to-node=\"9\"><style type=\"text\/css\">\n#foogallery-gallery-30148 .fg-image { width: 200px; }<\/style>\n\t\t\t<div class=\"foogallery foogallery-container foogallery-carousel foogallery-lightbox-foogallery fg-carousel fg-ready fg-light fg-border-medium fg-round-small fg-shadow-medium fg-loading-default fg-loaded-fade-in fg-hover-semi-zoomed fg-hover-fade fg-hover-circle-plus2\" id=\"foogallery-gallery-30148\" data-foogallery=\"{&quot;panel&quot;:{&quot;buttons&quot;:{&quot;download&quot;:false}},&quot;item&quot;:{&quot;showCaptionTitle&quot;:true,&quot;showCaptionDescription&quot;:true},&quot;lazy&quot;:true,&quot;template&quot;:{&quot;maxItems&quot;:5,&quot;scale&quot;:0.11999999999999999555910790149937383830547332763671875,&quot;gutter&quot;:{&quot;min&quot;:-40,&quot;max&quot;:-20,&quot;unit&quot;:&quot;%&quot;},&quot;autoplay&quot;:{&quot;time&quot;:0,&quot;interaction&quot;:&quot;pause&quot;},&quot;centerOnClick&quot;:true,&quot;align&quot;:&quot;center&quot;,&quot;activePosition&quot;:&quot;center&quot;}}\" data-foogallery-lightbox=\"{&quot;thumbs&quot;:&quot;bottom&quot;,&quot;thumbsCaptions&quot;:false,&quot;thumbsBestFit&quot;:false,&quot;thumbsSmall&quot;:false,&quot;thumbsCaptionsAlign&quot;:&quot;default&quot;,&quot;info&quot;:&quot;bottom&quot;,&quot;infoVisible&quot;:true,&quot;infoOverlay&quot;:true,&quot;infoAlign&quot;:&quot;default&quot;,&quot;transition&quot;:&quot;fade&quot;,&quot;hoverButtons&quot;:false,&quot;fitMedia&quot;:false,&quot;noScrollbars&quot;:true,&quot;preserveButtonSpace&quot;:true,&quot;buttons&quot;:{&quot;fullscreen&quot;:true,&quot;info&quot;:true,&quot;thumbs&quot;:false,&quot;download&quot;:false},&quot;video&quot;:{&quot;autoPlay&quot;:true}}\" style=\"--fg-title-line-clamp: 1; --fg-description-line-clamp: 2;\" >\n\t<button type=\"button\" class=\"fg-carousel-prev\" title=\"Previous\"><\/button>\n\t<div class=\"fg-carousel-inner\">\n\t\t<div class=\"fg-carousel-center\"><\/div>\n\t\t<div class=\"fg-item fg-type-image fg-idle\"><figure class=\"fg-item-inner\"><a href=\"https:\/\/www.slovensky-kras.eu\/info\/wp-content\/uploads\/2026\/04\/pesko-3.jpeg\" data-caption-title=\"Jasky\u0148a Pe\u0161ko\" data-attachment-id=\"30149\" data-type=\"image\" class=\"fg-thumb\"><span class=\"fg-image-wrap\"><img decoding=\"async\" alt=\"Jasky\u0148a Pe\u0161ko\" title=\"Jasky\u0148a Pe\u0161ko\" width=\"200\" height=\"200\" class=\"skip-lazy fg-image\" data-src-fg=\"https:\/\/www.slovensky-kras.eu\/info\/wp-content\/uploads\/cache\/2026\/04\/pesko-3\/2348434254.jpeg\" src=\"data:image\/svg+xml,%3Csvg%20xmlns%3D%22http%3A%2F%2Fwww.w3.org%2F2000%2Fsvg%22%20width%3D%22200%22%20height%3D%22200%22%20viewBox%3D%220%200%20200%20200%22%3E%3C%2Fsvg%3E\" loading=\"eager\"><\/span><span class=\"fg-image-overlay\"><\/span><\/a><figcaption class=\"fg-caption\"><div class=\"fg-caption-inner\"><div class=\"fg-caption-title\">Jasky\u0148a Pe\u0161ko<\/div><\/div><\/figcaption><\/figure><div class=\"fg-loader\"><\/div><\/div><div class=\"fg-item fg-type-image fg-idle\"><figure class=\"fg-item-inner\"><a href=\"https:\/\/www.slovensky-kras.eu\/info\/wp-content\/uploads\/2026\/04\/pesko-2.jpeg\" data-caption-title=\"Jasky\u0148a Pe\u0161ko\" data-attachment-id=\"30150\" data-type=\"image\" class=\"fg-thumb\"><span class=\"fg-image-wrap\"><img decoding=\"async\" alt=\"Jasky\u0148a Pe\u0161ko\" title=\"Jasky\u0148a Pe\u0161ko\" width=\"200\" height=\"200\" class=\"skip-lazy fg-image\" data-src-fg=\"https:\/\/www.slovensky-kras.eu\/info\/wp-content\/uploads\/cache\/2026\/04\/pesko-2\/3873719974.jpeg\" src=\"data:image\/svg+xml,%3Csvg%20xmlns%3D%22http%3A%2F%2Fwww.w3.org%2F2000%2Fsvg%22%20width%3D%22200%22%20height%3D%22200%22%20viewBox%3D%220%200%20200%20200%22%3E%3C%2Fsvg%3E\" loading=\"eager\"><\/span><span class=\"fg-image-overlay\"><\/span><\/a><figcaption class=\"fg-caption\"><div class=\"fg-caption-inner\"><div class=\"fg-caption-title\">Jasky\u0148a Pe\u0161ko<\/div><\/div><\/figcaption><\/figure><div class=\"fg-loader\"><\/div><\/div><div class=\"fg-item fg-type-image fg-idle\"><figure class=\"fg-item-inner\"><a href=\"https:\/\/www.slovensky-kras.eu\/info\/wp-content\/uploads\/2026\/04\/pesko-1.jpeg\" data-caption-title=\"Jasky\u0148a Pe\u0161ko\" data-attachment-id=\"30151\" data-type=\"image\" class=\"fg-thumb\"><span class=\"fg-image-wrap\"><img decoding=\"async\" alt=\"Jasky\u0148a Pe\u0161ko\" title=\"Jasky\u0148a Pe\u0161ko\" width=\"200\" height=\"200\" class=\"skip-lazy fg-image\" data-src-fg=\"https:\/\/www.slovensky-kras.eu\/info\/wp-content\/uploads\/cache\/2026\/04\/pesko-1\/465430106.jpeg\" src=\"data:image\/svg+xml,%3Csvg%20xmlns%3D%22http%3A%2F%2Fwww.w3.org%2F2000%2Fsvg%22%20width%3D%22200%22%20height%3D%22200%22%20viewBox%3D%220%200%20200%20200%22%3E%3C%2Fsvg%3E\" loading=\"eager\"><\/span><span class=\"fg-image-overlay\"><\/span><\/a><figcaption class=\"fg-caption\"><div class=\"fg-caption-inner\"><div class=\"fg-caption-title\">Jasky\u0148a Pe\u0161ko<\/div><\/div><\/figcaption><\/figure><div class=\"fg-loader\"><\/div><\/div><div class=\"fg-item fg-type-image fg-idle\"><figure class=\"fg-item-inner\"><a href=\"https:\/\/www.slovensky-kras.eu\/info\/wp-content\/uploads\/2026\/04\/prielom-murana-1-1.jpeg\" data-caption-title=\"N\u00e1u\u010dn\u00fd chodn\u00edk a pr\u00edrodn\u00e1 pamiatka Prielom Mur\u00e1\u0148a\" data-attachment-id=\"30146\" data-type=\"image\" class=\"fg-thumb\"><span class=\"fg-image-wrap\"><img decoding=\"async\" alt=\"N\u00e1u\u010dn\u00fd chodn\u00edk a pr\u00edrodn\u00e1 pamiatka Prielom Mur\u00e1\u0148a\" title=\"N\u00e1u\u010dn\u00fd chodn\u00edk a pr\u00edrodn\u00e1 pamiatka Prielom Mur\u00e1\u0148a\" width=\"200\" height=\"200\" class=\"skip-lazy fg-image\" data-src-fg=\"https:\/\/www.slovensky-kras.eu\/info\/wp-content\/uploads\/cache\/2026\/04\/prielom-murana-1-1\/3087373029.jpeg\" src=\"data:image\/svg+xml,%3Csvg%20xmlns%3D%22http%3A%2F%2Fwww.w3.org%2F2000%2Fsvg%22%20width%3D%22200%22%20height%3D%22200%22%20viewBox%3D%220%200%20200%20200%22%3E%3C%2Fsvg%3E\" loading=\"eager\"><\/span><span class=\"fg-image-overlay\"><\/span><\/a><figcaption class=\"fg-caption\"><div class=\"fg-caption-inner\"><div class=\"fg-caption-title\">N\u00e1u\u010dn\u00fd chodn\u00edk a pr\u00edrodn\u00e1 pamiatka Prielom Mur\u00e1\u0148a<\/div><\/div><\/figcaption><\/figure><div class=\"fg-loader\"><\/div><\/div><div class=\"fg-item fg-type-image fg-idle\"><figure class=\"fg-item-inner\"><a href=\"https:\/\/www.slovensky-kras.eu\/info\/wp-content\/uploads\/2026\/04\/prielom-murana-3.jpeg\" data-caption-title=\"N\u00e1u\u010dn\u00fd chodn\u00edk a pr\u00edrodn\u00e1 pamiatka Prielom Mur\u00e1\u0148a\" data-attachment-id=\"30142\" data-type=\"image\" class=\"fg-thumb\"><span class=\"fg-image-wrap\"><img decoding=\"async\" alt=\"N\u00e1u\u010dn\u00fd chodn\u00edk a pr\u00edrodn\u00e1 pamiatka Prielom Mur\u00e1\u0148a\" title=\"N\u00e1u\u010dn\u00fd chodn\u00edk a pr\u00edrodn\u00e1 pamiatka Prielom Mur\u00e1\u0148a\" width=\"200\" height=\"200\" class=\"skip-lazy fg-image\" data-src-fg=\"https:\/\/www.slovensky-kras.eu\/info\/wp-content\/uploads\/cache\/2026\/04\/prielom-murana-3\/2586864869.jpeg\" src=\"data:image\/svg+xml,%3Csvg%20xmlns%3D%22http%3A%2F%2Fwww.w3.org%2F2000%2Fsvg%22%20width%3D%22200%22%20height%3D%22200%22%20viewBox%3D%220%200%20200%20200%22%3E%3C%2Fsvg%3E\" loading=\"eager\"><\/span><span class=\"fg-image-overlay\"><\/span><\/a><figcaption class=\"fg-caption\"><div class=\"fg-caption-inner\"><div class=\"fg-caption-title\">N\u00e1u\u010dn\u00fd chodn\u00edk a pr\u00edrodn\u00e1 pamiatka Prielom Mur\u00e1\u0148a<\/div><\/div><\/figcaption><\/figure><div class=\"fg-loader\"><\/div><\/div><div class=\"fg-item fg-type-image fg-idle\"><figure class=\"fg-item-inner\"><a href=\"https:\/\/www.slovensky-kras.eu\/info\/wp-content\/uploads\/2026\/04\/prielom-murana-4.jpeg\" data-caption-title=\"N\u00e1u\u010dn\u00fd chodn\u00edk a pr\u00edrodn\u00e1 pamiatka Prielom Mur\u00e1\u0148a\" data-attachment-id=\"30141\" data-type=\"image\" class=\"fg-thumb\"><span class=\"fg-image-wrap\"><img decoding=\"async\" alt=\"N\u00e1u\u010dn\u00fd chodn\u00edk a pr\u00edrodn\u00e1 pamiatka Prielom Mur\u00e1\u0148a\" title=\"N\u00e1u\u010dn\u00fd chodn\u00edk a pr\u00edrodn\u00e1 pamiatka Prielom Mur\u00e1\u0148a\" width=\"200\" height=\"200\" class=\"skip-lazy fg-image\" data-src-fg=\"https:\/\/www.slovensky-kras.eu\/info\/wp-content\/uploads\/cache\/2026\/04\/prielom-murana-4\/2408117353.jpeg\" src=\"data:image\/svg+xml,%3Csvg%20xmlns%3D%22http%3A%2F%2Fwww.w3.org%2F2000%2Fsvg%22%20width%3D%22200%22%20height%3D%22200%22%20viewBox%3D%220%200%20200%20200%22%3E%3C%2Fsvg%3E\" loading=\"eager\"><\/span><span class=\"fg-image-overlay\"><\/span><\/a><figcaption class=\"fg-caption\"><div class=\"fg-caption-inner\"><div class=\"fg-caption-title\">N\u00e1u\u010dn\u00fd chodn\u00edk a pr\u00edrodn\u00e1 pamiatka Prielom Mur\u00e1\u0148a<\/div><\/div><\/figcaption><\/figure><div class=\"fg-loader\"><\/div><\/div>\t<\/div>\n\t<div class=\"fg-carousel-bottom\"><\/div>\n\t<div class=\"fg-carousel-progress\"><\/div>\n\t<button type=\"button\" class=\"fg-carousel-next\" title=\"Next\"><\/button>\n<\/div>\n<h2 data-path-to-node=\"9\"><span style=\"color: #800000;\">Zauj\u00edmav\u00e9 odkazy<\/span><\/h2>\n<h3><span style=\"color: #808000;\">Bl\u00edzke stredisko, turistick\u00e9 centrum, obec alebo mesto:<\/span><\/h3>\n<ul>\n<li><a href=\"http:\/\/www.slovensky-kras.eu\/info\/strediska-a-centra\/obec-bretka\/\">Obec Bretka (\u010d\u00edtaj viac&#8230;)<\/a><\/li>\n<\/ul>\n<h2><span style=\"color: #800000;\">Mapy<\/span><\/h2>\n<p><strong>Vrstvy: <\/strong>Turistick\u00e1 mapa, Automapa, Cyklomapa, Ly\u017eiarska mapa, Satelitn\u00e1 mapa a OpenStreetMap.<\/p>\n<p><strong>Kliknut\u00edm na logo &#8222;Freemap.sk&#8220; sa V\u00e1m mapa zobraz\u00ed na celej ploche obrazovky.<\/strong><\/p>\n<p><iframe style=\"width: 900px; height: 600px; border: 0;\" src=\"https:\/\/www.freemap.sk\/?map=15\/48.492476\/20.343378&amp;info-point=48.492476\/20.343378,Jasky\u0148a Pe\u0161ko&amp;layers=X&amp;embed=search\" allowfullscreen=\"allowfullscreen\"><\/iframe><\/p>\n<h2><span style=\"color: #800000;\">Po\u010dasie<\/span><\/h2>\n<p><iframe style=\"width: 900px; height: 606px;\" src=\"https:\/\/www.meteoblue.com\/sk\/po%C4%8Dasie\/widget\/three\/bretka_slovensk%c3%a1-republika_725076?geoloc=fixed&amp;nocurrent=0&amp;noforecast=0&amp;days=6&amp;tempunit=CELSIUS&amp;windunit=KILOMETER_PER_HOUR&amp;layout=image\" frameborder=\"0\" scrolling=\"NO\" sandbox=\"allow-same-origin allow-scripts allow-popups allow-popups-to-escape-sandbox\"><\/iframe><\/p>\n<div><!-- DO NOT REMOVE THIS LINK --><a href=\"https:\/\/www.meteoblue.com\/sk\/po%C4%8Dasie\/predpove%C4%8F\/t%C3%BD%C5%BEde%C5%88\/bretka_slovensk%c3%a1-republika_725076?utm_source=weather_widget&amp;utm_medium=linkus&amp;utm_content=three&amp;utm_campaign=Weather%2BWidget\" target=\"_blank\" rel=\"noopener noreferrer\">meteoblue<\/a><\/div>\n<p>&nbsp;<\/p>\n","protected":false},"excerpt":{"rendered":"<p>Menu: Podkateg\u00f3ria: Prejdite br\u00e1nou \u010dasu v jaskyni Pe\u0161ko Predstavte si unik\u00e1tny krasov\u00fd tunel v tvare gotick\u00e9ho obl\u00faka, ktor\u00fd kedysi sl\u00fa\u017eil ako pr\u00edbytok pravek\u00fdch \u013eud\u00ed aj bezpe\u010dn\u00fd \u00fakryt po\u010das vojny. Dnes [&hellip;]<\/p>\n","protected":false},"author":1,"featured_media":30150,"parent":13,"menu_order":0,"comment_status":"closed","ping_status":"closed","template":"","meta":{"_uag_custom_page_level_css":"","footnotes":""},"class_list":["post-17561","page","type-page","status-publish","has-post-thumbnail","hentry"],"featured_image_src":"https:\/\/www.slovensky-kras.eu\/info\/wp-content\/uploads\/2026\/04\/pesko-2.jpeg","featured_image_src_square":"https:\/\/www.slovensky-kras.eu\/info\/wp-content\/uploads\/2026\/04\/pesko-2.jpeg","rbea_author_info":{"display_name":"admin","author_link":"https:\/\/www.slovensky-kras.eu\/info\/author\/admin\/"},"rbea_excerpt_info":"Menu: Podkateg\u00f3ria: Prejdite br\u00e1nou \u010dasu v jaskyni Pe\u0161ko Predstavte si unik\u00e1tny krasov\u00fd tunel v tvare gotick\u00e9ho obl\u00faka, ktor\u00fd kedysi sl\u00fa\u017eil ako pr\u00edbytok pravek\u00fdch \u013eud\u00ed aj bezpe\u010dn\u00fd \u00fakryt po\u010das vojny. Dnes [&hellip;]","uagb_featured_image_src":{"full":["https:\/\/www.slovensky-kras.eu\/info\/wp-content\/uploads\/2026\/04\/pesko-2.jpeg",1376,768,false],"thumbnail":["https:\/\/www.slovensky-kras.eu\/info\/wp-content\/uploads\/2026\/04\/pesko-2-150x150.jpeg",150,150,true],"medium":["https:\/\/www.slovensky-kras.eu\/info\/wp-content\/uploads\/2026\/04\/pesko-2-800x447.jpeg",800,447,true],"medium_large":["https:\/\/www.slovensky-kras.eu\/info\/wp-content\/uploads\/2026\/04\/pesko-2-768x429.jpeg",768,429,true],"large":["https:\/\/www.slovensky-kras.eu\/info\/wp-content\/uploads\/2026\/04\/pesko-2-1024x572.jpeg",1024,572,true],"1536x1536":["https:\/\/www.slovensky-kras.eu\/info\/wp-content\/uploads\/2026\/04\/pesko-2.jpeg",1376,768,false],"2048x2048":["https:\/\/www.slovensky-kras.eu\/info\/wp-content\/uploads\/2026\/04\/pesko-2.jpeg",1376,768,false]},"uagb_author_info":{"display_name":"admin","author_link":"https:\/\/www.slovensky-kras.eu\/info\/author\/admin\/"},"uagb_comment_info":0,"uagb_excerpt":"Menu: Podkateg\u00f3ria: Prejdite br\u00e1nou \u010dasu v jaskyni Pe\u0161ko Predstavte si unik\u00e1tny krasov\u00fd tunel v tvare gotick\u00e9ho obl\u00faka, ktor\u00fd kedysi sl\u00fa\u017eil ako pr\u00edbytok pravek\u00fdch \u013eud\u00ed aj bezpe\u010dn\u00fd \u00fakryt po\u010das vojny. Dnes [&hellip;]","_links":{"self":[{"href":"https:\/\/www.slovensky-kras.eu\/info\/wp-json\/wp\/v2\/pages\/17561","targetHints":{"allow":["GET"]}}],"collection":[{"href":"https:\/\/www.slovensky-kras.eu\/info\/wp-json\/wp\/v2\/pages"}],"about":[{"href":"https:\/\/www.slovensky-kras.eu\/info\/wp-json\/wp\/v2\/types\/page"}],"author":[{"embeddable":true,"href":"https:\/\/www.slovensky-kras.eu\/info\/wp-json\/wp\/v2\/users\/1"}],"replies":[{"embeddable":true,"href":"https:\/\/www.slovensky-kras.eu\/info\/wp-json\/wp\/v2\/comments?post=17561"}],"version-history":[{"count":23,"href":"https:\/\/www.slovensky-kras.eu\/info\/wp-json\/wp\/v2\/pages\/17561\/revisions"}],"predecessor-version":[{"id":30160,"href":"https:\/\/www.slovensky-kras.eu\/info\/wp-json\/wp\/v2\/pages\/17561\/revisions\/30160"}],"up":[{"embeddable":true,"href":"https:\/\/www.slovensky-kras.eu\/info\/wp-json\/wp\/v2\/pages\/13"}],"wp:featuredmedia":[{"embeddable":true,"href":"https:\/\/www.slovensky-kras.eu\/info\/wp-json\/wp\/v2\/media\/30150"}],"wp:attachment":[{"href":"https:\/\/www.slovensky-kras.eu\/info\/wp-json\/wp\/v2\/media?parent=17561"}],"curies":[{"name":"wp","href":"https:\/\/api.w.org\/{rel}","templated":true}]}}