{"id":17343,"date":"2020-05-29T10:23:30","date_gmt":"2020-05-29T08:23:30","guid":{"rendered":"http:\/\/www.slovensky-kras.eu\/info\/?page_id=17343"},"modified":"2026-04-18T08:28:05","modified_gmt":"2026-04-18T06:28:05","slug":"muzeum-vodny-mlyn-v-obci-kovacova","status":"publish","type":"page","link":"https:\/\/www.slovensky-kras.eu\/info\/muzea-kutlura-a-umenie\/muzeum-vodny-mlyn-v-obci-kovacova\/","title":{"rendered":"Vodn\u00fd mlyn Kov\u00e1\u010dov\u00e1 pri Ro\u017e\u0148ave &#8211; m\u00fazeum"},"content":{"rendered":"<p><strong>Menu: <\/strong><a href=\"http:\/\/www.slovensky-kras.eu\/info\/\" class=\"su-button su-button-style-default\" style=\"color:#000000;background-color:#FFCF2F;border-color:#cca626;border-radius:5px\" target=\"_self\"><span style=\"color:#000000;padding:6px 16px;font-size:13px;line-height:20px;border-color:#ffde6e;border-radius:5px;text-shadow:none\"><i class=\"sui sui-arrow-right\" style=\"font-size:13px;color:#000000\"><\/i>  \u00davod \/ Aktuality <\/span><\/a>\n<a href=\"http:\/\/www.slovensky-kras.eu\/info\/muzea-kutlura-a-umenie\/\" class=\"su-button su-button-style-default\" style=\"color:#000000;background-color:#FFCF2F;border-color:#cca626;border-radius:5px\" target=\"_self\"><span style=\"color:#000000;padding:6px 16px;font-size:13px;line-height:20px;border-color:#ffde6e;border-radius:5px;text-shadow:none\"><i class=\"sui sui-arrow-right\" style=\"font-size:13px;color:#000000\"><\/i>  M\u00faze\u00e1, kutl\u00fara a &#8230; <\/span><\/a>\n<div class=\"su-divider su-divider-style-default\" style=\"margin:15px 0;border-width:2px;border-color:#000000\"><\/div>\n<strong>M\u00faze\u00e1 a obraz\u00e1rne<\/strong><br \/>\n<div class=\"su-divider su-divider-style-default\" style=\"margin:15px 0;border-width:2px;border-color:#000000\"><\/div>\n<div class=\"su-divider su-divider-style-default\" style=\"margin:15px 0;border-width:2px;border-color:#000000\"><\/div>\n<strong>Menu: <\/strong><a href=\"http:\/\/www.slovensky-kras.eu\/info\/\" class=\"su-button su-button-style-default\" style=\"color:#000000;background-color:#FFCF2F;border-color:#cca626;border-radius:5px\" target=\"_self\"><span style=\"color:#000000;padding:6px 16px;font-size:13px;line-height:20px;border-color:#ffde6e;border-radius:5px;text-shadow:none\"><i class=\"sui sui-arrow-right\" style=\"font-size:13px;color:#000000\"><\/i>  \u00davod \/ Aktuality <\/span><\/a>\n<a href=\"http:\/\/www.slovensky-kras.eu\/info\/kam-za-pamiatkami\/\" class=\"su-button su-button-style-default\" style=\"color:#000000;background-color:#FFCF2F;border-color:#cca626;border-radius:5px\" target=\"_self\"><span style=\"color:#000000;padding:6px 16px;font-size:13px;line-height:20px;border-color:#ffde6e;border-radius:5px;text-shadow:none\"><i class=\"sui sui-arrow-right\" style=\"font-size:13px;color:#000000\"><\/i>  Kam za pamiatkami <\/span><\/a>\n<div class=\"su-divider su-divider-style-default\" style=\"margin:15px 0;border-width:0px;border-color:#000000\"><\/div>\n<strong>Podkateg\u00f3ria: <\/strong> <a href=\"http:\/\/www.slovensky-kras.eu\/info\/kam-za-pamiatkami\/technicke-pamiatky\/\" class=\"su-button su-button-style-default\" style=\"color:#000000;background-color:#afd144;border-color:#8ca837;border-radius:5px\" target=\"_self\"><span style=\"color:#000000;padding:6px 16px;font-size:13px;line-height:20px;border-color:#c7df7d;border-radius:5px;text-shadow:none\"><i class=\"sui sui-arrow-right\" style=\"font-size:13px;color:#000000\"><\/i>  Technick\u00e9 pamiatky <\/span><\/a>\n<div class=\"su-divider su-divider-style-default\" style=\"margin:15px 0;border-width:2px;border-color:#000000\"><\/div>\n<figure id=\"attachment_20579\" aria-describedby=\"caption-attachment-20579\" style=\"width: 900px\" class=\"wp-caption aligncenter\"><a href=\"https:\/\/www.slovensky-kras.eu\/info\/wp-content\/uploads\/2021\/06\/mlyn-kovacova2.jpg\"><img loading=\"lazy\" decoding=\"async\" class=\"wp-image-20579\" src=\"https:\/\/www.slovensky-kras.eu\/info\/wp-content\/uploads\/2021\/06\/mlyn-kovacova2-800x600.jpg\" alt=\"Vodn\u00fd mlyn Kov\u00e1\u010dov\u00e1 pri Ro\u017e\u0148ave \" width=\"900\" height=\"675\" srcset=\"https:\/\/www.slovensky-kras.eu\/info\/wp-content\/uploads\/2021\/06\/mlyn-kovacova2-800x600.jpg 800w, https:\/\/www.slovensky-kras.eu\/info\/wp-content\/uploads\/2021\/06\/mlyn-kovacova2-768x576.jpg 768w, https:\/\/www.slovensky-kras.eu\/info\/wp-content\/uploads\/2021\/06\/mlyn-kovacova2.jpg 1000w\" sizes=\"auto, (max-width: 900px) 100vw, 900px\" \/><\/a><figcaption id=\"caption-attachment-20579\" class=\"wp-caption-text\">Vodn\u00fd mlyn Kov\u00e1\u010dov\u00e1 pri Ro\u017e\u0148ave<\/figcaption><\/figure>\n<div class=\"su-divider su-divider-style-default\" style=\"margin:15px 0;border-width:2px;border-color:#000000\"><\/div>\n<h2 data-path-to-node=\"1\"><span style=\"color: #800000;\"><b data-path-to-node=\"1\" data-index-in-node=\"0\">Znovuzroden\u00fd klenot Gemera<\/b><\/span><\/h2>\n<p data-path-to-node=\"2\">Predstavte si miesto, kde sa zastavil \u010das a <b data-path-to-node=\"2\" data-index-in-node=\"44\">p\u00f4vodn\u00e9 stroje<\/b> po 50 rokoch ch\u00e1trania op\u00e4\u0165 rozpr\u00e1vali svoj pr\u00edbeh. <b data-path-to-node=\"2\" data-index-in-node=\"111\">Vodn\u00fd mlyn v Kov\u00e1\u010dovej<\/b> nie je len technickou pamiatkou, ale \u017eiv\u00fdm svedectvom <b data-path-to-node=\"2\" data-index-in-node=\"188\">mlyn\u00e1rskej trad\u00edcie<\/b>, ktor\u00fa rodine vzalo zn\u00e1rodnenie a vr\u00e1tila ju a\u017e vytrval\u00e1 rekon\u0161trukcia. Objavte <b data-path-to-node=\"2\" data-index-in-node=\"288\">jedin\u00fa funk\u010dn\u00fa l\u00e1ma\u010dku konope<\/b> na Slovensku a prejdite sa po \u0161tyroch podla\u017eiach pln\u00fdch fascinuj\u00facej <b data-path-to-node=\"2\" data-index-in-node=\"387\">hist\u00f3rie a \u013eudov\u00e9ho umenia<\/b>. Nav\u0161t\u00edvte tento unik\u00e1t v srdci Slovensk\u00e9ho krasu a za\u017eite atmosf\u00e9ru, ktor\u00fa kedysi obdivovali aj samotn\u00ed <b data-path-to-node=\"2\" data-index-in-node=\"519\">Andr\u00e1\u0161iovci<\/b>.<\/p>\n<h2 class=\"ds-markdown-paragraph\"><span style=\"color: #800000;\">\u010co je Vodn\u00fd mlyn v Kov\u00e1\u010dovej a ak\u00e1 je jeho hist\u00f3ria?<\/span><\/h2>\n<p class=\"ds-markdown-paragraph\"><strong>Vodn\u00fd mlyn Kov\u00e1\u010dov\u00e1 pri Ro\u017e\u0148ave<\/strong>\u00a0je technickou pamiatkou so zauj\u00edmav\u00fdm pr\u00edbehom. Tento objekt zo za\u010diatku 19. storo\u010dia, ktor\u00fd\u00a0<strong>kedysi patril rodine Andr\u00e1\u0161iovcov (Andr\u00e1ssyovcov) z Kr\u00e1snej H\u00f4rky<\/strong>, m\u00e1\u00a0<strong>p\u00f4vodn\u00e9 origin\u00e1lne technick\u00e9 zariadenia a stroje na proces mletia m\u00faky<\/strong>. Sp\u00e1ja sa s pr\u00edbehom ich rodiny a to hlavne so star\u00fdm otcom s\u00fa\u010dasn\u00e9ho majite\u013ea. Jeho star\u00fd otec bol posledn\u00fdm v rodinnej trad\u00edcii mlyn\u00e1rskeho remesla pod\u00e1van\u00fdm z gener\u00e1cie na gener\u00e1ciu. \u017dia\u013e, v roku 1950 bol mlyn zn\u00e1rodnen\u00fd a pre\u0161iel do r\u00fak \u0161t\u00e1tu. Budova mlyna bola zatvoren\u00e1 a ch\u00e1trala viac ako 50 rokov.<\/p>\n<h2 class=\"ds-markdown-paragraph\"><span style=\"color: #800000;\">Pre\u010do je tento mlyn tak\u00fd v\u00fdnimo\u010dn\u00fd a \u010do uvid\u00edte?<\/span><\/h2>\n<p class=\"ds-markdown-paragraph\"><strong>Ak chcete vidie\u0165 ozajstn\u00fd mlyn, nav\u0161t\u00edvte vodn\u00fd mlyn v malebnej dedinke Kov\u00e1\u010dov\u00e1 pri Ro\u017e\u0148ave<\/strong>, ne\u010faleko Z\u00e1dielskej doliny a n\u00e1rodn\u00e9ho parku Slovensk\u00fd Kras.\u00a0<strong>Pre\u010do je tento mlyn tak\u00fd v\u00fdnimo\u010dn\u00fd?<\/strong>\u00a0Ako jeden z m\u00e1la mlynov na Slovensku m\u00e1\u00a0<strong>kompletne zachovan\u00fa mlynsk\u00fa technol\u00f3giu na 4 podla\u017eiach<\/strong>\u00a0budovy. Pri mlyne je zrekon\u0161truovan\u00e9\u00a0<strong>funk\u010dn\u00e9 vodn\u00e9 koleso<\/strong>, ktor\u00e9 poh\u00e1\u0148a voda z n\u00e1honu a vy si ho m\u00f4\u017eete zbl\u00edzka obzrie\u0165. Koleso kedysi poh\u00e1\u0148alo nielen mlecie stroje, ale aj\u00a0<strong>l\u00e1ma\u010dku na konope<\/strong>, ktor\u00fa pou\u017e\u00edvali \u017eeny pri jej spracovan\u00ed. T\u00e1to\u00a0<strong>obnoven\u00e1 l\u00e1ma\u010dka pri mlyne je jedin\u00e1 na Slovensku<\/strong>. K priv\u00e1dzaniu vody sl\u00fa\u017ei\u00a0<strong>mlynsk\u00fd \u017e\u013eab s d\u013a\u017ekou 30 m<\/strong>, ktor\u00fd bol dokon\u010den\u00fd v roku 2020 a podopiera ho 24 dubov\u00fdch st\u013apov.<\/p>\n<h2 class=\"ds-markdown-paragraph\"><span style=\"color: #800000;\">Kto je majite\u013e a \u010do sa na prehliadke dozviete?<\/span><\/h2>\n<p class=\"ds-markdown-paragraph\">Tento objekt je v s\u00fakromnom vlastn\u00edctve, ktor\u00e9ho majite\u013eom je p\u00e1n\u00a0<strong>Gejza Ly\u00f3csa<\/strong>\u00a0s man\u017eelkou. Po d\u00f4kladnej rekon\u0161trukci\u00ed je\u00a0<strong>p\u00f4vodn\u00fd vodn\u00fd mlyn spr\u00edstupnen\u00fd pre verejnos\u0165 od j\u00fala 2019<\/strong>. Po\u010das prehliadky nielen\u00a0<strong>uvid\u00edte, ako sa niekedy vyr\u00e1bala m\u00faka<\/strong>\u00a0pomocou p\u00f4vodn\u00e9ho zachovan\u00e9ho zariadenia, ale vypo\u010dujete si aj\u00a0<strong>pr\u00edbeh rodiny posledn\u00e9ho mlyn\u00e1ra, ktor\u00ed tu \u017eili pred zn\u00e1rodnen\u00edm v roku 1950<\/strong>.<\/p>\n<h2 class=\"ds-markdown-paragraph\"><span style=\"color: #800000;\">Ak\u00e9 expoz\u00edcie mlyn pon\u00faka okrem mletia?<\/span><\/h2>\n<p class=\"ds-markdown-paragraph\">S\u00fa\u010das\u0165ou prehliadky je\u00a0<strong>expoz\u00edcia \u00fa\u017eitkov\u00fdch predmetov a predmetov \u013eudovej tvorby<\/strong>\u00a0ako s\u00fa napr\u00edklad hrn\u010diarske, keramick\u00e9, pr\u00faten\u00e9 v\u00fdrobky, v\u00fd\u0161ivky a in\u00e9 poch\u00e1dzaj\u00face z tejto oblasti Gemera. V osobitnej miestnosti n\u00e1jdete aj\u00a0<strong>v\u00fdstavu tradi\u010dn\u00e9ho spracovania konope<\/strong>. V\u00fdstava pozost\u00e1va z r\u00f4znych n\u00e1strojov, ktor\u00e9 sa pou\u017e\u00edvali pri v\u00fdrobe konopn\u00fdch nit\u00ed a\u017e po krosn\u00e1, na ktor\u00fdch sa tkalo. Tie\u017e tu n\u00e1jdete tkan\u00e9 v\u00fdrobky ako vrecia na m\u00faku, kober\u010deky, ru\u010dn\u00edky a obrusy.<\/p>\n<h2 class=\"ds-markdown-paragraph\"><span style=\"color: #800000;\">Ak\u00e9 s\u00fa tu praktick\u00e9 inform\u00e1cie pre n\u00e1v\u0161tevn\u00edkov?<\/span><\/h2>\n<p class=\"ds-markdown-paragraph\">Z\u00e1rove\u0148 tu pon\u00fakaj\u00fa mo\u017enos\u0165\u00a0<strong>pr\u00edjemn\u00e9ho posedenia a ob\u010derstvenia<\/strong>. Kapacita na terase je cca 35 a vo vn\u00fatri 16 miest.<\/p>\n<p class=\"ds-markdown-paragraph\">Pri v\u00e4\u010d\u0161\u00edch skupin\u00e1ch je potrebn\u00e9 zavola\u0165 vopred na telef\u00f3nnych \u010d\u00edslach: <strong>+421 949 306 413, +421 944 596 047<\/strong>.<\/p>\n<h2 data-path-to-node=\"2\"><span style=\"color: #800000;\">Pre\u010do by ste nemali n\u00e1v\u0161tevu mlyna vynecha\u0165?<\/span><\/h2>\n<p data-path-to-node=\"3\"><em><b data-path-to-node=\"3\" data-index-in-node=\"0\">Vodn\u00fd mlyn v Kov\u00e1\u010dovej<\/b> nie je len oby\u010dajn\u00e9 m\u00fazeum, ale autentick\u00fd stroj \u010dasu, kde na vlastn\u00e9 o\u010di uvid\u00edte silu vody poh\u00e1\u0148aj\u00facu <b data-path-to-node=\"3\" data-index-in-node=\"126\">storo\u010dn\u00fa technol\u00f3giu<\/b>. Je to jedin\u00e9 miesto na Slovensku, kde uvid\u00edte <b data-path-to-node=\"3\" data-index-in-node=\"194\">unik\u00e1tnu l\u00e1ma\u010dku na konope<\/b> v akcii a poc\u00edtite skuto\u010dn\u00fa hrdos\u0165 na <b data-path-to-node=\"3\" data-index-in-node=\"259\">poctiv\u00e9 mlyn\u00e1rske remeslo<\/b>. Pr\u00ed\u010fte si odd\u00fdchnu\u0165 v tieni dubov\u00fdch st\u013apov, vychutnajte si k\u00e1vu na terase a nechajte sa unies\u0165 <b data-path-to-node=\"3\" data-index-in-node=\"382\">siln\u00fdm rodinn\u00fdm pr\u00edbehom<\/b>, ktor\u00fd pre\u017eil polstoro\u010die \u00fatlaku. T\u00e1to zast\u00e1vka na Gemeri v\u00e1s presved\u010d\u00ed, \u017ee tie najv\u00e4\u010d\u0161ie poklady sa niekedy skr\u00fdvaj\u00fa v tichom klapote <b data-path-to-node=\"3\" data-index-in-node=\"542\">mlynsk\u00e9ho kolesa<\/b>.<\/em><\/p>\n<h2><span style=\"color: #800000;\">Fotogal\u00e9ria<\/span><\/h2>\n<style type=\"text\/css\">\n#foogallery-gallery-28051 .fg-image { width: 200px; }<\/style>\n\t\t\t<div class=\"foogallery foogallery-container foogallery-carousel foogallery-lightbox-foogallery fg-carousel fg-ready fg-light fg-border-medium fg-round-small fg-shadow-medium fg-loading-default fg-loaded-fade-in fg-hover-semi-zoomed fg-hover-fade fg-hover-circle-plus2\" id=\"foogallery-gallery-28051\" data-foogallery=\"{&quot;item&quot;:{&quot;showCaptionTitle&quot;:true,&quot;showCaptionDescription&quot;:true},&quot;lazy&quot;:true,&quot;template&quot;:{&quot;maxItems&quot;:5,&quot;scale&quot;:0.11999999999999999555910790149937383830547332763671875,&quot;gutter&quot;:{&quot;min&quot;:-40,&quot;max&quot;:-20,&quot;unit&quot;:&quot;%&quot;},&quot;autoplay&quot;:{&quot;time&quot;:0,&quot;interaction&quot;:&quot;pause&quot;},&quot;centerOnClick&quot;:true,&quot;align&quot;:&quot;center&quot;,&quot;activePosition&quot;:&quot;center&quot;}}\" data-foogallery-lightbox=\"{&quot;thumbs&quot;:&quot;bottom&quot;,&quot;thumbsCaptions&quot;:false,&quot;thumbsBestFit&quot;:false,&quot;thumbsSmall&quot;:false,&quot;thumbsCaptionsAlign&quot;:&quot;default&quot;,&quot;info&quot;:&quot;bottom&quot;,&quot;infoVisible&quot;:true,&quot;infoOverlay&quot;:true,&quot;infoAlign&quot;:&quot;default&quot;,&quot;transition&quot;:&quot;fade&quot;,&quot;hoverButtons&quot;:false,&quot;fitMedia&quot;:false,&quot;noScrollbars&quot;:true,&quot;preserveButtonSpace&quot;:true,&quot;buttons&quot;:{&quot;fullscreen&quot;:true,&quot;info&quot;:true,&quot;thumbs&quot;:false},&quot;video&quot;:{&quot;autoPlay&quot;:true}}\" style=\"--fg-title-line-clamp: 0; --fg-description-line-clamp: 0;\" >\n\t<button type=\"button\" class=\"fg-carousel-prev\" title=\"Previous\"><\/button>\n\t<div class=\"fg-carousel-inner\">\n\t\t<div class=\"fg-carousel-center\"><\/div>\n\t\t<div class=\"fg-item fg-type-image fg-idle\"><figure class=\"fg-item-inner\"><a href=\"https:\/\/www.slovensky-kras.eu\/info\/wp-content\/uploads\/2023\/09\/napoj-kovacova.jpg\" data-attachment-id=\"25570\" data-type=\"image\" class=\"fg-thumb\"><span class=\"fg-image-wrap\"><img decoding=\"async\" width=\"200\" height=\"200\" class=\"skip-lazy fg-image\" data-src-fg=\"https:\/\/www.slovensky-kras.eu\/info\/wp-content\/uploads\/cache\/2023\/09\/napoj-kovacova\/2024717462.jpg\" src=\"data:image\/svg+xml,%3Csvg%20xmlns%3D%22http%3A%2F%2Fwww.w3.org%2F2000%2Fsvg%22%20width%3D%22200%22%20height%3D%22200%22%20viewBox%3D%220%200%20200%20200%22%3E%3C%2Fsvg%3E\" loading=\"eager\"><\/span><span class=\"fg-image-overlay\"><\/span><\/a><\/figure><div class=\"fg-loader\"><\/div><\/div><div class=\"fg-item fg-type-image fg-idle\"><figure class=\"fg-item-inner\"><a href=\"https:\/\/www.slovensky-kras.eu\/info\/wp-content\/uploads\/2023\/08\/konope-kovacova.jpg\" data-attachment-id=\"25400\" data-type=\"image\" class=\"fg-thumb\"><span class=\"fg-image-wrap\"><img decoding=\"async\" width=\"200\" height=\"200\" class=\"skip-lazy fg-image\" data-src-fg=\"https:\/\/www.slovensky-kras.eu\/info\/wp-content\/uploads\/cache\/2023\/08\/konope-kovacova\/188963177.jpg\" src=\"data:image\/svg+xml,%3Csvg%20xmlns%3D%22http%3A%2F%2Fwww.w3.org%2F2000%2Fsvg%22%20width%3D%22200%22%20height%3D%22200%22%20viewBox%3D%220%200%20200%20200%22%3E%3C%2Fsvg%3E\" loading=\"eager\"><\/span><span class=\"fg-image-overlay\"><\/span><\/a><\/figure><div class=\"fg-loader\"><\/div><\/div><div class=\"fg-item fg-type-image fg-idle\"><figure class=\"fg-item-inner\"><a href=\"https:\/\/www.slovensky-kras.eu\/info\/wp-content\/uploads\/2021\/06\/mlyn-kovacova1.jpg\" data-attachment-id=\"20581\" data-type=\"image\" class=\"fg-thumb\"><span class=\"fg-image-wrap\"><img decoding=\"async\" width=\"200\" height=\"200\" class=\"skip-lazy fg-image\" data-src-fg=\"https:\/\/www.slovensky-kras.eu\/info\/wp-content\/uploads\/cache\/2021\/06\/mlyn-kovacova1\/3721617091.jpg\" src=\"data:image\/svg+xml,%3Csvg%20xmlns%3D%22http%3A%2F%2Fwww.w3.org%2F2000%2Fsvg%22%20width%3D%22200%22%20height%3D%22200%22%20viewBox%3D%220%200%20200%20200%22%3E%3C%2Fsvg%3E\" loading=\"eager\"><\/span><span class=\"fg-image-overlay\"><\/span><\/a><\/figure><div class=\"fg-loader\"><\/div><\/div><div class=\"fg-item fg-type-image fg-idle\"><figure class=\"fg-item-inner\"><a href=\"https:\/\/www.slovensky-kras.eu\/info\/wp-content\/uploads\/2021\/06\/mlyn-kovacova2.jpg\" data-caption-title=\"Vodn\u00fd mlyn Kov\u00e1\u010dov\u00e1 pri Ro\u017e\u0148ave\" data-attachment-id=\"20579\" data-type=\"image\" class=\"fg-thumb\"><span class=\"fg-image-wrap\"><img decoding=\"async\" alt=\"Vodn\u00fd mlyn Kov\u00e1\u010dov\u00e1 pri Ro\u017e\u0148ave\" title=\"Vodn\u00fd mlyn Kov\u00e1\u010dov\u00e1 pri Ro\u017e\u0148ave\" width=\"200\" height=\"200\" class=\"skip-lazy fg-image\" data-src-fg=\"https:\/\/www.slovensky-kras.eu\/info\/wp-content\/uploads\/cache\/2021\/06\/mlyn-kovacova2\/1725070665.jpg\" src=\"data:image\/svg+xml,%3Csvg%20xmlns%3D%22http%3A%2F%2Fwww.w3.org%2F2000%2Fsvg%22%20width%3D%22200%22%20height%3D%22200%22%20viewBox%3D%220%200%20200%20200%22%3E%3C%2Fsvg%3E\" loading=\"eager\"><\/span><span class=\"fg-image-overlay\"><\/span><\/a><figcaption class=\"fg-caption\"><div class=\"fg-caption-inner\"><div class=\"fg-caption-title\">Vodn\u00fd mlyn Kov\u00e1\u010dov\u00e1 pri Ro\u017e\u0148ave<\/div><\/div><\/figcaption><\/figure><div class=\"fg-loader\"><\/div><\/div><div class=\"fg-item fg-type-image fg-idle\"><figure class=\"fg-item-inner\"><a href=\"https:\/\/www.slovensky-kras.eu\/info\/wp-content\/uploads\/2020\/05\/vodny-mlyn-kovacova1.jpg\" data-attachment-id=\"17397\" data-type=\"image\" class=\"fg-thumb\"><span class=\"fg-image-wrap\"><img decoding=\"async\" width=\"200\" height=\"200\" class=\"skip-lazy fg-image\" data-src-fg=\"https:\/\/www.slovensky-kras.eu\/info\/wp-content\/uploads\/cache\/2020\/05\/vodny-mlyn-kovacova1\/3665511184.jpg\" src=\"data:image\/svg+xml,%3Csvg%20xmlns%3D%22http%3A%2F%2Fwww.w3.org%2F2000%2Fsvg%22%20width%3D%22200%22%20height%3D%22200%22%20viewBox%3D%220%200%20200%20200%22%3E%3C%2Fsvg%3E\" loading=\"eager\"><\/span><span class=\"fg-image-overlay\"><\/span><\/a><\/figure><div class=\"fg-loader\"><\/div><\/div><div class=\"fg-item fg-type-image fg-idle\"><figure class=\"fg-item-inner\"><a href=\"https:\/\/www.slovensky-kras.eu\/info\/wp-content\/uploads\/2020\/05\/vodny-mlyn-kovacova2.jpg\" data-attachment-id=\"17396\" data-type=\"image\" class=\"fg-thumb\"><span class=\"fg-image-wrap\"><img decoding=\"async\" width=\"200\" height=\"200\" class=\"skip-lazy fg-image\" data-src-fg=\"https:\/\/www.slovensky-kras.eu\/info\/wp-content\/uploads\/cache\/2020\/05\/vodny-mlyn-kovacova2\/3181926018.jpg\" src=\"data:image\/svg+xml,%3Csvg%20xmlns%3D%22http%3A%2F%2Fwww.w3.org%2F2000%2Fsvg%22%20width%3D%22200%22%20height%3D%22200%22%20viewBox%3D%220%200%20200%20200%22%3E%3C%2Fsvg%3E\" loading=\"eager\"><\/span><span class=\"fg-image-overlay\"><\/span><\/a><\/figure><div class=\"fg-loader\"><\/div><\/div><div class=\"fg-item fg-type-image fg-idle\"><figure class=\"fg-item-inner\"><a href=\"https:\/\/www.slovensky-kras.eu\/info\/wp-content\/uploads\/2020\/05\/vodny-mlyn-kovacova3.jpg\" data-attachment-id=\"17395\" data-type=\"image\" class=\"fg-thumb\"><span class=\"fg-image-wrap\"><img decoding=\"async\" width=\"200\" height=\"200\" class=\"skip-lazy fg-image\" data-src-fg=\"https:\/\/www.slovensky-kras.eu\/info\/wp-content\/uploads\/cache\/2020\/05\/vodny-mlyn-kovacova3\/2442618574.jpg\" src=\"data:image\/svg+xml,%3Csvg%20xmlns%3D%22http%3A%2F%2Fwww.w3.org%2F2000%2Fsvg%22%20width%3D%22200%22%20height%3D%22200%22%20viewBox%3D%220%200%20200%20200%22%3E%3C%2Fsvg%3E\" loading=\"eager\"><\/span><span class=\"fg-image-overlay\"><\/span><\/a><\/figure><div class=\"fg-loader\"><\/div><\/div><div class=\"fg-item fg-type-image fg-idle\"><figure class=\"fg-item-inner\"><a href=\"https:\/\/www.slovensky-kras.eu\/info\/wp-content\/uploads\/2020\/05\/vodny-mlyn-kovacova4.jpg\" data-attachment-id=\"17394\" data-type=\"image\" class=\"fg-thumb\"><span class=\"fg-image-wrap\"><img decoding=\"async\" width=\"200\" height=\"200\" class=\"skip-lazy fg-image\" data-src-fg=\"https:\/\/www.slovensky-kras.eu\/info\/wp-content\/uploads\/cache\/2020\/05\/vodny-mlyn-kovacova4\/1913552294.jpg\" src=\"data:image\/svg+xml,%3Csvg%20xmlns%3D%22http%3A%2F%2Fwww.w3.org%2F2000%2Fsvg%22%20width%3D%22200%22%20height%3D%22200%22%20viewBox%3D%220%200%20200%20200%22%3E%3C%2Fsvg%3E\" loading=\"eager\"><\/span><span class=\"fg-image-overlay\"><\/span><\/a><\/figure><div class=\"fg-loader\"><\/div><\/div><div class=\"fg-item fg-type-image fg-idle\"><figure class=\"fg-item-inner\"><a href=\"https:\/\/www.slovensky-kras.eu\/info\/wp-content\/uploads\/2020\/05\/vodny-mlyn-kovacova5.jpg\" data-attachment-id=\"17393\" data-type=\"image\" class=\"fg-thumb\"><span class=\"fg-image-wrap\"><img decoding=\"async\" width=\"200\" height=\"200\" class=\"skip-lazy fg-image\" data-src-fg=\"https:\/\/www.slovensky-kras.eu\/info\/wp-content\/uploads\/cache\/2020\/05\/vodny-mlyn-kovacova5\/1302530220.jpg\" src=\"data:image\/svg+xml,%3Csvg%20xmlns%3D%22http%3A%2F%2Fwww.w3.org%2F2000%2Fsvg%22%20width%3D%22200%22%20height%3D%22200%22%20viewBox%3D%220%200%20200%20200%22%3E%3C%2Fsvg%3E\" loading=\"eager\"><\/span><span class=\"fg-image-overlay\"><\/span><\/a><\/figure><div class=\"fg-loader\"><\/div><\/div><div class=\"fg-item fg-type-image fg-idle\"><figure class=\"fg-item-inner\"><a href=\"https:\/\/www.slovensky-kras.eu\/info\/wp-content\/uploads\/2020\/05\/vodny-mlyn-kovacova6.jpg\" data-attachment-id=\"17392\" data-type=\"image\" class=\"fg-thumb\"><span class=\"fg-image-wrap\"><img decoding=\"async\" width=\"200\" height=\"200\" class=\"skip-lazy fg-image\" data-src-fg=\"https:\/\/www.slovensky-kras.eu\/info\/wp-content\/uploads\/cache\/2020\/05\/vodny-mlyn-kovacova6\/711990590.jpg\" src=\"data:image\/svg+xml,%3Csvg%20xmlns%3D%22http%3A%2F%2Fwww.w3.org%2F2000%2Fsvg%22%20width%3D%22200%22%20height%3D%22200%22%20viewBox%3D%220%200%20200%20200%22%3E%3C%2Fsvg%3E\" loading=\"eager\"><\/span><span class=\"fg-image-overlay\"><\/span><\/a><\/figure><div class=\"fg-loader\"><\/div><\/div><div class=\"fg-item fg-type-image fg-idle\"><figure class=\"fg-item-inner\"><a href=\"https:\/\/www.slovensky-kras.eu\/info\/wp-content\/uploads\/2020\/05\/vodny-mlyn-kovacova7.jpg\" data-attachment-id=\"17391\" data-type=\"image\" class=\"fg-thumb\"><span class=\"fg-image-wrap\"><img decoding=\"async\" width=\"200\" height=\"200\" class=\"skip-lazy fg-image\" data-src-fg=\"https:\/\/www.slovensky-kras.eu\/info\/wp-content\/uploads\/cache\/2020\/05\/vodny-mlyn-kovacova7\/105852274.jpg\" src=\"data:image\/svg+xml,%3Csvg%20xmlns%3D%22http%3A%2F%2Fwww.w3.org%2F2000%2Fsvg%22%20width%3D%22200%22%20height%3D%22200%22%20viewBox%3D%220%200%20200%20200%22%3E%3C%2Fsvg%3E\" loading=\"eager\"><\/span><span class=\"fg-image-overlay\"><\/span><\/a><\/figure><div class=\"fg-loader\"><\/div><\/div>\t<\/div>\n\t<div class=\"fg-carousel-bottom\"><\/div>\n\t<div class=\"fg-carousel-progress\"><\/div>\n\t<button type=\"button\" class=\"fg-carousel-next\" title=\"Next\"><\/button>\n<\/div>\n<h2><span style=\"color: #800000;\">Otv\u00e1racie hodiny<\/span><\/h2>\n<ul>\n<li><a href=\"https:\/\/www.slovensky-kras.eu\/info\/vodny-mlyn-kovacova-otvaracie-hodiny\/\">Vodn\u00fd mlyn Kov\u00e1\u010dov\u00e1 \u2013 otv\u00e1racie hodiny (\u010d\u00edtaj viac info&#8230;)<\/a><\/li>\n<\/ul>\n<h2><span style=\"color: #800000;\">Zauj\u00edmav\u00e9 odkazy<\/span><\/h2>\n<h3><span style=\"color: #808000;\">Kontakt<\/span><\/h3>\n<p><strong>Adresa:<\/strong> Kov\u00e1\u010dov\u00e1 60, 049 42, okres Ro\u017e\u0148ava<\/p>\n<p><strong>Telef\u00f3n:<\/strong> +421 949 306 413, +421 944 596 047<\/p>\n<p><strong>E-mail:<\/strong> vodnymlynkovacova@gmail.com<\/p>\n<p><strong>Facebook:<\/strong> <a href=\"https:\/\/www.facebook.com\/profile.php?id=100057448599293\" target=\"_blank\" rel=\"noopener\">Vodn\u00fd mlyn Kov\u00e1\u010dov\u00e1 pri Ro\u017e\u0148ave<\/a><\/p>\n<p><strong>Web:<\/strong> <a href=\"https:\/\/www.vodnymlynkovacova.sk\/\" target=\"_blank\" rel=\"noopener\">https:\/\/www.vodnymlynkovacova.sk\/<\/a><\/p>\n<h3><span style=\"color: #808000;\">Bl\u00edzke stredisko, turistick\u00e9 centrum, obec alebo mesto:<\/span><\/h3>\n<ul>\n<li>Obec Kov\u00e1\u010dov\u00e1 (\u010d\u00edtaj viac&#8230;)<\/li>\n<\/ul>\n<h2><span style=\"color: #800000;\">Mapy<\/span><\/h2>\n<p><strong>Vrstvy: <\/strong>Turistick\u00e1 mapa, Automapa, Cyklomapa, Ly\u017eiarska mapa, Satelitn\u00e1 mapa a OpenStreetMap.<\/p>\n<p><strong>Kliknut\u00edm na logo &#8222;Freemap.sk&#8220; sa V\u00e1m mapa zobraz\u00ed na celej ploche obrazovky.<\/strong><\/p>\n<p><iframe style=\"width: 900px; height: 600px; border: 0;\" src=\"https:\/\/www.freemap.sk\/?map=14\/48.641416\/20.698938&amp;info-point=48.641416\/20.698938,Vodn\u00fd mlyn Kov\u00e1\u010dov\u00e1 pri Ro\u017e\u0148ave&amp;layers=X&amp;embed=search\" allowfullscreen=\"allowfullscreen\"><\/iframe><\/p>\n<h2><span style=\"color: #800000;\">Po\u010dasie<\/span><\/h2>\n<p><iframe style=\"width: 905px; height: 621px;\" src=\"https:\/\/www.meteoblue.com\/sk\/po%C4%8Dasie\/widget\/three\/kov%c3%a1%c4%8dov%c3%a1_slovensko_724430?geoloc=fixed&amp;nocurrent=0&amp;noforecast=0&amp;days=7&amp;tempunit=CELSIUS&amp;windunit=KILOMETER_PER_HOUR&amp;layout=image\" frameborder=\"0\" scrolling=\"NO\" sandbox=\"allow-same-origin allow-scripts allow-popups allow-popups-to-escape-sandbox\"><\/iframe><\/p>\n<div><!-- DO NOT REMOVE THIS LINK --><a href=\"https:\/\/www.meteoblue.com\/sk\/po%C4%8Dasie\/t%C3%BD%C5%BEde%C5%88\/kov%c3%a1%c4%8dov%c3%a1_slovensko_724430?utm_source=weather_widget&amp;utm_medium=linkus&amp;utm_content=three&amp;utm_campaign=Weather%2BWidget\" target=\"_blank\" rel=\"noopener noreferrer\">meteoblue<\/a><\/div>\n<p>&nbsp;<\/p>\n<h3><span style=\"color: #808000;\"><strong>Ot\u00e1zka pre JazykovaPoradna.sk:<\/strong><\/span><\/h3>\n<p>Ako sa spr\u00e1vne p\u00ed\u0161e rod P\u00e1lffyovcov? Pre\u0161lo v poslednom \u010dase nejak\u00fdmi pravopisn\u00fdmi zmenami aj p\u00edsanie in\u00fdch mien, napr. Eszterh\u00e1zyovci, Zichyovci?<\/p>\n<h3><span style=\"color: #808000;\">Odpove\u010f:<\/span><\/h3>\n<p>V 80. rokoch minul\u00e9ho storo\u010dia sa prijali z\u00e1sady p\u00edsania mien os\u00f4b vystupuj\u00facich v uhorskom obdob\u00ed slovensk\u00fdch dej\u00edn do roku 1918, ktor\u00e9 boli vypracovan\u00e9 v s\u00falade so z\u00e1vermi komisie pre historick\u00fa terminol\u00f3giu pri Historickom \u00fastave SAV. M\u00f4\u017eete si ich pre\u010d\u00edta\u0165 v Pravidl\u00e1ch slovensk\u00e9ho pravopisu (2000) v kapitole P\u00edsanie historick\u00fdch osobn\u00fdch mien z uhorsk\u00e9ho obdobia slovensk\u00fdch dej\u00edn. Pravidl\u00e1 slovensk\u00e9ho pravopisu s\u00fa spr\u00edstupnen\u00e9 aj v elektronickej verzii na str\u00e1nke Jazykovedn\u00e9ho \u00fastavu \u013d. \u0160t\u00fara SAV <a href=\"http:\/\/www.juls.savba.sk\/pravidla_sloven_pravopisu.html\" target=\"_blank\" rel=\"noopener noreferrer\">http:\/\/www.juls.savba.sk\/pravidla_sloven_pravopisu.html<\/a> (zvo\u013ete textov\u00fa \u010das\u0165). Priezvisko P\u00e1lffy\/P\u00e1lffi sa pod\u013ea z\u00e1sad slovensk\u00e9ho prepisu p\u00ed\u0161e P\u00e1lfi, tak\u017ee pomenovanie rodu m\u00e1 podobu rod P\u00e1lfiovcov a rodinn\u00e9 pomenovanie je P\u00e1lfiovci. Podobne je to pri men\u00e1ch Eszterh\u00e1zy a Zichy, ktor\u00e9 sa pod\u013ea spom\u00ednan\u00fdch z\u00e1sad p\u00ed\u0161u Esterh\u00e1zi a Zi\u010di. Rodinn\u00e9 pomenovanie m\u00e1 podobu Esterh\u00e1ziovci, Zi\u010diovci.<br \/>\n<strong>Zdroj inform\u00e1ci\u00ed:<\/strong> <a href=\"http:\/\/jazykovaporadna.sme.sk\/q\/4965\/#axzz4hOkYiI9I\" target=\"_blank\" rel=\"noopener noreferrer\">http:\/\/jazykovaporadna.sme.sk\/q\/4965\/#axzz4hOkYiI9I<\/a><\/p>\n<h3><strong><br \/>\n<\/strong><span style=\"color: #808000;\">Ot\u00e1zka pre jazykov\u00fa porad\u0148u (Jazykovedn\u00fd \u00fastav \u013dudov\u00edta \u0160t\u00fara)<\/span><\/h3>\n<p>Ak potrebujete z\u00edska\u0165 odpove\u010f v kr\u00e1tkom \u010dase, odpor\u00fa\u010dame v\u00e1m vyu\u017ei\u0165 mo\u017enos\u0165 telefonickej konzult\u00e1cie na telef\u00f3nnom \u010d\u00edsle +421 2 54431761-2 v pracovn\u00fdch d\u0148och od 8.00 do 11.00 hodiny.<br \/>\n<strong><br \/>\nV pr\u00edpade technick\u00fdch probl\u00e9mov:<\/strong> <a href=\"mailto:jazykovaporadna@smeonline.sk\" target=\"_blank\" rel=\"noopener noreferrer\">jazykovaporadna@smeonline.sk<\/a><\/p>\n<p><strong>\u010c\u00edtajte viac:<\/strong> <a href=\"http:\/\/jazykovaporadna.sme.sk\/question\/add\/#axzz4hOkYiI9I\" target=\"_blank\" rel=\"noopener noreferrer\">http:\/\/jazykovaporadna.sme.sk\/question\/add\/#axzz4hOkYiI9I<\/a><\/p>\n","protected":false},"excerpt":{"rendered":"<p>Menu: M\u00faze\u00e1 a obraz\u00e1rne Menu: Podkateg\u00f3ria: Znovuzroden\u00fd klenot Gemera Predstavte si miesto, kde sa zastavil \u010das a p\u00f4vodn\u00e9 stroje po 50 rokoch ch\u00e1trania op\u00e4\u0165 rozpr\u00e1vali svoj pr\u00edbeh. Vodn\u00fd mlyn v [&hellip;]<\/p>\n","protected":false},"author":1,"featured_media":20579,"parent":30,"menu_order":0,"comment_status":"closed","ping_status":"closed","template":"","meta":{"_uag_custom_page_level_css":"","footnotes":""},"class_list":["post-17343","page","type-page","status-publish","has-post-thumbnail","hentry"],"featured_image_src":"https:\/\/www.slovensky-kras.eu\/info\/wp-content\/uploads\/2021\/06\/mlyn-kovacova2.jpg","featured_image_src_square":"https:\/\/www.slovensky-kras.eu\/info\/wp-content\/uploads\/2021\/06\/mlyn-kovacova2.jpg","rbea_author_info":{"display_name":"admin","author_link":"https:\/\/www.slovensky-kras.eu\/info\/author\/admin\/"},"rbea_excerpt_info":"Menu: M\u00faze\u00e1 a obraz\u00e1rne Menu: Podkateg\u00f3ria: Znovuzroden\u00fd klenot Gemera Predstavte si miesto, kde sa zastavil \u010das a p\u00f4vodn\u00e9 stroje po 50 rokoch ch\u00e1trania op\u00e4\u0165 rozpr\u00e1vali svoj pr\u00edbeh. Vodn\u00fd mlyn v [&hellip;]","uagb_featured_image_src":{"full":["https:\/\/www.slovensky-kras.eu\/info\/wp-content\/uploads\/2021\/06\/mlyn-kovacova2.jpg",1000,750,false],"thumbnail":["https:\/\/www.slovensky-kras.eu\/info\/wp-content\/uploads\/2021\/06\/mlyn-kovacova2-150x150.jpg",150,150,true],"medium":["https:\/\/www.slovensky-kras.eu\/info\/wp-content\/uploads\/2021\/06\/mlyn-kovacova2-800x600.jpg",800,600,true],"medium_large":["https:\/\/www.slovensky-kras.eu\/info\/wp-content\/uploads\/2021\/06\/mlyn-kovacova2-768x576.jpg",768,576,true],"large":["https:\/\/www.slovensky-kras.eu\/info\/wp-content\/uploads\/2021\/06\/mlyn-kovacova2.jpg",1000,750,false],"1536x1536":["https:\/\/www.slovensky-kras.eu\/info\/wp-content\/uploads\/2021\/06\/mlyn-kovacova2.jpg",1000,750,false],"2048x2048":["https:\/\/www.slovensky-kras.eu\/info\/wp-content\/uploads\/2021\/06\/mlyn-kovacova2.jpg",1000,750,false]},"uagb_author_info":{"display_name":"admin","author_link":"https:\/\/www.slovensky-kras.eu\/info\/author\/admin\/"},"uagb_comment_info":0,"uagb_excerpt":"Menu: M\u00faze\u00e1 a obraz\u00e1rne Menu: Podkateg\u00f3ria: Znovuzroden\u00fd klenot Gemera Predstavte si miesto, kde sa zastavil \u010das a p\u00f4vodn\u00e9 stroje po 50 rokoch ch\u00e1trania op\u00e4\u0165 rozpr\u00e1vali svoj pr\u00edbeh. Vodn\u00fd mlyn v [&hellip;]","_links":{"self":[{"href":"https:\/\/www.slovensky-kras.eu\/info\/wp-json\/wp\/v2\/pages\/17343","targetHints":{"allow":["GET"]}}],"collection":[{"href":"https:\/\/www.slovensky-kras.eu\/info\/wp-json\/wp\/v2\/pages"}],"about":[{"href":"https:\/\/www.slovensky-kras.eu\/info\/wp-json\/wp\/v2\/types\/page"}],"author":[{"embeddable":true,"href":"https:\/\/www.slovensky-kras.eu\/info\/wp-json\/wp\/v2\/users\/1"}],"replies":[{"embeddable":true,"href":"https:\/\/www.slovensky-kras.eu\/info\/wp-json\/wp\/v2\/comments?post=17343"}],"version-history":[{"count":49,"href":"https:\/\/www.slovensky-kras.eu\/info\/wp-json\/wp\/v2\/pages\/17343\/revisions"}],"predecessor-version":[{"id":30256,"href":"https:\/\/www.slovensky-kras.eu\/info\/wp-json\/wp\/v2\/pages\/17343\/revisions\/30256"}],"up":[{"embeddable":true,"href":"https:\/\/www.slovensky-kras.eu\/info\/wp-json\/wp\/v2\/pages\/30"}],"wp:featuredmedia":[{"embeddable":true,"href":"https:\/\/www.slovensky-kras.eu\/info\/wp-json\/wp\/v2\/media\/20579"}],"wp:attachment":[{"href":"https:\/\/www.slovensky-kras.eu\/info\/wp-json\/wp\/v2\/media?parent=17343"}],"curies":[{"name":"wp","href":"https:\/\/api.w.org\/{rel}","templated":true}]}}