{"id":17185,"date":"2020-03-02T08:24:47","date_gmt":"2020-03-02T07:24:47","guid":{"rendered":"http:\/\/www.slovensky-kras.eu\/info\/?page_id=17185"},"modified":"2025-09-25T07:49:48","modified_gmt":"2025-09-25T05:49:48","slug":"mastalna-jaskyna","status":"publish","type":"page","link":"https:\/\/www.slovensky-kras.eu\/info\/mastalna-jaskyna\/","title":{"rendered":"Ma\u0161ta\u013en\u00e1 jasky\u0148a"},"content":{"rendered":"<p><strong>Menu: <\/strong> <a href=\"http:\/\/www.slovensky-kras.eu\/info\/\" class=\"su-button su-button-style-default\" style=\"color:#000000;background-color:#FFCF2F;border-color:#cca626;border-radius:5px\" target=\"_self\"><span style=\"color:#000000;padding:6px 16px;font-size:13px;line-height:20px;border-color:#ffde6e;border-radius:5px;text-shadow:none\"><i class=\"sui sui-arrow-right\" style=\"font-size:13px;color:#000000\"><\/i>  \u00davod \/ Aktuality <\/span><\/a>\n<a href=\"http:\/\/www.slovensky-kras.eu\/info\/kam-do-prirody\/\" class=\"su-button su-button-style-default\" style=\"color:#000000;background-color:#FFCF2F;border-color:#cca626;border-radius:5px\" target=\"_self\"><span style=\"color:#000000;padding:6px 16px;font-size:13px;line-height:20px;border-color:#ffde6e;border-radius:5px;text-shadow:none\"><i class=\"sui sui-arrow-right\" style=\"font-size:13px;color:#000000\"><\/i>  Kam do pr\u00edrody <\/span><\/a>\n<p><strong>Podkateg\u00f3ria: <\/strong> <a href=\"http:\/\/www.slovensky-kras.eu\/info\/jaskyne-a-priepasti\/\" class=\"su-button su-button-style-default\" style=\"color:#000000;background-color:#C5ED2C;border-color:#9ebe24;border-radius:5px\" target=\"_self\"><span style=\"color:#000000;padding:6px 16px;font-size:13px;line-height:20px;border-color:#d7f36c;border-radius:5px;text-shadow:none\"><i class=\"sui sui-arrow-right\" style=\"font-size:13px;color:#000000\"><\/i>  Jaskyne a priepasti <\/span><\/a>\n<div class=\"su-divider su-divider-style-default\" style=\"margin:15px 0;border-width:2px;border-color:#000000\"><\/div>\n<h2 class=\"ds-markdown-paragraph\"><span style=\"color: #800000;\"><strong>\u010co presne je Ma\u0161ta\u013en\u00e1 jasky\u0148a a ako vznikla?<\/strong><\/span><\/h2>\n<p class=\"ds-markdown-paragraph\">T\u00e1to fascinuj\u00faca jasky\u0148a, naz\u00fdvan\u00e1 aj ako\u00a0<strong>Ist\u00e1l\u00f3k\u00f3 barlang<\/strong>\u00a0alebo\u00a0<strong>Kamenn\u00e1 ma\u0161ta\u013e<\/strong>, je skryt\u00fdm klenotom\u00a0<a href=\"http:\/\/www.slovensky-kras.eu\/info\/kam-do-prirody\/plesivecka-planina\/\"><strong>Ple\u0161iveckej planiny<\/strong><\/a>.\u00a0Je to v\u00fdnimo\u010dn\u00e1 <strong>kor\u00f3zno-kryog\u00e9nna jasky\u0148a<\/strong>\u00a0s d\u013a\u017ekou 25 metrov, ktor\u00e1 bola vytvoren\u00e1 jedine\u010dn\u00fdm sp\u00f4sobom \u2013 p\u00f4soben\u00edm mrazu.<\/p>\n<figure id=\"attachment_17728\" aria-describedby=\"caption-attachment-17728\" style=\"width: 900px\" class=\"wp-caption aligncenter\"><a href=\"http:\/\/www.slovensky-kras.eu\/info\/wp-content\/uploads\/2020\/06\/mastalna-j-01.jpg\"><img loading=\"lazy\" decoding=\"async\" class=\"wp-image-17728\" src=\"http:\/\/www.slovensky-kras.eu\/info\/wp-content\/uploads\/2020\/06\/mastalna-j-01-800x600.jpg\" alt=\"Ma\u0161ta\u013en\u00e1 jasky\u0148a\" width=\"900\" height=\"675\" srcset=\"https:\/\/www.slovensky-kras.eu\/info\/wp-content\/uploads\/2020\/06\/mastalna-j-01-800x600.jpg 800w, https:\/\/www.slovensky-kras.eu\/info\/wp-content\/uploads\/2020\/06\/mastalna-j-01-768x576.jpg 768w, https:\/\/www.slovensky-kras.eu\/info\/wp-content\/uploads\/2020\/06\/mastalna-j-01.jpg 1000w\" sizes=\"auto, (max-width: 900px) 100vw, 900px\" \/><\/a><figcaption id=\"caption-attachment-17728\" class=\"wp-caption-text\">Ma\u0161ta\u013en\u00e1 jasky\u0148a &#8211; Autor fotografie: Andrea Mi\u0161kufov\u00e1<\/figcaption><\/figure>\n<p>&nbsp;<\/p>\n<h2 class=\"ds-markdown-paragraph\"><span style=\"color: #800000;\"><strong>Kde sa Ma\u0161ta\u013en\u00e1 jasky\u0148a nach\u00e1dza?<\/strong><\/span><\/h2>\n<p class=\"ds-markdown-paragraph\">\u00a0Nach\u00e1dza sa na v\u00fdchodn\u00fdch svahoch <a href=\"http:\/\/www.slovensky-kras.eu\/info\/kam-do-prirody\/plesivecka-planina\/\"><strong>Ple\u0161iveckej planiny<\/strong><\/a>\u00a0v nadmorskej v\u00fd\u0161ke 594 m n. m. v katastri obce <a href=\"http:\/\/www.slovensky-kras.eu\/info\/strediska-a-centra\/obec-slavec\/\">Slavec<\/a>.<\/p>\n<figure id=\"attachment_17729\" aria-describedby=\"caption-attachment-17729\" style=\"width: 900px\" class=\"wp-caption aligncenter\"><a href=\"http:\/\/www.slovensky-kras.eu\/info\/wp-content\/uploads\/2020\/06\/mastalna-j-03.jpg\"><img loading=\"lazy\" decoding=\"async\" class=\"wp-image-17729\" src=\"http:\/\/www.slovensky-kras.eu\/info\/wp-content\/uploads\/2020\/06\/mastalna-j-03-800x600.jpg\" alt=\"Ma\u0161ta\u013en\u00e1 jasky\u0148a\" width=\"900\" height=\"675\" srcset=\"https:\/\/www.slovensky-kras.eu\/info\/wp-content\/uploads\/2020\/06\/mastalna-j-03-800x600.jpg 800w, https:\/\/www.slovensky-kras.eu\/info\/wp-content\/uploads\/2020\/06\/mastalna-j-03-768x576.jpg 768w, https:\/\/www.slovensky-kras.eu\/info\/wp-content\/uploads\/2020\/06\/mastalna-j-03.jpg 1000w\" sizes=\"auto, (max-width: 900px) 100vw, 900px\" \/><\/a><figcaption id=\"caption-attachment-17729\" class=\"wp-caption-text\">Ma\u0161ta\u013en\u00e1 jasky\u0148a &#8211; Autor fotografie: Andrea Mi\u0161kufov\u00e1<\/figcaption><\/figure>\n<p>&nbsp;<\/p>\n<h2 class=\"ds-markdown-paragraph\"><span style=\"color: #800000;\"><strong>Ak\u00fd je vstup do jaskyne a \u010do uvid\u00edm vo vn\u00fatri?<\/strong><\/span><\/h2>\n<p class=\"ds-markdown-paragraph\">Hne\u010f pri pr\u00edchode v\u00e1s ohrom\u00ed jej monument\u00e1lny vstup. <strong>Vstupn\u00fd port\u00e1l do jaskyne je 8 metrov vysok\u00fd a \u0161irok\u00fd okolo 20 metrov<\/strong>. Ke\u010f sa pozriete do jej vn\u00fatra, zist\u00edte, \u017ee priestory s\u00fa impozantn\u00e9 \u2013\u00a0<strong>vn\u00fatro jaskyne m\u00e1 miestami v\u00fd\u0161ku aj okolo 23 metrov<\/strong>. Jednou z jej zvl\u00e1\u0161tnost\u00ed je, \u017ee jej\u00a0<strong>pr\u00edrodn\u00fd amfite\u00e1ter jaskyne je oto\u010den\u00fd na v\u00fdchod<\/strong>.<\/p>\n<figure id=\"attachment_17730\" aria-describedby=\"caption-attachment-17730\" style=\"width: 900px\" class=\"wp-caption aligncenter\"><a href=\"https:\/\/www.slovensky-kras.eu\/info\/wp-content\/uploads\/2020\/06\/mastalna-j-04.jpg\"><img loading=\"lazy\" decoding=\"async\" class=\"wp-image-17730\" src=\"http:\/\/www.slovensky-kras.eu\/info\/wp-content\/uploads\/2020\/06\/mastalna-j-04-800x600.jpg\" alt=\"Ma\u0161ta\u013en\u00e1 jasky\u0148a\" width=\"900\" height=\"675\" srcset=\"https:\/\/www.slovensky-kras.eu\/info\/wp-content\/uploads\/2020\/06\/mastalna-j-04-800x600.jpg 800w, https:\/\/www.slovensky-kras.eu\/info\/wp-content\/uploads\/2020\/06\/mastalna-j-04-768x576.jpg 768w, https:\/\/www.slovensky-kras.eu\/info\/wp-content\/uploads\/2020\/06\/mastalna-j-04.jpg 1000w\" sizes=\"auto, (max-width: 900px) 100vw, 900px\" \/><\/a><figcaption id=\"caption-attachment-17730\" class=\"wp-caption-text\">Ma\u0161ta\u013en\u00e1 jasky\u0148a &#8211; Autor fotografie: Andrea Mi\u0161kufov\u00e1<\/figcaption><\/figure>\n<p>&nbsp;<\/p>\n<h2 class=\"ds-markdown-paragraph\"><span style=\"color: #800000;\"><strong>Pre\u010do je t\u00e1to jasky\u0148a tak\u00e1 v\u00fdznamn\u00e1 pre archeol\u00f3giu?<\/strong><\/span><\/h2>\n<p class=\"ds-markdown-paragraph\"><strong>Ma\u0161ta\u013en\u00e1 jasky\u0148a je zatia\u013e jedin\u00fdm zn\u00e1mym archeologick\u00fdm n\u00e1leziskom na Ple\u0161iveckej planine<\/strong>, \u010do z nej rob\u00ed miesto mimoriadneho historick\u00e9ho v\u00fdznamu. Ak\u00fd n\u00e1lez tu bol odkryt\u00fd?\u00a0<strong>Na\u0161li sa tu n\u00e1lezy z mlad\u0161ej doby kamennej, patriace do kyjatickej kult\u00fary pred 3000 rokmi<\/strong>. \u010eal\u0161ie v\u00fdskumy potvrdili, \u017ee\u00a0<strong>bolo v nej n\u00e1jden\u00e9 jaskynn\u00e9 s\u00eddlo z mlad\u0161ej doby kamennej, doby bronzovej a star\u0161ej doby \u017eeleznej<\/strong>.<\/p>\n<h2 class=\"ds-markdown-paragraph\"><span style=\"color: #800000;\"><strong>D\u00e1 sa do jaskyne vst\u00fapi\u0165? Je spr\u00edstupnen\u00e1 pre turistov?<\/strong><\/span><\/h2>\n<p class=\"ds-markdown-paragraph\">Toto je ve\u013emi d\u00f4le\u017eit\u00e1 ot\u00e1zka pre ka\u017ed\u00e9ho n\u00e1v\u0161tevn\u00edka. <strong>Z d\u00f4vodu nevyhnutnosti ochrany \u017eivotn\u00e9ho prostredia nie je jasky\u0148a spr\u00edstupnen\u00e1 a nevedie tadia\u013e \u017eiadna turistick\u00e1 trasa<\/strong>. Jej zachovanie pre bud\u00face gener\u00e1cie je prioritou.<\/p>\n<h3><span style=\"color: #808000;\">Bl\u00edzke stredisko, turistick\u00e9 centrum, obec alebo mesto:<\/span><\/h3>\n<ul>\n<li><a href=\"http:\/\/www.slovensky-kras.eu\/info\/strediska-a-centra\/obec-slavec\/\">Obec Slavec<\/a><\/li>\n<\/ul>\n<h3><span style=\"color: #808000;\">Mapy<\/span><\/h3>\n<p><strong>Vrstvy: <\/strong>Turistick\u00e1 mapa, Automapa, Cyklomapa, Ly\u017eiarska mapa, Satelitn\u00e1 mapa a OpenStreetMap.<\/p>\n<p><strong>Kliknut\u00edm na logo &#8222;Freemap.sk&#8220; sa V\u00e1m mapa zobraz\u00ed na celej ploche obrazovky.<\/strong><\/p>\n<p><iframe style=\"width: 800px; height: 600px; border: 0;\" src=\"https:\/\/www.freemap.sk\/?map=13\/48.599721\/20.466607&amp;info-point=48.599721\/20.466607,Ma\u0161ta\u013en\u00e1 jasky\u0148a&amp;layers=T&amp;embed=search\" allowfullscreen=\"allowfullscreen\"><\/iframe><\/p>\n<h3><span style=\"color: #808000;\">Po\u010dasie<\/span><\/h3>\n<p><iframe style=\"width: 800px; height: 608px;\" src=\"https:\/\/www.meteoblue.com\/sk\/po%C4%8Dasie\/widget\/three\/ple%c5%a1iveck%c3%a1-planina_slovensk%c3%a1-republika_723878?geoloc=fixed&amp;nocurrent=0&amp;noforecast=0&amp;days=6&amp;tempunit=CELSIUS&amp;windunit=KILOMETER_PER_HOUR&amp;layout=image\" frameborder=\"0\" scrolling=\"NO\" sandbox=\"allow-same-origin allow-scripts allow-popups allow-popups-to-escape-sandbox\"><\/iframe><\/p>\n<div><!-- DO NOT REMOVE THIS LINK --><a href=\"https:\/\/www.meteoblue.com\/sk\/po%C4%8Dasie\/predpove%C4%8F\/t%C3%BD%C5%BEde%C5%88\/ple%c5%a1iveck%c3%a1-planina_slovensk%c3%a1-republika_723878?utm_source=weather_widget&amp;utm_medium=linkus&amp;utm_content=three&amp;utm_campaign=Weather%2BWidget\" target=\"_blank\" rel=\"noopener noreferrer\">meteoblue<\/a><\/div>\n","protected":false},"excerpt":{"rendered":"<p>Menu: Podkateg\u00f3ria: \u010co presne je Ma\u0161ta\u013en\u00e1 jasky\u0148a a ako vznikla? T\u00e1to fascinuj\u00faca jasky\u0148a, naz\u00fdvan\u00e1 aj ako\u00a0Ist\u00e1l\u00f3k\u00f3 barlang\u00a0alebo\u00a0Kamenn\u00e1 ma\u0161ta\u013e, je skryt\u00fdm klenotom\u00a0Ple\u0161iveckej planiny.\u00a0Je to v\u00fdnimo\u010dn\u00e1 kor\u00f3zno-kryog\u00e9nna jasky\u0148a\u00a0s d\u013a\u017ekou 25 metrov, ktor\u00e1 [&hellip;]<\/p>\n","protected":false},"author":1,"featured_media":17728,"parent":0,"menu_order":0,"comment_status":"closed","ping_status":"closed","template":"","meta":{"_uag_custom_page_level_css":"","footnotes":""},"class_list":["post-17185","page","type-page","status-publish","has-post-thumbnail","hentry"],"featured_image_src":"https:\/\/www.slovensky-kras.eu\/info\/wp-content\/uploads\/2020\/06\/mastalna-j-01.jpg","featured_image_src_square":"https:\/\/www.slovensky-kras.eu\/info\/wp-content\/uploads\/2020\/06\/mastalna-j-01.jpg","rbea_author_info":{"display_name":"admin","author_link":"https:\/\/www.slovensky-kras.eu\/info\/author\/admin\/"},"rbea_excerpt_info":"Menu: Podkateg\u00f3ria: \u010co presne je Ma\u0161ta\u013en\u00e1 jasky\u0148a a ako vznikla? T\u00e1to fascinuj\u00faca jasky\u0148a, naz\u00fdvan\u00e1 aj ako\u00a0Ist\u00e1l\u00f3k\u00f3 barlang\u00a0alebo\u00a0Kamenn\u00e1 ma\u0161ta\u013e, je skryt\u00fdm klenotom\u00a0Ple\u0161iveckej planiny.\u00a0Je to v\u00fdnimo\u010dn\u00e1 kor\u00f3zno-kryog\u00e9nna jasky\u0148a\u00a0s d\u013a\u017ekou 25 metrov, ktor\u00e1 [&hellip;]","uagb_featured_image_src":{"full":["https:\/\/www.slovensky-kras.eu\/info\/wp-content\/uploads\/2020\/06\/mastalna-j-01.jpg",1000,750,false],"thumbnail":["https:\/\/www.slovensky-kras.eu\/info\/wp-content\/uploads\/2020\/06\/mastalna-j-01-150x150.jpg",150,150,true],"medium":["https:\/\/www.slovensky-kras.eu\/info\/wp-content\/uploads\/2020\/06\/mastalna-j-01-800x600.jpg",800,600,true],"medium_large":["https:\/\/www.slovensky-kras.eu\/info\/wp-content\/uploads\/2020\/06\/mastalna-j-01-768x576.jpg",768,576,true],"large":["https:\/\/www.slovensky-kras.eu\/info\/wp-content\/uploads\/2020\/06\/mastalna-j-01.jpg",1000,750,false],"1536x1536":["https:\/\/www.slovensky-kras.eu\/info\/wp-content\/uploads\/2020\/06\/mastalna-j-01.jpg",1000,750,false],"2048x2048":["https:\/\/www.slovensky-kras.eu\/info\/wp-content\/uploads\/2020\/06\/mastalna-j-01.jpg",1000,750,false]},"uagb_author_info":{"display_name":"admin","author_link":"https:\/\/www.slovensky-kras.eu\/info\/author\/admin\/"},"uagb_comment_info":0,"uagb_excerpt":"Menu: Podkateg\u00f3ria: \u010co presne je Ma\u0161ta\u013en\u00e1 jasky\u0148a a ako vznikla? T\u00e1to fascinuj\u00faca jasky\u0148a, naz\u00fdvan\u00e1 aj ako\u00a0Ist\u00e1l\u00f3k\u00f3 barlang\u00a0alebo\u00a0Kamenn\u00e1 ma\u0161ta\u013e, je skryt\u00fdm klenotom\u00a0Ple\u0161iveckej planiny.\u00a0Je to v\u00fdnimo\u010dn\u00e1 kor\u00f3zno-kryog\u00e9nna jasky\u0148a\u00a0s d\u013a\u017ekou 25 metrov, ktor\u00e1 [&hellip;]","_links":{"self":[{"href":"https:\/\/www.slovensky-kras.eu\/info\/wp-json\/wp\/v2\/pages\/17185","targetHints":{"allow":["GET"]}}],"collection":[{"href":"https:\/\/www.slovensky-kras.eu\/info\/wp-json\/wp\/v2\/pages"}],"about":[{"href":"https:\/\/www.slovensky-kras.eu\/info\/wp-json\/wp\/v2\/types\/page"}],"author":[{"embeddable":true,"href":"https:\/\/www.slovensky-kras.eu\/info\/wp-json\/wp\/v2\/users\/1"}],"replies":[{"embeddable":true,"href":"https:\/\/www.slovensky-kras.eu\/info\/wp-json\/wp\/v2\/comments?post=17185"}],"version-history":[{"count":15,"href":"https:\/\/www.slovensky-kras.eu\/info\/wp-json\/wp\/v2\/pages\/17185\/revisions"}],"predecessor-version":[{"id":27866,"href":"https:\/\/www.slovensky-kras.eu\/info\/wp-json\/wp\/v2\/pages\/17185\/revisions\/27866"}],"wp:featuredmedia":[{"embeddable":true,"href":"https:\/\/www.slovensky-kras.eu\/info\/wp-json\/wp\/v2\/media\/17728"}],"wp:attachment":[{"href":"https:\/\/www.slovensky-kras.eu\/info\/wp-json\/wp\/v2\/media?parent=17185"}],"curies":[{"name":"wp","href":"https:\/\/api.w.org\/{rel}","templated":true}]}}