{"id":17,"date":"2013-06-22T10:41:20","date_gmt":"2013-06-22T08:41:20","guid":{"rendered":"http:\/\/www.slovensky-kras.eu\/info\/?page_id=17"},"modified":"2025-11-13T04:17:52","modified_gmt":"2025-11-13T03:17:52","slug":"jaskyne-a-priepasti","status":"publish","type":"page","link":"https:\/\/www.slovensky-kras.eu\/info\/jaskyne-a-priepasti\/","title":{"rendered":"Jaskyne a priepasti"},"content":{"rendered":"<p><strong>Menu: <\/strong> <a href=\"http:\/\/www.slovensky-kras.eu\/info\/\" class=\"su-button su-button-style-default\" style=\"color:#000000;background-color:#FFCF2F;border-color:#cca626;border-radius:5px\" target=\"_self\"><span style=\"color:#000000;padding:6px 16px;font-size:13px;line-height:20px;border-color:#ffde6e;border-radius:5px;text-shadow:none\"><i class=\"sui sui-arrow-right\" style=\"font-size:13px;color:#000000\"><\/i>  \u00davod \/ Aktuality <\/span><\/a>\n<a href=\"http:\/\/www.slovensky-kras.eu\/info\/kam-do-prirody\/\" class=\"su-button su-button-style-default\" style=\"color:#000000;background-color:#FFCF2F;border-color:#cca626;border-radius:5px\" target=\"_self\"><span style=\"color:#000000;padding:6px 16px;font-size:13px;line-height:20px;border-color:#ffde6e;border-radius:5px;text-shadow:none\"><i class=\"sui sui-arrow-right\" style=\"font-size:13px;color:#000000\"><\/i>  Kam do pr\u00edrody <\/span><\/a>\n<p><strong>Podkateg\u00f3ria: <\/strong> <a href=\"http:\/\/www.slovensky-kras.eu\/info\/jaskyne-a-priepasti\/\" class=\"su-button su-button-style-default\" style=\"color:#000000;background-color:#C5ED2C;border-color:#9ebe24;border-radius:5px\" target=\"_self\"><span style=\"color:#000000;padding:6px 16px;font-size:13px;line-height:20px;border-color:#d7f36c;border-radius:5px;text-shadow:none\"><i class=\"sui sui-arrow-right\" style=\"font-size:13px;color:#000000\"><\/i>  Jaskyne a priepasti <\/span><\/a>\n<div class=\"su-divider su-divider-style-default\" style=\"margin:15px 0;border-width:3px;border-color:#000000\"><\/div>\n<div class=\"su-divider su-divider-style-default\" style=\"margin:15px 0;border-width:3px;border-color:#000000\"><\/div>\n<h3>Spr\u00edstupnen\u00e9 a spoplatnen\u00e9 jaskyne<\/h3>\n<div class=\"su-divider su-divider-style-default\" style=\"margin:15px 0;border-width:3px;border-color:#000000\"><\/div>\n<div id=\"metaslider-id-3468\" style=\"max-width: 800px; margin: 0 auto;\" class=\"ml-slider-3-108-0 metaslider metaslider-flex metaslider-3468 ml-slider ms-theme-default nav-hidden\" role=\"region\" aria-label=\"Jasky\u0148a Domica\" data-height=\"250\" data-width=\"800\">\n    <div id=\"metaslider_container_3468\">\n        <div id=\"metaslider_3468\" class=\"flexslider\">\n            <ul class='slides'>\n                <li style=\"display: block; width: 100%;\" class=\"slide-21342 ms-image \" aria-roledescription=\"slide\" data-date=\"2021-12-15 10:35:54\" data-filename=\"domica-jaskyna1-800x250.jpg\" data-slide-type=\"image\"><a href=\"http:\/\/www.slovensky-kras.eu\/info\/jaskyne-a-priepasti\/jaskyna-domica\/\" target=\"_self\" aria-label=\"View Slide Details\" class=\"metaslider_image_link\"><img loading=\"lazy\" decoding=\"async\" src=\"https:\/\/www.slovensky-kras.eu\/info\/wp-content\/uploads\/2021\/12\/domica-jaskyna1-800x250.jpg\" height=\"250\" width=\"800\" alt=\"Jasky\u0148a Domica\" class=\"slider-3468 slide-21342 msDefaultImage\" title=\"domica jaskyna1\" \/><\/a><div class=\"caption-wrap\"><div class=\"caption\"><b><a href=\"http:\/\/www.slovensky-kras.eu\/info\/jaskyne-a-priepasti\/jaskyna-domica\/\"><span style=\"color:#FFFF00;\">Jasky\u0148a Domica<\/span><\/a><\/b><\/div><\/div><\/li>\n            <\/ul>\n        <\/div>\n        \n    <\/div>\n<\/div>\n<div id=\"metaslider-id-3473\" style=\"max-width: 800px; margin: 0 auto;\" class=\"ml-slider-3-108-0 metaslider metaslider-flex metaslider-3473 ml-slider ms-theme-default nav-hidden nav-hidden\" role=\"region\" aria-label=\"Gombaseck\u00e1 jasky\u0148a\" data-height=\"250\" data-width=\"800\">\n    <div id=\"metaslider_container_3473\">\n        <div id=\"metaslider_3473\" class=\"flexslider\">\n            <ul class='slides'>\n                <li style=\"display: block; width: 100%;\" class=\"slide-21355 ms-image \" aria-roledescription=\"slide\" data-date=\"2021-12-15 10:57:54\" data-filename=\"gombasecka-jaskyna1-800x250.jpg\" data-slide-type=\"image\"><a href=\"http:\/\/www.slovensky-kras.eu\/info\/jaskyne-a-priepasti\/gombasecka-jaskyna\/\" target=\"_self\" aria-label=\"View Slide Details\" class=\"metaslider_image_link\"><img loading=\"lazy\" decoding=\"async\" src=\"https:\/\/www.slovensky-kras.eu\/info\/wp-content\/uploads\/2021\/12\/gombasecka-jaskyna1-800x250.jpg\" height=\"250\" width=\"800\" alt=\"Gombaseck\u00e1 jasky\u0148a\" class=\"slider-3473 slide-21355 msDefaultImage\" title=\"gombasecka jaskyna1\" \/><\/a><div class=\"caption-wrap\"><div class=\"caption\"><b><a href=\"http:\/\/www.slovensky-kras.eu\/info\/jaskyne-a-priepasti\/gombasecka-jaskyna\/\"><span style=\"color:#FFFF00;\">Gombaseck\u00e1 jasky\u0148a<\/span><\/a><\/b><\/div><\/div><\/li>\n            <\/ul>\n        <\/div>\n        \n    <\/div>\n<\/div>\n<div id=\"metaslider-id-3524\" style=\"max-width: 800px; margin: 0 auto;\" class=\"ml-slider-3-108-0 metaslider metaslider-flex metaslider-3524 ml-slider ms-theme-default nav-hidden nav-hidden nav-hidden\" role=\"region\" aria-label=\"Jasovska\" data-height=\"250\" data-width=\"800\">\n    <div id=\"metaslider_container_3524\">\n        <div id=\"metaslider_3524\" class=\"flexslider\">\n            <ul class='slides'>\n                <li style=\"display: block; width: 100%;\" class=\"slide-3525 ms-image \" aria-roledescription=\"slide\" data-date=\"2014-04-18 07:23:15\" data-filename=\"jasov1-667x208.jpg\" data-slide-type=\"image\"><a href=\"http:\/\/www.slovensky-kras.eu\/info\/jaskyne-a-priepasti\/jasovska-jaskyna\/\" target=\"_self\" aria-label=\"View Slide Details\" class=\"metaslider_image_link\"><img loading=\"lazy\" decoding=\"async\" src=\"https:\/\/www.slovensky-kras.eu\/info\/wp-content\/uploads\/2014\/04\/jasov1-667x208.jpg\" height=\"250\" width=\"800\" alt=\"Spr\u00edstupnen\u00e1 jasky\u0148a. Dosahuje d\u013a\u017eku 2811 m a vertik\u00e1lne rozp\u00e4tie 55 m.\" class=\"slider-3524 slide-3525 msDefaultImage\" title=\"Spr\u00edstupnen\u00e1 jasky\u0148a. Dosahuje d\u013a\u017eku 2811 m a vertik\u00e1lne rozp\u00e4tie 55 m.\" \/><\/a><div class=\"caption-wrap\"><div class=\"caption\"><b><a href=\"http:\/\/www.slovensky-kras.eu\/info\/jaskyne-a-priepasti\/jasovska-jaskyna\/\"><span style=\"color:#FFFF00;\">Jasovsk\u00e1 jasky\u0148a<\/span><\/a><\/b><\/div><\/div><\/li>\n            <\/ul>\n        <\/div>\n        \n    <\/div>\n<\/div>\n<div id=\"metaslider-id-3549\" style=\"max-width: 800px; margin: 0 auto;\" class=\"ml-slider-3-108-0 metaslider metaslider-flex metaslider-3549 ml-slider ms-theme-default nav-hidden nav-hidden nav-hidden nav-hidden\" role=\"region\" aria-label=\"Ochtinsk\u00e1 aragonitov\u00e1 jasky\u0148a\" data-height=\"250\" data-width=\"800\">\n    <div id=\"metaslider_container_3549\">\n        <div id=\"metaslider_3549\" class=\"flexslider\">\n            <ul class='slides'>\n                <li style=\"display: block; width: 100%;\" class=\"slide-21559 ms-image \" aria-roledescription=\"slide\" data-date=\"2021-12-16 14:50:17\" data-filename=\"ochtinska4-800x250.jpg\" data-slide-type=\"image\"><a href=\"https:\/\/www.slovensky-kras.eu\/info\/jaskyne-a-priepasti\/ochtinska-aragonitova-jaskyna\/\" target=\"_self\" aria-label=\"View Slide Details\" class=\"metaslider_image_link\"><img loading=\"lazy\" decoding=\"async\" src=\"https:\/\/www.slovensky-kras.eu\/info\/wp-content\/uploads\/2020\/06\/ochtinska4-800x250.jpg\" height=\"250\" width=\"800\" alt=\"Ochtinsk\u00e1 aragonitov\u00e1 jasky\u0148a\" class=\"slider-3549 slide-21559 msDefaultImage\" title=\"ochtinska4\" \/><\/a><div class=\"caption-wrap\"><div class=\"caption\"><b><a href=\"https:\/\/www.slovensky-kras.eu\/info\/jaskyne-a-priepasti\/ochtinska-aragonitova-jaskyna\/\"><span style=\"color:#FFFF00;\">Ochtinsk\u00e1 aragonitov\u00e1 jasky\u0148a<\/span><\/a><\/b><\/div><\/div><\/li>\n            <\/ul>\n        <\/div>\n        \n    <\/div>\n<\/div>\n<div id=\"metaslider-id-3528\" style=\"max-width: 800px; margin: 0 auto;\" class=\"ml-slider-3-108-0 metaslider metaslider-flex metaslider-3528 ml-slider ms-theme-default nav-hidden nav-hidden nav-hidden nav-hidden nav-hidden\" role=\"region\" aria-label=\"Krasnohorska\" data-height=\"250\" data-width=\"800\">\n    <div id=\"metaslider_container_3528\">\n        <div id=\"metaslider_3528\" class=\"flexslider\">\n            <ul class='slides'>\n                <li style=\"display: block; width: 100%;\" class=\"slide-21385 ms-image \" aria-roledescription=\"slide\" data-date=\"2021-12-15 11:55:29\" data-filename=\"krasnohorska-jaskyna2-800x250.jpg\" data-slide-type=\"image\"><a href=\"http:\/\/www.slovensky-kras.eu\/info\/jaskyne-a-priepasti\/krasnohorska-jaskyna\/\" target=\"_self\" aria-label=\"View Slide Details\" class=\"metaslider_image_link\"><img loading=\"lazy\" decoding=\"async\" src=\"https:\/\/www.slovensky-kras.eu\/info\/wp-content\/uploads\/2021\/12\/krasnohorska-jaskyna2-800x250.jpg\" height=\"250\" width=\"800\" alt=\"\" class=\"slider-3528 slide-21385 msDefaultImage\" title=\"krasnohorska jaskyna2\" \/><\/a><div class=\"caption-wrap\"><div class=\"caption\"><b><a href=\"http:\/\/www.slovensky-kras.eu\/info\/jaskyne-a-priepasti\/krasnohorska-jaskyna\/\"><span style=\"color:#FFFF00;\">Kr\u00e1snohorsk\u00e1 jasky\u0148a<\/span><\/a><\/b><\/div><\/div><\/li>\n            <\/ul>\n        <\/div>\n        \n    <\/div>\n<\/div>\n<div class=\"su-divider su-divider-style-default\" style=\"margin:15px 0;border-width:3px;border-color:#000000\"><\/div>\n<h3>Spr\u00edstupnen\u00e9 a vo\u013ene pr\u00edstupn\u00e9 vstupn\u00e9 port\u00e1ly jask\u00fd\u0148 a priepast\u00ed<\/h3>\n<div class=\"su-divider su-divider-style-default\" style=\"margin:15px 0;border-width:3px;border-color:#000000\"><\/div>\n<div id=\"metaslider-id-3533\" style=\"max-width: 800px; margin: 0 auto;\" class=\"ml-slider-3-108-0 metaslider metaslider-flex metaslider-3533 ml-slider ms-theme-default nav-hidden nav-hidden nav-hidden nav-hidden nav-hidden nav-hidden\" role=\"region\" aria-label=\"Silicka ladnica\" data-height=\"250\" data-width=\"800\">\n    <div id=\"metaslider_container_3533\">\n        <div id=\"metaslider_3533\" class=\"flexslider\">\n            <ul class='slides'>\n                <li style=\"display: block; width: 100%;\" class=\"slide-21390 ms-image \" aria-roledescription=\"slide\" data-date=\"2021-12-15 12:01:44\" data-filename=\"jaskyna-silicka-jaskyna1-800x250.jpg\" data-slide-type=\"image\"><a href=\"http:\/\/www.slovensky-kras.eu\/info\/jaskyne-a-priepasti\/jaskyna-silicka-ladnica\/\" target=\"_self\" aria-label=\"View Slide Details\" class=\"metaslider_image_link\"><img loading=\"lazy\" decoding=\"async\" src=\"https:\/\/www.slovensky-kras.eu\/info\/wp-content\/uploads\/2021\/12\/jaskyna-silicka-jaskyna1-800x250.jpg\" height=\"250\" width=\"800\" alt=\"Jasky\u0148a Silick\u00e1 \u013eadnica\" class=\"slider-3533 slide-21390 msDefaultImage\" title=\"jaskyna silicka jaskyna1\" \/><\/a><div class=\"caption-wrap\"><div class=\"caption\"><b><a href=\"http:\/\/www.slovensky-kras.eu\/info\/jaskyne-a-priepasti\/jaskyna-silicka-ladnica\/\"><span style=\"color:#FFFF00;\">Jasky\u0148a Silick\u00e1 \u013eadnica<\/span><\/a><\/b><\/div><\/div><\/li>\n            <\/ul>\n        <\/div>\n        \n    <\/div>\n<\/div>\n<div id=\"metaslider-id-3537\" style=\"max-width: 800px; margin: 0 auto;\" class=\"ml-slider-3-108-0 metaslider metaslider-flex metaslider-3537 ml-slider ms-theme-default nav-hidden nav-hidden nav-hidden nav-hidden nav-hidden nav-hidden nav-hidden\" role=\"region\" aria-label=\"Drienovska jaskyna\" data-height=\"250\" data-width=\"800\">\n    <div id=\"metaslider_container_3537\">\n        <div id=\"metaslider_3537\" class=\"flexslider\">\n            <ul class='slides'>\n                <li style=\"display: block; width: 100%;\" class=\"slide-21396 ms-image \" aria-roledescription=\"slide\" data-date=\"2021-12-15 12:18:27\" data-filename=\"drienovska-jaskyna1-1-800x250.jpg\" data-slide-type=\"image\"><a href=\"https:\/\/www.slovensky-kras.eu\/info\/jaskyne-a-priepasti\/drienovska-jaskyna\/\" target=\"_self\" aria-label=\"View Slide Details\" class=\"metaslider_image_link\"><img loading=\"lazy\" decoding=\"async\" src=\"https:\/\/www.slovensky-kras.eu\/info\/wp-content\/uploads\/2021\/12\/drienovska-jaskyna1-1-800x250.jpg\" height=\"250\" width=\"800\" alt=\"Drienovsk\u00e1 jasky\u0148a\" class=\"slider-3537 slide-21396 msDefaultImage\" title=\"drienovska jaskyna1\" \/><\/a><div class=\"caption-wrap\"><div class=\"caption\"><div><a href=\"https:\/\/www.slovensky-kras.eu\/info\/jaskyne-a-priepasti\/drienovska-jaskyna\/\"><strong><span style=\"color:#ffff00;\">Drienovsk\u00e1 jasky\u0148a<\/span><\/strong><\/a><\/div><\/div><\/div><\/li>\n            <\/ul>\n        <\/div>\n        \n    <\/div>\n<\/div>\n<div id=\"metaslider-id-4631\" style=\"max-width: 800px; margin: 0 auto;\" class=\"ml-slider-3-108-0 metaslider metaslider-flex metaslider-4631 ml-slider ms-theme-default nav-hidden nav-hidden nav-hidden nav-hidden nav-hidden nav-hidden nav-hidden nav-hidden\" role=\"region\" aria-label=\"Babska diera\" data-height=\"250\" data-width=\"800\">\n    <div id=\"metaslider_container_4631\">\n        <div id=\"metaslider_4631\" class=\"flexslider\">\n            <ul class='slides'>\n                <li style=\"display: block; width: 100%;\" class=\"slide-21402 ms-image \" aria-roledescription=\"slide\" data-date=\"2021-12-15 12:33:42\" data-filename=\"babska-diera2-800x250.jpg\" data-slide-type=\"image\"><a href=\"http:\/\/www.slovensky-kras.eu\/info\/jaskyne-a-priepasti\/babska-diera\/\" target=\"_self\" aria-label=\"View Slide Details\" class=\"metaslider_image_link\"><img loading=\"lazy\" decoding=\"async\" src=\"https:\/\/www.slovensky-kras.eu\/info\/wp-content\/uploads\/2021\/12\/babska-diera2-800x250.jpg\" height=\"250\" width=\"800\" alt=\"Jaskynn\u00e1 priepas\u0165 Babsk\u00e1 diera\" class=\"slider-4631 slide-21402 msDefaultImage\" title=\"babska diera2\" \/><\/a><div class=\"caption-wrap\"><div class=\"caption\"><b><a href=\"http:\/\/www.slovensky-kras.eu\/info\/jaskyne-a-priepasti\/babska-diera\/\"><span style=\"color:#FFFF00;\">Babsk\u00e1 diera<\/span><\/a><\/b><\/div><\/div><\/li>\n            <\/ul>\n        <\/div>\n        \n    <\/div>\n<\/div>\n<div id=\"metaslider-id-17576\" style=\"max-width: 800px; margin: 0 auto;\" class=\"ml-slider-3-108-0 metaslider metaslider-flex metaslider-17576 ml-slider ms-theme-default nav-hidden nav-hidden nav-hidden nav-hidden nav-hidden nav-hidden nav-hidden nav-hidden nav-hidden\" role=\"region\" aria-label=\"Jasky\u0148a Pe\u0161ko\" data-height=\"250\" data-width=\"800\">\n    <div id=\"metaslider_container_17576\">\n        <div id=\"metaslider_17576\" class=\"flexslider\">\n            <ul class='slides'>\n                <li style=\"display: block; width: 100%;\" class=\"slide-17578 ms-image \" aria-roledescription=\"slide\" data-date=\"2020-06-25 16:38:34\" data-filename=\"pesko-1-800x250.gif\" data-slide-type=\"image\"><a href=\"http:\/\/www.slovensky-kras.eu\/info\/kam-do-prirody\/jaskyna-pesko\/\" target=\"_self\" aria-label=\"View Slide Details\" class=\"metaslider_image_link\"><img loading=\"lazy\" decoding=\"async\" src=\"https:\/\/www.slovensky-kras.eu\/info\/wp-content\/uploads\/2020\/06\/pesko-1-800x250.gif\" height=\"250\" width=\"800\" alt=\"Jasky\u0148a Pe\u0161ko\" class=\"slider-17576 slide-17578 msDefaultImage\" title=\"Jasky\u0148a Pe\u0161ko\" \/><\/a><div class=\"caption-wrap\"><div class=\"caption\"><b><a href=\"http:\/\/www.slovensky-kras.eu\/info\/kam-do-prirody\/jaskyna-pesko\/\"><span style=\"color:#FFFF00;\">Jasky\u0148a Pe\u0161ko\n<\/span><\/a><\/b><\/div><\/div><\/li>\n            <\/ul>\n        <\/div>\n        \n    <\/div>\n<\/div> <div id=\"metaslider-id-17646\" style=\"max-width: 800px; margin: 0 auto;\" class=\"ml-slider-3-108-0 metaslider metaslider-flex metaslider-17646 ml-slider ms-theme-default nav-hidden nav-hidden nav-hidden nav-hidden nav-hidden nav-hidden nav-hidden nav-hidden nav-hidden nav-hidden\" role=\"region\" aria-label=\"Jasky\u0148a a vyviera\u010dka Pivni\u010dn\u00e1 diera\" data-height=\"250\" data-width=\"800\">\n    <div id=\"metaslider_container_17646\">\n        <div id=\"metaslider_17646\" class=\"flexslider\">\n            <ul class='slides'>\n                <li style=\"display: block; width: 100%;\" class=\"slide-17647 ms-image \" aria-roledescription=\"slide\" data-date=\"2020-06-26 08:14:20\" data-filename=\"pivnicna_diera-1-800x250.gif\" data-slide-type=\"image\"><a href=\"http:\/\/www.slovensky-kras.eu\/info\/kam-do-prirody\/jaskyna-pivnicna-diera\/\" target=\"_self\" aria-label=\"View Slide Details\" class=\"metaslider_image_link\"><img loading=\"lazy\" decoding=\"async\" src=\"https:\/\/www.slovensky-kras.eu\/info\/wp-content\/uploads\/2020\/06\/pivnicna_diera-1-800x250.gif\" height=\"250\" width=\"800\" alt=\"\" class=\"slider-17646 slide-17647 msDefaultImage\" title=\"pivnicna_diera\" \/><\/a><div class=\"caption-wrap\"><div class=\"caption\"><b><a href=\"http:\/\/www.slovensky-kras.eu\/info\/kam-do-prirody\/jaskyna-pivnicna-diera\/\"><span style=\"color:#FFFF00;\">Jasky\u0148a a vyviera\u010dka Pivni\u010dn\u00e1 diera\n<\/span><\/a><\/b><\/div><\/div><\/li>\n            <\/ul>\n        <\/div>\n        \n    <\/div>\n<\/div><div id=\"metaslider-id-20303\" style=\"max-width: 800px; margin: 0 auto;\" class=\"ml-slider-3-108-0 metaslider metaslider-flex metaslider-20303 ml-slider ms-theme-default nav-hidden nav-hidden nav-hidden nav-hidden nav-hidden nav-hidden nav-hidden nav-hidden nav-hidden nav-hidden nav-hidden\" role=\"region\" aria-label=\"Priepas\u0165 Mal\u00e1 \u017domboj (Mal\u00fd \u017domboj)\" data-height=\"250\" data-width=\"800\">\n    <div id=\"metaslider_container_20303\">\n        <div id=\"metaslider_20303\" class=\"flexslider\">\n            <ul class='slides'>\n                <li style=\"display: block; width: 100%;\" class=\"slide-20304 ms-image \" aria-roledescription=\"slide\" data-date=\"2021-04-12 13:07:51\" data-filename=\"mala-zomboj1-800x250.jpeg\" data-slide-type=\"image\"><a href=\"https:\/\/www.slovensky-kras.eu\/info\/kam-do-prirody\/priepast-mala-zomboj\/\" target=\"_self\" aria-label=\"View Slide Details\" class=\"metaslider_image_link\"><img loading=\"lazy\" decoding=\"async\" src=\"https:\/\/www.slovensky-kras.eu\/info\/wp-content\/uploads\/2021\/04\/mala-zomboj1-800x250.jpeg\" height=\"250\" width=\"800\" alt=\"Priepas\u0165 Mal\u00e1 \u017domboj (Mal\u00fd \u017domboj)\" class=\"slider-20303 slide-20304 msDefaultImage\" title=\"mala zomboj1\" \/><\/a><div class=\"caption-wrap\"><div class=\"caption\"><b><a href=\"https:\/\/www.slovensky-kras.eu\/info\/kam-do-prirody\/priepast-mala-zomboj\/\"><span style=\"color:#FFFF00;\">Priepas\u0165 Mal\u00e1 \u017domboj (Mal\u00fd \u017domboj) <\/span><\/a><\/b><\/div><\/div><\/li>\n            <\/ul>\n        <\/div>\n        \n    <\/div>\n<\/div><div id=\"metaslider-id-20988\" style=\"max-width: 800px; margin: 0 auto;\" class=\"ml-slider-3-108-0 metaslider metaslider-flex metaslider-20988 ml-slider ms-theme-default nav-hidden nav-hidden nav-hidden nav-hidden nav-hidden nav-hidden nav-hidden nav-hidden nav-hidden nav-hidden nav-hidden nav-hidden\" role=\"region\" aria-label=\"Jasky\u0148a \u010certov\u00e1 diera na planine Horn\u00fd vrch\" data-height=\"250\" data-width=\"800\">\n    <div id=\"metaslider_container_20988\">\n        <div id=\"metaslider_20988\" class=\"flexslider\">\n            <ul class='slides'>\n                <li style=\"display: block; width: 100%;\" class=\"slide-20994 ms-image \" aria-roledescription=\"slide\" data-date=\"2021-10-12 13:13:36\" data-filename=\"certova-diera3-800x250.jpg\" data-slide-type=\"image\"><a href=\"https:\/\/www.slovensky-kras.eu\/info\/kam-do-prirody\/jaskyna-certova-diera\/\" target=\"_self\" aria-label=\"View Slide Details\" class=\"metaslider_image_link\"><img loading=\"lazy\" decoding=\"async\" src=\"https:\/\/www.slovensky-kras.eu\/info\/wp-content\/uploads\/2021\/10\/certova-diera3-800x250.jpg\" height=\"250\" width=\"800\" alt=\"\" class=\"slider-20988 slide-20994 msDefaultImage\" title=\"certova diera3\" \/><\/a><div class=\"caption-wrap\"><div class=\"caption\"><b><a href=\"https:\/\/www.slovensky-kras.eu\/info\/kam-do-prirody\/jaskyna-certova-diera\/\"><span style=\"color:#FFFF00;\">Jasky\u0148a \u010certov\u00e1 diera na planine Horn\u00fd vrch\n <\/span><\/a><\/b><\/div><\/div><\/li>\n            <\/ul>\n        <\/div>\n        \n    <\/div>\n<\/div><div id=\"metaslider-id-21090\" style=\"max-width: 800px; margin: 0 auto;\" class=\"ml-slider-3-108-0 metaslider metaslider-flex metaslider-21090 ml-slider ms-theme-default nav-hidden nav-hidden nav-hidden nav-hidden nav-hidden nav-hidden nav-hidden nav-hidden nav-hidden nav-hidden nav-hidden nav-hidden nav-hidden\" role=\"region\" aria-label=\"Jasky\u0148a Olt\u00e1r (Olt\u00e1rna diera)\" data-height=\"250\" data-width=\"800\">\n    <div id=\"metaslider_container_21090\">\n        <div id=\"metaslider_21090\" class=\"flexslider\">\n            <ul class='slides'>\n                <li style=\"display: block; width: 100%;\" class=\"slide-30294 ms-image \" aria-roledescription=\"slide\" data-date=\"2026-04-18 16:55:13\" data-filename=\"oltarna-jaskyna-2-800x250.jpeg\" data-slide-type=\"image\"><a href=\"https:\/\/www.slovensky-kras.eu\/info\/jaskyne-a-priepasti\/jaskyna-oltarna-diera\/\" target=\"_self\" aria-label=\"View Slide Details\" class=\"metaslider_image_link\"><img loading=\"lazy\" decoding=\"async\" src=\"https:\/\/www.slovensky-kras.eu\/info\/wp-content\/uploads\/2026\/04\/oltarna-jaskyna-2-800x250.jpeg\" height=\"250\" width=\"800\" alt=\"Jasky\u0148a Olt\u00e1rna diera (Jasky\u0148a Olt\u00e1r)\" class=\"slider-21090 slide-30294 msDefaultImage\" title=\"Jasky\u0148a Olt\u00e1rna diera (Jasky\u0148a Olt\u00e1r)\" \/><\/a><div class=\"caption-wrap\"><div class=\"caption\"><div><strong><a href=\"https:\/\/www.slovensky-kras.eu\/info\/jaskyne-a-priepasti\/jaskyna-oltarna-diera\/\"><span style=\"color:#ffff00;\">Jasky\u0148a Olt\u00e1r (Olt\u00e1rna diera)<\/span><\/a><\/strong><\/div><\/div><\/div><\/li>\n            <\/ul>\n        <\/div>\n        \n    <\/div>\n<\/div><div id=\"metaslider-id-22555\" style=\"max-width: 800px; margin: 0 auto;\" class=\"ml-slider-3-108-0 metaslider metaslider-flex metaslider-22555 ml-slider ms-theme-default nav-hidden nav-hidden nav-hidden nav-hidden nav-hidden nav-hidden nav-hidden nav-hidden nav-hidden nav-hidden nav-hidden nav-hidden nav-hidden nav-hidden\" role=\"region\" aria-label=\"Hutnianska jasky\u0148a\" data-height=\"250\" data-width=\"800\">\n    <div id=\"metaslider_container_22555\">\n        <div id=\"metaslider_22555\" class=\"flexslider\">\n            <ul class='slides'>\n                <li style=\"display: block; width: 100%;\" class=\"slide-27862 ms-image \" aria-roledescription=\"slide\" data-date=\"2025-09-24 09:42:44\" data-filename=\"hutianska-jaskyna-800x250.png\" data-slide-type=\"image\"><a href=\"https:\/\/www.slovensky-kras.eu\/info\/jaskyne-a-priepasti\/hutnianska-jaskyna\/\" target=\"_self\" aria-label=\"View Slide Details\" class=\"metaslider_image_link\"><img loading=\"lazy\" decoding=\"async\" src=\"https:\/\/www.slovensky-kras.eu\/info\/wp-content\/uploads\/2025\/09\/hutianska-jaskyna-800x250.png\" height=\"250\" width=\"800\" alt=\"Hutnianska jasky\u0148a\" class=\"slider-22555 slide-27862 msDefaultImage\" title=\"Hutnianska jasky\u0148a\" \/><\/a><div class=\"caption-wrap\"><div class=\"caption\"><div><strong><a href=\"https:\/\/www.slovensky-kras.eu\/info\/jaskyne-a-priepasti\/hutnianska-jaskyna\/\"><span style=\"color:#ffff00;\">Hutnianska jasky\u0148a<\/span><\/a><\/strong><\/div><\/div><\/div><\/li>\n            <\/ul>\n        <\/div>\n        \n    <\/div>\n<\/div>\n<div class=\"su-divider su-divider-style-default\" style=\"margin:15px 0;border-width:3px;border-color:#000000\"><\/div>\n<h3>Nespr\u00edstupnen\u00e9 jaskyne<\/h3>\n<div class=\"su-divider su-divider-style-default\" style=\"margin:15px 0;border-width:3px;border-color:#000000\"><\/div>\n<div id=\"metaslider-id-17192\" style=\"max-width: 800px; margin: 0 auto;\" class=\"ml-slider-3-108-0 metaslider metaslider-flex metaslider-17192 ml-slider ms-theme-default nav-hidden nav-hidden nav-hidden nav-hidden nav-hidden nav-hidden nav-hidden nav-hidden nav-hidden nav-hidden nav-hidden nav-hidden nav-hidden nav-hidden nav-hidden\" role=\"region\" aria-label=\"Ma\u0161ta\u013en\u00e1 jasky\u0148a\" data-height=\"250\" data-width=\"800\">\n    <div id=\"metaslider_container_17192\">\n        <div id=\"metaslider_17192\" class=\"flexslider\">\n            <ul class='slides'>\n                <li style=\"display: block; width: 100%;\" class=\"slide-17733 ms-image \" aria-roledescription=\"slide\" data-date=\"2020-06-29 12:20:48\" data-filename=\"mastalna-j-06-800x250.jpg\" data-slide-type=\"image\"><a href=\"http:\/\/www.slovensky-kras.eu\/info\/mastalna-jaskyna\/\" target=\"_self\" aria-label=\"View Slide Details\" class=\"metaslider_image_link\"><img loading=\"lazy\" decoding=\"async\" src=\"https:\/\/www.slovensky-kras.eu\/info\/wp-content\/uploads\/2020\/06\/mastalna-j-06-800x250.jpg\" height=\"250\" width=\"800\" alt=\"\" class=\"slider-17192 slide-17733 msDefaultImage\" title=\"mastalna j-06\" \/><\/a><div class=\"caption-wrap\"><div class=\"caption\"><b><a href=\"http:\/\/www.slovensky-kras.eu\/info\/mastalna-jaskyna\/\"><span style=\"color:#FFFF00;\">Ma\u0161ta\u013en\u00e1 jasky\u0148a\n<\/span><\/a><\/b><\/div><\/div><\/li>\n            <\/ul>\n        <\/div>\n        \n    <\/div>\n<\/div>\n<div id=\"metaslider-id-3545\" style=\"max-width: 800px; margin: 0 auto;\" class=\"ml-slider-3-108-0 metaslider metaslider-flex metaslider-3545 ml-slider ms-theme-default nav-hidden nav-hidden nav-hidden nav-hidden nav-hidden nav-hidden nav-hidden nav-hidden nav-hidden nav-hidden nav-hidden nav-hidden nav-hidden nav-hidden nav-hidden nav-hidden\" role=\"region\" aria-label=\"Zbojn\u00edcka jasky\u0148a\" data-height=\"250\" data-width=\"800\">\n    <div id=\"metaslider_container_3545\">\n        <div id=\"metaslider_3545\" class=\"flexslider\">\n            <ul class='slides'>\n                <li style=\"display: block; width: 100%;\" class=\"slide-28509 ms-image \" aria-roledescription=\"slide\" data-date=\"2025-11-13 04:15:35\" data-filename=\"zbojnicka-jaskyna-800x250.jpg\" data-slide-type=\"image\"><a href=\"https:\/\/www.slovensky-kras.eu\/info\/kam-do-prirody\/zbojnicka-jaskyna\/\" target=\"_self\" aria-label=\"View Slide Details\" class=\"metaslider_image_link\"><img loading=\"lazy\" decoding=\"async\" src=\"https:\/\/www.slovensky-kras.eu\/info\/wp-content\/uploads\/2020\/11\/zbojnicka-jaskyna-800x250.jpg\" height=\"250\" width=\"800\" alt=\"Zbojn\u00edcka jasky\u0148a\" class=\"slider-3545 slide-28509 msDefaultImage\" title=\"Zbojn\u00edcka jasky\u0148a\" \/><\/a><div class=\"caption-wrap\"><div class=\"caption\"><div><strong><span style=\"color:rgb(255,244,0);\"><a style=\"color:rgb(255,244,0);\" href=\"https:\/\/www.slovensky-kras.eu\/info\/kam-do-prirody\/zbojnicka-jaskyna\/\">Zbojn\u00edcka jasky\u0148a<\/a><\/span><\/strong><\/div><\/div><\/div><\/li>\n            <\/ul>\n        <\/div>\n        \n    <\/div>\n<\/div>\n<div id=\"metaslider-id-4800\" style=\"max-width: 800px; margin: 0 auto;\" class=\"ml-slider-3-108-0 metaslider metaslider-flex metaslider-4800 ml-slider ms-theme-default nav-hidden nav-hidden nav-hidden nav-hidden nav-hidden nav-hidden nav-hidden nav-hidden nav-hidden nav-hidden nav-hidden nav-hidden nav-hidden nav-hidden nav-hidden nav-hidden nav-hidden\" role=\"region\" aria-label=\"Ardovska jaskyna\" data-height=\"250\" data-width=\"800\">\n    <div id=\"metaslider_container_4800\">\n        <div id=\"metaslider_4800\" class=\"flexslider\">\n            <ul class='slides'>\n                <li style=\"display: block; width: 100%;\" class=\"slide-10648 ms-image \" aria-roledescription=\"slide\" data-date=\"2017-03-02 06:30:31\" data-filename=\"ardovska-500x156.jpg\" data-slide-type=\"image\"><a href=\"http:\/\/www.slovensky-kras.eu\/info\/jaskyne-a-priepasti\/ardovska-jaskyna\/\" target=\"_self\" aria-label=\"View Slide Details\" class=\"metaslider_image_link\"><img loading=\"lazy\" decoding=\"async\" src=\"https:\/\/www.slovensky-kras.eu\/info\/wp-content\/uploads\/2017\/03\/ardovska-500x156.jpg\" height=\"250\" width=\"800\" alt=\"\" class=\"slider-4800 slide-10648 msDefaultImage\" \/><\/a><div class=\"caption-wrap\"><div class=\"caption\"><b><a href=\"http:\/\/www.slovensky-kras.eu\/info\/jaskyne-a-priepasti\/ardovska-jaskyna\/\"><span style=\"color:#FFFF00;\">Ardovsk\u00e1 Jasky\u0148a<\/span><\/a><\/b><\/div><\/div><\/li>\n            <\/ul>\n        <\/div>\n        \n    <\/div>\n<\/div>\n<div id=\"metaslider-id-7438\" style=\"max-width: 800px; margin: 0 auto;\" class=\"ml-slider-3-108-0 metaslider metaslider-flex metaslider-7438 ml-slider ms-theme-default nav-hidden nav-hidden nav-hidden nav-hidden nav-hidden nav-hidden nav-hidden nav-hidden nav-hidden nav-hidden nav-hidden nav-hidden nav-hidden nav-hidden nav-hidden nav-hidden nav-hidden nav-hidden\" role=\"region\" aria-label=\"Jasky\u0148a Skalist\u00fd potok\" data-height=\"250\" data-width=\"800\">\n    <div id=\"metaslider_container_7438\">\n        <div id=\"metaslider_7438\" class=\"flexslider\">\n            <ul class='slides'>\n                <li style=\"display: block; width: 100%;\" class=\"slide-21471 ms-image \" aria-roledescription=\"slide\" data-date=\"2021-12-16 07:13:26\" data-filename=\"skalisty-potok-800x250.jpg\" data-slide-type=\"image\"><a href=\"http:\/\/www.slovensky-kras.eu\/info\/jaskyne-a-priepasti\/jaskyna-skalisty-potok\/\" target=\"_self\" aria-label=\"View Slide Details\" class=\"metaslider_image_link\"><img loading=\"lazy\" decoding=\"async\" src=\"https:\/\/www.slovensky-kras.eu\/info\/wp-content\/uploads\/2021\/12\/skalisty-potok-800x250.jpg\" height=\"250\" width=\"800\" alt=\"Jasky\u0148a Skalist\u00fd potok\" class=\"slider-7438 slide-21471 msDefaultImage\" title=\"skalisty-potok\" \/><\/a><div class=\"caption-wrap\"><div class=\"caption\"><b><a href=\"http:\/\/www.slovensky-kras.eu\/info\/jaskyne-a-priepasti\/jaskyna-skalisty-potok\/\"><span style=\"color:#FFFF00;\">Jasky\u0148a Skalist\u00fd potok<\/span><\/a><\/b><\/div><\/div><\/li>\n            <\/ul>\n        <\/div>\n        \n    <\/div>\n<\/div>\n<div id=\"metaslider-id-7491\" style=\"max-width: 800px; margin: 0 auto;\" class=\"ml-slider-3-108-0 metaslider metaslider-flex metaslider-7491 ml-slider ms-theme-default nav-hidden nav-hidden nav-hidden nav-hidden nav-hidden nav-hidden nav-hidden nav-hidden nav-hidden nav-hidden nav-hidden nav-hidden nav-hidden nav-hidden nav-hidden nav-hidden nav-hidden nav-hidden nav-hidden\" role=\"region\" aria-label=\"Hru\u0161ovsk\u00e1 jasky\u0148a\" data-height=\"250\" data-width=\"800\">\n    <div id=\"metaslider_container_7491\">\n        <div id=\"metaslider_7491\" class=\"flexslider\">\n            <ul class='slides'>\n                <li style=\"display: block; width: 100%;\" class=\"slide-7492 ms-image \" aria-roledescription=\"slide\" data-date=\"2016-02-01 20:21:47\" data-filename=\"m_6936-800x250.jpg\" data-slide-type=\"image\"><a href=\"http:\/\/www.slovensky-kras.eu\/info\/jaskyne-a-priepasti\/hrusovska-jaskyna\/\" target=\"_self\" aria-label=\"View Slide Details\" class=\"metaslider_image_link\"><img loading=\"lazy\" decoding=\"async\" src=\"https:\/\/www.slovensky-kras.eu\/info\/wp-content\/uploads\/2016\/02\/m_6936-800x250.jpg\" height=\"250\" width=\"800\" alt=\"\" class=\"slider-7491 slide-7492 msDefaultImage\" \/><\/a><div class=\"caption-wrap\"><div class=\"caption\"><b><a href=\"http:\/\/www.slovensky-kras.eu\/info\/jaskyne-a-priepasti\/hrusovska-jaskyna\/\"><span style=\"color:#FFFF00;\">Hru\u0161ovsk\u00e1 jasky\u0148a<\/span><\/a><\/b><\/div><\/div><\/li>\n            <\/ul>\n        <\/div>\n        \n    <\/div>\n<\/div>\n<div id=\"metaslider-id-7521\" style=\"max-width: 800px; margin: 0 auto;\" class=\"ml-slider-3-108-0 metaslider metaslider-flex metaslider-7521 ml-slider ms-theme-default nav-hidden nav-hidden nav-hidden nav-hidden nav-hidden nav-hidden nav-hidden nav-hidden nav-hidden nav-hidden nav-hidden nav-hidden nav-hidden nav-hidden nav-hidden nav-hidden nav-hidden nav-hidden nav-hidden nav-hidden\" role=\"region\" aria-label=\"Jasky\u0148a Milada\" data-height=\"250\" data-width=\"800\">\n    <div id=\"metaslider_container_7521\">\n        <div id=\"metaslider_7521\" class=\"flexslider\">\n            <ul class='slides'>\n                <li style=\"display: block; width: 100%;\" class=\"slide-7522 ms-image \" aria-roledescription=\"slide\" data-date=\"2016-02-03 10:34:18\" data-filename=\"m_3154-800x250.jpg\" data-slide-type=\"image\"><a href=\"http:\/\/www.slovensky-kras.eu\/info\/jaskyne-a-priepasti\/jaskyna-milada\/\" target=\"_self\" aria-label=\"View Slide Details\" class=\"metaslider_image_link\"><img loading=\"lazy\" decoding=\"async\" src=\"https:\/\/www.slovensky-kras.eu\/info\/wp-content\/uploads\/2016\/02\/m_3154-800x250.jpg\" height=\"250\" width=\"800\" alt=\"Jasky\u0148a Milada\" class=\"slider-7521 slide-7522 msDefaultImage\" \/><\/a><div class=\"caption-wrap\"><div class=\"caption\"><b><a href=\"http:\/\/www.slovensky-kras.eu\/info\/jaskyne-a-priepasti\/jaskyna-milada\/\"><span style=\"color:#FFFF00;\">Jasky\u0148a Milada<\/span><\/a><\/b><\/div><\/div><\/li>\n            <\/ul>\n        <\/div>\n        \n    <\/div>\n<\/div>\n<div id=\"metaslider-id-7540\" style=\"max-width: 800px; margin: 0 auto;\" class=\"ml-slider-3-108-0 metaslider metaslider-flex metaslider-7540 ml-slider ms-theme-default nav-hidden nav-hidden nav-hidden nav-hidden nav-hidden nav-hidden nav-hidden nav-hidden nav-hidden nav-hidden nav-hidden nav-hidden nav-hidden nav-hidden nav-hidden nav-hidden nav-hidden nav-hidden nav-hidden nav-hidden nav-hidden\" role=\"region\" aria-label=\"Jasky\u0148a Sne\u017en\u00e1 diera\" data-height=\"250\" data-width=\"800\">\n    <div id=\"metaslider_container_7540\">\n        <div id=\"metaslider_7540\" class=\"flexslider\">\n            <ul class='slides'>\n                <li style=\"display: block; width: 100%;\" class=\"slide-7541 ms-image \" aria-roledescription=\"slide\" data-date=\"2016-02-03 18:52:09\" data-filename=\"Snezna_priepast-675x210.jpg\" data-slide-type=\"image\"><a href=\"http:\/\/www.slovensky-kras.eu\/info\/jaskyne-a-priepasti\/jaskyna-snezna-diera\/\" target=\"_self\" aria-label=\"View Slide Details\" class=\"metaslider_image_link\"><img loading=\"lazy\" decoding=\"async\" src=\"https:\/\/www.slovensky-kras.eu\/info\/wp-content\/uploads\/2016\/02\/Snezna_priepast-675x210.jpg\" height=\"250\" width=\"800\" alt=\"\" class=\"slider-7540 slide-7541 msDefaultImage\" \/><\/a><div class=\"caption-wrap\"><div class=\"caption\"><b><a href=\"http:\/\/www.slovensky-kras.eu\/info\/jaskyne-a-priepasti\/jaskyna-snezna-diera\/\"><span style=\"color:#FFFF00;\">Jasky\u0148a Sne\u017en\u00e1 diera<\/span><\/a><\/b><\/div><\/div><\/li>\n            <\/ul>\n        <\/div>\n        \n    <\/div>\n<\/div>\n<div id=\"metaslider-id-7624\" style=\"max-width: 800px; margin: 0 auto;\" class=\"ml-slider-3-108-0 metaslider metaslider-flex metaslider-7624 ml-slider ms-theme-default nav-hidden nav-hidden nav-hidden nav-hidden nav-hidden nav-hidden nav-hidden nav-hidden nav-hidden nav-hidden nav-hidden nav-hidden nav-hidden nav-hidden nav-hidden nav-hidden nav-hidden nav-hidden nav-hidden nav-hidden nav-hidden nav-hidden\" role=\"region\" aria-label=\"Moldavsk\u00e1 jasky\u0148a\" data-height=\"250\" data-width=\"800\">\n    <div id=\"metaslider_container_7624\">\n        <div id=\"metaslider_7624\" class=\"flexslider\">\n            <ul class='slides'>\n                <li style=\"display: block; width: 100%;\" class=\"slide-7625 ms-image \" aria-roledescription=\"slide\" data-date=\"2016-02-05 21:56:39\" data-filename=\"DSC_0813-800x250.jpg\" data-slide-type=\"image\"><a href=\"http:\/\/www.slovensky-kras.eu\/info\/jaskyne-a-priepasti\/moldavska-jaskyna\/\" target=\"_self\" aria-label=\"View Slide Details\" class=\"metaslider_image_link\"><img loading=\"lazy\" decoding=\"async\" src=\"https:\/\/www.slovensky-kras.eu\/info\/wp-content\/uploads\/2016\/02\/DSC_0813-800x250.jpg\" height=\"250\" width=\"800\" alt=\"\" class=\"slider-7624 slide-7625 msDefaultImage\" \/><\/a><div class=\"caption-wrap\"><div class=\"caption\"><b><a href=\"http:\/\/www.slovensky-kras.eu\/info\/jaskyne-a-priepasti\/moldavska-jaskyna\/\"><span style=\"color:#FFFF00;\">Moldavsk\u00e1 jasky\u0148a<\/span><\/a><\/b><\/div><\/div><\/li>\n            <\/ul>\n        <\/div>\n        \n    <\/div>\n<\/div>\n<div id=\"metaslider-id-3541\" style=\"max-width: 800px; margin: 0 auto;\" class=\"ml-slider-3-108-0 metaslider metaslider-flex metaslider-3541 ml-slider ms-theme-default nav-hidden nav-hidden nav-hidden nav-hidden nav-hidden nav-hidden nav-hidden nav-hidden nav-hidden nav-hidden nav-hidden nav-hidden nav-hidden nav-hidden nav-hidden nav-hidden nav-hidden nav-hidden nav-hidden nav-hidden nav-hidden nav-hidden nav-hidden\" role=\"region\" aria-label=\"Hacavska jaskyna\" data-height=\"250\" data-width=\"800\">\n    <div id=\"metaslider_container_3541\">\n        <div id=\"metaslider_3541\" class=\"flexslider\">\n            <ul class='slides'>\n                <li style=\"display: block; width: 100%;\" class=\"slide-27895 ms-image \" aria-roledescription=\"slide\" data-date=\"2025-09-28 09:07:32\" data-filename=\"Vstup-do-hacavskej-jaskyne-1-800x250.png\" data-slide-type=\"image\"><a href=\"http:\/\/www.slovensky-kras.eu\/info\/jaskyne-a-priepasti\/hacavska-jaskyna\/\" target=\"_self\" aria-label=\"View Slide Details\" class=\"metaslider_image_link\"><img loading=\"lazy\" decoding=\"async\" src=\"https:\/\/www.slovensky-kras.eu\/info\/wp-content\/uploads\/2025\/09\/Vstup-do-hacavskej-jaskyne-1-800x250.png\" height=\"250\" width=\"800\" alt=\"Ha\u010davsk\u00e1 jasky\u0148a\" class=\"slider-3541 slide-27895 msDefaultImage\" title=\"Vstup do hacavskej jaskyne\" \/><\/a><div class=\"caption-wrap\"><div class=\"caption\"><div><strong><a href=\"http:\/\/www.slovensky-kras.eu\/info\/jaskyne-a-priepasti\/hacavska-jaskyna\/\"><span style=\"color:#ffff00;\">Ha\u010davsk\u00e1 jasky\u0148a<\/span><\/a><\/strong><\/div><\/div><\/div><\/li>\n            <\/ul>\n        <\/div>\n        \n    <\/div>\n<\/div><div id=\"metaslider-id-20382\" style=\"max-width: 800px; margin: 0 auto;\" class=\"ml-slider-3-108-0 metaslider metaslider-flex metaslider-20382 ml-slider ms-theme-default nav-hidden nav-hidden nav-hidden nav-hidden nav-hidden nav-hidden nav-hidden nav-hidden nav-hidden nav-hidden nav-hidden nav-hidden nav-hidden nav-hidden nav-hidden nav-hidden nav-hidden nav-hidden nav-hidden nav-hidden nav-hidden nav-hidden nav-hidden nav-hidden\" role=\"region\" aria-label=\"Silick\u00e1 jasky\u0148a\" data-height=\"250\" data-width=\"800\">\n    <div id=\"metaslider_container_20382\">\n        <div id=\"metaslider_20382\" class=\"flexslider\">\n            <ul class='slides'>\n                <li style=\"display: block; width: 100%;\" class=\"slide-20383 ms-image \" aria-roledescription=\"slide\" data-date=\"2021-04-16 14:30:47\" data-filename=\"silcka-jaskyna-800x250.jpeg\" data-slide-type=\"image\"><a href=\"https:\/\/www.slovensky-kras.eu\/info\/kam-do-prirody\/silicka-jaskyna\/\" target=\"_self\" aria-label=\"View Slide Details\" class=\"metaslider_image_link\"><img loading=\"lazy\" decoding=\"async\" src=\"https:\/\/www.slovensky-kras.eu\/info\/wp-content\/uploads\/2021\/04\/silcka-jaskyna-800x250.jpeg\" height=\"250\" width=\"800\" alt=\"Silick\u00e1 jasky\u0148a\" class=\"slider-20382 slide-20383 msDefaultImage\" title=\"silcka jaskyna\" \/><\/a><div class=\"caption-wrap\"><div class=\"caption\"><b><a href=\"https:\/\/www.slovensky-kras.eu\/info\/kam-do-prirody\/silicka-jaskyna\/\"><span style=\"color:#FFFF00;\">Silick\u00e1 jasky\u0148a<\/span><\/a><\/b><\/div><\/div><\/li>\n            <\/ul>\n        <\/div>\n        \n    <\/div>\n<\/div>\n<div class=\"su-divider su-divider-style-default\" style=\"margin:15px 0;border-width:3px;border-color:#000000\"><\/div>\n<h3>Priepasti<\/h3>\n<div class=\"su-divider su-divider-style-default\" style=\"margin:15px 0;border-width:3px;border-color:#000000\"><\/div>\n<div id=\"metaslider-id-7468\" style=\"max-width: 800px; margin: 0 auto;\" class=\"ml-slider-3-108-0 metaslider metaslider-flex metaslider-7468 ml-slider ms-theme-default nav-hidden nav-hidden nav-hidden nav-hidden nav-hidden nav-hidden nav-hidden nav-hidden nav-hidden nav-hidden nav-hidden nav-hidden nav-hidden nav-hidden nav-hidden nav-hidden nav-hidden nav-hidden nav-hidden nav-hidden nav-hidden nav-hidden nav-hidden nav-hidden nav-hidden\" role=\"region\" aria-label=\"Obrovsk\u00e1 priepas\u0165\" data-height=\"250\" data-width=\"800\">\n    <div id=\"metaslider_container_7468\">\n        <div id=\"metaslider_7468\" class=\"flexslider\">\n            <ul class='slides'>\n                <li style=\"display: block; width: 100%;\" class=\"slide-7469 ms-image \" aria-roledescription=\"slide\" data-date=\"2016-02-01 19:13:18\" data-filename=\"obrovsk\u00e1-440x137.jpg\" data-slide-type=\"image\"><a href=\"http:\/\/www.slovensky-kras.eu\/info\/jaskyne-a-priepasti\/obrovska-priepast\/\" target=\"_self\" aria-label=\"View Slide Details\" class=\"metaslider_image_link\"><img loading=\"lazy\" decoding=\"async\" src=\"https:\/\/www.slovensky-kras.eu\/info\/wp-content\/uploads\/2016\/02\/obrovsk\u00e1-440x137.jpg\" height=\"250\" width=\"800\" alt=\"\" class=\"slider-7468 slide-7469 msDefaultImage\" \/><\/a><div class=\"caption-wrap\"><div class=\"caption\"><b><a href=\"http:\/\/www.slovensky-kras.eu\/info\/jaskyne-a-priepasti\/obrovska-priepast\/\"><span style=\"color:#FFFF00;\">Obrovsk\u00e1 priepas\u0165<\/span><\/a><\/b><\/div><\/div><\/li>\n            <\/ul>\n        <\/div>\n        \n    <\/div>\n<\/div>\n<div id=\"metaslider-id-7557\" style=\"max-width: 800px; margin: 0 auto;\" class=\"ml-slider-3-108-0 metaslider metaslider-flex metaslider-7557 ml-slider ms-theme-default nav-hidden nav-hidden nav-hidden nav-hidden nav-hidden nav-hidden nav-hidden nav-hidden nav-hidden nav-hidden nav-hidden nav-hidden nav-hidden nav-hidden nav-hidden nav-hidden nav-hidden nav-hidden nav-hidden nav-hidden nav-hidden nav-hidden nav-hidden nav-hidden nav-hidden nav-hidden\" role=\"region\" aria-label=\"Divia\u010dia priepas\u0165\" data-height=\"250\" data-width=\"800\">\n    <div id=\"metaslider_container_7557\">\n        <div id=\"metaslider_7557\" class=\"flexslider\">\n            <ul class='slides'>\n                <li style=\"display: block; width: 100%;\" class=\"slide-7558 ms-image \" aria-roledescription=\"slide\" data-date=\"2016-02-05 10:08:13\" data-filename=\"diviacia_2-667x208.jpg\" data-slide-type=\"image\"><a href=\"http:\/\/www.slovensky-kras.eu\/info\/jaskyne-a-priepasti\/diviacia-priepast\/\" target=\"_self\" aria-label=\"View Slide Details\" class=\"metaslider_image_link\"><img loading=\"lazy\" decoding=\"async\" src=\"https:\/\/www.slovensky-kras.eu\/info\/wp-content\/uploads\/2016\/02\/diviacia_2-667x208.jpg\" height=\"250\" width=\"800\" alt=\"\" class=\"slider-7557 slide-7558 msDefaultImage\" \/><\/a><div class=\"caption-wrap\"><div class=\"caption\"><b><a href=\"http:\/\/www.slovensky-kras.eu\/info\/jaskyne-a-priepasti\/diviacia-priepast\/\"><span style=\"color:#FFFF00;\">Divia\u010dia priepas\u0165<\/span><\/a><\/b><\/div><\/div><\/li>\n            <\/ul>\n        <\/div>\n        \n    <\/div>\n<\/div>\n<div id=\"metaslider-id-7606\" style=\"max-width: 800px; margin: 0 auto;\" class=\"ml-slider-3-108-0 metaslider metaslider-flex metaslider-7606 ml-slider ms-theme-default nav-hidden nav-hidden nav-hidden nav-hidden nav-hidden nav-hidden nav-hidden nav-hidden nav-hidden nav-hidden nav-hidden nav-hidden nav-hidden nav-hidden nav-hidden nav-hidden nav-hidden nav-hidden nav-hidden nav-hidden nav-hidden nav-hidden nav-hidden nav-hidden nav-hidden nav-hidden nav-hidden\" role=\"region\" aria-label=\"Priepas\u0165 Zvoniv\u00e1 jama\" data-height=\"250\" data-width=\"800\">\n    <div id=\"metaslider_container_7606\">\n        <div id=\"metaslider_7606\" class=\"flexslider\">\n            <ul class='slides'>\n                <li style=\"display: block; width: 100%;\" class=\"slide-7607 ms-image \" aria-roledescription=\"slide\" data-date=\"2016-02-05 20:59:31\" data-filename=\"zvonica01-800x250.jpg\" data-slide-type=\"image\"><a href=\"http:\/\/www.slovensky-kras.eu\/info\/jaskyne-a-priepasti\/priepast-zvoniva-jama\/\" target=\"_self\" aria-label=\"View Slide Details\" class=\"metaslider_image_link\"><img loading=\"lazy\" decoding=\"async\" src=\"https:\/\/www.slovensky-kras.eu\/info\/wp-content\/uploads\/2016\/02\/zvonica01-800x250.jpg\" height=\"250\" width=\"800\" alt=\"\" class=\"slider-7606 slide-7607 msDefaultImage\" \/><\/a><div class=\"caption-wrap\"><div class=\"caption\"><b><a href=\"http:\/\/www.slovensky-kras.eu\/info\/jaskyne-a-priepasti\/priepast-zvoniva-jama\/\"><span style=\"color:#FFFF00;\">Priepas\u0165 Zvoniv\u00e1 jama<\/span><\/a><\/b><\/div><\/div><\/li>\n            <\/ul>\n        <\/div>\n        \n    <\/div>\n<\/div>\n<div id=\"metaslider-id-7581\" style=\"max-width: 800px; margin: 0 auto;\" class=\"ml-slider-3-108-0 metaslider metaslider-flex metaslider-7581 ml-slider ms-theme-default nav-hidden nav-hidden nav-hidden nav-hidden nav-hidden nav-hidden nav-hidden nav-hidden nav-hidden nav-hidden nav-hidden nav-hidden nav-hidden nav-hidden nav-hidden nav-hidden nav-hidden nav-hidden nav-hidden nav-hidden nav-hidden nav-hidden nav-hidden nav-hidden nav-hidden nav-hidden nav-hidden nav-hidden\" role=\"region\" aria-label=\"Kunia priepas\u0165\" data-height=\"250\" data-width=\"800\">\n    <div id=\"metaslider_container_7581\">\n        <div id=\"metaslider_7581\" class=\"flexslider\">\n            <ul class='slides'>\n                <li style=\"display: block; width: 100%;\" class=\"slide-7582 ms-image \" aria-roledescription=\"slide\" data-date=\"2016-02-05 14:39:14\" data-filename=\"m_0219-800x250.jpg\" data-slide-type=\"image\"><a href=\"http:\/\/www.slovensky-kras.eu\/info\/jaskyne-a-priepasti\/kunia-priepast\/\" target=\"_self\" aria-label=\"View Slide Details\" class=\"metaslider_image_link\"><img loading=\"lazy\" decoding=\"async\" src=\"https:\/\/www.slovensky-kras.eu\/info\/wp-content\/uploads\/2016\/02\/m_0219-800x250.jpg\" height=\"250\" width=\"800\" alt=\"\" class=\"slider-7581 slide-7582 msDefaultImage\" \/><\/a><div class=\"caption-wrap\"><div class=\"caption\"><b><a href=\"http:\/\/www.slovensky-kras.eu\/info\/jaskyne-a-priepasti\/kunia-priepast\/\"><span style=\"color:#FFFF00;\">Kunia priepas\u0165<\/span><\/a><\/b><\/div><\/div><\/li>\n            <\/ul>\n        <\/div>\n        \n    <\/div>\n<\/div>\n<div id=\"metaslider-id-8932\" style=\"max-width: 800px; margin: 0 auto;\" class=\"ml-slider-3-108-0 metaslider metaslider-flex metaslider-8932 ml-slider ms-theme-default nav-hidden nav-hidden nav-hidden nav-hidden nav-hidden nav-hidden nav-hidden nav-hidden nav-hidden nav-hidden nav-hidden nav-hidden nav-hidden nav-hidden nav-hidden nav-hidden nav-hidden nav-hidden nav-hidden nav-hidden nav-hidden nav-hidden nav-hidden nav-hidden nav-hidden nav-hidden nav-hidden nav-hidden nav-hidden\" role=\"region\" aria-label=\"Priepas\u0165 Br\u00e1zda\" data-height=\"250\" data-width=\"800\">\n    <div id=\"metaslider_container_8932\">\n        <div id=\"metaslider_8932\" class=\"flexslider\">\n            <ul class='slides'>\n                <li style=\"display: block; width: 100%;\" class=\"slide-27915 ms-image \" aria-roledescription=\"slide\" data-date=\"2025-09-29 09:04:35\" data-filename=\"Priepast-Brazda-1-800x250.png\" data-slide-type=\"image\"><a href=\"http:\/\/www.slovensky-kras.eu\/info\/jaskyne-a-priepasti\/priepast-brazda\/\" target=\"_self\" aria-label=\"View Slide Details\" class=\"metaslider_image_link\"><img loading=\"lazy\" decoding=\"async\" src=\"https:\/\/www.slovensky-kras.eu\/info\/wp-content\/uploads\/2025\/09\/Priepast-Brazda-1-800x250.png\" height=\"250\" width=\"800\" alt=\"Priepas\u0165 Br\u00e1zda (Silick\u00e1 priepas\u0165)\" class=\"slider-8932 slide-27915 msDefaultImage\" title=\"Priepast Brazda\" \/><\/a><div class=\"caption-wrap\"><div class=\"caption\"><div><strong><a href=\"http:\/\/www.slovensky-kras.eu\/info\/jaskyne-a-priepasti\/priepast-brazda\/\"><span style=\"color:#ffff00;\">Priepas\u0165 Br\u00e1zda<\/span><\/a><\/strong><\/div><\/div><\/div><\/li>\n            <\/ul>\n        <\/div>\n        \n    <\/div>\n<\/div> <\/p>\n<h3>Priepasti v NP Aggtelek (Aggteleki Nemzeti Park)<\/h3>\n<div id=\"metaslider-id-21272\" style=\"max-width: 800px; margin: 0 auto;\" class=\"ml-slider-3-108-0 metaslider metaslider-flex metaslider-21272 ml-slider ms-theme-default nav-hidden nav-hidden nav-hidden nav-hidden nav-hidden nav-hidden nav-hidden nav-hidden nav-hidden nav-hidden nav-hidden nav-hidden nav-hidden nav-hidden nav-hidden nav-hidden nav-hidden nav-hidden nav-hidden nav-hidden nav-hidden nav-hidden nav-hidden nav-hidden nav-hidden nav-hidden nav-hidden nav-hidden nav-hidden nav-hidden\" role=\"region\" aria-label=\"Priepas\u0165 Vecsemb\u00fckki zsomboly v NP Aggtelek (Aggteleki Nemzeti Park)\" data-height=\"250\" data-width=\"800\">\n    <div id=\"metaslider_container_21272\">\n        <div id=\"metaslider_21272\" class=\"flexslider\">\n            <ul class='slides'>\n                <li style=\"display: block; width: 100%;\" class=\"slide-21274 ms-image \" aria-roledescription=\"slide\" data-date=\"2021-12-12 13:48:24\" data-filename=\"Vecsembukki-zsomboly-800x250.jpg\" data-slide-type=\"image\"><a href=\"https:\/\/www.slovensky-kras.eu\/info\/kam-do-prirody\/priepast-vecsembukki-zsomboly-v-aggteleki-nemzeti-park\/\" target=\"_self\" aria-label=\"View Slide Details\" class=\"metaslider_image_link\"><img loading=\"lazy\" decoding=\"async\" src=\"https:\/\/www.slovensky-kras.eu\/info\/wp-content\/uploads\/2021\/12\/Vecsembukki-zsomboly-800x250.jpg\" height=\"250\" width=\"800\" alt=\"\" class=\"slider-21272 slide-21274 msDefaultImage\" title=\"Vecsemb\u00fckki zsomboly\" \/><\/a><div class=\"caption-wrap\"><div class=\"caption\"><b><a href=\"https:\/\/www.slovensky-kras.eu\/info\/kam-do-prirody\/priepast-vecsembukki-zsomboly-v-aggteleki-nemzeti-park\/\"><span style=\"color:#FFFF00;\">Priepas\u0165 Vecsemb\u00fckki zsomboly v NP Aggtelek (Aggteleki Nemzeti Park)<\/span><\/a><\/b><\/div><\/div><\/li>\n            <\/ul>\n        <\/div>\n        \n    <\/div>\n<\/div>\n<div class=\"su-divider su-divider-style-default\" style=\"margin:15px 0;border-width:3px;border-color:#000000\"><\/div>\n<div class=\"su-divider su-divider-style-default\" style=\"margin:15px 0;border-width:3px;border-color:#000000\"><\/div>\n","protected":false},"excerpt":{"rendered":"<p>Menu: Podkateg\u00f3ria: Spr\u00edstupnen\u00e9 a spoplatnen\u00e9 jaskyne Spr\u00edstupnen\u00e9 a vo\u013ene pr\u00edstupn\u00e9 vstupn\u00e9 port\u00e1ly jask\u00fd\u0148 a priepast\u00ed Nespr\u00edstupnen\u00e9 jaskyne Priepasti Priepasti v NP Aggtelek (Aggteleki Nemzeti Park)<\/p>\n","protected":false},"author":1,"featured_media":0,"parent":0,"menu_order":6,"comment_status":"closed","ping_status":"open","template":"","meta":{"_uag_custom_page_level_css":"","footnotes":""},"class_list":["post-17","page","type-page","status-publish","hentry"],"featured_image_src":"","featured_image_src_square":false,"rbea_author_info":{"display_name":"admin","author_link":"https:\/\/www.slovensky-kras.eu\/info\/author\/admin\/"},"rbea_excerpt_info":"Menu: Podkateg\u00f3ria: Spr\u00edstupnen\u00e9 a spoplatnen\u00e9 jaskyne Spr\u00edstupnen\u00e9 a vo\u013ene pr\u00edstupn\u00e9 vstupn\u00e9 port\u00e1ly jask\u00fd\u0148 a priepast\u00ed Nespr\u00edstupnen\u00e9 jaskyne Priepasti Priepasti v NP Aggtelek (Aggteleki Nemzeti Park)","uagb_featured_image_src":{"full":false,"thumbnail":false,"medium":false,"medium_large":false,"large":false,"1536x1536":false,"2048x2048":false},"uagb_author_info":{"display_name":"admin","author_link":"https:\/\/www.slovensky-kras.eu\/info\/author\/admin\/"},"uagb_comment_info":0,"uagb_excerpt":"Menu: Podkateg\u00f3ria: Spr\u00edstupnen\u00e9 a spoplatnen\u00e9 jaskyne Spr\u00edstupnen\u00e9 a vo\u013ene pr\u00edstupn\u00e9 vstupn\u00e9 port\u00e1ly jask\u00fd\u0148 a priepast\u00ed Nespr\u00edstupnen\u00e9 jaskyne Priepasti Priepasti v NP Aggtelek (Aggteleki Nemzeti Park)","_links":{"self":[{"href":"https:\/\/www.slovensky-kras.eu\/info\/wp-json\/wp\/v2\/pages\/17","targetHints":{"allow":["GET"]}}],"collection":[{"href":"https:\/\/www.slovensky-kras.eu\/info\/wp-json\/wp\/v2\/pages"}],"about":[{"href":"https:\/\/www.slovensky-kras.eu\/info\/wp-json\/wp\/v2\/types\/page"}],"author":[{"embeddable":true,"href":"https:\/\/www.slovensky-kras.eu\/info\/wp-json\/wp\/v2\/users\/1"}],"replies":[{"embeddable":true,"href":"https:\/\/www.slovensky-kras.eu\/info\/wp-json\/wp\/v2\/comments?post=17"}],"version-history":[{"count":17,"href":"https:\/\/www.slovensky-kras.eu\/info\/wp-json\/wp\/v2\/pages\/17\/revisions"}],"predecessor-version":[{"id":22557,"href":"https:\/\/www.slovensky-kras.eu\/info\/wp-json\/wp\/v2\/pages\/17\/revisions\/22557"}],"wp:attachment":[{"href":"https:\/\/www.slovensky-kras.eu\/info\/wp-json\/wp\/v2\/media?parent=17"}],"curies":[{"name":"wp","href":"https:\/\/api.w.org\/{rel}","templated":true}]}}