{"id":16760,"date":"2020-02-03T07:39:25","date_gmt":"2020-02-03T06:39:25","guid":{"rendered":"http:\/\/www.slovensky-kras.eu\/info\/?page_id=16760"},"modified":"2026-04-21T07:49:37","modified_gmt":"2026-04-21T05:49:37","slug":"hostinec-pod-skalou-v-obci-haj","status":"publish","type":"page","link":"https:\/\/www.slovensky-kras.eu\/info\/zaujimavosti\/hostinec-pod-skalou-v-obci-haj\/","title":{"rendered":"Hostinec pod Skalou v obci H\u00e1j (H\u00e1j ob\u010derstvenie )"},"content":{"rendered":"<p><strong>Menu: <\/strong><a href=\"http:\/\/www.slovensky-kras.eu\/info\/\" class=\"su-button su-button-style-default\" style=\"color:#000000;background-color:#FFCF2F;border-color:#cca626;border-radius:5px\" target=\"_self\"><span style=\"color:#000000;padding:6px 16px;font-size:13px;line-height:20px;border-color:#ffde6e;border-radius:5px;text-shadow:none\"><i class=\"sui sui-arrow-right\" style=\"font-size:13px;color:#000000\"><\/i>  \u00davod \/ Aktuality <\/span><\/a>\n<a href=\"http:\/\/www.slovensky-kras.eu\/info\/zaujimavosti\/\" class=\"su-button su-button-style-default\" style=\"color:#000000;background-color:#FFCF2F;border-color:#cca626;border-radius:5px\" target=\"_self\"><span style=\"color:#000000;padding:6px 16px;font-size:13px;line-height:20px;border-color:#ffde6e;border-radius:5px;text-shadow:none\"><i class=\"sui sui-arrow-right\" style=\"font-size:13px;color:#000000\"><\/i>  Zauj\u00edmavosti <\/span><\/a>\n<div class=\"su-divider su-divider-style-default\" style=\"margin:15px 0;border-width:2px;border-color:#000000\"><\/div>\n<figure id=\"attachment_30304\" aria-describedby=\"caption-attachment-30304\" style=\"width: 900px\" class=\"wp-caption aligncenter\"><a href=\"https:\/\/www.slovensky-kras.eu\/info\/wp-content\/uploads\/2026\/04\/presso-pod-skalou-leto.jpeg\"><img loading=\"lazy\" decoding=\"async\" class=\"wp-image-30304\" src=\"https:\/\/www.slovensky-kras.eu\/info\/wp-content\/uploads\/2026\/04\/presso-pod-skalou-leto.jpeg\" alt=\"Hostinec pod Skalou v obci H\u00e1j (H\u00e1j ob\u010derstvenie )\" width=\"900\" height=\"502\" srcset=\"https:\/\/www.slovensky-kras.eu\/info\/wp-content\/uploads\/2026\/04\/presso-pod-skalou-leto.jpeg 1376w, https:\/\/www.slovensky-kras.eu\/info\/wp-content\/uploads\/2026\/04\/presso-pod-skalou-leto-800x447.jpeg 800w, https:\/\/www.slovensky-kras.eu\/info\/wp-content\/uploads\/2026\/04\/presso-pod-skalou-leto-1024x572.jpeg 1024w, https:\/\/www.slovensky-kras.eu\/info\/wp-content\/uploads\/2026\/04\/presso-pod-skalou-leto-768x429.jpeg 768w\" sizes=\"auto, (max-width: 900px) 100vw, 900px\" \/><\/a><figcaption id=\"caption-attachment-30304\" class=\"wp-caption-text\">Hostinec pod Skalou v obci H\u00e1j (H\u00e1j ob\u010derstvenie )<\/figcaption><\/figure>\n<div class=\"su-divider su-divider-style-default\" style=\"margin:15px 0;border-width:2px;border-color:#000000\"><\/div>\n<p>Jedli ste u\u017e zemiakov\u00e9 \u0161pagety? Nie?! To je potom o d\u00f4vod viac pr\u00eds\u0165 do H\u00e1ja a ochutna\u0165 t\u00fato m\u0148amku u n\u00e1s v Presse pod skalou<span class=\"html-span xexx8yu xyri2b x18d9i69 x1c1uobl x1hl2dhg x16tdsg8 x1vvkbs x3nfvp2 x1j61x8r x1fcty0u xdj266r xat24cr xm2jcoa x1mpyi22 xxymvpz xlup9mm x1kky2od\"><img loading=\"lazy\" decoding=\"async\" class=\"xz74otr x15mokao x1ga7v0g x16uus16 xbiv7yw\" src=\"https:\/\/static.xx.fbcdn.net\/images\/emoji.php\/v9\/teb\/1\/16\/2763.png\" alt=\"&#x2763;&#xfe0f;\" width=\"16\" height=\"16\" \/><\/span><\/p>\n<h2 data-path-to-node=\"1\"><span style=\"color: #800000;\"><b data-path-to-node=\"1\" data-index-in-node=\"0\">K\u00fasok hist\u00f3rie v ka\u017edom d\u00fa\u0161ku pod skalou<\/b><\/span><\/h2>\n<p data-path-to-node=\"2\">Predstavte si miesto, kde sa <b data-path-to-node=\"2\" data-index-in-node=\"29\">tradi\u010dn\u00e1 \u013eudov\u00e1 architekt\u00fara<\/b> sn\u00fabi s v\u00f4\u0148ou pe\u010den\u00e9ho kolena a orosen\u00fdm pivom. <b data-path-to-node=\"2\" data-index-in-node=\"106\">Hostinec pod Skalou<\/b> v obci H\u00e1j v\u00e1s priv\u00edta na svojej ikonickej <b data-path-to-node=\"2\" data-index-in-node=\"169\">pavla\u010di<\/b>, ktor\u00e1 d\u00fdcha atmosf\u00e9rou star\u00fdch \u010dias za\u010diatku 20. storo\u010dia. \u010ci ste unaven\u00fd <b data-path-to-node=\"2\" data-index-in-node=\"252\">cykloturista<\/b>, jaskyniar, alebo h\u013ead\u00e1te priestor na <b data-path-to-node=\"2\" data-index-in-node=\"303\">rodinn\u00fa oslavu pri gul\u00e1\u0161i<\/b>, tento autentick\u00fd dom z kame\u0148a je va\u0161\u00edm ide\u00e1lnym \u00fato\u010diskom. Pr\u00ed\u010fte ochutna\u0165 n\u00e1\u0161 <b data-path-to-node=\"2\" data-index-in-node=\"409\">dom\u00e1ci ibi\u0161tekov\u00fd \u010daj<\/b> alebo thajsk\u00fa zmrzlinu priamo v srdci malebn\u00e9ho Slovensk\u00e9ho krasu!<\/p>\n<h2 dir=\"auto\"><span style=\"color: #800000;\"><strong>Hostinec pod Skalou<\/strong> \u2013 Tradi\u010dn\u00e1 turistick\u00e1 kr\u010dma v srdci obce H\u00e1j<\/span><\/h2>\n<p dir=\"auto\"><strong>Hostinec pod Skalou\u00a0<\/strong>(zn\u00e1my aj ako <strong>H\u00e1j ob\u010derstvenie<\/strong> alebo <strong>Presso pod Skalou<\/strong>) je jedine\u010dn\u00fdm pr\u00edkladom zachovalej <strong>\u013eudovej architekt\u00fary<\/strong> ju\u017en\u00e9ho Spi\u0161a a Gemera, ktor\u00fd l\u00e1ka turistov svojou autentickou atmosf\u00e9rou a v\u00fdborn\u00fdm ob\u010derstven\u00edm priamo v centre obce H\u00e1j.<\/p>\n<h2 dir=\"auto\"><span style=\"color: #800000;\">Ak\u00fd je p\u00f4vod a hist\u00f3ria <strong>Hostinca pod Skalou<\/strong>?<\/span><\/h2>\n<p dir=\"auto\">Tradi\u010dn\u00fd vidiecky hostinec v centre obce H\u00e1j bol postaven\u00fd za\u010diatkom 20. storo\u010dia ako sedliacky dom. Tento reprezentant <strong>\u013eudovej architekt\u00fary<\/strong> stoj\u00ed na mieste star\u0161ieho dreven\u00e9ho sedliackeho domu z konca 18. storo\u010dia. Spo\u010diatku sl\u00fa\u017eil ako obytn\u00fd dom, no v druhej polovici 20. storo\u010dia v \u0148om vzniklo pohostinstvo, ktor\u00e9 dnes pozn\u00e1me pod n\u00e1zvom <strong>Hostinec pod Skalou<\/strong>.<\/p>\n<h2 dir=\"auto\"><span style=\"color: #800000;\">Ako vyzer\u00e1 typick\u00e1 architekt\u00fara domu, v ktorom s\u00eddli <strong>Hostinec pod Skalou<\/strong>?<\/span><\/h2>\n<p dir=\"auto\">Ide o murovan\u00fd dom typick\u00fd pre oblas\u0165 ju\u017en\u00e9ho Spi\u0161a, Gemera, Malohotu a Abova. Tieto domy dodr\u017eiavali tradi\u010dn\u00fa trojpriestorov\u00fa sch\u00e9mu: izba \u2013 pitvor (bud\u00faca kuchy\u0148a) \u2013 komora, s raden\u00edm do h\u013abky pozemku alebo miestami aj s orient\u00e1ciou pozd\u013a\u017e ulice. S\u00fa\u010das\u0165ou t\u00fdchto domov boli r\u00f4zne hospod\u00e1rske stavby, ktor\u00e9 tvorili s domom jednotn\u00fd celok.<\/p>\n<h2 dir=\"auto\"><span style=\"color: #800000;\">Ak\u00e9 architektonick\u00e9 prvky robia <strong>Hostinec pod Skalou<\/strong> v\u00fdnimo\u010dn\u00fdm?<\/span><\/h2>\n<p dir=\"auto\">Tento podpivni\u010den\u00fd dom s obd\u013a\u017enikov\u00fdm p\u00f4dorysom m\u00e1 sedlov\u00fa strechu s dreven\u00fdm \u0161t\u00edtom pre\u010dnievaj\u00facou nad bo\u010dn\u00fa pavla\u010d.<\/p>\n<p dir=\"auto\">Pavla\u010d s jedn\u00fdm fas\u00e1dnym st\u013apom sa vyskytuje na pozd\u013a\u017enej dvorovej fas\u00e1de a pokra\u010duje obiehan\u00edm popri \u010delnej fas\u00e1de domu, kde vznikla mal\u00e1 pr\u00edjemn\u00e1 terasa. Je pr\u00edstupn\u00e1 vonkaj\u0161\u00edm schodiskom a ohraden\u00e1 dreveno-kovov\u00fdm z\u00e1bradl\u00edm.<\/p>\n<p dir=\"auto\">Dom stoj\u00ed na vysokej murovanej kamennej podmurovke. Fas\u00e1da je jednoduch\u00e1 bez ozdobn\u00fdch prvkov. Strecha bola v minulosti pokryt\u00e1 keramickou krytinou, ktor\u00e1 bola v druhej polovici 20. storo\u010dia nahraden\u00e1 eternitovou krytinou.<\/p>\n<h2 dir=\"auto\"><span style=\"color: #800000;\">Pre koho je <strong>Hostinec pod Skalou<\/strong> ide\u00e1lnym miestom na zastavenie sa?<\/span><\/h2>\n<p dir=\"auto\">V s\u00fa\u010dasnosti sl\u00fa\u017ei tento objekt ako ob\u013e\u00faben\u00e1 <strong>turistick\u00e1 kr\u010dma<\/strong>, ktor\u00fa vyh\u013ead\u00e1vaj\u00fa najm\u00e4 <strong>cykloturisti<\/strong>, <strong>pe\u0161\u00ed turisti<\/strong> a <strong>jaskyniari<\/strong> z okolia Slovensk\u00e9ho krasu a n\u00e1rodn\u00e9ho parku. Je perfektn\u00fdm miestom na oddych po t\u00fare alebo v\u00fdlete.<\/p>\n<h2 dir=\"auto\"><span style=\"color: #800000;\">\u010co v\u0161etko si m\u00f4\u017eete v <strong>Hostinci pod Skalou<\/strong> da\u0165 jes\u0165 a pi\u0165?<\/span><\/h2>\n<p dir=\"auto\">Pon\u00faka ve\u013ek\u00fd v\u00fdber kvalitn\u00fdch <strong>\u010dapovan\u00fdch p\u00edv<\/strong>, kofolu, nealko n\u00e1poje, tradi\u010dn\u00e9 <strong>pivn\u00e9 chu\u0165ovky<\/strong> a poch\u00fa\u0165ky. \u010ealej pon\u00fakaj\u00fa <strong>hranolky<\/strong>, <strong>kuracie nugetky<\/strong>, <strong>pizza<\/strong>, <strong>vypr\u00e1\u017ean\u00fd syr<\/strong>, <strong>kuracie kr\u00eddelk\u00e1<\/strong>, <strong>zemiakov\u00e9 placky<\/strong> a <strong>pe\u010den\u00e9 brav\u010dov\u00e9 koleno<\/strong>. Z dezertov a ma\u0161k\u0155t tu n\u00e1jdete <strong>wafle<\/strong>, origin\u00e1lnu <strong>thajsk\u00fa rolovan\u00fa zmrzlinu<\/strong>, <strong>cukrov\u00fa vatu<\/strong> a <strong>popcorn<\/strong>. Dom\u00e1ci <strong>ibi\u0161tekov\u00fd tepl\u00fd aj \u013eadov\u00fd \u010daj<\/strong> je na\u0161ou \u0161pecialitou.<\/p>\n<h2 dir=\"auto\"><span style=\"color: #800000;\">D\u00e1 sa v <strong>Hostinci pod Skalou<\/strong> usporiada\u0165 grilova\u010dka alebo oslava pre v\u00e4\u010d\u0161iu skupinu?<\/span><\/h2>\n<p dir=\"auto\">\u00c1no! K dispoz\u00edcii je priestrann\u00e9 <strong>posedenie pod alt\u00e1nkom<\/strong> aj pre v\u00e4\u010d\u0161iu skupinu s mo\u017enos\u0165ou <strong>grilova\u0165<\/strong> alebo <strong>vari\u0165 kotl\u00edkov\u00fd gul\u00e1\u0161<\/strong> v 100 l alebo 30 l kotle. Ide\u00e1lne pre rodinn\u00e9 oslavy, turistick\u00e9 skupiny alebo firemn\u00e9 akcie.<\/p>\n<h2 dir=\"auto\"><span style=\"color: #800000;\">Kedy m\u00e1 <strong>Hostinec pod Skalou<\/strong> otvoren\u00e9?<\/span><\/h2>\n<p dir=\"auto\"><strong>Letn\u00e1 sez\u00f3na<\/strong>: ka\u017ed\u00fd de\u0148 od 10:00 do 21:00 hod.<\/p>\n<p dir=\"auto\"><strong>Zimn\u00e1 sez\u00f3na<\/strong>: sobota 10:00 \u2013 21:00 hod., nede\u013ea pod\u013ea po\u010dasia.<\/p>\n<p dir=\"auto\"><span style=\"color: #ff0000;\"><strong>V ostatn\u00e9 dni a pre v\u00e4\u010d\u0161ie skupiny je mo\u017en\u00e9 sa vopred dohodn\u00fa\u0165 a objedna\u0165.<\/strong><\/span><\/p>\n<h2 dir=\"auto\"><span style=\"color: #800000;\">Pre\u010do by ste Hostinec pod Skalou nemali ob\u00eds\u0165?<\/span><\/h2>\n<p data-path-to-node=\"3\">N\u00e1v\u0161teva <b data-path-to-node=\"3\" data-index-in-node=\"9\">Hostinca pod Skalou<\/b> nie je len o doplnen\u00ed energie po t\u00fare, je to <b data-path-to-node=\"3\" data-index-in-node=\"74\">dotyk s hist\u00f3riou<\/b>, ktor\u00fa v modern\u00fdch prev\u00e1dzkach n\u00e1jdete len m\u0155tvo. Tento hostinec predstavuje vz\u00e1cny bod na mape Slovensk\u00e9ho krasu, kde sa <b data-path-to-node=\"3\" data-index-in-node=\"214\">autentick\u00e9 dedi\u010dstvo predkov<\/b> prirodzene sp\u00e1ja s poctiv\u00fdmi slu\u017ebami pre s\u00fa\u010dasn\u00fdch cestovate\u013eov. Je to miesto, kde sa <b data-path-to-node=\"3\" data-index-in-node=\"330\">turistick\u00e9 dobrodru\u017estvo men\u00ed na dokonal\u00fd relax<\/b> pri praskaj\u00facom grile a v prostred\u00ed, ktor\u00e9 si zachovalo svoju neopakovate\u013en\u00fa du\u0161u.<\/p>\n<p data-path-to-node=\"4\">Pre ka\u017ed\u00e9ho, kto h\u013ead\u00e1 viac ne\u017e len oby\u010dajn\u00fa kr\u010dmu, je tento hostinec v obci H\u00e1j <b data-path-to-node=\"4\" data-index-in-node=\"81\">povinnou zast\u00e1vkou<\/b>. Pon\u00faka toti\u017e vz\u00e1cnu kombin\u00e1ciu \u2013 <b data-path-to-node=\"4\" data-index-in-node=\"134\">vizu\u00e1lnu kr\u00e1su \u013eudovej architekt\u00fary<\/b>, v\u00fddatn\u00fa gastron\u00f3miu a \u00faprimn\u00fa atmosf\u00e9ru, ktor\u00e1 z neho rob\u00ed jedno z najpohostinnej\u0161\u00edch miest v celom regi\u00f3ne.<\/p>\n<h2 data-path-to-node=\"4\"><span style=\"color: #800000;\">Fotogal\u00e9ria<\/span><\/h2>\n<p data-path-to-node=\"4\"><style type=\"text\/css\">\n#foogallery-gallery-30301 .fg-image { width: 200px; }<\/style>\n\t\t\t<div class=\"foogallery foogallery-container foogallery-carousel foogallery-lightbox-foogallery fg-carousel fg-ready fg-light fg-border-medium fg-round-small fg-shadow-medium fg-loading-default fg-loaded-fade-in fg-hover-semi-zoomed fg-hover-fade fg-hover-circle-plus2\" id=\"foogallery-gallery-30301\" data-foogallery=\"{&quot;panel&quot;:{&quot;buttons&quot;:{&quot;download&quot;:false}},&quot;item&quot;:{&quot;showCaptionTitle&quot;:true,&quot;showCaptionDescription&quot;:true},&quot;lazy&quot;:true,&quot;template&quot;:{&quot;maxItems&quot;:5,&quot;scale&quot;:0.11999999999999999555910790149937383830547332763671875,&quot;gutter&quot;:{&quot;min&quot;:-40,&quot;max&quot;:-20,&quot;unit&quot;:&quot;%&quot;},&quot;autoplay&quot;:{&quot;time&quot;:0,&quot;interaction&quot;:&quot;pause&quot;},&quot;centerOnClick&quot;:true,&quot;align&quot;:&quot;center&quot;,&quot;activePosition&quot;:&quot;center&quot;}}\" data-foogallery-lightbox=\"{&quot;thumbs&quot;:&quot;bottom&quot;,&quot;thumbsCaptions&quot;:false,&quot;thumbsBestFit&quot;:false,&quot;thumbsSmall&quot;:false,&quot;thumbsCaptionsAlign&quot;:&quot;default&quot;,&quot;info&quot;:&quot;bottom&quot;,&quot;infoVisible&quot;:true,&quot;infoOverlay&quot;:true,&quot;infoAlign&quot;:&quot;default&quot;,&quot;transition&quot;:&quot;fade&quot;,&quot;hoverButtons&quot;:false,&quot;fitMedia&quot;:false,&quot;noScrollbars&quot;:true,&quot;preserveButtonSpace&quot;:true,&quot;buttons&quot;:{&quot;fullscreen&quot;:true,&quot;info&quot;:true,&quot;thumbs&quot;:false,&quot;download&quot;:false},&quot;video&quot;:{&quot;autoPlay&quot;:true}}\" style=\"--fg-title-line-clamp: 1; --fg-description-line-clamp: 2;\" >\n\t<button type=\"button\" class=\"fg-carousel-prev\" title=\"Previous\"><\/button>\n\t<div class=\"fg-carousel-inner\">\n\t\t<div class=\"fg-carousel-center\"><\/div>\n\t\t<div class=\"fg-item fg-type-image fg-idle\"><figure class=\"fg-item-inner\"><a href=\"https:\/\/www.slovensky-kras.eu\/info\/wp-content\/uploads\/2026\/04\/preso-pod-skalou-zima.jpeg\" data-caption-title=\"Hostinec pod Skalou v obci H\u00e1j (H\u00e1j ob\u010derstvenie )\" data-attachment-id=\"30302\" data-type=\"image\" class=\"fg-thumb\"><span class=\"fg-image-wrap\"><img decoding=\"async\" alt=\"Hostinec pod Skalou v obci H\u00e1j (H\u00e1j ob\u010derstvenie )\" title=\"Hostinec pod Skalou v obci H\u00e1j (H\u00e1j ob\u010derstvenie )\" width=\"200\" height=\"200\" class=\"skip-lazy fg-image\" data-src-fg=\"https:\/\/www.slovensky-kras.eu\/info\/wp-content\/uploads\/cache\/2026\/04\/preso-pod-skalou-zima\/1048214337.jpeg\" src=\"data:image\/svg+xml,%3Csvg%20xmlns%3D%22http%3A%2F%2Fwww.w3.org%2F2000%2Fsvg%22%20width%3D%22200%22%20height%3D%22200%22%20viewBox%3D%220%200%20200%20200%22%3E%3C%2Fsvg%3E\" loading=\"eager\"><\/span><span class=\"fg-image-overlay\"><\/span><\/a><figcaption class=\"fg-caption\"><div class=\"fg-caption-inner\"><div class=\"fg-caption-title\">Hostinec pod Skalou v obci H\u00e1j (H\u00e1j ob\u010derstvenie )<\/div><\/div><\/figcaption><\/figure><div class=\"fg-loader\"><\/div><\/div><div class=\"fg-item fg-type-image fg-idle\"><figure class=\"fg-item-inner\"><a href=\"https:\/\/www.slovensky-kras.eu\/info\/wp-content\/uploads\/2026\/04\/preso-pod-skalou-jesen.jpeg\" data-caption-title=\"Hostinec pod Skalou v obci H\u00e1j (H\u00e1j ob\u010derstvenie )\" data-attachment-id=\"30303\" data-type=\"image\" class=\"fg-thumb\"><span class=\"fg-image-wrap\"><img decoding=\"async\" alt=\"Hostinec pod Skalou v obci H\u00e1j (H\u00e1j ob\u010derstvenie )\" title=\"Hostinec pod Skalou v obci H\u00e1j (H\u00e1j ob\u010derstvenie )\" width=\"200\" height=\"200\" class=\"skip-lazy fg-image\" data-src-fg=\"https:\/\/www.slovensky-kras.eu\/info\/wp-content\/uploads\/cache\/2026\/04\/preso-pod-skalou-jesen\/781672627.jpeg\" src=\"data:image\/svg+xml,%3Csvg%20xmlns%3D%22http%3A%2F%2Fwww.w3.org%2F2000%2Fsvg%22%20width%3D%22200%22%20height%3D%22200%22%20viewBox%3D%220%200%20200%20200%22%3E%3C%2Fsvg%3E\" loading=\"eager\"><\/span><span class=\"fg-image-overlay\"><\/span><\/a><figcaption class=\"fg-caption\"><div class=\"fg-caption-inner\"><div class=\"fg-caption-title\">Hostinec pod Skalou v obci H\u00e1j (H\u00e1j ob\u010derstvenie )<\/div><\/div><\/figcaption><\/figure><div class=\"fg-loader\"><\/div><\/div><div class=\"fg-item fg-type-image fg-idle\"><figure class=\"fg-item-inner\"><a href=\"https:\/\/www.slovensky-kras.eu\/info\/wp-content\/uploads\/2026\/04\/presso-pod-skalou-leto.jpeg\" data-caption-title=\"Hostinec pod Skalou v obci H\u00e1j (H\u00e1j ob\u010derstvenie )\" data-attachment-id=\"30304\" data-type=\"image\" class=\"fg-thumb\"><span class=\"fg-image-wrap\"><img decoding=\"async\" alt=\"Hostinec pod Skalou v obci H\u00e1j (H\u00e1j ob\u010derstvenie )\" title=\"Hostinec pod Skalou v obci H\u00e1j (H\u00e1j ob\u010derstvenie )\" width=\"200\" height=\"200\" class=\"skip-lazy fg-image\" data-src-fg=\"https:\/\/www.slovensky-kras.eu\/info\/wp-content\/uploads\/cache\/2026\/04\/presso-pod-skalou-leto\/821475368.jpeg\" src=\"data:image\/svg+xml,%3Csvg%20xmlns%3D%22http%3A%2F%2Fwww.w3.org%2F2000%2Fsvg%22%20width%3D%22200%22%20height%3D%22200%22%20viewBox%3D%220%200%20200%20200%22%3E%3C%2Fsvg%3E\" loading=\"eager\"><\/span><span class=\"fg-image-overlay\"><\/span><\/a><figcaption class=\"fg-caption\"><div class=\"fg-caption-inner\"><div class=\"fg-caption-title\">Hostinec pod Skalou v obci H\u00e1j (H\u00e1j ob\u010derstvenie )<\/div><\/div><\/figcaption><\/figure><div class=\"fg-loader\"><\/div><\/div>\t<\/div>\n\t<div class=\"fg-carousel-bottom\"><\/div>\n\t<div class=\"fg-carousel-progress\"><\/div>\n\t<button type=\"button\" class=\"fg-carousel-next\" title=\"Next\"><\/button>\n<\/div>\n<h2 data-path-to-node=\"4\"><span style=\"color: #800000;\">Zauj\u00edmav\u00e9 odkazy<\/span><\/h2>\n<h3><span style=\"color: #808000;\">Kontakt<\/span><\/h3>\n<p><strong>Hostinec pod Skalou \u2013Rost\u00e1\u0161ova Katar\u00edna<\/strong>,<br \/>\nH\u00e1j 37,<br \/>\ntel.: 0910 403 053<br \/>\n<strong>Facebook:<\/strong> <a href=\"https:\/\/www.facebook.com\/profile.php?id=61577620112657&amp;locale=sk_SK\" target=\"_blank\" rel=\"noopener\">https:\/\/www.facebook.com\/profile.php?id=61577620112657&amp;locale=sk_SK<\/a><\/p>\n<h3><span style=\"color: #808000;\">Pamiatky<\/span><\/h3>\n<ul>\n<li><a href=\"http:\/\/www.slovensky-kras.eu\/info\/kam-za-pamiatkami\/sedliacke-domy-typu-paloc-v-obci-haj\/\">\u013dudov\u00e9 gazdovsk\u00e9 domy &#8211; Pal\u00f3c<\/a><\/li>\n<\/ul>\n<ul>\n<li>R\u00edmskokatol\u00edcky kostol z roku 1637<\/li>\n<\/ul>\n<ul>\n<li>Reformovan\u00fd kostol z roku 1894<\/li>\n<\/ul>\n<h3><span style=\"color: #808000;\">Pr\u00edrodn\u00e9 zauj\u00edmavosti v obci<\/span><\/h3>\n<ul>\n<li><a href=\"http:\/\/www.slovensky-kras.eu\/info\/kam-do-prirody\/hajske-vodopady\/\">H\u00e1jske vodop\u00e1dy (\u010d\u00edtaj viac&#8230;)<\/a><\/li>\n<\/ul>\n<ul>\n<li><a href=\"http:\/\/www.slovensky-kras.eu\/info\/kam-do-prirody\/hajska-dolina\/\">H\u00e1jsk\u00e1 dolina (\u010d\u00edtaj viac&#8230;)<\/a><\/li>\n<\/ul>\n<h3><span style=\"color: #808000;\">Bl\u00edzke stredisko, turistick\u00e9 centrum, obec alebo mesto:<\/span><\/h3>\n<ul>\n<li><a href=\"http:\/\/www.slovensky-kras.eu\/info\/strediska-a-centra\/obec-haj\/\">Obec H\u00e1j (\u010d\u00edtaj viac&#8230;)<\/a><\/li>\n<\/ul>\n<h2><span style=\"color: #800000;\">Mapy<\/span><\/h2>\n<p><strong>Vrstvy: <\/strong>Turistick\u00e1 mapa, Automapa, Cyklomapa, Ly\u017eiarska mapa, Satelitn\u00e1 mapa a OpenStreetMap.<\/p>\n<p><strong>Kliknut\u00edm na logo &#8222;Freemap.sk&#8220; sa V\u00e1m mapa zobraz\u00ed na celej ploche obrazovky.<\/strong><\/p>\n<p><iframe style=\"width: 900px; height: 600px; border: 0;\" src=\"https:\/\/www.freemap.sk\/?map=14\/48.628058\/20.854497&amp;info-point=48.628058\/20.854497,Obec H\u00e1j&amp;layers=X&amp;embed=search\" allowfullscreen=\"allowfullscreen\"><span data-mce-type=\"bookmark\" style=\"display: inline-block; width: 0px; overflow: hidden; line-height: 0;\" class=\"mce_SELRES_start\">\ufeff<\/span><\/iframe><\/p>\n<h2><span style=\"color: #800000;\">Po\u010dasie<\/span><\/h2>\n<p><iframe style=\"width: 900px; height: 610px;\" src=\"https:\/\/www.meteoblue.com\/sk\/po%C4%8Dasie\/widget\/three\/h%c3%a1j_slovensk%c3%a1-republika_724755?geoloc=fixed&amp;nocurrent=0&amp;noforecast=0&amp;days=6&amp;tempunit=CELSIUS&amp;windunit=KILOMETER_PER_HOUR&amp;layout=image\" frameborder=\"0\" scrolling=\"NO\" sandbox=\"allow-same-origin allow-scripts allow-popups allow-popups-to-escape-sandbox\"><\/iframe><\/p>\n<div><!-- DO NOT REMOVE THIS LINK --><a href=\"https:\/\/www.meteoblue.com\/sk\/po%C4%8Dasie\/predpove%C4%8F\/t%C3%BD%C5%BEde%C5%88\/h%c3%a1j_slovensk%c3%a1-republika_724755?utm_source=weather_widget&amp;utm_medium=linkus&amp;utm_content=three&amp;utm_campaign=Weather%2BWidget\" target=\"_blank\" rel=\"noopener noreferrer\">meteoblue<\/a><\/div>\n","protected":false},"excerpt":{"rendered":"<p>Menu: Jedli ste u\u017e zemiakov\u00e9 \u0161pagety? Nie?! To je potom o d\u00f4vod viac pr\u00eds\u0165 do H\u00e1ja a ochutna\u0165 t\u00fato m\u0148amku u n\u00e1s v Presse pod skalou K\u00fasok hist\u00f3rie v ka\u017edom [&hellip;]<\/p>\n","protected":false},"author":1,"featured_media":30304,"parent":19,"menu_order":0,"comment_status":"closed","ping_status":"closed","template":"","meta":{"_uag_custom_page_level_css":"","footnotes":""},"class_list":["post-16760","page","type-page","status-publish","has-post-thumbnail","hentry"],"featured_image_src":"https:\/\/www.slovensky-kras.eu\/info\/wp-content\/uploads\/2026\/04\/presso-pod-skalou-leto.jpeg","featured_image_src_square":"https:\/\/www.slovensky-kras.eu\/info\/wp-content\/uploads\/2026\/04\/presso-pod-skalou-leto.jpeg","rbea_author_info":{"display_name":"admin","author_link":"https:\/\/www.slovensky-kras.eu\/info\/author\/admin\/"},"rbea_excerpt_info":"Menu: Jedli ste u\u017e zemiakov\u00e9 \u0161pagety? Nie?! To je potom o d\u00f4vod viac pr\u00eds\u0165 do H\u00e1ja a ochutna\u0165 t\u00fato m\u0148amku u n\u00e1s v Presse pod skalou K\u00fasok hist\u00f3rie v ka\u017edom [&hellip;]","uagb_featured_image_src":{"full":["https:\/\/www.slovensky-kras.eu\/info\/wp-content\/uploads\/2026\/04\/presso-pod-skalou-leto.jpeg",1376,768,false],"thumbnail":["https:\/\/www.slovensky-kras.eu\/info\/wp-content\/uploads\/2026\/04\/presso-pod-skalou-leto-150x150.jpeg",150,150,true],"medium":["https:\/\/www.slovensky-kras.eu\/info\/wp-content\/uploads\/2026\/04\/presso-pod-skalou-leto-800x447.jpeg",800,447,true],"medium_large":["https:\/\/www.slovensky-kras.eu\/info\/wp-content\/uploads\/2026\/04\/presso-pod-skalou-leto-768x429.jpeg",768,429,true],"large":["https:\/\/www.slovensky-kras.eu\/info\/wp-content\/uploads\/2026\/04\/presso-pod-skalou-leto-1024x572.jpeg",1024,572,true],"1536x1536":["https:\/\/www.slovensky-kras.eu\/info\/wp-content\/uploads\/2026\/04\/presso-pod-skalou-leto.jpeg",1376,768,false],"2048x2048":["https:\/\/www.slovensky-kras.eu\/info\/wp-content\/uploads\/2026\/04\/presso-pod-skalou-leto.jpeg",1376,768,false]},"uagb_author_info":{"display_name":"admin","author_link":"https:\/\/www.slovensky-kras.eu\/info\/author\/admin\/"},"uagb_comment_info":0,"uagb_excerpt":"Menu: Jedli ste u\u017e zemiakov\u00e9 \u0161pagety? Nie?! To je potom o d\u00f4vod viac pr\u00eds\u0165 do H\u00e1ja a ochutna\u0165 t\u00fato m\u0148amku u n\u00e1s v Presse pod skalou K\u00fasok hist\u00f3rie v ka\u017edom [&hellip;]","_links":{"self":[{"href":"https:\/\/www.slovensky-kras.eu\/info\/wp-json\/wp\/v2\/pages\/16760","targetHints":{"allow":["GET"]}}],"collection":[{"href":"https:\/\/www.slovensky-kras.eu\/info\/wp-json\/wp\/v2\/pages"}],"about":[{"href":"https:\/\/www.slovensky-kras.eu\/info\/wp-json\/wp\/v2\/types\/page"}],"author":[{"embeddable":true,"href":"https:\/\/www.slovensky-kras.eu\/info\/wp-json\/wp\/v2\/users\/1"}],"replies":[{"embeddable":true,"href":"https:\/\/www.slovensky-kras.eu\/info\/wp-json\/wp\/v2\/comments?post=16760"}],"version-history":[{"count":22,"href":"https:\/\/www.slovensky-kras.eu\/info\/wp-json\/wp\/v2\/pages\/16760\/revisions"}],"predecessor-version":[{"id":30305,"href":"https:\/\/www.slovensky-kras.eu\/info\/wp-json\/wp\/v2\/pages\/16760\/revisions\/30305"}],"up":[{"embeddable":true,"href":"https:\/\/www.slovensky-kras.eu\/info\/wp-json\/wp\/v2\/pages\/19"}],"wp:featuredmedia":[{"embeddable":true,"href":"https:\/\/www.slovensky-kras.eu\/info\/wp-json\/wp\/v2\/media\/30304"}],"wp:attachment":[{"href":"https:\/\/www.slovensky-kras.eu\/info\/wp-json\/wp\/v2\/media?parent=16760"}],"curies":[{"name":"wp","href":"https:\/\/api.w.org\/{rel}","templated":true}]}}