{"id":16652,"date":"2020-01-06T16:10:51","date_gmt":"2020-01-06T15:10:51","guid":{"rendered":"http:\/\/www.slovensky-kras.eu\/info\/?page_id=16652"},"modified":"2025-11-23T09:25:28","modified_gmt":"2025-11-23T08:25:28","slug":"remeselnicky-dom-v-gombaseku","status":"publish","type":"page","link":"https:\/\/www.slovensky-kras.eu\/info\/kam-za-pamiatkami\/remeselnicky-dom-v-gombaseku\/","title":{"rendered":"\u0160af\u00e1rov dom v Gombaseku (Orb\u00e1nov dom) &#8211; Kaviare\u0148 Mandevilla K\u00e1v\u00e9h\u00e1z"},"content":{"rendered":"<p><strong>Menu: <\/strong><a href=\"http:\/\/www.slovensky-kras.eu\/info\/\" class=\"su-button su-button-style-default\" style=\"color:#000000;background-color:#FFCF2F;border-color:#cca626;border-radius:5px\" target=\"_self\"><span style=\"color:#000000;padding:6px 16px;font-size:13px;line-height:20px;border-color:#ffde6e;border-radius:5px;text-shadow:none\"><i class=\"sui sui-arrow-right\" style=\"font-size:13px;color:#000000\"><\/i>  \u00davod \/ Aktuality <\/span><\/a>\n<a href=\"http:\/\/www.slovensky-kras.eu\/info\/kam-za-pamiatkami\/\" class=\"su-button su-button-style-default\" style=\"color:#000000;background-color:#FFCF2F;border-color:#cca626;border-radius:5px\" target=\"_self\"><span style=\"color:#000000;padding:6px 16px;font-size:13px;line-height:20px;border-color:#ffde6e;border-radius:5px;text-shadow:none\"><i class=\"sui sui-arrow-right\" style=\"font-size:13px;color:#000000\"><\/i>  Kam za pamiatkami <\/span><\/a>\n<div class=\"su-divider su-divider-style-default\" style=\"margin:15px 0;border-width:0px;border-color:#000000\"><\/div>\n<strong>Podkateg\u00f3ria: <\/strong> <a href=\"http:\/\/www.slovensky-kras.eu\/info\/kam-za-pamiatkami\/ostatne-pamiatky\/\" class=\"su-button su-button-style-default\" style=\"color:#000000;background-color:#afd144;border-color:#8ca837;border-radius:5px\" target=\"_self\"><span style=\"color:#000000;padding:6px 16px;font-size:13px;line-height:20px;border-color:#c7df7d;border-radius:5px;text-shadow:none\"><i class=\"sui sui-arrow-right\" style=\"font-size:13px;color:#000000\"><\/i>  Ostatn\u00e9 pamiatky <\/span><\/a>\n<div class=\"su-divider su-divider-style-default\" style=\"margin:15px 0;border-width:2px;border-color:#000000\"><\/div>\n<figure id=\"attachment_25641\" aria-describedby=\"caption-attachment-25641\" style=\"width: 900px\" class=\"wp-caption aligncenter\"><a href=\"https:\/\/www.slovensky-kras.eu\/info\/wp-content\/uploads\/2023\/09\/mandevilla2.jpg\"><img loading=\"lazy\" decoding=\"async\" class=\"wp-image-25641\" src=\"https:\/\/www.slovensky-kras.eu\/info\/wp-content\/uploads\/2023\/09\/mandevilla2-800x534.jpg\" alt=\"Remeseln\u00edcky (\u0161af\u00e1rov) dom v Gombaseku\" width=\"900\" height=\"600\" srcset=\"https:\/\/www.slovensky-kras.eu\/info\/wp-content\/uploads\/2023\/09\/mandevilla2-800x534.jpg 800w, https:\/\/www.slovensky-kras.eu\/info\/wp-content\/uploads\/2023\/09\/mandevilla2-768x512.jpg 768w, https:\/\/www.slovensky-kras.eu\/info\/wp-content\/uploads\/2023\/09\/mandevilla2.jpg 1000w\" sizes=\"auto, (max-width: 900px) 100vw, 900px\" \/><\/a><figcaption id=\"caption-attachment-25641\" class=\"wp-caption-text\">Remeseln\u00edcky (\u0161af\u00e1rov) dom v Gombaseku &#8211; Kaviare\u0148 Mandevilla K\u00e1v\u00e9h\u00e1z<\/figcaption><\/figure>\n<div class=\"su-divider su-divider-style-default\" style=\"margin:15px 0;border-width:2px;border-color:#000000\"><\/div>\n<h2 class=\"ds-markdown-paragraph\"><span style=\"color: #800000;\">\u010co je to \u0160af\u00e1rov dom v Gombaseku a ako sa naz\u00fdva?<\/span><\/h2>\n<p class=\"ds-markdown-paragraph\"><strong>\u0160af\u00e1rov dom v Gombaseku<\/strong>, zn\u00e1my aj ako\u00a0<strong>Orb\u00e1nov dom<\/strong>, je\u00a0<strong>klasicistick\u00e1 stavba<\/strong>, ktor\u00e1 sa naz\u00fdva aj ako\u00a0<strong>remeseln\u00edcky dom<\/strong>. Nach\u00e1dza sa v\u00a0<strong>katastr\u00e1lnom \u00fazem\u00ed Slavec<\/strong>\u00a0(konkr\u00e9tne Slavec, \u010d. 137) priamo v\u00a0<strong>stredisku Gombasek<\/strong>.<\/p>\n<h2 class=\"ds-markdown-paragraph\"><span style=\"color: #800000;\">Ak\u00e1 je hist\u00f3ria tohto miesta?<\/span><\/h2>\n<p class=\"ds-markdown-paragraph\">Tento <strong>\u017eeliarsky dom<\/strong>\u00a0bol postaven\u00fd v\u00a0<strong>19. storo\u010d\u00ed<\/strong>\u00a0ako s\u00fa\u010das\u0165\u00a0<strong>hospod\u00e1rskeho dvora<\/strong> patriaceho k <strong>Andr\u00e1\u0161iovcovsk\u00e9mu<\/strong> (Andr\u00e1ssyovsk\u00e9mu)<strong> ve\u013ekostatku<\/strong>. S\u00fa\u010das\u0165ou tohto ve\u013ekostatku bola aj\u00a0<strong>rokokov\u00e1 k\u00faria Andr\u00e1\u0161iovcov<\/strong>.<\/p>\n<h2 class=\"ds-markdown-paragraph\"><span style=\"color: #800000;\">Ako vyzer\u00e1 architekt\u00fara a \u0161trukt\u00fara budovy?<\/span><\/h2>\n<p class=\"ds-markdown-paragraph\"><strong>Hospod\u00e1rsky dom spr\u00e1vcu Andr\u00e1\u0161iovcov<\/strong>\u00a0je\u00a0<strong>dvojpodla\u017en\u00e1 stavba<\/strong>\u00a0s\u00a0<strong>podpivni\u010den\u00edm<\/strong>, ktor\u00e1 m\u00e1\u00a0<strong>obd\u013a\u017enikov\u00fd p\u00f4dorys<\/strong>\u00a0a\u00a0<strong>murovan\u00fa kon\u0161trukciu<\/strong>. Budova je ukon\u010den\u00e1\u00a0<strong>sedlovou strechou<\/strong>\u00a0s dvomi proti\u013eahl\u00fdmi\u00a0<strong>dreven\u00fdmi \u0161t\u00edtmi<\/strong>. Na\u00a0<strong>hornom podla\u017e\u00ed<\/strong>\u00a0bud\u00fa zauj\u00edmate\u00a0<strong>\u00fazke okn\u00e1 podkovit\u00e9ho tvaru<\/strong>\u00a0s\u00a0<strong>polkruhov\u00fdm nadpra\u017e\u00edm<\/strong>.<\/p>\n<p class=\"ds-markdown-paragraph\">Vonkaj\u0161ie\u00a0<strong>fas\u00e1dy objektu<\/strong>\u00a0s\u00fa\u00a0<strong>hladk\u00e9 bez \u010dlenenia<\/strong>. Na\u00a0<strong>hlavnom prie\u010del\u00ed<\/strong>\u00a0sa nach\u00e1dza\u00a0<strong>vstup do pr\u00edzemnej \u010dasti<\/strong>, ktor\u00fd je zastre\u0161en\u00fd\u00a0<strong>estetick\u00fdm dreven\u00fdm pr\u00edstre\u0161kom<\/strong>. Na\u00a0<strong>proti\u013eahlej strane budovy<\/strong>\u00a0sa v poschod\u00ed nach\u00e1dza\u00a0<strong>mal\u00e1 dreven\u00e1 pavla\u010d<\/strong>, spr\u00edstupnen\u00e1\u00a0<strong>dreven\u00fdmi schodmi<\/strong>.<\/p>\n<h2 class=\"ds-markdown-paragraph\"><span style=\"color: #800000;\">Ak\u00fd je dne\u0161n\u00fd v\u00fdznam \u0160af\u00e1rovho domu a kto sa o neho star\u00e1?<\/span><\/h2>\n<p class=\"ds-markdown-paragraph\">T\u00e1to <strong>kr\u00e1sna stavba<\/strong>\u00a0bola za\u00a0<strong>n\u00e1rodn\u00fa kult\u00farnu pamiatku<\/strong>\u00a0vyhl\u00e1sen\u00e1 u\u017e v roku\u00a0<strong>1975<\/strong>.\u00a0<strong>N\u00e1rodn\u00e1 kult\u00farna pamiatka<\/strong>\u00a0spr\u00e1vcovskej budovy pri majeri Andr\u00e1ssyovcov je dnes s\u00fa\u010das\u0165ou\u00a0<strong>n\u00e1u\u010dn\u00e9ho chodn\u00edka<\/strong>\u00a0v\u00a0<strong>are\u00e1li Gombasek<\/strong>. Cel\u00fd\u00a0<strong>are\u00e1l<\/strong>\u00a0zve\u013ea\u010fuje a o jeho \u017eivot sa star\u00e1\u00a0<strong>ob\u010dianske zdru\u017eenie OZ Sine Metu<\/strong>, ktor\u00e9 je tie\u017e\u00a0<strong>organiz\u00e1torom Gombaseck\u00e9ho letn\u00e9ho t\u00e1bora<\/strong>\u00a0a\u00a0<strong>majite\u013eom cel\u00e9ho Gombaseck\u00e9ho are\u00e1lu<\/strong>.<\/p>\n<h2><span style=\"color: #808000;\"><span style=\"color: #800000;\">Kaviare\u0148 Mandevilla K\u00e1v\u00e9h\u00e1ze<\/span><br \/>\n<\/span><\/h2>\n<p>V s\u00fa\u010dasnosti sa na pr\u00edzem\u00ed objektu nach\u00e1dza Kaviare\u0148 Mandevilla K\u00e1v\u00e9h\u00e1z a na poschod\u00ed ubytovanie.<\/p>\n<h2><span style=\"color: #800000;\">Fotogal\u00e9ria<\/span><\/h2>\n<style type=\"text\/css\">\n#foogallery-gallery-28934 .fg-image { width: 200px; }<\/style>\n\t\t\t<div class=\"foogallery foogallery-container foogallery-carousel foogallery-lightbox-foogallery fg-carousel fg-ready fg-light fg-border-medium fg-round-small fg-shadow-medium fg-loading-default fg-loaded-fade-in fg-hover-semi-zoomed fg-hover-fade fg-hover-circle-plus2\" id=\"foogallery-gallery-28934\" data-foogallery=\"{&quot;item&quot;:{&quot;showCaptionTitle&quot;:true,&quot;showCaptionDescription&quot;:true},&quot;lazy&quot;:true,&quot;template&quot;:{&quot;maxItems&quot;:5,&quot;scale&quot;:0.11999999999999999555910790149937383830547332763671875,&quot;gutter&quot;:{&quot;min&quot;:-40,&quot;max&quot;:-20,&quot;unit&quot;:&quot;%&quot;},&quot;autoplay&quot;:{&quot;time&quot;:0,&quot;interaction&quot;:&quot;pause&quot;},&quot;centerOnClick&quot;:true,&quot;align&quot;:&quot;center&quot;,&quot;activePosition&quot;:&quot;center&quot;}}\" data-foogallery-lightbox=\"{&quot;thumbs&quot;:&quot;bottom&quot;,&quot;thumbsCaptions&quot;:false,&quot;thumbsBestFit&quot;:false,&quot;thumbsSmall&quot;:false,&quot;thumbsCaptionsAlign&quot;:&quot;default&quot;,&quot;info&quot;:&quot;bottom&quot;,&quot;infoVisible&quot;:true,&quot;infoOverlay&quot;:true,&quot;infoAlign&quot;:&quot;default&quot;,&quot;transition&quot;:&quot;fade&quot;,&quot;hoverButtons&quot;:false,&quot;fitMedia&quot;:false,&quot;noScrollbars&quot;:true,&quot;preserveButtonSpace&quot;:true,&quot;buttons&quot;:{&quot;fullscreen&quot;:true,&quot;info&quot;:true,&quot;thumbs&quot;:false},&quot;video&quot;:{&quot;autoPlay&quot;:true}}\" style=\"--fg-title-line-clamp: 1; --fg-description-line-clamp: 2;\" >\n\t<button type=\"button\" class=\"fg-carousel-prev\" title=\"Previous\"><\/button>\n\t<div class=\"fg-carousel-inner\">\n\t\t<div class=\"fg-carousel-center\"><\/div>\n\t\t<div class=\"fg-item fg-type-image fg-idle\"><figure class=\"fg-item-inner\"><a href=\"https:\/\/www.slovensky-kras.eu\/info\/wp-content\/uploads\/2023\/01\/remeselny-dom-gombasek2.jpg\" data-caption-title=\"Remeseln\u00edcky (\u0161af\u00e1rov) dom v Gombaseku\" data-caption-desc=\"Remeseln\u00edcky (\u0161af\u00e1rov) dom v Gombaseku, Foto: Gombasz\u00f6gi Ny\u00e1ri T\u00e1bor\" data-attachment-id=\"24168\" data-type=\"image\" class=\"fg-thumb\"><span class=\"fg-image-wrap\"><img decoding=\"async\" title=\"Remeseln\u00edcky (\u0161af\u00e1rov) dom v Gombaseku\" width=\"200\" height=\"200\" class=\"skip-lazy fg-image\" data-src-fg=\"https:\/\/www.slovensky-kras.eu\/info\/wp-content\/uploads\/cache\/2023\/01\/remeselny-dom-gombasek2\/3634526313.jpg\" src=\"data:image\/svg+xml,%3Csvg%20xmlns%3D%22http%3A%2F%2Fwww.w3.org%2F2000%2Fsvg%22%20width%3D%22200%22%20height%3D%22200%22%20viewBox%3D%220%200%20200%20200%22%3E%3C%2Fsvg%3E\" loading=\"eager\"><\/span><span class=\"fg-image-overlay\"><\/span><\/a><figcaption class=\"fg-caption\"><div class=\"fg-caption-inner\"><div class=\"fg-caption-title\">Remeseln\u00edcky (\u0161af\u00e1rov) dom v Gombaseku<\/div><div class=\"fg-caption-desc\">Remeseln\u00edcky (\u0161af\u00e1rov) dom v Gombaseku, Foto: Gombasz\u00f6gi Ny\u00e1ri T\u00e1bor<\/div><\/div><\/figcaption><\/figure><div class=\"fg-loader\"><\/div><\/div><div class=\"fg-item fg-type-image fg-idle\"><figure class=\"fg-item-inner\"><a href=\"https:\/\/www.slovensky-kras.eu\/info\/wp-content\/uploads\/2023\/01\/remeselny-dom-gombasek3.jpg\" data-caption-title=\"Remeseln\u00edcky (\u0161af\u00e1rov) dom v Gombaseku\" data-caption-desc=\"Remeseln\u00edcky (\u0161af\u00e1rov) dom v Gombaseku, Foto: Gombasz\u00f6gi Ny\u00e1ri T\u00e1bor\" data-attachment-id=\"24169\" data-type=\"image\" class=\"fg-thumb\"><span class=\"fg-image-wrap\"><img decoding=\"async\" title=\"Remeseln\u00edcky (\u0161af\u00e1rov) dom v Gombaseku\" width=\"200\" height=\"200\" class=\"skip-lazy fg-image\" data-src-fg=\"https:\/\/www.slovensky-kras.eu\/info\/wp-content\/uploads\/cache\/2023\/01\/remeselny-dom-gombasek3\/2197940765.jpg\" src=\"data:image\/svg+xml,%3Csvg%20xmlns%3D%22http%3A%2F%2Fwww.w3.org%2F2000%2Fsvg%22%20width%3D%22200%22%20height%3D%22200%22%20viewBox%3D%220%200%20200%20200%22%3E%3C%2Fsvg%3E\" loading=\"eager\"><\/span><span class=\"fg-image-overlay\"><\/span><\/a><figcaption class=\"fg-caption\"><div class=\"fg-caption-inner\"><div class=\"fg-caption-title\">Remeseln\u00edcky (\u0161af\u00e1rov) dom v Gombaseku<\/div><div class=\"fg-caption-desc\">Remeseln\u00edcky (\u0161af\u00e1rov) dom v Gombaseku, Foto: Gombasz\u00f6gi Ny\u00e1ri T\u00e1bor<\/div><\/div><\/figcaption><\/figure><div class=\"fg-loader\"><\/div><\/div><div class=\"fg-item fg-type-image fg-idle\"><figure class=\"fg-item-inner\"><a href=\"https:\/\/www.slovensky-kras.eu\/info\/wp-content\/uploads\/2023\/01\/remeselny-dom-gombasek1.jpg\" data-caption-title=\"Remeseln\u00edcky (\u0161af\u00e1rov) dom v Gombaseku\" data-caption-desc=\"Remeseln\u00edcky (\u0161af\u00e1rov) dom v Gombaseku, Foto: Gombasz\u00f6gi Ny\u00e1ri T\u00e1bor rok 1917\" data-attachment-id=\"24167\" data-type=\"image\" class=\"fg-thumb\"><span class=\"fg-image-wrap\"><img decoding=\"async\" title=\"Remeseln\u00edcky (\u0161af\u00e1rov) dom v Gombaseku\" width=\"200\" height=\"200\" class=\"skip-lazy fg-image\" data-src-fg=\"https:\/\/www.slovensky-kras.eu\/info\/wp-content\/uploads\/cache\/2023\/01\/remeselny-dom-gombasek1\/2907241726.jpg\" src=\"data:image\/svg+xml,%3Csvg%20xmlns%3D%22http%3A%2F%2Fwww.w3.org%2F2000%2Fsvg%22%20width%3D%22200%22%20height%3D%22200%22%20viewBox%3D%220%200%20200%20200%22%3E%3C%2Fsvg%3E\" loading=\"eager\"><\/span><span class=\"fg-image-overlay\"><\/span><\/a><figcaption class=\"fg-caption\"><div class=\"fg-caption-inner\"><div class=\"fg-caption-title\">Remeseln\u00edcky (\u0161af\u00e1rov) dom v Gombaseku<\/div><div class=\"fg-caption-desc\">Remeseln\u00edcky (\u0161af\u00e1rov) dom v Gombaseku, Foto: Gombasz\u00f6gi Ny\u00e1ri T\u00e1bor rok 1917<\/div><\/div><\/figcaption><\/figure><div class=\"fg-loader\"><\/div><\/div><div class=\"fg-item fg-type-image fg-idle\"><figure class=\"fg-item-inner\"><a href=\"https:\/\/www.slovensky-kras.eu\/info\/wp-content\/uploads\/2021\/04\/safar2.jpg\" data-caption-title=\"Remeseln\u00edcky (\u0161af\u00e1rov) dom v Gombaseku\" data-caption-desc=\"Remeseln\u00edcky (\u0161af\u00e1rov) dom v Gombaseku, Foto: Gombasz\u00f6gi Ny\u00e1ri T\u00e1bor rok 2019\" data-attachment-id=\"20147\" data-type=\"image\" class=\"fg-thumb\"><span class=\"fg-image-wrap\"><img decoding=\"async\" title=\"Remeseln\u00edcky (\u0161af\u00e1rov) dom v Gombaseku\" width=\"200\" height=\"200\" class=\"skip-lazy fg-image\" data-src-fg=\"https:\/\/www.slovensky-kras.eu\/info\/wp-content\/uploads\/cache\/2021\/04\/safar2\/621156877.jpg\" src=\"data:image\/svg+xml,%3Csvg%20xmlns%3D%22http%3A%2F%2Fwww.w3.org%2F2000%2Fsvg%22%20width%3D%22200%22%20height%3D%22200%22%20viewBox%3D%220%200%20200%20200%22%3E%3C%2Fsvg%3E\" loading=\"eager\"><\/span><span class=\"fg-image-overlay\"><\/span><\/a><figcaption class=\"fg-caption\"><div class=\"fg-caption-inner\"><div class=\"fg-caption-title\">Remeseln\u00edcky (\u0161af\u00e1rov) dom v Gombaseku<\/div><div class=\"fg-caption-desc\">Remeseln\u00edcky (\u0161af\u00e1rov) dom v Gombaseku, Foto: Gombasz\u00f6gi Ny\u00e1ri T\u00e1bor rok 2019<\/div><\/div><\/figcaption><\/figure><div class=\"fg-loader\"><\/div><\/div><div class=\"fg-item fg-type-image fg-idle\"><figure class=\"fg-item-inner\"><a href=\"https:\/\/www.slovensky-kras.eu\/info\/wp-content\/uploads\/2021\/04\/safar-gombasek.jpg\" data-caption-title=\"Remeseln\u00edcky (\u0161af\u00e1rov) dom v Gombaseku\" data-caption-desc=\"Remeseln\u00edcky (\u0161af\u00e1rov) dom v Gombaseku, Foto: Gombasz\u00f6gi Ny\u00e1ri T\u00e1bor rok 2020\" data-attachment-id=\"20146\" data-type=\"image\" class=\"fg-thumb\"><span class=\"fg-image-wrap\"><img decoding=\"async\" title=\"Remeseln\u00edcky (\u0161af\u00e1rov) dom v Gombaseku\" width=\"200\" height=\"200\" class=\"skip-lazy fg-image\" data-src-fg=\"https:\/\/www.slovensky-kras.eu\/info\/wp-content\/uploads\/cache\/2021\/04\/safar-gombasek\/310338967.jpg\" src=\"data:image\/svg+xml,%3Csvg%20xmlns%3D%22http%3A%2F%2Fwww.w3.org%2F2000%2Fsvg%22%20width%3D%22200%22%20height%3D%22200%22%20viewBox%3D%220%200%20200%20200%22%3E%3C%2Fsvg%3E\" loading=\"eager\"><\/span><span class=\"fg-image-overlay\"><\/span><\/a><figcaption class=\"fg-caption\"><div class=\"fg-caption-inner\"><div class=\"fg-caption-title\">Remeseln\u00edcky (\u0161af\u00e1rov) dom v Gombaseku<\/div><div class=\"fg-caption-desc\">Remeseln\u00edcky (\u0161af\u00e1rov) dom v Gombaseku, Foto: Gombasz\u00f6gi Ny\u00e1ri T\u00e1bor rok 2020<\/div><\/div><\/figcaption><\/figure><div class=\"fg-loader\"><\/div><\/div><div class=\"fg-item fg-type-image fg-idle\"><figure class=\"fg-item-inner\"><a href=\"https:\/\/www.slovensky-kras.eu\/info\/wp-content\/uploads\/2024\/01\/Kaviaren-Mandevilla-Kavehaz.jpg\" data-attachment-id=\"26691\" data-type=\"image\" class=\"fg-thumb\"><span class=\"fg-image-wrap\"><img decoding=\"async\" width=\"200\" height=\"200\" class=\"skip-lazy fg-image\" data-src-fg=\"https:\/\/www.slovensky-kras.eu\/info\/wp-content\/uploads\/cache\/2024\/01\/Kaviaren-Mandevilla-Kavehaz\/3080007606.jpg\" src=\"data:image\/svg+xml,%3Csvg%20xmlns%3D%22http%3A%2F%2Fwww.w3.org%2F2000%2Fsvg%22%20width%3D%22200%22%20height%3D%22200%22%20viewBox%3D%220%200%20200%20200%22%3E%3C%2Fsvg%3E\" loading=\"eager\"><\/span><span class=\"fg-image-overlay\"><\/span><\/a><\/figure><div class=\"fg-loader\"><\/div><\/div><div class=\"fg-item fg-type-image fg-idle\"><figure class=\"fg-item-inner\"><a href=\"https:\/\/www.slovensky-kras.eu\/info\/wp-content\/uploads\/2023\/09\/mandevilla3.jpg\" data-caption-title=\"Remeseln\u00edcky (\u0161af\u00e1rov) dom v Gombaseku\" data-caption-desc=\"Remeseln\u00edcky (\u0161af\u00e1rov) dom v Gombaseku \u2013 Kaviare\u0148 Mandevilla K\u00e1v\u00e9h\u00e1z\" data-attachment-id=\"25642\" data-type=\"image\" class=\"fg-thumb\"><span class=\"fg-image-wrap\"><img decoding=\"async\" title=\"Remeseln\u00edcky (\u0161af\u00e1rov) dom v Gombaseku\" width=\"200\" height=\"200\" class=\"skip-lazy fg-image\" data-src-fg=\"https:\/\/www.slovensky-kras.eu\/info\/wp-content\/uploads\/cache\/2023\/09\/mandevilla3\/366087242.jpg\" src=\"data:image\/svg+xml,%3Csvg%20xmlns%3D%22http%3A%2F%2Fwww.w3.org%2F2000%2Fsvg%22%20width%3D%22200%22%20height%3D%22200%22%20viewBox%3D%220%200%20200%20200%22%3E%3C%2Fsvg%3E\" loading=\"eager\"><\/span><span class=\"fg-image-overlay\"><\/span><\/a><figcaption class=\"fg-caption\"><div class=\"fg-caption-inner\"><div class=\"fg-caption-title\">Remeseln\u00edcky (\u0161af\u00e1rov) dom v Gombaseku<\/div><div class=\"fg-caption-desc\">Remeseln\u00edcky (\u0161af\u00e1rov) dom v Gombaseku \u2013 Kaviare\u0148 Mandevilla K\u00e1v\u00e9h\u00e1z<\/div><\/div><\/figcaption><\/figure><div class=\"fg-loader\"><\/div><\/div><div class=\"fg-item fg-type-image fg-idle\"><figure class=\"fg-item-inner\"><a href=\"https:\/\/www.slovensky-kras.eu\/info\/wp-content\/uploads\/2023\/09\/mandevilla2.jpg\" data-caption-title=\"Remeseln\u00edcky (\u0161af\u00e1rov) dom v Gombaseku\" data-caption-desc=\"Remeseln\u00edcky (\u0161af\u00e1rov) dom v Gombaseku \u2013 Kaviare\u0148 Mandevilla K\u00e1v\u00e9h\u00e1z\" data-attachment-id=\"25641\" data-type=\"image\" class=\"fg-thumb\"><span class=\"fg-image-wrap\"><img decoding=\"async\" alt=\"\u0160af\u00e1rov dom v Gombaseku\" title=\"Remeseln\u00edcky (\u0161af\u00e1rov) dom v Gombaseku\" width=\"200\" height=\"200\" class=\"skip-lazy fg-image\" data-src-fg=\"https:\/\/www.slovensky-kras.eu\/info\/wp-content\/uploads\/cache\/2023\/09\/mandevilla2\/1097341908.jpg\" src=\"data:image\/svg+xml,%3Csvg%20xmlns%3D%22http%3A%2F%2Fwww.w3.org%2F2000%2Fsvg%22%20width%3D%22200%22%20height%3D%22200%22%20viewBox%3D%220%200%20200%20200%22%3E%3C%2Fsvg%3E\" loading=\"eager\"><\/span><span class=\"fg-image-overlay\"><\/span><\/a><figcaption class=\"fg-caption\"><div class=\"fg-caption-inner\"><div class=\"fg-caption-title\">Remeseln\u00edcky (\u0161af\u00e1rov) dom v Gombaseku<\/div><div class=\"fg-caption-desc\">Remeseln\u00edcky (\u0161af\u00e1rov) dom v Gombaseku \u2013 Kaviare\u0148 Mandevilla K\u00e1v\u00e9h\u00e1z<\/div><\/div><\/figcaption><\/figure><div class=\"fg-loader\"><\/div><\/div><div class=\"fg-item fg-type-image fg-idle\"><figure class=\"fg-item-inner\"><a href=\"https:\/\/www.slovensky-kras.eu\/info\/wp-content\/uploads\/2023\/09\/mandevilla1.jpg\" data-caption-title=\"Remeseln\u00edcky (\u0161af\u00e1rov) dom v Gombaseku\" data-caption-desc=\"Remeseln\u00edcky (\u0161af\u00e1rov) dom v Gombaseku \u2013 Kaviare\u0148 Mandevilla K\u00e1v\u00e9h\u00e1z\" data-attachment-id=\"25640\" data-type=\"image\" class=\"fg-thumb\"><span class=\"fg-image-wrap\"><img decoding=\"async\" title=\"Remeseln\u00edcky (\u0161af\u00e1rov) dom v Gombaseku\" width=\"200\" height=\"200\" class=\"skip-lazy fg-image\" data-src-fg=\"https:\/\/www.slovensky-kras.eu\/info\/wp-content\/uploads\/cache\/2023\/09\/mandevilla1\/3088519479.jpg\" src=\"data:image\/svg+xml,%3Csvg%20xmlns%3D%22http%3A%2F%2Fwww.w3.org%2F2000%2Fsvg%22%20width%3D%22200%22%20height%3D%22200%22%20viewBox%3D%220%200%20200%20200%22%3E%3C%2Fsvg%3E\" loading=\"eager\"><\/span><span class=\"fg-image-overlay\"><\/span><\/a><figcaption class=\"fg-caption\"><div class=\"fg-caption-inner\"><div class=\"fg-caption-title\">Remeseln\u00edcky (\u0161af\u00e1rov) dom v Gombaseku<\/div><div class=\"fg-caption-desc\">Remeseln\u00edcky (\u0161af\u00e1rov) dom v Gombaseku \u2013 Kaviare\u0148 Mandevilla K\u00e1v\u00e9h\u00e1z<\/div><\/div><\/figcaption><\/figure><div class=\"fg-loader\"><\/div><\/div>\t<\/div>\n\t<div class=\"fg-carousel-bottom\"><\/div>\n\t<div class=\"fg-carousel-progress\"><\/div>\n\t<button type=\"button\" class=\"fg-carousel-next\" title=\"Next\"><\/button>\n<\/div>\n<h3><span style=\"color: #808000;\">Kontaktn\u00e9 \u00fadaje<br \/>\n<\/span><\/h3>\n<p><strong>Kaviare\u0148 Mandevilla K\u00e1v\u00e9h\u00e1z<\/strong><br \/>\nSlavec \u010das\u0165 Gombasek 137,<br \/>\nSlavec 04911<\/p>\n<p><strong>Mobil:<\/strong> 0905 514 874<br \/>\n<strong>E-mail:<\/strong> <a href=\"mailto:zuzka.hamelliova@gmail.com\" target=\"_blank\" rel=\"noopener\">zuzka.hamelliova@gmail.com<\/a><br \/>\n<strong>Web:<\/strong> <a href=\"https:\/\/www.hamelli.sk\/\" target=\"_blank\" rel=\"noopener\">https:\/\/www.hamelli.sk\/<\/a><\/p>\n<h3><span style=\"color: #808000;\">Bl\u00edzke stredisko, turistick\u00e9 centrum, obec alebo mesto:<\/span><\/h3>\n<ul>\n<li><a href=\"http:\/\/www.slovensky-kras.eu\/info\/strediska-a-centra\/rekreacne-stredisko-gombasek\/\">Stredisko Gombasek<\/a><\/li>\n<\/ul>\n<ul>\n<li><a href=\"http:\/\/www.slovensky-kras.eu\/info\/strediska-a-centra\/obec-slavec\/\">Obec Slavec<\/a><\/li>\n<\/ul>\n<h2><span style=\"color: #800000;\">Mapy<\/span><\/h2>\n<p><strong>Vrstvy: <\/strong>Turistick\u00e1 mapa, Automapa, Cyklomapa, Ly\u017eiarska mapa, Satelitn\u00e1 mapa a OpenStreetMap.<\/p>\n<p><strong>Kliknut\u00edm na logo &#8222;Freemap.sk&#8220; sa V\u00e1m mapa zobraz\u00ed na celej ploche obrazovky.<\/strong><\/p>\n<p><iframe style=\"width: 900px; height: 600px; border: 0;\" src=\"https:\/\/www.freemap.sk\/?map=16\/48.568763\/20.464915&amp;info-point=48.568763\/20.464915,Remeseln\u00edcky (\u0161af\u00e1rov) dom v Gombaseku&amp;layers=X&amp;embed=search\" allowfullscreen=\"allowfullscreen\"><span data-mce-type=\"bookmark\" style=\"display: inline-block; width: 0px; overflow: hidden; line-height: 0;\" class=\"mce_SELRES_start\">\ufeff<\/span><\/iframe><\/p>\n<h2><span style=\"color: #800000;\">Po\u010dasie<\/span><strong><br \/>\n<\/strong><br \/>\n<iframe style=\"width: 900px; height: 606px;\" src=\"https:\/\/www.meteoblue.com\/sk\/po%C4%8Dasie\/widget\/three\/gombasek_slovensk%c3%a1-republika_724780?geoloc=fixed&amp;nocurrent=0&amp;noforecast=0&amp;days=6&amp;tempunit=CELSIUS&amp;windunit=KILOMETER_PER_HOUR&amp;layout=image\" frameborder=\"0\" scrolling=\"NO\" sandbox=\"allow-same-origin allow-scripts allow-popups allow-popups-to-escape-sandbox\"><\/iframe><\/h2>\n<div><!-- DO NOT REMOVE THIS LINK --><a href=\"https:\/\/www.meteoblue.com\/sk\/po%C4%8Dasie\/predpove%C4%8F\/t%C3%BD%C5%BEde%C5%88\/gombasek_slovensk%c3%a1-republika_724780?utm_source=weather_widget&amp;utm_medium=linkus&amp;utm_content=three&amp;utm_campaign=Weather%2BWidget\" target=\"_blank\" rel=\"noopener noreferrer\">meteoblue<\/a><\/div>\n","protected":false},"excerpt":{"rendered":"<p>Menu: Podkateg\u00f3ria: \u010co je to \u0160af\u00e1rov dom v Gombaseku a ako sa naz\u00fdva? \u0160af\u00e1rov dom v Gombaseku, zn\u00e1my aj ako\u00a0Orb\u00e1nov dom, je\u00a0klasicistick\u00e1 stavba, ktor\u00e1 sa naz\u00fdva aj ako\u00a0remeseln\u00edcky dom. Nach\u00e1dza [&hellip;]<\/p>\n","protected":false},"author":1,"featured_media":25641,"parent":15,"menu_order":0,"comment_status":"closed","ping_status":"closed","template":"","meta":{"_uag_custom_page_level_css":"","footnotes":""},"class_list":["post-16652","page","type-page","status-publish","has-post-thumbnail","hentry"],"featured_image_src":"https:\/\/www.slovensky-kras.eu\/info\/wp-content\/uploads\/2023\/09\/mandevilla2.jpg","featured_image_src_square":"https:\/\/www.slovensky-kras.eu\/info\/wp-content\/uploads\/2023\/09\/mandevilla2.jpg","rbea_author_info":{"display_name":"admin","author_link":"https:\/\/www.slovensky-kras.eu\/info\/author\/admin\/"},"rbea_excerpt_info":"Menu: Podkateg\u00f3ria: \u010co je to \u0160af\u00e1rov dom v Gombaseku a ako sa naz\u00fdva? \u0160af\u00e1rov dom v Gombaseku, zn\u00e1my aj ako\u00a0Orb\u00e1nov dom, je\u00a0klasicistick\u00e1 stavba, ktor\u00e1 sa naz\u00fdva aj ako\u00a0remeseln\u00edcky dom. Nach\u00e1dza [&hellip;]","uagb_featured_image_src":{"full":["https:\/\/www.slovensky-kras.eu\/info\/wp-content\/uploads\/2023\/09\/mandevilla2.jpg",1000,667,false],"thumbnail":["https:\/\/www.slovensky-kras.eu\/info\/wp-content\/uploads\/2023\/09\/mandevilla2-150x150.jpg",150,150,true],"medium":["https:\/\/www.slovensky-kras.eu\/info\/wp-content\/uploads\/2023\/09\/mandevilla2-800x534.jpg",800,534,true],"medium_large":["https:\/\/www.slovensky-kras.eu\/info\/wp-content\/uploads\/2023\/09\/mandevilla2-768x512.jpg",768,512,true],"large":["https:\/\/www.slovensky-kras.eu\/info\/wp-content\/uploads\/2023\/09\/mandevilla2.jpg",1000,667,false],"1536x1536":["https:\/\/www.slovensky-kras.eu\/info\/wp-content\/uploads\/2023\/09\/mandevilla2.jpg",1000,667,false],"2048x2048":["https:\/\/www.slovensky-kras.eu\/info\/wp-content\/uploads\/2023\/09\/mandevilla2.jpg",1000,667,false]},"uagb_author_info":{"display_name":"admin","author_link":"https:\/\/www.slovensky-kras.eu\/info\/author\/admin\/"},"uagb_comment_info":0,"uagb_excerpt":"Menu: Podkateg\u00f3ria: \u010co je to \u0160af\u00e1rov dom v Gombaseku a ako sa naz\u00fdva? \u0160af\u00e1rov dom v Gombaseku, zn\u00e1my aj ako\u00a0Orb\u00e1nov dom, je\u00a0klasicistick\u00e1 stavba, ktor\u00e1 sa naz\u00fdva aj ako\u00a0remeseln\u00edcky dom. Nach\u00e1dza [&hellip;]","_links":{"self":[{"href":"https:\/\/www.slovensky-kras.eu\/info\/wp-json\/wp\/v2\/pages\/16652","targetHints":{"allow":["GET"]}}],"collection":[{"href":"https:\/\/www.slovensky-kras.eu\/info\/wp-json\/wp\/v2\/pages"}],"about":[{"href":"https:\/\/www.slovensky-kras.eu\/info\/wp-json\/wp\/v2\/types\/page"}],"author":[{"embeddable":true,"href":"https:\/\/www.slovensky-kras.eu\/info\/wp-json\/wp\/v2\/users\/1"}],"replies":[{"embeddable":true,"href":"https:\/\/www.slovensky-kras.eu\/info\/wp-json\/wp\/v2\/comments?post=16652"}],"version-history":[{"count":35,"href":"https:\/\/www.slovensky-kras.eu\/info\/wp-json\/wp\/v2\/pages\/16652\/revisions"}],"predecessor-version":[{"id":28936,"href":"https:\/\/www.slovensky-kras.eu\/info\/wp-json\/wp\/v2\/pages\/16652\/revisions\/28936"}],"up":[{"embeddable":true,"href":"https:\/\/www.slovensky-kras.eu\/info\/wp-json\/wp\/v2\/pages\/15"}],"wp:featuredmedia":[{"embeddable":true,"href":"https:\/\/www.slovensky-kras.eu\/info\/wp-json\/wp\/v2\/media\/25641"}],"wp:attachment":[{"href":"https:\/\/www.slovensky-kras.eu\/info\/wp-json\/wp\/v2\/media?parent=16652"}],"curies":[{"name":"wp","href":"https:\/\/api.w.org\/{rel}","templated":true}]}}