{"id":16623,"date":"2020-01-06T06:01:57","date_gmt":"2020-01-06T05:01:57","guid":{"rendered":"http:\/\/www.slovensky-kras.eu\/info\/?page_id=16623"},"modified":"2026-04-24T06:46:29","modified_gmt":"2026-04-24T04:46:29","slug":"kuria-andrassyovcov-v-gombaseku","status":"publish","type":"page","link":"https:\/\/www.slovensky-kras.eu\/info\/kam-za-pamiatkami\/kuria-andrassyovcov-v-gombaseku\/","title":{"rendered":"K\u00faria Andr\u00e1\u0161iovcov v Gombaseku"},"content":{"rendered":"<p><strong>Menu: <\/strong><a href=\"http:\/\/www.slovensky-kras.eu\/info\/\" class=\"su-button su-button-style-default\" style=\"color:#000000;background-color:#FFCF2F;border-color:#cca626;border-radius:5px\" target=\"_self\"><span style=\"color:#000000;padding:6px 16px;font-size:13px;line-height:20px;border-color:#ffde6e;border-radius:5px;text-shadow:none\"><i class=\"sui sui-arrow-right\" style=\"font-size:13px;color:#000000\"><\/i>  \u00davod \/ Aktuality <\/span><\/a>\n<a href=\"http:\/\/www.slovensky-kras.eu\/info\/kam-za-pamiatkami\/\" class=\"su-button su-button-style-default\" style=\"color:#000000;background-color:#FFCF2F;border-color:#cca626;border-radius:5px\" target=\"_self\"><span style=\"color:#000000;padding:6px 16px;font-size:13px;line-height:20px;border-color:#ffde6e;border-radius:5px;text-shadow:none\"><i class=\"sui sui-arrow-right\" style=\"font-size:13px;color:#000000\"><\/i>  Kam za pamiatkami <\/span><\/a>\n<div class=\"su-divider su-divider-style-default\" style=\"margin:15px 0;border-width:0px;border-color:#000000\"><\/div>\n<strong>Podkateg\u00f3ria: <\/strong> <a href=\"http:\/\/www.slovensky-kras.eu\/info\/kam-za-pamiatkami\/kastiele-a-kurie\/\" class=\"su-button su-button-style-default\" style=\"color:#000000;background-color:#afd144;border-color:#8ca837;border-radius:5px\" target=\"_self\"><span style=\"color:#000000;padding:6px 16px;font-size:13px;line-height:20px;border-color:#c7df7d;border-radius:5px;text-shadow:none\"><i class=\"sui sui-arrow-right\" style=\"font-size:13px;color:#000000\"><\/i>  Ka\u0161tiele a k\u00farie <\/span><\/a>\n<div class=\"su-divider su-divider-style-default\" style=\"margin:15px 0;border-width:2px;border-color:#000000\"><\/div>\n<figure id=\"attachment_25487\" aria-describedby=\"caption-attachment-25487\" style=\"width: 900px\" class=\"wp-caption aligncenter\"><a href=\"https:\/\/www.slovensky-kras.eu\/info\/wp-content\/uploads\/2023\/08\/gombasek-klastor12.jpg\"><img loading=\"lazy\" decoding=\"async\" class=\"wp-image-25487\" src=\"https:\/\/www.slovensky-kras.eu\/info\/wp-content\/uploads\/2023\/08\/gombasek-klastor12-800x478.jpg\" alt=\"\" width=\"900\" height=\"538\" srcset=\"https:\/\/www.slovensky-kras.eu\/info\/wp-content\/uploads\/2023\/08\/gombasek-klastor12-800x478.jpg 800w, https:\/\/www.slovensky-kras.eu\/info\/wp-content\/uploads\/2023\/08\/gombasek-klastor12-768x459.jpg 768w, https:\/\/www.slovensky-kras.eu\/info\/wp-content\/uploads\/2023\/08\/gombasek-klastor12.jpg 1000w\" sizes=\"auto, (max-width: 900px) 100vw, 900px\" \/><\/a><figcaption id=\"caption-attachment-25487\" class=\"wp-caption-text\">K\u00faria Andr\u00e1\u0161iovcov v Gombaseku, fotograf: Denisa Denisa Bia\u0142ko (https:\/\/www.facebook.com\/profile.php?id=713587511)<\/figcaption><\/figure>\n<div class=\"su-divider su-divider-style-default\" style=\"margin:15px 0;border-width:2px;border-color:#000000\"><\/div>\n<h2 data-path-to-node=\"0\"><span style=\"color: #800000;\"><b data-path-to-node=\"0\" data-index-in-node=\"0\">Dotyk \u0161\u013eachtickej hist\u00f3rie v srdci Gombaseku<\/b><\/span><\/h2>\n<p data-path-to-node=\"1\">Predstavte si miesto, kde sa <b data-path-to-node=\"1\" data-index-in-node=\"29\">neskor\u00e9 baroko<\/b> stret\u00e1va s divokou pr\u00edrodou a odkr\u00fdva tajomstv\u00e1 rodu <b data-path-to-node=\"1\" data-index-in-node=\"97\">Andr\u00e1\u0161iovcov<\/b>. Vst\u00fapte do priestorov <b data-path-to-node=\"1\" data-index-in-node=\"133\">n\u00e1rodnej kult\u00farnej pamiatky<\/b>, ktorej m\u00fary d\u00fdchaj\u00fa pr\u00edbehmi star\u00e9ho kl\u00e1\u0161tora a sl\u00e1vou niekdaj\u0161ieho <b data-path-to-node=\"1\" data-index-in-node=\"230\">\u017eeleziarstva<\/b>. Objavte vz\u00e1cne <b data-path-to-node=\"1\" data-index-in-node=\"259\">archeologick\u00e9 n\u00e1lezy<\/b> v elegantnej rokokovej k\u00farii, ktor\u00e1 po rokoch op\u00e4\u0165 o\u017eila v\u010faka poctivej <b data-path-to-node=\"1\" data-index-in-node=\"352\">rekon\u0161trukcii<\/b>. Pr\u00ed\u010fte presk\u00fama\u0165 are\u00e1l <b data-path-to-node=\"1\" data-index-in-node=\"390\">Gombaseku<\/b> a nechajte sa o\u010dari\u0165 spojen\u00edm hist\u00f3rie, s\u00fdpky a unik\u00e1tnej architekt\u00fary.<\/p>\n<h2 dir=\"auto\"><span style=\"color: #800000;\">Kde sa nach\u00e1dza <strong>K\u00faria Andr\u00e1\u0161iovcov<\/strong> a ak\u00fa m\u00e1 historick\u00fa hodnotu?<\/span><\/h2>\n<p dir=\"auto\"><strong>K\u00faria Andr\u00e1\u0161iovcov<\/strong> (Andr\u00e1ssyovcov), n\u00e1dhern\u00e1 <strong>rokokov\u00e1 k\u00faria<\/strong> z druhej polovice 18. storo\u010dia, sa nach\u00e1dza v katastr\u00e1lnom \u00fazem\u00ed obce Slavec v ob\u013e\u00fabenom rekrea\u010dnom stredisku Gombasek. Rokoko (z franc\u00faz\u0161tiny rocaille) je umeleck\u00fd sloh, ktor\u00fd predstavoval \u010fal\u0161\u00ed v\u00fdvoj baroka koncom 18. storo\u010dia. Preto je vhodnej\u0161ie pre stredn\u00fa Eur\u00f3pu pou\u017e\u00edva\u0165 term\u00edn <strong>neskor\u00e9 baroko<\/strong>. Za n\u00e1rodn\u00fa kult\u00farnu pamiatku bola <strong>k\u00faria<\/strong> vyhl\u00e1sen\u00e1 v roku 1975.<\/p>\n<h2 dir=\"auto\"><span style=\"color: #800000;\">Ak\u00fa architekt\u00faru a exteri\u00e9r m\u00e1 <strong>K\u00faria Andr\u00e1\u0161iovcov<\/strong>?<\/span><\/h2>\n<p dir=\"auto\">Jednopodla\u017en\u00e1 a podpivni\u010den\u00e1 stavba m\u00e1 obd\u013a\u017enikov\u00fd p\u00f4dorys s elegantnou manzardovou strechou. V 19. storo\u010d\u00ed pre\u0161la klasicistickou \u00fapravou. <strong>K\u00faria<\/strong> m\u00e1 centr\u00e1lny vstup obd\u013a\u017ene zaklenut\u00fd valenou klenbou. Po \u013eavej strane vstupu je umiestnen\u00e9 schodisko do suter\u00e9nneho priestoru, ktor\u00fd prebieha iba pod men\u0161ou \u010das\u0165ou stavby. Okn\u00e1 <strong>k\u00farie<\/strong> s rokokov\u00fdmi mre\u017eami s\u00fa obd\u013a\u017ene s dovn\u00fatra sa roz\u0161iruj\u00facou \u0161paletou a rovnou r\u00edmsou.<\/p>\n<h2 dir=\"auto\"><span style=\"color: #800000;\">Ako vyzer\u00e1 interi\u00e9r <strong>K\u00farie Andr\u00e1\u0161iovcov<\/strong>?<\/span><\/h2>\n<p dir=\"auto\">Vn\u00fatorn\u00e1 dispoz\u00edcia rozde\u013euje cel\u00fd priestor do \u0161tyroch miestnost\u00ed, ktor\u00e9 s\u00fa komunika\u010dne spojen\u00e9 na centr\u00e1lnu chodbu s v\u00fdklenkom a otvorenou pecou. V interi\u00e9roch s\u00fa klenby s bohat\u00fdmi \u0161trukt\u00farami.<\/p>\n<h2 dir=\"auto\"><span style=\"color: #800000;\">Kto boli majitelia <strong>K\u00farie Andr\u00e1\u0161iovcov<\/strong>?<\/span><\/h2>\n<p dir=\"auto\">Posledn\u00fdmi majite\u013emi <strong>k\u00farie<\/strong> do roku 1945 boli Andr\u00e1\u0161iovci (Andr\u00e1ssyovci).<\/p>\n<h2 dir=\"auto\"><span style=\"color: #800000;\">Je <strong>K\u00faria Andr\u00e1\u0161iovcov<\/strong> s\u00fa\u010das\u0165ou turistick\u00fdch tr\u00e1s a \u010do k nej patr\u00ed?<\/span><\/h2>\n<p dir=\"auto\"><strong>Pamiatka<\/strong> je s\u00fa\u010das\u0165ou n\u00e1u\u010dn\u00e9ho chodn\u00edka v are\u00e1li Gombasek. S\u00fa\u010das\u0165ou objektu je aj <strong>s\u00fdpka<\/strong>. <strong>S\u00fdpka<\/strong> je murovan\u00e1 stavba obd\u013a\u017enikov\u00e9ho p\u00f4dorysu s hladkou fas\u00e1dou. Objekt m\u00e1 valbov\u00fa strechu s jedn\u00fdm sedlov\u00fdm vikierom. S\u00fa\u010das\u0165ou ve\u013ekostatku Andr\u00e1\u0161iovcov bol aj ne\u010falek\u00fd remeseln\u00edcky (\u0161af\u00e1rov) dom.<\/p>\n<h2 dir=\"auto\"><span style=\"color: #800000;\">Kto sa star\u00e1 o are\u00e1l <strong>K\u00farie Andr\u00e1\u0161iovcov<\/strong>?<\/span><\/h2>\n<p dir=\"auto\">Cel\u00fd are\u00e1l zve\u013ea\u010fuje OZ Sine Metu, ktor\u00e9 je aj organiz\u00e1torom Gombaseck\u00e9ho letn\u00e9ho t\u00e1bora a majite\u013eom cel\u00e9ho Gombaseck\u00e9ho are\u00e1lu.<\/p>\n<h2 dir=\"auto\"><span style=\"color: #800000;\">\u010co m\u00f4\u017eete vidie\u0165 v m\u00fazeu v <strong>K\u00farii Andr\u00e1\u0161iovcov<\/strong>?<\/span><\/h2>\n<p dir=\"auto\">Po poslednej rekon\u0161trukcii tu vzniklo m\u00fazeum. N\u00e1v\u0161tevn\u00edci si tu m\u00f4\u017eu pozrie\u0165 artefakty n\u00e1jden\u00e9 po\u010das \u0161iestich archeologick\u00fdch v\u00fdskumn\u00fdch sez\u00f3n pavl\u00ednskeho kl\u00e1\u0161tora v Gombaseku a expon\u00e1ty s\u00favisiace so \u017eeleziarskou v\u00fdrobou tu p\u00f4sobiacich Andr\u00e1ssyovcov.<\/p>\n<h2 dir=\"auto\"><span style=\"color: #800000;\">Ako kontaktova\u0165 <strong>K\u00fariu Andr\u00e1\u0161iovcov<\/strong> \u2013 m\u00fazeum?<\/span><\/h2>\n<p dir=\"auto\"><strong>K\u00faria<\/strong> \u2013 m\u00fazeum Slavec \u010das\u0165 Gombasek, <strong>Slavec 176, 049 11 Slavec<\/strong><\/p>\n<div class=\"user-query-container\">\n<div id=\"user-query-content-1\" class=\"query-content ng-star-inserted verticle-align-for-single-line-text\" data-hveid=\"0\" data-ved=\"0CAAQ3ucQahgKEwjRq9ekp4WUAxUAAAAAHQAAAAAQ3Ak\">\n<div class=\"query-text gds-body-l\" dir=\"ltr\" role=\"heading\" aria-level=\"2\">\n<h2 class=\"query-text-line ng-star-inserted\"><span style=\"color: #800000;\">Vydajte sa po stop\u00e1ch straten\u00e9ho \u010dasu<\/span><\/h2>\n<\/div>\n<\/div>\n<\/div>\n<div>\n<div class=\"response-container response-container-with-gpi ng-tns-c3415320510-164 no-background response-container-has-multiple-responses\" data-hveid=\"1\">\n<div class=\"presented-response-container ng-tns-c3415320510-164\" data-hveid=\"2\">\n<div class=\"response-container-content ng-tns-c3415320510-164\">\n<div class=\"response-content ng-tns-c3415320510-164\">\n<div class=\"container\">\n<div id=\"model-response-message-contentr_760338bf1e601778\" class=\"markdown markdown-main-panel stronger enable-updated-hr-color\" dir=\"ltr\" aria-live=\"polite\" aria-busy=\"false\">\n<p data-path-to-node=\"1\"><em>Zakon\u010dite svoje putovanie po Gemeri tam, kde minulos\u0165 o\u017e\u00edva v ka\u017edom detaile <b data-path-to-node=\"1\" data-index-in-node=\"77\">zrekon\u0161truovan\u00e9ho m\u00fazea<\/b>. \u010cak\u00e1 na v\u00e1s fascinuj\u00faci poh\u013ead na <b data-path-to-node=\"1\" data-index-in-node=\"136\">poklady pavl\u00ednskeho kl\u00e1\u0161tora<\/b> a dedi\u010dstvo, ktor\u00e9 tu zanechali mocn\u00ed <b data-path-to-node=\"1\" data-index-in-node=\"203\">Andr\u00e1\u0161iovci<\/b>. Sta\u010d\u00ed prejs\u0165 br\u00e1nami are\u00e1lu v <b data-path-to-node=\"1\" data-index-in-node=\"246\">Gombaseku<\/b>, aby ste poc\u00edtili autentick\u00fa atmosf\u00e9ru na\u0161ich dej\u00edn na vlastnej ko\u017ei. Nechajte sa pozva\u0165 na miesta, kde sa <b data-path-to-node=\"1\" data-index-in-node=\"363\">vz\u00e1cna architekt\u00fara<\/b> sp\u00e1ja s pokojom pr\u00edrody v jeden nezabudnute\u013en\u00fd z\u00e1\u017eitok.<\/em><\/p>\n<\/div>\n<\/div>\n<\/div>\n<\/div>\n<\/div>\n<\/div>\n<\/div>\n<h2><span style=\"color: #800000;\">Fotogal\u00e9ria<\/span><\/h2>\n<style type=\"text\/css\">\n#foogallery-gallery-28770 .fg-image { width: 200px; }<\/style>\n\t\t\t<div class=\"foogallery foogallery-container foogallery-carousel foogallery-lightbox-foogallery fg-carousel fg-ready fg-light fg-border-medium fg-round-small fg-shadow-medium fg-loading-default fg-loaded-fade-in fg-hover-semi-zoomed fg-hover-fade fg-hover-circle-plus2\" id=\"foogallery-gallery-28770\" data-foogallery=\"{&quot;item&quot;:{&quot;showCaptionTitle&quot;:true,&quot;showCaptionDescription&quot;:true},&quot;lazy&quot;:true,&quot;template&quot;:{&quot;maxItems&quot;:5,&quot;scale&quot;:0.11999999999999999555910790149937383830547332763671875,&quot;gutter&quot;:{&quot;min&quot;:-40,&quot;max&quot;:-20,&quot;unit&quot;:&quot;%&quot;},&quot;autoplay&quot;:{&quot;time&quot;:0,&quot;interaction&quot;:&quot;pause&quot;},&quot;centerOnClick&quot;:true,&quot;align&quot;:&quot;center&quot;,&quot;activePosition&quot;:&quot;center&quot;}}\" data-foogallery-lightbox=\"{&quot;thumbs&quot;:&quot;bottom&quot;,&quot;thumbsCaptions&quot;:false,&quot;thumbsBestFit&quot;:false,&quot;thumbsSmall&quot;:false,&quot;thumbsCaptionsAlign&quot;:&quot;default&quot;,&quot;info&quot;:&quot;bottom&quot;,&quot;infoVisible&quot;:true,&quot;infoOverlay&quot;:true,&quot;infoAlign&quot;:&quot;default&quot;,&quot;transition&quot;:&quot;fade&quot;,&quot;hoverButtons&quot;:false,&quot;fitMedia&quot;:false,&quot;noScrollbars&quot;:true,&quot;preserveButtonSpace&quot;:true,&quot;buttons&quot;:{&quot;fullscreen&quot;:true,&quot;info&quot;:true,&quot;thumbs&quot;:false},&quot;video&quot;:{&quot;autoPlay&quot;:true}}\" style=\"--fg-title-line-clamp: 0; --fg-description-line-clamp: 0;\" >\n\t<button type=\"button\" class=\"fg-carousel-prev\" title=\"Previous\"><\/button>\n\t<div class=\"fg-carousel-inner\">\n\t\t<div class=\"fg-carousel-center\"><\/div>\n\t\t<div class=\"fg-item fg-type-image fg-idle\"><figure class=\"fg-item-inner\"><a href=\"https:\/\/www.slovensky-kras.eu\/info\/wp-content\/uploads\/2024\/01\/gombasek-kuria1.jpg\" data-attachment-id=\"26693\" data-type=\"image\" class=\"fg-thumb\"><span class=\"fg-image-wrap\"><img decoding=\"async\" width=\"200\" height=\"200\" class=\"skip-lazy fg-image\" data-src-fg=\"https:\/\/www.slovensky-kras.eu\/info\/wp-content\/uploads\/cache\/2024\/01\/gombasek-kuria1\/3483193607.jpg\" src=\"data:image\/svg+xml,%3Csvg%20xmlns%3D%22http%3A%2F%2Fwww.w3.org%2F2000%2Fsvg%22%20width%3D%22200%22%20height%3D%22200%22%20viewBox%3D%220%200%20200%20200%22%3E%3C%2Fsvg%3E\" loading=\"eager\"><\/span><span class=\"fg-image-overlay\"><\/span><\/a><\/figure><div class=\"fg-loader\"><\/div><\/div><div class=\"fg-item fg-type-image fg-idle\"><figure class=\"fg-item-inner\"><a href=\"https:\/\/www.slovensky-kras.eu\/info\/wp-content\/uploads\/2023\/08\/gombasek-klastor12.jpg\" data-attachment-id=\"25487\" data-type=\"image\" class=\"fg-thumb\"><span class=\"fg-image-wrap\"><img decoding=\"async\" width=\"200\" height=\"200\" class=\"skip-lazy fg-image\" data-src-fg=\"https:\/\/www.slovensky-kras.eu\/info\/wp-content\/uploads\/cache\/2023\/08\/gombasek-klastor12\/3656212861.jpg\" src=\"data:image\/svg+xml,%3Csvg%20xmlns%3D%22http%3A%2F%2Fwww.w3.org%2F2000%2Fsvg%22%20width%3D%22200%22%20height%3D%22200%22%20viewBox%3D%220%200%20200%20200%22%3E%3C%2Fsvg%3E\" loading=\"eager\"><\/span><span class=\"fg-image-overlay\"><\/span><\/a><\/figure><div class=\"fg-loader\"><\/div><\/div><div class=\"fg-item fg-type-image fg-idle\"><figure class=\"fg-item-inner\"><a href=\"https:\/\/www.slovensky-kras.eu\/info\/wp-content\/uploads\/2023\/08\/gombasek-klastor11.jpg\" data-attachment-id=\"25486\" data-type=\"image\" class=\"fg-thumb\"><span class=\"fg-image-wrap\"><img decoding=\"async\" width=\"200\" height=\"200\" class=\"skip-lazy fg-image\" data-src-fg=\"https:\/\/www.slovensky-kras.eu\/info\/wp-content\/uploads\/cache\/2023\/08\/gombasek-klastor11\/1428208952.jpg\" src=\"data:image\/svg+xml,%3Csvg%20xmlns%3D%22http%3A%2F%2Fwww.w3.org%2F2000%2Fsvg%22%20width%3D%22200%22%20height%3D%22200%22%20viewBox%3D%220%200%20200%20200%22%3E%3C%2Fsvg%3E\" loading=\"eager\"><\/span><span class=\"fg-image-overlay\"><\/span><\/a><\/figure><div class=\"fg-loader\"><\/div><\/div><div class=\"fg-item fg-type-image fg-idle\"><figure class=\"fg-item-inner\"><a href=\"https:\/\/www.slovensky-kras.eu\/info\/wp-content\/uploads\/2023\/08\/dub-drnava.jpg\" data-caption-title=\"dub letn\u00fd (lat. Quercus robur), ktor\u00fd sa stal stromom roka 2020, fotograf: , \u00d6rs Orosz (Gombasz\u00f6gi Ny\u00e1ri T\u00e1bor)\" data-attachment-id=\"25264\" data-type=\"image\" class=\"fg-thumb\"><span class=\"fg-image-wrap\"><img decoding=\"async\" alt=\"dub letn\u00fd (lat. Quercus robur), ktor\u00fd sa stal stromom roka 2020, fotograf: , \u00d6rs Orosz (Gombasz\u00f6gi Ny\u00e1ri T\u00e1bor)\" title=\"dub letn\u00fd (lat. Quercus robur), ktor\u00fd sa stal stromom roka 2020, fotograf: , \u00d6rs Orosz (Gombasz\u00f6gi Ny\u00e1ri T\u00e1bor)\" width=\"200\" height=\"200\" class=\"skip-lazy fg-image\" data-src-fg=\"https:\/\/www.slovensky-kras.eu\/info\/wp-content\/uploads\/cache\/2023\/08\/dub-drnava\/1616186138.jpg\" src=\"data:image\/svg+xml,%3Csvg%20xmlns%3D%22http%3A%2F%2Fwww.w3.org%2F2000%2Fsvg%22%20width%3D%22200%22%20height%3D%22200%22%20viewBox%3D%220%200%20200%20200%22%3E%3C%2Fsvg%3E\" loading=\"eager\"><\/span><span class=\"fg-image-overlay\"><\/span><\/a><figcaption class=\"fg-caption\"><div class=\"fg-caption-inner\"><div class=\"fg-caption-title\">dub letn\u00fd (lat. Quercus robur), ktor\u00fd sa stal stromom roka 2020, fotograf: , \u00d6rs Orosz (Gombasz\u00f6gi Ny\u00e1ri T\u00e1bor)<\/div><\/div><\/figcaption><\/figure><div class=\"fg-loader\"><\/div><\/div><div class=\"fg-item fg-type-image fg-idle\"><figure class=\"fg-item-inner\"><a href=\"https:\/\/www.slovensky-kras.eu\/info\/wp-content\/uploads\/2023\/06\/gombasek-kastiel2.jpg\" data-attachment-id=\"24766\" data-type=\"image\" class=\"fg-thumb\"><span class=\"fg-image-wrap\"><img decoding=\"async\" width=\"200\" height=\"200\" class=\"skip-lazy fg-image\" data-src-fg=\"https:\/\/www.slovensky-kras.eu\/info\/wp-content\/uploads\/cache\/2023\/06\/gombasek-kastiel2\/3661624259.jpg\" src=\"data:image\/svg+xml,%3Csvg%20xmlns%3D%22http%3A%2F%2Fwww.w3.org%2F2000%2Fsvg%22%20width%3D%22200%22%20height%3D%22200%22%20viewBox%3D%220%200%20200%20200%22%3E%3C%2Fsvg%3E\" loading=\"eager\"><\/span><span class=\"fg-image-overlay\"><\/span><\/a><\/figure><div class=\"fg-loader\"><\/div><\/div><div class=\"fg-item fg-type-image fg-idle\"><figure class=\"fg-item-inner\"><a href=\"https:\/\/www.slovensky-kras.eu\/info\/wp-content\/uploads\/2023\/06\/gombasek-kastiel.jpg\" data-attachment-id=\"24764\" data-type=\"image\" class=\"fg-thumb\"><span class=\"fg-image-wrap\"><img decoding=\"async\" alt=\"K\u00faria Andr\u00e1\u0161iovcov v Gombaseku\" width=\"200\" height=\"200\" class=\"skip-lazy fg-image\" data-src-fg=\"https:\/\/www.slovensky-kras.eu\/info\/wp-content\/uploads\/cache\/2023\/06\/gombasek-kastiel\/1611582445.jpg\" src=\"data:image\/svg+xml,%3Csvg%20xmlns%3D%22http%3A%2F%2Fwww.w3.org%2F2000%2Fsvg%22%20width%3D%22200%22%20height%3D%22200%22%20viewBox%3D%220%200%20200%20200%22%3E%3C%2Fsvg%3E\" loading=\"eager\"><\/span><span class=\"fg-image-overlay\"><\/span><\/a><\/figure><div class=\"fg-loader\"><\/div><\/div><div class=\"fg-item fg-type-image fg-idle\"><figure class=\"fg-item-inner\"><a href=\"https:\/\/www.slovensky-kras.eu\/info\/wp-content\/uploads\/2020\/01\/kuria-gombasek-1.jpg\" data-attachment-id=\"16644\" data-type=\"image\" class=\"fg-thumb\"><span class=\"fg-image-wrap\"><img decoding=\"async\" width=\"200\" height=\"200\" class=\"skip-lazy fg-image\" data-src-fg=\"https:\/\/www.slovensky-kras.eu\/info\/wp-content\/uploads\/cache\/2020\/01\/kuria-gombasek-1\/1299030496.jpg\" src=\"data:image\/svg+xml,%3Csvg%20xmlns%3D%22http%3A%2F%2Fwww.w3.org%2F2000%2Fsvg%22%20width%3D%22200%22%20height%3D%22200%22%20viewBox%3D%220%200%20200%20200%22%3E%3C%2Fsvg%3E\" loading=\"eager\"><\/span><span class=\"fg-image-overlay\"><\/span><\/a><\/figure><div class=\"fg-loader\"><\/div><\/div>\t<\/div>\n\t<div class=\"fg-carousel-bottom\"><\/div>\n\t<div class=\"fg-carousel-progress\"><\/div>\n\t<button type=\"button\" class=\"fg-carousel-next\" title=\"Next\"><\/button>\n<\/div>\n<h3><span style=\"color: #808000;\">Bl\u00edzke stredisko, turistick\u00e9 centrum, obec alebo mesto:<\/span><\/h3>\n<ul>\n<li><a href=\"http:\/\/www.slovensky-kras.eu\/info\/strediska-a-centra\/rekreacne-stredisko-gombasek\/\">Stredisko Gombasek<\/a><\/li>\n<\/ul>\n<ul>\n<li><a href=\"http:\/\/www.slovensky-kras.eu\/info\/strediska-a-centra\/obec-slavec\/\">Obec Slavec<\/a><\/li>\n<\/ul>\n<h2><span style=\"color: #800000;\">Mapy<\/span><\/h2>\n<p><strong>Vrstvy: <\/strong>Turistick\u00e1 mapa, Automapa, Cyklomapa, Ly\u017eiarska mapa, Satelitn\u00e1 mapa a OpenStreetMap.<\/p>\n<p><strong>Kliknut\u00edm na logo &#8222;Freemap.sk&#8220; sa V\u00e1m mapa zobraz\u00ed na celej ploche obrazovky.<\/strong><\/p>\n<p><iframe style=\"width: 900px; height: 600px; border: 0;\" src=\"https:\/\/www.freemap.sk\/?map=15\/48.568287\/20.465598&amp;info-point=48.568287\/20.465598,K\u00faria Andr\u00e1\u0161iovcov v Gombaseku&amp;layers=X&amp;embed=search\" allowfullscreen=\"allowfullscreen\"><span data-mce-type=\"bookmark\" style=\"display: inline-block; width: 0px; overflow: hidden; line-height: 0;\" class=\"mce_SELRES_start\">\ufeff<\/span><\/iframe><\/p>\n<h2><span style=\"color: #800000;\">Po\u010dasie<\/span><strong><br \/>\n<\/strong><br \/>\n<iframe style=\"width: 900px; height: 606px;\" src=\"https:\/\/www.meteoblue.com\/sk\/po%C4%8Dasie\/widget\/three\/gombasek_slovensk%c3%a1-republika_724780?geoloc=fixed&amp;nocurrent=0&amp;noforecast=0&amp;days=6&amp;tempunit=CELSIUS&amp;windunit=KILOMETER_PER_HOUR&amp;layout=image\" frameborder=\"0\" scrolling=\"NO\" sandbox=\"allow-same-origin allow-scripts allow-popups allow-popups-to-escape-sandbox\"><\/iframe><\/h2>\n<div><!-- DO NOT REMOVE THIS LINK --><a href=\"https:\/\/www.meteoblue.com\/sk\/po%C4%8Dasie\/predpove%C4%8F\/t%C3%BD%C5%BEde%C5%88\/gombasek_slovensk%c3%a1-republika_724780?utm_source=weather_widget&amp;utm_medium=linkus&amp;utm_content=three&amp;utm_campaign=Weather%2BWidget\" target=\"_blank\" rel=\"noopener noreferrer\">meteoblue<\/a><\/div>\n","protected":false},"excerpt":{"rendered":"<p>Menu: Podkateg\u00f3ria: Dotyk \u0161\u013eachtickej hist\u00f3rie v srdci Gombaseku Predstavte si miesto, kde sa neskor\u00e9 baroko stret\u00e1va s divokou pr\u00edrodou a odkr\u00fdva tajomstv\u00e1 rodu Andr\u00e1\u0161iovcov. Vst\u00fapte do priestorov n\u00e1rodnej kult\u00farnej pamiatky, [&hellip;]<\/p>\n","protected":false},"author":1,"featured_media":24764,"parent":15,"menu_order":0,"comment_status":"closed","ping_status":"closed","template":"","meta":{"_uag_custom_page_level_css":"","footnotes":""},"class_list":["post-16623","page","type-page","status-publish","has-post-thumbnail","hentry"],"featured_image_src":"https:\/\/www.slovensky-kras.eu\/info\/wp-content\/uploads\/2023\/06\/gombasek-kastiel.jpg","featured_image_src_square":"https:\/\/www.slovensky-kras.eu\/info\/wp-content\/uploads\/2023\/06\/gombasek-kastiel.jpg","rbea_author_info":{"display_name":"admin","author_link":"https:\/\/www.slovensky-kras.eu\/info\/author\/admin\/"},"rbea_excerpt_info":"Menu: Podkateg\u00f3ria: Dotyk \u0161\u013eachtickej hist\u00f3rie v srdci Gombaseku Predstavte si miesto, kde sa neskor\u00e9 baroko stret\u00e1va s divokou pr\u00edrodou a odkr\u00fdva tajomstv\u00e1 rodu Andr\u00e1\u0161iovcov. Vst\u00fapte do priestorov n\u00e1rodnej kult\u00farnej pamiatky, [&hellip;]","uagb_featured_image_src":{"full":["https:\/\/www.slovensky-kras.eu\/info\/wp-content\/uploads\/2023\/06\/gombasek-kastiel.jpg",1000,667,false],"thumbnail":["https:\/\/www.slovensky-kras.eu\/info\/wp-content\/uploads\/2023\/06\/gombasek-kastiel-150x150.jpg",150,150,true],"medium":["https:\/\/www.slovensky-kras.eu\/info\/wp-content\/uploads\/2023\/06\/gombasek-kastiel-800x534.jpg",800,534,true],"medium_large":["https:\/\/www.slovensky-kras.eu\/info\/wp-content\/uploads\/2023\/06\/gombasek-kastiel-768x512.jpg",768,512,true],"large":["https:\/\/www.slovensky-kras.eu\/info\/wp-content\/uploads\/2023\/06\/gombasek-kastiel.jpg",1000,667,false],"1536x1536":["https:\/\/www.slovensky-kras.eu\/info\/wp-content\/uploads\/2023\/06\/gombasek-kastiel.jpg",1000,667,false],"2048x2048":["https:\/\/www.slovensky-kras.eu\/info\/wp-content\/uploads\/2023\/06\/gombasek-kastiel.jpg",1000,667,false]},"uagb_author_info":{"display_name":"admin","author_link":"https:\/\/www.slovensky-kras.eu\/info\/author\/admin\/"},"uagb_comment_info":0,"uagb_excerpt":"Menu: Podkateg\u00f3ria: Dotyk \u0161\u013eachtickej hist\u00f3rie v srdci Gombaseku Predstavte si miesto, kde sa neskor\u00e9 baroko stret\u00e1va s divokou pr\u00edrodou a odkr\u00fdva tajomstv\u00e1 rodu Andr\u00e1\u0161iovcov. Vst\u00fapte do priestorov n\u00e1rodnej kult\u00farnej pamiatky, [&hellip;]","_links":{"self":[{"href":"https:\/\/www.slovensky-kras.eu\/info\/wp-json\/wp\/v2\/pages\/16623","targetHints":{"allow":["GET"]}}],"collection":[{"href":"https:\/\/www.slovensky-kras.eu\/info\/wp-json\/wp\/v2\/pages"}],"about":[{"href":"https:\/\/www.slovensky-kras.eu\/info\/wp-json\/wp\/v2\/types\/page"}],"author":[{"embeddable":true,"href":"https:\/\/www.slovensky-kras.eu\/info\/wp-json\/wp\/v2\/users\/1"}],"replies":[{"embeddable":true,"href":"https:\/\/www.slovensky-kras.eu\/info\/wp-json\/wp\/v2\/comments?post=16623"}],"version-history":[{"count":25,"href":"https:\/\/www.slovensky-kras.eu\/info\/wp-json\/wp\/v2\/pages\/16623\/revisions"}],"predecessor-version":[{"id":30324,"href":"https:\/\/www.slovensky-kras.eu\/info\/wp-json\/wp\/v2\/pages\/16623\/revisions\/30324"}],"up":[{"embeddable":true,"href":"https:\/\/www.slovensky-kras.eu\/info\/wp-json\/wp\/v2\/pages\/15"}],"wp:featuredmedia":[{"embeddable":true,"href":"https:\/\/www.slovensky-kras.eu\/info\/wp-json\/wp\/v2\/media\/24764"}],"wp:attachment":[{"href":"https:\/\/www.slovensky-kras.eu\/info\/wp-json\/wp\/v2\/media?parent=16623"}],"curies":[{"name":"wp","href":"https:\/\/api.w.org\/{rel}","templated":true}]}}