{"id":16573,"date":"2020-01-04T07:04:20","date_gmt":"2020-01-04T06:04:20","guid":{"rendered":"http:\/\/www.slovensky-kras.eu\/info\/?page_id=16573"},"modified":"2021-04-04T06:20:41","modified_gmt":"2021-04-04T04:20:41","slug":"ruiny-pavlinskeho-klastora-v-gombaseku-gombaszogi-palos-monostor","status":"publish","type":"page","link":"https:\/\/www.slovensky-kras.eu\/info\/kam-za-pamiatkami\/ruiny-pavlinskeho-klastora-v-gombaseku-gombaszogi-palos-monostor\/","title":{"rendered":"Ruiny pavl\u00ednskeho kl\u00e1\u0161tora v Gombaseku &#8211; Gombasz\u00f6gi p\u00e1los monostor"},"content":{"rendered":"<p><strong>Menu: <\/strong><a href=\"http:\/\/www.slovensky-kras.eu\/info\/\" class=\"su-button su-button-style-default\" style=\"color:#000000;background-color:#FFCF2F;border-color:#cca626;border-radius:5px\" target=\"_self\"><span style=\"color:#000000;padding:6px 16px;font-size:13px;line-height:20px;border-color:#ffde6e;border-radius:5px;text-shadow:none\"><i class=\"sui sui-arrow-right\" style=\"font-size:13px;color:#000000\"><\/i>  \u00davod \/ Aktuality <\/span><\/a>\n<a href=\"http:\/\/www.slovensky-kras.eu\/info\/kam-za-pamiatkami\/\" class=\"su-button su-button-style-default\" style=\"color:#000000;background-color:#FFCF2F;border-color:#cca626;border-radius:5px\" target=\"_self\"><span style=\"color:#000000;padding:6px 16px;font-size:13px;line-height:20px;border-color:#ffde6e;border-radius:5px;text-shadow:none\"><i class=\"sui sui-arrow-right\" style=\"font-size:13px;color:#000000\"><\/i>  Kam za pamiatkami <\/span><\/a>\n<div class=\"su-divider su-divider-style-default\" style=\"margin:15px 0;border-width:0px;border-color:#000000\"><\/div>\n<strong>Podkateg\u00f3ria: <\/strong> <a href=\"http:\/\/www.slovensky-kras.eu\/info\/kam-za-pamiatkami\/nabozenske-pamiatky\/\" class=\"su-button su-button-style-default\" style=\"color:#000000;background-color:#afd144;border-color:#8ca837;border-radius:5px\" target=\"_self\"><span style=\"color:#000000;padding:6px 16px;font-size:13px;line-height:20px;border-color:#c7df7d;border-radius:5px;text-shadow:none\"><i class=\"sui sui-arrow-right\" style=\"font-size:13px;color:#000000\"><\/i>  N\u00e1bo\u017eensk\u00e9 pamiatky <\/span><\/a>\n<div class=\"su-divider su-divider-style-default\" style=\"margin:15px 0;border-width:2px;border-color:#000000\"><\/div>\n<p><span style=\"color: #808000;\"><strong>V\u0161eobecn\u00e9 inform\u00e1cie<\/strong><\/span><\/p>\n<p>Ruiny zaniknut\u00e9ho kl\u00e1\u0161tora sa nach\u00e1dzaj\u00fa v stredisku <a href=\"https:\/\/www.slovensky-kras.eu\/info\/strediska-a-centra\/rekreacne-stredisko-gombasek\/\">Gombasek<\/a>, ktor\u00fd je s\u00fa\u010das\u0165ou obce <a href=\"http:\/\/www.slovensky-kras.eu\/info\/strediska-a-centra\/obec-slavec\/\">Slavec<\/a>.<\/p>\n<figure id=\"attachment_16586\" aria-describedby=\"caption-attachment-16586\" style=\"width: 1000px\" class=\"wp-caption aligncenter\"><a href=\"http:\/\/www.slovensky-kras.eu\/info\/wp-content\/uploads\/2020\/01\/gombasek-palac.jpg\"><img loading=\"lazy\" decoding=\"async\" class=\"wp-image-16586 size-full\" src=\"http:\/\/www.slovensky-kras.eu\/info\/wp-content\/uploads\/2020\/01\/gombasek-palac.jpg\" alt=\"\" width=\"1000\" height=\"750\" srcset=\"https:\/\/www.slovensky-kras.eu\/info\/wp-content\/uploads\/2020\/01\/gombasek-palac.jpg 1000w, https:\/\/www.slovensky-kras.eu\/info\/wp-content\/uploads\/2020\/01\/gombasek-palac-800x600.jpg 800w, https:\/\/www.slovensky-kras.eu\/info\/wp-content\/uploads\/2020\/01\/gombasek-palac-768x576.jpg 768w\" sizes=\"auto, (max-width: 1000px) 100vw, 1000px\" \/><\/a><figcaption id=\"caption-attachment-16586\" class=\"wp-caption-text\">Ruiny pavl\u00ednskeho kl\u00e1\u0161tora v Gombaseku, zdroj foto: OZ Sine Metu<\/figcaption><\/figure>\n<p>Prv\u00e1 p\u00edsomn\u00e1 zmienka o kl\u00e1\u0161tore je z roku 1371.<\/p>\n<p>Patril pavl\u00ednskeho r\u00e1du a bol zasv\u00e4ten\u00fd Panne M\u00e1rii.<\/p>\n<figure id=\"attachment_18721\" aria-describedby=\"caption-attachment-18721\" style=\"width: 800px\" class=\"wp-caption aligncenter\"><a href=\"http:\/\/www.slovensky-kras.eu\/info\/wp-content\/uploads\/2020\/12\/gombasek.jpg\"><img loading=\"lazy\" decoding=\"async\" class=\"wp-image-18721 size-full\" src=\"http:\/\/www.slovensky-kras.eu\/info\/wp-content\/uploads\/2020\/12\/gombasek.jpg\" alt=\"\" width=\"800\" height=\"533\" srcset=\"https:\/\/www.slovensky-kras.eu\/info\/wp-content\/uploads\/2020\/12\/gombasek.jpg 800w, https:\/\/www.slovensky-kras.eu\/info\/wp-content\/uploads\/2020\/12\/gombasek-768x512.jpg 768w\" sizes=\"auto, (max-width: 800px) 100vw, 800px\" \/><\/a><figcaption id=\"caption-attachment-18721\" class=\"wp-caption-text\">Ruiny pavl\u00ednskeho kl\u00e1\u0161tora v Gombaseku a Zvonica, ktor\u00e1 sl\u00fa\u017ei aj ako vyhliadkov\u00e1 ve\u017ea na ruiny kostola, , zdroj foto: OZ Sine Metu<\/figcaption><\/figure>\n<p>Kl\u00e1\u0161tor pre pavl\u00ednov zalo\u017eil Ladislav \u010cetneky (ma\u010f. L\u00e1szl\u00f3 Csetneky) (*1307 _ +1358) zo \u0160t\u00edtnika okolo roku 1350.<\/p>\n<p>Ladislav \u010cetneky bol zakladate\u013eom \u0161t\u00edtnickej vetvy \u010cetnekyovcov (pod\u013ea ma\u010farsk\u00e9ho n\u00e1zvu \u0160t\u00edtnika \u2013 Csetnek) s pridelen\u00fdmi majetkami v \u0160t\u00edtniku.<\/p>\n<figure id=\"attachment_16587\" aria-describedby=\"caption-attachment-16587\" style=\"width: 1000px\" class=\"wp-caption aligncenter\"><a href=\"http:\/\/www.slovensky-kras.eu\/info\/wp-content\/uploads\/2020\/01\/gombasek-palac2.jpg\"><img loading=\"lazy\" decoding=\"async\" class=\"wp-image-16587 size-full\" src=\"http:\/\/www.slovensky-kras.eu\/info\/wp-content\/uploads\/2020\/01\/gombasek-palac2.jpg\" alt=\"\" width=\"1000\" height=\"750\" srcset=\"https:\/\/www.slovensky-kras.eu\/info\/wp-content\/uploads\/2020\/01\/gombasek-palac2.jpg 1000w, https:\/\/www.slovensky-kras.eu\/info\/wp-content\/uploads\/2020\/01\/gombasek-palac2-800x600.jpg 800w, https:\/\/www.slovensky-kras.eu\/info\/wp-content\/uploads\/2020\/01\/gombasek-palac2-768x576.jpg 768w\" sizes=\"auto, (max-width: 1000px) 100vw, 1000px\" \/><\/a><figcaption id=\"caption-attachment-16587\" class=\"wp-caption-text\">Ruiny pavl\u00ednskeho kl\u00e1\u0161tora v Gombaseku, zdroj foto: OZ Sine Metu<\/figcaption><\/figure>\n<p>Rod Bebekovcov sa s t\u00fdch \u010dasoch rozdelil na dve vetvy.<\/p>\n<p>R\u00e1d Sv\u00e4t\u00e9ho Pavla Prv\u00e9ho Pustovn\u00edka (lat. Ordo Sancti Pauli Primi Eremitae \u2013 skratka OSPPE), skr\u00e1tene Pavl\u00edni je mn\u00ed\u0161ska reho\u013ea (r\u00e1d) zalo\u017een\u00e1 v 13. storo\u010d\u00ed v Uhorsku.<\/p>\n<figure id=\"attachment_17792\" aria-describedby=\"caption-attachment-17792\" style=\"width: 800px\" class=\"wp-caption aligncenter\"><a href=\"http:\/\/www.slovensky-kras.eu\/info\/wp-content\/uploads\/2020\/07\/monostor.jpg\"><img loading=\"lazy\" decoding=\"async\" class=\"wp-image-17792 size-medium\" src=\"http:\/\/www.slovensky-kras.eu\/info\/wp-content\/uploads\/2020\/07\/monostor-800x534.jpg\" alt=\"\" width=\"800\" height=\"534\" srcset=\"https:\/\/www.slovensky-kras.eu\/info\/wp-content\/uploads\/2020\/07\/monostor-800x534.jpg 800w, https:\/\/www.slovensky-kras.eu\/info\/wp-content\/uploads\/2020\/07\/monostor-768x512.jpg 768w, https:\/\/www.slovensky-kras.eu\/info\/wp-content\/uploads\/2020\/07\/monostor.jpg 1000w\" sizes=\"auto, (max-width: 800px) 100vw, 800px\" \/><\/a><figcaption id=\"caption-attachment-17792\" class=\"wp-caption-text\">Ruiny pavl\u00ednskeho kl\u00e1\u0161tora v Gombaseku, zdroj foto: OZ Sine Metu<\/figcaption><\/figure>\n<p>Charakteristick\u00fdm pre tento r\u00e1d je nosenie bieleho habitu, ktor\u00fd im od roku 1342 povolil nosi\u0165 p\u00e1pe\u017e, aby sa odli\u0161ovali od podaktor\u00fdch t\u00falav\u00fdch mn\u00edchov, ktor\u00ed budili neraz pohor\u0161enie. Heslom r\u00e1du je SOLUS CUM DEO SOLO (By\u0165 s\u00e1m len s Bohom).<\/p>\n<p>Kl\u00e1\u0161torn\u00fd kostol mal podobu jednolo\u010fovej stavby s viacuholn\u00edkov\u00fdm presbyt\u00e9riom.<\/p>\n<figure id=\"attachment_18229\" aria-describedby=\"caption-attachment-18229\" style=\"width: 1024px\" class=\"wp-caption aligncenter\"><a href=\"http:\/\/www.slovensky-kras.eu\/info\/wp-content\/uploads\/2020\/11\/okno-do-minulosti.jpg\"><img loading=\"lazy\" decoding=\"async\" class=\"wp-image-18229 size-large\" src=\"http:\/\/www.slovensky-kras.eu\/info\/wp-content\/uploads\/2020\/11\/okno-do-minulosti-1024x683.jpg\" alt=\"\" width=\"1024\" height=\"683\" srcset=\"https:\/\/www.slovensky-kras.eu\/info\/wp-content\/uploads\/2020\/11\/okno-do-minulosti-1024x683.jpg 1024w, https:\/\/www.slovensky-kras.eu\/info\/wp-content\/uploads\/2020\/11\/okno-do-minulosti-800x533.jpg 800w, https:\/\/www.slovensky-kras.eu\/info\/wp-content\/uploads\/2020\/11\/okno-do-minulosti-768x512.jpg 768w, https:\/\/www.slovensky-kras.eu\/info\/wp-content\/uploads\/2020\/11\/okno-do-minulosti-1536x1024.jpg 1536w, https:\/\/www.slovensky-kras.eu\/info\/wp-content\/uploads\/2020\/11\/okno-do-minulosti-1200x800.jpg 1200w, https:\/\/www.slovensky-kras.eu\/info\/wp-content\/uploads\/2020\/11\/okno-do-minulosti.jpg 2048w\" sizes=\"auto, (max-width: 1024px) 100vw, 1024px\" \/><\/a><figcaption id=\"caption-attachment-18229\" class=\"wp-caption-text\">Okno do minulosti, \u00d6rs Orosz (Gombasz\u00f6gi Ny\u00e1ri T\u00e1bor)<\/figcaption><\/figure>\n<p>S\u00fa\u010das\u0165ou rozsiahleho kl\u00e1\u0161tora bol aj kl\u00e1\u0161torn\u00fd kostol postaven\u00e9ho v gotickom slohu.<\/p>\n<p>Chr\u00e1m bol zaklenut\u00fd rebrov\u00fdmi klenbami.<\/p>\n<p>Maliarska v\u00fdzdoba kostola bola bohat\u0161ia.<\/p>\n<p>Kl\u00e1\u0161tor fungoval do roku 1555, ke\u010f z neho mn\u00edchov vyhnal Juraj Bebek (ma\u010f. Gy\u00f6rgy Bebek de Pels\u0151cz) (*? _ +1567) po\u010das burlivej reform\u00e1cie.<\/p>\n<p>Juraj Bebek sa vtedy spojil s Turkami a kl\u00e1\u0161tor dal prestava\u0165 renesan\u010dn\u00fa pevnos\u0165.<\/p>\n<p>V roku 1566 kl\u00e1\u0161tor obsadila cis\u00e1rska arm\u00e1da pod veden\u00edm Lazara \u0160vendu (nem. Lazarus Freiherr von Schwendi, ma\u010f. Schwendi L\u00e1z\u00e1r) (*1522 _ +1583).<\/p>\n<p>Po tejto udalosti sa sem pavl\u00edni u\u017e nikdy nevr\u00e1tili a kl\u00e1\u0161tor za\u010dal ch\u00e1tra\u0165.<\/p>\n<p>Z p\u00f4vodn\u00e9ho kl\u00e1\u0161torn\u00e9ho komplexu sa zachovali iba \u010dasti hrub\u00e9ho obrysu preva\u017ene z\u00e1kladov\u00e9ho muriva a podobne aj z\u00e1kladov\u00e9 murivo kl\u00e1\u0161torn\u00e9ho kostola.<\/p>\n<p>\u010cas\u0165 fragmentu muriva kl\u00e1\u0161torn\u00e9ho kostola sa zachoval do v\u00fd\u0161ky pribli\u017ene 8 m.<\/p>\n<p>Po archeologickom v\u00fdskume v roku 2018 tu postavili zvonicu tak, aby sa v lokalite dali sl\u00fa\u017ei\u0165 bohoslu\u017eby.<\/p>\n<p>Zvonica sl\u00fa\u017ei aj ako vyhliadkov\u00e1 ve\u017ea na ruiny kostola a na okolit\u00fa pr\u00edrodu \u00fadolia rieky Slan\u00e1.<\/p>\n<p>\u010ealej tu pribudli nov\u00e9 chodn\u00edky, lavi\u010dky, dreven\u00e1 vstupn\u00e1 br\u00e1na \u010di informa\u010dn\u00e9 tabule.<\/p>\n<p>Zauj\u00edmavos\u0165ou je tu takzvan\u00e9 okno do minulosti.<\/p>\n<p>Na spom\u00ednanom okne, ktor\u00e9 pozost\u00e1va zo skla retu\u0161ou budovy kl\u00e1\u0161torn\u00e9ho kostola tak, ako vyzerala v minulosti.<\/p>\n<p>Cez okno turisti bud\u00fa m\u00f4c\u0165 na jej ruiny nahliadnu\u0165 a z\u00edska\u0165 predstavu o niekdaj\u0161ej podobe chr\u00e1mu.<\/p>\n<p>V ne\u010falekej <a href=\"http:\/\/www.slovensky-kras.eu\/info\/kam-za-pamiatkami\/kuria-andrassyovcov-v-gombaseku\/\">k\u00fari\u00ed<\/a>, ktor\u00e1 je n\u00e1rodnou kult\u00farnou pamiatkou sl\u00fa\u017ei ako m\u00fazeum.<\/p>\n<p>V k\u00fari\u00ed s\u00fa prezentovan\u00e9 n\u00e1lezy z are\u00e1lu kl\u00e1\u0161tora, n\u00e1jden\u00e9 po\u010das archeologick\u00fdch v\u00fdskumov.<\/p>\n<p>Pamiatka je s\u00fa\u010das\u0165ou <a href=\"https:\/\/www.slovensky-kras.eu\/info\/aktivity-a-sport\/naucny-chodnik-v-areali-gombasek\/\">n\u00e1u\u010dn\u00e9ho chodn\u00edka v are\u00e1li Gombasek<\/a>.<\/p>\n<p>Cel\u00fd are\u00e1l zve\u013ea\u010fuje <a href=\"https:\/\/www.gombaszog.sk\/rolunk\/sk\/\" target=\"_blank\" rel=\"noopener noreferrer\">OZ Sine Metu<\/a>, ktor\u00e9 je aj organiz\u00e1torom <a href=\"http:\/\/www.slovensky-kras.eu\/info\/muzea-kutlura-a-umenie\/gombasecky-letny-tabor\/\">Gombaseck\u00e9ho letn\u00e9ho t\u00e1bora<\/a> a majite\u013eom cel\u00e9ho <a href=\"http:\/\/www.slovensky-kras.eu\/info\/ubytovanie\/kempingy\/kemping-gombasek\/\">Gombaseck\u00e9ho are\u00e1lu<\/a>.<\/p>\n<p><span style=\"color: #808000;\"><strong>Objednaj si ubytovanie<\/strong><\/span><\/p>\n<ul>\n<li><a href=\"http:\/\/keturist.sk\/shop\/produkt\/kemping-gombasek\/?v=13dd621f2711\" target=\"_blank\" rel=\"noopener noreferrer\">Kemping Gombasek (\u010d\u00edtaj viac&#8230;)<\/a> priamo v stredisku<\/li>\n<\/ul>\n<ul>\n<li><a href=\"http:\/\/keturist.sk\/shop\/produkt\/chalupa-ida\/?v=13dd621f2711\" target=\"_blank\" rel=\"noopener noreferrer\">Chalupa Ida (\u010d\u00edtaj viac&#8230;)<\/a> 3 km<\/li>\n<\/ul>\n<ul>\n<li><a href=\"http:\/\/keturist.sk\/shop\/produkt\/privat-valeria-flanderova\/?v=13dd621f2711\" target=\"_blank\" rel=\"noopener noreferrer\">Priv\u00e1t Flanderov\u00e1 (\u010d\u00edtaj viac&#8230;)<\/a> 14 km<\/li>\n<\/ul>\n<ul>\n<li><a href=\"http:\/\/keturist.sk\/shop\/produkt\/penzion-skalna-ruza\/?v=13dd621f2711\" target=\"_blank\" rel=\"noopener noreferrer\">Penzi\u00f3n Skaln\u00e1 ru\u017ea (\u010d\u00edtaj viac&#8230;)<\/a> 9 km<\/li>\n<\/ul>\n<p><span style=\"color: #808000;\"><strong>Ostan\u00e9 pamiatky<\/strong><\/span><\/p>\n<ul>\n<li>2xreformovan\u00fd kostol &#8211; obec Slavec<\/li>\n<\/ul>\n<ul>\n<li><a href=\"https:\/\/www.slovensky-kras.eu\/info\/kam-za-pamiatkami\/remeselnicky-dom-v-gombaseku\/\">Remeseln\u00edcky (\u0161af\u00e1rov) dom (\u010d\u00edtaj viac&#8230;)<\/a><\/li>\n<\/ul>\n<ul>\n<li>Kova\u010dsk\u00fd h\u00e1mor<\/li>\n<\/ul>\n<ul>\n<li><a href=\"http:\/\/www.slovensky-kras.eu\/info\/kam-za-pamiatkami\/kuria-andrassyovcov-v-gombaseku\/\">K\u00faria Andr\u00e1ssyovcov (\u010d\u00edtaj viac&#8230;)<\/a><\/li>\n<\/ul>\n<p><span style=\"color: #808000;\"><strong>Pr\u00edrodn\u00e9 zauj\u00edmavosti v obci<\/strong><\/span><\/p>\n<ul>\n<li><a href=\"http:\/\/www.slovensky-kras.eu\/info\/jaskyne-a-priepasti\/gombasecka-jaskyna\/\">Gombaseck\u00e1 jasky\u0148a (\u010d\u00edtaj viac&#8230;)<\/a><\/li>\n<\/ul>\n<p><span style=\"color: #808000;\"><strong>Kult\u00fara a umenie<\/strong><\/span><\/p>\n<ul>\n<li><a href=\"http:\/\/www.slovensky-kras.eu\/info\/muzea-kutlura-a-umenie\/gombasecke-kulturne-slavnosti\/\">Gombaseck\u00e9 kult\u00farne sl\u00e1vnosti (\u010d\u00edtaj viac&#8230;)<\/a><\/li>\n<\/ul>\n<ul>\n<li>Tane\u010dn\u00fd s\u00fabor SZAL\u00d3KA (Slavec) (\u010d\u00edtaj viac&#8230;)<\/li>\n<\/ul>\n<p><span style=\"color: #808000;\"><strong><br \/>\nInfo jasky\u0148a<\/strong><\/span><\/p>\n<div class=\"su-box su-box-style-default\" id=\"\" style=\"border-color:#003caf;border-radius:3px;max-width:none\"><div class=\"su-box-title\" style=\"background-color:#226fe2;color:#FFFFFF;border-top-left-radius:1px;border-top-right-radius:1px\">Gombaseck\u00e1 jasky\u0148a<\/div><div class=\"su-box-content su-u-clearfix su-u-trim\" style=\"border-bottom-left-radius:1px;border-bottom-right-radius:1px\">[horizontal-scrolling group=&#8220;GROUP9&#8243;]<div id=\"tabs-14872\" class=\"tabs-14872 tabs tabs\">\r\n                <style type='text\/css'>\r\n        @media only screen and (min-width: 1024px ){\r\n            #tabs-14872 {\r\n                            width: 100%;\r\n                        }\r\n        }\r\n        @media only screen and ( min-width: 768px ) and ( max-width: 1023px ) {\r\n            #tabs-14872 {\r\n                            width: 100%;\r\n                        }\r\n        }\r\n        @media only screen and ( min-width: 0px ) and ( max-width: 767px ){\r\n            #tabs-14872 {\r\n                            width: 100%;\r\n                        }\r\n        }\r\n        #tabs-14872{\r\n                }\r\n        #tabs-14872{\r\n                \r\n                }\r\n        #tabs-14872 .tabs-nav{\r\n                    background-color:#1e73be;\r\n                            margin:0px !important;\r\n                            padding:8px 15px !important;\r\n                            float:left !important;\r\n                    border: none;\r\n        }\r\n        #tabs-14872 .tabs-nav:hover{\r\n                    background-color: #174e7f;\r\n                }\r\n        #tabs-14872 .ui-tabs-anchor{\r\n                    color:#ffffff;\r\n                            margin:0px !important;\r\n            padding:0px !important;\r\n        }\r\n        #tabs-14872 .tabs-head-title{\r\n                    color:#ffffff;\r\n                }\r\n        #tabs-14872 .ui-tabs-active{\r\n                    background-color: #174e7f;\r\n                }\r\n        #tabs-14872 .accordion-icons{\r\n                                                    margin:0px;\r\n                }\r\n        #tabs-14872 .tabs-nav:hover .accordion-icons span{\r\n                }\r\n        #tabs-14872 .tabs-content{\r\n                                                }\r\n        #tabs-14872 .accordion-icons span{\r\n                        }\r\n            <\/style>\r\n        <p>Content missing<\/p>\r\n    \r\n    <ul>\r\n            <\/ul>\r\n        <script>\r\n        jQuery(document).ready(function($){\r\n                                tabs_tabs_active_index_14872 = [];\r\n                            })\r\n    <\/script>\r\n        <script>\r\n        jQuery(document).ready(function($){\r\n                        $(\"#tabs-14872\" ).tabs({\r\n                collapsible: true,\r\n                event: \"click\",\r\n                active: 1,\r\n            });\r\n            if(typeof tabs_tabs_active_index_14872 != 'undefined'){\r\n                $(\"#tabs-14872\").tabs(\"option\", \"active\", tabs_tabs_active_index_14872);\r\n            }\r\n        })\r\n    <\/script>\r\n                <\/div><\/div><\/div>\n<p><span style=\"color: #808000;\"><strong>Bl\u00edzke stredisko, turistick\u00e9 centrum, obec alebo mesto:<\/strong><\/span><\/p>\n<ul>\n<li><a href=\"http:\/\/www.slovensky-kras.eu\/info\/strediska-a-centra\/rekreacne-stredisko-gombasek\/\">Stredisko Gombasek<\/a><\/li>\n<\/ul>\n<ul>\n<li><a href=\"http:\/\/www.slovensky-kras.eu\/info\/strediska-a-centra\/obec-slavec\/\">Obec Slavec<\/a><\/li>\n<\/ul>\n<p><span style=\"color: #808000;\"><strong>Mapy<\/strong><\/span><\/p>\n<p><strong>Vrstvy: <\/strong>Turistick\u00e1 mapa, Automapa, Cyklomapa, Ly\u017eiarska mapa, Satelitn\u00e1 mapa a OpenStreetMap.<\/p>\n<p><strong>Kliknut\u00edm na logo &#8222;Freemap.sk&#8220; sa V\u00e1m mapa zobraz\u00ed na celej ploche obrazovky.<\/strong><\/p>\n<p><iframe style=\"width: 800px; height: 600px; border: 0;\" src=\"https:\/\/www.freemap.sk\/?map=15\/48.568287\/20.465598&amp;info-point=48.568287\/20.465598,Ruiny pavl\u00ednskeho kl\u00e1\u0161tora v Gombaseku&amp;layers=T&amp;embed=search\" allowfullscreen=\"allowfullscreen\"><\/iframe><\/p>\n<p><strong><span style=\"color: #808000;\">Po\u010dasie<\/span><br \/>\n<\/strong><br \/>\n<iframe style=\"width: 800px; height: 606px;\" src=\"https:\/\/www.meteoblue.com\/sk\/po%C4%8Dasie\/widget\/three\/gombasek_slovensk%c3%a1-republika_724780?geoloc=fixed&amp;nocurrent=0&amp;noforecast=0&amp;days=6&amp;tempunit=CELSIUS&amp;windunit=KILOMETER_PER_HOUR&amp;layout=image\" frameborder=\"0\" scrolling=\"NO\" sandbox=\"allow-same-origin allow-scripts allow-popups allow-popups-to-escape-sandbox\"><\/iframe><\/p>\n<div><!-- DO NOT REMOVE THIS LINK --><a href=\"https:\/\/www.meteoblue.com\/sk\/po%C4%8Dasie\/predpove%C4%8F\/t%C3%BD%C5%BEde%C5%88\/gombasek_slovensk%c3%a1-republika_724780?utm_source=weather_widget&amp;utm_medium=linkus&amp;utm_content=three&amp;utm_campaign=Weather%2BWidget\" target=\"_blank\" rel=\"noopener noreferrer\">meteoblue<\/a><\/div>\n","protected":false},"excerpt":{"rendered":"<p>Menu: Podkateg\u00f3ria: V\u0161eobecn\u00e9 inform\u00e1cie Ruiny zaniknut\u00e9ho kl\u00e1\u0161tora sa nach\u00e1dzaj\u00fa v stredisku Gombasek, ktor\u00fd je s\u00fa\u010das\u0165ou obce Slavec. Prv\u00e1 p\u00edsomn\u00e1 zmienka o kl\u00e1\u0161tore je z roku 1371. Patril pavl\u00ednskeho r\u00e1du a [&hellip;]<\/p>\n","protected":false},"author":1,"featured_media":0,"parent":15,"menu_order":0,"comment_status":"closed","ping_status":"closed","template":"","meta":{"_uag_custom_page_level_css":"","footnotes":""},"class_list":["post-16573","page","type-page","status-publish","hentry"],"featured_image_src":"","featured_image_src_square":false,"rbea_author_info":{"display_name":"admin","author_link":"https:\/\/www.slovensky-kras.eu\/info\/author\/admin\/"},"rbea_excerpt_info":"Menu: Podkateg\u00f3ria: V\u0161eobecn\u00e9 inform\u00e1cie Ruiny zaniknut\u00e9ho kl\u00e1\u0161tora sa nach\u00e1dzaj\u00fa v stredisku Gombasek, ktor\u00fd je s\u00fa\u010das\u0165ou obce Slavec. Prv\u00e1 p\u00edsomn\u00e1 zmienka o kl\u00e1\u0161tore je z roku 1371. Patril pavl\u00ednskeho r\u00e1du a [&hellip;]","uagb_featured_image_src":{"full":false,"thumbnail":false,"medium":false,"medium_large":false,"large":false,"1536x1536":false,"2048x2048":false},"uagb_author_info":{"display_name":"admin","author_link":"https:\/\/www.slovensky-kras.eu\/info\/author\/admin\/"},"uagb_comment_info":0,"uagb_excerpt":"Menu: Podkateg\u00f3ria: V\u0161eobecn\u00e9 inform\u00e1cie Ruiny zaniknut\u00e9ho kl\u00e1\u0161tora sa nach\u00e1dzaj\u00fa v stredisku Gombasek, ktor\u00fd je s\u00fa\u010das\u0165ou obce Slavec. Prv\u00e1 p\u00edsomn\u00e1 zmienka o kl\u00e1\u0161tore je z roku 1371. Patril pavl\u00ednskeho r\u00e1du a [&hellip;]","_links":{"self":[{"href":"https:\/\/www.slovensky-kras.eu\/info\/wp-json\/wp\/v2\/pages\/16573","targetHints":{"allow":["GET"]}}],"collection":[{"href":"https:\/\/www.slovensky-kras.eu\/info\/wp-json\/wp\/v2\/pages"}],"about":[{"href":"https:\/\/www.slovensky-kras.eu\/info\/wp-json\/wp\/v2\/types\/page"}],"author":[{"embeddable":true,"href":"https:\/\/www.slovensky-kras.eu\/info\/wp-json\/wp\/v2\/users\/1"}],"replies":[{"embeddable":true,"href":"https:\/\/www.slovensky-kras.eu\/info\/wp-json\/wp\/v2\/comments?post=16573"}],"version-history":[{"count":13,"href":"https:\/\/www.slovensky-kras.eu\/info\/wp-json\/wp\/v2\/pages\/16573\/revisions"}],"predecessor-version":[{"id":20134,"href":"https:\/\/www.slovensky-kras.eu\/info\/wp-json\/wp\/v2\/pages\/16573\/revisions\/20134"}],"up":[{"embeddable":true,"href":"https:\/\/www.slovensky-kras.eu\/info\/wp-json\/wp\/v2\/pages\/15"}],"wp:attachment":[{"href":"https:\/\/www.slovensky-kras.eu\/info\/wp-json\/wp\/v2\/media?parent=16573"}],"curies":[{"name":"wp","href":"https:\/\/api.w.org\/{rel}","templated":true}]}}