{"id":15447,"date":"2019-01-04T08:32:21","date_gmt":"2019-01-04T07:32:21","guid":{"rendered":"http:\/\/www.slovensky-kras.eu\/info\/?page_id=15447"},"modified":"2026-04-05T06:17:19","modified_gmt":"2026-04-05T04:17:19","slug":"vyhliadka-nad-hrhovom","status":"publish","type":"page","link":"https:\/\/www.slovensky-kras.eu\/info\/kam-do-prirody\/vyhliadka-nad-hrhovom\/","title":{"rendered":"Vyhliadka nad Hrhovom (742 m n.m.)"},"content":{"rendered":"<p><strong>Menu: <\/strong> <a href=\"http:\/\/www.slovensky-kras.eu\/info\/\" class=\"su-button su-button-style-default\" style=\"color:#000000;background-color:#FFCF2F;border-color:#cca626;border-radius:5px\" target=\"_self\"><span style=\"color:#000000;padding:6px 16px;font-size:13px;line-height:20px;border-color:#ffde6e;border-radius:5px;text-shadow:none\"><i class=\"sui sui-arrow-right\" style=\"font-size:13px;color:#000000\"><\/i>  \u00davod \/ Aktuality <\/span><\/a>\n<a href=\"http:\/\/www.slovensky-kras.eu\/info\/kam-do-prirody\/\" class=\"su-button su-button-style-default\" style=\"color:#000000;background-color:#FFCF2F;border-color:#cca626;border-radius:5px\" target=\"_self\"><span style=\"color:#000000;padding:6px 16px;font-size:13px;line-height:20px;border-color:#ffde6e;border-radius:5px;text-shadow:none\"><i class=\"sui sui-arrow-right\" style=\"font-size:13px;color:#000000\"><\/i>  Kam do pr\u00edrody <\/span><\/a>\n<p><strong>Podkateg\u00f3ria: <\/strong> <a href=\"http:\/\/www.slovensky-kras.eu\/info\/kam-do-prirody\/vrchy-skaly-a-sedla\/\" class=\"su-button su-button-style-default\" style=\"color:#000000;background-color:#C5ED2C;border-color:#9ebe24;border-radius:5px\" target=\"_self\"><span style=\"color:#000000;padding:6px 16px;font-size:13px;line-height:20px;border-color:#d7f36c;border-radius:5px;text-shadow:none\"><i class=\"sui sui-arrow-right\" style=\"font-size:13px;color:#000000\"><\/i>  Vrchy, skaly, vyhliadky a sedl\u00e1 <\/span><\/a>\n<div class=\"su-divider su-divider-style-default\" style=\"margin:15px 0;border-width:2px;border-color:#000000\"><\/div>\n<figure id=\"attachment_29894\" aria-describedby=\"caption-attachment-29894\" style=\"width: 900px\" class=\"wp-caption aligncenter\"><a href=\"https:\/\/www.slovensky-kras.eu\/info\/wp-content\/uploads\/2025\/11\/Vyhliadka-nad-Hrhovom-leto.jpeg\"><img loading=\"lazy\" decoding=\"async\" class=\"wp-image-29894\" src=\"https:\/\/www.slovensky-kras.eu\/info\/wp-content\/uploads\/2025\/11\/Vyhliadka-nad-Hrhovom-leto.jpeg\" alt=\"Vyhliadka nad Hrhovom\" width=\"900\" height=\"502\" srcset=\"https:\/\/www.slovensky-kras.eu\/info\/wp-content\/uploads\/2025\/11\/Vyhliadka-nad-Hrhovom-leto.jpeg 1376w, https:\/\/www.slovensky-kras.eu\/info\/wp-content\/uploads\/2025\/11\/Vyhliadka-nad-Hrhovom-leto-800x447.jpeg 800w, https:\/\/www.slovensky-kras.eu\/info\/wp-content\/uploads\/2025\/11\/Vyhliadka-nad-Hrhovom-leto-1024x572.jpeg 1024w, https:\/\/www.slovensky-kras.eu\/info\/wp-content\/uploads\/2025\/11\/Vyhliadka-nad-Hrhovom-leto-768x429.jpeg 768w\" sizes=\"auto, (max-width: 900px) 100vw, 900px\" \/><\/a><figcaption id=\"caption-attachment-29894\" class=\"wp-caption-text\">Vyhliadka nad Hrhovom<\/figcaption><\/figure>\n<div class=\"su-divider su-divider-style-default\" style=\"margin:15px 0;border-width:2px;border-color:#000000\"><\/div>\n<h2 data-path-to-node=\"1\"><span style=\"color: #800000;\">Objavte v\u00fdh\u013ead, ktor\u00fd v\u00e1m vyraz\u00ed dych!<\/span><\/h2>\n<p data-path-to-node=\"2\">Predstavte si, \u017ee stoj\u00edte na okraji planiny <b data-path-to-node=\"2\" data-index-in-node=\"44\">Horn\u00fd vrch<\/b>, kde sa v\u00e1m v nadmorskej v\u00fd\u0161ke <b data-path-to-node=\"2\" data-index-in-node=\"86\">742 m n.m.<\/b> otvor\u00ed svet ako na dlani. <b data-path-to-node=\"2\" data-index-in-node=\"123\">Vyhliadka nad Hrhovom<\/b> v\u00e1s o\u010dar\u00ed panor\u00e1mou na <b data-path-to-node=\"2\" data-index-in-node=\"168\">Hrhovsk\u00e9 rybn\u00edky<\/b> a majest\u00e1tny <b data-path-to-node=\"2\" data-index-in-node=\"198\">Slovensk\u00fd kras<\/b>, ktor\u00e9 m\u00e1te z tejto l\u00fa\u010dnej plo\u0161iny ako na dlani. Je to ide\u00e1lne miesto pre ka\u017ed\u00e9ho <b data-path-to-node=\"2\" data-index-in-node=\"295\">turistu<\/b>, ktor\u00fd h\u013ead\u00e1 dokonal\u00fd pokoj a nekone\u010dn\u00e9 v\u00fdh\u013eady na <b data-path-to-node=\"2\" data-index-in-node=\"354\">Turniansku kotlinu<\/b>. Nechajte sa pozva\u0165 na toto \u010darovn\u00e9 miesto, kde sa <b data-path-to-node=\"2\" data-index-in-node=\"424\">pr\u00edroda<\/b> sp\u00e1ja s absol\u00fatnym relaxom.<\/p>\n<h2><span style=\"color: #800000;\">Kde presne je <b>Vyhliadka nad Hrhovom (742 m n.m.)<\/b> situovan\u00e1?<\/span><\/h2>\n<p data-path-to-node=\"6\"><b>Vyhliadka nad Hrhovom (742 m n.m.)<\/b> je fascinuj\u00face miesto, ktor\u00e9 sa nach\u00e1dza na ju\u017enom okraji planiny Horn\u00fd vrch v tesnej bl\u00edzkosti malebnej obce Hrhov. Pre <b>turistov<\/b> a <b>cestovate\u013eov<\/b> h\u013eadaj\u00facich panoramatick\u00e9 scen\u00e9rie je t\u00e1to lokalita ide\u00e1lna.<\/p>\n<h2><span style=\"color: #800000;\">Z ak\u00fdch prvkov sa sklad\u00e1 samotn\u00e1 <b>vyhliadka<\/b>?<\/span><\/h2>\n<p data-path-to-node=\"9\">Samotn\u00fa <b>vyhliadku<\/b> tvor\u00ed rozsiahla v\u00fdh\u013eadov\u00e1 plo\u0161ina, ktor\u00e1 prech\u00e1dza do takmer terasovitej horskej l\u00faky. T\u00e1to <b>vyhliadka<\/b> nad Hrhovom poskytuje <b>turistom<\/b> dostatok priestoru na oddych a kochanie sa okol\u00edm.<\/p>\n<h2><span style=\"color: #800000;\">Do ktorej geomorfologickej oblasti patr\u00ed t\u00e1to lokalita?<\/span><\/h2>\n<p data-path-to-node=\"12\">Z geomorfologick\u00e9ho h\u013eadiska patr\u00ed t\u00e1to oblas\u0165 do rozsiahleho <b>Slovensk\u00e9ho rudohoria<\/b> a konkr\u00e9tne do jeho horsk\u00e9ho celku <b>Slovensk\u00fd kras<\/b>. V r\u00e1mci neho spad\u00e1 pod podcelok <b>Horn\u00fd vrch<\/b>, \u010do pod\u010diarkuje jej jedine\u010dn\u00fd krasov\u00fd charakter.<\/p>\n<h2><span style=\"color: #800000;\">Ak\u00e1 je nadmorsk\u00e1 v\u00fd\u0161ka tohto ter\u00e9nneho \u00fatvaru?<\/span><\/h2>\n<p data-path-to-node=\"15\">Tento morfologicky v\u00fdrazn\u00fd ter\u00e9nny \u00fatvar, ktor\u00fd sl\u00fa\u017ei ako na\u0161a <b>vyhliadka<\/b>, le\u017e\u00ed v nadmorskej v\u00fd\u0161ke presne <b>742 metrov<\/b> (742 m n.m.). T\u00e1to v\u00fd\u0161ka zaru\u010duje jedine\u010dn\u00fd a \u010falek\u00fd <b>v\u00fdh\u013ead<\/b>.<\/p>\n<h2><span style=\"color: #800000;\">Ak\u00e9 dominanty m\u00f4\u017eem vidie\u0165 z <b>Vyhliadky nad Hrhovom<\/b>?<\/span><\/h2>\n<p data-path-to-node=\"18\"><b>Vyhliadka nad Hrhovom<\/b> pon\u00faka <b>turistom<\/b> skuto\u010dne jedine\u010dn\u00fd <b>v\u00fdh\u013ead<\/b> do \u0161irok\u00e9ho okolia. Hlavn\u00fdmi dominantami, ktor\u00e9 m\u00f4\u017eete obdivova\u0165, s\u00fa najm\u00e4 <b>Turnianska kotlina<\/b>, malebn\u00e9 <b>Hrhovsk\u00e9 rybn\u00edky<\/b>, v dia\u013eke sa rozprestieraj\u00faca planina <b>Doln\u00fd vrch<\/b> a samozrejme, priamo pod vami, obec <b>Hrhov<\/b> a jej okolie.<\/p>\n<h2><span style=\"color: #800000;\">Ako sa dosta\u0165 ku Hrhovskej vyhliadke?<\/span><\/h2>\n<p>Popri vyhliadke\u00a0<img loading=\"lazy\" decoding=\"async\" class=\"alignnone wp-image-10330 size-full\" src=\"http:\/\/www.slovensky-kras.eu\/info\/wp-content\/uploads\/2013\/06\/cervena-1.png\" alt=\"\" width=\"20\" height=\"21\" \/> \u010derven\u00e1 turistick\u00e1 trasa z obce <a href=\"http:\/\/www.slovensky-kras.eu\/info\/strediska-a-centra\/obec-borka\/\">B\u00f4rka<\/a> a zo strediska <a href=\"http:\/\/www.slovensky-kras.eu\/info\/strediska-a-centra\/turisticka-oblast-soroska-jablonovske-sedlo\/\">Soro\u0161ka &#8211; Jablonovsk\u00e9 sedlo<\/a>.\u00a0Ku krasov\u00e9mu jazierku sa m\u00f4\u017eete dosta\u0165 aj kombinovan\u00fdmi turistick\u00fdmi trasami z obce <a href=\"http:\/\/www.slovensky-kras.eu\/info\/strediska-a-centra\/obec-hrhov\/\">Hrhov<\/a>.<\/p>\n<h2 data-path-to-node=\"2\">O kr\u00e1\u013eovskom zastaven\u00ed na Hornej skale<\/h2>\n<p data-path-to-node=\"3\">Po drvivej por\u00e1\u017eke pri rieke Slan\u00e1 kr\u00e1\u013e <b data-path-to-node=\"3\" data-index-in-node=\"40\">Belo IV.<\/b> ur\u00fdchlene ustupoval cez divok\u00e9 a neschodn\u00e9 vrchy <b data-path-to-node=\"3\" data-index-in-node=\"98\">Slovensk\u00e9ho krasu<\/b>, h\u013eadaj\u00fac bezpe\u010dn\u00fa cestu smerom k pobre\u017eiu. Osud ho zaviedol a\u017e na ju\u017en\u00fd okraj planiny <b data-path-to-node=\"3\" data-index-in-node=\"203\">Horn\u00fd vrch<\/b>, kde sa na mieste dne\u0161nej <b data-path-to-node=\"3\" data-index-in-node=\"240\">vyhliadky vo v\u00fd\u0161ke 742 m n. m.<\/b> na kr\u00e1tky moment zastavil, aby nabral dych. Pr\u00e1ve t\u00e1to strategick\u00e1 poloha mu umo\u017enila na chv\u00ed\u013eu s\u0148a\u0165 \u0165a\u017ek\u00fa prilbu a z bezpe\u010dnej v\u00fd\u0161ky strm\u00fdch br\u00e1l skontrolova\u0165 \u0161\u00edru krajinu, ktorou sa musel nepozorovane prebi\u0165 \u010falej na z\u00e1pad.<\/p>\n<p data-path-to-node=\"4\">Hoci sa kr\u00e1\u013e na tejto skalnatej plo\u0161ine nezdr\u017eal dlho, poh\u013ead na roz\u013eahl\u00fa <b data-path-to-node=\"4\" data-index-in-node=\"74\">Turniansku kotlinu<\/b> a divok\u00fa, nedotknut\u00fa pr\u00edrodu pod n\u00edm sa mu hlboko vryl do pam\u00e4ti. V tichu nad strm\u00fdmi zr\u00e1zmi <b data-path-to-node=\"4\" data-index-in-node=\"186\">planiny Horn\u00fd vrch<\/b>, \u010faleko od hluku prehratej bitky, na\u0161iel panovn\u00edk vn\u00fatorn\u00fd pokoj a odhodlanie potrebn\u00e9 na prekonanie \u010fal\u0161\u00edch kilometrov neistoty. Pr\u00e1ve t\u00e1to kr\u00e1tka chv\u00ed\u013ea na veternom okraji planiny mu dodala silu, aby pokra\u010doval v ceste za z\u00e1chranou hol\u00e9ho \u017eivota a neskor\u0161iu obnovu cel\u00e9ho zni\u010den\u00e9ho kr\u00e1\u013eovstva.<\/p>\n<p data-path-to-node=\"5\">Traduje sa, \u017ee odkedy kr\u00e1\u013e Belo IV. pre\u0161iel t\u00fdmito krasov\u00fdmi l\u00fakami, <b data-path-to-node=\"5\" data-index-in-node=\"69\">Vyhliadka nad Hrhovom<\/b> u\u017e nikdy nebola len oby\u010dajn\u00fdm kopcom. Ka\u017ed\u00fd pocestn\u00fd, ktor\u00fd tadia\u013eto prech\u00e1dza a h\u013ead\u00ed na vzdialen\u00fa planinu <b data-path-to-node=\"5\" data-index-in-node=\"199\">Doln\u00fd vrch<\/b>, vraj na mal\u00fd okamih poc\u00edti rovnak\u00fa vzne\u0161en\u00fa odvahu, ak\u00e1 sprev\u00e1dzala panovn\u00edka v jeho naj\u0165a\u017e\u0161ej hodine.<\/p>\n<h2><span style=\"color: #800000;\">Fotogal\u00e9ria<\/span><\/h2>\n<style type=\"text\/css\">\n#foogallery-gallery-28550 .fg-image { width: 200px; }<\/style>\n\t\t\t<div class=\"foogallery foogallery-container foogallery-carousel foogallery-lightbox-foogallery fg-carousel fg-ready fg-light fg-border-medium fg-round-small fg-shadow-medium fg-loading-default fg-loaded-fade-in fg-hover-semi-zoomed fg-hover-fade fg-hover-circle-plus2\" id=\"foogallery-gallery-28550\" data-foogallery=\"{&quot;item&quot;:{&quot;showCaptionTitle&quot;:true,&quot;showCaptionDescription&quot;:true},&quot;lazy&quot;:true,&quot;template&quot;:{&quot;maxItems&quot;:5,&quot;scale&quot;:0.11999999999999999555910790149937383830547332763671875,&quot;gutter&quot;:{&quot;min&quot;:-40,&quot;max&quot;:-20,&quot;unit&quot;:&quot;%&quot;},&quot;autoplay&quot;:{&quot;time&quot;:0,&quot;interaction&quot;:&quot;pause&quot;},&quot;centerOnClick&quot;:true,&quot;align&quot;:&quot;center&quot;,&quot;activePosition&quot;:&quot;center&quot;}}\" data-foogallery-lightbox=\"{&quot;thumbs&quot;:&quot;bottom&quot;,&quot;thumbsCaptions&quot;:false,&quot;thumbsBestFit&quot;:false,&quot;thumbsSmall&quot;:false,&quot;thumbsCaptionsAlign&quot;:&quot;default&quot;,&quot;info&quot;:&quot;bottom&quot;,&quot;infoVisible&quot;:true,&quot;infoOverlay&quot;:true,&quot;infoAlign&quot;:&quot;default&quot;,&quot;transition&quot;:&quot;fade&quot;,&quot;hoverButtons&quot;:false,&quot;fitMedia&quot;:false,&quot;noScrollbars&quot;:true,&quot;preserveButtonSpace&quot;:true,&quot;buttons&quot;:{&quot;fullscreen&quot;:true,&quot;info&quot;:true,&quot;thumbs&quot;:false},&quot;video&quot;:{&quot;autoPlay&quot;:true}}\" style=\"--fg-title-line-clamp: 0; --fg-description-line-clamp: 0;\" >\n\t<button type=\"button\" class=\"fg-carousel-prev\" title=\"Previous\"><\/button>\n\t<div class=\"fg-carousel-inner\">\n\t\t<div class=\"fg-carousel-center\"><\/div>\n\t\t<div class=\"fg-item fg-type-image fg-idle\"><figure class=\"fg-item-inner\"><a href=\"https:\/\/www.slovensky-kras.eu\/info\/wp-content\/uploads\/2019\/01\/hrhovska-vyhladka1-1.jpeg\" data-caption-title=\"Vyhliadka nad Hrhovom\" data-attachment-id=\"15466\" data-type=\"image\" class=\"fg-thumb\"><span class=\"fg-image-wrap\"><img decoding=\"async\" alt=\"Vyhliadka nad Hrhovom\" title=\"Vyhliadka nad Hrhovom\" width=\"200\" height=\"200\" class=\"skip-lazy fg-image\" data-src-fg=\"https:\/\/www.slovensky-kras.eu\/info\/wp-content\/uploads\/cache\/2019\/01\/hrhovska-vyhladka1-1\/1411215653.jpeg\" src=\"data:image\/svg+xml,%3Csvg%20xmlns%3D%22http%3A%2F%2Fwww.w3.org%2F2000%2Fsvg%22%20width%3D%22200%22%20height%3D%22200%22%20viewBox%3D%220%200%20200%20200%22%3E%3C%2Fsvg%3E\" loading=\"eager\"><\/span><span class=\"fg-image-overlay\"><\/span><\/a><figcaption class=\"fg-caption\"><div class=\"fg-caption-inner\"><div class=\"fg-caption-title\">Vyhliadka nad Hrhovom<\/div><\/div><\/figcaption><\/figure><div class=\"fg-loader\"><\/div><\/div><div class=\"fg-item fg-type-image fg-idle\"><figure class=\"fg-item-inner\"><a href=\"https:\/\/www.slovensky-kras.eu\/info\/wp-content\/uploads\/2020\/12\/hrhov-10.png\" data-attachment-id=\"19452\" data-type=\"image\" class=\"fg-thumb\"><span class=\"fg-image-wrap\"><img decoding=\"async\" width=\"200\" height=\"200\" class=\"skip-lazy fg-image\" data-src-fg=\"https:\/\/www.slovensky-kras.eu\/info\/wp-content\/uploads\/cache\/2020\/12\/hrhov-10\/3714143573.png\" src=\"data:image\/svg+xml,%3Csvg%20xmlns%3D%22http%3A%2F%2Fwww.w3.org%2F2000%2Fsvg%22%20width%3D%22200%22%20height%3D%22200%22%20viewBox%3D%220%200%20200%20200%22%3E%3C%2Fsvg%3E\" loading=\"eager\"><\/span><span class=\"fg-image-overlay\"><\/span><\/a><\/figure><div class=\"fg-loader\"><\/div><\/div><div class=\"fg-item fg-type-image fg-idle\"><figure class=\"fg-item-inner\"><a href=\"https:\/\/www.slovensky-kras.eu\/info\/wp-content\/uploads\/2020\/12\/hrhov-11.png\" data-attachment-id=\"19451\" data-type=\"image\" class=\"fg-thumb\"><span class=\"fg-image-wrap\"><img decoding=\"async\" alt=\"Planina Horn\u00fd vrch\" width=\"200\" height=\"200\" class=\"skip-lazy fg-image\" data-src-fg=\"https:\/\/www.slovensky-kras.eu\/info\/wp-content\/uploads\/cache\/2020\/12\/hrhov-11\/2278029249.png\" src=\"data:image\/svg+xml,%3Csvg%20xmlns%3D%22http%3A%2F%2Fwww.w3.org%2F2000%2Fsvg%22%20width%3D%22200%22%20height%3D%22200%22%20viewBox%3D%220%200%20200%20200%22%3E%3C%2Fsvg%3E\" loading=\"eager\"><\/span><span class=\"fg-image-overlay\"><\/span><\/a><\/figure><div class=\"fg-loader\"><\/div><\/div><div class=\"fg-item fg-type-image fg-idle\"><figure class=\"fg-item-inner\"><a href=\"https:\/\/www.slovensky-kras.eu\/info\/wp-content\/uploads\/2020\/12\/hrhov-8.png\" data-attachment-id=\"19453\" data-type=\"image\" class=\"fg-thumb\"><span class=\"fg-image-wrap\"><img decoding=\"async\" width=\"200\" height=\"200\" class=\"skip-lazy fg-image\" data-src-fg=\"https:\/\/www.slovensky-kras.eu\/info\/wp-content\/uploads\/cache\/2020\/12\/hrhov-8\/721362972.png\" src=\"data:image\/svg+xml,%3Csvg%20xmlns%3D%22http%3A%2F%2Fwww.w3.org%2F2000%2Fsvg%22%20width%3D%22200%22%20height%3D%22200%22%20viewBox%3D%220%200%20200%20200%22%3E%3C%2Fsvg%3E\" loading=\"eager\"><\/span><span class=\"fg-image-overlay\"><\/span><\/a><\/figure><div class=\"fg-loader\"><\/div><\/div><div class=\"fg-item fg-type-image fg-idle\"><figure class=\"fg-item-inner\"><a href=\"https:\/\/www.slovensky-kras.eu\/info\/wp-content\/uploads\/2025\/11\/Vyhliadka-nad-Hrhovom-jesen.jpeg\" data-caption-title=\"Vyhliadka nad Hrhovom\" data-attachment-id=\"29892\" data-type=\"image\" class=\"fg-thumb\"><span class=\"fg-image-wrap\"><img decoding=\"async\" alt=\"Vyhliadka nad Hrhovom\" title=\"Vyhliadka nad Hrhovom\" width=\"200\" height=\"200\" class=\"skip-lazy fg-image\" data-src-fg=\"https:\/\/www.slovensky-kras.eu\/info\/wp-content\/uploads\/cache\/2025\/11\/Vyhliadka-nad-Hrhovom-jesen\/1077689256.jpeg\" src=\"data:image\/svg+xml,%3Csvg%20xmlns%3D%22http%3A%2F%2Fwww.w3.org%2F2000%2Fsvg%22%20width%3D%22200%22%20height%3D%22200%22%20viewBox%3D%220%200%20200%20200%22%3E%3C%2Fsvg%3E\" loading=\"eager\"><\/span><span class=\"fg-image-overlay\"><\/span><\/a><figcaption class=\"fg-caption\"><div class=\"fg-caption-inner\"><div class=\"fg-caption-title\">Vyhliadka nad Hrhovom<\/div><\/div><\/figcaption><\/figure><div class=\"fg-loader\"><\/div><\/div><div class=\"fg-item fg-type-image fg-idle\"><figure class=\"fg-item-inner\"><a href=\"https:\/\/www.slovensky-kras.eu\/info\/wp-content\/uploads\/2025\/11\/Vyhliadka-nad-Hrhovom-zima.jpeg\" data-caption-title=\"Vyhliadka nad Hrhovom\" data-attachment-id=\"29893\" data-type=\"image\" class=\"fg-thumb\"><span class=\"fg-image-wrap\"><img decoding=\"async\" alt=\"Vyhliadka nad Hrhovom\" title=\"Vyhliadka nad Hrhovom\" width=\"200\" height=\"200\" class=\"skip-lazy fg-image\" data-src-fg=\"https:\/\/www.slovensky-kras.eu\/info\/wp-content\/uploads\/cache\/2025\/11\/Vyhliadka-nad-Hrhovom-zima\/2001736696.jpeg\" src=\"data:image\/svg+xml,%3Csvg%20xmlns%3D%22http%3A%2F%2Fwww.w3.org%2F2000%2Fsvg%22%20width%3D%22200%22%20height%3D%22200%22%20viewBox%3D%220%200%20200%20200%22%3E%3C%2Fsvg%3E\" loading=\"eager\"><\/span><span class=\"fg-image-overlay\"><\/span><\/a><figcaption class=\"fg-caption\"><div class=\"fg-caption-inner\"><div class=\"fg-caption-title\">Vyhliadka nad Hrhovom<\/div><\/div><\/figcaption><\/figure><div class=\"fg-loader\"><\/div><\/div><div class=\"fg-item fg-type-image fg-idle\"><figure class=\"fg-item-inner\"><a href=\"https:\/\/www.slovensky-kras.eu\/info\/wp-content\/uploads\/2025\/11\/Vyhliadka-nad-Hrhovom-leto.jpeg\" data-caption-title=\"Vyhliadka nad Hrhovom\" data-attachment-id=\"29894\" data-type=\"image\" class=\"fg-thumb\"><span class=\"fg-image-wrap\"><img decoding=\"async\" alt=\"Vyhliadka nad Hrhovom\" title=\"Vyhliadka nad Hrhovom\" width=\"200\" height=\"200\" class=\"skip-lazy fg-image\" data-src-fg=\"https:\/\/www.slovensky-kras.eu\/info\/wp-content\/uploads\/cache\/2025\/11\/Vyhliadka-nad-Hrhovom-leto\/3951891351.jpeg\" src=\"data:image\/svg+xml,%3Csvg%20xmlns%3D%22http%3A%2F%2Fwww.w3.org%2F2000%2Fsvg%22%20width%3D%22200%22%20height%3D%22200%22%20viewBox%3D%220%200%20200%20200%22%3E%3C%2Fsvg%3E\" loading=\"eager\"><\/span><span class=\"fg-image-overlay\"><\/span><\/a><figcaption class=\"fg-caption\"><div class=\"fg-caption-inner\"><div class=\"fg-caption-title\">Vyhliadka nad Hrhovom<\/div><\/div><\/figcaption><\/figure><div class=\"fg-loader\"><\/div><\/div>\t<\/div>\n\t<div class=\"fg-carousel-bottom\"><\/div>\n\t<div class=\"fg-carousel-progress\"><\/div>\n\t<button type=\"button\" class=\"fg-carousel-next\" title=\"Next\"><\/button>\n<\/div>\n<h2><span style=\"color: #800000;\">Zauj\u00edmav\u00e9 odkazy<\/span><\/h2>\n<h3><span style=\"color: #808000;\">Bl\u00edzke stredisko, turistick\u00e9 centrum, obec alebo mesto:<\/span><\/h3>\n<ul>\n<li><a href=\"http:\/\/www.slovensky-kras.eu\/info\/strediska-a-centra\/obec-hrhov\/\">Obec Hrhov (\u010d\u00edtaj viac&#8230;)<\/a><\/li>\n<\/ul>\n<ul>\n<li><a href=\"http:\/\/www.slovensky-kras.eu\/info\/strediska-a-centra\/obec-lucka\/\">Obec L\u00fa\u010dka (\u010d\u00edtaj viac&#8230;)<\/a><\/li>\n<\/ul>\n<ul>\n<li><a href=\"http:\/\/www.slovensky-kras.eu\/info\/strediska-a-centra\/obec-borka\/\">Obec B\u00f4rka<\/a><\/li>\n<\/ul>\n<ul>\n<li><a href=\"http:\/\/www.slovensky-kras.eu\/info\/strediska-a-centra\/turisticka-oblast-soroska-jablonovske-sedlo\/\">Soro\u0161ka &#8211; Jablonovsk\u00e9 sedlo<\/a><\/li>\n<\/ul>\n<h2><span style=\"color: #800000;\">Mapy<\/span><\/h2>\n<p><strong>Vrstvy: <\/strong>Turistick\u00e1 mapa, Automapa, Cyklomapa, Ly\u017eiarska mapa, Satelitn\u00e1 mapa a OpenStreetMap.<\/p>\n<p><strong>Kliknut\u00edm na logo &#8222;Freemap.sk&#8220; sa V\u00e1m mapa zobraz\u00ed na celej ploche obrazovky.<\/strong><\/p>\n<p><iframe style=\"width: 900px; height: 600px; border: 0;\" src=\"https:\/\/www.freemap.sk\/?map=14\/48.617619\/20.737252&amp;info-point=48.617619\/20.737252,V\u00fdhliadka nad Hrhovom (742 m n.m.)&amp;layers=X&amp;embed=search\" allowfullscreen=\"allowfullscreen\"><\/iframe><\/p>\n<h2><span style=\"color: #800000;\">Po\u010dasie<\/span><\/h2>\n<p><iframe style=\"width: 900px; height: 609px;\" src=\"https:\/\/www.meteoblue.com\/sk\/po%C4%8Dasie\/widget\/three\/48.625N20.765E707_Europe%2FBratislava?geoloc=fixed&amp;nocurrent=0&amp;noforecast=0&amp;days=6&amp;tempunit=CELSIUS&amp;windunit=KILOMETER_PER_HOUR&amp;layout=image\" frameborder=\"0\" scrolling=\"NO\" sandbox=\"allow-same-origin allow-scripts allow-popups allow-popups-to-escape-sandbox\"><span data-mce-type=\"bookmark\" style=\"display: inline-block; width: 0px; overflow: hidden; line-height: 0;\" class=\"mce_SELRES_start\">\ufeff<\/span><span data-mce-type=\"bookmark\" style=\"display: inline-block; width: 0px; overflow: hidden; line-height: 0;\" class=\"mce_SELRES_start\">\ufeff<\/span><\/iframe><\/p>\n<div>\n<p><!-- DO NOT REMOVE THIS LINK --><a href=\"https:\/\/www.meteoblue.com\/sk\/po%C4%8Dasie\/predpove%C4%8F\/t%C3%BD%C5%BEde%C5%88\/48.625N20.765E707_Europe%2FBratislava?utm_source=weather_widget&amp;utm_medium=linkus&amp;utm_content=three&amp;utm_campaign=Weather%2BWidget\" target=\"_blank\" rel=\"noopener noreferrer\">meteoblue<\/a><\/p>\n<\/div>\n","protected":false},"excerpt":{"rendered":"<p>Menu: Podkateg\u00f3ria: Objavte v\u00fdh\u013ead, ktor\u00fd v\u00e1m vyraz\u00ed dych! Predstavte si, \u017ee stoj\u00edte na okraji planiny Horn\u00fd vrch, kde sa v\u00e1m v nadmorskej v\u00fd\u0161ke 742 m n.m. otvor\u00ed svet ako na [&hellip;]<\/p>\n","protected":false},"author":1,"featured_media":29894,"parent":13,"menu_order":0,"comment_status":"closed","ping_status":"closed","template":"","meta":{"_uag_custom_page_level_css":"","footnotes":""},"class_list":["post-15447","page","type-page","status-publish","has-post-thumbnail","hentry"],"featured_image_src":"https:\/\/www.slovensky-kras.eu\/info\/wp-content\/uploads\/2025\/11\/Vyhliadka-nad-Hrhovom-leto.jpeg","featured_image_src_square":"https:\/\/www.slovensky-kras.eu\/info\/wp-content\/uploads\/2025\/11\/Vyhliadka-nad-Hrhovom-leto.jpeg","rbea_author_info":{"display_name":"admin","author_link":"https:\/\/www.slovensky-kras.eu\/info\/author\/admin\/"},"rbea_excerpt_info":"Menu: Podkateg\u00f3ria: Objavte v\u00fdh\u013ead, ktor\u00fd v\u00e1m vyraz\u00ed dych! Predstavte si, \u017ee stoj\u00edte na okraji planiny Horn\u00fd vrch, kde sa v\u00e1m v nadmorskej v\u00fd\u0161ke 742 m n.m. otvor\u00ed svet ako na [&hellip;]","uagb_featured_image_src":{"full":["https:\/\/www.slovensky-kras.eu\/info\/wp-content\/uploads\/2025\/11\/Vyhliadka-nad-Hrhovom-leto.jpeg",1376,768,false],"thumbnail":["https:\/\/www.slovensky-kras.eu\/info\/wp-content\/uploads\/2025\/11\/Vyhliadka-nad-Hrhovom-leto-150x150.jpeg",150,150,true],"medium":["https:\/\/www.slovensky-kras.eu\/info\/wp-content\/uploads\/2025\/11\/Vyhliadka-nad-Hrhovom-leto-800x447.jpeg",800,447,true],"medium_large":["https:\/\/www.slovensky-kras.eu\/info\/wp-content\/uploads\/2025\/11\/Vyhliadka-nad-Hrhovom-leto-768x429.jpeg",768,429,true],"large":["https:\/\/www.slovensky-kras.eu\/info\/wp-content\/uploads\/2025\/11\/Vyhliadka-nad-Hrhovom-leto-1024x572.jpeg",1024,572,true],"1536x1536":["https:\/\/www.slovensky-kras.eu\/info\/wp-content\/uploads\/2025\/11\/Vyhliadka-nad-Hrhovom-leto.jpeg",1376,768,false],"2048x2048":["https:\/\/www.slovensky-kras.eu\/info\/wp-content\/uploads\/2025\/11\/Vyhliadka-nad-Hrhovom-leto.jpeg",1376,768,false]},"uagb_author_info":{"display_name":"admin","author_link":"https:\/\/www.slovensky-kras.eu\/info\/author\/admin\/"},"uagb_comment_info":0,"uagb_excerpt":"Menu: Podkateg\u00f3ria: Objavte v\u00fdh\u013ead, ktor\u00fd v\u00e1m vyraz\u00ed dych! Predstavte si, \u017ee stoj\u00edte na okraji planiny Horn\u00fd vrch, kde sa v\u00e1m v nadmorskej v\u00fd\u0161ke 742 m n.m. otvor\u00ed svet ako na [&hellip;]","_links":{"self":[{"href":"https:\/\/www.slovensky-kras.eu\/info\/wp-json\/wp\/v2\/pages\/15447","targetHints":{"allow":["GET"]}}],"collection":[{"href":"https:\/\/www.slovensky-kras.eu\/info\/wp-json\/wp\/v2\/pages"}],"about":[{"href":"https:\/\/www.slovensky-kras.eu\/info\/wp-json\/wp\/v2\/types\/page"}],"author":[{"embeddable":true,"href":"https:\/\/www.slovensky-kras.eu\/info\/wp-json\/wp\/v2\/users\/1"}],"replies":[{"embeddable":true,"href":"https:\/\/www.slovensky-kras.eu\/info\/wp-json\/wp\/v2\/comments?post=15447"}],"version-history":[{"count":11,"href":"https:\/\/www.slovensky-kras.eu\/info\/wp-json\/wp\/v2\/pages\/15447\/revisions"}],"predecessor-version":[{"id":29896,"href":"https:\/\/www.slovensky-kras.eu\/info\/wp-json\/wp\/v2\/pages\/15447\/revisions\/29896"}],"up":[{"embeddable":true,"href":"https:\/\/www.slovensky-kras.eu\/info\/wp-json\/wp\/v2\/pages\/13"}],"wp:featuredmedia":[{"embeddable":true,"href":"https:\/\/www.slovensky-kras.eu\/info\/wp-json\/wp\/v2\/media\/29894"}],"wp:attachment":[{"href":"https:\/\/www.slovensky-kras.eu\/info\/wp-json\/wp\/v2\/media?parent=15447"}],"curies":[{"name":"wp","href":"https:\/\/api.w.org\/{rel}","templated":true}]}}