{"id":12990,"date":"2017-08-11T07:47:13","date_gmt":"2017-08-11T05:47:13","guid":{"rendered":"http:\/\/www.slovensky-kras.eu\/info\/?page_id=12990"},"modified":"2026-03-08T08:59:42","modified_gmt":"2026-03-08T07:59:42","slug":"dolina-cremosna-udolie-cremosna","status":"publish","type":"page","link":"https:\/\/www.slovensky-kras.eu\/info\/kam-do-prirody\/dolina-cremosna-udolie-cremosna\/","title":{"rendered":"Dolina \u010cremo\u0161n\u00e1 (\u00fadolie \u010cremo\u0161n\u00e1)"},"content":{"rendered":"<p><strong>Menu: <\/strong> <a href=\"http:\/\/www.slovensky-kras.eu\/info\/\" class=\"su-button su-button-style-default\" style=\"color:#000000;background-color:#FFCF2F;border-color:#cca626;border-radius:5px\" target=\"_self\"><span style=\"color:#000000;padding:6px 16px;font-size:13px;line-height:20px;border-color:#ffde6e;border-radius:5px;text-shadow:none\"><i class=\"sui sui-arrow-right\" style=\"font-size:13px;color:#000000\"><\/i>  \u00davod \/ Aktuality <\/span><\/a>\n<a href=\"http:\/\/www.slovensky-kras.eu\/info\/kam-do-prirody\/\" class=\"su-button su-button-style-default\" style=\"color:#000000;background-color:#FFCF2F;border-color:#cca626;border-radius:5px\" target=\"_self\"><span style=\"color:#000000;padding:6px 16px;font-size:13px;line-height:20px;border-color:#ffde6e;border-radius:5px;text-shadow:none\"><i class=\"sui sui-arrow-right\" style=\"font-size:13px;color:#000000\"><\/i>  Kam do pr\u00edrody <\/span><\/a>\n<p><strong>Podkateg\u00f3ria: <\/strong> <a href=\"http:\/\/www.slovensky-kras.eu\/info\/kam-do-prirody\/doliny-tiesnavy-kanony-a-rokliny\/\" class=\"su-button su-button-style-default\" style=\"color:#000000;background-color:#C5ED2C;border-color:#9ebe24;border-radius:5px\" target=\"_self\"><span style=\"color:#000000;padding:6px 16px;font-size:13px;line-height:20px;border-color:#d7f36c;border-radius:5px;text-shadow:none\"><i class=\"sui sui-arrow-right\" style=\"font-size:13px;color:#000000\"><\/i>  Doliny, ties\u0148avy, ka\u0148ony a rokliny <\/span><\/a>\n<div class=\"su-divider su-divider-style-default\" style=\"margin:15px 0;border-width:2px;border-color:#000000\"><\/div>\n<figure id=\"attachment_28604\" aria-describedby=\"caption-attachment-28604\" style=\"width: 900px\" class=\"wp-caption aligncenter\"><a href=\"https:\/\/www.slovensky-kras.eu\/info\/wp-content\/uploads\/2025\/11\/drienovec-1.jpg\"><img loading=\"lazy\" decoding=\"async\" class=\"wp-image-28604\" src=\"https:\/\/www.slovensky-kras.eu\/info\/wp-content\/uploads\/2025\/11\/drienovec-1.jpg\" alt=\"Dolina \u010cremo\u0161n\u00e1\" width=\"900\" height=\"506\" srcset=\"https:\/\/www.slovensky-kras.eu\/info\/wp-content\/uploads\/2025\/11\/drienovec-1.jpg 2048w, https:\/\/www.slovensky-kras.eu\/info\/wp-content\/uploads\/2025\/11\/drienovec-1-800x450.jpg 800w, https:\/\/www.slovensky-kras.eu\/info\/wp-content\/uploads\/2025\/11\/drienovec-1-1024x576.jpg 1024w, https:\/\/www.slovensky-kras.eu\/info\/wp-content\/uploads\/2025\/11\/drienovec-1-768x432.jpg 768w, https:\/\/www.slovensky-kras.eu\/info\/wp-content\/uploads\/2025\/11\/drienovec-1-1536x864.jpg 1536w\" sizes=\"auto, (max-width: 900px) 100vw, 900px\" \/><\/a><figcaption id=\"caption-attachment-28604\" class=\"wp-caption-text\">Poh\u013ead na vrch Drie\u0148ovec (804 m n.m.)<\/figcaption><\/figure>\n<div class=\"su-divider su-divider-style-default\" style=\"margin:15px 0;border-width:2px;border-color:#000000\"><\/div>\n<h2 data-path-to-node=\"2\"><span style=\"color: #800000;\">Pozn\u00e1te \u00fadolie, kde odliali srdce Budape\u0161ti a star\u00fd mlyn dodnes str\u00e1\u017ei tajomstv\u00e1 \u0161\u013eachty?<\/span><\/h2>\n<p data-path-to-node=\"3\"><b data-path-to-node=\"3\" data-index-in-node=\"0\">Vedeli ste, \u017ee v nen\u00e1padnej doline \u010cremo\u0161n\u00e1 sa kedysi rodili diely pre sl\u00e1vny Re\u0165azov\u00fd most v Budape\u0161ti a \u017ee v starom mlyne v Kov\u00e1\u010dovej sa dodnes ukr\u00fdvaj\u00fa stroje, ktor\u00e9 mleli m\u00faku pre samotn\u00fdch Andr\u00e1\u0161iovcov (Andr\u00e1ssyovcov)?<\/b><\/p>\n<p data-path-to-node=\"4\">Predstavte si miesto, kde sa v\u00e1pencov\u00e9 \u00fatesy Slovensk\u00e9ho krasu stret\u00e1vaj\u00fa s hust\u00fdmi lesmi Volovsk\u00fdch vrchov. Vzduch tu vonia po hist\u00f3rii ban\u00edkov, star\u00fdch duboch a m\u00fake z historick\u00fdch mlynov. Dolina \u010cremo\u0161n\u00e1 nie je len cestou na mape, je to <b data-path-to-node=\"4\" data-index-in-node=\"240\">17 kilometrov dlh\u00fd pr\u00edbeh<\/b> vytesan\u00fd vodou a \u013eudskou pr\u00e1cou do slovenskej zeme. Od technick\u00fdch pamiatok v Drnave a\u017e po tich\u00e9 vidiecke uli\u010dky v L\u00fa\u010dke \u2013 toto \u00fadolie je pozv\u00e1nkou do sveta, kde hist\u00f3ria st\u00e1le d\u00fdcha.<\/p>\n<h2><span style=\"color: #800000;\">\u010co je dolina \u010cremo\u0161n\u00e1 a kde sa nach\u00e1dza?<\/span><\/h2>\n<p class=\"ds-markdown-paragraph\">Dolina \u010cremo\u0161n\u00e1 naz\u00fdvan\u00e1 aj ako \u00fadolie <strong>potoka \u010cremo\u0161n\u00e1<\/strong>\u00a0je hlbok\u00e1 pribli\u017ene 17 km dlh\u00e1 krasovit\u00e1 dolina, ktor\u00fa vo v\u00e1pencoch vyh\u013abil potok \u010cremo\u0161n\u00e1. T\u00e1to <strong>dolina<\/strong> odde\u013euje krajinn\u00fd celok <a href=\"http:\/\/www.slovensky-kras.eu\/info\/vseobecne-informacie\/\">Slovensk\u00fd kras<\/a> (planina <a href=\"http:\/\/www.slovensky-kras.eu\/info\/kam-do-prirody\/planina-horny-vrch\/\">Horn\u00fd vrch<\/a>) od horsk\u00e9ho krajinn\u00e9ho celku <a href=\"http:\/\/www.keturist.sk\/info\/okolite-hory\/volovske-vrchy\/\" target=\"_blank\" rel=\"noopener\">Volovsk\u00e9 vrchy<\/a> (podcelok <strong>Pip\u00edtka<\/strong>).<\/p>\n<h2><span style=\"color: #800000;\">Ak\u00fd je p\u00f4vod tohto jedine\u010dn\u00e9ho \u00fadolia?<\/span><\/h2>\n<p class=\"ds-markdown-paragraph\"><strong>Potok \u010cremo\u0161n\u00e1, ktor\u00fd pretek\u00e1 spom\u00ednanou dolinou,\u00a0<\/strong>pramen\u00ed v nadmorskej v\u00fd\u0161ke 878 m n.m., na ju\u017enom \u00fap\u00e4t\u00ed <strong>Hajd\u00fachovho vrchu (1 120 m n. m.)<\/strong>.\u00a0Hajd\u00fachov vrch (1 120 m n. m.) sa nach\u00e1dza vo <a href=\"http:\/\/www.keturist.sk\/info\/okolite-hory\/volovske-vrchy\/\" target=\"_blank\" rel=\"noopener\">Volovsk\u00fdch vrchoch<\/a> (podcelok <strong>Pip\u00edtka<\/strong>).<\/p>\n<h2><span style=\"color: #800000;\">Ak\u00e9 vrchy obklopuj\u00fa dolinu \u010cremo\u0161n\u00fa?<\/span><\/h2>\n<p class=\"ds-markdown-paragraph\">Z v\u00fdznamnej\u0161\u00edch\u00a0<strong>vrchov<\/strong>\u00a0dolinu vymedzuj\u00fa na severe\u00a0<strong>\u010certov hrad (682 m.n.m.)<\/strong>,\u00a0<strong>\u010cierny kopec (727 m.n.m.)<\/strong>,\u00a0<strong>Gobi\u010d (861 m.n.m.)<\/strong>,\u00a0<strong>\u017d\u013eab (894 m.n.m.)<\/strong>\u00a0a\u00a0<strong>Sov\u00ed kame\u0148 (673 m.n.m.)<\/strong>. Z ju\u017enej strany ju vymedzuj\u00fa\u00a0vrchy<strong> Bukov\u00e1 (746 m.n.m.)<\/strong>,\u00a0<strong>Drienovec (804 m.n.m.)<\/strong>,\u00a0<strong>Kr\u00e1sna hora (758 m.n.m.)<\/strong>,\u00a0<strong>Kresadlo (801 m.n.m.) <\/strong>a vrch\u00a0\u00a0<strong>Drie\u0148ovec (804 m.n.m), <\/strong>ktor\u00fd je s\u00fa\u010das\u0165ou <a href=\"http:\/\/www.slovensky-kras.eu\/info\/kam-do-prirody\/npr-drienovec\/\">n\u00e1rodnej pr\u00edrodnej rezerv\u00e1cii Drie\u0148ovec<\/a>..<\/p>\n<h2><span style=\"color: #800000;\">Ak\u00e9 ved\u013eaj\u0161ie doliny \u00fastia do doliny \u010cremo\u0161nej?<\/span><\/h2>\n<p class=\"ds-markdown-paragraph\">Na jej ju\u017enej strane do nej \u00fastia men\u0161ie\u00a0<strong>polokrasov\u00e9 doliny<\/strong>\u00a0(<strong>Hru\u0161ovsk\u00e1 dolina<\/strong>\u00a0a\u00a0<strong>Mokr\u00e1 dolina<\/strong>). Zo severnej strany do nej \u00fastia\u00a0<strong>doliny Lepkav\u00e9ho<\/strong>\u00a0a\u00a0<strong>Biansk\u00e9ho potoka<\/strong>.<\/p>\n<h2><span style=\"color: #800000;\">Ktor\u00e9 obce v doline stoja za n\u00e1v\u0161tevu?<\/span><\/h2>\n<p class=\"ds-markdown-paragraph\">V doline sa nach\u00e1dzaj\u00fa turisticky v\u00fdznamn\u00e9 obce <a href=\"http:\/\/www.slovensky-kras.eu\/info\/strediska-a-centra\/obec-drnava\/\">Drnava<\/a>, <a href=\"http:\/\/www.slovensky-kras.eu\/info\/strediska-a-centra\/obec-lucka\/\">L\u00fa\u010dka<\/a>, Kov\u00e1\u010dov\u00e1 a <a href=\"http:\/\/www.slovensky-kras.eu\/info\/strediska-a-centra\/obec-borka\/\">B\u00f4rka<\/a>.<\/p>\n<h2><span style=\"color: #800000;\">Pre\u010do je dolina \u010cremo\u0161n\u00e1 turisticky atrakt\u00edvna?<\/span><\/h2>\n<p class=\"ds-markdown-paragraph\">Turisticky zauj\u00edmavou ju rob\u00ed mno\u017estvo vz\u00e1cnych pamiatok, kr\u00e1sna okolit\u00e1 pr\u00edroda, turistick\u00e9 a cykloturistick\u00e9 trasy a hlavne <a href=\"http:\/\/www.slovensky-kras.eu\/info\/kam-za-pamiatkami\/vidiecka-pamiatkova-zona-v-obci-lucka\/\">vidiecka pamiatkov\u00e1 z\u00f3na<\/a> v obci <a href=\"http:\/\/www.slovensky-kras.eu\/info\/strediska-a-centra\/obec-lucka\/\">L\u00fa\u010dka<\/a>.<\/p>\n<h2><span style=\"color: #800000;\">Ak\u00e1 je najv\u00fdznamnej\u0161ia pamiatka v doline?<\/span><\/h2>\n<p>Najv\u00fdznamnej\u0161ou pamiatkou v doline je stredovek\u00fd <a href=\"http:\/\/www.slovensky-kras.eu\/info\/kam-za-pamiatkami\/husitsky-kostol-v-lucke\/\">Husitsk\u00fd kostol<\/a>.\u00a0<a href=\"http:\/\/www.slovensky-kras.eu\/info\/kam-za-pamiatkami\/husitsky-kostol-v-lucke\/\">Husitsk\u00fd kostol <\/a>je vo\u013ene pr\u00edstupn\u00e1 pamiatka, ktor\u00e1 sa nach\u00e1dza nad <a href=\"http:\/\/www.slovensky-kras.eu\/info\/strediska-a-centra\/obec-lucka\/\">obcou L\u00fa\u010dka<\/a> asi 16 km od mesta<a href=\"http:\/\/www.slovensky-kras.eu\/info\/strediska-a-centra\/mesto-roznava\/\"> Ro\u017e\u0148ava<\/a>.<\/p>\n<h2><span style=\"color: #800000;\">Ak\u00fd je p\u00f4vod n\u00e1zvu husitsk\u00fd kostol?<\/span><\/h2>\n<p>V polovici 15. storo\u010dia bol kostol\u00edk obsaden\u00fd\u00a0vojskom <a href=\"http:\/\/sk.wikipedia.org\/wiki\/J%C3%A1n_Jiskra_z_Brand%C3%BDsa\" target=\"_blank\" rel=\"noopener noreferrer\">J\u00e1na Jiskru z Brand\u00fdsa<\/a> a <a href=\"http:\/\/sk.wikipedia.org\/wiki\/Bratr%C3%ADci\" target=\"_blank\" rel=\"noopener noreferrer\">bratrick\u00fdm vojskom<\/a> pozost\u00e1vaj\u00facich z \u010dasti aj z b\u00fdval\u00fdch <a href=\"http:\/\/sk.wikipedia.org\/wiki\/Husitstvo\" target=\"_blank\" rel=\"noopener noreferrer\">husitsk\u00edch bojovn\u00edkov<\/a>.\u00a0Na z\u00e1klade tejto udalosti\u00a0 dostal kostol\u00edk pomenovanie a pr\u00edvlastok ako \u201ehusitsk\u00fd kostol\u201c.<\/p>\n<h2><span style=\"color: #800000;\">Z \u010doho sa sklad\u00e1 pamiatkov\u00e1 z\u00f3na v L\u00fa\u010dke?<\/span><\/h2>\n<p class=\"ds-markdown-paragraph\">Spom\u00ednan\u00e1 <a href=\"http:\/\/www.slovensky-kras.eu\/info\/kam-za-pamiatkami\/vidiecka-pamiatkova-zona-v-obci-lucka\/\">pamiatkov\u00e1 z\u00f3na<\/a> pozost\u00e1va hlavne z <a href=\"http:\/\/www.slovensky-kras.eu\/info\/kam-za-pamiatkami\/gemerska-ludova-architektura-v-obci-lucka\/\">tradi\u010dn\u00fdch sedliackych domov<\/a> z konca 19. a za\u010diatku 20.storo\u010dia, ktor\u00e9 dop\u013a\u0148aj\u00fa zoskupenia hospod\u00e1rskych stavieb. S\u00fa\u010das\u0165ou <strong>pamiatkovej z\u00f3ny<\/strong>\u00a0je aj\u00a0<strong>reformovan\u00fd renesan\u010dno-klasicistick\u00fd kostol<\/strong>\u00a0a\u00a0<strong>katol\u00edcky kostol sv\u00e4t\u00e9ho J\u00e1na<\/strong>.<\/p>\n<h2><span style=\"color: #800000;\">Ak\u00e1 technick\u00e1 pamiatka sa nach\u00e1dza v Kov\u00e1\u010dovej?<\/span><\/h2>\n<p>V obci Kov\u00e1\u010dov\u00e1 sa nach\u00e1dza <a href=\"http:\/\/www.slovensky-kras.eu\/info\/muzea-kutlura-a-umenie\/muzeum-vodny-mlyn-v-obci-kovacova\/\">Vodn\u00fd mlyn<\/a>, ktor\u00fd patril kedysi rodine <strong>Andr\u00e1ssyovcov<\/strong> z Kr\u00e1snej H\u00f4rky.\u00a0<a href=\"http:\/\/www.slovensky-kras.eu\/info\/muzea-kutlura-a-umenie\/muzeum-vodny-mlyn-v-obci-kovacova\/\">Vodn\u00fd mlyn Kov\u00e1\u010dov\u00e1 pri Ro\u017e\u0148ave <\/a>m\u00e1 p\u00f4vodn\u00e9 origin\u00e1lne technick\u00e9 zariadenia a stroje na proces mletia m\u00faky.<\/p>\n<h2><span style=\"color: #800000;\">Ak\u00e1 bola hist\u00f3ria ban\u00edctva v tejto oblasti?<\/span><\/h2>\n<p>Mno\u017estvo <strong>technick\u00fdch pamiatok<\/strong> v doline je d\u00f4kazom rozvinutej banskej \u010dinnos\u0165 v minulosti.\u00a0Dob\u00fdvali sa tu hlavne <strong>\u017eelezn\u00e9 rudy limonit a sideri<\/strong>t, ktor\u00e9 sa tavili v <strong>slovensk\u00fdch peciach<\/strong> v <a href=\"http:\/\/www.slovensky-kras.eu\/info\/strediska-a-centra\/obec-drnava\/\">Drnave<\/a> p\u00edsomne uv\u00e1dzan\u00fdch u\u017e v roku 1619.\u00a0V roku 1817 bola na mieste star\u00fdch slovensk\u00fdch pec\u00ed postaven\u00e1 <a href=\"http:\/\/www.slovensky-kras.eu\/info\/kam-za-pamiatkami\/budova-zeleziarne-juraja-andrassyho-v-drnave\/\">\u017eeleziare\u0148 v Drnave<\/a>.<\/p>\n<h2><span style=\"color: #800000;\">Ak\u00fd v\u00fdznam mala drnavsk\u00e1 \u017eeleziare\u0148?<\/span><\/h2>\n<p>V\u00a0<a href=\"http:\/\/www.slovensky-kras.eu\/info\/kam-za-pamiatkami\/budova-zeleziarne-juraja-andrassyho-v-drnave\/\">b\u00fdval\u00fdch \u017eeleziarniach gro\u0301fa Andr\u00e1\u0161iho (Andra\u0301ssyho)<\/a>\u00a0sa v 40-tych rokoch 19. storoc\u030cia odlievali u\u017e spom\u00ednan\u00e9 <strong>kons\u030ctrukc\u030cne\u0301 diely<\/strong> sla\u0301vneho <strong>Ret\u030cazove\u0301ho mosta v Budapes\u030cti<\/strong>, za \u010do si obec vysl\u00fa\u017eila prez\u00fdvku \u201eKis Pest \u2013 Mal\u00e1 Pes\u030ct\u030c\u201c.\u00a0<strong>\u017deleziare\u0148<\/strong> tu bola v prev\u00e1dzke do roku 1915.<\/p>\n<h2><span style=\"color: #800000;\">Ak\u00e9 \u010fal\u0161ie kovy sa tu \u0165a\u017eili?<\/span><\/h2>\n<p class=\"ds-markdown-paragraph\">V po\u010diatkoch sa na Malom vrchu a ju\u017en\u00fdch svahoch <a href=\"http:\/\/www.keturist.sk\/info\/vrchy-skaly-a-sedla\/pipitka-1225-m-n-m\/\" target=\"_blank\" rel=\"noopener\">Pip\u00edtky<\/a> povrchov\u00fdm sp\u00f4sobom \u0165a\u017eila\u00a0<strong>strieborn\u00e1 ruda a me\u010f<\/strong>. Severne od obce\u00a0<strong>B\u00f4rka<\/strong>\u00a0sa \u0165a\u017eilo\u00a0<strong>zlato<\/strong>. Nesk\u00f4r pri obci\u00a0<strong>L\u00fa\u010dka<\/strong>, v banskom poli\u00a0<strong>Gabriela<\/strong>\u00a0a v bansk\u00fdch poliach\u00a0<strong>Em\u00edlia, Klement a Konr\u00e1d<\/strong>\u00a0a v obci\u00a0<strong>B\u00f4rka<\/strong>\u00a0sa \u0165a\u017eila\u00a0<strong>\u017eelezn\u00e1 ruda hematit<\/strong>.\u00a0<strong>Rudn\u00e9 lo\u017eisk\u00e1<\/strong>\u00a0v okol\u00ed\u00a0<strong>Kr\u00e1snej H\u00f4rky<\/strong>\u00a0a\u00a0<strong>Drnavy<\/strong>\u00a0patrili panstvu hradu\u00a0<strong>Kr\u00e1sna H\u00f4rka<\/strong>. \u0164a\u017eba\u00a0<strong>\u017eelezn\u00fdch r\u00fad a barytu<\/strong>\u00a0na Malom vrchu sa koncentrovala na \u017eilu\u00a0<strong>\u0160tefan, Anton a Piatkov\u00fd potok<\/strong>\u00a0a v\u00a0<strong>Drnave<\/strong>\u00a0na \u017eilu\u00a0<strong>Dion\u00fdz<\/strong>.<\/p>\n<h2><span style=\"color: #800000;\">Ak\u00e1 technick\u00e1 pamiatka je pr\u00edstupn\u00e1 turistom?<\/span><\/h2>\n<p>Zauj\u00edmav\u00fd je dodnes zachovan\u00fd port\u00e1l dedi\u010dnej <a href=\"http:\/\/www.slovensky-kras.eu\/info\/kam-za-pamiatkami\/stolna-dionyz-v-drnave\/\">\u0161t\u00f4lne Dion\u00fdz<\/a>.\u00a0Ku tejto technickej pamiatke vedie zna\u010den\u00fd n\u00e1u\u010dn\u00fd chodn\u00edk\u00a0<a href=\"http:\/\/www.slovensky-kras.eu\/info\/aktivity-a-sport\/naucny-chodnik-poklady-drnavy\/\">Poklady Drnavy<\/a>.\u00a0Cesta k samotn\u00e9mu port\u00e1lu \u0161t\u00f4lne trv\u00e1 pribli\u017ene 10 min\u00fat.<\/p>\n<h2><span style=\"color: #800000;\">\u010co v\u0161etko uvid\u00edte na n\u00e1u\u010dnom chodn\u00edku?<\/span><\/h2>\n<p class=\"ds-markdown-paragraph\">Za\u010d\u00edna pri are\u00e1li\u00a0<a href=\"http:\/\/www.slovensky-kras.eu\/info\/kam-za-pamiatkami\/budova-zeleziarne-juraja-andrassyho-v-drnave\/\"><strong>Drnavsk\u00fdch \u017eeleziarn\u00ed<\/strong><\/a>\u00a0a pokra\u010duje okolo mohutn\u00e9ho, viac ako\u00a0<strong>300-ro\u010dn\u00e9ho prastar\u00e9ho <a href=\"https:\/\/sk.wikipedia.org\/wiki\/Dub_letn%C3%BD\" target=\"_blank\" rel=\"noopener\">duba letn\u00e9ho<\/a><\/strong>\u00a0(lat. Quercus robur), ktor\u00fd sa stal\u00a0<strong>Stromom roka 2020<\/strong>.\u00a0<strong>Dub<\/strong>\u00a0patr\u00ed k neodmyslite\u013en\u00fdm symbolom u\u017e nieko\u013eko gener\u00e1ci\u00ed \u2013 stoj\u00ed na starej obchodnej ceste. Zmienka o\u00a0<strong>dube<\/strong>\u00a0sa nach\u00e1dza v obecnej kronike u\u017e v roku 1670.<\/p>\n<h2><span style=\"color: #800000;\">Ak\u00e9 \u010fal\u0161ie pamiatky pon\u00faka obec Drnava?<\/span><\/h2>\n<p class=\"ds-markdown-paragraph\">\u010eal\u0161\u00edmi v\u00fdznamn\u00fdmi pamiatkami obce <a href=\"http:\/\/www.slovensky-kras.eu\/info\/strediska-a-centra\/obec-drnava\/\">Drnava<\/a> s\u00fa <strong>sedliacke domy<\/strong> z konca 19. a za\u010diatku 20. storo\u010dia a barokovo-klasicistick\u00fd <a href=\"http:\/\/www.slovensky-kras.eu\/info\/rimskokatolicky-kostol-sv-mikulasa-v-obci-drnava\/\">kostol sv. Mikul\u00e1\u0161a<\/a>.<\/p>\n<h2><span style=\"color: #800000;\">\u010co zauj\u00edmav\u00e9 je v obci B\u00f4rka?<\/span><\/h2>\n<p class=\"ds-markdown-paragraph\">Ve\u013emi v\u00fdznamnou pamiatkou obce <a href=\"http:\/\/www.slovensky-kras.eu\/info\/strediska-a-centra\/obec-borka\/\">B\u00f4rka<\/a> je <a href=\"http:\/\/www.slovensky-kras.eu\/info\/kam-za-pamiatkami\/kastiel-v-obci-borka\/\">neobarokov\u00fd ka\u0161tie\u013e<\/a>\u00a0z konca 19. storo\u010dia, ktor\u00fd je kult\u00farnou pamiatkou.<\/p>\n<h2 data-path-to-node=\"0\"><span style=\"color: #800000;\">Pre\u010do by ste mali zaradi\u0165 dolinu \u010cremo\u0161n\u00e1 na svoj turistick\u00fd zoznam?<\/span><\/h2>\n<p data-path-to-node=\"1\">T\u00e1to oblas\u0165 je mimoriadne <b data-path-to-node=\"1\" data-index-in-node=\"26\">v\u00fdznamnou turistickou lokalitou<\/b>, ktor\u00e1 v\u00e1s o\u010dar\u00ed spojen\u00edm nesp\u00fatanej pr\u00edrody Slovensk\u00e9ho krasu a unik\u00e1tnych historick\u00fdch pamiatok. N\u00e1v\u0161tevn\u00edci tu m\u00f4\u017eu obdivova\u0165 stredovek\u00fd <b data-path-to-node=\"1\" data-index-in-node=\"198\">husitsk\u00fd kostol<\/b>, technick\u00e9 pamiatky v <b data-path-to-node=\"1\" data-index-in-node=\"236\">Drnave<\/b> \u010di <b data-path-to-node=\"1\" data-index-in-node=\"246\">Kov\u00e1\u010dovej<\/b> a sie\u0165 zna\u010den\u00fdch tr\u00e1s pre pe\u0161\u00edch aj cyklistov. Je to ide\u00e1lny cie\u013e pre ka\u017ed\u00e9ho, kto h\u013ead\u00e1 dokonal\u00fa kombin\u00e1ciu akt\u00edvneho oddychu a objavovania skryt\u00fdch klenotov slovenskej hist\u00f3rie.<\/p>\n<h2 data-path-to-node=\"2\"><span style=\"color: #800000;\">Poves\u0165 o Duchovi striebrist\u00e9ho ban\u00edka z hlb\u00edn doliny<\/span><\/h2>\n<p data-path-to-node=\"3\">V naju\u017e\u0161om mieste doliny \u010cremo\u0161n\u00e1, tam, kde sa \u00fatesy Horn\u00e9ho vrchu takmer dot\u00fdkaj\u00fa neba, sa vraj dodnes potuluje <b data-path-to-node=\"3\" data-index-in-node=\"113\">duch ban\u00edka z d\u00e1vnej minulosti<\/b>. Star\u00ed \u013eudia rozpr\u00e1vaj\u00fa o majstrovi Jakubovi, ktor\u00fd v 17. storo\u010d\u00ed objavil v t\u00fdchto hor\u00e1ch bohat\u00fa \u017eilu striebra. Jakub bol v\u0161ak skromn\u00fd mu\u017e a \u010das\u0165 svojho z\u00e1robku v\u017edy potajomky nech\u00e1val na prahu domov chudobn\u00fdch rod\u00edn v celom \u00fadol\u00ed.<\/p>\n<p data-path-to-node=\"4\">Ke\u010f pri\u0161iel jeho posledn\u00fd de\u0148 a z\u00e1val ho nav\u017edy uv\u00e4znil v h\u013abke zeme, jeho du\u0161a nena\u0161la pokoj. Hovor\u00ed sa, \u017ee sa v doline zjavuje po\u010das noc\u00ed, ke\u010f je vzduch hust\u00fd a tich\u00fd. Nem\u00e1 jasn\u00fa tv\u00e1r, len <b data-path-to-node=\"4\" data-index-in-node=\"191\">striebrist\u00fa siluetu<\/b>, ktor\u00e1 ticho prech\u00e1dza cez potok \u010cremo\u0161n\u00e1 bez toho, aby \u010derila hladinu. Ak ho stretne \u010destn\u00fd cestovate\u013e v n\u00fadzi, duch ban\u00edka mu ticho poklepe po pleci a uk\u00e1\u017ee smer k ukryt\u00e9mu prame\u0148u \u2013 ten mu vraj vr\u00e1ti silu a vy\u010dist\u00ed myse\u013e od v\u0161etk\u00fdch tr\u00e1pen\u00ed.<\/p>\n<h2 data-path-to-node=\"6\"><span style=\"color: #800000;\">Poves\u0165 o Drnavsk\u00fdch Permon\u00edkoch \u2013 str\u00e1\u017ecoch podzemn\u00fdch pokladov<\/span><\/h2>\n<p data-path-to-node=\"7\">Okolie <b data-path-to-node=\"7\" data-index-in-node=\"7\">Drnavy<\/b> je prev\u0155tan\u00e9 \u0161t\u00f4l\u0148ami ako kus star\u00e9ho kovu a pr\u00e1ve tam, v temnote bansk\u00fdch pol\u00ed Gabriela a Dion\u00fdz, preb\u00fdvaj\u00fa <b data-path-to-node=\"7\" data-index-in-node=\"123\">Permon\u00edci<\/b>. T\u00edto mal\u00ed vl\u00e1dcovia podzemia maj\u00fa v tejto oblasti zvl\u00e1\u0161tnu moc \u2013 na seba ber\u00fa podobu a hlasy <b data-path-to-node=\"7\" data-index-in-node=\"227\">zosnul\u00fdch ban\u00edkov<\/b>, ktor\u00ed tu kedysi \u0165a\u017eili \u017eelezn\u00fa rudu. Star\u00ed haviari prisahali, \u017ee v h\u013abke chodieb pod Mal\u00fdm vrchom videli postavy svojich predkov, ako ticho sedia pri bansk\u00fdch voz\u00edkoch a str\u00e1\u017eia \u017eily hematitu a barytu.<\/p>\n<p data-path-to-node=\"8\">Hovor\u00ed sa, \u017ee <b data-path-to-node=\"8\" data-index-in-node=\"14\">Drnavsk\u00ed Permon\u00edci<\/b> pr\u00edsne str\u00e1\u017eia poklady ukryt\u00e9 v \u00fatrob\u00e1ch Pip\u00edtky. Ak ban\u00edk pracoval s \u00factou k hore, Permon\u00edci mu jemn\u00fdm \u201e\u0165ukan\u00edm\u201c na stenu \u0161t\u00f4lne uk\u00e1zali cestu k bohatej rude. Ak bol v\u0161ak niekto chamtiv\u00fd a h\u013eadal len zlato na \u00fakor bezpe\u010dnosti in\u00fdch, Permon\u00edci v podobe jeho bl\u00edzkych ho zaviedli do nekone\u010dn\u00fdch labyrintov chodieb. Dodnes vraj pri vstupe do <b data-path-to-node=\"8\" data-index-in-node=\"373\">\u0161t\u00f4lne Dion\u00fdz<\/b> v Drnave ob\u010das po\u010du\u0165 vzdialen\u00e9 b\u00fachanie kladiviek \u2013 to len t\u00edto tajupln\u00ed str\u00e1\u017ecovia pripom\u00ednaj\u00fa, \u017ee skuto\u010dn\u00e9 bohatstvo zeme patr\u00ed len t\u00fdm, ktor\u00ed k nemu pristupuj\u00fa s pokorou.<\/p>\n<h2><span style=\"color: #800000;\">Fotogal\u00e9ria<\/span><\/h2>\n<style type=\"text\/css\">\n#foogallery-gallery-28606 .fg-image { width: 200px; }<\/style>\n\t\t\t<div class=\"foogallery foogallery-container foogallery-carousel foogallery-lightbox-foogallery fg-carousel fg-ready fg-light fg-border-medium fg-round-small fg-shadow-medium fg-loading-default fg-loaded-fade-in fg-hover-semi-zoomed fg-hover-fade fg-hover-circle-plus2\" id=\"foogallery-gallery-28606\" data-foogallery=\"{&quot;item&quot;:{&quot;showCaptionTitle&quot;:true,&quot;showCaptionDescription&quot;:true},&quot;lazy&quot;:true,&quot;template&quot;:{&quot;maxItems&quot;:5,&quot;scale&quot;:0.11999999999999999555910790149937383830547332763671875,&quot;gutter&quot;:{&quot;min&quot;:-40,&quot;max&quot;:-20,&quot;unit&quot;:&quot;%&quot;},&quot;autoplay&quot;:{&quot;time&quot;:0,&quot;interaction&quot;:&quot;pause&quot;},&quot;centerOnClick&quot;:true,&quot;align&quot;:&quot;center&quot;,&quot;activePosition&quot;:&quot;center&quot;}}\" data-foogallery-lightbox=\"{&quot;thumbs&quot;:&quot;bottom&quot;,&quot;thumbsCaptions&quot;:false,&quot;thumbsBestFit&quot;:false,&quot;thumbsSmall&quot;:false,&quot;thumbsCaptionsAlign&quot;:&quot;default&quot;,&quot;info&quot;:&quot;bottom&quot;,&quot;infoVisible&quot;:true,&quot;infoOverlay&quot;:true,&quot;infoAlign&quot;:&quot;default&quot;,&quot;transition&quot;:&quot;fade&quot;,&quot;hoverButtons&quot;:false,&quot;fitMedia&quot;:false,&quot;noScrollbars&quot;:true,&quot;preserveButtonSpace&quot;:true,&quot;buttons&quot;:{&quot;fullscreen&quot;:true,&quot;info&quot;:true,&quot;thumbs&quot;:false},&quot;video&quot;:{&quot;autoPlay&quot;:true}}\" style=\"--fg-title-line-clamp: 0; --fg-description-line-clamp: 0;\" >\n\t<button type=\"button\" class=\"fg-carousel-prev\" title=\"Previous\"><\/button>\n\t<div class=\"fg-carousel-inner\">\n\t\t<div class=\"fg-carousel-center\"><\/div>\n\t\t<div class=\"fg-item fg-type-image fg-idle\"><figure class=\"fg-item-inner\"><a href=\"https:\/\/www.slovensky-kras.eu\/info\/wp-content\/uploads\/2025\/11\/drienovec-2.jpg\" data-caption-title=\"Poh\u013ead na vrch Drie\u0148ovec (804 m n.m.)\" data-attachment-id=\"28605\" data-type=\"image\" class=\"fg-thumb\"><span class=\"fg-image-wrap\"><img decoding=\"async\" alt=\"NPR Drie\u0148ovec\" title=\"Poh\u013ead na vrch Drie\u0148ovec (804 m n.m.)\" width=\"200\" height=\"200\" class=\"skip-lazy fg-image\" data-src-fg=\"https:\/\/www.slovensky-kras.eu\/info\/wp-content\/uploads\/cache\/2025\/11\/drienovec-2\/4281841909.jpg\" src=\"data:image\/svg+xml,%3Csvg%20xmlns%3D%22http%3A%2F%2Fwww.w3.org%2F2000%2Fsvg%22%20width%3D%22200%22%20height%3D%22200%22%20viewBox%3D%220%200%20200%20200%22%3E%3C%2Fsvg%3E\" loading=\"eager\"><\/span><span class=\"fg-image-overlay\"><\/span><\/a><figcaption class=\"fg-caption\"><div class=\"fg-caption-inner\"><div class=\"fg-caption-title\">Poh\u013ead na vrch Drie\u0148ovec (804 m n.m.)<\/div><\/div><\/figcaption><\/figure><div class=\"fg-loader\"><\/div><\/div><div class=\"fg-item fg-type-image fg-idle\"><figure class=\"fg-item-inner\"><a href=\"https:\/\/www.slovensky-kras.eu\/info\/wp-content\/uploads\/2025\/11\/drienovec-1.jpg\" data-caption-title=\"Poh\u013ead na vrch Drie\u0148ovec (804 m n.m.)\" data-attachment-id=\"28604\" data-type=\"image\" class=\"fg-thumb\"><span class=\"fg-image-wrap\"><img decoding=\"async\" alt=\"Dolina \u010cremo\u0161n\u00e1\" title=\"Poh\u013ead na vrch Drie\u0148ovec (804 m n.m.)\" width=\"200\" height=\"200\" class=\"skip-lazy fg-image\" data-src-fg=\"https:\/\/www.slovensky-kras.eu\/info\/wp-content\/uploads\/cache\/2025\/11\/drienovec-1\/3835567721.jpg\" src=\"data:image\/svg+xml,%3Csvg%20xmlns%3D%22http%3A%2F%2Fwww.w3.org%2F2000%2Fsvg%22%20width%3D%22200%22%20height%3D%22200%22%20viewBox%3D%220%200%20200%20200%22%3E%3C%2Fsvg%3E\" loading=\"eager\"><\/span><span class=\"fg-image-overlay\"><\/span><\/a><figcaption class=\"fg-caption\"><div class=\"fg-caption-inner\"><div class=\"fg-caption-title\">Poh\u013ead na vrch Drie\u0148ovec (804 m n.m.)<\/div><\/div><\/figcaption><\/figure><div class=\"fg-loader\"><\/div><\/div><div class=\"fg-item fg-type-image fg-idle\"><figure class=\"fg-item-inner\"><a href=\"https:\/\/www.slovensky-kras.eu\/info\/wp-content\/uploads\/2020\/06\/lucka.jpg\" data-caption-title=\"Husitsk\u00fd kostol v L\u00fa\u010dke \u2013 zr\u00facanina\" data-attachment-id=\"17453\" data-type=\"image\" class=\"fg-thumb\"><span class=\"fg-image-wrap\"><img decoding=\"async\" alt=\"Husitsk\u00fd kostol v L\u00fa\u010dke \u2013 zr\u00facanina\" title=\"Husitsk\u00fd kostol v L\u00fa\u010dke \u2013 zr\u00facanina\" width=\"200\" height=\"200\" class=\"skip-lazy fg-image\" data-src-fg=\"https:\/\/www.slovensky-kras.eu\/info\/wp-content\/uploads\/cache\/2020\/06\/lucka\/1453825440.jpg\" src=\"data:image\/svg+xml,%3Csvg%20xmlns%3D%22http%3A%2F%2Fwww.w3.org%2F2000%2Fsvg%22%20width%3D%22200%22%20height%3D%22200%22%20viewBox%3D%220%200%20200%20200%22%3E%3C%2Fsvg%3E\" loading=\"eager\"><\/span><span class=\"fg-image-overlay\"><\/span><\/a><figcaption class=\"fg-caption\"><div class=\"fg-caption-inner\"><div class=\"fg-caption-title\">Husitsk\u00fd kostol v L\u00fa\u010dke \u2013 zr\u00facanina<\/div><\/div><\/figcaption><\/figure><div class=\"fg-loader\"><\/div><\/div><div class=\"fg-item fg-type-image fg-idle\"><figure class=\"fg-item-inner\"><a href=\"https:\/\/www.slovensky-kras.eu\/info\/wp-content\/uploads\/2021\/12\/kostol-husitsky-lucka2.jpg\" data-caption-title=\"Husitsk\u00fd kostol v L\u00fa\u010dke \u2013 zr\u00facanina\" data-attachment-id=\"21439\" data-type=\"image\" class=\"fg-thumb\"><span class=\"fg-image-wrap\"><img decoding=\"async\" title=\"Husitsk\u00fd kostol v L\u00fa\u010dke \u2013 zr\u00facanina\" width=\"200\" height=\"200\" class=\"skip-lazy fg-image\" data-src-fg=\"https:\/\/www.slovensky-kras.eu\/info\/wp-content\/uploads\/cache\/2021\/12\/kostol-husitsky-lucka2\/748316641.jpg\" src=\"data:image\/svg+xml,%3Csvg%20xmlns%3D%22http%3A%2F%2Fwww.w3.org%2F2000%2Fsvg%22%20width%3D%22200%22%20height%3D%22200%22%20viewBox%3D%220%200%20200%20200%22%3E%3C%2Fsvg%3E\" loading=\"eager\"><\/span><span class=\"fg-image-overlay\"><\/span><\/a><figcaption class=\"fg-caption\"><div class=\"fg-caption-inner\"><div class=\"fg-caption-title\">Husitsk\u00fd kostol v L\u00fa\u010dke \u2013 zr\u00facanina<\/div><\/div><\/figcaption><\/figure><div class=\"fg-loader\"><\/div><\/div><div class=\"fg-item fg-type-image fg-idle\"><figure class=\"fg-item-inner\"><a href=\"https:\/\/www.slovensky-kras.eu\/info\/wp-content\/uploads\/2021\/12\/kostol-husitsky-lucka1.jpg\" data-caption-title=\"Husitsk\u00fd kostol v L\u00fa\u010dke \u2013 zr\u00facanina\" data-attachment-id=\"21438\" data-type=\"image\" class=\"fg-thumb\"><span class=\"fg-image-wrap\"><img decoding=\"async\" title=\"Husitsk\u00fd kostol v L\u00fa\u010dke \u2013 zr\u00facanina\" width=\"200\" height=\"200\" class=\"skip-lazy fg-image\" data-src-fg=\"https:\/\/www.slovensky-kras.eu\/info\/wp-content\/uploads\/cache\/2021\/12\/kostol-husitsky-lucka1\/1737011361.jpg\" src=\"data:image\/svg+xml,%3Csvg%20xmlns%3D%22http%3A%2F%2Fwww.w3.org%2F2000%2Fsvg%22%20width%3D%22200%22%20height%3D%22200%22%20viewBox%3D%220%200%20200%20200%22%3E%3C%2Fsvg%3E\" loading=\"eager\"><\/span><span class=\"fg-image-overlay\"><\/span><\/a><figcaption class=\"fg-caption\"><div class=\"fg-caption-inner\"><div class=\"fg-caption-title\">Husitsk\u00fd kostol v L\u00fa\u010dke \u2013 zr\u00facanina<\/div><\/div><\/figcaption><\/figure><div class=\"fg-loader\"><\/div><\/div><div class=\"fg-item fg-type-image fg-idle\"><figure class=\"fg-item-inner\"><a href=\"https:\/\/www.slovensky-kras.eu\/info\/wp-content\/uploads\/2020\/12\/drnava-zeleziarne.jpg\" data-caption-title=\"Budova \u017eeleziarne Drnave\" data-caption-desc=\"B\u00fdval\u00e9 \u017eeleziarne v Drnave\" data-attachment-id=\"18647\" data-type=\"image\" class=\"fg-thumb\"><span class=\"fg-image-wrap\"><img decoding=\"async\" alt=\"Budova \u017eeleziarne Drnave\" title=\"Budova \u017eeleziarne Drnave\" width=\"200\" height=\"200\" class=\"skip-lazy fg-image\" data-src-fg=\"https:\/\/www.slovensky-kras.eu\/info\/wp-content\/uploads\/cache\/2020\/12\/drnava-zeleziarne\/761054265.jpg\" src=\"data:image\/svg+xml,%3Csvg%20xmlns%3D%22http%3A%2F%2Fwww.w3.org%2F2000%2Fsvg%22%20width%3D%22200%22%20height%3D%22200%22%20viewBox%3D%220%200%20200%20200%22%3E%3C%2Fsvg%3E\" loading=\"eager\"><\/span><span class=\"fg-image-overlay\"><\/span><\/a><figcaption class=\"fg-caption\"><div class=\"fg-caption-inner\"><div class=\"fg-caption-title\">Budova \u017eeleziarne Drnave<\/div><div class=\"fg-caption-desc\">B\u00fdval\u00e9 \u017eeleziarne v Drnave<\/div><\/div><\/figcaption><\/figure><div class=\"fg-loader\"><\/div><\/div><div class=\"fg-item fg-type-image fg-idle\"><figure class=\"fg-item-inner\"><a href=\"https:\/\/www.slovensky-kras.eu\/info\/wp-content\/uploads\/2021\/12\/obec-lucka-domy2.jpg\" data-caption-title=\"Vidiecka pamiatkov\u00e1 z\u00f3na v obci L\u00fa\u010dka\" data-caption-desc=\"Vidiecka pamiatkov\u00e1 z\u00f3na v obci L\u00fa\u010dka - tradi\u010dn\u00e1 gemersk\u00e1 architekt\u00fara sedliackych domov\" data-attachment-id=\"21445\" data-type=\"image\" class=\"fg-thumb\"><span class=\"fg-image-wrap\"><img decoding=\"async\" alt=\"Vidiecka pamiatkov\u00e1 z\u00f3na v obci L\u00fa\u010dka\" title=\"Vidiecka pamiatkov\u00e1 z\u00f3na v obci L\u00fa\u010dka\" width=\"200\" height=\"200\" class=\"skip-lazy fg-image\" data-src-fg=\"https:\/\/www.slovensky-kras.eu\/info\/wp-content\/uploads\/cache\/2021\/12\/obec-lucka-domy2\/2323261654.jpg\" src=\"data:image\/svg+xml,%3Csvg%20xmlns%3D%22http%3A%2F%2Fwww.w3.org%2F2000%2Fsvg%22%20width%3D%22200%22%20height%3D%22200%22%20viewBox%3D%220%200%20200%20200%22%3E%3C%2Fsvg%3E\" loading=\"eager\"><\/span><span class=\"fg-image-overlay\"><\/span><\/a><figcaption class=\"fg-caption\"><div class=\"fg-caption-inner\"><div class=\"fg-caption-title\">Vidiecka pamiatkov\u00e1 z\u00f3na v obci L\u00fa\u010dka<\/div><div class=\"fg-caption-desc\">Vidiecka pamiatkov\u00e1 z\u00f3na v obci L\u00fa\u010dka - tradi\u010dn\u00e1 gemersk\u00e1 architekt\u00fara sedliackych domov<\/div><\/div><\/figcaption><\/figure><div class=\"fg-loader\"><\/div><\/div><div class=\"fg-item fg-type-image fg-idle\"><figure class=\"fg-item-inner\"><a href=\"https:\/\/www.slovensky-kras.eu\/info\/wp-content\/uploads\/2021\/06\/mlyn-kovacova2.jpg\" data-caption-title=\"Vodn\u00fd mlyn Kov\u00e1\u010dov\u00e1 pri Ro\u017e\u0148ave\" data-attachment-id=\"20579\" data-type=\"image\" class=\"fg-thumb\"><span class=\"fg-image-wrap\"><img decoding=\"async\" alt=\"Vodn\u00fd mlyn Kov\u00e1\u010dov\u00e1 pri Ro\u017e\u0148ave\" title=\"Vodn\u00fd mlyn Kov\u00e1\u010dov\u00e1 pri Ro\u017e\u0148ave\" width=\"200\" height=\"200\" class=\"skip-lazy fg-image\" data-src-fg=\"https:\/\/www.slovensky-kras.eu\/info\/wp-content\/uploads\/cache\/2021\/06\/mlyn-kovacova2\/1025180009.jpg\" src=\"data:image\/svg+xml,%3Csvg%20xmlns%3D%22http%3A%2F%2Fwww.w3.org%2F2000%2Fsvg%22%20width%3D%22200%22%20height%3D%22200%22%20viewBox%3D%220%200%20200%20200%22%3E%3C%2Fsvg%3E\" loading=\"eager\"><\/span><span class=\"fg-image-overlay\"><\/span><\/a><figcaption class=\"fg-caption\"><div class=\"fg-caption-inner\"><div class=\"fg-caption-title\">Vodn\u00fd mlyn Kov\u00e1\u010dov\u00e1 pri Ro\u017e\u0148ave<\/div><\/div><\/figcaption><\/figure><div class=\"fg-loader\"><\/div><\/div><div class=\"fg-item fg-type-image fg-idle\"><figure class=\"fg-item-inner\"><a href=\"https:\/\/www.slovensky-kras.eu\/info\/wp-content\/uploads\/2020\/06\/denes.jpg\" data-caption-title=\"\u0160t\u00f4l\u0148a Dion\u00fdz (D\u00e9nes) v Drnave - Autor fotografie: Mgr. Anton Medvec\" data-attachment-id=\"17449\" data-type=\"image\" class=\"fg-thumb\"><span class=\"fg-image-wrap\"><img decoding=\"async\" alt=\"\u0160t\u00f4l\u0148a Dion\u00fdz (D\u00e9nes) v Drnave - Autor fotografie: Mgr. Anton Medvec\" title=\"\u0160t\u00f4l\u0148a Dion\u00fdz (D\u00e9nes) v Drnave - Autor fotografie: Mgr. Anton Medvec\" width=\"200\" height=\"200\" class=\"skip-lazy fg-image\" data-src-fg=\"https:\/\/www.slovensky-kras.eu\/info\/wp-content\/uploads\/cache\/2020\/06\/denes\/2115160251.jpg\" src=\"data:image\/svg+xml,%3Csvg%20xmlns%3D%22http%3A%2F%2Fwww.w3.org%2F2000%2Fsvg%22%20width%3D%22200%22%20height%3D%22200%22%20viewBox%3D%220%200%20200%20200%22%3E%3C%2Fsvg%3E\" loading=\"eager\"><\/span><span class=\"fg-image-overlay\"><\/span><\/a><figcaption class=\"fg-caption\"><div class=\"fg-caption-inner\"><div class=\"fg-caption-title\">\u0160t\u00f4l\u0148a Dion\u00fdz (D\u00e9nes) v Drnave - Autor fotografie: Mgr. Anton Medvec<\/div><\/div><\/figcaption><\/figure><div class=\"fg-loader\"><\/div><\/div><div class=\"fg-item fg-type-image fg-idle\"><figure class=\"fg-item-inner\"><a href=\"https:\/\/www.slovensky-kras.eu\/info\/wp-content\/uploads\/2021\/11\/denes.jpg\" data-caption-title=\"\u0160t\u00f4l\u0148a Dion\u00fdz (D\u00e9nes) v Drnave - Autor fotografie: Mgr. Anton Medvec\" data-attachment-id=\"21113\" data-type=\"image\" class=\"fg-thumb\"><span class=\"fg-image-wrap\"><img decoding=\"async\" alt=\"\u0160t\u00f4l\u0148a Dion\u00fdz (D\u00e9nes) v Drnave - Autor fotografie: Mgr. Anton Medvec\" title=\"\u0160t\u00f4l\u0148a Dion\u00fdz (D\u00e9nes) v Drnave - Autor fotografie: Mgr. Anton Medvec\" width=\"200\" height=\"200\" class=\"skip-lazy fg-image\" data-src-fg=\"https:\/\/www.slovensky-kras.eu\/info\/wp-content\/uploads\/cache\/2021\/11\/denes\/2808150601.jpg\" src=\"data:image\/svg+xml,%3Csvg%20xmlns%3D%22http%3A%2F%2Fwww.w3.org%2F2000%2Fsvg%22%20width%3D%22200%22%20height%3D%22200%22%20viewBox%3D%220%200%20200%20200%22%3E%3C%2Fsvg%3E\" loading=\"eager\"><\/span><span class=\"fg-image-overlay\"><\/span><\/a><figcaption class=\"fg-caption\"><div class=\"fg-caption-inner\"><div class=\"fg-caption-title\">\u0160t\u00f4l\u0148a Dion\u00fdz (D\u00e9nes) v Drnave - Autor fotografie: Mgr. Anton Medvec<\/div><\/div><\/figcaption><\/figure><div class=\"fg-loader\"><\/div><\/div><div class=\"fg-item fg-type-image fg-idle\"><figure class=\"fg-item-inner\"><a href=\"https:\/\/www.slovensky-kras.eu\/info\/wp-content\/uploads\/2023\/08\/dub-drnava.jpg\" data-caption-title=\"dub letn\u00fd (lat. Quercus robur), ktor\u00fd sa stal stromom roka 2020, fotograf: , \u00d6rs Orosz (Gombasz\u00f6gi Ny\u00e1ri T\u00e1bor)\" data-attachment-id=\"25264\" data-type=\"image\" class=\"fg-thumb\"><span class=\"fg-image-wrap\"><img decoding=\"async\" alt=\"dub letn\u00fd (lat. Quercus robur), ktor\u00fd sa stal stromom roka 2020, fotograf: , \u00d6rs Orosz (Gombasz\u00f6gi Ny\u00e1ri T\u00e1bor)\" title=\"dub letn\u00fd (lat. Quercus robur), ktor\u00fd sa stal stromom roka 2020, fotograf: , \u00d6rs Orosz (Gombasz\u00f6gi Ny\u00e1ri T\u00e1bor)\" width=\"200\" height=\"200\" class=\"skip-lazy fg-image\" data-src-fg=\"https:\/\/www.slovensky-kras.eu\/info\/wp-content\/uploads\/cache\/2023\/08\/dub-drnava\/2725862828.jpg\" src=\"data:image\/svg+xml,%3Csvg%20xmlns%3D%22http%3A%2F%2Fwww.w3.org%2F2000%2Fsvg%22%20width%3D%22200%22%20height%3D%22200%22%20viewBox%3D%220%200%20200%20200%22%3E%3C%2Fsvg%3E\" loading=\"eager\"><\/span><span class=\"fg-image-overlay\"><\/span><\/a><figcaption class=\"fg-caption\"><div class=\"fg-caption-inner\"><div class=\"fg-caption-title\">dub letn\u00fd (lat. Quercus robur), ktor\u00fd sa stal stromom roka 2020, fotograf: , \u00d6rs Orosz (Gombasz\u00f6gi Ny\u00e1ri T\u00e1bor)<\/div><\/div><\/figcaption><\/figure><div class=\"fg-loader\"><\/div><\/div><div class=\"fg-item fg-type-image fg-idle\"><figure class=\"fg-item-inner\"><a href=\"https:\/\/www.slovensky-kras.eu\/info\/wp-content\/uploads\/2020\/12\/800-rocny-dub.jpg\" data-caption-title=\"dub letn\u00fd (lat. Quercus robur), ktor\u00fd sa stal stromom roka 2020, fotograf: , \u00d6rs Orosz (Gombasz\u00f6gi Ny\u00e1ri T\u00e1bor)\" data-attachment-id=\"18671\" data-type=\"image\" class=\"fg-thumb\"><span class=\"fg-image-wrap\"><img decoding=\"async\" alt=\"dub letn\u00fd (lat. Quercus robur), ktor\u00fd sa stal stromom roka 2020, fotograf: , \u00d6rs Orosz (Gombasz\u00f6gi Ny\u00e1ri T\u00e1bor)\" title=\"dub letn\u00fd (lat. Quercus robur), ktor\u00fd sa stal stromom roka 2020, fotograf: , \u00d6rs Orosz (Gombasz\u00f6gi Ny\u00e1ri T\u00e1bor)\" width=\"200\" height=\"200\" class=\"skip-lazy fg-image\" data-src-fg=\"https:\/\/www.slovensky-kras.eu\/info\/wp-content\/uploads\/cache\/2020\/12\/800-rocny-dub\/3301618935.jpg\" src=\"data:image\/svg+xml,%3Csvg%20xmlns%3D%22http%3A%2F%2Fwww.w3.org%2F2000%2Fsvg%22%20width%3D%22200%22%20height%3D%22200%22%20viewBox%3D%220%200%20200%20200%22%3E%3C%2Fsvg%3E\" loading=\"eager\"><\/span><span class=\"fg-image-overlay\"><\/span><\/a><figcaption class=\"fg-caption\"><div class=\"fg-caption-inner\"><div class=\"fg-caption-title\">dub letn\u00fd (lat. Quercus robur), ktor\u00fd sa stal stromom roka 2020, fotograf: , \u00d6rs Orosz (Gombasz\u00f6gi Ny\u00e1ri T\u00e1bor)<\/div><\/div><\/figcaption><\/figure><div class=\"fg-loader\"><\/div><\/div><div class=\"fg-item fg-type-image fg-idle\"><figure class=\"fg-item-inner\"><a href=\"https:\/\/www.slovensky-kras.eu\/info\/wp-content\/uploads\/2020\/12\/borka-kastiel.jpg\" data-caption-title=\"Ka\u0161tie\u013e \u0161\u013eachtick\u00e9ho rodu Zichy-Ferraris a Imricha K\u00e1rolyiho\" data-attachment-id=\"19495\" data-type=\"image\" class=\"fg-thumb\"><span class=\"fg-image-wrap\"><img decoding=\"async\" alt=\"Ka\u0161tie\u013e \u0161\u013eachtick\u00e9ho rodu Zichy-Ferraris a Imricha K\u00e1rolyiho\" title=\"Ka\u0161tie\u013e \u0161\u013eachtick\u00e9ho rodu Zichy-Ferraris a Imricha K\u00e1rolyiho\" width=\"200\" height=\"200\" class=\"skip-lazy fg-image\" data-src-fg=\"https:\/\/www.slovensky-kras.eu\/info\/wp-content\/uploads\/cache\/2020\/12\/borka-kastiel\/188661943.jpg\" src=\"data:image\/svg+xml,%3Csvg%20xmlns%3D%22http%3A%2F%2Fwww.w3.org%2F2000%2Fsvg%22%20width%3D%22200%22%20height%3D%22200%22%20viewBox%3D%220%200%20200%20200%22%3E%3C%2Fsvg%3E\" loading=\"eager\"><\/span><span class=\"fg-image-overlay\"><\/span><\/a><figcaption class=\"fg-caption\"><div class=\"fg-caption-inner\"><div class=\"fg-caption-title\">Ka\u0161tie\u013e \u0161\u013eachtick\u00e9ho rodu Zichy-Ferraris a Imricha K\u00e1rolyiho<\/div><\/div><\/figcaption><\/figure><div class=\"fg-loader\"><\/div><\/div>\t<\/div>\n\t<div class=\"fg-carousel-bottom\"><\/div>\n\t<div class=\"fg-carousel-progress\"><\/div>\n\t<button type=\"button\" class=\"fg-carousel-next\" title=\"Next\"><\/button>\n<\/div>\n<h3><span style=\"color: #808000;\">Aktivity a \u0161port<\/span><\/h3>\n<ul>\n<li><a href=\"http:\/\/www.slovensky-kras.eu\/info\/aktivity-a-sport\/naucny-chodnik-poklady-drnavy\/\">N\u00e1u\u010dn\u00fd chodn\u00edk Poklady Drnavy (\u010d\u00edtaj viac&#8230;)<\/a><\/li>\n<\/ul>\n<h3><span style=\"color: #808000;\">Pamiatky<\/span><\/h3>\n<ul>\n<li><a href=\"http:\/\/www.slovensky-kras.eu\/info\/muzea-kutlura-a-umenie\/muzeum-vodny-mlyn-v-obci-kovacova\/\">Vodn\u00fd mlyn Kov\u00e1\u010dov\u00e1 pri Ro\u017e\u0148ave (\u010d\u00edtaj viac&#8230;)<\/a><\/li>\n<\/ul>\n<ul>\n<li><a href=\"http:\/\/www.slovensky-kras.eu\/info\/kam-za-pamiatkami\/husitsky-kostol-v-lucke\/\">Husitsk\u00fd kostol v obci L\u00fa\u010dka (\u010d\u00edtaj viac&#8230;)<\/a><\/li>\n<\/ul>\n<ul>\n<li><a href=\"http:\/\/www.slovensky-kras.eu\/info\/kam-za-pamiatkami\/gemerska-ludova-architektura-v-obci-lucka\/\">Gemersk\u00e1 \u013eudov\u00e1 architekt\u00fara v obci L\u00fa\u010dka (\u010d\u00edtaj viac&#8230;)<\/a><\/li>\n<\/ul>\n<ul>\n<li><a href=\"http:\/\/www.slovensky-kras.eu\/info\/kam-za-pamiatkami\/vidiecka-pamiatkova-zona-v-obci-lucka\/\">Vidiecka pamiatkov\u00e1 z\u00f3na v obci L\u00fa\u010dka (\u010d\u00edtaj viac&#8230;)<\/a><\/li>\n<\/ul>\n<ul>\n<li>Kostol sv\u00e4t\u00e9ho J\u00e1na v L\u00fa\u010dke<\/li>\n<\/ul>\n<ul>\n<li>Reformovan\u00fd renesan\u010dno-klasicistick\u00fd kostol v L\u00fa\u010dke<\/li>\n<\/ul>\n<ul>\n<li><a href=\"http:\/\/www.slovensky-kras.eu\/info\/kam-za-pamiatkami\/kastiel-v-obci-drnava\/\">Ka\u0161tie\u013e v obci Drnava (\u010d\u00edtaj viac&#8230;)<\/a><\/li>\n<\/ul>\n<ul>\n<li><a href=\"http:\/\/www.slovensky-kras.eu\/info\/rimskokatolicky-kostol-sv-mikulasa-v-obci-drnava\/\">R\u00edmskokatol\u00edcky kostol sv. Mikul\u00e1\u0161a z roku 1779 v Drnave (\u010d\u00edtaj viac&#8230;)<\/a><\/li>\n<\/ul>\n<ul>\n<li><a href=\"http:\/\/www.slovensky-kras.eu\/info\/kam-za-pamiatkami\/budova-zeleziarne-juraja-andrassyho-v-drnave\/\">Budova b\u00fdval\u00fdch \u017eeleziarn\u00ed v Drnave (\u010d\u00edtaj viac&#8230;)<\/a><\/li>\n<\/ul>\n<ul>\n<li><a href=\"http:\/\/www.slovensky-kras.eu\/info\/kam-za-pamiatkami\/stolna-dionyz-v-drnave\/\">\u0160t\u00f4l\u0148a Dion\u00fdz v Drnave (\u010d\u00edtaj viac&#8230;)<\/a><\/li>\n<\/ul>\n<ul>\n<li><a href=\"http:\/\/www.slovensky-kras.eu\/info\/kam-za-pamiatkami\/kastiel-v-obci-borka\/\">Ka\u0161tie\u013e v obci B\u00f4rka (\u010d\u00edtaj viac&#8230;)<\/a><\/li>\n<\/ul>\n<ul>\n<li>Klasicistick\u00fd evanielick\u00fd kostol z 18. storo\u010dia v B\u00f4rke<\/li>\n<\/ul>\n<ul>\n<li>Barokovo-klasicistick\u00fd katolick\u00fd kostol karme\u013eskej Panny M\u00e1rie v B\u00f4rke<\/li>\n<\/ul>\n<h3><span style=\"color: #808000;\">Bl\u00edzke stredisko, turistick\u00e9 centrum, obec alebo mesto:<\/span><\/h3>\n<ul>\n<li><a href=\"http:\/\/www.slovensky-kras.eu\/info\/strediska-a-centra\/obec-drnava\/\">Obec Drnava (\u010d\u00edtaj viac&#8230;)<\/a><\/li>\n<\/ul>\n<ul>\n<li><a href=\"http:\/\/www.slovensky-kras.eu\/info\/strediska-a-centra\/obec-borka\/\">Obec B\u00f4rka (\u010d\u00edtaj viac&#8230;)<\/a><\/li>\n<\/ul>\n<ul>\n<li><a href=\"http:\/\/www.slovensky-kras.eu\/info\/strediska-a-centra\/obec-lucka\/\">Obec L\u00fa\u010dka (\u010d\u00edtaj viac&#8230;)<\/a><\/li>\n<\/ul>\n<ul>\n<li>Obec Kov\u00e1\u010dov\u00e1<\/li>\n<\/ul>\n<h2><span style=\"color: #800000;\"><strong>Mapy<\/strong><\/span><\/h2>\n<p><strong>Vrstvy: <\/strong>Turistick\u00e1 mapa, Automapa, Cyklomapa, Ly\u017eiarska mapa, Satelitn\u00e1 mapa a OpenStreetMap.<\/p>\n<p><strong>Kliknut\u00edm na logo &#8222;Freemap.sk&#8220; sa V\u00e1m mapa zobraz\u00ed na celej ploche obrazovky.<\/strong><\/p>\n<h2><iframe style=\"width: 900px; height: 600px; border: 0;\" src=\"https:\/\/www.freemap.sk\/?map=12\/48.633022\/20.712147&amp;info-point=48.633022\/20.712147,Dolina \u010cremo\u0161n\u00e1 (\u00fadolie \u010cremo\u0161n\u00e1)&amp;layers=X&amp;embed=search\" allowfullscreen=\"allowfullscreen\"><\/iframe><\/h2>\n<h2><span style=\"color: #800000;\"><strong>Po\u010dasie<\/strong><\/span><\/h2>\n<p><iframe style=\"width: 900px; height: 600px;\" src=\"https:\/\/www.meteoblue.com\/sk\/po%C4%8Dasie\/widget\/three\/kov%c3%a1%c4%8dov%c3%a1_slovensko_724430?geoloc=fixed&amp;nocurrent=0&amp;noforecast=0&amp;days=7&amp;tempunit=CELSIUS&amp;windunit=KILOMETER_PER_HOUR&amp;layout=image\" frameborder=\"0\" scrolling=\"NO\" sandbox=\"allow-same-origin allow-scripts allow-popups allow-popups-to-escape-sandbox\"><span data-mce-type=\"bookmark\" style=\"display: inline-block; width: 0px; overflow: hidden; line-height: 0;\" class=\"mce_SELRES_start\">\ufeff<\/span><\/iframe><\/p>\n<div><!-- DO NOT REMOVE THIS LINK --><a href=\"https:\/\/www.meteoblue.com\/sk\/po%C4%8Dasie\/t%C3%BD%C5%BEde%C5%88\/kov%c3%a1%c4%8dov%c3%a1_slovensko_724430?utm_source=weather_widget&amp;utm_medium=linkus&amp;utm_content=three&amp;utm_campaign=Weather%2BWidget\" target=\"_blank\" rel=\"noopener noreferrer\">meteoblue<\/a><\/div>\n","protected":false},"excerpt":{"rendered":"<p>Menu: Podkateg\u00f3ria: Pozn\u00e1te \u00fadolie, kde odliali srdce Budape\u0161ti a star\u00fd mlyn dodnes str\u00e1\u017ei tajomstv\u00e1 \u0161\u013eachty? Vedeli ste, \u017ee v nen\u00e1padnej doline \u010cremo\u0161n\u00e1 sa kedysi rodili diely pre sl\u00e1vny Re\u0165azov\u00fd most [&hellip;]<\/p>\n","protected":false},"author":1,"featured_media":28604,"parent":13,"menu_order":0,"comment_status":"closed","ping_status":"closed","template":"","meta":{"_uag_custom_page_level_css":"","footnotes":""},"class_list":["post-12990","page","type-page","status-publish","has-post-thumbnail","hentry"],"featured_image_src":"https:\/\/www.slovensky-kras.eu\/info\/wp-content\/uploads\/2025\/11\/drienovec-1.jpg","featured_image_src_square":"https:\/\/www.slovensky-kras.eu\/info\/wp-content\/uploads\/2025\/11\/drienovec-1.jpg","rbea_author_info":{"display_name":"admin","author_link":"https:\/\/www.slovensky-kras.eu\/info\/author\/admin\/"},"rbea_excerpt_info":"Menu: Podkateg\u00f3ria: Pozn\u00e1te \u00fadolie, kde odliali srdce Budape\u0161ti a star\u00fd mlyn dodnes str\u00e1\u017ei tajomstv\u00e1 \u0161\u013eachty? Vedeli ste, \u017ee v nen\u00e1padnej doline \u010cremo\u0161n\u00e1 sa kedysi rodili diely pre sl\u00e1vny Re\u0165azov\u00fd most [&hellip;]","uagb_featured_image_src":{"full":["https:\/\/www.slovensky-kras.eu\/info\/wp-content\/uploads\/2025\/11\/drienovec-1.jpg",2048,1152,false],"thumbnail":["https:\/\/www.slovensky-kras.eu\/info\/wp-content\/uploads\/2025\/11\/drienovec-1-150x150.jpg",150,150,true],"medium":["https:\/\/www.slovensky-kras.eu\/info\/wp-content\/uploads\/2025\/11\/drienovec-1-800x450.jpg",800,450,true],"medium_large":["https:\/\/www.slovensky-kras.eu\/info\/wp-content\/uploads\/2025\/11\/drienovec-1-768x432.jpg",768,432,true],"large":["https:\/\/www.slovensky-kras.eu\/info\/wp-content\/uploads\/2025\/11\/drienovec-1-1024x576.jpg",1024,576,true],"1536x1536":["https:\/\/www.slovensky-kras.eu\/info\/wp-content\/uploads\/2025\/11\/drienovec-1-1536x864.jpg",1536,864,true],"2048x2048":["https:\/\/www.slovensky-kras.eu\/info\/wp-content\/uploads\/2025\/11\/drienovec-1.jpg",2048,1152,false]},"uagb_author_info":{"display_name":"admin","author_link":"https:\/\/www.slovensky-kras.eu\/info\/author\/admin\/"},"uagb_comment_info":0,"uagb_excerpt":"Menu: Podkateg\u00f3ria: Pozn\u00e1te \u00fadolie, kde odliali srdce Budape\u0161ti a star\u00fd mlyn dodnes str\u00e1\u017ei tajomstv\u00e1 \u0161\u013eachty? Vedeli ste, \u017ee v nen\u00e1padnej doline \u010cremo\u0161n\u00e1 sa kedysi rodili diely pre sl\u00e1vny Re\u0165azov\u00fd most [&hellip;]","_links":{"self":[{"href":"https:\/\/www.slovensky-kras.eu\/info\/wp-json\/wp\/v2\/pages\/12990","targetHints":{"allow":["GET"]}}],"collection":[{"href":"https:\/\/www.slovensky-kras.eu\/info\/wp-json\/wp\/v2\/pages"}],"about":[{"href":"https:\/\/www.slovensky-kras.eu\/info\/wp-json\/wp\/v2\/types\/page"}],"author":[{"embeddable":true,"href":"https:\/\/www.slovensky-kras.eu\/info\/wp-json\/wp\/v2\/users\/1"}],"replies":[{"embeddable":true,"href":"https:\/\/www.slovensky-kras.eu\/info\/wp-json\/wp\/v2\/comments?post=12990"}],"version-history":[{"count":40,"href":"https:\/\/www.slovensky-kras.eu\/info\/wp-json\/wp\/v2\/pages\/12990\/revisions"}],"predecessor-version":[{"id":29447,"href":"https:\/\/www.slovensky-kras.eu\/info\/wp-json\/wp\/v2\/pages\/12990\/revisions\/29447"}],"up":[{"embeddable":true,"href":"https:\/\/www.slovensky-kras.eu\/info\/wp-json\/wp\/v2\/pages\/13"}],"wp:featuredmedia":[{"embeddable":true,"href":"https:\/\/www.slovensky-kras.eu\/info\/wp-json\/wp\/v2\/media\/28604"}],"wp:attachment":[{"href":"https:\/\/www.slovensky-kras.eu\/info\/wp-json\/wp\/v2\/media?parent=12990"}],"curies":[{"name":"wp","href":"https:\/\/api.w.org\/{rel}","templated":true}]}}