{"id":1210,"date":"2013-07-13T11:15:54","date_gmt":"2013-07-13T09:15:54","guid":{"rendered":"http:\/\/www.slovensky-kras.eu\/info\/?page_id=1210"},"modified":"2023-12-06T09:50:16","modified_gmt":"2023-12-06T08:50:16","slug":"obec-ochtina","status":"publish","type":"page","link":"https:\/\/www.slovensky-kras.eu\/info\/strediska-a-centra\/obec-ochtina\/","title":{"rendered":"Obec Ochtin\u00e1"},"content":{"rendered":"<p><strong>Menu: <\/strong> <a href=\"http:\/\/www.slovensky-kras.eu\/info\/\" class=\"su-button su-button-style-default\" style=\"color:#000000;background-color:#FFCF2F;border-color:#cca626;border-radius:5px\" target=\"_self\"><span style=\"color:#000000;padding:6px 16px;font-size:13px;line-height:20px;border-color:#ffde6e;border-radius:5px;text-shadow:none\"><i class=\"sui sui-arrow-right\" style=\"font-size:13px;color:#000000\"><\/i>  \u00davod \/ Aktuality <\/span><\/a>\n<a href=\"http:\/\/www.slovensky-kras.eu\/info\/strediska-a-centra\/\" class=\"su-button su-button-style-default\" style=\"color:#000000;background-color:#FFCF2F;border-color:#cca626;border-radius:5px\" target=\"_self\"><span style=\"color:#000000;padding:6px 16px;font-size:13px;line-height:20px;border-color:#ffde6e;border-radius:5px;text-shadow:none\"><i class=\"sui sui-arrow-right\" style=\"font-size:13px;color:#000000\"><\/i>  Turistick\u00e9 v\u00fdchodisk\u00e1 <\/span><\/a>\n<div class=\"su-divider su-divider-style-default\" style=\"margin:15px 0;border-width:2px;border-color:#000000\"><\/div>\n<div class=\"su-accordion su-u-trim\">\n<div class=\"su-spoiler su-spoiler-style-fancy su-spoiler-icon-plus su-spoiler-closed\" data-scroll-offset=\"0\" data-anchor-in-url=\"no\"><div class=\"su-spoiler-title\" tabindex=\"0\" role=\"button\"><span class=\"su-spoiler-icon\"><\/span>Textov\u00e9 menu - Turistick\u00e9 v\u00fdchodisk\u00e1<\/div><div class=\"su-spoiler-content su-u-clearfix su-u-trim\"><div class=\"column-group columns-2\"><div class=\"column column-number-1 column-span-1\"><p><strong>Rekrea\u010dn\u00e9 stredisk\u00e1 a oblasti:<\/strong><br \/>\n<a href=\"http:\/\/www.slovensky-kras.eu\/info\/?page_id=97\">Domica<\/a><br \/>\n<a href=\"http:\/\/www.slovensky-kras.eu\/info\/rekreacne-stredisko-gombasek\/\">Gombasek<\/a><br \/>\n<a href=\"http:\/\/www.slovensky-kras.eu\/info\/strediska-a-centra\/turisticka-oblast-soroska-jablonovske-sedlo\/\">Soro\u0161ka-Jablonovsk\u00e9 sedlo<\/a><br \/>\n<a href=\"http:\/\/www.slovensky-kras.eu\/info\/strediska-a-centra\/rekreacna-oblast-sugov\/\">\u0160ugov<\/a><br \/>\n<strong>Mest\u00e1:<\/strong><br \/>\n<a href=\"http:\/\/www.slovensky-kras.eu\/info\/strediska-a-centra\/mesto-medzev\/\">Medzev<\/a><br \/>\n<a href=\"http:\/\/www.slovensky-kras.eu\/info\/strediska-a-centra\/mesto-moldava-nad-bodvou\/\">Moldava nad Bodvou<\/a><br \/>\n<a href=\"http:\/\/www.slovensky-kras.eu\/info\/strediska-a-centra\/mesto-roznava\/\">Ro\u017e\u0148ava<\/a><br \/>\n<strong>Obce:<\/strong><br \/>\n<a href=\"http:\/\/www.slovensky-kras.eu\/info\/strediska-a-centra\/obec-ardovo\/\">Ardovo<\/a><br \/>\n<a title=\"Obec B\u00f4rka\" href=\"http:\/\/www.slovensky-kras.eu\/info\/strediska-a-centra\/obec-borka\/\">B\u00f4rka<\/a><br \/>\n<a href=\"http:\/\/www.slovensky-kras.eu\/info\/strediska-a-centra\/obec-bretka\/\">Bretka<\/a><br \/>\n<a href=\"http:\/\/www.slovensky-kras.eu\/info\/strediska-a-centra\/obec-brzotin\/\">Brzot\u00edn<\/a><br \/>\n<a href=\"http:\/\/www.slovensky-kras.eu\/info\/strediska-a-centra\/obec-dlha-ves\/\">Dlh\u00e1 Ves<\/a><br \/>\n<a href=\"http:\/\/www.slovensky-kras.eu\/info\/strediska-a-centra\/obec-drnava\/\">Drnava<\/a><br \/>\n<a href=\"http:\/\/www.slovensky-kras.eu\/info\/strediska-a-centra\/1017-2\/\">Dvorn\u00edky-V\u010del\u00e1re<\/a><br \/>\n<a href=\"http:\/\/www.slovensky-kras.eu\/info\/strediska-a-centra\/obec-drienovec-drienovecke-kupele\/\">Drienovec-Drienoveck\u00e9 k\u00fapele<\/a><br \/>\n<a href=\"http:\/\/www.slovensky-kras.eu\/info\/strediska-a-centra\/obec-gemerska-horka\/\">Gemersk\u00e1 H\u00f4rka<\/a><br \/>\n<a href=\"http:\/\/www.slovensky-kras.eu\/info\/obec-hacava\/\">Ha\u010dava<\/a><br \/>\n<a href=\"http:\/\/www.slovensky-kras.eu\/info\/strediska-a-centra\/obec-haj\/\">H\u00e1j<\/p>\n<\/div>\n<\/a><div class=\"column column-number-2 last column-span-1\"><p><a href=\"http:\/\/www.slovensky-kras.eu\/info\/strediska-a-centra\/obec-hrhov\/\">Hrhov<\/a><br \/>\n<a href=\"http:\/\/www.slovensky-kras.eu\/info\/strediska-a-centra\/obec-hrusov\/\">Hru\u0161ov<\/a><br \/>\n<a href=\"http:\/\/www.slovensky-kras.eu\/info\/strediska-a-centra\/obec-jablonov-nad-turnou\/\">Jablonov nad Tur\u0148ou<\/a><br \/>\n<a href=\"http:\/\/www.slovensky-kras.eu\/info\/strediska-a-centra\/obec-jasov\/\">Jasov<\/a><br \/>\n<a href=\"http:\/\/www.slovensky-kras.eu\/info\/strediska-a-centra\/obec-jovice\/\">Jovice<\/a><br \/>\n<a href=\"http:\/\/www.slovensky-kras.eu\/info\/strediska-a-centra\/obec-kecovo\/\">Ke\u010dovo<\/a><br \/>\n<a href=\"http:\/\/www.slovensky-kras.eu\/info\/strediska-a-centra\/obec-krasnohorska-dlha-luka\/\">Kr\u00e1snohorsk\u00e1 Dlh\u00e1 L\u00faka<\/a><br \/>\n<a href=\"http:\/\/www.slovensky-kras.eu\/info\/strediska-a-centra\/obec-krasnohorske-podhradie\/\">Kr\u00e1snohorsk\u00e9 Podhradie<\/a><br \/>\n<a href=\"http:\/\/www.slovensky-kras.eu\/info\/strediska-a-centra\/obec-kruzna\/\">Kru\u017en\u00e1<\/a><br \/>\n<a href=\"http:\/\/www.slovensky-kras.eu\/info\/strediska-a-centra\/obec-lucka\/\">L\u00fa\u010dka<\/a><br \/>\n<a href=\"http:\/\/www.slovensky-kras.eu\/info\/strediska-a-centra\/obec-ochtina\/\">Ochtin\u00e1<\/a><br \/>\n<a href=\"http:\/\/www.slovensky-kras.eu\/info\/strediska-a-centra\/obec-plesivec\/\">Ple\u0161ivec<\/a><br \/>\n<a href=\"http:\/\/www.slovensky-kras.eu\/info\/strediska-a-centra\/obec-rakovnica\/\">Rakovnica<\/a><br \/>\n<a href=\"http:\/\/www.slovensky-kras.eu\/info\/strediska-a-centra\/obec-silica\/\">Silica<\/a><br \/>\n<a href=\"http:\/\/www.slovensky-kras.eu\/info\/strediska-a-centra\/obec-silicka-brezova\/\">Silick\u00e1 Brezov\u00e1<\/a><br \/>\n<a href=\"http:\/\/www.slovensky-kras.eu\/info\/strediska-a-centra\/obec-silicka-jablonica\/\">Silick\u00e1 Jablonica<\/a><br \/>\n<a href=\"http:\/\/www.slovensky-kras.eu\/info\/strediska-a-centra\/obec-slavec\/\">Slavec<\/a><br \/>\n<a href=\"http:\/\/www.slovensky-kras.eu\/info\/strediska-a-centra\/obec-stitnik\/\">\u0160t\u00edtnik<\/a><br \/>\n<a href=\"http:\/\/www.slovensky-kras.eu\/info\/strediska-a-centra\/obec-turna-nad-bodvou\/\">Tur\u0148a nad Bodvou<\/a><br \/>\n<a href=\"http:\/\/www.slovensky-kras.eu\/info\/strediska-a-centra\/obec-zadiel\/\">Z\u00e1diel<\/a><\/p>\n<\/div><\/div>\n<\/div><\/div>\n<\/div>\n<div class=\"su-divider su-divider-style-default\" style=\"margin:15px 0;border-width:2px;border-color:#000000\"><\/div>\n<h3><span style=\"color: #808000;\">V\u0161eobecn\u00e9 inform\u00e1cie<\/span><\/h3>\n<p>Ochtin\u00e1 (nem. Achten, ma\u010f. Martonh\u00e1za, Ochtina) je obec na Slovensku v okrese Ro\u017e\u0148ava (Ko\u0161ick\u00fd samospr\u00e1vny kraj).<\/p>\n<figure id=\"attachment_19113\" aria-describedby=\"caption-attachment-19113\" style=\"width: 800px\" class=\"wp-caption aligncenter\"><a href=\"http:\/\/www.slovensky-kras.eu\/info\/wp-content\/uploads\/2020\/12\/1280px-Ochtina15.jpg\"><img loading=\"lazy\" decoding=\"async\" class=\"wp-image-19113 size-full\" src=\"http:\/\/www.slovensky-kras.eu\/info\/wp-content\/uploads\/2020\/12\/1280px-Ochtina15.jpg\" alt=\"\" width=\"800\" height=\"600\" srcset=\"https:\/\/www.slovensky-kras.eu\/info\/wp-content\/uploads\/2020\/12\/1280px-Ochtina15.jpg 800w, https:\/\/www.slovensky-kras.eu\/info\/wp-content\/uploads\/2020\/12\/1280px-Ochtina15-768x576.jpg 768w\" sizes=\"auto, (max-width: 800px) 100vw, 800px\" \/><\/a><figcaption id=\"caption-attachment-19113\" class=\"wp-caption-text\">Evanjelick\u00fd kostol, zdroj foto: David Ra\u0161ka , wikip\u00e9dia<\/figcaption><\/figure>\n<p>Obec sa nach\u00e1dza v tesnej bl\u00edzkosti NP Slovensk\u00fd kras.<\/p>\n<p>Le\u017e\u00ed v doline rieky \u0160t\u00edtnik asi 23 km severoz\u00e1padne od mesta Ro\u017e\u0148ava.<\/p>\n<figure id=\"attachment_17512\" aria-describedby=\"caption-attachment-17512\" style=\"width: 800px\" class=\"wp-caption aligncenter\"><a href=\"http:\/\/www.slovensky-kras.eu\/info\/wp-content\/uploads\/2020\/06\/ochtinska1.jpg\"><img loading=\"lazy\" decoding=\"async\" class=\"wp-image-17512\" src=\"http:\/\/www.slovensky-kras.eu\/info\/wp-content\/uploads\/2020\/06\/ochtinska1.jpg\" alt=\"\" width=\"800\" height=\"781\" srcset=\"https:\/\/www.slovensky-kras.eu\/info\/wp-content\/uploads\/2020\/06\/ochtinska1.jpg 717w, https:\/\/www.slovensky-kras.eu\/info\/wp-content\/uploads\/2020\/06\/ochtinska1-615x600.jpg 615w\" sizes=\"auto, (max-width: 800px) 100vw, 800px\" \/><\/a><figcaption id=\"caption-attachment-17512\" class=\"wp-caption-text\">Ochtinsk\u00e1 aragonitov\u00e1 jasky\u0148a<\/figcaption><\/figure>\n<p>Nadmorsk\u00e1 v\u00fd\u0161ka v strede obce je 344 m n.m., 300-809 v chot\u00e1ri.<\/p>\n<p>Najvy\u0161\u0161\u00ed bod v katastri obce je vrch <strong>Hr\u00e1dok (809 m n.m.)<\/strong>.<\/p>\n<p>Obec m\u00e1 poto\u010dn\u00fa a cestn\u00fa radov\u00fa z\u00e1stavbu.<\/p>\n<p>Z pamiatok sa v obci nach\u00e1dza evanjelick\u00e1 barokov\u00e1 fara z prvej polovice 18.storo\u010dia.<\/p>\n<h4><span style=\"color: #993300;\">\u013dudov\u00e1 architekt\u00fara<\/span><\/h4>\n<p>Preva\u017en\u00e1 v\u00e4\u010d\u0161ina p\u00f4vodnej z\u00e1stavby s\u00fa domy z 19. storo\u010dia a z prvej polovice 20 .storo\u010dia.<\/p>\n<p>\u013dudov\u00e1 architekt\u00fara je v obci najviac zast\u00fapen\u00e1 murovan\u00fdmi domami, ktor\u00e9 s\u00fa typick\u00e9 pre oblas\u0165 ju\u017en\u00e9ho Spi\u0161a, Gemera, Malohotu a Abova.<\/p>\n<h4><span style=\"color: #993300;\">Evanjelick\u00fd kostol<\/span><\/h4>\n<p>Evanjelick\u00fd p\u00f4vodne<strong> rom\u00e1nsko-gotick\u00fd kostol<\/strong> z prvej polovice 13.storo\u010dia\u00a0je dvojlo\u010fov\u00e1 gotickorom\u00e1nska stavba s polygon\u00e1lnym ukon\u010den\u00edm presbyt\u00e9ria a predstavanou ve\u017eou pravdepodobne zo za\u010diatku 14. storo\u010dia.<\/p>\n<p>V\u00fdstavba kostola m\u00f4\u017ee s\u00favisie\u0165 s miestnym rodom Bubekovcov, ktor\u00fd t\u00fato obec vlastnil.<\/p>\n<p>Nach\u00e1dza sa na vyv\u00fd\u0161enine uprostred obce.<\/p>\n<h4><span style=\"color: #993300;\">Ochtinsk\u00e1 aragonitov\u00e1 jasky\u0148a<\/span><\/h4>\n<p>Obec je zn\u00e1ma hlavne kv\u00f4li verejnosti spr\u00edstupnenej <a href=\"http:\/\/www.slovensky-kras.eu\/info\/jaskyne-a-priepasti\/ochtinska-aragonitova-jaskyna\/\">Ochtinskej aragonitovej jaskyni<\/a>, ktor\u00e1 sa nach\u00e1dza v katastri obce vo vrchu <strong>Hr\u00e1dok (809 m n.m.)<\/strong>.<\/p>\n<figure id=\"attachment_21373\" aria-describedby=\"caption-attachment-21373\" style=\"width: 800px\" class=\"wp-caption aligncenter\"><a href=\"https:\/\/www.slovensky-kras.eu\/info\/wp-content\/uploads\/2021\/12\/ochtinska-jaskyna.jpg\"><img loading=\"lazy\" decoding=\"async\" class=\"wp-image-21373 size-full\" src=\"https:\/\/www.slovensky-kras.eu\/info\/wp-content\/uploads\/2021\/12\/ochtinska-jaskyna.jpg\" alt=\"\" width=\"800\" height=\"533\" srcset=\"https:\/\/www.slovensky-kras.eu\/info\/wp-content\/uploads\/2021\/12\/ochtinska-jaskyna.jpg 800w, https:\/\/www.slovensky-kras.eu\/info\/wp-content\/uploads\/2021\/12\/ochtinska-jaskyna-768x512.jpg 768w\" sizes=\"auto, (max-width: 800px) 100vw, 800px\" \/><\/a><figcaption id=\"caption-attachment-21373\" class=\"wp-caption-text\">Ochtinsk\u00e1 aragonitov\u00e1 jasky\u0148a<\/figcaption><\/figure>\n<p>Presnej\u0161ie sa nach\u00e1dza na severnom \u00fabo\u010d\u00ed vrchu Hr\u00e1dok v nadmorskej v\u00fd\u0161ke 667 m.<\/p>\n<p>Jasky\u0148a je pr\u00edstupn\u00e1 odbo\u010dkou zo \u0161t\u00e1tnej cesty medzi obcou \u0160t\u00edtnik a mestom Jel\u0161ava na vrchu Hr\u00e1dok.<\/p>\n<p><strong>Viac info o jaskyni sa do\u010d\u00edtate tu:<\/strong><\/p>\n<ul>\n<li><a href=\"https:\/\/www.slovensky-kras.eu\/info\/jaskyne-a-priepasti\/ochtinska-aragonitova-jaskyna\/\" target=\"_blank\" rel=\"noopener\">Ochtinsk\u00e1 aragonitov\u00e1 jasky\u0148a (\u010d\u00edtaj viac v novom okne&#8230;)<\/a><\/li>\n<\/ul>\n<h3><span style=\"color: #808000;\">Turistick\u00e9 ciele a mo\u017enosti<\/span><\/h3>\n<h4><span style=\"color: #993300;\">Turistick\u00e9 trasy<\/span><\/h4>\n<p>V obci za\u010d\u00edna\u00a0<img loading=\"lazy\" decoding=\"async\" class=\"alignnone wp-image-10352 size-full\" src=\"http:\/\/www.slovensky-kras.eu\/info\/wp-content\/uploads\/2013\/07\/modra.png\" alt=\"\" width=\"20\" height=\"21\" \/> modr\u00e1 turistick\u00e1 trasa ved\u00faca k r\u00e1zcestn\u00edku <strong>Ochtinsk\u00e1 aragonitov\u00e1 jasky\u0148a (660 m n.m.)<\/strong> , ktor\u00e1 n\u00e1sledne pokra\u010duje\u00a0 cez obec <a href=\"http:\/\/www.slovensky-kras.eu\/info\/strediska-a-centra\/obec-stitnik\/\">\u0160t\u00edtnik<\/a> a\u017e na <a href=\"http:\/\/www.slovensky-kras.eu\/info\/kam-do-prirody\/plesivecka-planina\/\">Ple\u0161iveck\u00fa planinu<\/a>.<\/p>\n<p>Celkov\u00fd \u010das z obce Ochtin\u00e1 a\u017e ku jaskyni trv\u00e1 pribli\u017ene 1:00 h (nasp\u00e4\u0165 0:50 h).<\/p>\n<h4><span style=\"color: #993300;\">Cykloturistick\u00e9 trasy<\/span><\/h4>\n<p>Obcou prech\u00e1dza modr\u00e1 cykloturistick\u00e1 trasa.<\/p>\n<h3><span style=\"color: #808000;\">Hist\u00f3ria<\/span><\/h3>\n<p>Prv\u00e1 p\u00edsomn\u00e1 zmienka o obci je z prvej polovice 14. storo\u010dia.<\/p>\n<p>Obyvatelia obce sa v minulosti \u017eivili hlavne ban\u00edctvom, hutn\u00edctvom, po\u013enohospod\u00e1rstvom a v 18. storo\u010d\u00ed sa rozmohol aj chov dobytka.<\/p>\n<p>V minulosti sa tu nach\u00e1dzali \u017eelezn\u00e9 h\u00e1mre, pece, vyhne a vznikali nov\u00e9 bane so \u0161achtami, \u0161t\u00f4l\u0148ami a bansk\u00fdmi chodbami.<\/p>\n<p>V 16. storo\u010d\u00ed bola obec \u010dasto kr\u00e1t vyrabovan\u00e1 a zni\u010den\u00e1.<\/p>\n<p>V 18.storo\u010d\u00ed tu bola postaven\u00e1 papiere\u0148.<\/p>\n<p>Obyvate\u013estvo bolo vyvra\u017e\u010fovan\u00e9, odvle\u010den\u00e9 do otroctva v tomto obdob\u00ed nastal pokles obyvate\u013estva.<\/p>\n<h3><span style=\"color: #808000;\"><strong><br \/>\n<\/strong>Info jasky\u0148a<\/span><\/h3>\n<div class=\"rtbs  rtbs_ochtinska-aragonitova-jaskyna\"><div class=\"rtbs_slug\" style=\"display:none\">ochtinska-aragonitova-jaskyna<\/div><div class=\"rtbs_inactive_tab_background\" style=\"display:none\">whitesmoke<\/div><div class=\"rtbs_breakpoint\" style=\"display:none\">600<\/div><div class=\"rtbs_color\" style=\"display:none\">#12bece<\/div>\r\n        <div class=\"rtbs_menu\">\r\n            <ul>\r\n                <li class=\"mobile_toggle\">&zwnj;<\/li><li class=\"current\"><a style=\"background:#12bece\" class=\"active ochtinska-aragonitova-jaskyna-tab-link-0\" href=\"#\" data-tab=\"#ochtinska-aragonitova-jaskyna-tab-0\">Aktu\u00e1lne podmienky<\/a><\/li>\r\n            <\/ul>\r\n        <\/div><div style=\"border-top:7px solid #12bece;\" id=\"ochtinska-aragonitova-jaskyna-tab-0\" class=\"rtbs_content active\"><table>\n<tbody>\n<tr>\n<th bgcolor=\"#cccccc\"><span style=\"color: #000000\">Mesto\/Obec<\/span><\/th>\n<th bgcolor=\"#cccccc\"><span style=\"color: #000000\">Prev\u00e1dzka<\/span><\/th>\n<th bgcolor=\"#cccccc\"><span style=\"color: #000000\">D\u013a\u017eka trasy<\/span><\/th>\n<th bgcolor=\"#cccccc\"><span style=\"color: #000000\">Teplota v jaskyni<\/span><\/th>\n<\/tr>\n<tr>\n<td bgcolor=\"#ffffff\"><span style=\"color: #000000\">Ochtin\u00e1<\/span><\/td>\n<td bgcolor=\"#ffffff\"><span style=\"color: #000000\">Otvoren\u00e1 okrem pondelkov<\/span><\/td>\n<td bgcolor=\"#ffffff\"><span style=\"color: #000000\">300 m<\/span><\/td>\n<td bgcolor=\"#ffffff\"><span style=\"color: #000000\">8\u00b0C (vlhko a prievan)<\/span><\/td>\n<\/tr>\n<\/tbody>\n<\/table>\n<div style=\"margin-top:30px; clear:both;\"><\/div><\/div>\r\n    <\/div>\r\n    \n<h3><strong><br \/>\n<\/strong><span style=\"color: #808000;\">Mapy<\/span><\/h3>\n<p><strong>Vrstvy: <\/strong>Turistick\u00e1 mapa, Automapa, Cyklomapa, Ly\u017eiarska mapa, Satelitn\u00e1 mapa a OpenStreetMap.<\/p>\n<p><strong>Kliknut\u00edm na logo &#8222;Freemap.sk&#8220; sa V\u00e1m mapa zobraz\u00ed na celej ploche obrazovky.<\/strong><\/p>\n<p><iframe style=\"width: 800px; height: 600px; border: 0;\" src=\"https:\/\/www.freemap.sk\/?map=14\/48.683679\/20.328183&amp;info-point=48.683679\/20.328183,Obec Ochtin\u00e1&amp;layers=T&amp;embed=search\" allowfullscreen=\"allowfullscreen\"><\/iframe><\/p>\n<h3><strong><br \/>\n<\/strong><span style=\"color: #808000;\">Po\u010dasie<\/span><\/h3>\n<p><iframe style=\"width: 800px; height: 600px;\" src=\"https:\/\/www.meteoblue.com\/sk\/po%C4%8Dasie\/widget\/three\/ochtin%c3%a1_slovensk%c3%a1-republika_724008?geoloc=fixed&amp;nocurrent=0&amp;noforecast=0&amp;days=6&amp;tempunit=CELSIUS&amp;windunit=KILOMETER_PER_HOUR&amp;layout=image\" frameborder=\"0\" scrolling=\"NO\" sandbox=\"allow-same-origin allow-scripts allow-popups allow-popups-to-escape-sandbox\"><\/iframe><\/p>\n<div><!-- DO NOT REMOVE THIS LINK --><a href=\"https:\/\/www.meteoblue.com\/sk\/po%C4%8Dasie\/predpove%C4%8F\/t%C3%BD%C5%BEde%C5%88\/ochtin%c3%a1_slovensk%c3%a1-republika_724008?utm_source=weather_widget&amp;utm_medium=linkus&amp;utm_content=three&amp;utm_campaign=Weather%2BWidget\" target=\"_blank\" rel=\"noopener noreferrer\">meteoblue<\/a><\/div>\n","protected":false},"excerpt":{"rendered":"<p>Menu: V\u0161eobecn\u00e9 inform\u00e1cie Ochtin\u00e1 (nem. Achten, ma\u010f. Martonh\u00e1za, Ochtina) je obec na Slovensku v okrese Ro\u017e\u0148ava (Ko\u0161ick\u00fd samospr\u00e1vny kraj). Obec sa nach\u00e1dza v tesnej bl\u00edzkosti NP Slovensk\u00fd kras. Le\u017e\u00ed v [&hellip;]<\/p>\n","protected":false},"author":1,"featured_media":0,"parent":9,"menu_order":0,"comment_status":"closed","ping_status":"open","template":"","meta":{"_uag_custom_page_level_css":"","footnotes":""},"class_list":["post-1210","page","type-page","status-publish","hentry"],"featured_image_src":"","featured_image_src_square":false,"rbea_author_info":{"display_name":"admin","author_link":"https:\/\/www.slovensky-kras.eu\/info\/author\/admin\/"},"rbea_excerpt_info":"Menu: V\u0161eobecn\u00e9 inform\u00e1cie Ochtin\u00e1 (nem. Achten, ma\u010f. Martonh\u00e1za, Ochtina) je obec na Slovensku v okrese Ro\u017e\u0148ava (Ko\u0161ick\u00fd samospr\u00e1vny kraj). Obec sa nach\u00e1dza v tesnej bl\u00edzkosti NP Slovensk\u00fd kras. Le\u017e\u00ed v [&hellip;]","uagb_featured_image_src":{"full":false,"thumbnail":false,"medium":false,"medium_large":false,"large":false,"1536x1536":false,"2048x2048":false},"uagb_author_info":{"display_name":"admin","author_link":"https:\/\/www.slovensky-kras.eu\/info\/author\/admin\/"},"uagb_comment_info":0,"uagb_excerpt":"Menu: V\u0161eobecn\u00e9 inform\u00e1cie Ochtin\u00e1 (nem. Achten, ma\u010f. Martonh\u00e1za, Ochtina) je obec na Slovensku v okrese Ro\u017e\u0148ava (Ko\u0161ick\u00fd samospr\u00e1vny kraj). Obec sa nach\u00e1dza v tesnej bl\u00edzkosti NP Slovensk\u00fd kras. Le\u017e\u00ed v [&hellip;]","_links":{"self":[{"href":"https:\/\/www.slovensky-kras.eu\/info\/wp-json\/wp\/v2\/pages\/1210","targetHints":{"allow":["GET"]}}],"collection":[{"href":"https:\/\/www.slovensky-kras.eu\/info\/wp-json\/wp\/v2\/pages"}],"about":[{"href":"https:\/\/www.slovensky-kras.eu\/info\/wp-json\/wp\/v2\/types\/page"}],"author":[{"embeddable":true,"href":"https:\/\/www.slovensky-kras.eu\/info\/wp-json\/wp\/v2\/users\/1"}],"replies":[{"embeddable":true,"href":"https:\/\/www.slovensky-kras.eu\/info\/wp-json\/wp\/v2\/comments?post=1210"}],"version-history":[{"count":15,"href":"https:\/\/www.slovensky-kras.eu\/info\/wp-json\/wp\/v2\/pages\/1210\/revisions"}],"predecessor-version":[{"id":26271,"href":"https:\/\/www.slovensky-kras.eu\/info\/wp-json\/wp\/v2\/pages\/1210\/revisions\/26271"}],"up":[{"embeddable":true,"href":"https:\/\/www.slovensky-kras.eu\/info\/wp-json\/wp\/v2\/pages\/9"}],"wp:attachment":[{"href":"https:\/\/www.slovensky-kras.eu\/info\/wp-json\/wp\/v2\/media?parent=1210"}],"curies":[{"name":"wp","href":"https:\/\/api.w.org\/{rel}","templated":true}]}}