{"id":1197,"date":"2013-07-13T10:56:17","date_gmt":"2013-07-13T08:56:17","guid":{"rendered":"http:\/\/www.slovensky-kras.eu\/info\/?page_id=1197"},"modified":"2022-01-02T15:17:16","modified_gmt":"2022-01-02T14:17:16","slug":"obec-stitnik","status":"publish","type":"page","link":"https:\/\/www.slovensky-kras.eu\/info\/strediska-a-centra\/obec-stitnik\/","title":{"rendered":"Obec \u0160t\u00edtnik"},"content":{"rendered":"<p><strong>Menu: <\/strong> <a href=\"http:\/\/www.slovensky-kras.eu\/info\/\" class=\"su-button su-button-style-default\" style=\"color:#000000;background-color:#FFCF2F;border-color:#cca626;border-radius:5px\" target=\"_self\"><span style=\"color:#000000;padding:6px 16px;font-size:13px;line-height:20px;border-color:#ffde6e;border-radius:5px;text-shadow:none\"><i class=\"sui sui-arrow-right\" style=\"font-size:13px;color:#000000\"><\/i>  \u00davod \/ Aktuality <\/span><\/a>\n<a href=\"http:\/\/www.slovensky-kras.eu\/info\/strediska-a-centra\/\" class=\"su-button su-button-style-default\" style=\"color:#000000;background-color:#FFCF2F;border-color:#cca626;border-radius:5px\" target=\"_self\"><span style=\"color:#000000;padding:6px 16px;font-size:13px;line-height:20px;border-color:#ffde6e;border-radius:5px;text-shadow:none\"><i class=\"sui sui-arrow-right\" style=\"font-size:13px;color:#000000\"><\/i>  Turistick\u00e9 v\u00fdchodisk\u00e1 <\/span><\/a>\n<div class=\"su-divider su-divider-style-default\" style=\"margin:15px 0;border-width:2px;border-color:#000000\"><\/div>\n<div class=\"su-accordion su-u-trim\">\n<div class=\"su-spoiler su-spoiler-style-fancy su-spoiler-icon-plus su-spoiler-closed\" data-scroll-offset=\"0\" data-anchor-in-url=\"no\"><div class=\"su-spoiler-title\" tabindex=\"0\" role=\"button\"><span class=\"su-spoiler-icon\"><\/span>Textov\u00e9 menu - Turistick\u00e9 v\u00fdchodisk\u00e1<\/div><div class=\"su-spoiler-content su-u-clearfix su-u-trim\"><div class=\"column-group columns-2\"><div class=\"column column-number-1 column-span-1\"><p><strong>Rekrea\u010dn\u00e9 stredisk\u00e1 a oblasti:<\/strong><br \/>\n<a href=\"http:\/\/www.slovensky-kras.eu\/info\/?page_id=97\">Domica<\/a><br \/>\n<a href=\"http:\/\/www.slovensky-kras.eu\/info\/rekreacne-stredisko-gombasek\/\">Gombasek<\/a><br \/>\n<a href=\"http:\/\/www.slovensky-kras.eu\/info\/strediska-a-centra\/turisticka-oblast-soroska-jablonovske-sedlo\/\">Soro\u0161ka-Jablonovsk\u00e9 sedlo<\/a><br \/>\n<a href=\"http:\/\/www.slovensky-kras.eu\/info\/strediska-a-centra\/rekreacna-oblast-sugov\/\">\u0160ugov<\/a><br \/>\n<strong>Mest\u00e1:<\/strong><br \/>\n<a href=\"http:\/\/www.slovensky-kras.eu\/info\/strediska-a-centra\/mesto-medzev\/\">Medzev<\/a><br \/>\n<a href=\"http:\/\/www.slovensky-kras.eu\/info\/strediska-a-centra\/mesto-moldava-nad-bodvou\/\">Moldava nad Bodvou<\/a><br \/>\n<a href=\"http:\/\/www.slovensky-kras.eu\/info\/strediska-a-centra\/mesto-roznava\/\">Ro\u017e\u0148ava<\/a><br \/>\n<strong>Obce:<\/strong><br \/>\n<a href=\"http:\/\/www.slovensky-kras.eu\/info\/strediska-a-centra\/obec-ardovo\/\">Ardovo<\/a><br \/>\n<a title=\"Obec B\u00f4rka\" href=\"http:\/\/www.slovensky-kras.eu\/info\/strediska-a-centra\/obec-borka\/\">B\u00f4rka<\/a><br \/>\n<a href=\"http:\/\/www.slovensky-kras.eu\/info\/strediska-a-centra\/obec-bretka\/\">Bretka<\/a><br \/>\n<a href=\"http:\/\/www.slovensky-kras.eu\/info\/strediska-a-centra\/obec-brzotin\/\">Brzot\u00edn<\/a><br \/>\n<a href=\"http:\/\/www.slovensky-kras.eu\/info\/strediska-a-centra\/obec-dlha-ves\/\">Dlh\u00e1 Ves<\/a><br \/>\n<a href=\"http:\/\/www.slovensky-kras.eu\/info\/strediska-a-centra\/obec-drnava\/\">Drnava<\/a><br \/>\n<a href=\"http:\/\/www.slovensky-kras.eu\/info\/strediska-a-centra\/1017-2\/\">Dvorn\u00edky-V\u010del\u00e1re<\/a><br \/>\n<a href=\"http:\/\/www.slovensky-kras.eu\/info\/strediska-a-centra\/obec-drienovec-drienovecke-kupele\/\">Drienovec-Drienoveck\u00e9 k\u00fapele<\/a><br \/>\n<a href=\"http:\/\/www.slovensky-kras.eu\/info\/strediska-a-centra\/obec-gemerska-horka\/\">Gemersk\u00e1 H\u00f4rka<\/a><br \/>\n<a href=\"http:\/\/www.slovensky-kras.eu\/info\/obec-hacava\/\">Ha\u010dava<\/a><br \/>\n<a href=\"http:\/\/www.slovensky-kras.eu\/info\/strediska-a-centra\/obec-haj\/\">H\u00e1j<\/p>\n<\/div>\n<\/a><div class=\"column column-number-2 last column-span-1\"><p><a href=\"http:\/\/www.slovensky-kras.eu\/info\/strediska-a-centra\/obec-hrhov\/\">Hrhov<\/a><br \/>\n<a href=\"http:\/\/www.slovensky-kras.eu\/info\/strediska-a-centra\/obec-hrusov\/\">Hru\u0161ov<\/a><br \/>\n<a href=\"http:\/\/www.slovensky-kras.eu\/info\/strediska-a-centra\/obec-jablonov-nad-turnou\/\">Jablonov nad Tur\u0148ou<\/a><br \/>\n<a href=\"http:\/\/www.slovensky-kras.eu\/info\/strediska-a-centra\/obec-jasov\/\">Jasov<\/a><br \/>\n<a href=\"http:\/\/www.slovensky-kras.eu\/info\/strediska-a-centra\/obec-jovice\/\">Jovice<\/a><br \/>\n<a href=\"http:\/\/www.slovensky-kras.eu\/info\/strediska-a-centra\/obec-kecovo\/\">Ke\u010dovo<\/a><br \/>\n<a href=\"http:\/\/www.slovensky-kras.eu\/info\/strediska-a-centra\/obec-krasnohorska-dlha-luka\/\">Kr\u00e1snohorsk\u00e1 Dlh\u00e1 L\u00faka<\/a><br \/>\n<a href=\"http:\/\/www.slovensky-kras.eu\/info\/strediska-a-centra\/obec-krasnohorske-podhradie\/\">Kr\u00e1snohorsk\u00e9 Podhradie<\/a><br \/>\n<a href=\"http:\/\/www.slovensky-kras.eu\/info\/strediska-a-centra\/obec-kruzna\/\">Kru\u017en\u00e1<\/a><br \/>\n<a href=\"http:\/\/www.slovensky-kras.eu\/info\/strediska-a-centra\/obec-lucka\/\">L\u00fa\u010dka<\/a><br \/>\n<a href=\"http:\/\/www.slovensky-kras.eu\/info\/strediska-a-centra\/obec-ochtina\/\">Ochtin\u00e1<\/a><br \/>\n<a href=\"http:\/\/www.slovensky-kras.eu\/info\/strediska-a-centra\/obec-plesivec\/\">Ple\u0161ivec<\/a><br \/>\n<a href=\"http:\/\/www.slovensky-kras.eu\/info\/strediska-a-centra\/obec-rakovnica\/\">Rakovnica<\/a><br \/>\n<a href=\"http:\/\/www.slovensky-kras.eu\/info\/strediska-a-centra\/obec-silica\/\">Silica<\/a><br \/>\n<a href=\"http:\/\/www.slovensky-kras.eu\/info\/strediska-a-centra\/obec-silicka-brezova\/\">Silick\u00e1 Brezov\u00e1<\/a><br \/>\n<a href=\"http:\/\/www.slovensky-kras.eu\/info\/strediska-a-centra\/obec-silicka-jablonica\/\">Silick\u00e1 Jablonica<\/a><br \/>\n<a href=\"http:\/\/www.slovensky-kras.eu\/info\/strediska-a-centra\/obec-slavec\/\">Slavec<\/a><br \/>\n<a href=\"http:\/\/www.slovensky-kras.eu\/info\/strediska-a-centra\/obec-stitnik\/\">\u0160t\u00edtnik<\/a><br \/>\n<a href=\"http:\/\/www.slovensky-kras.eu\/info\/strediska-a-centra\/obec-turna-nad-bodvou\/\">Tur\u0148a nad Bodvou<\/a><br \/>\n<a href=\"http:\/\/www.slovensky-kras.eu\/info\/strediska-a-centra\/obec-zadiel\/\">Z\u00e1diel<\/a><\/p>\n<\/div><\/div>\n<\/div><\/div>\n<\/div>\n<div class=\"su-divider su-divider-style-default\" style=\"margin:15px 0;border-width:2px;border-color:#000000\"><\/div>\n<h3><span style=\"color: #808000;\">V\u0161eobecn\u00e9 inform\u00e1cie<\/span><\/h3>\n<p>Obec \u0160t\u00edtnik (do roku 1927: \u0160titn\u00edk; p\u00f4v. nem. Schittnich, ma\u010f. Csetnek) sa nach\u00e1dza v <strong>\u0160t\u00edtnickej doline<\/strong> medzi <a href=\"http:\/\/www.slovensky-kras.eu\/info\/kam-do-prirody\/plesivecka-planina\/\">Ple\u0161iveckou planinou<\/a>, <strong>vrchmi Tureck\u00e1<\/strong> a <strong>Rev\u00fackou vrchovinou <\/strong>asi 14 km na z\u00e1pad od mesta <a href=\"http:\/\/www.slovensky-kras.eu\/info\/strediska-a-centra\/mesto-roznava\/\">Ro\u017e\u0148ava<\/a>.<\/p>\n<figure id=\"attachment_18356\" aria-describedby=\"caption-attachment-18356\" style=\"width: 800px\" class=\"wp-caption aligncenter\"><a href=\"http:\/\/www.slovensky-kras.eu\/info\/wp-content\/uploads\/2020\/12\/stitnik2.jpg\"><img loading=\"lazy\" decoding=\"async\" class=\"wp-image-18356 size-medium\" src=\"http:\/\/www.slovensky-kras.eu\/info\/wp-content\/uploads\/2020\/12\/stitnik2-800x451.jpg\" alt=\"\" width=\"800\" height=\"451\" srcset=\"https:\/\/www.slovensky-kras.eu\/info\/wp-content\/uploads\/2020\/12\/stitnik2-800x451.jpg 800w, https:\/\/www.slovensky-kras.eu\/info\/wp-content\/uploads\/2020\/12\/stitnik2-768x433.jpg 768w, https:\/\/www.slovensky-kras.eu\/info\/wp-content\/uploads\/2020\/12\/stitnik2.jpg 1000w\" sizes=\"auto, (max-width: 800px) 100vw, 800px\" \/><\/a><figcaption id=\"caption-attachment-18356\" class=\"wp-caption-text\">Obec \u0160t\u00edtnik, fotograf: Tibor I\u010do<\/figcaption><\/figure>\n<p>Nadmorsk\u00e1 v\u00fd\u0161ka v strede obce je 286 m, 262 a\u017e 851 m v chot\u00e1ri.<\/p>\n<p>\u0160t\u00edtnik je okrem mno\u017estva hodnotn\u00fdch n\u00e1rodn\u00fdch kult\u00farnych pamiatok v\u00fdnimo\u010dn\u00fd dochovan\u00fdm historick\u00fdm urbanizmom, ktor\u00fd sa v b\u00fdvalom meste\u010dku formoval od stredoveku okolo centr\u00e1lneho n\u00e1mestia.<\/p>\n<h4><span style=\"color: #993300;\">Pamiatkova z\u00f3na<\/span><\/h4>\n<p>V roku 1991 bolo centrum obce vyhl\u00e1sen\u00e9 za pamiatkov\u00fa z\u00f3nu.<\/p>\n<figure id=\"attachment_18348\" aria-describedby=\"caption-attachment-18348\" style=\"width: 800px\" class=\"wp-caption aligncenter\"><a href=\"http:\/\/www.slovensky-kras.eu\/info\/wp-content\/uploads\/2020\/12\/stitnik-muro.jpeg\"><img loading=\"lazy\" decoding=\"async\" class=\"wp-image-18348 size-medium\" src=\"http:\/\/www.slovensky-kras.eu\/info\/wp-content\/uploads\/2020\/12\/stitnik-muro-800x450.jpeg\" alt=\"\" width=\"800\" height=\"450\" srcset=\"https:\/\/www.slovensky-kras.eu\/info\/wp-content\/uploads\/2020\/12\/stitnik-muro-800x450.jpeg 800w, https:\/\/www.slovensky-kras.eu\/info\/wp-content\/uploads\/2020\/12\/stitnik-muro-768x432.jpeg 768w, https:\/\/www.slovensky-kras.eu\/info\/wp-content\/uploads\/2020\/12\/stitnik-muro.jpeg 868w\" sizes=\"auto, (max-width: 800px) 100vw, 800px\" \/><\/a><figcaption id=\"caption-attachment-18348\" class=\"wp-caption-text\">Evanjelick\u00fd-gotick\u00fd kostol v obci \u0160t\u00edtnik, fotograf: Muro Jesensk\u00fd (www.eastern-slovakia.com)<\/figcaption><\/figure>\n<p>\u00dazemn\u00fd rozsah Pamiatkovej z\u00f3ny \u0160t\u00edtnik je ve\u013emi mal\u00fd, prakticky sa obmedzuje na centr\u00e1lne n\u00e1mestie.<\/p>\n<p>Prevl\u00e1daj\u00faci architektonick\u00fd v\u00fdraz priestoru pamiatkovej z\u00f3ny a n\u00e1mestia je barokovoklasicistick\u00fd.<\/p>\n<p>Hlavnou dominantou n\u00e1mestia je stredovek\u00fd evanjelick\u00fd kostol.<\/p>\n<h4><span style=\"color: #993300;\">Evanjelick\u00fd-gotick\u00fd kostol<\/span><\/h4>\n<p>Kostol sa nach\u00e1dza na n\u00e1mest\u00ed pri hlavnej ceste v obci \u0160titn\u00edk.<\/p>\n<figure id=\"attachment_18350\" aria-describedby=\"caption-attachment-18350\" style=\"width: 800px\" class=\"wp-caption aligncenter\"><a href=\"http:\/\/www.slovensky-kras.eu\/info\/wp-content\/uploads\/2020\/12\/stitnik34.jpg\"><img loading=\"lazy\" decoding=\"async\" class=\"wp-image-18350 size-medium\" src=\"http:\/\/www.slovensky-kras.eu\/info\/wp-content\/uploads\/2020\/12\/stitnik34-800x600.jpg\" alt=\"\" width=\"800\" height=\"600\" srcset=\"https:\/\/www.slovensky-kras.eu\/info\/wp-content\/uploads\/2020\/12\/stitnik34-800x600.jpg 800w, https:\/\/www.slovensky-kras.eu\/info\/wp-content\/uploads\/2020\/12\/stitnik34-768x576.jpg 768w, https:\/\/www.slovensky-kras.eu\/info\/wp-content\/uploads\/2020\/12\/stitnik34.jpg 1000w\" sizes=\"auto, (max-width: 800px) 100vw, 800px\" \/><\/a><figcaption id=\"caption-attachment-18350\" class=\"wp-caption-text\">Evanjelick\u00fd-gotick\u00fd kostol v obci \u0160t\u00edtnik, zdroj foto: CZ ECAV \u0160t\u00edtnikCZ ECAV \u0160t\u00edtnik<\/figcaption><\/figure>\n<p>P\u00f4vodne bol zasv\u00e4ten\u00fd Panne M\u00e1rii, dnes kostol Evanjelickej cirkvi augsbursk\u00e9ho vyznania.<\/p>\n<p>Tento gotick\u00fd kostol bol postaven\u00fd v 14. storo\u010d\u00ed a je n\u00e1rodnou kult\u00farnou pamiatkou.<\/p>\n<p><strong>Viac info o kostole sa do\u010d\u00edtate tu:<\/strong><\/p>\n<ul>\n<li><a href=\"https:\/\/www.slovensky-kras.eu\/info\/kam-za-pamiatkami\/evanjelicky-goticky-kostol-v-obci-stitnik\/\" target=\"_blank\" rel=\"noopener\">Evanjelick\u00fd-gotick\u00fd kostol (\u010d\u00edtaj viac v novom okne&#8230;)<\/a><\/li>\n<\/ul>\n<h4><span style=\"color: #993300;\">R\u00edmskokatol\u00edcky barokov\u00fd kostol sv\u00e4t\u00e9ho J\u00fadu Tadea<\/span><\/h4>\n<p>R\u00edmskokatol\u00edcky kostol sv. J\u00fadu Tade\u00e1\u0161a je jednolo\u010fov\u00e1 barokov\u00e1 stavba.<\/p>\n<p>Kostol vznikol z poverenia M\u00e1rie Ter\u00e9zie v tej dobe \u010disto evanjelickom meste\u010dku.<\/p>\n<p>\u00dapravami pre\u0161iel v roku 1896.<\/p>\n<p>Fas\u00e1dy kostola s\u00fa \u010dlenen\u00e9 pilastrami a polkruhovo ukon\u010den\u00fdmi oknami s klen\u00e1kmi.<\/p>\n<p>Ve\u017ea vyrast\u00e1 zo \u0161t\u00edtov\u00e9ho prie\u010delia s nikami, ukon\u010den\u00e1 je korunnou r\u00edmsou s ter\u010d\u00edkm a zvonovitou \u0161ind\u013eovou helmicou s laternou.<\/p>\n<h4><span style=\"color: #993300;\">Radnica<\/span><\/h4>\n<p>Radnica je dvojpodla\u017en\u00e1 a p\u00f4vodne renesan\u010dn\u00e1 stavba zo 16. storo\u010dia.<\/p>\n<p>Upravovan\u00e1 bola v 18. a 19. storo\u010d\u00ed, ke\u010f z\u00edskala klasicistick\u00fd vzh\u013ead.<\/p>\n<p>Parter je \u010dlenen\u00fd p\u00e1sovan\u00edm, poschodie je p\u00e4\u0165osov\u00e9, \u010dlenen\u00e9 pilastrami.<\/p>\n<p>Okn\u00e1 maj\u00fa trojuholn\u00edkov\u00e9 alebo polktuhov\u00e9 front\u00f3ny a korunn\u00e1 r\u00edmsa m\u00e1 dekorat\u00edvny vlys.<\/p>\n<h4><span style=\"color: #993300;\">Sont\u00e1govsk\u00e1 k\u00faria<\/span><\/h4>\n<p>Sont\u00e1govsk\u00e1 k\u00faria je dvojpodla\u017en\u00e1 neskorobarokov\u00e1 stavba z 80. rokov 18. storo\u010dia.<\/p>\n<p>Prie\u010delie objektu je p\u00e4\u0165osov\u00e9, \u010dlenen\u00e9 rizalitom ukon\u010den\u00fdm trojuholn\u00edkov\u00fdm \u0161t\u00edtom s tympan\u00f3nom, v ktorom je umiestnen\u00fd alian\u010dn\u00fd erb.<\/p>\n<p>Parter je dekorovan\u00fd kv\u00e1drovan\u00edm, vstup je rie\u0161en\u00fd ako jednoosov\u00fd portikus so st\u013apmi s kompozitn\u00fdmi hlavicami.<\/p>\n<p>Poschodie rizalitu m\u00e1 polkruhovo ukon\u010den\u00e9 okn\u00e1 a \u010dlenenie pilastrami.<\/p>\n<h4><span style=\"color: #993300;\">\u0160ebekova k\u00faria<\/span><\/h4>\n<p>V pamiatkovej z\u00f3ne na Ochtinskej ulici 33 sa nach\u00e1dza <strong>\u0160ebekova k\u00faria<\/strong> vyhl\u00e1sen\u00e1 v roku 1963 za n\u00e1rodn\u00fa kult\u00farnu pamiatku.<\/p>\n<figure id=\"attachment_22145\" aria-describedby=\"caption-attachment-22145\" style=\"width: 800px\" class=\"wp-caption aligncenter\"><a href=\"https:\/\/www.slovensky-kras.eu\/info\/wp-content\/uploads\/2022\/01\/stitnik-kastiel.png\"><img loading=\"lazy\" decoding=\"async\" class=\"wp-image-22145 size-full\" src=\"https:\/\/www.slovensky-kras.eu\/info\/wp-content\/uploads\/2022\/01\/stitnik-kastiel.png\" alt=\"\" width=\"800\" height=\"511\" srcset=\"https:\/\/www.slovensky-kras.eu\/info\/wp-content\/uploads\/2022\/01\/stitnik-kastiel.png 800w, https:\/\/www.slovensky-kras.eu\/info\/wp-content\/uploads\/2022\/01\/stitnik-kastiel-768x491.png 768w\" sizes=\"auto, (max-width: 800px) 100vw, 800px\" \/><\/a><figcaption id=\"caption-attachment-22145\" class=\"wp-caption-text\">rokokovo-klasicistick\u00e1 k\u00faria z 18.storo\u010dia (\u0160ebekova k\u00faria)<\/figcaption><\/figure>\n<p>Rokokov\u00e1-klasicistick\u00e1 k\u00faria bola postaven\u00e1 v roku 1783.<\/p>\n<p>Upravovan\u00e1 bola za\u010diatkom 20.storo\u010dia.<\/p>\n<p>M\u00e1 dvojtraktov\u00fa dispoz\u00edciu, p\u00f4dorys v tvare L, je jednopodla\u017en\u00e1 s podpivni\u010den\u00edm.<\/p>\n<p>V\u00fdznamnou pamiatkou je aj <a href=\"http:\/\/www.slovensky-kras.eu\/info\/kam-za-pamiatkami\/hrad-stitnik\/\">zr\u00facanina vodn\u00e9ho hradu<\/a> z 15.storo\u010dia<\/p>\n<p>V roku 1880 majite\u013e hradu S\u00e1rk\u00e1nyi dal opravi\u0165 iba jedno kr\u00eddlo a premenil ho tak na ka\u0161tie\u013e, do ktor\u00e9ho zhroma\u017edil mnoho pamiatok zo star\u00e9ho \u0160t\u00edtnickeho hradu.<\/p>\n<h4><span style=\"color: #993300;\">Immaculata<\/span><\/h4>\n<p>Immaculata je morov\u00fd st\u013ap a barokov\u00e9 s\u00faso\u0161ie z roku 1754.<\/p>\n<p>Morov\u00fd st\u013ap bol postaven\u00fd na pam\u00e4\u0165 morovej epid\u00e9mie z rokov 1709-1710.<\/p>\n<p>Sklad\u00e1 sa zo \u0161tvorcov\u00e9ho podstavca s n\u00e1ro\u017en\u00fdmi vol\u00fatami so sochami anjelov svetlonosov, st\u013apu s mra\u010dnami a vrcholovej sochy Immaculaty s anjelmi.<\/p>\n<p>S\u00fa\u010dasn\u00fd st\u013ap je k\u00f3piou z roku 2005.<\/p>\n<h4><span style=\"color: #993300;\">Pomn\u00edk Slovensk\u00e9ho n\u00e1rodn\u00e9ho<\/span><\/h4>\n<p>Pomn\u00edk Slovensk\u00e9ho n\u00e1rodn\u00e9ho povstania sa nach\u00e1dza na n\u00e1mest\u00ed, severne od evanjelick\u00e9ho kostola.<\/p>\n<h4><span style=\"color: #993300;\">Hrad \u0160t\u00edtnik \u2013 zr\u00facanina<\/span><\/h4>\n<p>Hrad \u0160t\u00edtnik bol postaven\u00fd v roku 1432 rodom \u0161t\u00edtnick\u00fdch Bebekovcov.<\/p>\n<figure id=\"attachment_21686\" aria-describedby=\"caption-attachment-21686\" style=\"width: 800px\" class=\"wp-caption aligncenter\"><a href=\"https:\/\/www.slovensky-kras.eu\/info\/wp-content\/uploads\/2021\/12\/hrad-stitnik1.png\"><img loading=\"lazy\" decoding=\"async\" class=\"wp-image-21686 size-full\" src=\"https:\/\/www.slovensky-kras.eu\/info\/wp-content\/uploads\/2021\/12\/hrad-stitnik1.png\" alt=\"\" width=\"800\" height=\"513\" srcset=\"https:\/\/www.slovensky-kras.eu\/info\/wp-content\/uploads\/2021\/12\/hrad-stitnik1.png 800w, https:\/\/www.slovensky-kras.eu\/info\/wp-content\/uploads\/2021\/12\/hrad-stitnik1-768x492.png 768w\" sizes=\"auto, (max-width: 800px) 100vw, 800px\" \/><\/a><figcaption id=\"caption-attachment-21686\" class=\"wp-caption-text\">Vodn\u00fd hrad \u0160t\u00edtnik koncom 19. storo\u010dia<\/figcaption><\/figure>\n<p>Pravdepodobne ho dal postavi\u0165 gr\u00f3f <strong>J\u00e1nos Csetneki<\/strong> (1396-1455).<\/p>\n<p>Nach\u00e1dza sa v obci <a href=\"http:\/\/www.slovensky-kras.eu\/info\/strediska-a-centra\/obec-stitnik\/\">\u0160t\u00edtnik<\/a>\u00a0 na ulici Teplick\u00e1 \u010d. 213.<\/p>\n<figure id=\"attachment_21689\" aria-describedby=\"caption-attachment-21689\" style=\"width: 800px\" class=\"wp-caption aligncenter\"><a href=\"https:\/\/www.slovensky-kras.eu\/info\/wp-content\/uploads\/2021\/12\/hrad-stitnik2.jpg\"><img loading=\"lazy\" decoding=\"async\" class=\"wp-image-21689 size-medium\" src=\"https:\/\/www.slovensky-kras.eu\/info\/wp-content\/uploads\/2021\/12\/hrad-stitnik2-800x534.jpg\" alt=\"\" width=\"800\" height=\"534\" srcset=\"https:\/\/www.slovensky-kras.eu\/info\/wp-content\/uploads\/2021\/12\/hrad-stitnik2-800x534.jpg 800w, https:\/\/www.slovensky-kras.eu\/info\/wp-content\/uploads\/2021\/12\/hrad-stitnik2-768x512.jpg 768w, https:\/\/www.slovensky-kras.eu\/info\/wp-content\/uploads\/2021\/12\/hrad-stitnik2.jpg 1000w\" sizes=\"auto, (max-width: 800px) 100vw, 800px\" \/><\/a><figcaption id=\"caption-attachment-21689\" class=\"wp-caption-text\">Hrad \u0160t\u00edtnik<\/figcaption><\/figure>\n<p>Bol vystavan\u00fd na rovine ako takzvan\u00fd vodn\u00fd hrad a proti nepriate\u013eom ho chr\u00e1nili ve\u013ek\u00e9 mo\u010darisk\u00e1.<\/p>\n<p><strong>Viac info o hrade sa do\u010d\u00edtate tu:<\/strong><\/p>\n<ul>\n<li><a href=\"https:\/\/www.slovensky-kras.eu\/info\/kam-za-pamiatkami\/hrad-stitnik\/\" target=\"_blank\" rel=\"noopener\">Hrad \u0160t\u00edtnik \u2013 zr\u00facanina (\u010d\u00edtaj viac v novom okne&#8230;)<\/a><\/li>\n<\/ul>\n<h4><span style=\"color: #993300;\">Ostatn\u00e9 pamiatky<\/span><\/h4>\n<p>Medzi taktie\u017e v\u00fdznamn\u00e9 pamiatky patria aj <strong>me\u0161tianske a remeseln\u00edcke domy<\/strong>, z ktor\u00fdch si mnoh\u00e9 zachovali klasicistick\u00fd charakter\u00a0a <strong>technick\u00e9 pamiatky<\/strong> poukazuj\u00face na ban\u00edctvo a \u017eeleziarstvo v obci.<\/p>\n<h4><span style=\"color: #993300;\">Ochtinsk\u00e1 aragonitov\u00e1 jasky\u0148a<\/span><\/h4>\n<p>\u00dazem\u00edm katastra obce \u0160t\u00edtnik sa prel\u00edna aj ochrann\u00e9 p\u00e1smo <a href=\"http:\/\/www.slovensky-kras.eu\/info\/jaskyne-a-priepasti\/ochtinska-aragonitova-jaskyna\/\">Ochtinskej aragonitovej jaskyne<\/a> zap\u00edsanej v zozname <strong>UNESCO<\/strong>.<\/p>\n<figure id=\"attachment_21373\" aria-describedby=\"caption-attachment-21373\" style=\"width: 800px\" class=\"wp-caption aligncenter\"><a href=\"https:\/\/www.slovensky-kras.eu\/info\/wp-content\/uploads\/2021\/12\/ochtinska-jaskyna.jpg\"><img loading=\"lazy\" decoding=\"async\" class=\"wp-image-21373 size-full\" src=\"https:\/\/www.slovensky-kras.eu\/info\/wp-content\/uploads\/2021\/12\/ochtinska-jaskyna.jpg\" alt=\"\" width=\"800\" height=\"533\" srcset=\"https:\/\/www.slovensky-kras.eu\/info\/wp-content\/uploads\/2021\/12\/ochtinska-jaskyna.jpg 800w, https:\/\/www.slovensky-kras.eu\/info\/wp-content\/uploads\/2021\/12\/ochtinska-jaskyna-768x512.jpg 768w\" sizes=\"auto, (max-width: 800px) 100vw, 800px\" \/><\/a><figcaption id=\"caption-attachment-21373\" class=\"wp-caption-text\">Ochtinsk\u00e1 aragonitov\u00e1 jasky\u0148a<\/figcaption><\/figure>\n<p><a href=\"http:\/\/www.slovensky-kras.eu\/info\/jaskyne-a-priepasti\/ochtinska-aragonitova-jaskyna\/\">Ochtinsk\u00e1 agonitov\u00e1 jasky\u0148a<\/a> predstavuje unik\u00e1tny pr\u00edrodn\u00fd fenom\u00e9n p\u00fataj\u00faci pozornos\u0165 bohatos\u0165ou a r\u00f4znorodos\u0165ou aragonitovej v\u00fdplne i svojr\u00e1znym vznikom a v\u00fdvojom podzemn\u00fdch priestorov.<\/p>\n<p>Vytvoren\u00e1 je v \u0161o\u0161ovke prvohorn\u00fdch spodnodev\u00f3nskych kry\u0161talick\u00fdch v\u00e1pencov a ankeritov situovanej uprostred nekrasov\u00fdch horn\u00edn \u2013 fylitov.<\/p>\n<p><strong>Viac info o jaskyni sa do\u010d\u00edtate tu:<\/strong><\/p>\n<ul>\n<li><a href=\"https:\/\/www.slovensky-kras.eu\/info\/jaskyne-a-priepasti\/ochtinska-aragonitova-jaskyna\/\" target=\"_blank\" rel=\"noopener\">Ochtinsk\u00e1 aragonitov\u00e1 jasky\u0148a (\u010d\u00edtaj viac v novom okne..)<\/a><\/li>\n<\/ul>\n<h3><span style=\"color: #808000;\">Turistick\u00e9 ciele<\/span><\/h3>\n<p>Obec s ve\u013emi bohatou minulos\u0165ou je dnes v\u00fdchodiskom na <a href=\"http:\/\/www.slovensky-kras.eu\/info\/kam-do-prirody\/plesivecka-planina\/\">Ple\u0161iveck\u00fa planinu<\/a>, v\u00fdh\u013eadov\u00fa <a href=\"http:\/\/www.slovensky-kras.eu\/info\/kam-do-prirody\/gerlasska-skala\/\">Gerla\u0161sk\u00fa skala<\/a> a k <a href=\"http:\/\/www.slovensky-kras.eu\/info\/jaskyne-a-priepasti\/ochtinska-aragonitova-jaskyna\/\">Ochtinskej aragonitovej jaskyni<\/a>.<\/p>\n<p>Obcou prech\u00e1dzaj\u00fa Eur\u00f3pska \u017eelezn\u00e1 cesta a Gotick\u00e1 cesta.<\/p>\n<h4><span style=\"color: #993300;\">Turistick\u00e9 trasy<\/span><\/h4>\n<p>Obcou prech\u00e1dza\u00a0 <img loading=\"lazy\" decoding=\"async\" class=\"alignnone wp-image-10352 size-full\" src=\"http:\/\/www.slovensky-kras.eu\/info\/wp-content\/uploads\/2013\/07\/modra.png\" alt=\"\" width=\"20\" height=\"21\" \/> modr\u00e1 turistick\u00e1 trasa, ktor\u00e1 pokra\u010duje v\u00fdchodn\u00fdm smerom na\u00a0<a href=\"http:\/\/www.slovensky-kras.eu\/info\/kam-do-prirody\/plesivecka-planina\/\">Ple\u0161iveck\u00fa planinu<\/a> a z obce Ochtin\u00e1\u00a0 a\u00a0v\u00fdh\u013eadov\u00fa <a href=\"http:\/\/www.slovensky-kras.eu\/info\/kam-do-prirody\/gerlasska-skala\/\">Gerla\u0161sk\u00fa skala (752 m n.m.)<\/a>.<\/p>\n<figure id=\"attachment_19524\" aria-describedby=\"caption-attachment-19524\" style=\"width: 800px\" class=\"wp-caption aligncenter\"><a href=\"http:\/\/www.slovensky-kras.eu\/info\/wp-content\/uploads\/2021\/01\/gerlasska.jpg\"><img loading=\"lazy\" decoding=\"async\" class=\"wp-image-19524 size-full\" src=\"http:\/\/www.slovensky-kras.eu\/info\/wp-content\/uploads\/2021\/01\/gerlasska.jpg\" alt=\"\" width=\"800\" height=\"533\" srcset=\"https:\/\/www.slovensky-kras.eu\/info\/wp-content\/uploads\/2021\/01\/gerlasska.jpg 800w, https:\/\/www.slovensky-kras.eu\/info\/wp-content\/uploads\/2021\/01\/gerlasska-768x512.jpg 768w\" sizes=\"auto, (max-width: 800px) 100vw, 800px\" \/><\/a><figcaption id=\"caption-attachment-19524\" class=\"wp-caption-text\">Gerla\u0161sk\u00e1 skala<\/figcaption><\/figure>\n<p>Celkov\u00fd \u010das k v\u00fdh\u013eadovej <a href=\"http:\/\/www.slovensky-kras.eu\/info\/kam-do-prirody\/gerlasska-skala\/\">Gerla\u0161skej skale (752 m n.m.)<\/a> trv\u00e1 z obce \u0160t\u00edtnik pribli\u017ene 1:45 h (nasp\u00e4\u0165 1:30 h).<\/p>\n<p>Opa\u010dn\u00fdm smerom pokra\u010duje\u00a0 <img loading=\"lazy\" decoding=\"async\" class=\"alignnone wp-image-10352 size-full\" src=\"http:\/\/www.slovensky-kras.eu\/info\/wp-content\/uploads\/2013\/07\/modra.png\" alt=\"\" width=\"20\" height=\"21\" \/> modr\u00e1 turistick\u00e1 trasa z obce \u0160t\u00edtnik ku <a href=\"http:\/\/www.slovensky-kras.eu\/info\/jaskyne-a-priepasti\/ochtinska-aragonitova-jaskyna\/\">Ochtinskej aragonitovej jaskyni<\/a>.<\/p>\n<p>Celkov\u00fd \u010das ku jaskyni trv\u00e1 pribli\u017ene 2:30 h (nasp\u00e4\u0165 2:15 h).<\/p>\n<h4><span style=\"color: #993300;\">Kombinovan\u00e9 trasy<\/span><\/h4>\n<p>Kombinovan\u00fdmi trasami sa z obce dostanete k technickej pamiatke <a href=\"http:\/\/www.slovensky-kras.eu\/info\/kam-za-pamiatkami\/serenyiho-cisterna\/\">Ser\u00e9nyiho cisterne<\/a>.<\/p>\n<figure id=\"attachment_17296\" aria-describedby=\"caption-attachment-17296\" style=\"width: 800px\" class=\"wp-caption aligncenter\"><a href=\"http:\/\/www.slovensky-kras.eu\/info\/wp-content\/uploads\/2020\/05\/sereniho1.jpg\"><img loading=\"lazy\" decoding=\"async\" class=\"wp-image-17296 size-medium\" src=\"http:\/\/www.slovensky-kras.eu\/info\/wp-content\/uploads\/2020\/05\/sereniho1-800x600.jpg\" alt=\"\" width=\"800\" height=\"600\" srcset=\"https:\/\/www.slovensky-kras.eu\/info\/wp-content\/uploads\/2020\/05\/sereniho1-800x600.jpg 800w, https:\/\/www.slovensky-kras.eu\/info\/wp-content\/uploads\/2020\/05\/sereniho1-1024x768.jpg 1024w, https:\/\/www.slovensky-kras.eu\/info\/wp-content\/uploads\/2020\/05\/sereniho1-768x576.jpg 768w, https:\/\/www.slovensky-kras.eu\/info\/wp-content\/uploads\/2020\/05\/sereniho1-1536x1152.jpg 1536w, https:\/\/www.slovensky-kras.eu\/info\/wp-content\/uploads\/2020\/05\/sereniho1-1200x900.jpg 1200w, https:\/\/www.slovensky-kras.eu\/info\/wp-content\/uploads\/2020\/05\/sereniho1.jpg 1920w\" sizes=\"auto, (max-width: 800px) 100vw, 800px\" \/><\/a><figcaption id=\"caption-attachment-17296\" class=\"wp-caption-text\">Ser\u00e9nyiho cisterna &#8211; foto: Viktor Bal\u00e1\u017e KST Ro\u017e\u0148ava<\/figcaption><\/figure>\n<h4><span style=\"color: #993300;\">Cykloturistick\u00e9 trasy<\/span><\/h4>\n<p>Obcou prech\u00e1dza modr\u00e1 cykloturistick\u00e1 trasa.<\/p>\n<h3><span style=\"color: #808000;\">Hist\u00f3ria<\/span><\/h3>\n<p>V minulosti to bolo v\u00fdznamn\u00e9 trhov\u00e9 meste\u010dko, ktor\u00e9 vzniklo niekedy v 12. storo\u010d\u00ed.<\/p>\n<p>Prv\u00e1 p\u00edsomn\u00e1 zmienka o obci je z roku 1243.<\/p>\n<p>Obyvatelia obce sa v minulosti \u017eivili ban\u00edctvom, hutn\u00edctvom, spracovan\u00edm \u017eeleza, remeseln\u00edctvom, po\u013enohospod\u00e1rstvom a obchodom.<\/p>\n<p>Dlh\u00e9 st\u00e1ro\u010dia sa obec pova\u017eovala medzi najv\u00fdznamnej\u0161\u00edch producentov \u017eeleza v celom Uhorsku.<\/p>\n<p>V obci sa nach\u00e1dzalo mnoho slovensk\u00fdch peci, h\u00e1mrov, vysok\u00fdch pec\u00ed a v 18. storo\u010d\u00ed bola v meste\u010dku i papiere\u0148.<\/p>\n<p>V 18. storo\u010d\u00ed bola obec jedn\u00fdm zo stred\u00edsk kult\u00farneho \u017eivota a vzdel\u00e1vania na Gemeri.<\/p>\n<h3><span style=\"color: #808000;\">Pamiatky<\/span><\/h3>\n<ul>\n<li><a href=\"http:\/\/www.slovensky-kras.eu\/info\/kam-za-pamiatkami\/hrad-stitnik\/\">Hrad \u0160t\u00edtnik (\u010d\u00edtaj viac&#8230;)<\/a><\/li>\n<\/ul>\n<ul>\n<li><a href=\"http:\/\/www.slovensky-kras.eu\/info\/kam-za-pamiatkami\/evanjelicky-goticky-kostol-v-obci-stitnik\/\">Evanjelick\u00fd-gotick\u00fd kostol v obci \u0160t\u00edtnik (\u010d\u00edtaj viac&#8230;)<\/a><\/li>\n<\/ul>\n<ul>\n<li>Barokov\u00fd kostol sv\u00e4t\u00e9ho J\u00fadu Tadea z 18. storo\u010dia<\/li>\n<\/ul>\n<ul>\n<li>Rokokovo-klasicistick\u00e1 \u0160ebekova k\u00faria z 18.storo\u010dia<\/li>\n<\/ul>\n<ul>\n<li>Neskorobarokov\u00e1 Sont\u00e1govsk\u00e1 k\u00faria z 80. rokov 18. storo\u010dia<\/li>\n<\/ul>\n<ul>\n<li>Klasicistick\u00e1 radnica z z 18.storo\u010dia<\/li>\n<\/ul>\n<ul>\n<li>Barokov\u00fd morov\u00fd st\u013ap z 18. storo\u010dia<\/li>\n<\/ul>\n<p><span style=\"color: #808000;\"><strong>Mapy<\/strong><\/span><\/p>\n<p><strong>Vrstvy: <\/strong>Turistick\u00e1 mapa, Automapa, Cyklomapa, Ly\u017eiarska mapa, Satelitn\u00e1 mapa a OpenStreetMap.<\/p>\n<p><strong>Kliknut\u00edm na logo &#8222;Freemap.sk&#8220; sa V\u00e1m mapa zobraz\u00ed na celej ploche obrazovky.<\/strong><\/p>\n<p><iframe style=\"width: 800px; height: 600px; border: 0;\" src=\"https:\/\/www.freemap.sk\/?map=13\/48.662226\/20.361185&amp;info-point=48.662226\/20.361185,Obec \u0160t\u00edtnik&amp;layers=T&amp;embed=search\" allowfullscreen=\"allowfullscreen\"><\/iframe><\/p>\n<h3><span style=\"color: #808000;\">Po\u010dasie<\/span><\/h3>\n<p><iframe style=\"width: 800px; height: 600px;\" src=\"https:\/\/www.meteoblue.com\/sk\/po%C4%8Dasie\/widget\/three\/%c5%a0t%c3%adtnik_slovensk%c3%a1-republika_723486?geoloc=fixed&amp;nocurrent=0&amp;noforecast=0&amp;days=6&amp;tempunit=CELSIUS&amp;windunit=KILOMETER_PER_HOUR&amp;layout=image\" frameborder=\"0\" scrolling=\"NO\" sandbox=\"allow-same-origin allow-scripts allow-popups allow-popups-to-escape-sandbox\"><\/iframe><\/p>\n<div><!-- DO NOT REMOVE THIS LINK --><a href=\"https:\/\/www.meteoblue.com\/sk\/po%C4%8Dasie\/predpove%C4%8F\/t%C3%BD%C5%BEde%C5%88\/%c5%a0t%c3%adtnik_slovensk%c3%a1-republika_723486?utm_source=weather_widget&amp;utm_medium=linkus&amp;utm_content=three&amp;utm_campaign=Weather%2BWidget\" target=\"_blank\" rel=\"noopener noreferrer\">meteoblue<\/a><\/div>\n","protected":false},"excerpt":{"rendered":"<p>Menu: V\u0161eobecn\u00e9 inform\u00e1cie Obec \u0160t\u00edtnik (do roku 1927: \u0160titn\u00edk; p\u00f4v. nem. Schittnich, ma\u010f. Csetnek) sa nach\u00e1dza v \u0160t\u00edtnickej doline medzi Ple\u0161iveckou planinou, vrchmi Tureck\u00e1 a Rev\u00fackou vrchovinou asi 14 km [&hellip;]<\/p>\n","protected":false},"author":1,"featured_media":0,"parent":9,"menu_order":0,"comment_status":"closed","ping_status":"open","template":"","meta":{"_uag_custom_page_level_css":"","footnotes":""},"class_list":["post-1197","page","type-page","status-publish","hentry"],"featured_image_src":"","featured_image_src_square":false,"rbea_author_info":{"display_name":"admin","author_link":"https:\/\/www.slovensky-kras.eu\/info\/author\/admin\/"},"rbea_excerpt_info":"Menu: V\u0161eobecn\u00e9 inform\u00e1cie Obec \u0160t\u00edtnik (do roku 1927: \u0160titn\u00edk; p\u00f4v. nem. Schittnich, ma\u010f. Csetnek) sa nach\u00e1dza v \u0160t\u00edtnickej doline medzi Ple\u0161iveckou planinou, vrchmi Tureck\u00e1 a Rev\u00fackou vrchovinou asi 14 km [&hellip;]","uagb_featured_image_src":{"full":false,"thumbnail":false,"medium":false,"medium_large":false,"large":false,"1536x1536":false,"2048x2048":false},"uagb_author_info":{"display_name":"admin","author_link":"https:\/\/www.slovensky-kras.eu\/info\/author\/admin\/"},"uagb_comment_info":0,"uagb_excerpt":"Menu: V\u0161eobecn\u00e9 inform\u00e1cie Obec \u0160t\u00edtnik (do roku 1927: \u0160titn\u00edk; p\u00f4v. nem. Schittnich, ma\u010f. Csetnek) sa nach\u00e1dza v \u0160t\u00edtnickej doline medzi Ple\u0161iveckou planinou, vrchmi Tureck\u00e1 a Rev\u00fackou vrchovinou asi 14 km [&hellip;]","_links":{"self":[{"href":"https:\/\/www.slovensky-kras.eu\/info\/wp-json\/wp\/v2\/pages\/1197","targetHints":{"allow":["GET"]}}],"collection":[{"href":"https:\/\/www.slovensky-kras.eu\/info\/wp-json\/wp\/v2\/pages"}],"about":[{"href":"https:\/\/www.slovensky-kras.eu\/info\/wp-json\/wp\/v2\/types\/page"}],"author":[{"embeddable":true,"href":"https:\/\/www.slovensky-kras.eu\/info\/wp-json\/wp\/v2\/users\/1"}],"replies":[{"embeddable":true,"href":"https:\/\/www.slovensky-kras.eu\/info\/wp-json\/wp\/v2\/comments?post=1197"}],"version-history":[{"count":15,"href":"https:\/\/www.slovensky-kras.eu\/info\/wp-json\/wp\/v2\/pages\/1197\/revisions"}],"predecessor-version":[{"id":22153,"href":"https:\/\/www.slovensky-kras.eu\/info\/wp-json\/wp\/v2\/pages\/1197\/revisions\/22153"}],"up":[{"embeddable":true,"href":"https:\/\/www.slovensky-kras.eu\/info\/wp-json\/wp\/v2\/pages\/9"}],"wp:attachment":[{"href":"https:\/\/www.slovensky-kras.eu\/info\/wp-json\/wp\/v2\/media?parent=1197"}],"curies":[{"name":"wp","href":"https:\/\/api.w.org\/{rel}","templated":true}]}}