{"id":1193,"date":"2013-07-13T10:50:24","date_gmt":"2013-07-13T08:50:24","guid":{"rendered":"http:\/\/www.slovensky-kras.eu\/info\/?page_id=1193"},"modified":"2023-12-06T09:43:56","modified_gmt":"2023-12-06T08:43:56","slug":"obec-slavec","status":"publish","type":"page","link":"https:\/\/www.slovensky-kras.eu\/info\/strediska-a-centra\/obec-slavec\/","title":{"rendered":"Obec Slavec"},"content":{"rendered":"<p><strong>Menu: <\/strong> <a href=\"http:\/\/www.slovensky-kras.eu\/info\/\" class=\"su-button su-button-style-default\" style=\"color:#000000;background-color:#FFCF2F;border-color:#cca626;border-radius:5px\" target=\"_self\"><span style=\"color:#000000;padding:6px 16px;font-size:13px;line-height:20px;border-color:#ffde6e;border-radius:5px;text-shadow:none\"><i class=\"sui sui-arrow-right\" style=\"font-size:13px;color:#000000\"><\/i>  \u00davod \/ Aktuality <\/span><\/a>\n<a href=\"http:\/\/www.slovensky-kras.eu\/info\/strediska-a-centra\/\" class=\"su-button su-button-style-default\" style=\"color:#000000;background-color:#FFCF2F;border-color:#cca626;border-radius:5px\" target=\"_self\"><span style=\"color:#000000;padding:6px 16px;font-size:13px;line-height:20px;border-color:#ffde6e;border-radius:5px;text-shadow:none\"><i class=\"sui sui-arrow-right\" style=\"font-size:13px;color:#000000\"><\/i>  Turistick\u00e9 v\u00fdchodisk\u00e1 <\/span><\/a>\n<div class=\"su-divider su-divider-style-default\" style=\"margin:15px 0;border-width:2px;border-color:#000000\"><\/div>\n<div class=\"su-accordion su-u-trim\">\n<div class=\"su-spoiler su-spoiler-style-fancy su-spoiler-icon-plus su-spoiler-closed\" data-scroll-offset=\"0\" data-anchor-in-url=\"no\"><div class=\"su-spoiler-title\" tabindex=\"0\" role=\"button\"><span class=\"su-spoiler-icon\"><\/span>Textov\u00e9 menu - Turistick\u00e9 v\u00fdchodisk\u00e1<\/div><div class=\"su-spoiler-content su-u-clearfix su-u-trim\"><div class=\"column-group columns-2\"><div class=\"column column-number-1 column-span-1\"><p><strong>Rekrea\u010dn\u00e9 stredisk\u00e1 a oblasti:<\/strong><br \/>\n<a href=\"http:\/\/www.slovensky-kras.eu\/info\/?page_id=97\">Domica<\/a><br \/>\n<a href=\"http:\/\/www.slovensky-kras.eu\/info\/rekreacne-stredisko-gombasek\/\">Gombasek<\/a><br \/>\n<a href=\"http:\/\/www.slovensky-kras.eu\/info\/strediska-a-centra\/turisticka-oblast-soroska-jablonovske-sedlo\/\">Soro\u0161ka-Jablonovsk\u00e9 sedlo<\/a><br \/>\n<a href=\"http:\/\/www.slovensky-kras.eu\/info\/strediska-a-centra\/rekreacna-oblast-sugov\/\">\u0160ugov<\/a><br \/>\n<strong>Mest\u00e1:<\/strong><br \/>\n<a href=\"http:\/\/www.slovensky-kras.eu\/info\/strediska-a-centra\/mesto-medzev\/\">Medzev<\/a><br \/>\n<a href=\"http:\/\/www.slovensky-kras.eu\/info\/strediska-a-centra\/mesto-moldava-nad-bodvou\/\">Moldava nad Bodvou<\/a><br \/>\n<a href=\"http:\/\/www.slovensky-kras.eu\/info\/strediska-a-centra\/mesto-roznava\/\">Ro\u017e\u0148ava<\/a><br \/>\n<strong>Obce:<\/strong><br \/>\n<a href=\"http:\/\/www.slovensky-kras.eu\/info\/strediska-a-centra\/obec-ardovo\/\">Ardovo<\/a><br \/>\n<a title=\"Obec B\u00f4rka\" href=\"http:\/\/www.slovensky-kras.eu\/info\/strediska-a-centra\/obec-borka\/\">B\u00f4rka<\/a><br \/>\n<a href=\"http:\/\/www.slovensky-kras.eu\/info\/strediska-a-centra\/obec-bretka\/\">Bretka<\/a><br \/>\n<a href=\"http:\/\/www.slovensky-kras.eu\/info\/strediska-a-centra\/obec-brzotin\/\">Brzot\u00edn<\/a><br \/>\n<a href=\"http:\/\/www.slovensky-kras.eu\/info\/strediska-a-centra\/obec-dlha-ves\/\">Dlh\u00e1 Ves<\/a><br \/>\n<a href=\"http:\/\/www.slovensky-kras.eu\/info\/strediska-a-centra\/obec-drnava\/\">Drnava<\/a><br \/>\n<a href=\"http:\/\/www.slovensky-kras.eu\/info\/strediska-a-centra\/1017-2\/\">Dvorn\u00edky-V\u010del\u00e1re<\/a><br \/>\n<a href=\"http:\/\/www.slovensky-kras.eu\/info\/strediska-a-centra\/obec-drienovec-drienovecke-kupele\/\">Drienovec-Drienoveck\u00e9 k\u00fapele<\/a><br \/>\n<a href=\"http:\/\/www.slovensky-kras.eu\/info\/strediska-a-centra\/obec-gemerska-horka\/\">Gemersk\u00e1 H\u00f4rka<\/a><br \/>\n<a href=\"http:\/\/www.slovensky-kras.eu\/info\/obec-hacava\/\">Ha\u010dava<\/a><br \/>\n<a href=\"http:\/\/www.slovensky-kras.eu\/info\/strediska-a-centra\/obec-haj\/\">H\u00e1j<\/p>\n<\/div>\n<\/a><div class=\"column column-number-2 last column-span-1\"><p><a href=\"http:\/\/www.slovensky-kras.eu\/info\/strediska-a-centra\/obec-hrhov\/\">Hrhov<\/a><br \/>\n<a href=\"http:\/\/www.slovensky-kras.eu\/info\/strediska-a-centra\/obec-hrusov\/\">Hru\u0161ov<\/a><br \/>\n<a href=\"http:\/\/www.slovensky-kras.eu\/info\/strediska-a-centra\/obec-jablonov-nad-turnou\/\">Jablonov nad Tur\u0148ou<\/a><br \/>\n<a href=\"http:\/\/www.slovensky-kras.eu\/info\/strediska-a-centra\/obec-jasov\/\">Jasov<\/a><br \/>\n<a href=\"http:\/\/www.slovensky-kras.eu\/info\/strediska-a-centra\/obec-jovice\/\">Jovice<\/a><br \/>\n<a href=\"http:\/\/www.slovensky-kras.eu\/info\/strediska-a-centra\/obec-kecovo\/\">Ke\u010dovo<\/a><br \/>\n<a href=\"http:\/\/www.slovensky-kras.eu\/info\/strediska-a-centra\/obec-krasnohorska-dlha-luka\/\">Kr\u00e1snohorsk\u00e1 Dlh\u00e1 L\u00faka<\/a><br \/>\n<a href=\"http:\/\/www.slovensky-kras.eu\/info\/strediska-a-centra\/obec-krasnohorske-podhradie\/\">Kr\u00e1snohorsk\u00e9 Podhradie<\/a><br \/>\n<a href=\"http:\/\/www.slovensky-kras.eu\/info\/strediska-a-centra\/obec-kruzna\/\">Kru\u017en\u00e1<\/a><br \/>\n<a href=\"http:\/\/www.slovensky-kras.eu\/info\/strediska-a-centra\/obec-lucka\/\">L\u00fa\u010dka<\/a><br \/>\n<a href=\"http:\/\/www.slovensky-kras.eu\/info\/strediska-a-centra\/obec-ochtina\/\">Ochtin\u00e1<\/a><br \/>\n<a href=\"http:\/\/www.slovensky-kras.eu\/info\/strediska-a-centra\/obec-plesivec\/\">Ple\u0161ivec<\/a><br \/>\n<a href=\"http:\/\/www.slovensky-kras.eu\/info\/strediska-a-centra\/obec-rakovnica\/\">Rakovnica<\/a><br \/>\n<a href=\"http:\/\/www.slovensky-kras.eu\/info\/strediska-a-centra\/obec-silica\/\">Silica<\/a><br \/>\n<a href=\"http:\/\/www.slovensky-kras.eu\/info\/strediska-a-centra\/obec-silicka-brezova\/\">Silick\u00e1 Brezov\u00e1<\/a><br \/>\n<a href=\"http:\/\/www.slovensky-kras.eu\/info\/strediska-a-centra\/obec-silicka-jablonica\/\">Silick\u00e1 Jablonica<\/a><br \/>\n<a href=\"http:\/\/www.slovensky-kras.eu\/info\/strediska-a-centra\/obec-slavec\/\">Slavec<\/a><br \/>\n<a href=\"http:\/\/www.slovensky-kras.eu\/info\/strediska-a-centra\/obec-stitnik\/\">\u0160t\u00edtnik<\/a><br \/>\n<a href=\"http:\/\/www.slovensky-kras.eu\/info\/strediska-a-centra\/obec-turna-nad-bodvou\/\">Tur\u0148a nad Bodvou<\/a><br \/>\n<a href=\"http:\/\/www.slovensky-kras.eu\/info\/strediska-a-centra\/obec-zadiel\/\">Z\u00e1diel<\/a><\/p>\n<\/div><\/div>\n<\/div><\/div>\n<\/div>\n<div class=\"su-divider su-divider-style-default\" style=\"margin:15px 0;border-width:2px;border-color:#000000\"><\/div>\n<h3><span style=\"color: #808000;\">V\u0161eobecn\u00e9 inform\u00e1cie<\/span><\/h3>\n<p>Obec Slavec (ma\u010f. Szal\u00f3c) sa nach\u00e1dza v \u00fazkom <a href=\"http:\/\/www.slovensky-kras.eu\/info\/kam-do-prirody\/kanon-slanej\/\">Slanskom ka\u0148one<\/a>, ktor\u00fd je vymedzen\u00fd zo z\u00e1padu <a href=\"http:\/\/www.slovensky-kras.eu\/info\/kam-do-prirody\/plesivecka-planina\/\">Ple\u0161iveckou planinou<\/a> a z v\u00fdchodu <a href=\"http:\/\/www.slovensky-kras.eu\/info\/kam-do-prirody\/silicka-planina\/\">Silickou planinou<\/a>.<\/p>\n<figure id=\"attachment_18720\" aria-describedby=\"caption-attachment-18720\" style=\"width: 800px\" class=\"wp-caption aligncenter\"><a href=\"http:\/\/www.slovensky-kras.eu\/info\/wp-content\/uploads\/2020\/12\/ida2.jpg\"><img loading=\"lazy\" decoding=\"async\" class=\"wp-image-18720 size-full\" src=\"http:\/\/www.slovensky-kras.eu\/info\/wp-content\/uploads\/2020\/12\/ida2.jpg\" alt=\"\" width=\"800\" height=\"532\" srcset=\"https:\/\/www.slovensky-kras.eu\/info\/wp-content\/uploads\/2020\/12\/ida2.jpg 800w, https:\/\/www.slovensky-kras.eu\/info\/wp-content\/uploads\/2020\/12\/ida2-768x511.jpg 768w\" sizes=\"auto, (max-width: 800px) 100vw, 800px\" \/><\/a><figcaption id=\"caption-attachment-18720\" class=\"wp-caption-text\">Romantick\u00e1 chalupa IDA &#8211; celoro\u010dn\u00e9 ubytovacie zariadenie<\/figcaption><\/figure>\n<p>S\u00fa\u010das\u0165ou obce je miestna \u010das\u0165 H\u00e1mor, miestna \u010das\u0165 osada &#8211; <a href=\"http:\/\/www.slovensky-kras.eu\/info\/strediska-a-centra\/rekreacne-stredisko-gombasek\/\">rekrea\u010dn\u00e9 stredisko Gombasek<\/a>\u00a0a od roku 1961 aj obec <strong>Vidov\u00e1<\/strong>.<\/p>\n<p>V okol\u00ed obce sa vyskytuj\u00fa r\u00f4zne pr\u00edrodn\u00e9 zauj\u00edmavosti ako s\u00fa z\u00e1vrty, priepasti, vyviera\u010dky, jaskyne a vz\u00e1cna fauna a fl\u00f3ra.<\/p>\n<figure id=\"attachment_18718\" aria-describedby=\"caption-attachment-18718\" style=\"width: 800px\" class=\"wp-caption aligncenter\"><a href=\"http:\/\/www.slovensky-kras.eu\/info\/wp-content\/uploads\/2020\/12\/vidova-or.jpg\"><img loading=\"lazy\" decoding=\"async\" class=\"wp-image-18718 size-full\" src=\"http:\/\/www.slovensky-kras.eu\/info\/wp-content\/uploads\/2020\/12\/vidova-or.jpg\" alt=\"\" width=\"800\" height=\"533\" srcset=\"https:\/\/www.slovensky-kras.eu\/info\/wp-content\/uploads\/2020\/12\/vidova-or.jpg 800w, https:\/\/www.slovensky-kras.eu\/info\/wp-content\/uploads\/2020\/12\/vidova-or-768x512.jpg 768w\" sizes=\"auto, (max-width: 800px) 100vw, 800px\" \/><\/a><figcaption id=\"caption-attachment-18718\" class=\"wp-caption-text\">Ka\u0148on Slanej a obec Vidov\u00e1, fotograf:\u00a0 \u00d6rs Orosz (Gombasz\u00f6gi Ny\u00e1ri T\u00e1bor)<\/figcaption><\/figure>\n<p>Z pamiatok sa v obci nach\u00e1dzaj\u00fa reformovan\u00fd kostol, ktor\u00fd bol postaven\u00fd v gotickom slohu, ale v 19. storo\u010d\u00ed pre\u0161iel v\u00fdraznou prestavbou.<\/p>\n<h4><span style=\"color: #993300;\">Reformovan\u00fd kostol v Slavci<\/span><\/h4>\n<p>Reformovan\u00fd kostol v Slavci bol pravdepodobne bol postaven\u00fd koncom 14. storo\u010dia ako\u00a0 jednolo\u010fov\u00e1 p\u00f4vodne gotick\u00e1 stavba s pravouhl\u00fdm z\u00e1verom a predstavanou ve\u017eou z 15. storo\u010dia.<\/p>\n<figure id=\"attachment_23814\" aria-describedby=\"caption-attachment-23814\" style=\"width: 800px\" class=\"wp-caption aligncenter\"><a href=\"https:\/\/www.slovensky-kras.eu\/info\/wp-content\/uploads\/2022\/10\/kostol-slavec-kalvin1.jpg\"><img loading=\"lazy\" decoding=\"async\" class=\"wp-image-23814 size-medium\" src=\"https:\/\/www.slovensky-kras.eu\/info\/wp-content\/uploads\/2022\/10\/kostol-slavec-kalvin1-800x534.jpg\" alt=\"\" width=\"800\" height=\"534\" srcset=\"https:\/\/www.slovensky-kras.eu\/info\/wp-content\/uploads\/2022\/10\/kostol-slavec-kalvin1-800x534.jpg 800w, https:\/\/www.slovensky-kras.eu\/info\/wp-content\/uploads\/2022\/10\/kostol-slavec-kalvin1-768x512.jpg 768w, https:\/\/www.slovensky-kras.eu\/info\/wp-content\/uploads\/2022\/10\/kostol-slavec-kalvin1.jpg 1000w\" sizes=\"auto, (max-width: 800px) 100vw, 800px\" \/><\/a><figcaption id=\"caption-attachment-23814\" class=\"wp-caption-text\">Reformovan\u00fd kostol v Slavci, zdroj foto: OZ Sine Metu<\/figcaption><\/figure>\n<p>Vtedy e\u0161te katol\u00edcky kostol neskor\u0161\u00edmi \u00fapravami svoju stredovek\u00fa podobu stratil.<\/p>\n<p>Ide o jednolo\u010fov\u00fa stavbu s pravouhl\u00fdm z\u00e1verom a predstavanou ve\u017eou, ktor\u00e9ho jadro tvor\u00ed e\u0161te stredovek\u00e1 sakr\u00e1lna stavba asi zo 14. storo\u010dia.<\/p>\n<p><strong>Viac info o dome h\u00e1morn\u00edkov v obci sa do\u010d\u00edtate tu:<\/strong><\/p>\n<ul>\n<li><a href=\"https:\/\/www.slovensky-kras.eu\/info\/kam-za-pamiatkami\/reformovany-kostol-v-slavci\/\" target=\"_blank\" rel=\"noopener\">Reformovan\u00fd kostol v obci Slavec (\u010d\u00edtaj viac v novom okne&#8230;)<\/a><\/li>\n<\/ul>\n<h4><span style=\"color: #993300;\">Barokov\u00e1 k\u00faria v obci Slavec \u2013 Szaloci Cs\u00e1kany kuria<\/span><\/h4>\n<p>V\u00fdznamnou pamiatkou v obci je SLAVEC je <a href=\"https:\/\/www.slovensky-kras.eu\/info\/kam-za-pamiatkami\/barokova-kuria-v-obci-svaec-szaloczi-csakany-kuria\/?fbclid=IwAR34LLOaNvNLhqoC2QYXmLxJsk7lZUGnkZrBGzxpIlhFnt6jEugKMy1IhDA\">Barokov\u00e1 k\u00faria<\/a> (Szaloci Cs\u00e1kany kuria &#8211; d\u00f3m \u010d\u00edslo 142) s hospod\u00e1rskou stavbou naz\u00fdvanou <a href=\"https:\/\/www.slovensky-kras.eu\/info\/kam-za-pamiatkami\/dom-hamornikov\/\">Dom h\u00e1morn\u00edkov<\/a> z 2.polovice 18.storo\u010dia.<\/p>\n<figure id=\"attachment_20266\" aria-describedby=\"caption-attachment-20266\" style=\"width: 800px\" class=\"wp-caption aligncenter\"><a href=\"https:\/\/www.slovensky-kras.eu\/info\/wp-content\/uploads\/2021\/04\/kuria-Slavec1.jpg\"><img loading=\"lazy\" decoding=\"async\" class=\"wp-image-20266 size-medium\" src=\"https:\/\/www.slovensky-kras.eu\/info\/wp-content\/uploads\/2021\/04\/kuria-Slavec1-800x532.jpg\" alt=\"\" width=\"800\" height=\"532\" srcset=\"https:\/\/www.slovensky-kras.eu\/info\/wp-content\/uploads\/2021\/04\/kuria-Slavec1-800x532.jpg 800w, https:\/\/www.slovensky-kras.eu\/info\/wp-content\/uploads\/2021\/04\/kuria-Slavec1-1024x681.jpg 1024w, https:\/\/www.slovensky-kras.eu\/info\/wp-content\/uploads\/2021\/04\/kuria-Slavec1-768x510.jpg 768w, https:\/\/www.slovensky-kras.eu\/info\/wp-content\/uploads\/2021\/04\/kuria-Slavec1-1536x1021.jpg 1536w, https:\/\/www.slovensky-kras.eu\/info\/wp-content\/uploads\/2021\/04\/kuria-Slavec1-1200x797.jpg 1200w, https:\/\/www.slovensky-kras.eu\/info\/wp-content\/uploads\/2021\/04\/kuria-Slavec1.jpg 2048w\" sizes=\"auto, (max-width: 800px) 100vw, 800px\" \/><\/a><figcaption id=\"caption-attachment-20266\" class=\"wp-caption-text\">Barokov\u00e1 k\u00faria v obci Slavec &#8211; Szaloczi Cs\u00e1kany kuria , fotograf: Ida Csefo Gy\u00f6rgy<\/figcaption><\/figure>\n<p>Barokov\u00e1 k\u00faria ma\u010farsky naz\u00fdvan\u00e1 ako Szaloci Cs\u00e1kany kuria sa nach\u00e1dza v obci <a href=\"https:\/\/www.slovensky-kras.eu\/info\/strediska-a-centra\/obec-slavec\/\">Slavec<\/a> na s\u00fapisnom \u010d\u00edsle 142, \u00a0v lokalite H\u00e1mor pri ceste ved\u00facej do obce <a href=\"https:\/\/www.slovensky-kras.eu\/info\/strediska-a-centra\/obec-brzotin\/\">Brzot\u00edn<\/a>.<\/p>\n<p>P\u00f4vodn\u00e1 barokov\u00e1 stavba obd\u013a\u017enikov\u00e9ho p\u00f4dorysu z 2. polovice 18. storo\u010dia bola na za\u010diatku 19. storo\u010dia dobudovan\u00e1 do p\u00f4dorysu tvaru L.<\/p>\n<p>Nach\u00e1dza sa v lokalite H\u00e1mor pri starej ceste\u00a0 ved\u00facej do obce Brzot\u00edn.<\/p>\n<p><strong>Viac info o k\u00fari\u00ed v obci sa do\u010d\u00edtate tu:<\/strong><\/p>\n<ul>\n<li><a href=\"https:\/\/www.slovensky-kras.eu\/info\/kam-za-pamiatkami\/barokova-kuria-v-obci-svaec-szaloczi-csakany-kuria\/\" target=\"_blank\" rel=\"noopener\">Barokov\u00e1 k\u00faria v obci Slavec \u2013 Szaloci Cs\u00e1kany kuria (\u010d\u00edtaj viac v novom okne&#8230;)<\/a><\/li>\n<\/ul>\n<h4><span style=\"color: #993300;\">Dom h\u00e1morn\u00edkov<\/span><\/h4>\n<p>Hne\u010f ved\u013ea k\u00farie sa nach\u00e1dza hospod\u00e1rska budova a pamiatka\u00a0<a href=\"https:\/\/www.slovensky-kras.eu\/info\/kam-za-pamiatkami\/dom-hamornikov\/\">Dom h\u00e1morn\u00edkov<\/a>.<\/p>\n<figure id=\"attachment_20343\" aria-describedby=\"caption-attachment-20343\" style=\"width: 800px\" class=\"wp-caption aligncenter\"><a href=\"https:\/\/www.slovensky-kras.eu\/info\/wp-content\/uploads\/2021\/04\/slavec-hamor.jpg\"><img loading=\"lazy\" decoding=\"async\" class=\"wp-image-20343 size-medium\" src=\"https:\/\/www.slovensky-kras.eu\/info\/wp-content\/uploads\/2021\/04\/slavec-hamor-800x600.jpg\" alt=\"\" width=\"800\" height=\"600\" srcset=\"https:\/\/www.slovensky-kras.eu\/info\/wp-content\/uploads\/2021\/04\/slavec-hamor-800x600.jpg 800w, https:\/\/www.slovensky-kras.eu\/info\/wp-content\/uploads\/2021\/04\/slavec-hamor-1024x768.jpg 1024w, https:\/\/www.slovensky-kras.eu\/info\/wp-content\/uploads\/2021\/04\/slavec-hamor-768x576.jpg 768w, https:\/\/www.slovensky-kras.eu\/info\/wp-content\/uploads\/2021\/04\/slavec-hamor-1200x900.jpg 1200w, https:\/\/www.slovensky-kras.eu\/info\/wp-content\/uploads\/2021\/04\/slavec-hamor.jpg 1440w\" sizes=\"auto, (max-width: 800px) 100vw, 800px\" \/><\/a><figcaption id=\"caption-attachment-20343\" class=\"wp-caption-text\">Dom h\u00e1morn\u00edkov v obci Slavec, fotograf: Ida Csefo Gy\u00f6rgy<\/figcaption><\/figure>\n<p>Postaven\u00e1 bola za\u010diatkom 19. storo\u010dia.<\/p>\n<p>M\u00e1 jednopriestorov\u00fa dispoz\u00edciu, obd\u013a\u017enikov\u00fd p\u00f4dorys, je dvojpodla\u017en\u00e1.<\/p>\n<p><strong>Viac info o dome h\u00e1morn\u00edkov v obci sa do\u010d\u00edtate tu:<\/strong><\/p>\n<ul>\n<li><a href=\"https:\/\/www.slovensky-kras.eu\/info\/kam-za-pamiatkami\/dom-hamornikov\/\" target=\"_blank\" rel=\"noopener\">Dom h\u00e1morn\u00edkov v obci Slavec (\u010d\u00edtaj viac v novom okne&#8230;)<\/a><\/li>\n<\/ul>\n<h4><span style=\"color: #993300;\">Gemersk\u00e1 \u013eudov\u00e1 architekt\u00fara v obci Slavec<\/span><\/h4>\n<p>V obci Slavec sa zachovali domy, ktor\u00e9 predstavuj\u00fa typick\u00fa \u013eudov\u00fa architekt\u00faru z konca 19. storo\u010dia a za\u010diatku 20. storo\u010dia.<\/p>\n<figure id=\"attachment_20246\" aria-describedby=\"caption-attachment-20246\" style=\"width: 800px\" class=\"wp-caption aligncenter\"><a href=\"https:\/\/www.slovensky-kras.eu\/info\/wp-content\/uploads\/2021\/04\/Slavec-dom-10_1.jpg\"><img loading=\"lazy\" decoding=\"async\" class=\"wp-image-20246 size-medium\" src=\"https:\/\/www.slovensky-kras.eu\/info\/wp-content\/uploads\/2021\/04\/Slavec-dom-10_1-800x532.jpg\" alt=\"\" width=\"800\" height=\"532\" srcset=\"https:\/\/www.slovensky-kras.eu\/info\/wp-content\/uploads\/2021\/04\/Slavec-dom-10_1-800x532.jpg 800w, https:\/\/www.slovensky-kras.eu\/info\/wp-content\/uploads\/2021\/04\/Slavec-dom-10_1-768x510.jpg 768w, https:\/\/www.slovensky-kras.eu\/info\/wp-content\/uploads\/2021\/04\/Slavec-dom-10_1.jpg 900w\" sizes=\"auto, (max-width: 800px) 100vw, 800px\" \/><\/a><figcaption id=\"caption-attachment-20246\" class=\"wp-caption-text\">Gemersk\u00e1 \u013eudov\u00e1 architekt\u00fara v obci Slavec &#8211; dom \u010d.10 , fotograf: Ida Csefo Gy\u00f6rgy<\/figcaption><\/figure>\n<p>Obec Slavec sa vyzna\u010duje obojstrannou radovou z\u00e1stavbou.<\/p>\n<p>V obci s\u00fa dva typy domov, ktor\u00e9 maj\u00fa typick\u00e9 znaky charakteristick\u00e9 pre lokalitu Gemera.<\/p>\n<ul>\n<li><a href=\"https:\/\/www.slovensky-kras.eu\/info\/kam-za-pamiatkami\/gemerska-ludova-architektura-v-obci-slavec\/\" target=\"_blank\" rel=\"noopener\">Gemersk\u00e1 \u013eudov\u00e1 architekt\u00fara v obci Slavec (\u010ditaj viac v novom okne&#8230;)<\/a><\/li>\n<\/ul>\n<h4><span style=\"color: #993300;\">Reformovan\u00fd kostol v \u010dasti Vidov\u00e1<\/span><\/h4>\n<p>V obci <strong>Vidov\u00e1<\/strong> sa nach\u00e1dza tie\u017e <strong>reformovan\u00fd kostol<\/strong>.<\/p>\n<figure id=\"attachment_18732\" aria-describedby=\"caption-attachment-18732\" style=\"width: 800px\" class=\"wp-caption aligncenter\"><a href=\"http:\/\/www.slovensky-kras.eu\/info\/wp-content\/uploads\/2020\/12\/vidova.jpg\"><img loading=\"lazy\" decoding=\"async\" class=\"wp-image-18732 size-full\" src=\"http:\/\/www.slovensky-kras.eu\/info\/wp-content\/uploads\/2020\/12\/vidova.jpg\" alt=\"\" width=\"800\" height=\"533\" srcset=\"https:\/\/www.slovensky-kras.eu\/info\/wp-content\/uploads\/2020\/12\/vidova.jpg 800w, https:\/\/www.slovensky-kras.eu\/info\/wp-content\/uploads\/2020\/12\/vidova-768x512.jpg 768w\" sizes=\"auto, (max-width: 800px) 100vw, 800px\" \/><\/a><figcaption id=\"caption-attachment-18732\" class=\"wp-caption-text\">Obec Vidov\u00e1<\/figcaption><\/figure>\n<p>Reformovan\u00fd kostol je jednolo\u010fov\u00e1 p\u00f4vodne jednoduch\u00e1 renesan\u010dn\u00e1 stavba s pravouhl\u00fdm z\u00e1verom.<\/p>\n<p>Na za\u010diatku 19. storo\u010dia bola pristavan\u00e1 ve\u017ea.<\/p>\n<p>Strecha kostola je vysok\u00e1 valbov\u00e1, ve\u017ea je ukon\u010den\u00e1 \u0161ind\u013eovou zvonovitou helmicou.<\/p>\n<p>V interi\u00e9ri sa nach\u00e1dza ma\u013eovan\u00fd kazetov\u00fd strop, empora z roku 1783, lavice s ma\u013eovan\u00fdmi \u010delami z rovnak\u00e9ho obdobia a kazate\u013enica.<\/p>\n<p>Fas\u00e1dy kostola s\u00fa hladk\u00e9 bielen\u00e9.<\/p>\n<h4><span style=\"color: #993300;\">Ruiny pavl\u00ednskeho kl\u00e1\u0161tora v Gombaseku <\/span><\/h4>\n<p>V \u010dasti Gombasek sa nach\u00e1dza historick\u00e1 pamiatka zr\u00facaniny <a href=\"http:\/\/www.slovensky-kras.eu\/info\/kam-za-pamiatkami\/ruiny-pavlinskeho-klastora-v-gombaseku-gombaszogi-palos-monostor\/\">kl\u00e1\u0161tora paul\u00ednov s gotick\u00fdm kostolom<\/a>,ktor\u00fd tu st\u00e1l za\u010diatku 14. storo\u010dia a\u017e do konca 16. storo\u010dia.<\/p>\n<figure id=\"attachment_18721\" aria-describedby=\"caption-attachment-18721\" style=\"width: 800px\" class=\"wp-caption aligncenter\"><a href=\"http:\/\/www.slovensky-kras.eu\/info\/wp-content\/uploads\/2020\/12\/gombasek.jpg\"><img loading=\"lazy\" decoding=\"async\" class=\"wp-image-18721 size-full\" src=\"http:\/\/www.slovensky-kras.eu\/info\/wp-content\/uploads\/2020\/12\/gombasek.jpg\" alt=\"\" width=\"800\" height=\"533\" srcset=\"https:\/\/www.slovensky-kras.eu\/info\/wp-content\/uploads\/2020\/12\/gombasek.jpg 800w, https:\/\/www.slovensky-kras.eu\/info\/wp-content\/uploads\/2020\/12\/gombasek-768x512.jpg 768w\" sizes=\"auto, (max-width: 800px) 100vw, 800px\" \/><\/a><figcaption id=\"caption-attachment-18721\" class=\"wp-caption-text\">Ruiny pavl\u00ednskeho kl\u00e1\u0161tora v Gombaseku a Zvonica, ktor\u00e1 sl\u00fa\u017ei aj ako vyhliadkov\u00e1 ve\u017ea na ruiny kostola, zdroj foto: OZ Sine Metu<\/figcaption><\/figure>\n<p>V 16. storo\u010d\u00ed bol zni\u010den\u00fd cis\u00e1rskym vojskom.<\/p>\n<p>S\u00fa\u010das\u0165ou rozsiahleho kl\u00e1\u0161tora bol aj kl\u00e1\u0161torn\u00fd kostol postaven\u00e9ho v gotickom slohu.<\/p>\n<figure id=\"attachment_17794\" aria-describedby=\"caption-attachment-17794\" style=\"width: 800px\" class=\"wp-caption aligncenter\"><a href=\"http:\/\/www.slovensky-kras.eu\/info\/wp-content\/uploads\/2020\/07\/kilato-kut-5.jpg\"><img loading=\"lazy\" decoding=\"async\" class=\"wp-image-17794 size-medium\" src=\"http:\/\/www.slovensky-kras.eu\/info\/wp-content\/uploads\/2020\/07\/kilato-kut-5-800x534.jpg\" alt=\"\" width=\"800\" height=\"534\" srcset=\"https:\/\/www.slovensky-kras.eu\/info\/wp-content\/uploads\/2020\/07\/kilato-kut-5-800x534.jpg 800w, https:\/\/www.slovensky-kras.eu\/info\/wp-content\/uploads\/2020\/07\/kilato-kut-5-768x512.jpg 768w, https:\/\/www.slovensky-kras.eu\/info\/wp-content\/uploads\/2020\/07\/kilato-kut-5.jpg 1000w\" sizes=\"auto, (max-width: 800px) 100vw, 800px\" \/><\/a><figcaption id=\"caption-attachment-17794\" class=\"wp-caption-text\">Zvonica, ktor\u00e1 sl\u00fa\u017ei aj ako vyhliadkov\u00e1 ve\u017ea na ruiny kostola, Foto: Gombasz\u00f6gi Ny\u00e1ri T\u00e1bor<\/figcaption><\/figure>\n<p>Po archeologickom v\u00fdskume v roku 2018 tu postavili zvonicu tak, aby sa v lokalite dali sl\u00fa\u017ei\u0165 bohoslu\u017eby.<\/p>\n<p>Zvonica sl\u00fa\u017ei aj ako vyhliadkov\u00e1 ve\u017ea na ruiny kostola a na okolit\u00fa pr\u00edrodu \u00fadolia rieky Slan\u00e1.<\/p>\n<p><strong>Viac info o kl\u00e1\u0161tore sa do\u010d\u00edtate tu:<\/strong><\/p>\n<ul>\n<li><a href=\"https:\/\/www.slovensky-kras.eu\/info\/kam-za-pamiatkami\/ruiny-pavlinskeho-klastora-v-gombaseku-gombaszogi-palos-monostor\/\" target=\"_blank\" rel=\"noopener\">Ruiny pavl\u00ednskeho kl\u00e1\u0161tora v Gombaseku (\u010d\u00edtaj viac v novom okne&#8230;)<\/a><\/li>\n<\/ul>\n<h4><span style=\"color: #993300;\">N\u00e1u\u010dn\u00fd chodn\u00edk v are\u00e1li Gombasek<\/span><\/h4>\n<p>Pamiatka je s\u00fa\u010das\u0165ou\u00a0<a href=\"https:\/\/www.slovensky-kras.eu\/info\/aktivity-a-sport\/naucny-chodnik-v-areali-gombasek\/\">n\u00e1u\u010dn\u00e9ho chodn\u00edka v are\u00e1li Gombasek<\/a>.<\/p>\n<p>Jeho celkov\u00e1 d\u013a\u017eka je pribli\u017ene 3km a m\u00e1 desa\u0165 zastaven\u00ed s informa\u010dn\u00fdmi tabu\u013eami v slovenskom, ma\u010farskom aj v anglickom jazyku.<\/p>\n<p>N\u00e1u\u010dn\u00fd chodn\u00edk je nen\u00e1ro\u010dn\u00fd a vhodn\u00fd aj pre \u0161kolsk\u00e9 exkurzie a rodiny s de\u0165mi.<\/p>\n<p><strong>Viac info o n\u00e1u\u010dnom chodn\u00edku sa do\u010d\u00edtate tu:<\/strong><\/p>\n<ul>\n<li><a href=\"https:\/\/www.slovensky-kras.eu\/info\/aktivity-a-sport\/naucny-chodnik-v-areali-gombasek\/\" target=\"_blank\" rel=\"noopener\">N\u00e1u\u010dn\u00fd chodn\u00edk v are\u00e1li Gombasek (\u010d\u00edtaj viac v novom okne&#8230;)<\/a><\/li>\n<\/ul>\n<h4><span style=\"color: #993300;\">OZ Sine Metu<\/span><\/h4>\n<p>Cel\u00fd are\u00e1l zve\u013ea\u010fuje\u00a0<a href=\"https:\/\/www.gombaszog.sk\/rolunk\/sk\/\" target=\"_blank\" rel=\"noopener noreferrer\">OZ Sine Metu<\/a>, ktor\u00e9 je aj organiz\u00e1torom\u00a0<a href=\"https:\/\/www.slovensky-kras.eu\/info\/muzea-kutlura-a-umenie\/gombasecky-letny-tabor\/\">Gombaseck\u00e9ho letn\u00e9ho t\u00e1bora<\/a>\u00a0a majite\u013eom cel\u00e9ho\u00a0<a href=\"https:\/\/www.slovensky-kras.eu\/info\/ubytovanie\/kempingy\/kemping-gombasek\/\">Gombaseck\u00e9ho are\u00e1lu<\/a>.<\/p>\n<figure id=\"attachment_20365\" aria-describedby=\"caption-attachment-20365\" style=\"width: 800px\" class=\"wp-caption aligncenter\"><a href=\"https:\/\/www.slovensky-kras.eu\/info\/wp-content\/uploads\/2021\/04\/gombasek3.jpg\"><img loading=\"lazy\" decoding=\"async\" class=\"wp-image-20365 size-medium\" src=\"https:\/\/www.slovensky-kras.eu\/info\/wp-content\/uploads\/2021\/04\/gombasek3-800x533.jpg\" alt=\"\" width=\"800\" height=\"533\" srcset=\"https:\/\/www.slovensky-kras.eu\/info\/wp-content\/uploads\/2021\/04\/gombasek3-800x533.jpg 800w, https:\/\/www.slovensky-kras.eu\/info\/wp-content\/uploads\/2021\/04\/gombasek3-768x512.jpg 768w, https:\/\/www.slovensky-kras.eu\/info\/wp-content\/uploads\/2021\/04\/gombasek3.jpg 900w\" sizes=\"auto, (max-width: 800px) 100vw, 800px\" \/><\/a><figcaption id=\"caption-attachment-20365\" class=\"wp-caption-text\">Stredisko Gombasek, zdroj foto: OZ Sine Metu<\/figcaption><\/figure>\n<p>Je tu vybudovan\u00e1 chatov\u00e1 osada, stanov\u00fd t\u00e1bor a amfite\u00e1ter, v ktorom sa od roku 1955 ka\u017edoro\u010dne organizuje celoslovensk\u00fd festival Ma\u010farov \u017eij\u00facich na Slovensku, ale m\u00f4\u017eete tu vidie\u0165 aj folkl\u00f3rne s\u00fabory z Ma\u010farska.<\/p>\n<h4><span style=\"color: #993300;\">Remeseln\u00edcky dom<\/span><\/h4>\n<p>Ne\u010faleko sa nach\u00e1dza n\u00e1rodn\u00e1 kult\u00farna pamiatka &#8211; <a href=\"https:\/\/www.slovensky-kras.eu\/info\/kam-za-pamiatkami\/remeselnicky-dom-v-gombaseku\/\"><strong>Remeseln\u00edcky dom<\/strong><\/a>.<\/p>\n<figure id=\"attachment_20146\" aria-describedby=\"caption-attachment-20146\" style=\"width: 800px\" class=\"wp-caption aligncenter\"><a href=\"https:\/\/www.slovensky-kras.eu\/info\/wp-content\/uploads\/2021\/04\/safar-gombasek.jpg\"><img loading=\"lazy\" decoding=\"async\" class=\"wp-image-20146 size-medium\" src=\"https:\/\/www.slovensky-kras.eu\/info\/wp-content\/uploads\/2021\/04\/safar-gombasek-800x533.jpg\" alt=\"\" width=\"800\" height=\"533\" srcset=\"https:\/\/www.slovensky-kras.eu\/info\/wp-content\/uploads\/2021\/04\/safar-gombasek-800x533.jpg 800w, https:\/\/www.slovensky-kras.eu\/info\/wp-content\/uploads\/2021\/04\/safar-gombasek-768x512.jpg 768w, https:\/\/www.slovensky-kras.eu\/info\/wp-content\/uploads\/2021\/04\/safar-gombasek.jpg 900w\" sizes=\"auto, (max-width: 800px) 100vw, 800px\" \/><\/a><figcaption id=\"caption-attachment-20146\" class=\"wp-caption-text\">Remeseln\u00edcky (\u0161af\u00e1rov) dom v Gombaseku, Foto: Gombasz\u00f6gi Ny\u00e1ri T\u00e1bor<\/figcaption><\/figure>\n<p>Tento \u017eeliarsky dom bol postavan\u00fd v 19. storo\u010d\u00ed ako s\u00fa\u010das\u0165 hospod\u00e1rskeho dvora Andra\u0161iovsk\u00e9ho (Andr\u00e1ssyovsk\u00e9ho) ve\u013ekostatku.<\/p>\n<p>S\u00fa\u010das\u0165ou ve\u013ekostatku bola aj\u00a0<a href=\"https:\/\/www.slovensky-kras.eu\/info\/kam-za-pamiatkami\/kuria-andrassyovcov-v-gombaseku\/\">rokokov\u00e1 k\u00faria Andr\u00e1\u0161iovcov<\/a>.<\/p>\n<p><strong>Viac info o remeseln\u00edckom dome sa do\u010d\u00edtate tu:<\/strong><\/p>\n<ul>\n<li><a href=\"https:\/\/www.slovensky-kras.eu\/info\/kam-za-pamiatkami\/remeselnicky-dom-v-gombaseku\/\" target=\"_blank\" rel=\"noopener\">Remeseln\u00edcky (\u0161af\u00e1rov) dom v Gombaseku (\u010ditaj viac v novom okne&#8230;)<\/a><\/li>\n<\/ul>\n<h4><span style=\"color: #993300;\">Budova \u017delezn\u00e9ho h\u00e1mra<\/span><\/h4>\n<p>Pri vstupe do Gombaseku na\u013eavo od cesty sa nach\u00e1dza star\u00e1 <a href=\"https:\/\/www.slovensky-kras.eu\/info\/kam-za-pamiatkami\/zelezny-hamor\/\"><strong>budova \u017delezn\u00e9ho h\u00e1mra<\/strong><\/a> so zvy\u0161kom vysokej pece a pri\u013eahl\u00fdmi v\u00fdrobn\u00fdmi priestormi z roku 1841.<\/p>\n<figure id=\"attachment_20325\" aria-describedby=\"caption-attachment-20325\" style=\"width: 800px\" class=\"wp-caption aligncenter\"><a href=\"https:\/\/www.slovensky-kras.eu\/info\/wp-content\/uploads\/2021\/04\/huta2sk.jpeg\"><img loading=\"lazy\" decoding=\"async\" class=\"wp-image-20325 size-medium\" src=\"https:\/\/www.slovensky-kras.eu\/info\/wp-content\/uploads\/2021\/04\/huta2sk-800x537.jpeg\" alt=\"\" width=\"800\" height=\"537\" srcset=\"https:\/\/www.slovensky-kras.eu\/info\/wp-content\/uploads\/2021\/04\/huta2sk-800x537.jpeg 800w, https:\/\/www.slovensky-kras.eu\/info\/wp-content\/uploads\/2021\/04\/huta2sk-768x515.jpeg 768w, https:\/\/www.slovensky-kras.eu\/info\/wp-content\/uploads\/2021\/04\/huta2sk.jpeg 900w\" sizes=\"auto, (max-width: 800px) 100vw, 800px\" \/><\/a><figcaption id=\"caption-attachment-20325\" class=\"wp-caption-text\">\u017delezn\u00fd h\u00e1mor v Gombaseku, Foto: Gombasz\u00f6gi Ny\u00e1ri T\u00e1bor<\/figcaption><\/figure>\n<p>E\u0161te v\u00a0roku 2017 to bol posledn\u00fd h\u00e1mor na Gemeri, dnes u\u017e neexistuje.<\/p>\n<p><a href=\"https:\/\/www.slovensky-kras.eu\/info\/kam-za-pamiatkami\/zelezny-hamor\/\">\u017delezn\u00fd h\u00e1mor<\/a>, patriaci onoho \u010dasu Andr\u00e1\u0161iovcom (Andr\u00e1ssyovcom), sl\u00fa\u017eil na zu\u0161\u013each\u0165ovanie a opracovanie surov\u00e9ho \u017eeleza.<\/p>\n<p><strong>Viac info o budove \u017eelezn\u00e9ho h\u00e1mra sa do\u010d\u00edtate tu:<\/strong><\/p>\n<ul>\n<li><a href=\"https:\/\/www.slovensky-kras.eu\/info\/kam-za-pamiatkami\/zelezny-hamor\/\" target=\"_blank\" rel=\"noopener\">\u017delezn\u00fd h\u00e1mor v Gombaseku (\u010d\u00edtaj viac v novom okne&#8230;)<\/a><\/li>\n<\/ul>\n<h4><span style=\"color: #993300;\">K\u00faria Andr\u00e1\u0161iovcov v Gombaseku<\/span><\/h4>\n<p>Rokokov\u00e1 k\u00faria Andr\u00e1\u0161iovcov (Andr\u00e1ssyovcov) z druhej polovice 18. storo\u010dia sa nach\u00e1dza sa v katastr\u00e1lnom \u00fazem\u00ed obce <a href=\"http:\/\/www.slovensky-kras.eu\/info\/strediska-a-centra\/obec-slavec\/\">Slavec<\/a> v rekrea\u010dnom stredisku <a href=\"http:\/\/www.slovensky-kras.eu\/info\/strediska-a-centra\/rekreacne-stredisko-gombasek\/\">Gombasek<\/a>.<\/p>\n<figure id=\"attachment_16639\" aria-describedby=\"caption-attachment-16639\" style=\"width: 800px\" class=\"wp-caption aligncenter\"><a href=\"http:\/\/www.slovensky-kras.eu\/info\/wp-content\/uploads\/2020\/01\/kuria-gombasek.jpg\"><img loading=\"lazy\" decoding=\"async\" class=\"wp-image-16639 size-medium\" src=\"http:\/\/www.slovensky-kras.eu\/info\/wp-content\/uploads\/2020\/01\/kuria-gombasek-800x600.jpg\" alt=\"\" width=\"800\" height=\"600\" srcset=\"https:\/\/www.slovensky-kras.eu\/info\/wp-content\/uploads\/2020\/01\/kuria-gombasek-800x600.jpg 800w, https:\/\/www.slovensky-kras.eu\/info\/wp-content\/uploads\/2020\/01\/kuria-gombasek-768x576.jpg 768w, https:\/\/www.slovensky-kras.eu\/info\/wp-content\/uploads\/2020\/01\/kuria-gombasek.jpg 1000w\" sizes=\"auto, (max-width: 800px) 100vw, 800px\" \/><\/a><figcaption id=\"caption-attachment-16639\" class=\"wp-caption-text\">K\u00faria Andr\u00e1\u0161iovcov v Gombaseku zdroj foto: OZ Sine Metu<\/figcaption><\/figure>\n<p>Za n\u00e1rodn\u00fa kult\u00farnu pamiatku bola k\u00faria vyhl\u00e1sen\u00e1 v roku 1975.<\/p>\n<p>Jednopodla\u017en\u00e1 a podpivni\u010den\u00e1 stavba m\u00e1 obd\u013a\u017enikov\u00fd p\u00f4dorys s manzardovou strechou.<\/p>\n<p>V 19.storo\u010d\u00ed pre\u0161la klasicistickou \u00fapravou.<\/p>\n<p><strong>Viac info o k\u00fari\u00ed sa do\u010d\u00edtate tu:<\/strong><\/p>\n<ul>\n<li><a href=\"https:\/\/www.slovensky-kras.eu\/info\/kam-za-pamiatkami\/kuria-andrassyovcov-v-gombaseku\/\" target=\"_blank\" rel=\"noopener\">K\u00faria Andr\u00e1\u0161iovcov v Gombaseku (\u010d\u00edtaj viac v novom okne)<\/a><\/li>\n<\/ul>\n<h4><span style=\"color: #993300;\">Gombaseck\u00e1 jasky\u0148a<\/span><\/h4>\n<p>Najv\u00e4\u010d\u0161\u00edm turistick\u00fdm l\u00e1kadlom obce je verejnosti spr\u00edstupnen\u00e1 <a href=\"http:\/\/www.slovensky-kras.eu\/info\/jaskyne-a-priepasti\/gombasecka-jaskyna\/\">Gombaseck\u00e1 jasky\u0148a<\/a>, ktor\u00e1 je zaraden\u00e1 do zoznamu Svetov\u00e9ho kult\u00farneho a pr\u00edrodn\u00e9ho dedi\u010dstva UNESCO a nach\u00e1dza sa v miestnej \u010dasti <a href=\"http:\/\/www.slovensky-kras.eu\/info\/strediska-a-centra\/rekreacne-stredisko-gombasek\/\">Gombasek<\/a>.<\/p>\n<figure id=\"attachment_21349\" aria-describedby=\"caption-attachment-21349\" style=\"width: 800px\" class=\"wp-caption aligncenter\"><a href=\"https:\/\/www.slovensky-kras.eu\/info\/wp-content\/uploads\/2021\/12\/gombasecka-jaskyna1.jpg\"><img loading=\"lazy\" decoding=\"async\" class=\"wp-image-21349 size-full\" src=\"https:\/\/www.slovensky-kras.eu\/info\/wp-content\/uploads\/2021\/12\/gombasecka-jaskyna1.jpg\" alt=\"\" width=\"800\" height=\"533\" srcset=\"https:\/\/www.slovensky-kras.eu\/info\/wp-content\/uploads\/2021\/12\/gombasecka-jaskyna1.jpg 800w, https:\/\/www.slovensky-kras.eu\/info\/wp-content\/uploads\/2021\/12\/gombasecka-jaskyna1-768x512.jpg 768w\" sizes=\"auto, (max-width: 800px) 100vw, 800px\" \/><\/a><figcaption id=\"caption-attachment-21349\" class=\"wp-caption-text\">Gombaseck\u00e1 jasky\u0148a<\/figcaption><\/figure>\n<p>Za n\u00e1rodn\u00fa pr\u00edrodn\u00fa pamiatku bola vyhl\u00e1sen\u00e1 v roku 1996.<\/p>\n<p><strong>Viac info o jaskyni sa do\u010d\u00edtate tu:<\/strong><\/p>\n<ul>\n<li><a href=\"https:\/\/www.slovensky-kras.eu\/info\/jaskyne-a-priepasti\/gombasecka-jaskyna\/\" target=\"_blank\" rel=\"noopener\">Gombaseck\u00e1 jasky\u0148a (\u010d\u00edtaj viac v novom okne)<\/a><\/li>\n<\/ul>\n<h4><span style=\"color: #993300;\">Divia\u010dia priepas\u0165<\/span><\/h4>\n<p>Z \u010fal\u0161\u00edch v\u00fdznamn\u00fdch pr\u00edrodnou zauj\u00edmavos\u0165ou v bl\u00edzkosti obce je <a href=\"http:\/\/www.slovensky-kras.eu\/info\/jaskyne-a-priepasti\/diviacia-priepast\/\">Divia\u010dia priepas\u0165<\/a>.<\/p>\n<p>Dosahuje h\u013abku 123 m a predstavuje najhlb\u0161iu priepas\u0165 <a href=\"http:\/\/www.slovensky-kras.eu\/info\/kam-do-prirody\/plesivecka-planina\/\">Ple\u0161ivskej planiny<\/a>.<\/p>\n<p>Patr\u00ed medzi najkraj\u0161ie a najpozoruhodnej\u0161ie jaskyne na Slovensku.<\/p>\n<p><strong>Viac info o priepasti sa do\u010d\u00edtate tu:<\/strong><\/p>\n<ul>\n<li><a href=\"https:\/\/www.slovensky-kras.eu\/info\/jaskyne-a-priepasti\/diviacia-priepast\/\" target=\"_blank\" rel=\"noopener\">Divia\u010dia priepas\u0165 (\u010d\u00edtaj viac v novom okne&#8230;)<\/a><\/li>\n<\/ul>\n<h3><span style=\"color: #808000;\">Turistick\u00e9 ciele<\/span><\/h3>\n<p>Obec je dobr\u00fdm v\u00fdchodiskom na <a href=\"http:\/\/www.slovensky-kras.eu\/info\/kam-do-prirody\/plesivecka-planina\/\">Ple\u0161iveck\u00fa planinu<\/a> a <a href=\"http:\/\/www.slovensky-kras.eu\/info\/kam-do-prirody\/silicka-planina\/\">Silick\u00fa planinu<\/a>.<\/p>\n<p>V obci sa pravidelne organizuj\u00fa kult\u00farno-spolo\u010densk\u00e9 aktivity a uchov\u00e1vaj\u00fa tradi\u010dn\u00e9 \u013eudov\u00e9 remesl\u00e1 a zru\u010dnosti.<\/p>\n<p><strong>Turistick\u00e9 trasy<\/strong><\/p>\n<p>Obcou prech\u00e1dza <img loading=\"lazy\" decoding=\"async\" class=\"alignnone wp-image-10332 size-full\" src=\"http:\/\/www.slovensky-kras.eu\/info\/wp-content\/uploads\/2013\/06\/zlta.png\" alt=\"zlta\" width=\"20\" height=\"21\" \/> \u017elt\u00e1 turistick\u00e1 trasa.<\/p>\n<figure id=\"attachment_21386\" aria-describedby=\"caption-attachment-21386\" style=\"width: 800px\" class=\"wp-caption aligncenter\"><a href=\"https:\/\/www.slovensky-kras.eu\/info\/wp-content\/uploads\/2021\/12\/jaskyna-silicka-jaskyna1.jpg\"><img loading=\"lazy\" decoding=\"async\" class=\"wp-image-21386 size-full\" src=\"https:\/\/www.slovensky-kras.eu\/info\/wp-content\/uploads\/2021\/12\/jaskyna-silicka-jaskyna1.jpg\" alt=\"\" width=\"800\" height=\"533\" srcset=\"https:\/\/www.slovensky-kras.eu\/info\/wp-content\/uploads\/2021\/12\/jaskyna-silicka-jaskyna1.jpg 800w, https:\/\/www.slovensky-kras.eu\/info\/wp-content\/uploads\/2021\/12\/jaskyna-silicka-jaskyna1-768x512.jpg 768w\" sizes=\"auto, (max-width: 800px) 100vw, 800px\" \/><\/a><figcaption id=\"caption-attachment-21386\" class=\"wp-caption-text\">Vstupn\u00fd port\u00e1l do jaskyne<\/figcaption><\/figure>\n<p>Smerom na <a href=\"http:\/\/www.slovensky-kras.eu\/info\/kam-do-prirody\/silicka-planina\/\"> Silick\u00fa planinu<\/a> (ju\u017en\u00fd smer) sa po <img loading=\"lazy\" decoding=\"async\" class=\"alignnone wp-image-10332 size-full\" src=\"http:\/\/www.slovensky-kras.eu\/info\/wp-content\/uploads\/2013\/06\/zlta.png\" alt=\"zlta\" width=\"20\" height=\"21\" \/> \u017eltej turistickej trase dostanete do <a href=\"http:\/\/www.slovensky-kras.eu\/info\/strediska-a-centra\/rekreacne-stredisko-gombasek\/\">rekrea\u010dn\u00e9ho strediska Gombasek<\/a>.<\/p>\n<p>Celkov\u00fd \u010das k r\u00e1zcestn\u00edku <strong>Gombasek (250 m n.m.)<\/strong> je pribli\u017ene 0:30 h (nasp\u00e4\u0165 0:30 h).<\/p>\n<p>Od r\u00e1zcestn\u00edka <strong>Gombasek (250 m n.m.)<\/strong> <img loading=\"lazy\" decoding=\"async\" class=\"alignnone wp-image-10332 size-full\" src=\"http:\/\/www.slovensky-kras.eu\/info\/wp-content\/uploads\/2013\/06\/zlta.png\" alt=\"zlta\" width=\"20\" height=\"21\" \/> \u017elt\u00e1 turistick\u00e1 trasa pokra\u010duje <strong>Z\u00e1vozn\u00fdm priepastiam<\/strong>, ktor\u00e9 sa nach\u00e1dzaj\u00fa pri r\u00e1zcestn\u00edku <strong>Z\u00e1vozn\u00e1 (475 m n.m.)<\/strong>.<\/p>\n<p>Celkov\u00fd \u010das od r\u00e1zcestn\u00edka <strong>Gombasek (250 m n.m.)<\/strong> a\u017e ku r\u00e1zcestn\u00edku <strong>Z\u00e1vozn\u00e1 (475 m n.m.)<\/strong> je pribli\u017ene 0:30 h (nasp\u00e4\u0165 0:15 h).<\/p>\n<p>Od r\u00e1zcestn\u00edka <strong>Gombasek (250 m n.m.)<\/strong> <img loading=\"lazy\" decoding=\"async\" class=\"alignnone wp-image-10332 size-full\" src=\"http:\/\/www.slovensky-kras.eu\/info\/wp-content\/uploads\/2013\/06\/zlta.png\" alt=\"zlta\" width=\"20\" height=\"21\" \/> \u017elt\u00e1 turistick\u00e1 trasa pokra\u010duje cez spom\u00ednan\u00fd r\u00e1zcestn\u00edk <strong>Z\u00e1vozn\u00e1 (475 m n.m.)<\/strong> a\u017e k jaskyni <a href=\"http:\/\/www.slovensky-kras.eu\/info\/jaskyne-a-priepasti\/jaskyna-silicka-ladnica\/\">Silick\u00e1 \u013eadnica<\/a>.<\/p>\n<p>Celkov\u00fd \u010das od r\u00e1zcestn\u00edka <strong>Gombasek (250 m n.m.)<\/strong> ku spom\u00ednanej jaskyni je pribli\u017ene 1:30 h (nasp\u00e4\u0165 1:15 h).<\/p>\n<p>Opa\u010dn\u00fdm smerom <img loading=\"lazy\" decoding=\"async\" class=\"alignnone wp-image-10332 size-full\" src=\"http:\/\/www.slovensky-kras.eu\/info\/wp-content\/uploads\/2013\/06\/zlta.png\" alt=\"zlta\" width=\"20\" height=\"21\" \/> \u017elt\u00e1 turistick\u00e1 trasa pokra\u010duje z obce Slavec na <a href=\"http:\/\/www.slovensky-kras.eu\/info\/kam-do-prirody\/plesivecka-planina\/\">Ple\u0161ivsk\u00fa planinu<\/a> k smerovn\u00edku <strong>Farka\u0161ov\u00e1 samota (650 m n.m.)<\/strong>.<\/p>\n<p>Celkov\u00fd \u010das k smerovn\u00edku <strong>Farka\u0161ov\u00e1 samota (650 m n.m.)<\/strong> je pribli\u017ene 3:15 h (nasp\u00e4\u0165 2:20 h).<\/p>\n<p><strong>Kombinovan\u00e9 trasy<\/strong><\/p>\n<p>Kombinovan\u00fdmi trasami sa m\u00f4\u017eeme z obce Slavec dosta\u0165 k 43m hlbokej <strong>Mestskej priepasti<\/strong> (pri r\u00e1zcestn\u00edku Mestsk\u00e1 priepas\u0165 521 m n.m.), <a href=\"http:\/\/www.slovensky-kras.eu\/info\/kam-do-prirody\/brzotinske-skaly\/\">Brzot\u00ednsk\u00fdm skal\u00e1m<\/a>, na v\u00fdh\u013eadov\u00fa\u00a0<a href=\"http:\/\/www.slovensky-kras.eu\/info\/kam-do-prirody\/gerlasska-skala\/\">Gerla\u0161sk\u00fa skala (752 m n.m.)<\/a>\u00a0a zdatnej\u0161\u00ed turisti m\u00f4\u017eu nav\u0161t\u00edvi\u0165 aj v\u00fdh\u013eadov\u00fa <a href=\"http:\/\/www.slovensky-kras.eu\/info\/kam-do-prirody\/dievcenska-skala\/\">Diev\u010densk\u00fa skalu (660 m n.m.)<\/a>.<\/p>\n<figure id=\"attachment_14434\" aria-describedby=\"caption-attachment-14434\" style=\"width: 800px\" class=\"wp-caption aligncenter\"><a href=\"http:\/\/www.slovensky-kras.eu\/info\/wp-content\/uploads\/2018\/04\/brzotinska_skala2.jpg\"><img loading=\"lazy\" decoding=\"async\" class=\"wp-image-14434 size-medium\" src=\"http:\/\/www.slovensky-kras.eu\/info\/wp-content\/uploads\/2018\/04\/brzotinska_skala2-800x600.jpg\" alt=\"\" width=\"800\" height=\"600\" srcset=\"https:\/\/www.slovensky-kras.eu\/info\/wp-content\/uploads\/2018\/04\/brzotinska_skala2-800x600.jpg 800w, https:\/\/www.slovensky-kras.eu\/info\/wp-content\/uploads\/2018\/04\/brzotinska_skala2-768x576.jpg 768w, https:\/\/www.slovensky-kras.eu\/info\/wp-content\/uploads\/2018\/04\/brzotinska_skala2-425x319.jpg 425w, https:\/\/www.slovensky-kras.eu\/info\/wp-content\/uploads\/2018\/04\/brzotinska_skala2.jpg 1000w\" sizes=\"auto, (max-width: 800px) 100vw, 800px\" \/><\/a><figcaption id=\"caption-attachment-14434\" class=\"wp-caption-text\">Poh\u013ead na Brzot\u00ednske rybn\u00edky z vyhliadky Bzotinska skala &#8211; foto: Viktor Bal\u00e1\u017e KST Ro\u017e\u0148ava<\/figcaption><\/figure>\n<p><strong>Cykloturistick\u00e9 trasy<\/strong><\/p>\n<p>Cykloturistom je tu k dispoz\u00edci\u00ed modr\u00e1 cykloturistick\u00e1 trasa a v <a href=\"http:\/\/www.slovensky-kras.eu\/info\/strediska-a-centra\/rekreacne-stredisko-gombasek\/\">rekrea\u010dn\u00fdm strediskom Gombasek<\/a> prech\u00e1dza \u010derven\u00e1 cykloturistick\u00e1 trasa naz\u00fdvan\u00e1 <strong>Cyklomagistr\u00e1la Slovensk\u00fd kras<\/strong> o celkovej d\u013a\u017eke pribli\u017ene 195 km.<\/p>\n<h3><span style=\"color: #808000;\">Ako sa dosta\u0165 do obce Slavec<\/span><\/h3>\n<p>Do obce Slavec sa dostanete po <strong>ceste I. triedy 16 (I\/16)<\/strong> ved\u00facej v trase Zvolen \u2013 Lu\u010denec \u2013 <a href=\"http:\/\/www.slovensky-kras.eu\/info\/strediska-a-centra\/mesto-roznava\/\">Ro\u017e\u0148ava<\/a> \u2013 <a href=\"http:\/\/www.keturist.sk\/info\/vseobecne-informacie\/mesto-kosice\/\" target=\"_blank\" rel=\"noopener\">Ko\u0161ice<\/a>.<\/p>\n<h3><span style=\"color: #808000;\">Ubytovanie a stravovanie<\/span><\/h3>\n<p><strong>Chalupa Ida <\/strong><br \/>\nSlavec 5<br \/>\n049 11 Slavec<br \/>\n<strong>Tel.:<\/strong> +421-(0)<br \/>\n<strong>E-mail:<\/strong> <a href=\"mailto:idacsefo@zoznam.sk\" target=\"_blank\" rel=\"noopener noreferrer\">idacsefo@zoznam.sk<\/a><br \/>\n<strong>Internet:<\/strong> <a href=\"http:\/\/www.chalupaida.estranky.cz\" target=\"_blank\" rel=\"noopener noreferrer\">www.chalupaida.estranky.cz<\/a><br \/>\n<strong>GPS s\u00faradnice: <\/strong>48\u00ba 35&#8242; 2&#8220; N, 20\u00ba 27&#8242; 60&#8220;<\/p>\n<h3><span style=\"color: #808000;\">Objednaj si ubytovanie<\/span><\/h3>\n<ul>\n<li><a href=\"http:\/\/keturist.sk\/shop\/produkt\/chalupa-ida\/?v=13dd621f2711\" target=\"_blank\" rel=\"noopener noreferrer\">Chalupa Ida (\u010d\u00edtaj viac&#8230;)<\/a> priamo v obci<\/li>\n<\/ul>\n<ul>\n<li><a href=\"http:\/\/keturist.sk\/shop\/produkt\/kemping-gombasek\/?v=13dd621f2711\" target=\"_blank\" rel=\"noopener noreferrer\">Kemping Gombasek (\u010d\u00edtaj viac&#8230;)<\/a> 3 km<\/li>\n<\/ul>\n<h3><span style=\"color: #808000;\">Hist\u00f3ria<\/span><\/h3>\n<p>Prv\u00e1 p\u00edsomn\u00e1 zmienka o obci Slavec je z roku 1243.<\/p>\n<p>Samotn\u00e1 obec vznikla v 13. storo\u010d\u00ed vy\u010dlenen\u00edm z Brzot\u00edna.<\/p>\n<p>Spom\u00edna sa v r. 1326, ke\u010f bola predmetom sporu medzi zemianskymi rodmi Mari\u00e1ssyovcov a Bebekovcov.<\/p>\n<p>Prv\u00e1 p\u00edsomn\u00e1 zmienka o obci poch\u00e1dza z roku 1243, kedy sa spom\u00edna v listine j\u00e1gerskej kapituly.<\/p>\n<p>Obec bola v t\u00fdchto \u010dasoch majetkom Bebekovcov.<\/p>\n<p>Koncom 14. stor. pre\u0161la do vlastn\u00edctva \u0160t\u00edtnickovcov.<\/p>\n<p>\u010cas\u0165 obce patrila do r. 1556 poul\u00ednskemu kl\u00e1\u0161toru v Gombaseku, ktor\u00fd zalo\u017eil v roku 1371 Juraj Bebek (Bebek Gy\u00f6rgy).<\/p>\n<p>\u010clenila sa na sedliacku a vala\u0161sk\u00fa \u010das\u0165.<\/p>\n<p>Okrem uveden\u00fdch rodov patrila viacer\u00fdm in\u00fdm zemianskym rodom: H\u00e1mossyovcom, Eszterh\u00e1ziovcom, Rag\u00e1lyiovcom.<\/p>\n<p>A\u017e do roku 1945 Andr\u00e1ssyovcom, ktor\u00ed boli jej posledn\u00fdmi vlastn\u00edkmi.<\/p>\n<p>Podobn\u00fdm osudom pre\u0161li aj bl\u00edzka obec Vidov\u00e1, od roku 1961 patriaca samospr\u00e1vne k Slavcu, osada Gombasek a osada H\u00e1mor, ktor\u00e9 s\u00fa miestnymi \u010das\u0165ami obce Slavec.<\/p>\n<p>Prv\u00e1 p\u00edsomn\u00e1 zmienka o \u010dasti obce Vidov\u00e1 poch\u00e1dza z roku 132O.<\/p>\n<p>Osada Gombasek, ktor\u00e1 toho \u010dasu nie je ob\u00fdvan\u00e1 sa spom\u00edna u\u017e v r. 1243 ako osada \u201evila\u201c.<\/p>\n<p>V tomto roku po vymret\u00ed rodu Borsovcov osadu daroval kr\u00e1\u013e B\u00e9la IV. Bebekovcom v Ple\u0161ivci.<\/p>\n<p>Osada mala v roku 1891 92 obyvate\u013eov.<\/p>\n<p>V 16.- 17. storo\u010d\u00ed boli obce vystaven\u00e9 tureck\u00fdm n\u00e1jazdom a drancovaniu cis\u00e1rskych vojsk.<\/p>\n<p>V 19. storo\u010d\u00ed tu bol h\u00e1mor Rimamur\u00e1nskej spolo\u010dnosti a vo Vidovej vznikla huta a elektr\u00e1re\u0148.<\/p>\n<p>V minulosti sa obyvatelia zaoberali preva\u017ene po\u013enohospod\u00e1rstvom, pas- tierstvom, p\u00e1len\u00edm v\u00e1pna a pr\u00e1cou v hute.<\/p>\n<p>Obyvatelia u\u017e v stredoveku p\u00e1lili uhlie pre \u017eeleziarske podniky.<\/p>\n<p>V obci samej vznikli \u017eeleziarne v 2. pol. 18. storo\u010dia.<\/p>\n<p>Posledn\u00fdm majite\u013eom obce do roku 1945 boli Andr\u00e1\u0161iovci (Andr\u00e1ssyovci).<br \/>\n<strong><br \/>\nS\u00fa tu evidovan\u00e9 nasleduj\u00face archeologick\u00e9 n\u00e1lezisk\u00e1: <\/strong><br \/>\n<strong>1.<\/strong> poloha Ma\u0161ta\u013en\u00e1 jasky\u0148a, jaskynn\u00e9 s\u00eddlo z mlad\u0161ej doby kamennej, doby bronzovej a star\u0161ej doby \u017eeleznej.<br \/>\n<strong>2.<\/strong> poloha osada Gombasek, s\u00eddlisko, zalo\u017een\u00e9 za\u010diatkom 14. storo\u010dia.<br \/>\n<strong>3.<\/strong> \u00fadolie Slanej, v \u00farovni kame\u0148olomu, ojedinel\u00fd archeologick\u00fd n\u00e1lez kamenn\u00e9ho n\u00e1stroja \u00fa\u0161tepu zo star\u0161ej doby kamennej.<br \/>\n<strong>4.<\/strong> poloha jasky\u0148a \u013dudmila, v miestach dne\u0161n\u00e9ho lomu, jaskynn\u00e9 s\u00eddlisko z mlad\u0161ej doby kamennej, star\u0161ej doby \u017eeleznej a zo stredoveku, archeologick\u00e9 n\u00e1lezisko je dnes zni\u010den\u00e9 l\u00e1man\u00edm kame\u0148a.<\/p>\n<p>V katastri obce sa na\u0161lo paleolitick\u00e9 a neolitick\u00e9 os\u00eddlenie bukovohorskej kult\u00fary.<\/p>\n<ul>\n<li><a href=\"http:\/\/www.slovensky-kras.eu\/info\/strediska-a-centra\/rekreacne-stredisko-gombasek\/\">Rekrea\u010dn\u00e9 stredisko Gombasek (\u010d\u00edtaj viac&#8230;)<\/a><\/li>\n<\/ul>\n<h3><span style=\"color: #808000;\">Pamiatky<\/span><\/h3>\n<ul>\n<li><a href=\"https:\/\/www.slovensky-kras.eu\/info\/kam-za-pamiatkami\/gemerska-ludova-architektura-v-obci-slavec\/\">Sedliacke domy z konca 19. a za\u010diatku 20. storo\u010dia (\u010d\u00edtaj viac&#8230;)<\/a><\/li>\n<\/ul>\n<ul>\n<li><a href=\"https:\/\/www.slovensky-kras.eu\/info\/kam-za-pamiatkami\/dom-hamornikov\/\">Dom h\u00e1morn\u00edkov (\u010d\u00edtaj viac&#8230;)<\/a><\/li>\n<\/ul>\n<ul>\n<li><a href=\"https:\/\/www.slovensky-kras.eu\/info\/kam-za-pamiatkami\/barokova-kuria-v-obci-svaec-szaloczi-csakany-kuria\/\">Barokov\u00e1 k\u00faria v obci Slavec \u2013 Szaloci Cs\u00e1kany kuria (\u010d\u00edtaj viac..)<\/a><\/li>\n<\/ul>\n<ul>\n<li><a href=\"http:\/\/www.slovensky-kras.eu\/info\/kam-za-pamiatkami\/ruiny-pavlinskeho-klastora-v-gombaseku-gombaszogi-palos-monostor\/\">Ruiny pavl\u00ednskeho kl\u00e1\u0161tora v Gombaseku (\u010d\u00edtaj viac..)<\/a><\/li>\n<\/ul>\n<ul>\n<li>2xreformovan\u00fd kostol<\/li>\n<\/ul>\n<ul>\n<li><a href=\"http:\/\/www.slovensky-kras.eu\/info\/kam-za-pamiatkami\/remeselnicky-dom-v-gombaseku\/\">Remeseln\u00edcky dom (\u010d\u00edtaj viac&#8230;)<\/a><\/li>\n<\/ul>\n<ul>\n<li><a href=\"https:\/\/www.slovensky-kras.eu\/info\/kam-za-pamiatkami\/zelezny-hamor\/\">\u017delezn\u00fd h\u00e1mor (\u010d\u00edtaj viac&#8230;)<\/a><\/li>\n<\/ul>\n<ul>\n<li><a href=\"http:\/\/www.slovensky-kras.eu\/info\/kam-za-pamiatkami\/kuria-andrassyovcov-v-gombaseku\/\">K\u00faria Andr\u00e1\u0161iovcov (Andr\u00e1ssyovcov)<br \/>\n<\/a><\/li>\n<\/ul>\n<h3><span style=\"color: #808000;\">Pr\u00edrodn\u00e9 zauj\u00edmavosti v obci<\/span><\/h3>\n<ul>\n<li><a href=\"http:\/\/www.slovensky-kras.eu\/info\/jaskyne-a-priepasti\/gombasecka-jaskyna\/\">Gombaseck\u00e1 jasky\u0148a (\u010d\u00edtaj viac&#8230;)<\/a><\/li>\n<\/ul>\n<ul>\n<li><a href=\"http:\/\/www.slovensky-kras.eu\/info\/kam-do-prirody\/kanon-slanej\/\">Ka\u0148on Slanej (\u010d\u00edtaj viac &#8230;)<\/a><\/li>\n<\/ul>\n<h3><span style=\"color: #808000;\">Kult\u00fara a umenie<\/span><\/h3>\n<ul>\n<li><a href=\"http:\/\/www.slovensky-kras.eu\/info\/muzea-kutlura-a-umenie\/gombasecke-kulturne-slavnosti\/\">Gombaseck\u00e9 kult\u00farne sl\u00e1vnosti (\u010d\u00edtaj viac..)<\/a><\/li>\n<\/ul>\n<ul>\n<li>Tane\u010dn\u00fd s\u00fabor SZAL\u00d3KA (Slavec) (\u010d\u00edtaj viac&#8230;)<\/li>\n<\/ul>\n<h3><span style=\"color: #808000;\">Info jasky\u0148a<\/span><\/h3>\n<div class=\"rtbs  rtbs_gombasecka-jaskyna\"><div class=\"rtbs_slug\" style=\"display:none\">gombasecka-jaskyna<\/div><div class=\"rtbs_inactive_tab_background\" style=\"display:none\">transparent<\/div><div class=\"rtbs_breakpoint\" style=\"display:none\">600<\/div><div class=\"rtbs_color\" style=\"display:none\">#12bece<\/div>\r\n        <div class=\"rtbs_menu\">\r\n            <ul>\r\n                <li class=\"mobile_toggle\">&zwnj;<\/li><li class=\"current\"><a style=\"background:#12bece\" class=\"active gombasecka-jaskyna-tab-link-0\" href=\"#\" data-tab=\"#gombasecka-jaskyna-tab-0\">Aktu\u00e1lne podmienky<\/a><\/li>\r\n            <\/ul>\r\n        <\/div><div style=\"border-top:7px solid #12bece;\" id=\"gombasecka-jaskyna-tab-0\" class=\"rtbs_content active\"><table>\n<tbody>\n<tr>\n<th bgcolor=\"#cccccc\">Mesto\/Obec<\/th>\n<th bgcolor=\"#cccccc\">Prev\u00e1dzka<\/th>\n<th bgcolor=\"#cccccc\">D\u013a\u017eka trasy<\/th>\n<th bgcolor=\"#cccccc\">Teplota v jaskyni<\/th>\n<\/tr>\n<tr>\n<td bgcolor=\"#ffffff\"><span style=\"color: #000000\">Slavec\/stredisko Gombasek<\/span><\/td>\n<td bgcolor=\"#ffffff\"><span style=\"color: #000000\">Otvoren\u00e1 okrem pondelkov<\/span><\/td>\n<td bgcolor=\"#ffffff\"><span style=\"color: #000000\">530 m<\/span><\/td>\n<td bgcolor=\"#ffffff\"><span style=\"color: #000000\">10\u00b0C (vlhko a prievan)<\/span><\/td>\n<\/tr>\n<\/tbody>\n<\/table>\n<div style=\"margin-top:30px; clear:both;\"><\/div><\/div>\r\n    <\/div>\r\n    \n<h3><span style=\"color: #808000;\">Mapy<\/span><\/h3>\n<p><strong>Vrstvy: <\/strong>Turistick\u00e1 mapa, Automapa, Cyklomapa, Ly\u017eiarska mapa, Satelitn\u00e1 mapa a OpenStreetMap.<\/p>\n<p><strong>Kliknut\u00edm na logo &#8222;Freemap.sk&#8220; sa V\u00e1m mapa zobraz\u00ed na celej ploche obrazovky.<\/strong><\/p>\n<p><iframe style=\"width: 800px; height: 600px; border: 0;\" src=\"https:\/\/www.freemap.sk\/?map=13\/48.586657\/20.467615&amp;info-point=48.586657\/20.467615,Obec Slavec&amp;layers=T&amp;embed=search\" allowfullscreen=\"allowfullscreen\"><\/iframe><\/p>\n<h3><strong><br \/>\n<\/strong><span style=\"color: #808000;\">Po\u010dasie<\/span><strong><br \/>\n<\/strong><br \/>\n<iframe style=\"width: 800px; height: 609px;\" src=\"https:\/\/www.meteoblue.com\/sk\/po%C4%8Dasie\/widget\/three\/slavec_slovensk%c3%a1-republika_723590?geoloc=fixed&amp;nocurrent=0&amp;noforecast=0&amp;days=6&amp;tempunit=CELSIUS&amp;windunit=KILOMETER_PER_HOUR&amp;layout=image\" frameborder=\"0\" scrolling=\"NO\" sandbox=\"allow-same-origin allow-scripts allow-popups allow-popups-to-escape-sandbox\"><\/iframe><\/h3>\n<div><!-- DO NOT REMOVE THIS LINK --><a href=\"https:\/\/www.meteoblue.com\/sk\/po%C4%8Dasie\/predpove%C4%8F\/t%C3%BD%C5%BEde%C5%88\/slavec_slovensk%c3%a1-republika_723590?utm_source=weather_widget&amp;utm_medium=linkus&amp;utm_content=three&amp;utm_campaign=Weather%2BWidget\" target=\"_blank\" rel=\"noopener noreferrer\">meteoblue<\/a><\/div>\n","protected":false},"excerpt":{"rendered":"<p>Menu: V\u0161eobecn\u00e9 inform\u00e1cie Obec Slavec (ma\u010f. Szal\u00f3c) sa nach\u00e1dza v \u00fazkom Slanskom ka\u0148one, ktor\u00fd je vymedzen\u00fd zo z\u00e1padu Ple\u0161iveckou planinou a z v\u00fdchodu Silickou planinou. S\u00fa\u010das\u0165ou obce je miestna \u010das\u0165 [&hellip;]<\/p>\n","protected":false},"author":1,"featured_media":0,"parent":9,"menu_order":0,"comment_status":"closed","ping_status":"open","template":"","meta":{"_uag_custom_page_level_css":"","footnotes":""},"class_list":["post-1193","page","type-page","status-publish","hentry"],"featured_image_src":"","featured_image_src_square":false,"rbea_author_info":{"display_name":"admin","author_link":"https:\/\/www.slovensky-kras.eu\/info\/author\/admin\/"},"rbea_excerpt_info":"Menu: V\u0161eobecn\u00e9 inform\u00e1cie Obec Slavec (ma\u010f. Szal\u00f3c) sa nach\u00e1dza v \u00fazkom Slanskom ka\u0148one, ktor\u00fd je vymedzen\u00fd zo z\u00e1padu Ple\u0161iveckou planinou a z v\u00fdchodu Silickou planinou. S\u00fa\u010das\u0165ou obce je miestna \u010das\u0165 [&hellip;]","uagb_featured_image_src":{"full":false,"thumbnail":false,"medium":false,"medium_large":false,"large":false,"1536x1536":false,"2048x2048":false},"uagb_author_info":{"display_name":"admin","author_link":"https:\/\/www.slovensky-kras.eu\/info\/author\/admin\/"},"uagb_comment_info":0,"uagb_excerpt":"Menu: V\u0161eobecn\u00e9 inform\u00e1cie Obec Slavec (ma\u010f. Szal\u00f3c) sa nach\u00e1dza v \u00fazkom Slanskom ka\u0148one, ktor\u00fd je vymedzen\u00fd zo z\u00e1padu Ple\u0161iveckou planinou a z v\u00fdchodu Silickou planinou. S\u00fa\u010das\u0165ou obce je miestna \u010das\u0165 [&hellip;]","_links":{"self":[{"href":"https:\/\/www.slovensky-kras.eu\/info\/wp-json\/wp\/v2\/pages\/1193","targetHints":{"allow":["GET"]}}],"collection":[{"href":"https:\/\/www.slovensky-kras.eu\/info\/wp-json\/wp\/v2\/pages"}],"about":[{"href":"https:\/\/www.slovensky-kras.eu\/info\/wp-json\/wp\/v2\/types\/page"}],"author":[{"embeddable":true,"href":"https:\/\/www.slovensky-kras.eu\/info\/wp-json\/wp\/v2\/users\/1"}],"replies":[{"embeddable":true,"href":"https:\/\/www.slovensky-kras.eu\/info\/wp-json\/wp\/v2\/comments?post=1193"}],"version-history":[{"count":48,"href":"https:\/\/www.slovensky-kras.eu\/info\/wp-json\/wp\/v2\/pages\/1193\/revisions"}],"predecessor-version":[{"id":26265,"href":"https:\/\/www.slovensky-kras.eu\/info\/wp-json\/wp\/v2\/pages\/1193\/revisions\/26265"}],"up":[{"embeddable":true,"href":"https:\/\/www.slovensky-kras.eu\/info\/wp-json\/wp\/v2\/pages\/9"}],"wp:attachment":[{"href":"https:\/\/www.slovensky-kras.eu\/info\/wp-json\/wp\/v2\/media?parent=1193"}],"curies":[{"name":"wp","href":"https:\/\/api.w.org\/{rel}","templated":true}]}}