{"id":1190,"date":"2013-07-13T10:39:57","date_gmt":"2013-07-13T08:39:57","guid":{"rendered":"http:\/\/www.slovensky-kras.eu\/info\/?page_id=1190"},"modified":"2022-01-02T18:24:00","modified_gmt":"2022-01-02T17:24:00","slug":"obec-silicka-jablonica","status":"publish","type":"page","link":"https:\/\/www.slovensky-kras.eu\/info\/strediska-a-centra\/obec-silicka-jablonica\/","title":{"rendered":"Obec Silick\u00e1 Jablonica"},"content":{"rendered":"<p><strong>Menu: <\/strong> <a href=\"http:\/\/www.slovensky-kras.eu\/info\/\" class=\"su-button su-button-style-default\" style=\"color:#000000;background-color:#FFCF2F;border-color:#cca626;border-radius:5px\" target=\"_self\"><span style=\"color:#000000;padding:6px 16px;font-size:13px;line-height:20px;border-color:#ffde6e;border-radius:5px;text-shadow:none\"><i class=\"sui sui-arrow-right\" style=\"font-size:13px;color:#000000\"><\/i>  \u00davod \/ Aktuality <\/span><\/a>\n<a href=\"http:\/\/www.slovensky-kras.eu\/info\/strediska-a-centra\/\" class=\"su-button su-button-style-default\" style=\"color:#000000;background-color:#FFCF2F;border-color:#cca626;border-radius:5px\" target=\"_self\"><span style=\"color:#000000;padding:6px 16px;font-size:13px;line-height:20px;border-color:#ffde6e;border-radius:5px;text-shadow:none\"><i class=\"sui sui-arrow-right\" style=\"font-size:13px;color:#000000\"><\/i>  Turistick\u00e9 v\u00fdchodisk\u00e1 <\/span><\/a>\n<div class=\"su-divider su-divider-style-default\" style=\"margin:15px 0;border-width:2px;border-color:#000000\"><\/div>\n<div class=\"su-accordion su-u-trim\">\n<div class=\"su-spoiler su-spoiler-style-fancy su-spoiler-icon-plus su-spoiler-closed\" data-scroll-offset=\"0\" data-anchor-in-url=\"no\"><div class=\"su-spoiler-title\" tabindex=\"0\" role=\"button\"><span class=\"su-spoiler-icon\"><\/span>Textov\u00e9 menu - Turistick\u00e9 v\u00fdchodisk\u00e1<\/div><div class=\"su-spoiler-content su-u-clearfix su-u-trim\"><div class=\"column-group columns-2\"><div class=\"column column-number-1 column-span-1\"><p><strong>Rekrea\u010dn\u00e9 stredisk\u00e1 a oblasti:<\/strong><br \/>\n<a href=\"http:\/\/www.slovensky-kras.eu\/info\/?page_id=97\">Domica<\/a><br \/>\n<a href=\"http:\/\/www.slovensky-kras.eu\/info\/rekreacne-stredisko-gombasek\/\">Gombasek<\/a><br \/>\n<a href=\"http:\/\/www.slovensky-kras.eu\/info\/strediska-a-centra\/turisticka-oblast-soroska-jablonovske-sedlo\/\">Soro\u0161ka-Jablonovsk\u00e9 sedlo<\/a><br \/>\n<a href=\"http:\/\/www.slovensky-kras.eu\/info\/strediska-a-centra\/rekreacna-oblast-sugov\/\">\u0160ugov<\/a><br \/>\n<strong>Mest\u00e1:<\/strong><br \/>\n<a href=\"http:\/\/www.slovensky-kras.eu\/info\/strediska-a-centra\/mesto-medzev\/\">Medzev<\/a><br \/>\n<a href=\"http:\/\/www.slovensky-kras.eu\/info\/strediska-a-centra\/mesto-moldava-nad-bodvou\/\">Moldava nad Bodvou<\/a><br \/>\n<a href=\"http:\/\/www.slovensky-kras.eu\/info\/strediska-a-centra\/mesto-roznava\/\">Ro\u017e\u0148ava<\/a><br \/>\n<strong>Obce:<\/strong><br \/>\n<a href=\"http:\/\/www.slovensky-kras.eu\/info\/strediska-a-centra\/obec-ardovo\/\">Ardovo<\/a><br \/>\n<a title=\"Obec B\u00f4rka\" href=\"http:\/\/www.slovensky-kras.eu\/info\/strediska-a-centra\/obec-borka\/\">B\u00f4rka<\/a><br \/>\n<a href=\"http:\/\/www.slovensky-kras.eu\/info\/strediska-a-centra\/obec-bretka\/\">Bretka<\/a><br \/>\n<a href=\"http:\/\/www.slovensky-kras.eu\/info\/strediska-a-centra\/obec-brzotin\/\">Brzot\u00edn<\/a><br \/>\n<a href=\"http:\/\/www.slovensky-kras.eu\/info\/strediska-a-centra\/obec-dlha-ves\/\">Dlh\u00e1 Ves<\/a><br \/>\n<a href=\"http:\/\/www.slovensky-kras.eu\/info\/strediska-a-centra\/obec-drnava\/\">Drnava<\/a><br \/>\n<a href=\"http:\/\/www.slovensky-kras.eu\/info\/strediska-a-centra\/1017-2\/\">Dvorn\u00edky-V\u010del\u00e1re<\/a><br \/>\n<a href=\"http:\/\/www.slovensky-kras.eu\/info\/strediska-a-centra\/obec-drienovec-drienovecke-kupele\/\">Drienovec-Drienoveck\u00e9 k\u00fapele<\/a><br \/>\n<a href=\"http:\/\/www.slovensky-kras.eu\/info\/strediska-a-centra\/obec-gemerska-horka\/\">Gemersk\u00e1 H\u00f4rka<\/a><br \/>\n<a href=\"http:\/\/www.slovensky-kras.eu\/info\/obec-hacava\/\">Ha\u010dava<\/a><br \/>\n<a href=\"http:\/\/www.slovensky-kras.eu\/info\/strediska-a-centra\/obec-haj\/\">H\u00e1j<\/p>\n<\/div>\n<\/a><div class=\"column column-number-2 last column-span-1\"><p><a href=\"http:\/\/www.slovensky-kras.eu\/info\/strediska-a-centra\/obec-hrhov\/\">Hrhov<\/a><br \/>\n<a href=\"http:\/\/www.slovensky-kras.eu\/info\/strediska-a-centra\/obec-hrusov\/\">Hru\u0161ov<\/a><br \/>\n<a href=\"http:\/\/www.slovensky-kras.eu\/info\/strediska-a-centra\/obec-jablonov-nad-turnou\/\">Jablonov nad Tur\u0148ou<\/a><br \/>\n<a href=\"http:\/\/www.slovensky-kras.eu\/info\/strediska-a-centra\/obec-jasov\/\">Jasov<\/a><br \/>\n<a href=\"http:\/\/www.slovensky-kras.eu\/info\/strediska-a-centra\/obec-jovice\/\">Jovice<\/a><br \/>\n<a href=\"http:\/\/www.slovensky-kras.eu\/info\/strediska-a-centra\/obec-kecovo\/\">Ke\u010dovo<\/a><br \/>\n<a href=\"http:\/\/www.slovensky-kras.eu\/info\/strediska-a-centra\/obec-krasnohorska-dlha-luka\/\">Kr\u00e1snohorsk\u00e1 Dlh\u00e1 L\u00faka<\/a><br \/>\n<a href=\"http:\/\/www.slovensky-kras.eu\/info\/strediska-a-centra\/obec-krasnohorske-podhradie\/\">Kr\u00e1snohorsk\u00e9 Podhradie<\/a><br \/>\n<a href=\"http:\/\/www.slovensky-kras.eu\/info\/strediska-a-centra\/obec-kruzna\/\">Kru\u017en\u00e1<\/a><br \/>\n<a href=\"http:\/\/www.slovensky-kras.eu\/info\/strediska-a-centra\/obec-lucka\/\">L\u00fa\u010dka<\/a><br \/>\n<a href=\"http:\/\/www.slovensky-kras.eu\/info\/strediska-a-centra\/obec-ochtina\/\">Ochtin\u00e1<\/a><br \/>\n<a href=\"http:\/\/www.slovensky-kras.eu\/info\/strediska-a-centra\/obec-plesivec\/\">Ple\u0161ivec<\/a><br \/>\n<a href=\"http:\/\/www.slovensky-kras.eu\/info\/strediska-a-centra\/obec-rakovnica\/\">Rakovnica<\/a><br \/>\n<a href=\"http:\/\/www.slovensky-kras.eu\/info\/strediska-a-centra\/obec-silica\/\">Silica<\/a><br \/>\n<a href=\"http:\/\/www.slovensky-kras.eu\/info\/strediska-a-centra\/obec-silicka-brezova\/\">Silick\u00e1 Brezov\u00e1<\/a><br \/>\n<a href=\"http:\/\/www.slovensky-kras.eu\/info\/strediska-a-centra\/obec-silicka-jablonica\/\">Silick\u00e1 Jablonica<\/a><br \/>\n<a href=\"http:\/\/www.slovensky-kras.eu\/info\/strediska-a-centra\/obec-slavec\/\">Slavec<\/a><br \/>\n<a href=\"http:\/\/www.slovensky-kras.eu\/info\/strediska-a-centra\/obec-stitnik\/\">\u0160t\u00edtnik<\/a><br \/>\n<a href=\"http:\/\/www.slovensky-kras.eu\/info\/strediska-a-centra\/obec-turna-nad-bodvou\/\">Tur\u0148a nad Bodvou<\/a><br \/>\n<a href=\"http:\/\/www.slovensky-kras.eu\/info\/strediska-a-centra\/obec-zadiel\/\">Z\u00e1diel<\/a><\/p>\n<\/div><\/div>\n<\/div><\/div>\n<\/div>\n<div class=\"su-divider su-divider-style-default\" style=\"margin:15px 0;border-width:2px;border-color:#000000\"><\/div>\n<h3><span style=\"color: #808000;\">V\u0161eobecn\u00e9 inform\u00e1cie<\/span><\/h3>\n<p>Obec Silick\u00e1 Jablonica (ma\u010f. Jablonca) sa nach\u00e1dza v \u00fadol\u00ed rie\u010dky Tur\u0148a, medzi planinami <a href=\"http:\/\/www.slovensky-kras.eu\/info\/kam-do-prirody\/planina-dolny-vrch\/\">Doln\u00fd vrch<\/a> a <a href=\"http:\/\/www.slovensky-kras.eu\/info\/kam-do-prirody\/silicka-planina\/\">Silick\u00e1 planina<\/a>.<\/p>\n<figure id=\"attachment_18168\" aria-describedby=\"caption-attachment-18168\" style=\"width: 800px\" class=\"wp-caption aligncenter\"><a href=\"http:\/\/www.slovensky-kras.eu\/info\/wp-content\/uploads\/2020\/11\/silicka-jablonica2-1.jpg\"><img loading=\"lazy\" decoding=\"async\" class=\"wp-image-18168 size-full\" src=\"http:\/\/www.slovensky-kras.eu\/info\/wp-content\/uploads\/2020\/11\/silicka-jablonica2-1.jpg\" alt=\"\" width=\"800\" height=\"368\" srcset=\"https:\/\/www.slovensky-kras.eu\/info\/wp-content\/uploads\/2020\/11\/silicka-jablonica2-1.jpg 800w, https:\/\/www.slovensky-kras.eu\/info\/wp-content\/uploads\/2020\/11\/silicka-jablonica2-1-768x353.jpg 768w\" sizes=\"auto, (max-width: 800px) 100vw, 800px\" \/><\/a><figcaption id=\"caption-attachment-18168\" class=\"wp-caption-text\">Silick\u00e1 Jablonica, fotograf: Tibor I\u010do<\/figcaption><\/figure>\n<p>Nadmorsk\u00e1 v\u00fd\u0161ka obce v jej strede je 256 , v jej chot\u00e1ri je 220 \u2013 607 m.<\/p>\n<p>Katastr\u00e1lne \u00fazemie obce Silick\u00e1 Jablonica je situovan\u00e9 v ju\u017enej \u010dasti okresu Ro\u017e\u0148ava v Ko\u0161ickom kraji.<\/p>\n<figure id=\"attachment_18172\" aria-describedby=\"caption-attachment-18172\" style=\"width: 800px\" class=\"wp-caption aligncenter\"><a href=\"http:\/\/www.slovensky-kras.eu\/info\/wp-content\/uploads\/2020\/11\/silicka-jablonica84.jpg\"><img loading=\"lazy\" decoding=\"async\" class=\"wp-image-18172 size-full\" src=\"http:\/\/www.slovensky-kras.eu\/info\/wp-content\/uploads\/2020\/11\/silicka-jablonica84.jpg\" alt=\"\" width=\"800\" height=\"531\" srcset=\"https:\/\/www.slovensky-kras.eu\/info\/wp-content\/uploads\/2020\/11\/silicka-jablonica84.jpg 800w, https:\/\/www.slovensky-kras.eu\/info\/wp-content\/uploads\/2020\/11\/silicka-jablonica84-768x510.jpg 768w\" sizes=\"auto, (max-width: 800px) 100vw, 800px\" \/><\/a><figcaption id=\"caption-attachment-18172\" class=\"wp-caption-text\">Silick\u00e1 Jablonica, fotograf: Tibor I\u010do<\/figcaption><\/figure>\n<p>Star\u00e1 vinohradn\u00edcka obec je v s\u00fa\u010dasnosti s\u00fa\u010das\u0165ou <a href=\"http:\/\/www.slovensky-kras.eu\/info\/turnianska-vinna-cesta\/\">Turnianskej v\u00ednnej cesty<\/a>\u00a0a <a href=\"http:\/\/www.slovensky-kras.eu\/info\/vseobecne-informacie\/\">NP Slovensk\u00fd kras<\/a>.<\/p>\n<p>\u00dazemie obce le\u017e\u00ed v jeho ochrannom p\u00e1sme.<\/p>\n<p>V okol\u00ed obce sa vyskytuj\u00fa r\u00f4zne pr\u00edrodn\u00e9 zauj\u00edmavosti ako s\u00fa z\u00e1vrty, priepasti, vyviera\u010dky, jaskyne a vz\u00e1cna fauna a fl\u00f3ra.<\/p>\n<p>Uprostred obce n\u00e1jdeme e\u0161te typick\u00fa vahadlov\u00fa stud\u0148u naz\u00fdvan\u00fa <strong>g\u00e9mesk\u00fat<\/strong>.<\/p>\n<p>Medzi dominanty obce patria r\u00edmskokatol\u00edcky <a href=\"http:\/\/www.slovensky-kras.eu\/info\/kam-za-pamiatkami\/rimskokatolicky-kostol-sv-petra-a-pavla-v-silickej-jablonici\/\">kostol sv. Petra a Pavla<\/a> a <a href=\"http:\/\/www.slovensky-kras.eu\/info\/kam-za-pamiatkami\/reformovany-kostol-v-silickej-jablonici\/\">kostol reformovanej cirkvi<\/a> s opevnen\u00edm.<\/p>\n<h4><span style=\"color: #993300;\">R\u00edmskokatolick\u00fd kostol sv. Petra a Pavla <\/span><\/h4>\n<p>R\u00edmskokatol\u00edcky kostol sv. Petra a Pavla v <a href=\"http:\/\/www.slovensky-kras.eu\/info\/strediska-a-centra\/obec-silicka-jablonica\/\">Silickej Jablonici<\/a> je jednolo\u010fov\u00e1 neorom\u00e1nska stavba s polkruhov\u00fdm ukon\u010den\u00edm presbyt\u00e9ria z roku 1867.<\/p>\n<figure id=\"attachment_18207\" aria-describedby=\"caption-attachment-18207\" style=\"width: 800px\" class=\"wp-caption aligncenter\"><a href=\"http:\/\/www.slovensky-kras.eu\/info\/wp-content\/uploads\/2020\/11\/silicka-jablonica7.jpg\"><img loading=\"lazy\" decoding=\"async\" class=\"wp-image-18207 size-full\" src=\"http:\/\/www.slovensky-kras.eu\/info\/wp-content\/uploads\/2020\/11\/silicka-jablonica7.jpg\" alt=\"\" width=\"800\" height=\"533\" srcset=\"https:\/\/www.slovensky-kras.eu\/info\/wp-content\/uploads\/2020\/11\/silicka-jablonica7.jpg 800w, https:\/\/www.slovensky-kras.eu\/info\/wp-content\/uploads\/2020\/11\/silicka-jablonica7-768x512.jpg 768w\" sizes=\"auto, (max-width: 800px) 100vw, 800px\" \/><\/a><figcaption id=\"caption-attachment-18207\" class=\"wp-caption-text\">R\u00edmskokatolick\u00fd kostol sv. Petra a Pavla v Silickej Jablonici, fotograf: Tibor I\u010do<\/figcaption><\/figure>\n<p>Na mieste s\u00fa\u010dasnej stavby st\u00e1l neskorogotick\u00fd kostol nezn\u00e1mej podoby z konca 15 storo\u010dia.<\/p>\n<p>V t\u00fdch \u010dasoch bol zasv\u00e4ten\u00fd Nanebovzatiu Panny M\u00e1rie.<\/p>\n<p><strong>Viac info o kostole v obci sa do\u010d\u00edtate tu:<\/strong><\/p>\n<ul>\n<li><a href=\"https:\/\/www.slovensky-kras.eu\/info\/kam-za-pamiatkami\/rimskokatolicky-kostol-sv-petra-a-pavla-v-silickej-jablonici\/\" target=\"_blank\" rel=\"noopener\">R\u00edmskokatolick\u00fd kostol sv. Petra a Pavla (\u010d\u00edtaj viac v novom okne..)<\/a><\/li>\n<\/ul>\n<h4><span style=\"color: #993300;\">Reformovan\u00fd kostol v Silickej Jablonici<\/span><\/h4>\n<p>Reformovan\u00fd kostol v <a href=\"http:\/\/www.slovensky-kras.eu\/info\/strediska-a-centra\/obec-silicka-jablonica\/\">Silickej Jablonici<\/a> je jednolo\u010fov\u00e1 klasicistick\u00e1 toleran\u010dn\u00e1 stavba s pravouhl\u00fdm z\u00e1verom a predstavanou ve\u017eou.<\/p>\n<figure id=\"attachment_18181\" aria-describedby=\"caption-attachment-18181\" style=\"width: 800px\" class=\"wp-caption aligncenter\"><a href=\"http:\/\/www.slovensky-kras.eu\/info\/wp-content\/uploads\/2020\/11\/Silicka-Jablonica-kostol-768x512-1.png\"><img loading=\"lazy\" decoding=\"async\" class=\"wp-image-18181 size-full\" src=\"http:\/\/www.slovensky-kras.eu\/info\/wp-content\/uploads\/2020\/11\/Silicka-Jablonica-kostol-768x512-1.png\" alt=\"\" width=\"800\" height=\"533\" srcset=\"https:\/\/www.slovensky-kras.eu\/info\/wp-content\/uploads\/2020\/11\/Silicka-Jablonica-kostol-768x512-1.png 800w, https:\/\/www.slovensky-kras.eu\/info\/wp-content\/uploads\/2020\/11\/Silicka-Jablonica-kostol-768x512-1-768x512.png 768w\" sizes=\"auto, (max-width: 800px) 100vw, 800px\" \/><\/a><figcaption id=\"caption-attachment-18181\" class=\"wp-caption-text\">klasicistick\u00fd reformovan\u00fd kostol z roku 1789<\/figcaption><\/figure>\n<p>Bol postaveny v roku 1789 po vydan\u00ed Toleran\u010dn\u00e9ho patentu Jozefom II. z roku 1781, ktor\u00fd po rokoch prenasledovania dovolil evanjelikom stava\u0165 si vlastn\u00e9 chr\u00e1my a obnovi\u0165 cirkevn\u00e9 zbory.<\/p>\n<p>P\u00f4vodne bol p\u00f4vodne postaven\u00fd bez ve\u017ee, ke\u010f\u017ee protestantsk\u00e9 kostoly e\u0161te podliehali ur\u010dit\u00fdm stavebn\u00fdm obmedzeniam.<\/p>\n<p><strong>Viac info o kostole v obci sa do\u010d\u00edtate tu:<\/strong><\/p>\n<ul>\n<li><a href=\"https:\/\/www.slovensky-kras.eu\/info\/kam-za-pamiatkami\/reformovany-kostol-v-silickej-jablonici\/\" target=\"_blank\" rel=\"noopener\">Viac info o kostole v obci sa do\u010d\u00edtate tu: (\u010d\u00edtaj viac v novom okne&#8230;)<\/a><\/li>\n<\/ul>\n<h4><span style=\"color: #993300;\">\u013dudov\u00e1 architekt\u00fara v Silickej Jablonici<\/span><\/h4>\n<p>V <a href=\"http:\/\/www.slovensky-kras.eu\/info\/strediska-a-centra\/obec-silicka-jablonica\/\">obci Silick\u00e1 Jablonica<\/a> (ma\u010f. Jablonca) sa zachovalo mno\u017estvo p\u00f4vodn\u00fdch <strong>ro\u013en\u00edckych domov typu Pal\u00f3c,<\/strong> \u010do je najviac zachovan\u00fdch \u013eudov\u00fdch domov tohto druhu v celej oblasti <strong>Gemera<\/strong>, v\u00fdchodnej oblasti <strong>Abova<\/strong> a <a href=\"http:\/\/www.slovensky-kras.eu\/info\/vseobecne-informacie\/\">Slovensk\u00e9ho krasu<\/a>.<\/p>\n<figure id=\"attachment_8801\" aria-describedby=\"caption-attachment-8801\" style=\"width: 800px\" class=\"wp-caption aligncenter\"><a href=\"http:\/\/www.slovensky-kras.eu\/info\/wp-content\/uploads\/2013\/06\/silicka-jablonica.jpg\"><img loading=\"lazy\" decoding=\"async\" class=\"wp-image-8801 size-medium\" src=\"http:\/\/www.slovensky-kras.eu\/info\/wp-content\/uploads\/2013\/06\/silicka-jablonica-800x600.jpg\" alt=\"silicka-jablonica\" width=\"800\" height=\"600\" srcset=\"https:\/\/www.slovensky-kras.eu\/info\/wp-content\/uploads\/2013\/06\/silicka-jablonica-800x600.jpg 800w, https:\/\/www.slovensky-kras.eu\/info\/wp-content\/uploads\/2013\/06\/silicka-jablonica-1024x768.jpg 1024w, https:\/\/www.slovensky-kras.eu\/info\/wp-content\/uploads\/2013\/06\/silicka-jablonica-768x576.jpg 768w, https:\/\/www.slovensky-kras.eu\/info\/wp-content\/uploads\/2013\/06\/silicka-jablonica-1536x1152.jpg 1536w, https:\/\/www.slovensky-kras.eu\/info\/wp-content\/uploads\/2013\/06\/silicka-jablonica-1200x900.jpg 1200w, https:\/\/www.slovensky-kras.eu\/info\/wp-content\/uploads\/2013\/06\/silicka-jablonica.jpg 1707w\" sizes=\"auto, (max-width: 800px) 100vw, 800px\" \/><\/a><figcaption id=\"caption-attachment-8801\" class=\"wp-caption-text\">\u013dudov\u00e1 architekt\u00fara v Silickej Jablonici<\/figcaption><\/figure>\n<p>Obec patrila v minulosti do Turnianskej a v 19. storo\u010d\u00ed do Abovsko-turnianskej \u017eupy.<\/p>\n<p>Spom\u00ednan\u00e9 objekty predstavuj\u00fa typick\u00fa \u013eudov\u00fa architekt\u00faru z konca 19. storo\u010dia a za\u010diatku 20. storo\u010dia.<\/p>\n<p><strong>Viac info o \u013eudovej architekt\u00fare v obci sa do\u010d\u00edtate tu:<\/strong><\/p>\n<ul>\n<li><a href=\"https:\/\/www.slovensky-kras.eu\/info\/kam-za-pamiatkami\/gemerska-ludova-architektura-v-silickej-jablonici\/\" target=\"_blank\" rel=\"noopener\">\u013dudov\u00e1 architekt\u00fara v Silickej Jablonici (\u010d\u00edtaj viac v novom okne&#8230;)<\/a><\/li>\n<\/ul>\n<h4><span style=\"color: #993300;\">Hr\u00e1dok Sokol\u00ed kame\u0148<\/span><\/h4>\n<p>Ne\u010faleko obce na planine <a href=\"http:\/\/www.slovensky-kras.eu\/info\/kam-do-prirody\/planina-dolny-vrch\/\">Doln\u00fd vrch<\/a> pod <strong>Bukov\u00fdm vrchom (499 m.n.m)<\/strong> na v\u00fdh\u013eadovej <a href=\"http:\/\/www.slovensky-kras.eu\/info\/kam-do-prirody\/sokolia-skala\/\">Sokolej skale<\/a> st\u00e1l neve\u013ek\u00fd hrad zvan\u00fd <a href=\"http:\/\/www.slovensky-kras.eu\/info\/kam-za-pamiatkami\/hrad-sokoli-kamen\/\">Sokol\u00ed kame\u0148<\/a>.<\/p>\n<figure id=\"attachment_20534\" aria-describedby=\"caption-attachment-20534\" style=\"width: 800px\" class=\"wp-caption aligncenter\"><a href=\"https:\/\/www.slovensky-kras.eu\/info\/wp-content\/uploads\/2021\/06\/sokoli-kamen-hrad.jpg\"><img loading=\"lazy\" decoding=\"async\" class=\"wp-image-20534 size-medium\" src=\"https:\/\/www.slovensky-kras.eu\/info\/wp-content\/uploads\/2021\/06\/sokoli-kamen-hrad-800x600.jpg\" alt=\"\" width=\"800\" height=\"600\" srcset=\"https:\/\/www.slovensky-kras.eu\/info\/wp-content\/uploads\/2021\/06\/sokoli-kamen-hrad-800x600.jpg 800w, https:\/\/www.slovensky-kras.eu\/info\/wp-content\/uploads\/2021\/06\/sokoli-kamen-hrad-1024x768.jpg 1024w, https:\/\/www.slovensky-kras.eu\/info\/wp-content\/uploads\/2021\/06\/sokoli-kamen-hrad-768x576.jpg 768w, https:\/\/www.slovensky-kras.eu\/info\/wp-content\/uploads\/2021\/06\/sokoli-kamen-hrad.jpg 1100w\" sizes=\"auto, (max-width: 800px) 100vw, 800px\" \/><\/a><figcaption id=\"caption-attachment-20534\" class=\"wp-caption-text\">Hr\u00e1dok Sokol\u00ed kame\u0148 \u2013 foto: Viktor Bal\u00e1\u017e KST Ro\u017e\u0148ava<\/figcaption><\/figure>\n<p>Dnes s\u00fa z hradu badate\u013en\u00e9 iba nepatrn\u00e9 zvy\u0161ky mur\u00edv.<\/p>\n<p>Ide o pozostatky valov stredovek\u00e9ho str\u00e1\u017eneho hr\u00e1dku.<\/p>\n<p>Hrad zanikol koncom 14. storo\u010dia.<\/p>\n<p><strong>Viac info o hrade sa do\u010d\u00edtate tu:<\/strong><\/p>\n<ul>\n<li><a href=\"https:\/\/www.slovensky-kras.eu\/info\/kam-za-pamiatkami\/hrad-sokoli-kamen\/\" target=\"_blank\" rel=\"noopener\">Hrad Sokol\u00ed kame\u0148 \u2013 zr\u00facanina (\u010d\u00edtaj viac v novom okne&#8230;)<\/a><\/li>\n<\/ul>\n<h3><span style=\"color: #808000;\">Turistick\u00e9 ciele a mo\u017enosti<strong><br \/>\n<\/strong><\/span><\/h3>\n<h4><span style=\"color: #993300;\">Turistick\u00e9 trasy<\/span><\/h4>\n<p>Obcou prech\u00e1dza\u00a0<img loading=\"lazy\" decoding=\"async\" class=\"alignnone wp-image-10332 size-full\" src=\"http:\/\/www.slovensky-kras.eu\/info\/wp-content\/uploads\/2013\/06\/zlta.png\" alt=\"\" width=\"20\" height=\"21\" \/> \u017elt\u00e1 turistick\u00e1 trasa, ktor\u00e1 smerom do obce <a href=\"http:\/\/www.slovensky-kras.eu\/info\/strediska-a-centra\/obec-silica\/\">Silica<\/a> prech\u00e1dza <a href=\"http:\/\/www.slovensky-kras.eu\/info\/kam-do-prirody\/silicka-planina\/\">Silickou planinou<\/a>.<\/p>\n<figure id=\"attachment_5718\" aria-describedby=\"caption-attachment-5718\" style=\"width: 800px\" class=\"wp-caption aligncenter\"><a href=\"http:\/\/www.slovensky-kras.eu\/info\/wp-content\/uploads\/2013\/06\/img_87011.jpg\"><img loading=\"lazy\" decoding=\"async\" class=\"wp-image-5718\" src=\"http:\/\/www.slovensky-kras.eu\/info\/wp-content\/uploads\/2013\/06\/img_87011.jpg\" alt=\"img_8701\" width=\"800\" height=\"533\" \/><\/a><figcaption id=\"caption-attachment-5718\" class=\"wp-caption-text\">Zbojn\u00edcka jasky\u0148a<\/figcaption><\/figure>\n<p>Za obcou <a href=\"http:\/\/www.slovensky-kras.eu\/info\/strediska-a-centra\/obec-silica\/\">Silica<\/a> pokra\u010duje \u00a0<img loading=\"lazy\" decoding=\"async\" class=\"alignnone wp-image-10332 size-full\" src=\"http:\/\/www.slovensky-kras.eu\/info\/wp-content\/uploads\/2013\/06\/zlta.png\" alt=\"\" width=\"20\" height=\"21\" \/> \u017elt\u00e1 turistick\u00e1 trasa ku jaskyni <a href=\"http:\/\/www.slovensky-kras.eu\/info\/jaskyne-a-priepasti\/jaskyna-silicka-ladnica\/\">Silick\u00e1 \u013eadnica<\/a> s majest\u00e1tnym a spr\u00edstupnen\u00fdm vstupn\u00fdm port\u00e1lom.<\/p>\n<p>Celkov\u00fd \u010das z obce Silick\u00e1 Jablonica ku jaskyni <a href=\"http:\/\/www.slovensky-kras.eu\/info\/jaskyne-a-priepasti\/jaskyna-silicka-ladnica\/\">Silick\u00e1 \u013eadnica<\/a> trv\u00e1 pribli\u017ene 1:10 h (nasp\u00e4\u0165 1:05 h).<\/p>\n<figure id=\"attachment_18234\" aria-describedby=\"caption-attachment-18234\" style=\"width: 800px\" class=\"wp-caption aligncenter\"><a href=\"http:\/\/www.slovensky-kras.eu\/info\/wp-content\/uploads\/2020\/11\/sokolia-skala3.jpg\"><img loading=\"lazy\" decoding=\"async\" class=\"wp-image-18234\" src=\"http:\/\/www.slovensky-kras.eu\/info\/wp-content\/uploads\/2020\/11\/sokolia-skala3.jpg\" alt=\"\" width=\"800\" height=\"534\" srcset=\"https:\/\/www.slovensky-kras.eu\/info\/wp-content\/uploads\/2020\/11\/sokolia-skala3.jpg 1000w, https:\/\/www.slovensky-kras.eu\/info\/wp-content\/uploads\/2020\/11\/sokolia-skala3-800x534.jpg 800w, https:\/\/www.slovensky-kras.eu\/info\/wp-content\/uploads\/2020\/11\/sokolia-skala3-768x512.jpg 768w\" sizes=\"auto, (max-width: 800px) 100vw, 800px\" \/><\/a><figcaption id=\"caption-attachment-18234\" class=\"wp-caption-text\">Sokolia skala (450 m n.m.), fotograf: , \u00d6rs Orosz (Gombasz\u00f6gi Ny\u00e1ri T\u00e1bor)<\/figcaption><\/figure>\n<p>Opa\u010dn\u00fdm smerom pokra\u010duje\u00a0\u00a0<img loading=\"lazy\" decoding=\"async\" class=\"alignnone wp-image-10332 size-full\" src=\"http:\/\/www.slovensky-kras.eu\/info\/wp-content\/uploads\/2013\/06\/zlta.png\" alt=\"\" width=\"20\" height=\"21\" \/> \u017elt\u00e1 turistick\u00e1 trasa do obce <a href=\"http:\/\/www.slovensky-kras.eu\/info\/strediska-a-centra\/obec-hrusov\/\">Hru\u0161ov<\/a>.<\/p>\n<h4><span style=\"color: #993300;\">Kombinovan\u00e9 trasy<\/span><\/h4>\n<p>Obec je dobr\u00fdm v\u00fdchodiskom do <a href=\"http:\/\/www.slovensky-kras.eu\/info\/kam-do-prirody\/pr-sokolia-skala\/\">PR Sokolia skala<\/a>, kde sa nach\u00e1dza v\u00fdh\u013eadov\u00e1 <a href=\"http:\/\/www.slovensky-kras.eu\/info\/kam-do-prirody\/sokolia-skala\/\">Sokolia skala (450 m n.m.)<\/a> a zaniknut\u00fd hr\u00e1dok <a href=\"http:\/\/www.slovensky-kras.eu\/info\/kam-za-pamiatkami\/hrad-sokoli-kamen\/\">Sokol\u00ed kame\u0148<\/a>, na <a href=\"http:\/\/www.slovensky-kras.eu\/info\/kam-do-prirody\/silicka-planina\/\">Silick\u00fa planinu<\/a>, na <a href=\"http:\/\/www.slovensky-kras.eu\/info\/kam-do-prirody\/planina-dolny-vrch\/\">planinu Doln\u00fd vrch<\/a>, k <a href=\"http:\/\/www.slovensky-kras.eu\/info\/kam-do-prirody\/zbojnicka-jaskyna\/\">Zbojnickej jaskyni<\/a> a k hradu <a href=\"http:\/\/www.slovensky-kras.eu\/info\/kam-za-pamiatkami\/hrad-szadvar-np-aggtelek\/\">Sz\u00e1dv\u00e1r<\/a>.<\/p>\n<h4><span style=\"color: #993300;\">Cykloturistick\u00e9 trasy<\/span><\/h4>\n<p>Cykloturistom je tu k dispoz\u00edci\u00ed \u010derven\u00e1 cykloturistick\u00e1 trasa naz\u00fdvan\u00e1 <strong>Cyklomagistr\u00e1la Slovensk\u00fd kras<\/strong> o celkovej d\u013a\u017eke pribl\u00ed\u017ene 195 km.<\/p>\n<h3><span style=\"color: #808000;\">Hist\u00f3ria<\/span><\/h3>\n<p>Prv\u00e1 p\u00edsomn\u00e1 zmienka o obci Silick\u00e1 Jablonica je z roku 1386 kedy sa naz\u00fdvala Jablonca, Zedlyche.<\/p>\n<p>V \u010fal\u0161om historickom v\u00fdvoji sa jej n\u00e1zov menil nasledovne: z roku 1402 je p\u00edsomne dolo\u017een\u00fd n\u00e1zov Jabloncha, Zedliche, z roku 1750 Jabloncza, z roku 1920 Jablonica, z roku 1927 Jablonca, z roku 1948 Silick\u00e1 Jablonica.<\/p>\n<p>Po ma\u010farsky sa obec \u00faradne naz\u00fdvala Jablonca.<\/p>\n<p>Obec je dolo\u017een\u00e1 v roku 1386.<\/p>\n<p>Patrila Bebekovcom z Ple\u0161ivca.<\/p>\n<p>V roku 1427 mala 58 port.<\/p>\n<p>Od polovice 16. storo\u010dia bola s\u00fa\u010das\u0165ou panstva Tur\u0148a.<\/p>\n<p>Obec patrila v minulosti do Turnianskej a v 19. storo\u010d\u00ed do Abovsko-turnianskej \u017eupy.<\/p>\n<p>V roku 1828 mala 136 domov a 695 obyvate\u013eov.<\/p>\n<p>Obec bola v roku 1938 a\u017e 1945 pripojen\u00e1 k Ma\u010farsku.<\/p>\n<p>V roku 1944 ju postihla povode\u0148.<\/p>\n<h3><span style=\"color: #808000;\">Pamiatky<\/span><\/h3>\n<ul>\n<li><a href=\"http:\/\/www.slovensky-kras.eu\/info\/kam-za-pamiatkami\/gemerska-ludova-architektura-v-silickej-jablonici\/\">Gemersk\u00e1 \u013eudov\u00e1 architekt\u00fara v Silickej Jablonici (\u010d\u00edtaj viac&#8230;)<\/a><\/li>\n<\/ul>\n<ul>\n<li><a href=\"http:\/\/www.slovensky-kras.eu\/info\/kam-za-pamiatkami\/rimskokatolicky-kostol-sv-petra-a-pavla-v-silickej-jablonici\/\">Neorom\u00e1nsk\u00fd r\u00edmskokatolick\u00fd kostol sv. Petra a Pavla (\u010d\u00edtaj viac&#8230;)<\/a><\/li>\n<\/ul>\n<ul>\n<li><a href=\"http:\/\/www.slovensky-kras.eu\/info\/kam-za-pamiatkami\/reformovany-kostol-v-silickej-jablonici\/\">Klasicistick\u00fd reformovan\u00fd kostol (\u010d\u00edtaj viac&#8230;)<\/a><\/li>\n<\/ul>\n<h3><span style=\"color: #808000;\">Ostatn\u00e9<\/span><\/h3>\n<ul>\n<li><a href=\"http:\/\/www.slovensky-kras.eu\/info\/turnianska-vinna-cesta\/\">Turnianska v\u00ednna cesta (\u010d\u00edtaj viac&#8230;)<\/a><\/li>\n<\/ul>\n<h3><span style=\"color: #808000;\">Doprava<\/span><\/h3>\n<p>Obcou prech\u00e1dza cesta 3. triedy \u010d\u00edslo 050163 medzi obcami Jablonov n. Tur\u0148ou a Silick\u00e1 Jablonica.<\/p>\n<p>Cesta tr. III\/050163 sa v obci Jablonov n. Tur\u0148ou prip\u00e1ja na cestu tr. I\/50 (E571).<\/p>\n<h3><span style=\"color: #808000;\">Mapy<\/span><\/h3>\n<p><strong>Vrstvy: <\/strong>Turistick\u00e1 mapa, Automapa, Cyklomapa, Ly\u017eiarska mapa, Satelitn\u00e1 mapa a OpenStreetMap.<\/p>\n<p><strong>Kliknut\u00edm na logo &#8222;Freemap.sk&#8220; sa V\u00e1m mapa zobraz\u00ed na celej ploche obrazovky.<\/strong><\/p>\n<p><iframe style=\"width: 800px; height: 600px; border: 0;\" src=\"https:\/\/www.freemap.sk\/?map=14\/48.558631\/20.610394&amp;info-point=48.558631\/20.610394,Obec Silick\u00e1 Jablonica&amp;layers=T&amp;embed=search\" allowfullscreen=\"allowfullscreen\"><\/iframe><\/p>\n<h3><span style=\"color: #808000;\">Po\u010dasie<\/span><\/h3>\n<p><iframe style=\"width: 800px; height: 610px;\" src=\"https:\/\/www.meteoblue.com\/sk\/po%C4%8Dasie\/widget\/three\/silick%c3%a1-jablonica_slovensk%c3%a1-republika_723619?geoloc=fixed&amp;nocurrent=0&amp;noforecast=0&amp;days=6&amp;tempunit=CELSIUS&amp;windunit=KILOMETER_PER_HOUR&amp;layout=image\" frameborder=\"0\" scrolling=\"NO\" sandbox=\"allow-same-origin allow-scripts allow-popups allow-popups-to-escape-sandbox\"><span data-mce-type=\"bookmark\" style=\"display: inline-block; width: 0px; overflow: hidden; line-height: 0;\" class=\"mce_SELRES_start\">\ufeff<\/span><\/iframe><\/p>\n<div><!-- DO NOT REMOVE THIS LINK --><a href=\"https:\/\/www.meteoblue.com\/sk\/po%C4%8Dasie\/predpove%C4%8F\/t%C3%BD%C5%BEde%C5%88\/silick%c3%a1-jablonica_slovensk%c3%a1-republika_723619?utm_source=weather_widget&amp;utm_medium=linkus&amp;utm_content=three&amp;utm_campaign=Weather%2BWidget\" target=\"_blank\" rel=\"noopener noreferrer\">meteoblue<\/a><\/div>\n","protected":false},"excerpt":{"rendered":"<p>Menu: V\u0161eobecn\u00e9 inform\u00e1cie Obec Silick\u00e1 Jablonica (ma\u010f. Jablonca) sa nach\u00e1dza v \u00fadol\u00ed rie\u010dky Tur\u0148a, medzi planinami Doln\u00fd vrch a Silick\u00e1 planina. Nadmorsk\u00e1 v\u00fd\u0161ka obce v jej strede je 256 , [&hellip;]<\/p>\n","protected":false},"author":1,"featured_media":0,"parent":9,"menu_order":0,"comment_status":"closed","ping_status":"open","template":"","meta":{"_uag_custom_page_level_css":"","footnotes":""},"class_list":["post-1190","page","type-page","status-publish","hentry"],"featured_image_src":"","featured_image_src_square":false,"rbea_author_info":{"display_name":"admin","author_link":"https:\/\/www.slovensky-kras.eu\/info\/author\/admin\/"},"rbea_excerpt_info":"Menu: V\u0161eobecn\u00e9 inform\u00e1cie Obec Silick\u00e1 Jablonica (ma\u010f. Jablonca) sa nach\u00e1dza v \u00fadol\u00ed rie\u010dky Tur\u0148a, medzi planinami Doln\u00fd vrch a Silick\u00e1 planina. Nadmorsk\u00e1 v\u00fd\u0161ka obce v jej strede je 256 , [&hellip;]","uagb_featured_image_src":{"full":false,"thumbnail":false,"medium":false,"medium_large":false,"large":false,"1536x1536":false,"2048x2048":false},"uagb_author_info":{"display_name":"admin","author_link":"https:\/\/www.slovensky-kras.eu\/info\/author\/admin\/"},"uagb_comment_info":0,"uagb_excerpt":"Menu: V\u0161eobecn\u00e9 inform\u00e1cie Obec Silick\u00e1 Jablonica (ma\u010f. Jablonca) sa nach\u00e1dza v \u00fadol\u00ed rie\u010dky Tur\u0148a, medzi planinami Doln\u00fd vrch a Silick\u00e1 planina. Nadmorsk\u00e1 v\u00fd\u0161ka obce v jej strede je 256 , [&hellip;]","_links":{"self":[{"href":"https:\/\/www.slovensky-kras.eu\/info\/wp-json\/wp\/v2\/pages\/1190","targetHints":{"allow":["GET"]}}],"collection":[{"href":"https:\/\/www.slovensky-kras.eu\/info\/wp-json\/wp\/v2\/pages"}],"about":[{"href":"https:\/\/www.slovensky-kras.eu\/info\/wp-json\/wp\/v2\/types\/page"}],"author":[{"embeddable":true,"href":"https:\/\/www.slovensky-kras.eu\/info\/wp-json\/wp\/v2\/users\/1"}],"replies":[{"embeddable":true,"href":"https:\/\/www.slovensky-kras.eu\/info\/wp-json\/wp\/v2\/comments?post=1190"}],"version-history":[{"count":22,"href":"https:\/\/www.slovensky-kras.eu\/info\/wp-json\/wp\/v2\/pages\/1190\/revisions"}],"predecessor-version":[{"id":22170,"href":"https:\/\/www.slovensky-kras.eu\/info\/wp-json\/wp\/v2\/pages\/1190\/revisions\/22170"}],"up":[{"embeddable":true,"href":"https:\/\/www.slovensky-kras.eu\/info\/wp-json\/wp\/v2\/pages\/9"}],"wp:attachment":[{"href":"https:\/\/www.slovensky-kras.eu\/info\/wp-json\/wp\/v2\/media?parent=1190"}],"curies":[{"name":"wp","href":"https:\/\/api.w.org\/{rel}","templated":true}]}}