{"id":1171,"date":"2013-07-13T10:09:57","date_gmt":"2013-07-13T08:09:57","guid":{"rendered":"http:\/\/www.slovensky-kras.eu\/info\/?page_id=1171"},"modified":"2022-01-03T09:08:25","modified_gmt":"2022-01-03T08:08:25","slug":"obec-plesivec","status":"publish","type":"page","link":"https:\/\/www.slovensky-kras.eu\/info\/strediska-a-centra\/obec-plesivec\/","title":{"rendered":"Obec Ple\u0161ivec"},"content":{"rendered":"<p><strong>Menu: <\/strong> <a href=\"http:\/\/www.slovensky-kras.eu\/info\/\" class=\"su-button su-button-style-default\" style=\"color:#000000;background-color:#FFCF2F;border-color:#cca626;border-radius:5px\" target=\"_self\"><span style=\"color:#000000;padding:6px 16px;font-size:13px;line-height:20px;border-color:#ffde6e;border-radius:5px;text-shadow:none\"><i class=\"sui sui-arrow-right\" style=\"font-size:13px;color:#000000\"><\/i>  \u00davod \/ Aktuality <\/span><\/a>\n<a href=\"http:\/\/www.slovensky-kras.eu\/info\/strediska-a-centra\/\" class=\"su-button su-button-style-default\" style=\"color:#000000;background-color:#FFCF2F;border-color:#cca626;border-radius:5px\" target=\"_self\"><span style=\"color:#000000;padding:6px 16px;font-size:13px;line-height:20px;border-color:#ffde6e;border-radius:5px;text-shadow:none\"><i class=\"sui sui-arrow-right\" style=\"font-size:13px;color:#000000\"><\/i>  Turistick\u00e9 v\u00fdchodisk\u00e1 <\/span><\/a>\n<div class=\"su-divider su-divider-style-default\" style=\"margin:15px 0;border-width:2px;border-color:#000000\"><\/div>\n<div class=\"su-accordion su-u-trim\">\n<div class=\"su-spoiler su-spoiler-style-fancy su-spoiler-icon-plus su-spoiler-closed\" data-scroll-offset=\"0\" data-anchor-in-url=\"no\"><div class=\"su-spoiler-title\" tabindex=\"0\" role=\"button\"><span class=\"su-spoiler-icon\"><\/span>Textov\u00e9 menu - Turistick\u00e9 v\u00fdchodisk\u00e1<\/div><div class=\"su-spoiler-content su-u-clearfix su-u-trim\"><div class=\"column-group columns-2\"><div class=\"column column-number-1 column-span-1\"><p><strong>Rekrea\u010dn\u00e9 stredisk\u00e1 a oblasti:<\/strong><br \/>\n<a href=\"http:\/\/www.slovensky-kras.eu\/info\/?page_id=97\">Domica<\/a><br \/>\n<a href=\"http:\/\/www.slovensky-kras.eu\/info\/rekreacne-stredisko-gombasek\/\">Gombasek<\/a><br \/>\n<a href=\"http:\/\/www.slovensky-kras.eu\/info\/strediska-a-centra\/turisticka-oblast-soroska-jablonovske-sedlo\/\">Soro\u0161ka-Jablonovsk\u00e9 sedlo<\/a><br \/>\n<a href=\"http:\/\/www.slovensky-kras.eu\/info\/strediska-a-centra\/rekreacna-oblast-sugov\/\">\u0160ugov<\/a><br \/>\n<strong>Mest\u00e1:<\/strong><br \/>\n<a href=\"http:\/\/www.slovensky-kras.eu\/info\/strediska-a-centra\/mesto-medzev\/\">Medzev<\/a><br \/>\n<a href=\"http:\/\/www.slovensky-kras.eu\/info\/strediska-a-centra\/mesto-moldava-nad-bodvou\/\">Moldava nad Bodvou<\/a><br \/>\n<a href=\"http:\/\/www.slovensky-kras.eu\/info\/strediska-a-centra\/mesto-roznava\/\">Ro\u017e\u0148ava<\/a><br \/>\n<strong>Obce:<\/strong><br \/>\n<a href=\"http:\/\/www.slovensky-kras.eu\/info\/strediska-a-centra\/obec-ardovo\/\">Ardovo<\/a><br \/>\n<a title=\"Obec B\u00f4rka\" href=\"http:\/\/www.slovensky-kras.eu\/info\/strediska-a-centra\/obec-borka\/\">B\u00f4rka<\/a><br \/>\n<a href=\"http:\/\/www.slovensky-kras.eu\/info\/strediska-a-centra\/obec-bretka\/\">Bretka<\/a><br \/>\n<a href=\"http:\/\/www.slovensky-kras.eu\/info\/strediska-a-centra\/obec-brzotin\/\">Brzot\u00edn<\/a><br \/>\n<a href=\"http:\/\/www.slovensky-kras.eu\/info\/strediska-a-centra\/obec-dlha-ves\/\">Dlh\u00e1 Ves<\/a><br \/>\n<a href=\"http:\/\/www.slovensky-kras.eu\/info\/strediska-a-centra\/obec-drnava\/\">Drnava<\/a><br \/>\n<a href=\"http:\/\/www.slovensky-kras.eu\/info\/strediska-a-centra\/1017-2\/\">Dvorn\u00edky-V\u010del\u00e1re<\/a><br \/>\n<a href=\"http:\/\/www.slovensky-kras.eu\/info\/strediska-a-centra\/obec-drienovec-drienovecke-kupele\/\">Drienovec-Drienoveck\u00e9 k\u00fapele<\/a><br \/>\n<a href=\"http:\/\/www.slovensky-kras.eu\/info\/strediska-a-centra\/obec-gemerska-horka\/\">Gemersk\u00e1 H\u00f4rka<\/a><br \/>\n<a href=\"http:\/\/www.slovensky-kras.eu\/info\/obec-hacava\/\">Ha\u010dava<\/a><br \/>\n<a href=\"http:\/\/www.slovensky-kras.eu\/info\/strediska-a-centra\/obec-haj\/\">H\u00e1j<\/p>\n<\/div>\n<\/a><div class=\"column column-number-2 last column-span-1\"><p><a href=\"http:\/\/www.slovensky-kras.eu\/info\/strediska-a-centra\/obec-hrhov\/\">Hrhov<\/a><br \/>\n<a href=\"http:\/\/www.slovensky-kras.eu\/info\/strediska-a-centra\/obec-hrusov\/\">Hru\u0161ov<\/a><br \/>\n<a href=\"http:\/\/www.slovensky-kras.eu\/info\/strediska-a-centra\/obec-jablonov-nad-turnou\/\">Jablonov nad Tur\u0148ou<\/a><br \/>\n<a href=\"http:\/\/www.slovensky-kras.eu\/info\/strediska-a-centra\/obec-jasov\/\">Jasov<\/a><br \/>\n<a href=\"http:\/\/www.slovensky-kras.eu\/info\/strediska-a-centra\/obec-jovice\/\">Jovice<\/a><br \/>\n<a href=\"http:\/\/www.slovensky-kras.eu\/info\/strediska-a-centra\/obec-kecovo\/\">Ke\u010dovo<\/a><br \/>\n<a href=\"http:\/\/www.slovensky-kras.eu\/info\/strediska-a-centra\/obec-krasnohorska-dlha-luka\/\">Kr\u00e1snohorsk\u00e1 Dlh\u00e1 L\u00faka<\/a><br \/>\n<a href=\"http:\/\/www.slovensky-kras.eu\/info\/strediska-a-centra\/obec-krasnohorske-podhradie\/\">Kr\u00e1snohorsk\u00e9 Podhradie<\/a><br \/>\n<a href=\"http:\/\/www.slovensky-kras.eu\/info\/strediska-a-centra\/obec-kruzna\/\">Kru\u017en\u00e1<\/a><br \/>\n<a href=\"http:\/\/www.slovensky-kras.eu\/info\/strediska-a-centra\/obec-lucka\/\">L\u00fa\u010dka<\/a><br \/>\n<a href=\"http:\/\/www.slovensky-kras.eu\/info\/strediska-a-centra\/obec-ochtina\/\">Ochtin\u00e1<\/a><br \/>\n<a href=\"http:\/\/www.slovensky-kras.eu\/info\/strediska-a-centra\/obec-plesivec\/\">Ple\u0161ivec<\/a><br \/>\n<a href=\"http:\/\/www.slovensky-kras.eu\/info\/strediska-a-centra\/obec-rakovnica\/\">Rakovnica<\/a><br \/>\n<a href=\"http:\/\/www.slovensky-kras.eu\/info\/strediska-a-centra\/obec-silica\/\">Silica<\/a><br \/>\n<a href=\"http:\/\/www.slovensky-kras.eu\/info\/strediska-a-centra\/obec-silicka-brezova\/\">Silick\u00e1 Brezov\u00e1<\/a><br \/>\n<a href=\"http:\/\/www.slovensky-kras.eu\/info\/strediska-a-centra\/obec-silicka-jablonica\/\">Silick\u00e1 Jablonica<\/a><br \/>\n<a href=\"http:\/\/www.slovensky-kras.eu\/info\/strediska-a-centra\/obec-slavec\/\">Slavec<\/a><br \/>\n<a href=\"http:\/\/www.slovensky-kras.eu\/info\/strediska-a-centra\/obec-stitnik\/\">\u0160t\u00edtnik<\/a><br \/>\n<a href=\"http:\/\/www.slovensky-kras.eu\/info\/strediska-a-centra\/obec-turna-nad-bodvou\/\">Tur\u0148a nad Bodvou<\/a><br \/>\n<a href=\"http:\/\/www.slovensky-kras.eu\/info\/strediska-a-centra\/obec-zadiel\/\">Z\u00e1diel<\/a><\/p>\n<\/div><\/div>\n<\/div><\/div>\n<\/div>\n<div class=\"su-divider su-divider-style-default\" style=\"margin:15px 0;border-width:2px;border-color:#000000\"><\/div>\n<h3><span style=\"color: #808000;\">V\u0161eobecn\u00e9 inform\u00e1cie<\/span><\/h3>\n<p>Ple\u0161ivec (ma\u010f. Pels\u0151c) je obec na Slovensku v okrese Ro\u017e\u0148ava (Ko\u0161ick\u00fd samospr\u00e1vny kraj).<\/p>\n<figure id=\"attachment_22209\" aria-describedby=\"caption-attachment-22209\" style=\"width: 800px\" class=\"wp-caption aligncenter\"><a href=\"https:\/\/www.slovensky-kras.eu\/info\/wp-content\/uploads\/2022\/01\/obec-plesivec9.jpg\"><img loading=\"lazy\" decoding=\"async\" class=\"wp-image-22209 size-full\" src=\"https:\/\/www.slovensky-kras.eu\/info\/wp-content\/uploads\/2022\/01\/obec-plesivec9.jpg\" alt=\"\" width=\"800\" height=\"600\" srcset=\"https:\/\/www.slovensky-kras.eu\/info\/wp-content\/uploads\/2022\/01\/obec-plesivec9.jpg 800w, https:\/\/www.slovensky-kras.eu\/info\/wp-content\/uploads\/2022\/01\/obec-plesivec9-768x576.jpg 768w\" sizes=\"auto, (max-width: 800px) 100vw, 800px\" \/><\/a><figcaption id=\"caption-attachment-22209\" class=\"wp-caption-text\">Obec Ple\u0161ivec<\/figcaption><\/figure>\n<p>P\u00f4vodne stredovek\u00e9 meste\u010dko bolo s\u00eddlom \u0161\u013eachtick\u00e9ho rodu Bebekovcov.<\/p>\n<p>Nadmorsk\u00e1 v\u00fd\u0161ka v strede obce je 218 m, 205-850 m v chot\u00e1ri.<\/p>\n<figure id=\"attachment_22207\" aria-describedby=\"caption-attachment-22207\" style=\"width: 800px\" class=\"wp-caption aligncenter\"><a href=\"https:\/\/www.slovensky-kras.eu\/info\/wp-content\/uploads\/2022\/01\/obec-plesivec7.jpg\"><img loading=\"lazy\" decoding=\"async\" class=\"wp-image-22207 size-full\" src=\"https:\/\/www.slovensky-kras.eu\/info\/wp-content\/uploads\/2022\/01\/obec-plesivec7.jpg\" alt=\"\" width=\"800\" height=\"600\" srcset=\"https:\/\/www.slovensky-kras.eu\/info\/wp-content\/uploads\/2022\/01\/obec-plesivec7.jpg 800w, https:\/\/www.slovensky-kras.eu\/info\/wp-content\/uploads\/2022\/01\/obec-plesivec7-768x576.jpg 768w\" sizes=\"auto, (max-width: 800px) 100vw, 800px\" \/><\/a><figcaption id=\"caption-attachment-22207\" class=\"wp-caption-text\">Obec Ple\u0161ivec<\/figcaption><\/figure>\n<p>Je to obec s b\u00fdval\u00fdmi v\u00fdsadami mesta a je v r\u00e1mci horn\u00e9ho Gemera po\u010dtom obyvate\u013eov najv\u00e4\u010d\u0161ou obcou.<\/p>\n<p>V s\u00fa\u010dasnosti je d\u00f4le\u017eit\u00fdm cestn\u00fdm a \u017eelezni\u010dn\u00fdm uzlom, administrat\u00edvnym a kult\u00farnym centrom regi\u00f3nu.<\/p>\n<figure id=\"attachment_22206\" aria-describedby=\"caption-attachment-22206\" style=\"width: 800px\" class=\"wp-caption aligncenter\"><a href=\"https:\/\/www.slovensky-kras.eu\/info\/wp-content\/uploads\/2022\/01\/obec-plesivec6.jpg\"><img loading=\"lazy\" decoding=\"async\" class=\"wp-image-22206 size-full\" src=\"https:\/\/www.slovensky-kras.eu\/info\/wp-content\/uploads\/2022\/01\/obec-plesivec6.jpg\" alt=\"\" width=\"800\" height=\"600\" srcset=\"https:\/\/www.slovensky-kras.eu\/info\/wp-content\/uploads\/2022\/01\/obec-plesivec6.jpg 800w, https:\/\/www.slovensky-kras.eu\/info\/wp-content\/uploads\/2022\/01\/obec-plesivec6-768x576.jpg 768w\" sizes=\"auto, (max-width: 800px) 100vw, 800px\" \/><\/a><figcaption id=\"caption-attachment-22206\" class=\"wp-caption-text\">Obec Ple\u0161ivec<\/figcaption><\/figure>\n<p>Je to architektonicky zauj\u00edmav\u00e1 a p\u00f4sobiv\u00e1 obec, v ktorej sa nach\u00e1dza mno\u017estvo pamiatok.<\/p>\n<p>Nach\u00e1dza sa v ka\u0148onovitej doline rieky <a href=\"http:\/\/www.slovensky-kras.eu\/info\/kam-do-prirody\/rieka-slana\/\">Slanej<\/a>, na s\u00fatoku so <strong>\u0160t\u00edtnikom<\/strong>, medzi <a href=\"http:\/\/www.slovensky-kras.eu\/info\/kam-do-prirody\/silicka-planina\/\">Silickou planinou<\/a>, <a href=\"http:\/\/www.slovensky-kras.eu\/info\/kam-do-prirody\/plesivecka-planina\/\">Ple\u0161iveckou planinou<\/a> a <a href=\"http:\/\/www.slovensky-kras.eu\/info\/kam-do-prirody\/planina-koniar\/\">planinou Koniar<\/a>.<\/p>\n<p>Samotn\u00fd Ple\u0161ivec le\u017e\u00ed na mieste, kde sa sp\u00e1jaj\u00fa naozaj unik\u00e1tne ka\u0148ony.<\/p>\n<p>Na severe je to <a href=\"http:\/\/www.slovensky-kras.eu\/info\/kam-do-prirody\/kanon-stitnika\/\">ka\u0148on \u0160titn\u00edka<\/a> a na severov\u00fdchode je to <a href=\"http:\/\/www.slovensky-kras.eu\/info\/kam-do-prirody\/kanon-slanej\/\">ka\u0148on Slanej<\/a>.<\/p>\n<p>Oba ka\u0148ony s\u00fa jedin\u00fdmi prav\u00fdmi ka\u0148onmi na Slovensku.<\/p>\n<h4><span style=\"color: #993300;\">Ka\u0148on Slanej<\/span><\/h4>\n<p>Ka\u0148on Slanej je pribli\u017ene 8,5 km dlh\u00e9 \u00fadolie, ktor\u00e9 vytvorila <a href=\"http:\/\/www.slovensky-kras.eu\/info\/kam-do-prirody\/rieka-slana\/\">rieka Slan\u00e1<\/a>.<\/p>\n<figure id=\"attachment_18319\" aria-describedby=\"caption-attachment-18319\" style=\"width: 800px\" class=\"wp-caption aligncenter\"><a href=\"http:\/\/www.slovensky-kras.eu\/info\/wp-content\/uploads\/2020\/11\/kanon.jpg\"><img loading=\"lazy\" decoding=\"async\" class=\"wp-image-18319 size-medium\" src=\"http:\/\/www.slovensky-kras.eu\/info\/wp-content\/uploads\/2020\/11\/kanon-800x534.jpg\" alt=\"\" width=\"800\" height=\"534\" srcset=\"https:\/\/www.slovensky-kras.eu\/info\/wp-content\/uploads\/2020\/11\/kanon-800x534.jpg 800w, https:\/\/www.slovensky-kras.eu\/info\/wp-content\/uploads\/2020\/11\/kanon-768x512.jpg 768w, https:\/\/www.slovensky-kras.eu\/info\/wp-content\/uploads\/2020\/11\/kanon.jpg 1000w\" sizes=\"auto, (max-width: 800px) 100vw, 800px\" \/><\/a><figcaption id=\"caption-attachment-18319\" class=\"wp-caption-text\">Ka\u0148on Slanej, fotograf: , \u00d6rs Orosz (Gombasz\u00f6gi Ny\u00e1ri T\u00e1bor)<\/figcaption><\/figure>\n<p>Rieka <a href=\"http:\/\/www.slovensky-kras.eu\/info\/kam-do-prirody\/rieka-slana\/\">Slan\u00e1<\/a> pramen\u00ed v <a href=\"https:\/\/sk.wikipedia.org\/wiki\/Stolick%C3%A9_vrchy\" target=\"_blank\" rel=\"noopener noreferrer\">Stolick\u00fdch vrchoch<\/a>, v podcelku Stolica, na severnom \u00fap\u00e4t\u00ed <a href=\"https:\/\/sk.wikipedia.org\/wiki\/Stolica_(vrch)\" target=\"_blank\" rel=\"noopener noreferrer\">vrchu Stolica (1 476,4 m n. m.)<\/a> v nadmorskej v\u00fd\u0161ke pribli\u017ene 1 280 m n. m.<\/p>\n<p><strong>Viac info o ka\u0148one sa do\u010d\u00edtate tu:<\/strong><\/p>\n<ul>\n<li><a href=\"https:\/\/www.slovensky-kras.eu\/info\/kam-do-prirody\/kanon-slanej\/\" target=\"_blank\" rel=\"noopener\">Ka\u0148on Slanej (\u010d\u00edtaj viac v novom okne&#8230;)<\/a><\/li>\n<\/ul>\n<h4><span style=\"color: #993300;\">Ka\u0148on \u0160t\u00edtnika<\/span><\/h4>\n<p>Ka\u0148on \u0160t\u00edtnika je pribli\u017ene 11,5 km dlh\u00e9 \u00fadolie, ktor\u00e9 vytvorila <strong>rieka \u0160titn\u00edk<\/strong>.<\/p>\n<figure id=\"attachment_18311\" aria-describedby=\"caption-attachment-18311\" style=\"width: 800px\" class=\"wp-caption aligncenter\"><a href=\"https:\/\/www.slovensky-kras.eu\/info\/wp-content\/uploads\/2020\/11\/plesivec2.jpg\"><img loading=\"lazy\" decoding=\"async\" class=\"wp-image-18311 size-medium\" src=\"https:\/\/www.slovensky-kras.eu\/info\/wp-content\/uploads\/2020\/11\/plesivec2-800x534.jpg\" alt=\"\" width=\"800\" height=\"534\" srcset=\"https:\/\/www.slovensky-kras.eu\/info\/wp-content\/uploads\/2020\/11\/plesivec2-800x534.jpg 800w, https:\/\/www.slovensky-kras.eu\/info\/wp-content\/uploads\/2020\/11\/plesivec2-768x512.jpg 768w, https:\/\/www.slovensky-kras.eu\/info\/wp-content\/uploads\/2020\/11\/plesivec2.jpg 1000w\" sizes=\"auto, (max-width: 800px) 100vw, 800px\" \/><\/a><figcaption id=\"caption-attachment-18311\" class=\"wp-caption-text\">Ka\u0148on Slanej, Ple\u0161ivec a ka\u0148on \u0160t\u00edtnika (v pravo), fotograf: , \u00d6rs Orosz (Gombasz\u00f6gi Ny\u00e1ri T\u00e1bor)<\/figcaption><\/figure>\n<p><strong>Rieka \u0160titn\u00edk<\/strong> pramen\u00ed v <a href=\"https:\/\/sk.wikipedia.org\/wiki\/Stolick%C3%A9_vrchy\" target=\"_blank\" rel=\"noopener noreferrer\">Stolick\u00fdch vrchoch<\/a>, v podcelku Stolica pod <strong>Faltenovym sedlom (1 254,0 m n. m.)<\/strong>, na juhoz\u00e1padnom \u00fap\u00e4t\u00ed vrchu <a href=\"https:\/\/sk.wikipedia.org\/wiki\/Stolica_(vrch)\" target=\"_blank\" rel=\"noopener noreferrer\">Stolica (1 476,4 m n. m.)<\/a> v nadmorskej v\u00fd\u0161ke pribli\u017ene 1 240 m n. m.<\/p>\n<p><strong>Viac info o ka\u0148one sa do\u010d\u00edtate tu:<\/strong><\/p>\n<ul>\n<li><a href=\"https:\/\/www.slovensky-kras.eu\/info\/kam-do-prirody\/kanon-stitnika\/\" target=\"_blank\" rel=\"noopener\">Ka\u0148on \u0160t\u00edtnika (\u010d\u00edtaj viac v novom okne&#8230;)<\/a><\/li>\n<\/ul>\n<h4><span style=\"color: #993300;\">Reformovan\u00fd kostol sv. Juraja<\/span><\/h4>\n<p>Najv\u00fdznamnej\u0161ia pamiatka v obci je n\u00e1rodn\u00e1 kult\u00farna pamiatka z 13. storo\u010dia a p\u00f4vodne gotick\u00fd <a href=\"http:\/\/www.slovensky-kras.eu\/info\/kam-za-pamiatkami\/kostol-reformovanej-krestanskej-cirkvi-v-plesivci\/\">reformovan\u00fd kostol sv. Juraja<\/a>, ktor\u00e9ho gotick\u00e9 prvky s\u00fa st\u00e1le vidite\u013en\u00e9.<\/p>\n<figure id=\"attachment_603\" aria-describedby=\"caption-attachment-603\" style=\"width: 800px\" class=\"wp-caption aligncenter\"><a href=\"http:\/\/www.slovensky-kras.eu\/info\/wp-content\/uploads\/2013\/06\/plesivec1.jpg\"><img loading=\"lazy\" decoding=\"async\" class=\"wp-image-603 size-medium\" src=\"http:\/\/www.slovensky-kras.eu\/info\/wp-content\/uploads\/2013\/06\/plesivec1-800x600.jpg\" alt=\"plesivec\" width=\"800\" height=\"600\" srcset=\"https:\/\/www.slovensky-kras.eu\/info\/wp-content\/uploads\/2013\/06\/plesivec1.jpg 800w, https:\/\/www.slovensky-kras.eu\/info\/wp-content\/uploads\/2013\/06\/plesivec1-768x576.jpg 768w\" sizes=\"auto, (max-width: 800px) 100vw, 800px\" \/><\/a><figcaption id=\"caption-attachment-603\" class=\"wp-caption-text\">kostol Reformovanej kres\u0165anskej cirkvi<\/figcaption><\/figure>\n<p>Kostol patr\u00ed\u00a0 Reformovanej kres\u0165anskej cirkvi (kalv\u00ednom).<\/p>\n<p><strong>Viac info o kostole sa do\u010d\u00edtate tu:<\/strong><\/p>\n<ul>\n<li><a href=\"https:\/\/www.slovensky-kras.eu\/info\/kam-za-pamiatkami\/kostol-reformovanej-krestanskej-cirkvi-v-plesivci\/\" target=\"_blank\" rel=\"noopener\">Kostol Reformovanej kres\u0165anskej cirkvi (\u010d\u00edtaj viac v novom okne&#8230;)<\/a><\/li>\n<\/ul>\n<p>Pri kostole stoj\u00ed<strong> barokovo-klasicistick\u00e1 zvonica<\/strong>.<\/p>\n<h4><span style=\"color: #993300;\">Barokov\u00e1 zvonica<\/span><\/h4>\n<p>Barokov\u00e1 zvonica je \u010dlenen\u00e1 pilastrami a kord\u00f3nov\u00fdmi r\u00edmsami, ukon\u010den\u00e1 je korunnou r\u00edmsou s ter\u010d\u00edkom s hodinami a barokovou helmicou s laternou.<\/p>\n<figure id=\"attachment_1172\" aria-describedby=\"caption-attachment-1172\" style=\"width: 800px\" class=\"wp-caption aligncenter\"><a href=\"http:\/\/www.slovensky-kras.eu\/info\/wp-content\/uploads\/2013\/07\/plesivec.jpg\"><img loading=\"lazy\" decoding=\"async\" class=\"wp-image-1172 size-full\" src=\"http:\/\/www.slovensky-kras.eu\/info\/wp-content\/uploads\/2013\/07\/plesivec.jpg\" alt=\"plesivec\" width=\"800\" height=\"600\" srcset=\"https:\/\/www.slovensky-kras.eu\/info\/wp-content\/uploads\/2013\/07\/plesivec.jpg 800w, https:\/\/www.slovensky-kras.eu\/info\/wp-content\/uploads\/2013\/07\/plesivec-768x576.jpg 768w\" sizes=\"auto, (max-width: 800px) 100vw, 800px\" \/><\/a><figcaption id=\"caption-attachment-1172\" class=\"wp-caption-text\">barokovo-klasicistick\u00e1 zvonica<\/figcaption><\/figure>\n<p>Rezonan\u010dn\u00e9 otvory so \u0161ambr\u00e1nami s\u00fa polkruhovo ukon\u010den\u00e9, v poliach medzi oknami sa nach\u00e1dzaj\u00fa dekorat\u00edvne kazety s fest\u00f3nmi.<\/p>\n<p>\u010eal\u0161ou ve\u013emi v\u00fdznamnou pamiatkou je zr\u00facanina <a href=\"http:\/\/www.slovensky-kras.eu\/info\/kam-za-pamiatkami\/hrad-plesivec\/\">Ple\u0161iveck\u00e9ho hradu<\/a>, ktor\u00fd bol postaven\u00fd Bebekovcami.<\/p>\n<h4><span style=\"color: #993300;\">Hrad Ple\u0161ivec &#8211; zr\u00facanina<\/span><\/h4>\n<p>Priamo v obci sa nach\u00e1dzaj\u00fa\u00a0zvy\u0161ky vodn\u00e9ho gotick\u00e9ho hradu Ple\u0161ivec zo za\u010diatku 14. storo\u010dia.<\/p>\n<figure id=\"attachment_18393\" aria-describedby=\"caption-attachment-18393\" style=\"width: 800px\" class=\"wp-caption aligncenter\"><a href=\"http:\/\/www.slovensky-kras.eu\/info\/wp-content\/uploads\/2020\/12\/plesivec-hrad1.jpg\"><img loading=\"lazy\" decoding=\"async\" class=\"wp-image-18393 size-full\" src=\"http:\/\/www.slovensky-kras.eu\/info\/wp-content\/uploads\/2020\/12\/plesivec-hrad1.jpg\" alt=\"\" width=\"800\" height=\"600\" srcset=\"https:\/\/www.slovensky-kras.eu\/info\/wp-content\/uploads\/2020\/12\/plesivec-hrad1.jpg 800w, https:\/\/www.slovensky-kras.eu\/info\/wp-content\/uploads\/2020\/12\/plesivec-hrad1-768x576.jpg 768w\" sizes=\"auto, (max-width: 800px) 100vw, 800px\" \/><\/a><figcaption id=\"caption-attachment-18393\" class=\"wp-caption-text\">Zvy\u0161ky obvodov\u00e9ho muriva hradu Ple\u0161ivec<\/figcaption><\/figure>\n<p>V s\u00fa\u010dasnosti sa z hradu zachoval len 10 metrov\u00fd \u00fasek kamenn\u00e9ho m\u00faru, vysok\u00e9ho asi 7 metrov a hrub\u00e9ho asi 1,1 metra.<\/p>\n<p><strong>Viac info o hrade sa do\u010d\u00edtate tu:<\/strong><\/p>\n<ul>\n<li><a href=\"https:\/\/www.slovensky-kras.eu\/info\/kam-za-pamiatkami\/hrad-plesivec\/\" target=\"_blank\" rel=\"noopener\">Hrad Ple\u0161ivec \u2013 zr\u00facanina (\u010d\u00edtaj viac v novom okne)<\/a><\/li>\n<\/ul>\n<h4><span style=\"color: #993300;\">\u017dupn\u00fd dom (Stoli\u010dn\u00fd dom)<\/span><\/h4>\n<p>B\u00fdval\u00fd \u017eupn\u00fd (stoli\u010dn\u00fd) dom v obci <a href=\"http:\/\/www.slovensky-kras.eu\/info\/strediska-a-centra\/obec-plesivec\/\">Ple\u0161ivec<\/a> je dvojposchodov\u00e1 trojtraktov\u00e1 p\u00f4vodne barokov\u00e1 stavba.<\/p>\n<figure id=\"attachment_18400\" aria-describedby=\"caption-attachment-18400\" style=\"width: 800px\" class=\"wp-caption aligncenter\"><a href=\"http:\/\/www.slovensky-kras.eu\/info\/wp-content\/uploads\/2020\/12\/zupny-dom-plesivec.jpg\"><img loading=\"lazy\" decoding=\"async\" class=\"wp-image-18400 size-full\" src=\"http:\/\/www.slovensky-kras.eu\/info\/wp-content\/uploads\/2020\/12\/zupny-dom-plesivec.jpg\" alt=\"\" width=\"800\" height=\"600\" srcset=\"https:\/\/www.slovensky-kras.eu\/info\/wp-content\/uploads\/2020\/12\/zupny-dom-plesivec.jpg 800w, https:\/\/www.slovensky-kras.eu\/info\/wp-content\/uploads\/2020\/12\/zupny-dom-plesivec-768x576.jpg 768w\" sizes=\"auto, (max-width: 800px) 100vw, 800px\" \/><\/a><figcaption id=\"caption-attachment-18400\" class=\"wp-caption-text\">\u017dupn\u00fd (stoli\u010dn\u00fd) dom<\/figcaption><\/figure>\n<p>M\u00e1 p\u00f4dorys v tvare nepravideln\u00e9ho p\u00edsmena U bol postaven\u00fd rokov 1716-1719.<\/p>\n<p>Za\u010diatkom 19. storo\u010dia pre\u0161iel klasicistickou \u00fapravou.<\/p>\n<p><strong>Viac info o \u017eupnom dome sa do\u010d\u00edtate tu:<\/strong><\/p>\n<ul>\n<li><a href=\"https:\/\/www.slovensky-kras.eu\/info\/kam-za-pamiatkami\/zupny-dom-stolicny-dom-v-plesivci\/\" target=\"_blank\" rel=\"noopener\">\u017dupn\u00fd dom (\u010d\u00edtaj viac v novom okne&#8230;)<\/a><\/li>\n<\/ul>\n<h4><span style=\"color: #993300;\">\u010eal\u0161ie pamiatky<\/span><\/h4>\n<p>Malomestsk\u00fd charakter obce dotv\u00e1raj\u00fa me\u0161tianske domy a to hlavne na Hlavnom n\u00e1mest\u00ed.<\/p>\n<figure id=\"attachment_22208\" aria-describedby=\"caption-attachment-22208\" style=\"width: 800px\" class=\"wp-caption aligncenter\"><a href=\"https:\/\/www.slovensky-kras.eu\/info\/wp-content\/uploads\/2022\/01\/obec-plesivec8.jpg\"><img loading=\"lazy\" decoding=\"async\" class=\"wp-image-22208 size-full\" src=\"https:\/\/www.slovensky-kras.eu\/info\/wp-content\/uploads\/2022\/01\/obec-plesivec8.jpg\" alt=\"\" width=\"800\" height=\"600\" srcset=\"https:\/\/www.slovensky-kras.eu\/info\/wp-content\/uploads\/2022\/01\/obec-plesivec8.jpg 800w, https:\/\/www.slovensky-kras.eu\/info\/wp-content\/uploads\/2022\/01\/obec-plesivec8-768x576.jpg 768w\" sizes=\"auto, (max-width: 800px) 100vw, 800px\" \/><\/a><figcaption id=\"caption-attachment-22208\" class=\"wp-caption-text\">pam\u00e4tn\u00edk na II. svetov\u00fa vojnu<\/figcaption><\/figure>\n<p>Mimo n\u00e1mestia je tu pomerene ve\u013ea zachovan\u00fdch \u013eudov\u00fdch a remeseln\u00fdch domov z konca 19. storo\u010dia a zo za\u010diatku 20. storo\u010dia.<\/p>\n<p>N\u00e1jdete tu aj men\u0161\u00ed <strong>r\u00edmskokatol\u00edcky kostol<\/strong> postaven\u00fd v roku 1901 a barokovo-klasicistick\u00e1 <b>budovu obecnej zvonice<\/b>.<\/p>\n<p>Hlavn\u00e9 n\u00e1mestie dop\u013a\u0148a pam\u00e4tn\u00edk na II. svetov\u00fa vojnu.<\/p>\n<h3><span style=\"color: #808000;\">Doprava<\/span><\/h3>\n<p>Ple\u0161ivec je v\u00fdznamnou region\u00e1lnou dopravnou kri\u017eovatkou, ke\u010f\u017ee sa tu kri\u017euje cesta I\/16 (E 58) s cestou II\/587 do \u0160t\u00edtnika, resp. ju\u017en\u00fdm smerom do Ma\u010farska popri jaskyni Domica.<\/p>\n<p>Severn\u00fdm okrajom obce vedie \u017eelezni\u010dn\u00e1 tra\u0165 Zvolen \u2013 Ko\u0161ice, z ktorej tu odbo\u010duj\u00fa lok\u00e1lne trate do Mur\u00e1\u0148a a Slavo\u0161oviec.<\/p>\n<h3><span style=\"color: #808000;\">Turistick\u00e9 mo\u017enosti a zauj\u00edmavosti<\/span><\/h3>\n<p>V okol\u00ed obce sa vyskytuj\u00fa r\u00f4zne pr\u00edrodn\u00e9 zauj\u00edmavosti ako s\u00fa z\u00e1vrty, priepasti, vyviera\u010dky, jaskyne a vz\u00e1cna fauna a fl\u00f3ra.<\/p>\n<figure id=\"attachment_13088\" aria-describedby=\"caption-attachment-13088\" style=\"width: 800px\" class=\"wp-caption aligncenter\"><a href=\"http:\/\/www.slovensky-kras.eu\/info\/wp-content\/uploads\/2013\/07\/IMG_3237_1-1.jpg\"><img loading=\"lazy\" decoding=\"async\" class=\"wp-image-13088 size-medium\" src=\"http:\/\/www.slovensky-kras.eu\/info\/wp-content\/uploads\/2013\/07\/IMG_3237_1-1-800x533.jpg\" alt=\"\" width=\"800\" height=\"533\" srcset=\"https:\/\/www.slovensky-kras.eu\/info\/wp-content\/uploads\/2013\/07\/IMG_3237_1-1-800x533.jpg 800w, https:\/\/www.slovensky-kras.eu\/info\/wp-content\/uploads\/2013\/07\/IMG_3237_1-1-1024x683.jpg 1024w, https:\/\/www.slovensky-kras.eu\/info\/wp-content\/uploads\/2013\/07\/IMG_3237_1-1-768x512.jpg 768w, https:\/\/www.slovensky-kras.eu\/info\/wp-content\/uploads\/2013\/07\/IMG_3237_1-1-1200x800.jpg 1200w, https:\/\/www.slovensky-kras.eu\/info\/wp-content\/uploads\/2013\/07\/IMG_3237_1-1.jpg 1500w\" sizes=\"auto, (max-width: 800px) 100vw, 800px\" \/><\/a><figcaption id=\"caption-attachment-13088\" class=\"wp-caption-text\">Priepas\u0165 Zvoniv\u00e1 jama<\/figcaption><\/figure>\n<p>Najzn\u00e1mej\u0161ie priepasti <a href=\"http:\/\/www.slovensky-kras.eu\/info\/vseobecne-informacie\/\">Slovensk\u00e9ho krasu<\/a>, ktor\u00e9 sa nach\u00e1dzaj\u00fa v podzem\u00ed <a href=\"http:\/\/www.slovensky-kras.eu\/info\/kam-do-prirody\/plesivecka-planina\/\">Ple\u0161iveckej planiny<\/a> s\u00fa <a href=\"http:\/\/www.slovensky-kras.eu\/info\/jaskyne-a-priepasti\/priepast-zvoniva-jama\/\">Zvoniv\u00e1 jama<\/a> a <a href=\"http:\/\/www.slovensky-kras.eu\/info\/jaskyne-a-priepasti\/diviacia-priepast\/\">Divia\u010dia priepas\u0165<\/a>.<\/p>\n<h4><span style=\"color: #993300;\">Turistick\u00e9 trasy<\/span><\/h4>\n<p>Obcou prech\u00e1dza\u00a0 <img loading=\"lazy\" decoding=\"async\" class=\"alignnone wp-image-10352 size-full\" src=\"http:\/\/www.slovensky-kras.eu\/info\/wp-content\/uploads\/2013\/07\/modra.png\" alt=\"\" width=\"20\" height=\"21\" \/> modr\u00e1 turistick\u00e1 trasa, ktor\u00e1 severn\u00fdm smerom prech\u00e1dza\u00a0\u00a0<a href=\"http:\/\/www.slovensky-kras.eu\/info\/kam-do-prirody\/plesivecka-planina\/\">Ple\u0161iveckou planinou<\/a> a\u017e na v\u00fdh\u013eadov\u00fa <a href=\"http:\/\/www.slovensky-kras.eu\/info\/kam-do-prirody\/gerlasska-skala\/\">Gerla\u0161sk\u00fa skala (752 m n.m.)<\/a>.<\/p>\n<figure id=\"attachment_14434\" aria-describedby=\"caption-attachment-14434\" style=\"width: 800px\" class=\"wp-caption aligncenter\"><a href=\"http:\/\/www.slovensky-kras.eu\/info\/wp-content\/uploads\/2018\/04\/brzotinska_skala2.jpg\"><img loading=\"lazy\" decoding=\"async\" class=\"wp-image-14434 size-medium\" src=\"http:\/\/www.slovensky-kras.eu\/info\/wp-content\/uploads\/2018\/04\/brzotinska_skala2-800x600.jpg\" alt=\"\" width=\"800\" height=\"600\" srcset=\"https:\/\/www.slovensky-kras.eu\/info\/wp-content\/uploads\/2018\/04\/brzotinska_skala2-800x600.jpg 800w, https:\/\/www.slovensky-kras.eu\/info\/wp-content\/uploads\/2018\/04\/brzotinska_skala2-768x576.jpg 768w, https:\/\/www.slovensky-kras.eu\/info\/wp-content\/uploads\/2018\/04\/brzotinska_skala2-425x319.jpg 425w, https:\/\/www.slovensky-kras.eu\/info\/wp-content\/uploads\/2018\/04\/brzotinska_skala2.jpg 1000w\" sizes=\"auto, (max-width: 800px) 100vw, 800px\" \/><\/a><figcaption id=\"caption-attachment-14434\" class=\"wp-caption-text\">Poh\u013ead na Brzot\u00ednske rybn\u00edky z vyhliadky Bzotinska skala &#8211; foto: Viktor Bal\u00e1\u017e KST Ro\u017e\u0148ava<\/figcaption><\/figure>\n<p>Celkov\u00fd \u010das k v\u00fdh\u013eadovej <a href=\"http:\/\/www.slovensky-kras.eu\/info\/kam-do-prirody\/gerlasska-skala\/\">Gerla\u0161skej skale (752 m n.m.)<\/a> trv\u00e1 z obce\u00a0Ple\u0161ivec pribli\u017ene 3:45 h (nasp\u00e4\u0165 3:00 h).<\/p>\n<p>Na tejto trase sa nach\u00e1dza technick\u00e1 pamiatka Ser\u00e9nyiho cisterna, ktor\u00e1 sa nach\u00e1dza na roz\u013eahl\u00fdch l\u00fakach\u00a0<a href=\"http:\/\/www.slovensky-kras.eu\/info\/kam-do-prirody\/plesivecka-planina\/\">Ple\u0161iveckej planiny<\/a>.<\/p>\n<figure id=\"attachment_17296\" aria-describedby=\"caption-attachment-17296\" style=\"width: 800px\" class=\"wp-caption aligncenter\"><a href=\"http:\/\/www.slovensky-kras.eu\/info\/wp-content\/uploads\/2020\/05\/sereniho1.jpg\"><img loading=\"lazy\" decoding=\"async\" class=\"wp-image-17296 size-medium\" src=\"http:\/\/www.slovensky-kras.eu\/info\/wp-content\/uploads\/2020\/05\/sereniho1-800x600.jpg\" alt=\"\" width=\"800\" height=\"600\" srcset=\"https:\/\/www.slovensky-kras.eu\/info\/wp-content\/uploads\/2020\/05\/sereniho1-800x600.jpg 800w, https:\/\/www.slovensky-kras.eu\/info\/wp-content\/uploads\/2020\/05\/sereniho1-1024x768.jpg 1024w, https:\/\/www.slovensky-kras.eu\/info\/wp-content\/uploads\/2020\/05\/sereniho1-768x576.jpg 768w, https:\/\/www.slovensky-kras.eu\/info\/wp-content\/uploads\/2020\/05\/sereniho1-1536x1152.jpg 1536w, https:\/\/www.slovensky-kras.eu\/info\/wp-content\/uploads\/2020\/05\/sereniho1-1200x900.jpg 1200w, https:\/\/www.slovensky-kras.eu\/info\/wp-content\/uploads\/2020\/05\/sereniho1.jpg 1920w\" sizes=\"auto, (max-width: 800px) 100vw, 800px\" \/><\/a><figcaption id=\"caption-attachment-17296\" class=\"wp-caption-text\">Ser\u00e9nyiho cisterna &#8211; foto: Viktor Bal\u00e1\u017e KST Ro\u017e\u0148ava<\/figcaption><\/figure>\n<p>Juhov\u00fdchodn\u00fdm smerom prech\u00e1dza <img loading=\"lazy\" decoding=\"async\" class=\"alignnone wp-image-10352 size-full\" src=\"http:\/\/www.slovensky-kras.eu\/info\/wp-content\/uploads\/2013\/07\/modra.png\" alt=\"\" width=\"20\" height=\"21\" \/> modr\u00e1 turistick\u00e1 trasa <a href=\"http:\/\/www.slovensky-kras.eu\/info\/kam-do-prirody\/silicka-planina\/\">Silickou planinou<\/a> a\u017e r\u00e1zcestn\u00edku <strong>Pod Dlh\u00fdm bralom (430 m n.m.)<\/strong>.<\/p>\n<p>Po tejto trase sa m\u00f4\u017eete dosta\u0165 k\u00a043m hlbokej <strong>Mestskej priepasti, <\/strong>ktor\u00e1 sa nach\u00e1dza pri r\u00e1zcestn\u00edku <strong>Mestsk\u00e1 priepas\u0165 (521 m n.m.)<\/strong>.<\/p>\n<p>Celkov\u00fd \u010das k r\u00e1zcestn\u00edku <strong>Mestsk\u00e1 priepas\u0165 (521 m n.m.)<\/strong> trv\u00e1 z obce\u00a0Ple\u0161ivec pribli\u017ene 1:35 h (nasp\u00e4\u0165 2:00 h).<\/p>\n<p>V obci za\u010d\u00edna <img loading=\"lazy\" decoding=\"async\" class=\"alignnone wp-image-10332 size-full\" src=\"http:\/\/www.slovensky-kras.eu\/info\/wp-content\/uploads\/2013\/06\/zlta.png\" alt=\"\" width=\"20\" height=\"21\" \/>\u00a0\u017elt\u00e1 turistick\u00e1 trasa, ktor\u00e1 prech\u00e1dza <a href=\"http:\/\/www.slovensky-kras.eu\/info\/kam-do-prirody\/silicka-planina\/\">Silickou planinou<\/a> a\u017e\u00a0k spr\u00edstupnenej jaskyni <a href=\"http:\/\/www.slovensky-kras.eu\/info\/jaskyne-a-priepasti\/jaskyna-domica\/\">Domica<\/a>.<\/p>\n<p>Celkov\u00fd \u010das k jaskyni <a href=\"http:\/\/www.slovensky-kras.eu\/info\/jaskyne-a-priepasti\/jaskyna-domica\/\">Domica<\/a> trv\u00e1 z obce\u00a0Ple\u0161ivec pribli\u017ene 3:15 h (nasp\u00e4\u0165 3:10 h).<\/p>\n<h4><span style=\"color: #993300;\">Kombinovan\u00e9 trasy<\/span><\/h4>\n<p>Obec je dobr\u00fdm v\u00fdchodiskom k jaskyniam\u00a0<a href=\"http:\/\/www.slovensky-kras.eu\/info\/jaskyne-a-priepasti\/jaskyna-silicka-ladnica\/\">Silick\u00e1 \u013eadnica<\/a>, <a href=\"http:\/\/www.slovensky-kras.eu\/info\/jaskyne-a-priepasti\/gombasecka-jaskyna\/\">Gombaseck\u00e1 jasky\u0148a<\/a> (v stredisku <a href=\"http:\/\/www.slovensky-kras.eu\/info\/strediska-a-centra\/rekreacne-stredisko-gombasek\/\">Gombasek<\/a>), <strong>Z\u00e1vozn\u00fdm priepastiam<\/strong> (pri r\u00e1zcestn\u00edku Z\u00e1vozn\u00e1 475 m n.m.), k v\u00fdh\u013eadovej <a href=\"http:\/\/www.slovensky-kras.eu\/info\/kam-do-prirody\/brzotinske-skaly\/\">Brzot\u00ednskej skale (598 m n.m.)<\/a>, <a href=\"http:\/\/www.slovensky-kras.eu\/info\/kam-do-prirody\/brzotinske-skaly\/\">Brzot\u00ednsk\u00fdm skal\u00e1m<\/a>, do obc\u00ed <a href=\"http:\/\/www.slovensky-kras.eu\/info\/strediska-a-centra\/obec-ardovo\/\">Ardovo<\/a>, <a href=\"http:\/\/www.slovensky-kras.eu\/info\/strediska-a-centra\/obec-gemerska-horka\/\">Gemersk\u00e1 H\u00f4rka<\/a>, <a href=\"http:\/\/www.slovensky-kras.eu\/info\/strediska-a-centra\/obec-dlha-ves\/\">Dlh\u00e1 Vec<\/a>, <a href=\"http:\/\/www.slovensky-kras.eu\/info\/strediska-a-centra\/obec-slavec\/\">Slavec<\/a>, <a href=\"http:\/\/www.slovensky-kras.eu\/info\/strediska-a-centra\/obec-silica\/\">Silica<\/a>, <a href=\"http:\/\/www.slovensky-kras.eu\/info\/strediska-a-centra\/obec-silicka-brezova\/\">Silick\u00e1 Brezov\u00e1<\/a> a <a href=\"http:\/\/www.slovensky-kras.eu\/info\/strediska-a-centra\/obec-kecovo\/\">Ke\u010dovo<\/a>.<\/p>\n<h4><span style=\"color: #993300;\">Cykloturistick\u00e9 trasy<\/span><\/h4>\n<p>Obcou prech\u00e1dzaj\u00fa cykloturistick\u00e9 trasy (modr\u00e1 a \u010derven\u00e1).<\/p>\n<p>Cykloturistom je tu k dispoz\u00edci\u00ed \u010derven\u00e1 cykloturistick\u00e1 trasa naz\u00fdvan\u00e1 Cyklomagistr\u00e1la Slovensk\u00fd kras o celkovej d\u013a\u017eke pribl\u00ed\u017ene 195 km.<\/p>\n<h3><span style=\"color: #808000;\">Hist\u00f3ria<\/span><\/h3>\n<p>Prv\u00e1 p\u00edsomn\u00e1 zmienka je z 13.storo\u010dia.<\/p>\n<p>Kr\u00e1\u013e Belo IV. daroval Ple\u0161ivec v roku 1243 rodu \u00c1ko\u0161ovcov (Bebekovcom), ktor\u00ed si tu postavili hrad a kl\u00e1\u0161tor.<\/p>\n<p>Koncom 13. storo\u010dia sa stala m\u00fdtnou stanicou.<\/p>\n<p>Ke\u010f sa v\u0161ak Juraj Bebek (ma\u010f. Gy\u00f6rgy Bebek de Pels\u0151cz) (*? _ +1567) spojil s Turkami, panovn\u00edk Maximili\u00e1n II. (*1527 _ +1576) poslal proti nemu vojensk\u00fa v\u00fdpravu pod veden\u00edm Lazara \u0160vendu (nem. Lazarus Freiherr von Schwendi, ma\u010f. Schwendi L\u00e1z\u00e1r) (*1522 _ +1583) , ktor\u00fd hrad Ple\u0161ivec v roku 1566 dobil a zb\u00faral.<\/p>\n<p>Odvtedy patril Ple\u0161ivec viacer\u00fdm zemep\u00e1nom. V 16. \u2013 17. storo\u010d\u00ed mnoho vytrpel, lebo le\u017eal na ceste vojsk, v roku 1570 ho spusto\u0161ili Turci a odvtedy platil vysok\u00fa da\u0148 fi\u013eakovsk\u00e9mu begovi, v 17. storo\u010d\u00ed ho pusto\u0161ili aj stavovsk\u00e9 a cis\u00e1rske vojsk\u00e1.<\/p>\n<p>Obyvate\u013estvo sa zaoberalo chovom dom\u00e1cich zvierat, p\u00e1len\u00edm v\u00e1pna, pestovan\u00edm ovocia, po\u013enohospod\u00e1rstvom a pr\u00e1cou v h\u00e1mroch.<\/p>\n<p>Za\u010diatkom 18. storo\u010dia s\u00eddlo Gemerskej \u017eupy a\u017e do vyhorenia v roku 1849.<\/p>\n<p>Po postaven\u00ed \u017eelezn\u00edc koncom 19. storo\u010dia sa Ple\u0161ivec stal \u017eelezni\u010dn\u00fdm uzlom.<\/p>\n<p>V rokoch 1939 a\u017e 1945 bola obec pripojen\u00e1 k Ma\u010farsku.<\/p>\n<h3><span style=\"color: #808000;\">Pamiatky<\/span><\/h3>\n<ul>\n<li><a href=\"http:\/\/www.slovensky-kras.eu\/info\/kam-za-pamiatkami\/kostol-reformovanej-krestanskej-cirkvi-v-plesivci\/\">Reformovan\u00fd kostol v Ple\u0161ivci (\u010d\u00edtaj viac&#8230;)<\/a><\/li>\n<\/ul>\n<ul>\n<li><a href=\"http:\/\/www.slovensky-kras.eu\/info\/kam-za-pamiatkami\/hrad-plesivec\/\">Hrad Ple\u0161ivec (\u010d\u00edtaj viac&#8230;)<\/a><\/li>\n<\/ul>\n<ul>\n<li><a href=\"http:\/\/www.slovensky-kras.eu\/info\/kam-za-pamiatkami\/zupny-dom-stolicny-dom-v-plesivci\/\">\u017dupn\u00fd (Stolo\u010dn\u00fd) dom (\u010d\u00edtaj viac&#8230;)<\/a><\/li>\n<\/ul>\n<ul>\n<li>R\u00edmskokatol\u00edcky kostol<\/li>\n<\/ul>\n<h3><span style=\"color: #808000;\">Mapy<\/span><\/h3>\n<p><strong>Vrstvy: <\/strong>Turistick\u00e1 mapa, Automapa, Cyklomapa, Ly\u017eiarska mapa, Satelitn\u00e1 mapa a OpenStreetMap.<\/p>\n<p><strong>Kliknut\u00edm na logo &#8222;Freemap.sk&#8220; sa V\u00e1m mapa zobraz\u00ed na celej ploche obrazovky.<\/strong><\/p>\n<p><iframe style=\"width: 800px; height: 600px; border: 0;\" src=\"https:\/\/www.freemap.sk\/?map=14\/48.544825\/20.402942&amp;info-point=48.544825\/20.402942,Obec Ple\u0161ivec&amp;layers=T&amp;embed=search\" allowfullscreen=\"allowfullscreen\"><\/iframe><\/p>\n<h3><span style=\"color: #808000;\">Po\u010dasie<\/span><\/h3>\n<p><iframe style=\"width: 800px; height: 609px;\" src=\"https:\/\/www.meteoblue.com\/sk\/po%C4%8Dasie\/widget\/three\/ple%c5%a1ivec_slovensk%c3%a1-republika_723879?geoloc=fixed&amp;nocurrent=0&amp;noforecast=0&amp;days=6&amp;tempunit=CELSIUS&amp;windunit=KILOMETER_PER_HOUR&amp;layout=image\" frameborder=\"0\" scrolling=\"NO\" sandbox=\"allow-same-origin allow-scripts allow-popups allow-popups-to-escape-sandbox\"><\/iframe><\/p>\n<div><!-- DO NOT REMOVE THIS LINK --><a href=\"https:\/\/www.meteoblue.com\/sk\/po%C4%8Dasie\/predpove%C4%8F\/t%C3%BD%C5%BEde%C5%88\/ple%c5%a1ivec_slovensk%c3%a1-republika_723879?utm_source=weather_widget&amp;utm_medium=linkus&amp;utm_content=three&amp;utm_campaign=Weather%2BWidget\" target=\"_blank\" rel=\"noopener noreferrer\">meteoblue<\/a><\/div>\n","protected":false},"excerpt":{"rendered":"<p>Menu: V\u0161eobecn\u00e9 inform\u00e1cie Ple\u0161ivec (ma\u010f. Pels\u0151c) je obec na Slovensku v okrese Ro\u017e\u0148ava (Ko\u0161ick\u00fd samospr\u00e1vny kraj). P\u00f4vodne stredovek\u00e9 meste\u010dko bolo s\u00eddlom \u0161\u013eachtick\u00e9ho rodu Bebekovcov. Nadmorsk\u00e1 v\u00fd\u0161ka v strede obce je [&hellip;]<\/p>\n","protected":false},"author":1,"featured_media":0,"parent":9,"menu_order":0,"comment_status":"closed","ping_status":"open","template":"","meta":{"_uag_custom_page_level_css":"","footnotes":""},"class_list":["post-1171","page","type-page","status-publish","hentry"],"featured_image_src":"","featured_image_src_square":false,"rbea_author_info":{"display_name":"admin","author_link":"https:\/\/www.slovensky-kras.eu\/info\/author\/admin\/"},"rbea_excerpt_info":"Menu: V\u0161eobecn\u00e9 inform\u00e1cie Ple\u0161ivec (ma\u010f. Pels\u0151c) je obec na Slovensku v okrese Ro\u017e\u0148ava (Ko\u0161ick\u00fd samospr\u00e1vny kraj). P\u00f4vodne stredovek\u00e9 meste\u010dko bolo s\u00eddlom \u0161\u013eachtick\u00e9ho rodu Bebekovcov. Nadmorsk\u00e1 v\u00fd\u0161ka v strede obce je [&hellip;]","uagb_featured_image_src":{"full":false,"thumbnail":false,"medium":false,"medium_large":false,"large":false,"1536x1536":false,"2048x2048":false},"uagb_author_info":{"display_name":"admin","author_link":"https:\/\/www.slovensky-kras.eu\/info\/author\/admin\/"},"uagb_comment_info":0,"uagb_excerpt":"Menu: V\u0161eobecn\u00e9 inform\u00e1cie Ple\u0161ivec (ma\u010f. Pels\u0151c) je obec na Slovensku v okrese Ro\u017e\u0148ava (Ko\u0161ick\u00fd samospr\u00e1vny kraj). P\u00f4vodne stredovek\u00e9 meste\u010dko bolo s\u00eddlom \u0161\u013eachtick\u00e9ho rodu Bebekovcov. Nadmorsk\u00e1 v\u00fd\u0161ka v strede obce je [&hellip;]","_links":{"self":[{"href":"https:\/\/www.slovensky-kras.eu\/info\/wp-json\/wp\/v2\/pages\/1171","targetHints":{"allow":["GET"]}}],"collection":[{"href":"https:\/\/www.slovensky-kras.eu\/info\/wp-json\/wp\/v2\/pages"}],"about":[{"href":"https:\/\/www.slovensky-kras.eu\/info\/wp-json\/wp\/v2\/types\/page"}],"author":[{"embeddable":true,"href":"https:\/\/www.slovensky-kras.eu\/info\/wp-json\/wp\/v2\/users\/1"}],"replies":[{"embeddable":true,"href":"https:\/\/www.slovensky-kras.eu\/info\/wp-json\/wp\/v2\/comments?post=1171"}],"version-history":[{"count":27,"href":"https:\/\/www.slovensky-kras.eu\/info\/wp-json\/wp\/v2\/pages\/1171\/revisions"}],"predecessor-version":[{"id":22210,"href":"https:\/\/www.slovensky-kras.eu\/info\/wp-json\/wp\/v2\/pages\/1171\/revisions\/22210"}],"up":[{"embeddable":true,"href":"https:\/\/www.slovensky-kras.eu\/info\/wp-json\/wp\/v2\/pages\/9"}],"wp:attachment":[{"href":"https:\/\/www.slovensky-kras.eu\/info\/wp-json\/wp\/v2\/media?parent=1171"}],"curies":[{"name":"wp","href":"https:\/\/api.w.org\/{rel}","templated":true}]}}