{"id":1166,"date":"2013-07-13T09:59:35","date_gmt":"2013-07-13T07:59:35","guid":{"rendered":"http:\/\/www.slovensky-kras.eu\/info\/?page_id=1166"},"modified":"2022-01-02T10:54:53","modified_gmt":"2022-01-02T09:54:53","slug":"obec-lucka","status":"publish","type":"page","link":"https:\/\/www.slovensky-kras.eu\/info\/strediska-a-centra\/obec-lucka\/","title":{"rendered":"Obec L\u00fa\u010dka"},"content":{"rendered":"<p><strong>Menu: <\/strong> <a href=\"http:\/\/www.slovensky-kras.eu\/info\/\" class=\"su-button su-button-style-default\" style=\"color:#000000;background-color:#FFCF2F;border-color:#cca626;border-radius:5px\" target=\"_self\"><span style=\"color:#000000;padding:6px 16px;font-size:13px;line-height:20px;border-color:#ffde6e;border-radius:5px;text-shadow:none\"><i class=\"sui sui-arrow-right\" style=\"font-size:13px;color:#000000\"><\/i>  \u00davod \/ Aktuality <\/span><\/a>\n<a href=\"http:\/\/www.slovensky-kras.eu\/info\/strediska-a-centra\/\" class=\"su-button su-button-style-default\" style=\"color:#000000;background-color:#FFCF2F;border-color:#cca626;border-radius:5px\" target=\"_self\"><span style=\"color:#000000;padding:6px 16px;font-size:13px;line-height:20px;border-color:#ffde6e;border-radius:5px;text-shadow:none\"><i class=\"sui sui-arrow-right\" style=\"font-size:13px;color:#000000\"><\/i>  Turistick\u00e9 v\u00fdchodisk\u00e1 <\/span><\/a>\n<div class=\"su-divider su-divider-style-default\" style=\"margin:15px 0;border-width:2px;border-color:#000000\"><\/div>\n<div class=\"su-accordion su-u-trim\">\n<div class=\"su-spoiler su-spoiler-style-fancy su-spoiler-icon-plus su-spoiler-closed\" data-scroll-offset=\"0\" data-anchor-in-url=\"no\"><div class=\"su-spoiler-title\" tabindex=\"0\" role=\"button\"><span class=\"su-spoiler-icon\"><\/span>Textov\u00e9 menu - Turistick\u00e9 v\u00fdchodisk\u00e1<\/div><div class=\"su-spoiler-content su-u-clearfix su-u-trim\"><div class=\"column-group columns-2\"><div class=\"column column-number-1 column-span-1\"><p><strong>Rekrea\u010dn\u00e9 stredisk\u00e1 a oblasti:<\/strong><br \/>\n<a href=\"http:\/\/www.slovensky-kras.eu\/info\/?page_id=97\">Domica<\/a><br \/>\n<a href=\"http:\/\/www.slovensky-kras.eu\/info\/rekreacne-stredisko-gombasek\/\">Gombasek<\/a><br \/>\n<a href=\"http:\/\/www.slovensky-kras.eu\/info\/strediska-a-centra\/turisticka-oblast-soroska-jablonovske-sedlo\/\">Soro\u0161ka-Jablonovsk\u00e9 sedlo<\/a><br \/>\n<a href=\"http:\/\/www.slovensky-kras.eu\/info\/strediska-a-centra\/rekreacna-oblast-sugov\/\">\u0160ugov<\/a><br \/>\n<strong>Mest\u00e1:<\/strong><br \/>\n<a href=\"http:\/\/www.slovensky-kras.eu\/info\/strediska-a-centra\/mesto-medzev\/\">Medzev<\/a><br \/>\n<a href=\"http:\/\/www.slovensky-kras.eu\/info\/strediska-a-centra\/mesto-moldava-nad-bodvou\/\">Moldava nad Bodvou<\/a><br \/>\n<a href=\"http:\/\/www.slovensky-kras.eu\/info\/strediska-a-centra\/mesto-roznava\/\">Ro\u017e\u0148ava<\/a><br \/>\n<strong>Obce:<\/strong><br \/>\n<a href=\"http:\/\/www.slovensky-kras.eu\/info\/strediska-a-centra\/obec-ardovo\/\">Ardovo<\/a><br \/>\n<a title=\"Obec B\u00f4rka\" href=\"http:\/\/www.slovensky-kras.eu\/info\/strediska-a-centra\/obec-borka\/\">B\u00f4rka<\/a><br \/>\n<a href=\"http:\/\/www.slovensky-kras.eu\/info\/strediska-a-centra\/obec-bretka\/\">Bretka<\/a><br \/>\n<a href=\"http:\/\/www.slovensky-kras.eu\/info\/strediska-a-centra\/obec-brzotin\/\">Brzot\u00edn<\/a><br \/>\n<a href=\"http:\/\/www.slovensky-kras.eu\/info\/strediska-a-centra\/obec-dlha-ves\/\">Dlh\u00e1 Ves<\/a><br \/>\n<a href=\"http:\/\/www.slovensky-kras.eu\/info\/strediska-a-centra\/obec-drnava\/\">Drnava<\/a><br \/>\n<a href=\"http:\/\/www.slovensky-kras.eu\/info\/strediska-a-centra\/1017-2\/\">Dvorn\u00edky-V\u010del\u00e1re<\/a><br \/>\n<a href=\"http:\/\/www.slovensky-kras.eu\/info\/strediska-a-centra\/obec-drienovec-drienovecke-kupele\/\">Drienovec-Drienoveck\u00e9 k\u00fapele<\/a><br \/>\n<a href=\"http:\/\/www.slovensky-kras.eu\/info\/strediska-a-centra\/obec-gemerska-horka\/\">Gemersk\u00e1 H\u00f4rka<\/a><br \/>\n<a href=\"http:\/\/www.slovensky-kras.eu\/info\/obec-hacava\/\">Ha\u010dava<\/a><br \/>\n<a href=\"http:\/\/www.slovensky-kras.eu\/info\/strediska-a-centra\/obec-haj\/\">H\u00e1j<\/p>\n<\/div>\n<\/a><div class=\"column column-number-2 last column-span-1\"><p><a href=\"http:\/\/www.slovensky-kras.eu\/info\/strediska-a-centra\/obec-hrhov\/\">Hrhov<\/a><br \/>\n<a href=\"http:\/\/www.slovensky-kras.eu\/info\/strediska-a-centra\/obec-hrusov\/\">Hru\u0161ov<\/a><br \/>\n<a href=\"http:\/\/www.slovensky-kras.eu\/info\/strediska-a-centra\/obec-jablonov-nad-turnou\/\">Jablonov nad Tur\u0148ou<\/a><br \/>\n<a href=\"http:\/\/www.slovensky-kras.eu\/info\/strediska-a-centra\/obec-jasov\/\">Jasov<\/a><br \/>\n<a href=\"http:\/\/www.slovensky-kras.eu\/info\/strediska-a-centra\/obec-jovice\/\">Jovice<\/a><br \/>\n<a href=\"http:\/\/www.slovensky-kras.eu\/info\/strediska-a-centra\/obec-kecovo\/\">Ke\u010dovo<\/a><br \/>\n<a href=\"http:\/\/www.slovensky-kras.eu\/info\/strediska-a-centra\/obec-krasnohorska-dlha-luka\/\">Kr\u00e1snohorsk\u00e1 Dlh\u00e1 L\u00faka<\/a><br \/>\n<a href=\"http:\/\/www.slovensky-kras.eu\/info\/strediska-a-centra\/obec-krasnohorske-podhradie\/\">Kr\u00e1snohorsk\u00e9 Podhradie<\/a><br \/>\n<a href=\"http:\/\/www.slovensky-kras.eu\/info\/strediska-a-centra\/obec-kruzna\/\">Kru\u017en\u00e1<\/a><br \/>\n<a href=\"http:\/\/www.slovensky-kras.eu\/info\/strediska-a-centra\/obec-lucka\/\">L\u00fa\u010dka<\/a><br \/>\n<a href=\"http:\/\/www.slovensky-kras.eu\/info\/strediska-a-centra\/obec-ochtina\/\">Ochtin\u00e1<\/a><br \/>\n<a href=\"http:\/\/www.slovensky-kras.eu\/info\/strediska-a-centra\/obec-plesivec\/\">Ple\u0161ivec<\/a><br \/>\n<a href=\"http:\/\/www.slovensky-kras.eu\/info\/strediska-a-centra\/obec-rakovnica\/\">Rakovnica<\/a><br \/>\n<a href=\"http:\/\/www.slovensky-kras.eu\/info\/strediska-a-centra\/obec-silica\/\">Silica<\/a><br \/>\n<a href=\"http:\/\/www.slovensky-kras.eu\/info\/strediska-a-centra\/obec-silicka-brezova\/\">Silick\u00e1 Brezov\u00e1<\/a><br \/>\n<a href=\"http:\/\/www.slovensky-kras.eu\/info\/strediska-a-centra\/obec-silicka-jablonica\/\">Silick\u00e1 Jablonica<\/a><br \/>\n<a href=\"http:\/\/www.slovensky-kras.eu\/info\/strediska-a-centra\/obec-slavec\/\">Slavec<\/a><br \/>\n<a href=\"http:\/\/www.slovensky-kras.eu\/info\/strediska-a-centra\/obec-stitnik\/\">\u0160t\u00edtnik<\/a><br \/>\n<a href=\"http:\/\/www.slovensky-kras.eu\/info\/strediska-a-centra\/obec-turna-nad-bodvou\/\">Tur\u0148a nad Bodvou<\/a><br \/>\n<a href=\"http:\/\/www.slovensky-kras.eu\/info\/strediska-a-centra\/obec-zadiel\/\">Z\u00e1diel<\/a><\/p>\n<\/div><\/div>\n<\/div><\/div>\n<\/div>\n<div class=\"su-divider su-divider-style-default\" style=\"margin:15px 0;border-width:2px;border-color:#000000\"><\/div>\n<h3><span style=\"color: #808000;\">V\u0161eobecn\u00e9 inform\u00e1cie<\/span><\/h3>\n<p>Obec L\u00fa\u010dka (Lucska) je obec na Slovensku v okrese Ro\u017e\u0148ava (Ko\u0161ick\u00fd samospr\u00e1vny kraj).<\/p>\n<figure id=\"attachment_21444\" aria-describedby=\"caption-attachment-21444\" style=\"width: 800px\" class=\"wp-caption aligncenter\"><a href=\"https:\/\/www.slovensky-kras.eu\/info\/wp-content\/uploads\/2021\/12\/obec-lucka-domy1.jpg\"><img loading=\"lazy\" decoding=\"async\" class=\"wp-image-21444 size-full\" src=\"https:\/\/www.slovensky-kras.eu\/info\/wp-content\/uploads\/2021\/12\/obec-lucka-domy1.jpg\" alt=\"\" width=\"800\" height=\"533\" srcset=\"https:\/\/www.slovensky-kras.eu\/info\/wp-content\/uploads\/2021\/12\/obec-lucka-domy1.jpg 800w, https:\/\/www.slovensky-kras.eu\/info\/wp-content\/uploads\/2021\/12\/obec-lucka-domy1-768x512.jpg 768w\" sizes=\"auto, (max-width: 800px) 100vw, 800px\" \/><\/a><figcaption id=\"caption-attachment-21444\" class=\"wp-caption-text\">Gemersk\u00e1 \u013eudov\u00e1 architekt\u00fara v obci L\u00fa\u010dka, prv\u00fd je dom \u010d. 101 a druh\u00fd je dom \u010d.100 ( Pal\u00f3c )<\/figcaption><\/figure>\n<p>Le\u017e\u00ed na styku <a href=\"http:\/\/www.keturist.sk\/info\/okolite-hory\/volovske-vrchy\/\" target=\"_blank\" rel=\"noopener noreferrer\">Volovsk\u00fdch vrchov<\/a> (<strong>podcelok Pip\u00edtka<\/strong>) a planiny <a href=\"http:\/\/www.slovensky-kras.eu\/info\/kam-do-prirody\/planina-horny-vrch\/\">Horn\u00e9ho vrchu<\/a> v turisticky v\u00fdznamnej <a href=\"http:\/\/www.slovensky-kras.eu\/info\/kam-do-prirody\/dolina-cremosna-udolie-cremosna\/\">doline \u010cremo\u0161n\u00e1<\/a>.<\/p>\n<p><a href=\"http:\/\/www.slovensky-kras.eu\/info\/kam-do-prirody\/dolina-cremosna-udolie-cremosna\/\">Dolina \u010cremo\u0161n\u00e1<\/a> naz\u00fdvan\u00e1 aj ako \u00fadolie\u00a0<strong>potoka \u010cremo\u0161n\u00e1<\/strong>\u00a0je hlbok\u00e1 pribli\u017ene 17 km dlh\u00e1 krasovit\u00e1 dolina, ktor\u00fa vo v\u00e1pencoch vyh\u013abil <strong>potok \u010cremo\u0161n\u00e1<\/strong>.<\/p>\n<p>Nadmorsk\u00e1 v\u00fd\u0161ka v strede obce je 540 m, 465-1186 m v chot\u00e1ri.<\/p>\n<h4><span style=\"color: #993300;\">Husitsk\u00fd kostol v L\u00fa\u010dke \u2013 zr\u00facanina<\/span><\/h4>\n<p>Obec L\u00fa\u010dka je zn\u00e1ma hlavne kv\u00f4li pomerne zachovalej zr\u00facanine <a href=\"http:\/\/www.slovensky-kras.eu\/info\/kam-za-pamiatkami\/husitsky-kostol-v-lucke\/\"><strong>stredovek\u00e9ho husitsk\u00e9ho opevnen\u00e9ho kostola <\/strong><\/a>postaven\u00e9ho v 13.storo\u010d\u00ed.<\/p>\n<figure id=\"attachment_19692\" aria-describedby=\"caption-attachment-19692\" style=\"width: 800px\" class=\"wp-caption aligncenter\"><a href=\"http:\/\/www.slovensky-kras.eu\/info\/wp-content\/uploads\/2021\/01\/lucka-kostol.jpg\"><img loading=\"lazy\" decoding=\"async\" class=\"wp-image-19692 size-full\" src=\"http:\/\/www.slovensky-kras.eu\/info\/wp-content\/uploads\/2021\/01\/lucka-kostol.jpg\" alt=\"\" width=\"800\" height=\"533\" srcset=\"https:\/\/www.slovensky-kras.eu\/info\/wp-content\/uploads\/2021\/01\/lucka-kostol.jpg 800w, https:\/\/www.slovensky-kras.eu\/info\/wp-content\/uploads\/2021\/01\/lucka-kostol-768x512.jpg 768w\" sizes=\"auto, (max-width: 800px) 100vw, 800px\" \/><\/a><figcaption id=\"caption-attachment-19692\" class=\"wp-caption-text\">Husitsk\u00fd kostol v L\u00fa\u010dke \u2013 Okolie je udr\u017eiavan\u00e9 pasen\u00edm oviec, bez nutnosti celoplo\u0161n\u00e9ho kosenia<\/figcaption><\/figure>\n<p>V polovici 15. storo\u010dia bol kostol\u00edk obsaden\u00fd\u00a0vojskom <a href=\"http:\/\/sk.wikipedia.org\/wiki\/J%C3%A1n_Jiskra_z_Brand%C3%BDsa\" target=\"_blank\" rel=\"noopener noreferrer\">J\u00e1na Jiskru z Brand\u00fdsa<\/a> a <a href=\"http:\/\/sk.wikipedia.org\/wiki\/Bratr%C3%ADci\" target=\"_blank\" rel=\"noopener noreferrer\">bratrick\u00fdm vojskom<\/a> pozost\u00e1vaj\u00facich z \u010dasti aj z b\u00fdval\u00fdch <a href=\"http:\/\/sk.wikipedia.org\/wiki\/Husitstvo\" target=\"_blank\" rel=\"noopener noreferrer\">husitsk\u00edch bojovn\u00edkov<\/a>.<\/p>\n<p>Preto m\u00e1 pomenovanie ako &#8222;husitsk\u00fd kostol\u00edk&#8220;.<\/p>\n<p><strong>Viac info o kostole sa do\u010d\u00edtate tu:<\/strong><\/p>\n<ul>\n<li><a href=\"https:\/\/www.slovensky-kras.eu\/info\/kam-za-pamiatkami\/husitsky-kostol-v-lucke\/\" target=\"_blank\" rel=\"noopener\">Husitsk\u00fd kostol v L\u00fa\u010dke \u2013 zr\u00facanina (\u010d\u00edtaj viac v novom okne&#8230;)<\/a><\/li>\n<\/ul>\n<h4><span style=\"color: #993300;\">Vidiecka pamiatkov\u00e1 z\u00f3na<\/span><\/h4>\n<p>Obec L\u00fa\u010dka bola v roku 1992 vyhl\u00e1sen\u00e1 za vidiecku <a href=\"http:\/\/www.slovensky-kras.eu\/info\/kam-za-pamiatkami\/vidiecka-pamiatkova-zona-v-obci-lucka\/\">pamiatkov\u00fa z\u00f3nu<\/a>.<\/p>\n<figure id=\"attachment_21446\" aria-describedby=\"caption-attachment-21446\" style=\"width: 800px\" class=\"wp-caption aligncenter\"><a href=\"https:\/\/www.slovensky-kras.eu\/info\/wp-content\/uploads\/2021\/12\/obec-lucka-domy3.jpg\"><img loading=\"lazy\" decoding=\"async\" class=\"wp-image-21446 size-full\" src=\"https:\/\/www.slovensky-kras.eu\/info\/wp-content\/uploads\/2021\/12\/obec-lucka-domy3.jpg\" alt=\"\" width=\"800\" height=\"533\" srcset=\"https:\/\/www.slovensky-kras.eu\/info\/wp-content\/uploads\/2021\/12\/obec-lucka-domy3.jpg 800w, https:\/\/www.slovensky-kras.eu\/info\/wp-content\/uploads\/2021\/12\/obec-lucka-domy3-768x512.jpg 768w\" sizes=\"auto, (max-width: 800px) 100vw, 800px\" \/><\/a><figcaption id=\"caption-attachment-21446\" class=\"wp-caption-text\">sedliacky dom<\/figcaption><\/figure>\n<p>Presnej\u0161ie sa jedn\u00e1 o jej severn\u00fa \u010das\u0165, ktor\u00e1 predstavuje asi polovicu z\u00e1stavby teraj\u0161ej obce.<\/p>\n<p>T\u00e1to \u010das\u0165 obce je star\u0161ia a kompaktne zachovan\u00e1.<\/p>\n<p><strong>Viac info o pamiatkov\u00e1 z\u00f3na sa do\u010d\u00edtate tu:<\/strong><\/p>\n<ul>\n<li><a href=\"https:\/\/www.slovensky-kras.eu\/info\/kam-za-pamiatkami\/vidiecka-pamiatkova-zona-v-obci-lucka\/\" target=\"_blank\" rel=\"noopener\">Vidiecka pamiatkov\u00e1 z\u00f3na (\u010d\u00edtaj viac v novom okne&#8230;)<\/a><\/li>\n<\/ul>\n<h4><span style=\"color: #993300;\">Gemersk\u00e1 \u013eudov\u00e1 architekt\u00fara<\/span><\/h4>\n<p>Z pamiatok sa tu nach\u00e1dza pomerne dos\u0165 zachovan\u00fdch <a href=\"http:\/\/www.slovensky-kras.eu\/info\/kam-za-pamiatkami\/gemerska-ludova-architektura-v-obci-lucka\/\">tradi\u010dn\u00fdch sedliackych domov<\/a> z konca 19. a za\u010diatku 20.storo\u010dia.<\/p>\n<figure id=\"attachment_21445\" aria-describedby=\"caption-attachment-21445\" style=\"width: 800px\" class=\"wp-caption aligncenter\"><a href=\"https:\/\/www.slovensky-kras.eu\/info\/wp-content\/uploads\/2021\/12\/obec-lucka-domy2.jpg\"><img loading=\"lazy\" decoding=\"async\" class=\"wp-image-21445 size-full\" src=\"https:\/\/www.slovensky-kras.eu\/info\/wp-content\/uploads\/2021\/12\/obec-lucka-domy2.jpg\" alt=\"\" width=\"800\" height=\"533\" srcset=\"https:\/\/www.slovensky-kras.eu\/info\/wp-content\/uploads\/2021\/12\/obec-lucka-domy2.jpg 800w, https:\/\/www.slovensky-kras.eu\/info\/wp-content\/uploads\/2021\/12\/obec-lucka-domy2-768x512.jpg 768w\" sizes=\"auto, (max-width: 800px) 100vw, 800px\" \/><\/a><figcaption id=\"caption-attachment-21445\" class=\"wp-caption-text\">tradi\u010dn\u00e1 gemersk\u00e1 architekt\u00fara sedliackych domov<\/figcaption><\/figure>\n<p>Na niektor\u00fdch domoch sa zachovala aj ornament\u00e1lna v\u00fdzdoba prie\u010delia.<\/p>\n<p>Star\u00e9 <a href=\"http:\/\/www.slovensky-kras.eu\/info\/kam-za-pamiatkami\/gemerska-ludova-architektura-v-obci-lucka\/\">sedliacke domy<\/a> s\u00fa situovan\u00e9 v obojstrannej radovej z\u00e1stavbe okolo potoka.<\/p>\n<p>Tieto domy s\u00fa murovan\u00e9, trojpriestorov\u00e9, s h\u013abkov\u00fdm raden\u00edm obytn\u00fdch a hospod\u00e1rskych objektov.<\/p>\n<p><strong>Viac info o \u013eudovej architekt\u00fare sa do\u010d\u00edtate tu:<\/strong><\/p>\n<ul>\n<li><a href=\"https:\/\/www.slovensky-kras.eu\/info\/kam-za-pamiatkami\/gemerska-ludova-architektura-v-obci-lucka\/\" target=\"_blank\" rel=\"noopener\">Gemersk\u00e1 \u013eudov\u00e1 architekt\u00fara (\u010d\u00edtaj viac v novom okne&#8230;)<\/a><\/li>\n<\/ul>\n<h4><span style=\"color: #993300;\">R\u00edmskokatol\u00edcky kostol sv. J\u00e1na<\/span><\/h4>\n<p>R\u00edmskokatol\u00edcky <strong>kostol sv. J\u00e1na<\/strong> je jednoduch\u00e1 jednolo\u010fov\u00e1 stavba s polygon\u00e1lnym ukon\u010den\u00edm presbyt\u00e9ria a prestavanou ve\u017eou.<\/p>\n<figure id=\"attachment_21858\" aria-describedby=\"caption-attachment-21858\" style=\"width: 800px\" class=\"wp-caption aligncenter\"><a href=\"https:\/\/www.slovensky-kras.eu\/info\/wp-content\/uploads\/2021\/12\/lucka-kostol-kat1.jpg\"><img loading=\"lazy\" decoding=\"async\" class=\"wp-image-21858 size-full\" src=\"https:\/\/www.slovensky-kras.eu\/info\/wp-content\/uploads\/2021\/12\/lucka-kostol-kat1.jpg\" alt=\"\" width=\"800\" height=\"533\" srcset=\"https:\/\/www.slovensky-kras.eu\/info\/wp-content\/uploads\/2021\/12\/lucka-kostol-kat1.jpg 800w, https:\/\/www.slovensky-kras.eu\/info\/wp-content\/uploads\/2021\/12\/lucka-kostol-kat1-768x512.jpg 768w\" sizes=\"auto, (max-width: 800px) 100vw, 800px\" \/><\/a><figcaption id=\"caption-attachment-21858\" class=\"wp-caption-text\">R\u00edmskokatol\u00edcky kostol sv. J\u00e1na<\/figcaption><\/figure>\n<p>Kostol m\u00e1 hladk\u00e9 fas\u00e1dy \u010dlenen\u00e9 polkruhovo ukon\u010den\u00fdmi oknami so \u0161ambr\u00e1nami.<\/p>\n<p>Ve\u017ea m\u00e1 zvonovit\u00fa helmicu.<\/p>\n<h4><span style=\"color: #993300;\">Reformovan\u00fd renesana\u010dno-klasicistick\u00fd kostol<\/span><\/h4>\n<p><strong>Reformovan\u00fd kostol<\/strong> je jednoduch\u00e1 jednolo\u010fov\u00e1 stavba s pravouhl\u00fdm z\u00e1verom a predstavanou.<\/p>\n<figure id=\"attachment_21857\" aria-describedby=\"caption-attachment-21857\" style=\"width: 800px\" class=\"wp-caption aligncenter\"><a href=\"https:\/\/www.slovensky-kras.eu\/info\/wp-content\/uploads\/2021\/12\/lucka-kostol-evan1.jpg\"><img loading=\"lazy\" decoding=\"async\" class=\"wp-image-21857 size-full\" src=\"https:\/\/www.slovensky-kras.eu\/info\/wp-content\/uploads\/2021\/12\/lucka-kostol-evan1.jpg\" alt=\"\" width=\"800\" height=\"533\" srcset=\"https:\/\/www.slovensky-kras.eu\/info\/wp-content\/uploads\/2021\/12\/lucka-kostol-evan1.jpg 800w, https:\/\/www.slovensky-kras.eu\/info\/wp-content\/uploads\/2021\/12\/lucka-kostol-evan1-768x512.jpg 768w\" sizes=\"auto, (max-width: 800px) 100vw, 800px\" \/><\/a><figcaption id=\"caption-attachment-21857\" class=\"wp-caption-text\">Reformovan\u00fd kostol<\/figcaption><\/figure>\n<p>Stavba zachov\u00e1va trad\u00edciu gemersk\u00fdch klasicistick\u00fdch sakr\u00e1lnych stavieb.<\/p>\n<p>Kostol m\u00e1 hladk\u00e9 fas\u00e1dy, ve\u017ea je ukon\u010den\u00e1 trojuholn\u00edkov\u00fdmi \u0161t\u00edtmi a ihlancovou helmicou.<\/p>\n<h4><span style=\"color: #993300;\">Hospod\u00e1rske objekty<\/span><\/h4>\n<p>V obci sa zachovali stavebn\u00e9 objekty ur\u010den\u00e9 pre hospod\u00e1rsku \u010dinnos\u0165 jej obyvate\u013eov (stodola, senn\u00edk, pivnica, ma\u0161ta\u013e, ov\u010dinec, chliev, kur\u00edn, v\u010del\u00edn, k\u00f4l\u0148a, voziare\u0148, stud\u0148a a udiare\u0148).<\/p>\n<p>Sl\u00fa\u017eili na uskladnenie po\u013enohospod\u00e1rskych produktov, na ustajnenie hospod\u00e1rskych zvierat, na ulo\u017eenie po\u013enohospod\u00e1rskeho invent\u00e1ra a dopravn\u00fdch prostriedkov.<\/p>\n<h4><span style=\"color: #993300;\">Tepl\u00e9 pramene<\/span><\/h4>\n<p>V obci vyviera nieko\u013eko tepl\u00fdch prame\u0148ov, ktor\u00e9 s\u00fa nasmerovan\u00e9 do kor\u00fdt.<\/p>\n<p>Tieto koryt\u00e1 mali pravdepodobne za \u00falohu vodu nielen zachyti\u0165, ale aj vy\u010disti\u0165.<\/p>\n<p>Taktie\u017e sa v minulosti z t\u00fdchto kor\u00fdt nap\u00e1jali aj kone.<\/p>\n<p>Aj dnes m\u00f4\u017eeme n\u00e1js\u0165 na mnoh\u00fdch miestach v dedine tak\u00e9to dobov\u00e9 koryt\u00e1 pln\u00e9 priezra\u010dnej vody, dnes u\u017e svoj prav\u00fd v\u00fdznam neplnia s\u00fa sk\u00f4r atrakciou a spomienkou na star\u00e9 \u010dasy.<\/p>\n<p>Obec L\u00fa\u010dka je jednou z najkraj\u0161\u00edch obc\u00ed v NP Slovensk\u00fd kras.<\/p>\n<h3><span style=\"color: #808000;\">Turistick\u00e9 mo\u017enosti a zauj\u00edmavosti<\/span><\/h3>\n<h4><span style=\"color: #993300;\">Cykloturistick\u00e9 trasy<\/span><\/h4>\n<p>Obcou prech\u00e1dzaj\u00fa cykloturistick\u00e9 trasy (modr\u00e1 a \u010derven\u00e1).<\/p>\n<p>Cykloturistom je tu k dispoz\u00edci\u00ed \u010derven\u00e1 cykloturistick\u00e1 trasa naz\u00fdvan\u00e1 Cyklomagistr\u00e1la Slovensk\u00fd kras o celkovej d\u013a\u017eke pribl\u00ed\u017ene 195 km.<\/p>\n<h3><span style=\"color: #808000;\">Hist\u00f3ria<\/span><\/h3>\n<p>Prv\u00e1 p\u00edsomn\u00e1 zmienka o obci je z prvej polovice 15.storo\u010dia.<\/p>\n<p>Patrila hradn\u00e9mu panstvu Tur\u0148a.<\/p>\n<p>V chot\u00e1ri \u0165a\u017eili \u017eelezn\u00fa rudu.<\/p>\n<p>Obyvatelia obce sa v minulosti \u017eivili po\u013enohospod\u00e1rstvom, chovom dobytka, pr\u00e1cou v lesoch a v 18.storo\u010d\u00ed sa tu rozv\u00edjala \u017eeleziarska v\u00fdroba.<\/p>\n<p>V 19.storo\u010d\u00ed bola v obci postaven\u00e1 vysok\u00e1 pec a vznikla tu \u017eeleziare\u0148, ktor\u00e1 pracovala e\u0161te za\u010diatkom 20. storo\u010dia.<\/p>\n<p>V rokoch 1939 a\u017e 1945 bola obec pripojen\u00e1 k Ma\u010farsku.<\/p>\n<h3><span style=\"color: #808000;\">Pamiatky<\/span><\/h3>\n<ul>\n<li><a href=\"http:\/\/www.slovensky-kras.eu\/info\/kam-za-pamiatkami\/husitsky-kostol-v-lucke\/\">Husitsk\u00fd kostol v obci L\u00fa\u010dka (\u010d\u00edtaj viac&#8230;)<\/a><\/li>\n<\/ul>\n<ul>\n<li><a href=\"http:\/\/www.slovensky-kras.eu\/info\/kam-za-pamiatkami\/gemerska-ludova-architektura-v-obci-lucka\/\">Gemersk\u00e1 \u013eudov\u00e1 architekt\u00fara v obci L\u00fa\u010dka (\u010d\u00edtaj viac&#8230;)<\/a><\/li>\n<\/ul>\n<ul>\n<li><a href=\"http:\/\/www.slovensky-kras.eu\/info\/kam-za-pamiatkami\/vidiecka-pamiatkova-zona-v-obci-lucka\/\">Vidiecka pamiatkov\u00e1 z\u00f3na v obci L\u00fa\u010dka (\u010d\u00edtaj viac&#8230;)<\/a><\/li>\n<\/ul>\n<ul>\n<li>Kostol sv\u00e4t\u00e9ho J\u00e1na<\/li>\n<\/ul>\n<ul>\n<li>Reformovan\u00fd renesan\u010dno-klasicistick\u00fd kostol<\/li>\n<\/ul>\n<h3><span style=\"color: #808000;\">Pr\u00edroda<\/span><\/h3>\n<ul>\n<li><a href=\"http:\/\/www.slovensky-kras.eu\/info\/kam-do-prirody\/dolina-cremosna-udolie-cremosna\/\">Dolina \u010cremo\u0161n\u00e1 (\u00fadolie \u010cremo\u0161n\u00e1) (\u010d\u00edtaj viac&#8230;)<\/a><\/li>\n<\/ul>\n<h3><span style=\"color: #808000;\">Mapy<\/span><\/h3>\n<p><strong>Vrstvy: <\/strong>Turistick\u00e1 mapa, Automapa, Cyklomapa, Ly\u017eiarska mapa, Satelitn\u00e1 mapa a OpenStreetMap.<\/p>\n<p><strong>Kliknut\u00edm na logo &#8222;Freemap.sk&#8220; sa V\u00e1m mapa zobraz\u00ed na celej ploche obrazovky.<\/strong><\/p>\n<p><iframe style=\"width: 800px; height: 600px; border: 0;\" src=\"https:\/\/www.freemap.sk\/?map=14\/48.635943\/20.722919&amp;info-point=48.635943\/20.722919,Obec L\u00fa\u010dka&amp;layers=T&amp;embed=search\" allowfullscreen=\"allowfullscreen\"><\/iframe><\/p>\n<h3><span style=\"color: #808000;\">Po\u010dasie<\/span><\/h3>\n<p><iframe style=\"width: 800px; height: 610px;\" src=\"https:\/\/www.meteoblue.com\/sk\/po%C4%8Dasie\/widget\/three\/l%c3%ba%c4%8dka_slovensk%c3%a1-republika_724253?geoloc=fixed&amp;nocurrent=0&amp;noforecast=0&amp;days=6&amp;tempunit=CELSIUS&amp;windunit=KILOMETER_PER_HOUR&amp;layout=image\" frameborder=\"0\" scrolling=\"NO\" sandbox=\"allow-same-origin allow-scripts allow-popups allow-popups-to-escape-sandbox\"><\/iframe><\/p>\n<div><!-- DO NOT REMOVE THIS LINK --><a href=\"https:\/\/www.meteoblue.com\/sk\/po%C4%8Dasie\/predpove%C4%8F\/t%C3%BD%C5%BEde%C5%88\/l%c3%ba%c4%8dka_slovensk%c3%a1-republika_724253?utm_source=weather_widget&amp;utm_medium=linkus&amp;utm_content=three&amp;utm_campaign=Weather%2BWidget\" target=\"_blank\" rel=\"noopener noreferrer\">meteoblue<\/a><\/div>\n<h3><span style=\"color: #808000;\">Videa<\/span><\/h3>\n<p><iframe loading=\"lazy\" src=\"\/\/www.youtube-nocookie.com\/embed\/x5BSLeKLq1o\" width=\"800\" height=\"460\" frameborder=\"0\" allowfullscreen=\"allowfullscreen\"><\/iframe><\/p>\n<p><iframe loading=\"lazy\" src=\"\/\/www.youtube-nocookie.com\/embed\/KUVqp6ypDug\" width=\"800\" height=\"460\" frameborder=\"0\" allowfullscreen=\"allowfullscreen\"><\/iframe><\/p>\n","protected":false},"excerpt":{"rendered":"<p>Menu: V\u0161eobecn\u00e9 inform\u00e1cie Obec L\u00fa\u010dka (Lucska) je obec na Slovensku v okrese Ro\u017e\u0148ava (Ko\u0161ick\u00fd samospr\u00e1vny kraj). Le\u017e\u00ed na styku Volovsk\u00fdch vrchov (podcelok Pip\u00edtka) a planiny Horn\u00e9ho vrchu v turisticky v\u00fdznamnej [&hellip;]<\/p>\n","protected":false},"author":1,"featured_media":0,"parent":9,"menu_order":0,"comment_status":"closed","ping_status":"open","template":"","meta":{"_uag_custom_page_level_css":"","footnotes":""},"class_list":["post-1166","page","type-page","status-publish","hentry"],"featured_image_src":"","featured_image_src_square":false,"rbea_author_info":{"display_name":"admin","author_link":"https:\/\/www.slovensky-kras.eu\/info\/author\/admin\/"},"rbea_excerpt_info":"Menu: V\u0161eobecn\u00e9 inform\u00e1cie Obec L\u00fa\u010dka (Lucska) je obec na Slovensku v okrese Ro\u017e\u0148ava (Ko\u0161ick\u00fd samospr\u00e1vny kraj). Le\u017e\u00ed na styku Volovsk\u00fdch vrchov (podcelok Pip\u00edtka) a planiny Horn\u00e9ho vrchu v turisticky v\u00fdznamnej [&hellip;]","uagb_featured_image_src":{"full":false,"thumbnail":false,"medium":false,"medium_large":false,"large":false,"1536x1536":false,"2048x2048":false},"uagb_author_info":{"display_name":"admin","author_link":"https:\/\/www.slovensky-kras.eu\/info\/author\/admin\/"},"uagb_comment_info":0,"uagb_excerpt":"Menu: V\u0161eobecn\u00e9 inform\u00e1cie Obec L\u00fa\u010dka (Lucska) je obec na Slovensku v okrese Ro\u017e\u0148ava (Ko\u0161ick\u00fd samospr\u00e1vny kraj). Le\u017e\u00ed na styku Volovsk\u00fdch vrchov (podcelok Pip\u00edtka) a planiny Horn\u00e9ho vrchu v turisticky v\u00fdznamnej [&hellip;]","_links":{"self":[{"href":"https:\/\/www.slovensky-kras.eu\/info\/wp-json\/wp\/v2\/pages\/1166","targetHints":{"allow":["GET"]}}],"collection":[{"href":"https:\/\/www.slovensky-kras.eu\/info\/wp-json\/wp\/v2\/pages"}],"about":[{"href":"https:\/\/www.slovensky-kras.eu\/info\/wp-json\/wp\/v2\/types\/page"}],"author":[{"embeddable":true,"href":"https:\/\/www.slovensky-kras.eu\/info\/wp-json\/wp\/v2\/users\/1"}],"replies":[{"embeddable":true,"href":"https:\/\/www.slovensky-kras.eu\/info\/wp-json\/wp\/v2\/comments?post=1166"}],"version-history":[{"count":26,"href":"https:\/\/www.slovensky-kras.eu\/info\/wp-json\/wp\/v2\/pages\/1166\/revisions"}],"predecessor-version":[{"id":22128,"href":"https:\/\/www.slovensky-kras.eu\/info\/wp-json\/wp\/v2\/pages\/1166\/revisions\/22128"}],"up":[{"embeddable":true,"href":"https:\/\/www.slovensky-kras.eu\/info\/wp-json\/wp\/v2\/pages\/9"}],"wp:attachment":[{"href":"https:\/\/www.slovensky-kras.eu\/info\/wp-json\/wp\/v2\/media?parent=1166"}],"curies":[{"name":"wp","href":"https:\/\/api.w.org\/{rel}","templated":true}]}}