{"id":1137,"date":"2013-07-13T06:33:55","date_gmt":"2013-07-13T04:33:55","guid":{"rendered":"http:\/\/www.slovensky-kras.eu\/info\/?page_id=1137"},"modified":"2022-01-03T17:59:04","modified_gmt":"2022-01-03T16:59:04","slug":"obec-kecovo","status":"publish","type":"page","link":"https:\/\/www.slovensky-kras.eu\/info\/strediska-a-centra\/obec-kecovo\/","title":{"rendered":"Obec Ke\u010dovo"},"content":{"rendered":"<p><strong>Menu: <\/strong> <a href=\"http:\/\/www.slovensky-kras.eu\/info\/\" class=\"su-button su-button-style-default\" style=\"color:#000000;background-color:#FFCF2F;border-color:#cca626;border-radius:5px\" target=\"_self\"><span style=\"color:#000000;padding:6px 16px;font-size:13px;line-height:20px;border-color:#ffde6e;border-radius:5px;text-shadow:none\"><i class=\"sui sui-arrow-right\" style=\"font-size:13px;color:#000000\"><\/i>  \u00davod \/ Aktuality <\/span><\/a>\n<a href=\"http:\/\/www.slovensky-kras.eu\/info\/strediska-a-centra\/\" class=\"su-button su-button-style-default\" style=\"color:#000000;background-color:#FFCF2F;border-color:#cca626;border-radius:5px\" target=\"_self\"><span style=\"color:#000000;padding:6px 16px;font-size:13px;line-height:20px;border-color:#ffde6e;border-radius:5px;text-shadow:none\"><i class=\"sui sui-arrow-right\" style=\"font-size:13px;color:#000000\"><\/i>  Turistick\u00e9 v\u00fdchodisk\u00e1 <\/span><\/a>\n<div class=\"su-divider su-divider-style-default\" style=\"margin:15px 0;border-width:2px;border-color:#000000\"><\/div>\n<div class=\"su-accordion su-u-trim\">\n<div class=\"su-spoiler su-spoiler-style-fancy su-spoiler-icon-plus su-spoiler-closed\" data-scroll-offset=\"0\" data-anchor-in-url=\"no\"><div class=\"su-spoiler-title\" tabindex=\"0\" role=\"button\"><span class=\"su-spoiler-icon\"><\/span>Textov\u00e9 menu - Turistick\u00e9 v\u00fdchodisk\u00e1<\/div><div class=\"su-spoiler-content su-u-clearfix su-u-trim\"><div class=\"column-group columns-2\"><div class=\"column column-number-1 column-span-1\"><p><strong>Rekrea\u010dn\u00e9 stredisk\u00e1 a oblasti:<\/strong><br \/>\n<a href=\"http:\/\/www.slovensky-kras.eu\/info\/?page_id=97\">Domica<\/a><br \/>\n<a href=\"http:\/\/www.slovensky-kras.eu\/info\/rekreacne-stredisko-gombasek\/\">Gombasek<\/a><br \/>\n<a href=\"http:\/\/www.slovensky-kras.eu\/info\/strediska-a-centra\/turisticka-oblast-soroska-jablonovske-sedlo\/\">Soro\u0161ka-Jablonovsk\u00e9 sedlo<\/a><br \/>\n<a href=\"http:\/\/www.slovensky-kras.eu\/info\/strediska-a-centra\/rekreacna-oblast-sugov\/\">\u0160ugov<\/a><br \/>\n<strong>Mest\u00e1:<\/strong><br \/>\n<a href=\"http:\/\/www.slovensky-kras.eu\/info\/strediska-a-centra\/mesto-medzev\/\">Medzev<\/a><br \/>\n<a href=\"http:\/\/www.slovensky-kras.eu\/info\/strediska-a-centra\/mesto-moldava-nad-bodvou\/\">Moldava nad Bodvou<\/a><br \/>\n<a href=\"http:\/\/www.slovensky-kras.eu\/info\/strediska-a-centra\/mesto-roznava\/\">Ro\u017e\u0148ava<\/a><br \/>\n<strong>Obce:<\/strong><br \/>\n<a href=\"http:\/\/www.slovensky-kras.eu\/info\/strediska-a-centra\/obec-ardovo\/\">Ardovo<\/a><br \/>\n<a title=\"Obec B\u00f4rka\" href=\"http:\/\/www.slovensky-kras.eu\/info\/strediska-a-centra\/obec-borka\/\">B\u00f4rka<\/a><br \/>\n<a href=\"http:\/\/www.slovensky-kras.eu\/info\/strediska-a-centra\/obec-bretka\/\">Bretka<\/a><br \/>\n<a href=\"http:\/\/www.slovensky-kras.eu\/info\/strediska-a-centra\/obec-brzotin\/\">Brzot\u00edn<\/a><br \/>\n<a href=\"http:\/\/www.slovensky-kras.eu\/info\/strediska-a-centra\/obec-dlha-ves\/\">Dlh\u00e1 Ves<\/a><br \/>\n<a href=\"http:\/\/www.slovensky-kras.eu\/info\/strediska-a-centra\/obec-drnava\/\">Drnava<\/a><br \/>\n<a href=\"http:\/\/www.slovensky-kras.eu\/info\/strediska-a-centra\/1017-2\/\">Dvorn\u00edky-V\u010del\u00e1re<\/a><br \/>\n<a href=\"http:\/\/www.slovensky-kras.eu\/info\/strediska-a-centra\/obec-drienovec-drienovecke-kupele\/\">Drienovec-Drienoveck\u00e9 k\u00fapele<\/a><br \/>\n<a href=\"http:\/\/www.slovensky-kras.eu\/info\/strediska-a-centra\/obec-gemerska-horka\/\">Gemersk\u00e1 H\u00f4rka<\/a><br \/>\n<a href=\"http:\/\/www.slovensky-kras.eu\/info\/obec-hacava\/\">Ha\u010dava<\/a><br \/>\n<a href=\"http:\/\/www.slovensky-kras.eu\/info\/strediska-a-centra\/obec-haj\/\">H\u00e1j<\/p>\n<\/div>\n<\/a><div class=\"column column-number-2 last column-span-1\"><p><a href=\"http:\/\/www.slovensky-kras.eu\/info\/strediska-a-centra\/obec-hrhov\/\">Hrhov<\/a><br \/>\n<a href=\"http:\/\/www.slovensky-kras.eu\/info\/strediska-a-centra\/obec-hrusov\/\">Hru\u0161ov<\/a><br \/>\n<a href=\"http:\/\/www.slovensky-kras.eu\/info\/strediska-a-centra\/obec-jablonov-nad-turnou\/\">Jablonov nad Tur\u0148ou<\/a><br \/>\n<a href=\"http:\/\/www.slovensky-kras.eu\/info\/strediska-a-centra\/obec-jasov\/\">Jasov<\/a><br \/>\n<a href=\"http:\/\/www.slovensky-kras.eu\/info\/strediska-a-centra\/obec-jovice\/\">Jovice<\/a><br \/>\n<a href=\"http:\/\/www.slovensky-kras.eu\/info\/strediska-a-centra\/obec-kecovo\/\">Ke\u010dovo<\/a><br \/>\n<a href=\"http:\/\/www.slovensky-kras.eu\/info\/strediska-a-centra\/obec-krasnohorska-dlha-luka\/\">Kr\u00e1snohorsk\u00e1 Dlh\u00e1 L\u00faka<\/a><br \/>\n<a href=\"http:\/\/www.slovensky-kras.eu\/info\/strediska-a-centra\/obec-krasnohorske-podhradie\/\">Kr\u00e1snohorsk\u00e9 Podhradie<\/a><br \/>\n<a href=\"http:\/\/www.slovensky-kras.eu\/info\/strediska-a-centra\/obec-kruzna\/\">Kru\u017en\u00e1<\/a><br \/>\n<a href=\"http:\/\/www.slovensky-kras.eu\/info\/strediska-a-centra\/obec-lucka\/\">L\u00fa\u010dka<\/a><br \/>\n<a href=\"http:\/\/www.slovensky-kras.eu\/info\/strediska-a-centra\/obec-ochtina\/\">Ochtin\u00e1<\/a><br \/>\n<a href=\"http:\/\/www.slovensky-kras.eu\/info\/strediska-a-centra\/obec-plesivec\/\">Ple\u0161ivec<\/a><br \/>\n<a href=\"http:\/\/www.slovensky-kras.eu\/info\/strediska-a-centra\/obec-rakovnica\/\">Rakovnica<\/a><br \/>\n<a href=\"http:\/\/www.slovensky-kras.eu\/info\/strediska-a-centra\/obec-silica\/\">Silica<\/a><br \/>\n<a href=\"http:\/\/www.slovensky-kras.eu\/info\/strediska-a-centra\/obec-silicka-brezova\/\">Silick\u00e1 Brezov\u00e1<\/a><br \/>\n<a href=\"http:\/\/www.slovensky-kras.eu\/info\/strediska-a-centra\/obec-silicka-jablonica\/\">Silick\u00e1 Jablonica<\/a><br \/>\n<a href=\"http:\/\/www.slovensky-kras.eu\/info\/strediska-a-centra\/obec-slavec\/\">Slavec<\/a><br \/>\n<a href=\"http:\/\/www.slovensky-kras.eu\/info\/strediska-a-centra\/obec-stitnik\/\">\u0160t\u00edtnik<\/a><br \/>\n<a href=\"http:\/\/www.slovensky-kras.eu\/info\/strediska-a-centra\/obec-turna-nad-bodvou\/\">Tur\u0148a nad Bodvou<\/a><br \/>\n<a href=\"http:\/\/www.slovensky-kras.eu\/info\/strediska-a-centra\/obec-zadiel\/\">Z\u00e1diel<\/a><\/p>\n<\/div><\/div>\n<\/div><\/div>\n<\/div>\n<div class=\"su-divider su-divider-style-default\" style=\"margin:15px 0;border-width:2px;border-color:#000000\"><\/div>\n<h3><span style=\"color: #808000;\">V\u0161eobecn\u00e9 inform\u00e1cie<\/span><\/h3>\n<p>Ke\u010dovo (nem. G\u00f6tsche, ma\u010f. Kecs\u0151) je obec na Slovensku v okrese Ro\u017e\u0148ava (Ko\u0161ick\u00fd samospr\u00e1vny kraj).<\/p>\n<figure id=\"attachment_18955\" aria-describedby=\"caption-attachment-18955\" style=\"width: 800px\" class=\"wp-caption aligncenter\"><a href=\"http:\/\/www.slovensky-kras.eu\/info\/wp-content\/uploads\/2020\/12\/kecovo4.jpg\"><img loading=\"lazy\" decoding=\"async\" class=\"wp-image-18955 size-full\" src=\"http:\/\/www.slovensky-kras.eu\/info\/wp-content\/uploads\/2020\/12\/kecovo4.jpg\" alt=\"\" width=\"800\" height=\"600\" srcset=\"https:\/\/www.slovensky-kras.eu\/info\/wp-content\/uploads\/2020\/12\/kecovo4.jpg 800w, https:\/\/www.slovensky-kras.eu\/info\/wp-content\/uploads\/2020\/12\/kecovo4-768x576.jpg 768w\" sizes=\"auto, (max-width: 800px) 100vw, 800px\" \/><\/a><figcaption id=\"caption-attachment-18955\" class=\"wp-caption-text\">obec Ke\u010dovo<\/figcaption><\/figure>\n<p>Obec sa nach\u00e1dza na <a href=\"http:\/\/www.slovensky-kras.eu\/info\/kam-do-prirody\/silicka-planina\/\">Silickej planine<\/a> ne\u010faleko hran\u00edc s Ma\u010farskou republikou.<\/p>\n<p>Nadmorsk\u00e1 v\u00fd\u0161ka v strede obce je 354 m, 308-530 m v chot\u00e1ri.<\/p>\n<figure id=\"attachment_18954\" aria-describedby=\"caption-attachment-18954\" style=\"width: 800px\" class=\"wp-caption aligncenter\"><a href=\"http:\/\/www.slovensky-kras.eu\/info\/wp-content\/uploads\/2020\/12\/kecovo5.jpg\"><img loading=\"lazy\" decoding=\"async\" class=\"wp-image-18954 size-full\" src=\"http:\/\/www.slovensky-kras.eu\/info\/wp-content\/uploads\/2020\/12\/kecovo5.jpg\" alt=\"\" width=\"800\" height=\"600\" srcset=\"https:\/\/www.slovensky-kras.eu\/info\/wp-content\/uploads\/2020\/12\/kecovo5.jpg 800w, https:\/\/www.slovensky-kras.eu\/info\/wp-content\/uploads\/2020\/12\/kecovo5-768x576.jpg 768w\" sizes=\"auto, (max-width: 800px) 100vw, 800px\" \/><\/a><figcaption id=\"caption-attachment-18954\" class=\"wp-caption-text\">Obec Ke\u010dovo<\/figcaption><\/figure>\n<p>Ke\u010dovo le\u017e\u00ed na ju\u017enom okraji v\u00e1pencovej <a href=\"http:\/\/www.slovensky-kras.eu\/info\/kam-do-prirody\/silicka-planina\/\">Silickej planiny<\/a>.<\/p>\n<p>Chot\u00e1r obce m\u00e1 charakter pahorkatiny bez povrchov\u00fdch tokov a je m\u00e1lo zalesnen\u00fd.<\/p>\n<p>Okolie obce je bohat\u00e9 na z\u00e1vrty, priepasti, vyviera\u010dky a jaskyne.<\/p>\n<p>Ne\u010falek\u00e9 <a href=\"http:\/\/www.slovensky-kras.eu\/info\/strediska-a-centra\/domica\/\">stredisko Domica<\/a> patr\u00ed do katastra obce Ke\u010dovo.<\/p>\n<h4><span style=\"color: #993300;\">\u013dudov\u00e1 architekt\u00fara<\/span><\/h4>\n<p>V obci sa zachovalo zop\u00e1r <strong>sedliackych domov<\/strong> z konca 19. storo\u010dia a za\u010diatku 20.storo\u010dia.<\/p>\n<figure id=\"attachment_18945\" aria-describedby=\"caption-attachment-18945\" style=\"width: 800px\" class=\"wp-caption aligncenter\"><a style=\"font-weight: bold; background-color: transparent;\" href=\"https:\/\/www.slovensky-kras.eu\/info\/wp-content\/uploads\/2020\/12\/kecovo-n.jpg\"><img loading=\"lazy\" decoding=\"async\" class=\"wp-image-18945 size-full\" src=\"https:\/\/www.slovensky-kras.eu\/info\/wp-content\/uploads\/2020\/12\/kecovo-n.jpg\" alt=\"\" width=\"800\" height=\"600\" srcset=\"https:\/\/www.slovensky-kras.eu\/info\/wp-content\/uploads\/2020\/12\/kecovo-n.jpg 800w, https:\/\/www.slovensky-kras.eu\/info\/wp-content\/uploads\/2020\/12\/kecovo-n-768x576.jpg 768w\" sizes=\"auto, (max-width: 800px) 100vw, 800px\" \/><\/a><figcaption id=\"caption-attachment-18945\" class=\"wp-caption-text\">p\u00f4vodn\u00e1 gemersk\u00e1 \u013eudov\u00e1 architekt\u00fara<\/figcaption><\/figure>\n<p>\u013dudov\u00e1 architekt\u00fara je tu najviac zast\u00fapen\u00e1 murovan\u00fdmi domami, ktor\u00e9 s\u00fa typick\u00e9 pre oblas\u0165 ju\u017en\u00e9ho Spi\u0161a, Gemera, Malohotu a Abova.<\/p>\n<h4><span style=\"color: #993300;\">Klasicistick\u00fd evanjelick\u00fd kostol<\/span><\/h4>\n<p><strong>Klasicistick\u00fd evanjelick\u00fd kostol<\/strong> je jednolo\u010fov\u00e1 stavba postaven\u00e1 v rokoch 1817-1820.<\/p>\n<figure id=\"attachment_22272\" aria-describedby=\"caption-attachment-22272\" style=\"width: 800px\" class=\"wp-caption aligncenter\"><a href=\"https:\/\/www.slovensky-kras.eu\/info\/wp-content\/uploads\/2022\/01\/kecovo1.jpg\"><img loading=\"lazy\" decoding=\"async\" class=\"wp-image-22272 size-full\" src=\"https:\/\/www.slovensky-kras.eu\/info\/wp-content\/uploads\/2022\/01\/kecovo1.jpg\" alt=\"\" width=\"800\" height=\"600\" srcset=\"https:\/\/www.slovensky-kras.eu\/info\/wp-content\/uploads\/2022\/01\/kecovo1.jpg 800w, https:\/\/www.slovensky-kras.eu\/info\/wp-content\/uploads\/2022\/01\/kecovo1-768x576.jpg 768w\" sizes=\"auto, (max-width: 800px) 100vw, 800px\" \/><\/a><figcaption id=\"caption-attachment-22272\" class=\"wp-caption-text\">centrum obce a Evanjelick\u00fd kostol<\/figcaption><\/figure>\n<p>V kostole sa nach\u00e1dza empora a klasicistick\u00fd olt\u00e1r z prvej polovice 19. storo\u010dia.<\/p>\n<p>Fas\u00e1dy kostola s\u00fa \u010dlenen\u00e9 liz\u00e9nov\u00fdmi r\u00e1mami a oknami s lomen\u00fdm obl\u00fakom a \u0161ambr\u00e1nami.<\/p>\n<p>Ve\u017ea je lemovan\u00e1 liz\u00e9nami a ukon\u010den\u00e1 korunnou r\u00edmsou s ter\u010d\u00edkom a ihlancovou helmicou.<\/p>\n<h4><span style=\"color: #993300;\">R\u00edmskokatol\u00edcky kostol Nanebevst\u00fapenia P\u00e1na<\/span><\/h4>\n<p><strong>R\u00edmskokatol\u00edcky kostol Nanebevst\u00fapenia P\u00e1na<\/strong> je jednolo\u010fov\u00e1 klasicistick\u00e1 stavba s polkruhov\u00fdm ukon\u010den\u00edm presbyt\u00e9ria a predstavanou ve\u017eou z roku 1827.<\/p>\n<figure id=\"attachment_18953\" aria-describedby=\"caption-attachment-18953\" style=\"width: 800px\" class=\"wp-caption aligncenter\"><a href=\"http:\/\/www.slovensky-kras.eu\/info\/wp-content\/uploads\/2020\/12\/kecovo.jpg\"><img loading=\"lazy\" decoding=\"async\" class=\"wp-image-18953 size-full\" src=\"http:\/\/www.slovensky-kras.eu\/info\/wp-content\/uploads\/2020\/12\/kecovo.jpg\" alt=\"\" width=\"800\" height=\"600\" srcset=\"https:\/\/www.slovensky-kras.eu\/info\/wp-content\/uploads\/2020\/12\/kecovo.jpg 800w, https:\/\/www.slovensky-kras.eu\/info\/wp-content\/uploads\/2020\/12\/kecovo-768x576.jpg 768w\" sizes=\"auto, (max-width: 800px) 100vw, 800px\" \/><\/a><figcaption id=\"caption-attachment-18953\" class=\"wp-caption-text\">R\u00edmskokatol\u00edcky kostol Nanebevst\u00fapenia P\u00e1na<\/figcaption><\/figure>\n<p>Presbyt\u00e9rium je zaklenut\u00e9 konchou, lo\u010f je plochostrop\u00e1.<\/p>\n<p>Nach\u00e1dza sa tu dreven\u00e1 empora.<\/p>\n<p>Fas\u00e1dy kostola s\u00fa \u010dlenen\u00e9 pilastrami a segmentovo ukon\u010den\u00fdmi oknami.<\/p>\n<p>Ve\u017ea je ukon\u010den\u00e1 korunnou r\u00edmsou s ter\u010d\u00edkom a ihlancovou helmicou.<\/p>\n<h4><span style=\"color: #993300;\">Jasky\u0148a Domica<\/span><\/h4>\n<p>Ne\u010faleko obce sa nach\u00e1dza verejnosti spr\u00edstupnen\u00e1 <a href=\"http:\/\/www.slovensky-kras.eu\/info\/jaskyne-a-priepasti\/jaskyna-domica\/\">jasky\u0148a Domica<\/a>, ktor\u00e1 je od roku 1995 zaraden\u00e1 do zoznamu Svetov\u00e9ho kult\u00farneho a pr\u00edrodn\u00e9ho dedi\u010dstva UNESCO.<\/p>\n<figure id=\"attachment_21339\" aria-describedby=\"caption-attachment-21339\" style=\"width: 800px\" class=\"wp-caption aligncenter\"><a href=\"https:\/\/www.slovensky-kras.eu\/info\/wp-content\/uploads\/2021\/12\/domica-jaskyna1.jpg\"><img loading=\"lazy\" decoding=\"async\" class=\"wp-image-21339 size-medium\" src=\"https:\/\/www.slovensky-kras.eu\/info\/wp-content\/uploads\/2021\/12\/domica-jaskyna1-800x533.jpg\" alt=\"\" width=\"800\" height=\"533\" srcset=\"https:\/\/www.slovensky-kras.eu\/info\/wp-content\/uploads\/2021\/12\/domica-jaskyna1-800x533.jpg 800w, https:\/\/www.slovensky-kras.eu\/info\/wp-content\/uploads\/2021\/12\/domica-jaskyna1-768x512.jpg 768w, https:\/\/www.slovensky-kras.eu\/info\/wp-content\/uploads\/2021\/12\/domica-jaskyna1.jpg 960w\" sizes=\"auto, (max-width: 800px) 100vw, 800px\" \/><\/a><figcaption id=\"caption-attachment-21339\" class=\"wp-caption-text\">Jasky\u0148a Domica<\/figcaption><\/figure>\n<p>Bola vytvoren\u00e1 v druhohorn\u00fdch strednotriasov\u00fdch svetl\u00fdch wettersteinsk\u00fdch v\u00e1pencoch silick\u00e9ho pr\u00edkrovu pozd\u013a\u017e tektonick\u00fdch por\u00fach kor\u00f3znou a er\u00f3znou \u010dinnos\u0165ou podzemn\u00fdch tokov <strong>Styxu<\/strong> a <strong>Domick\u00e9ho potoka<\/strong>.<\/p>\n<p><strong>Viac info o jaskyni sa do\u010d\u00edtate tu:<\/strong><\/p>\n<ul>\n<li><a href=\"https:\/\/www.slovensky-kras.eu\/info\/jaskyne-a-priepasti\/jaskyna-domica\/\" target=\"_blank\" rel=\"noopener\">Jasky\u0148a Domica (\u010d\u00edtaj viac v novom okne&#8230;)<\/a><\/li>\n<\/ul>\n<h3><span style=\"color: #808000;\">Turistick\u00e9 mo\u017enosti a zauj\u00edmavosti<\/span><\/h3>\n<p>Hne\u010f za obcou v smere na <a href=\"http:\/\/www.slovensky-kras.eu\/info\/strediska-a-centra\/obec-silicka-brezova\/\">Silick\u00fa Brezov\u00fa<\/a> sa nachadza <a href=\"http:\/\/www.slovensky-kras.eu\/info\/kam-do-prirody\/kecovske-skrapy\/\">NPR Ke\u010dovsk\u00e9 \u0161krapy<\/a>.<\/p>\n<figure id=\"attachment_18946\" aria-describedby=\"caption-attachment-18946\" style=\"width: 800px\" class=\"wp-caption aligncenter\"><a href=\"https:\/\/www.slovensky-kras.eu\/info\/wp-content\/uploads\/2020\/12\/kecovske-skrapy.jpg\"><img loading=\"lazy\" decoding=\"async\" class=\"wp-image-18946 size-full\" src=\"https:\/\/www.slovensky-kras.eu\/info\/wp-content\/uploads\/2020\/12\/kecovske-skrapy.jpg\" alt=\"\" width=\"800\" height=\"600\" srcset=\"https:\/\/www.slovensky-kras.eu\/info\/wp-content\/uploads\/2020\/12\/kecovske-skrapy.jpg 800w, https:\/\/www.slovensky-kras.eu\/info\/wp-content\/uploads\/2020\/12\/kecovske-skrapy-768x576.jpg 768w\" sizes=\"auto, (max-width: 800px) 100vw, 800px\" \/><\/a><figcaption id=\"caption-attachment-18946\" class=\"wp-caption-text\">Ke\u010dovsk\u00e9 \u0161krapy<\/figcaption><\/figure>\n<p>Predmetom ochrany na tomto \u00fazem\u00ed je na\u0161e najv\u00e4\u010d\u0161ie \u0161krapov\u00e9 pole na v\u00e1pencovej str\u00e1ni pod <strong>vrchom Malin\u00edk (493 m)<\/strong>.<\/p>\n<h4><span style=\"color: #993300;\">Turistick\u00e9 trasy<\/span><\/h4>\n<p>Obcou prech\u00e1dza\u00a0<img loading=\"lazy\" decoding=\"async\" class=\"alignnone wp-image-10330 size-full\" src=\"http:\/\/www.slovensky-kras.eu\/info\/wp-content\/uploads\/2013\/06\/cervena-1.png\" alt=\"\" width=\"20\" height=\"21\" \/> \u010derven\u00e1 turistick\u00e1 trasa, ktor\u00e1 za\u010d\u00edna v <a href=\"http:\/\/www.slovensky-kras.eu\/info\/strediska-a-centra\/domica\/\">stredisku Domica<\/a> a vedie a\u017e do obce <a href=\"http:\/\/www.slovensky-kras.eu\/info\/strediska-a-centra\/1017-2\/\">Dvorn\u00edky &#8211; V\u010del\u00e1re<\/a>.<\/p>\n<figure id=\"attachment_12440\" aria-describedby=\"caption-attachment-12440\" style=\"width: 800px\" class=\"wp-caption aligncenter\"><a href=\"https:\/\/www.slovensky-kras.eu\/info\/wp-content\/uploads\/2013\/06\/baradla.jpg\"><img loading=\"lazy\" decoding=\"async\" class=\"wp-image-12440\" src=\"http:\/\/www.slovensky-kras.eu\/info\/wp-content\/uploads\/2013\/06\/baradla.jpg\" alt=\"\" width=\"800\" height=\"634\" srcset=\"https:\/\/www.slovensky-kras.eu\/info\/wp-content\/uploads\/2013\/06\/baradla.jpg 1024w, https:\/\/www.slovensky-kras.eu\/info\/wp-content\/uploads\/2013\/06\/baradla-757x600.jpg 757w, https:\/\/www.slovensky-kras.eu\/info\/wp-content\/uploads\/2013\/06\/baradla-768x609.jpg 768w\" sizes=\"auto, (max-width: 800px) 100vw, 800px\" \/><\/a><figcaption id=\"caption-attachment-12440\" class=\"wp-caption-text\">Baradla<\/figcaption><\/figure>\n<p>Celkov\u00fd \u010das ku jaskyni <a href=\"http:\/\/www.slovensky-kras.eu\/info\/jaskyne-a-priepasti\/jaskyna-domica\/\">Domica<\/a>\u00a0trv\u00e1 po tejto trase (ju\u017en\u00fdm smerom) pribli\u017ene 0:30 h (nasp\u00e4\u0165 0:35 h).<\/p>\n<p>V obci za\u010d\u00edna <img loading=\"lazy\" decoding=\"async\" class=\"alignnone wp-image-10332 size-full\" src=\"http:\/\/www.slovensky-kras.eu\/info\/wp-content\/uploads\/2013\/06\/zlta.png\" alt=\"\" width=\"20\" height=\"21\" \/>\u00a0\u017elt\u00e1 turistick\u00e1 trasa, ktor\u00e1 pokra\u010duje <strong>Ke\u010dovskou dolinou<\/strong> a\u017e do ne\u010falek\u00e9ho\u00a0Ma\u010farska.<\/p>\n<h4><span style=\"color: #993300;\">Kombinovan\u00e9 trasy<\/span><\/h4>\n<p>Najv\u00e4\u010d\u0161\u00edmi turistick\u00fdmi l\u00e1kadlami v okol\u00ed obce s\u00fa jasky\u0148a<a href=\"http:\/\/www.showcaves.com\/english\/hu\/showcaves\/Baradla.html\" target=\"_blank\" rel=\"noopener noreferrer\"> Baradla <\/a>nach\u00e1dzaj\u00faca sa v <a href=\"http:\/\/www.anp.hu\/hu\/mainpage\/site\" target=\"_blank\" rel=\"noopener noreferrer\">Aggtelek National Park (Ma\u010farsko)<\/a>, <a href=\"http:\/\/www.slovensky-kras.eu\/info\/kam-do-prirody\/npr-domicke-skrapy\/\">NPR Domick\u00e9 \u0161krapy<\/a>, nespr\u00edstupnen\u00e1 jasky\u0148a <strong>\u010certov\u00e1 diera<\/strong>,\u00a0 turistami vyh\u013ead\u00e1van\u00e1 jasky\u0148a <a href=\"http:\/\/www.slovensky-kras.eu\/info\/jaskyne-a-priepasti\/jaskyna-domica\/\">Domica<\/a>, spr\u00edstupnen\u00e1 <a href=\"http:\/\/www.slovensky-kras.eu\/info\/jaskyne-a-priepasti\/gombasecka-jaskyna\/\">Gombaseck\u00e1 jasky\u0148a<\/a> a jasky\u0148a <a href=\"http:\/\/www.slovensky-kras.eu\/info\/jaskyne-a-priepasti\/jaskyna-silicka-ladnica\/\">Silick\u00e1 \u013eadnica<\/a> s majest\u00e1tnym a spr\u00edstupnen\u00fdm vstupn\u00fdm port\u00e1lom.<\/p>\n<h4><span style=\"color: #993300;\">Cykloturistick\u00e9 trasy<\/span><\/h4>\n<p>Cykloturistom je tu k dispoz\u00edci\u00ed \u010derven\u00e1 cykloturistick\u00e1 trasa naz\u00fdvan\u00e1 <strong>Cyklomagistr\u00e1la Slovensk\u00fd kras<\/strong> o celkovej d\u013a\u017eke pribl\u00ed\u017ene 195 km.<\/p>\n<h3><span style=\"color: #808000;\">Hist\u00f3ria<\/span><\/h3>\n<p>Prv\u00e1 p\u00edsomn\u00e1 zmienka o obci je z 13. storo\u010dia.<\/p>\n<p>Obec bola v 16. storo\u010d\u00ed po tureck\u00fdch n\u00e1jazdoch vy\u013eudnen\u00e1 a znovu os\u00eddlen\u00e1 v 18. storo\u010d\u00ed.<\/p>\n<p>Obec sa v minulosti zaoberala po\u013enohospod\u00e1rstvom, kov\u00e1\u010dstvom, chovom dobytka, uhliarstvom a p\u00e1len\u00edm v\u00e1pna.<\/p>\n<p>V rokoch 1939 a\u017e 1945 bola obec pripojen\u00e1 k Ma\u010farsku.<\/p>\n<h3><span style=\"color: #808000;\">Pamiatky<\/span><\/h3>\n<ul>\n<li>Klasicistick\u00fd evanjelick\u00fd kostol<\/li>\n<\/ul>\n<ul>\n<li>Klasicistick\u00fd r\u00edmskokatol\u00edcky kostol zasv\u00e4ten\u00fd Nanebovst\u00fapeniu P\u00e1na<\/li>\n<\/ul>\n<h3><span style=\"color: #808000;\">Pr\u00edrodn\u00e9 zauj\u00edmavosti v obci<\/span><\/h3>\n<ul>\n<li><a href=\"http:\/\/www.slovensky-kras.eu\/info\/kam-do-prirody\/kecovske-skrapy\/\">NPR Ke\u010dovsk\u00e9 \u0161krapy<\/a><\/li>\n<\/ul>\n<h3><span style=\"color: #808000;\">Kult\u00fara a umenie<\/span><\/h3>\n<ul>\n<li>Folkl\u00f3rny s\u00fabor z Ke\u010dova<\/li>\n<\/ul>\n<h3><span style=\"color: #808000;\"><strong><br \/>\n<\/strong>Info jasky\u0148a<\/span><\/h3>\n<div class=\"su-box su-box-style-default\" id=\"\" style=\"border-color:#003caf;border-radius:3px;max-width:none\"><div class=\"su-box-title\" style=\"background-color:#226fe2;color:#FFFFFF;border-top-left-radius:1px;border-top-right-radius:1px\">Domica<\/div><div class=\"su-box-content su-u-clearfix su-u-trim\" style=\"border-bottom-left-radius:1px;border-bottom-right-radius:1px\">[horizontal-scrolling group=&#8220;GROUP8&#8243;]<div id=\"tabs-14869\" class=\"tabs-14869 tabs tabs\">\r\n                <style type='text\/css'>\r\n        @media only screen and (min-width: 1024px ){\r\n            #tabs-14869 {\r\n                            width: 100%;\r\n                        }\r\n        }\r\n        @media only screen and ( min-width: 768px ) and ( max-width: 1023px ) {\r\n            #tabs-14869 {\r\n                            width: 100%;\r\n                        }\r\n        }\r\n        @media only screen and ( min-width: 0px ) and ( max-width: 767px ){\r\n            #tabs-14869 {\r\n                            width: 100%;\r\n                        }\r\n        }\r\n        #tabs-14869{\r\n                }\r\n        #tabs-14869{\r\n                \r\n                }\r\n        #tabs-14869 .tabs-nav{\r\n                    background-color:#1e73be;\r\n                            margin:0px !important;\r\n                            padding:8px 15px !important;\r\n                            float:left !important;\r\n                    border: none;\r\n        }\r\n        #tabs-14869 .tabs-nav:hover{\r\n                    background-color: #174e7f;\r\n                }\r\n        #tabs-14869 .ui-tabs-anchor{\r\n                    color:#ffffff;\r\n                            margin:0px !important;\r\n            padding:0px !important;\r\n        }\r\n        #tabs-14869 .tabs-head-title{\r\n                    color:#ffffff;\r\n                }\r\n        #tabs-14869 .ui-tabs-active{\r\n                    background-color: #174e7f;\r\n                }\r\n        #tabs-14869 .accordion-icons{\r\n                                                    margin:0px;\r\n                }\r\n        #tabs-14869 .tabs-nav:hover .accordion-icons span{\r\n                }\r\n        #tabs-14869 .tabs-content{\r\n                                                }\r\n        #tabs-14869 .accordion-icons span{\r\n                        }\r\n            <\/style>\r\n        <p>Content missing<\/p>\r\n    \r\n    <ul>\r\n            <\/ul>\r\n        <script>\r\n        jQuery(document).ready(function($){\r\n                                tabs_tabs_active_index_14869 = [];\r\n                            })\r\n    <\/script>\r\n        <script>\r\n        jQuery(document).ready(function($){\r\n                        $(\"#tabs-14869\" ).tabs({\r\n                collapsible: true,\r\n                event: \"click\",\r\n                active: 1,\r\n            });\r\n            if(typeof tabs_tabs_active_index_14869 != 'undefined'){\r\n                $(\"#tabs-14869\").tabs(\"option\", \"active\", tabs_tabs_active_index_14869);\r\n            }\r\n        })\r\n    <\/script>\r\n                <\/div><\/div><\/div>\n<h3><span style=\"color: #808000;\">Mapy<\/span><\/h3>\n<p><strong>Vrstvy: <\/strong>Turistick\u00e1 mapa, Automapa, Cyklomapa, Ly\u017eiarska mapa, Satelitn\u00e1 mapa a OpenStreetMap.<\/p>\n<p><strong>Kliknut\u00edm na logo &#8222;Freemap.sk&#8220; sa V\u00e1m mapa zobraz\u00ed na celej ploche obrazovky.<\/strong><\/p>\n<p><iframe style=\"width: 800px; height: 600px; border: 0;\" src=\"https:\/\/www.freemap.sk\/?map=15\/48.493075\/20.484631&amp;info-point=48.493075\/20.484631,Obec Ke\u010dovo&amp;layers=T&amp;embed=search\" allowfullscreen=\"allowfullscreen\"><\/iframe><\/p>\n<h3><span style=\"color: #808000;\">Po\u010dasie<\/span><\/h3>\n<p><iframe style=\"width: 800px; height: 610px;\" src=\"https:\/\/www.meteoblue.com\/sk\/po%C4%8Dasie\/widget\/three\/ke%c4%8dovo_slovensk%c3%a1-republika_724509?geoloc=fixed&amp;nocurrent=0&amp;noforecast=0&amp;days=6&amp;tempunit=CELSIUS&amp;windunit=KILOMETER_PER_HOUR&amp;layout=image\" frameborder=\"0\" scrolling=\"NO\" sandbox=\"allow-same-origin allow-scripts allow-popups allow-popups-to-escape-sandbox\"><\/iframe><\/p>\n<div><!-- DO NOT REMOVE THIS LINK --><a href=\"https:\/\/www.meteoblue.com\/sk\/po%C4%8Dasie\/predpove%C4%8F\/t%C3%BD%C5%BEde%C5%88\/ke%c4%8dovo_slovensk%c3%a1-republika_724509?utm_source=weather_widget&amp;utm_medium=linkus&amp;utm_content=three&amp;utm_campaign=Weather%2BWidget\" target=\"_blank\" rel=\"noopener noreferrer\">meteoblue<\/a><\/div>\n","protected":false},"excerpt":{"rendered":"<p>Menu: V\u0161eobecn\u00e9 inform\u00e1cie Ke\u010dovo (nem. G\u00f6tsche, ma\u010f. Kecs\u0151) je obec na Slovensku v okrese Ro\u017e\u0148ava (Ko\u0161ick\u00fd samospr\u00e1vny kraj). Obec sa nach\u00e1dza na Silickej planine ne\u010faleko hran\u00edc s Ma\u010farskou republikou. Nadmorsk\u00e1 [&hellip;]<\/p>\n","protected":false},"author":1,"featured_media":0,"parent":9,"menu_order":0,"comment_status":"closed","ping_status":"open","template":"","meta":{"_uag_custom_page_level_css":"","footnotes":""},"class_list":["post-1137","page","type-page","status-publish","hentry"],"featured_image_src":"","featured_image_src_square":false,"rbea_author_info":{"display_name":"admin","author_link":"https:\/\/www.slovensky-kras.eu\/info\/author\/admin\/"},"rbea_excerpt_info":"Menu: V\u0161eobecn\u00e9 inform\u00e1cie Ke\u010dovo (nem. G\u00f6tsche, ma\u010f. Kecs\u0151) je obec na Slovensku v okrese Ro\u017e\u0148ava (Ko\u0161ick\u00fd samospr\u00e1vny kraj). Obec sa nach\u00e1dza na Silickej planine ne\u010faleko hran\u00edc s Ma\u010farskou republikou. Nadmorsk\u00e1 [&hellip;]","uagb_featured_image_src":{"full":false,"thumbnail":false,"medium":false,"medium_large":false,"large":false,"1536x1536":false,"2048x2048":false},"uagb_author_info":{"display_name":"admin","author_link":"https:\/\/www.slovensky-kras.eu\/info\/author\/admin\/"},"uagb_comment_info":0,"uagb_excerpt":"Menu: V\u0161eobecn\u00e9 inform\u00e1cie Ke\u010dovo (nem. G\u00f6tsche, ma\u010f. Kecs\u0151) je obec na Slovensku v okrese Ro\u017e\u0148ava (Ko\u0161ick\u00fd samospr\u00e1vny kraj). Obec sa nach\u00e1dza na Silickej planine ne\u010faleko hran\u00edc s Ma\u010farskou republikou. Nadmorsk\u00e1 [&hellip;]","_links":{"self":[{"href":"https:\/\/www.slovensky-kras.eu\/info\/wp-json\/wp\/v2\/pages\/1137","targetHints":{"allow":["GET"]}}],"collection":[{"href":"https:\/\/www.slovensky-kras.eu\/info\/wp-json\/wp\/v2\/pages"}],"about":[{"href":"https:\/\/www.slovensky-kras.eu\/info\/wp-json\/wp\/v2\/types\/page"}],"author":[{"embeddable":true,"href":"https:\/\/www.slovensky-kras.eu\/info\/wp-json\/wp\/v2\/users\/1"}],"replies":[{"embeddable":true,"href":"https:\/\/www.slovensky-kras.eu\/info\/wp-json\/wp\/v2\/comments?post=1137"}],"version-history":[{"count":13,"href":"https:\/\/www.slovensky-kras.eu\/info\/wp-json\/wp\/v2\/pages\/1137\/revisions"}],"predecessor-version":[{"id":22276,"href":"https:\/\/www.slovensky-kras.eu\/info\/wp-json\/wp\/v2\/pages\/1137\/revisions\/22276"}],"up":[{"embeddable":true,"href":"https:\/\/www.slovensky-kras.eu\/info\/wp-json\/wp\/v2\/pages\/9"}],"wp:attachment":[{"href":"https:\/\/www.slovensky-kras.eu\/info\/wp-json\/wp\/v2\/media?parent=1137"}],"curies":[{"name":"wp","href":"https:\/\/api.w.org\/{rel}","templated":true}]}}