{"id":1122,"date":"2013-07-13T06:05:13","date_gmt":"2013-07-13T04:05:13","guid":{"rendered":"http:\/\/www.slovensky-kras.eu\/info\/?page_id=1122"},"modified":"2022-01-03T21:06:25","modified_gmt":"2022-01-03T20:06:25","slug":"obec-jablonov-nad-turnou","status":"publish","type":"page","link":"https:\/\/www.slovensky-kras.eu\/info\/strediska-a-centra\/obec-jablonov-nad-turnou\/","title":{"rendered":"Obec Jablonov nad Tur\u0148ou"},"content":{"rendered":"<p><strong>Menu: <\/strong> <a href=\"http:\/\/www.slovensky-kras.eu\/info\/\" class=\"su-button su-button-style-default\" style=\"color:#000000;background-color:#FFCF2F;border-color:#cca626;border-radius:5px\" target=\"_self\"><span style=\"color:#000000;padding:6px 16px;font-size:13px;line-height:20px;border-color:#ffde6e;border-radius:5px;text-shadow:none\"><i class=\"sui sui-arrow-right\" style=\"font-size:13px;color:#000000\"><\/i>  \u00davod \/ Aktuality <\/span><\/a>\n<a href=\"http:\/\/www.slovensky-kras.eu\/info\/strediska-a-centra\/\" class=\"su-button su-button-style-default\" style=\"color:#000000;background-color:#FFCF2F;border-color:#cca626;border-radius:5px\" target=\"_self\"><span style=\"color:#000000;padding:6px 16px;font-size:13px;line-height:20px;border-color:#ffde6e;border-radius:5px;text-shadow:none\"><i class=\"sui sui-arrow-right\" style=\"font-size:13px;color:#000000\"><\/i>  Turistick\u00e9 v\u00fdchodisk\u00e1 <\/span><\/a>\n<div class=\"su-divider su-divider-style-default\" style=\"margin:15px 0;border-width:3px;border-color:#000000\"><\/div>\n<div class=\"su-accordion su-u-trim\">\n<div class=\"su-spoiler su-spoiler-style-fancy su-spoiler-icon-plus su-spoiler-closed\" data-scroll-offset=\"0\" data-anchor-in-url=\"no\"><div class=\"su-spoiler-title\" tabindex=\"0\" role=\"button\"><span class=\"su-spoiler-icon\"><\/span>Textov\u00e9 menu - Turistick\u00e9 v\u00fdchodisk\u00e1<\/div><div class=\"su-spoiler-content su-u-clearfix su-u-trim\"><div class=\"column-group columns-2\"><div class=\"column column-number-1 column-span-1\"><p><strong>Rekrea\u010dn\u00e9 stredisk\u00e1 a oblasti:<\/strong><br \/>\n<a href=\"http:\/\/www.slovensky-kras.eu\/info\/?page_id=97\">Domica<\/a><br \/>\n<a href=\"http:\/\/www.slovensky-kras.eu\/info\/rekreacne-stredisko-gombasek\/\">Gombasek<\/a><br \/>\n<a href=\"http:\/\/www.slovensky-kras.eu\/info\/strediska-a-centra\/turisticka-oblast-soroska-jablonovske-sedlo\/\">Soro\u0161ka-Jablonovsk\u00e9 sedlo<\/a><br \/>\n<a href=\"http:\/\/www.slovensky-kras.eu\/info\/strediska-a-centra\/rekreacna-oblast-sugov\/\">\u0160ugov<\/a><br \/>\n<strong>Mest\u00e1:<\/strong><br \/>\n<a href=\"http:\/\/www.slovensky-kras.eu\/info\/strediska-a-centra\/mesto-medzev\/\">Medzev<\/a><br \/>\n<a href=\"http:\/\/www.slovensky-kras.eu\/info\/strediska-a-centra\/mesto-moldava-nad-bodvou\/\">Moldava nad Bodvou<\/a><br \/>\n<a href=\"http:\/\/www.slovensky-kras.eu\/info\/strediska-a-centra\/mesto-roznava\/\">Ro\u017e\u0148ava<\/a><br \/>\n<strong>Obce:<\/strong><br \/>\n<a href=\"http:\/\/www.slovensky-kras.eu\/info\/strediska-a-centra\/obec-ardovo\/\">Ardovo<\/a><br \/>\n<a title=\"Obec B\u00f4rka\" href=\"http:\/\/www.slovensky-kras.eu\/info\/strediska-a-centra\/obec-borka\/\">B\u00f4rka<\/a><br \/>\n<a href=\"http:\/\/www.slovensky-kras.eu\/info\/strediska-a-centra\/obec-bretka\/\">Bretka<\/a><br \/>\n<a href=\"http:\/\/www.slovensky-kras.eu\/info\/strediska-a-centra\/obec-brzotin\/\">Brzot\u00edn<\/a><br \/>\n<a href=\"http:\/\/www.slovensky-kras.eu\/info\/strediska-a-centra\/obec-dlha-ves\/\">Dlh\u00e1 Ves<\/a><br \/>\n<a href=\"http:\/\/www.slovensky-kras.eu\/info\/strediska-a-centra\/obec-drnava\/\">Drnava<\/a><br \/>\n<a href=\"http:\/\/www.slovensky-kras.eu\/info\/strediska-a-centra\/1017-2\/\">Dvorn\u00edky-V\u010del\u00e1re<\/a><br \/>\n<a href=\"http:\/\/www.slovensky-kras.eu\/info\/strediska-a-centra\/obec-drienovec-drienovecke-kupele\/\">Drienovec-Drienoveck\u00e9 k\u00fapele<\/a><br \/>\n<a href=\"http:\/\/www.slovensky-kras.eu\/info\/strediska-a-centra\/obec-gemerska-horka\/\">Gemersk\u00e1 H\u00f4rka<\/a><br \/>\n<a href=\"http:\/\/www.slovensky-kras.eu\/info\/obec-hacava\/\">Ha\u010dava<\/a><br \/>\n<a href=\"http:\/\/www.slovensky-kras.eu\/info\/strediska-a-centra\/obec-haj\/\">H\u00e1j<\/p>\n<\/div>\n<\/a><div class=\"column column-number-2 last column-span-1\"><p><a href=\"http:\/\/www.slovensky-kras.eu\/info\/strediska-a-centra\/obec-hrhov\/\">Hrhov<\/a><br \/>\n<a href=\"http:\/\/www.slovensky-kras.eu\/info\/strediska-a-centra\/obec-hrusov\/\">Hru\u0161ov<\/a><br \/>\n<a href=\"http:\/\/www.slovensky-kras.eu\/info\/strediska-a-centra\/obec-jablonov-nad-turnou\/\">Jablonov nad Tur\u0148ou<\/a><br \/>\n<a href=\"http:\/\/www.slovensky-kras.eu\/info\/strediska-a-centra\/obec-jasov\/\">Jasov<\/a><br \/>\n<a href=\"http:\/\/www.slovensky-kras.eu\/info\/strediska-a-centra\/obec-jovice\/\">Jovice<\/a><br \/>\n<a href=\"http:\/\/www.slovensky-kras.eu\/info\/strediska-a-centra\/obec-kecovo\/\">Ke\u010dovo<\/a><br \/>\n<a href=\"http:\/\/www.slovensky-kras.eu\/info\/strediska-a-centra\/obec-krasnohorska-dlha-luka\/\">Kr\u00e1snohorsk\u00e1 Dlh\u00e1 L\u00faka<\/a><br \/>\n<a href=\"http:\/\/www.slovensky-kras.eu\/info\/strediska-a-centra\/obec-krasnohorske-podhradie\/\">Kr\u00e1snohorsk\u00e9 Podhradie<\/a><br \/>\n<a href=\"http:\/\/www.slovensky-kras.eu\/info\/strediska-a-centra\/obec-kruzna\/\">Kru\u017en\u00e1<\/a><br \/>\n<a href=\"http:\/\/www.slovensky-kras.eu\/info\/strediska-a-centra\/obec-lucka\/\">L\u00fa\u010dka<\/a><br \/>\n<a href=\"http:\/\/www.slovensky-kras.eu\/info\/strediska-a-centra\/obec-ochtina\/\">Ochtin\u00e1<\/a><br \/>\n<a href=\"http:\/\/www.slovensky-kras.eu\/info\/strediska-a-centra\/obec-plesivec\/\">Ple\u0161ivec<\/a><br \/>\n<a href=\"http:\/\/www.slovensky-kras.eu\/info\/strediska-a-centra\/obec-rakovnica\/\">Rakovnica<\/a><br \/>\n<a href=\"http:\/\/www.slovensky-kras.eu\/info\/strediska-a-centra\/obec-silica\/\">Silica<\/a><br \/>\n<a href=\"http:\/\/www.slovensky-kras.eu\/info\/strediska-a-centra\/obec-silicka-brezova\/\">Silick\u00e1 Brezov\u00e1<\/a><br \/>\n<a href=\"http:\/\/www.slovensky-kras.eu\/info\/strediska-a-centra\/obec-silicka-jablonica\/\">Silick\u00e1 Jablonica<\/a><br \/>\n<a href=\"http:\/\/www.slovensky-kras.eu\/info\/strediska-a-centra\/obec-slavec\/\">Slavec<\/a><br \/>\n<a href=\"http:\/\/www.slovensky-kras.eu\/info\/strediska-a-centra\/obec-stitnik\/\">\u0160t\u00edtnik<\/a><br \/>\n<a href=\"http:\/\/www.slovensky-kras.eu\/info\/strediska-a-centra\/obec-turna-nad-bodvou\/\">Tur\u0148a nad Bodvou<\/a><br \/>\n<a href=\"http:\/\/www.slovensky-kras.eu\/info\/strediska-a-centra\/obec-zadiel\/\">Z\u00e1diel<\/a><\/p>\n<\/div><\/div>\n<\/div><\/div>\n<\/div>\n<div class=\"su-divider su-divider-style-default\" style=\"margin:15px 0;border-width:3px;border-color:#000000\"><\/div>\n<h3><span style=\"color: #808000;\">V\u0161eobecn\u00e9 inform\u00e1cie<\/span><\/h3>\n<p>Jablonov nad Tur\u0148ou (ma\u010f. Sz\u00e1dalm\u00e1s) je obec na Slovensku v okrese Ro\u017e\u0148ava (Ko\u0161ick\u00fd samospr\u00e1vny kraj).<\/p>\n<figure id=\"attachment_22292\" aria-describedby=\"caption-attachment-22292\" style=\"width: 800px\" class=\"wp-caption aligncenter\"><a href=\"https:\/\/www.slovensky-kras.eu\/info\/wp-content\/uploads\/2022\/01\/obec-jablonov-nad-turnov5.jpg\"><img loading=\"lazy\" decoding=\"async\" class=\"wp-image-22292 size-full\" src=\"https:\/\/www.slovensky-kras.eu\/info\/wp-content\/uploads\/2022\/01\/obec-jablonov-nad-turnov5.jpg\" alt=\"\" width=\"800\" height=\"533\" srcset=\"https:\/\/www.slovensky-kras.eu\/info\/wp-content\/uploads\/2022\/01\/obec-jablonov-nad-turnov5.jpg 800w, https:\/\/www.slovensky-kras.eu\/info\/wp-content\/uploads\/2022\/01\/obec-jablonov-nad-turnov5-768x512.jpg 768w\" sizes=\"auto, (max-width: 800px) 100vw, 800px\" \/><\/a><figcaption id=\"caption-attachment-22292\" class=\"wp-caption-text\">Obec Jablonov nad Tur\u0148ou<\/figcaption><\/figure>\n<p>Obec sa nach\u00e1dza pod <a href=\"http:\/\/www.slovensky-kras.eu\/info\/kam-do-prirody\/jablonovske-sedlo-535-570-m-n-m-soroska\/\">Jablonovsk\u00fdm sedlom (Soro\u0161ka)<\/a>, v <a href=\"http:\/\/www.slovensky-kras.eu\/info\/kam-do-prirody\/turnianska-kotlina\/\">Turnianskej kotline<\/a>, medzi planinami <a href=\"http:\/\/www.slovensky-kras.eu\/info\/kam-do-prirody\/planina-dolny-vrch\/\">Doln\u00fd vrch<\/a> a <a href=\"http:\/\/www.slovensky-kras.eu\/info\/kam-do-prirody\/planina-horny-vrch\/\">Horn\u00fd vrch<\/a>.<\/p>\n<p>V obci sa pravidelne organizuj\u00fa kult\u00farno-spolo\u010densk\u00e9 aktivity.<\/p>\n<h4><span style=\"color: #993300;\">Turnianska v\u00ednna cesta<\/span><\/h4>\n<p>Star\u00e1 vinohradn\u00edcka obec je v s\u00fa\u010dasnosti s\u00fa\u010das\u0165ou <a href=\"http:\/\/www.slovensky-kras.eu\/info\/turnianska-vinna-cesta\/\">Turnianskej v\u00ednnej cesty<\/a>.<\/p>\n<p><a href=\"http:\/\/www.slovensky-kras.eu\/info\/turnianska-vinna-cesta\/\">Turnianska v\u00ednna cesta<\/a> zah\u0155\u0148a malopestovate\u013eov vini\u010da, malov\u00fdrobcov v\u00edna, poskytovate\u013eov stravovac\u00edch a ubytovac\u00edch slu\u017eieb, remeseln\u00edkov a zdru\u017eenia podie\u013eaj\u00face sa na rozvoji turizmu a cestovn\u00e9ho ruchu v <a href=\"http:\/\/www.slovensky-kras.eu\/info\/vseobecne-informacie\/\">Slovenskom krase<\/a>.<\/p>\n<p><strong>Viac info o v\u00ednnej ceste sa do\u010d\u00edtate tu:<\/strong><\/p>\n<ul>\n<li><a href=\"https:\/\/www.slovensky-kras.eu\/info\/zaujimavosti\/turnianska-vinna-cesta\/\" target=\"_blank\" rel=\"noopener\">Turnianska v\u00ednna cesta (\u010d\u00edtaj viac v novom okne&#8230;)<\/a><\/li>\n<\/ul>\n<h4><span style=\"color: #993300;\">Kostol najsv\u00e4tej\u0161ej Trojice<\/span><\/h4>\n<p>R\u00edmskokatol\u00edcky kostol Najsv\u00e4tej\u0161ej Trojice je jednolo\u010fov\u00e1 p\u00f4vodne gotick\u00e1 stavba s polygon\u00e1lne ukon\u010den\u00fdm presbyt\u00e9riom a predstavanou ve\u017eou z druhej polovice 14. storo\u010dia.<\/p>\n<figure id=\"attachment_22286\" aria-describedby=\"caption-attachment-22286\" style=\"width: 800px\" class=\"wp-caption aligncenter\"><a href=\"https:\/\/www.slovensky-kras.eu\/info\/wp-content\/uploads\/2022\/01\/obec-jablonov-nad-turnov3.jpg\"><img loading=\"lazy\" decoding=\"async\" class=\"wp-image-22286 size-full\" src=\"https:\/\/www.slovensky-kras.eu\/info\/wp-content\/uploads\/2022\/01\/obec-jablonov-nad-turnov3.jpg\" alt=\"\" width=\"800\" height=\"533\" srcset=\"https:\/\/www.slovensky-kras.eu\/info\/wp-content\/uploads\/2022\/01\/obec-jablonov-nad-turnov3.jpg 800w, https:\/\/www.slovensky-kras.eu\/info\/wp-content\/uploads\/2022\/01\/obec-jablonov-nad-turnov3-768x512.jpg 768w\" sizes=\"auto, (max-width: 800px) 100vw, 800px\" \/><\/a><figcaption id=\"caption-attachment-22286\" class=\"wp-caption-text\">kostol najsv\u00e4tej\u0161ej Trojice<\/figcaption><\/figure>\n<p>V obdob\u00ed okolo roku 1500 bol kostol roz\u0161\u00edren\u00fd o neskorogotick\u00fa kaplnkou zaklenut\u00fa sie\u0165ovou klenbou s klinov\u00fdmi rebrami.<\/p>\n<p><strong>Viac info o kostole sa do\u010d\u00edtate tu:<\/strong><\/p>\n<ul>\n<li><a href=\"https:\/\/www.slovensky-kras.eu\/info\/kam-za-pamiatkami\/kostol-najsvatejsej-trojice-v-jablonove-nad-turnou\/\" target=\"_blank\" rel=\"noopener\">Kostol najsv\u00e4tej\u0161ej Trojice (\u010d\u00edtaj viac v novom okne&#8230;)<\/a><\/li>\n<\/ul>\n<h4><span style=\"color: #993300;\">Reformovan\u00fd kostol<\/span><\/h4>\n<p>Reformovan\u00fd kostol je jednolo\u010fov\u00e1 klasicistick\u00e1 stavba s pravouhl\u00fdm z\u00e1verom a predstavanou ve\u017eou z konca 18. storo\u010dia.<\/p>\n<p>Ve\u017ea bola doplnen\u00e1 v prvej tretine 19. storo\u010dia.<\/p>\n<p>V interi\u00e9ri sa nach\u00e1dzaj\u00fa dve dreven\u00e9 proti\u013eahl\u00e9 empory na krat\u0161\u00edch stran\u00e1ch p\u00f4dorysu a kazate\u013enica uprostred dlh\u0161ej strany.<\/p>\n<p>Ve\u017ea je \u010dlenen\u00e1 liz\u00e9nami a ukon\u010den\u00e1 korunnou r\u00edmsou s ter\u010d\u00edkom a barokovou helmicou s laternou.<\/p>\n<h4><span style=\"color: #993300;\">\u013dudov\u00e1 architekt\u00fara<\/span><\/h4>\n<p>V obci sa zachovalo zop\u00e1r <strong>sedliackych domov<\/strong> z konca 19. storo\u010dia a za\u010diatku 20.storo\u010dia.<\/p>\n<figure id=\"attachment_22299\" aria-describedby=\"caption-attachment-22299\" style=\"width: 800px\" class=\"wp-caption aligncenter\"><a href=\"https:\/\/www.slovensky-kras.eu\/info\/wp-content\/uploads\/2022\/01\/obec-jablonov-nad-turnov1.jpg\"><img loading=\"lazy\" decoding=\"async\" class=\"wp-image-22299 size-full\" src=\"https:\/\/www.slovensky-kras.eu\/info\/wp-content\/uploads\/2022\/01\/obec-jablonov-nad-turnov1.jpg\" alt=\"\" width=\"800\" height=\"533\" srcset=\"https:\/\/www.slovensky-kras.eu\/info\/wp-content\/uploads\/2022\/01\/obec-jablonov-nad-turnov1.jpg 800w, https:\/\/www.slovensky-kras.eu\/info\/wp-content\/uploads\/2022\/01\/obec-jablonov-nad-turnov1-768x512.jpg 768w\" sizes=\"auto, (max-width: 800px) 100vw, 800px\" \/><\/a><figcaption id=\"caption-attachment-22299\" class=\"wp-caption-text\">\u013dudov\u00e1 architekt\u00fara v obci<\/figcaption><\/figure>\n<p>\u013dudov\u00e1 architekt\u00fara je tu najviac zast\u00fapen\u00e1 murovan\u00fdmi domami, ktor\u00e9 s\u00fa typick\u00e9 pre oblas\u0165 ju\u017en\u00e9ho Spi\u0161a, Gemera, Malohotu a Abova.<\/p>\n<h3><span style=\"color: #993300;\">Gran\u00e1rium<\/span><\/h3>\n<p>Gran\u00e1rium je pansk\u00e1 s\u00fdpka z konca 17. storo\u010dia s v\u00ednnou pivnicou, ktor\u00e1 sa nach\u00e1dza na z\u00e1padnom okraji obce<a href=\"http:\/\/www.slovensky-kras.eu\/info\/strediska-a-centra\/obec-jablonov-nad-turnou\/\"> Jablonov nad Tur\u0148ou<\/a>.<\/p>\n<figure id=\"attachment_21838\" aria-describedby=\"caption-attachment-21838\" style=\"width: 800px\" class=\"wp-caption aligncenter\"><a href=\"https:\/\/www.slovensky-kras.eu\/info\/wp-content\/uploads\/2021\/12\/granarium.jpg\"><img loading=\"lazy\" decoding=\"async\" class=\"wp-image-21838 size-full\" src=\"https:\/\/www.slovensky-kras.eu\/info\/wp-content\/uploads\/2021\/12\/granarium.jpg\" alt=\"\" width=\"800\" height=\"533\" srcset=\"https:\/\/www.slovensky-kras.eu\/info\/wp-content\/uploads\/2021\/12\/granarium.jpg 800w, https:\/\/www.slovensky-kras.eu\/info\/wp-content\/uploads\/2021\/12\/granarium-768x512.jpg 768w\" sizes=\"auto, (max-width: 800px) 100vw, 800px\" \/><\/a><figcaption id=\"caption-attachment-21838\" class=\"wp-caption-text\">Gran\u00e1rium pansk\u00e1 s\u00fdpka<\/figcaption><\/figure>\n<p>B\u00fdval\u00e1 s\u00fdpka je hospod\u00e1rska murovan\u00e1 kamenn\u00e1 stavba zalo\u017een\u00e1 na kamenn\u00fdch z\u00e1kladoch.<\/p>\n<p>V s\u00fa\u010dasnosti sa tu nach\u00e1dza re\u0161taur\u00e1cia, v\u00ednna pivnica a n\u00e1v\u0161tevn\u00edk sa tu m\u00f4\u017ee aj ubytova\u0165.<\/p>\n<p><strong>Viac info o p\u00e1nskej s\u00fdpke sa do\u010d\u00edtate tu:<\/strong><\/p>\n<ul>\n<li><a href=\"https:\/\/www.slovensky-kras.eu\/info\/kam-za-pamiatkami\/granarium-v-jablonove-nad-turnou\/\" target=\"_blank\" rel=\"noopener\">Gran\u00e1rium pansk\u00e1 s\u00fdpka (\u010d\u00edtaj viac v novom okne&#8230;)<\/a><\/li>\n<\/ul>\n<h4><span style=\"color: #993300;\">Expoz\u00edcia vinohradn\u00edctva na Turnianskej v\u00ednnej ceste<\/span><\/h4>\n<p>V <a href=\"http:\/\/www.slovensky-kras.eu\/info\/kam-za-pamiatkami\/granarium-v-jablonove-nad-turnou\/\">Gran\u00e1riu<\/a> sa v s\u00fa\u010dasnosti nach\u00e1dza <a title=\"\" href=\"http:\/\/www.slovensky-kras.eu\/info\/muzea-kutlura-a-umenie\/expozicia-vinohradnictva-na-turnianskej-vinnej-ceste\/\" target=\"_self\" rel=\"noopener noreferrer\">Expoz\u00edcia vinohradn\u00edctva na Turnianskej v\u00ednnej ceste<\/a>.<\/p>\n<figure id=\"attachment_21948\" aria-describedby=\"caption-attachment-21948\" style=\"width: 800px\" class=\"wp-caption aligncenter\"><a href=\"https:\/\/www.slovensky-kras.eu\/info\/wp-content\/uploads\/2021\/12\/jablonov-muzeum.jpg\"><img loading=\"lazy\" decoding=\"async\" class=\"wp-image-21948 size-full\" src=\"https:\/\/www.slovensky-kras.eu\/info\/wp-content\/uploads\/2021\/12\/jablonov-muzeum.jpg\" alt=\"\" width=\"800\" height=\"537\" srcset=\"https:\/\/www.slovensky-kras.eu\/info\/wp-content\/uploads\/2021\/12\/jablonov-muzeum.jpg 800w, https:\/\/www.slovensky-kras.eu\/info\/wp-content\/uploads\/2021\/12\/jablonov-muzeum-768x516.jpg 768w\" sizes=\"auto, (max-width: 800px) 100vw, 800px\" \/><\/a><figcaption id=\"caption-attachment-21948\" class=\"wp-caption-text\">Expoz\u00edcia vinohradn\u00edctva na Turnianskej v\u00ednnej ceste<\/figcaption><\/figure>\n<p>Expoz\u00edcia v historickej pivnici stredovekej s\u00fdpky poukazuje na hist\u00f3riu vinohradn\u00edctva na <a href=\"http:\/\/www.slovensky-kras.eu\/info\/zaujimavosti\/turnianska-vinna-cesta\/\">Turnianskej v\u00ednnej ceste<\/a>.<\/p>\n<p>Z historick\u00fdch predmetov expoz\u00edcie tu m\u00f4\u017eete obdivova\u0165 sudy, lisy, a \u010fal\u0161ie predmety potrebn\u00e9 k spracovaniu hrozna.<\/p>\n<p><strong>Viac info o expoz\u00edci\u00ed sa do\u010d\u00edtate tu:<\/strong><\/p>\n<ul>\n<li><a href=\"https:\/\/www.slovensky-kras.eu\/info\/muzea-kutlura-a-umenie\/expozicia-vinohradnictva-na-turnianskej-vinnej-ceste\/\" target=\"_blank\" rel=\"noopener\">Expoz\u00edcia vinohradn\u00edctva na Turnianskej v\u00ednnej ceste (\u010d\u00edtaj viac v novom okne)<\/a><\/li>\n<\/ul>\n<h3><span style=\"color: #808000;\">Turistick\u00e9 mo\u017enosti a zauj\u00edmavosti<\/span><\/h3>\n<p>Obcou prech\u00e1dza <strong>n\u00e1u\u010dn\u00fd chodn\u00edk Turnianska v\u00ednna cesta<\/strong>, ktor\u00e1 predstavuje a poukazuje na v\u00fdznamn\u00fa vinohradn\u00edcku oblas\u0165, jeho hist\u00f3riu, trad\u00edcie a zvyky, tradi\u010dn\u00fa gastron\u00f3miu a tradi\u010dn\u00e9 remesl\u00e1.<\/p>\n<figure id=\"attachment_21300\" aria-describedby=\"caption-attachment-21300\" style=\"width: 800px\" class=\"wp-caption aligncenter\"><a href=\"https:\/\/www.slovensky-kras.eu\/info\/wp-content\/uploads\/2021\/12\/turnianska-vinna-cesta.jpg\"><img loading=\"lazy\" decoding=\"async\" class=\"wp-image-21300 size-full\" src=\"https:\/\/www.slovensky-kras.eu\/info\/wp-content\/uploads\/2021\/12\/turnianska-vinna-cesta.jpg\" alt=\"\" width=\"800\" height=\"533\" srcset=\"https:\/\/www.slovensky-kras.eu\/info\/wp-content\/uploads\/2021\/12\/turnianska-vinna-cesta.jpg 800w, https:\/\/www.slovensky-kras.eu\/info\/wp-content\/uploads\/2021\/12\/turnianska-vinna-cesta-768x512.jpg 768w\" sizes=\"auto, (max-width: 800px) 100vw, 800px\" \/><\/a><figcaption id=\"caption-attachment-21300\" class=\"wp-caption-text\">N\u00e1u\u010dn\u00fd chodn\u00edk Turnianska v\u00ednna cesta<\/figcaption><\/figure>\n<p>Trasa <strong>Turnianskej v\u00ednnej cesty<\/strong> prech\u00e1dza obcami <a href=\"http:\/\/www.slovensky-kras.eu\/info\/strediska-a-centra\/obec-silicka-jablonica\/\">Silick\u00e1 Jablonica<\/a>, <a href=\"http:\/\/www.slovensky-kras.eu\/info\/strediska-a-centra\/obec-hrusov\/\">Hru\u0161ov<\/a>, <a href=\"http:\/\/www.slovensky-kras.eu\/info\/strediska-a-centra\/obec-jablonov-nad-turnou\/\">Jablonov nad Tur\u0148ou<\/a>, <a href=\"http:\/\/www.slovensky-kras.eu\/info\/strediska-a-centra\/obec-hrhov\/\">Hrhov<\/a>, <a href=\"http:\/\/www.slovensky-kras.eu\/info\/strediska-a-centra\/1017-2\/\">Dvorn\u00edky-V\u010del\u00e1re<\/a>, <a href=\"http:\/\/www.slovensky-kras.eu\/info\/strediska-a-centra\/obec-turna-nad-bodvou\/\">Tur\u0148a nad Bodvou<\/a> a kon\u010d\u00ed v meste <a href=\"http:\/\/www.slovensky-kras.eu\/info\/strediska-a-centra\/mesto-moldava-nad-bodvou\/\">Moldava nad Bodvou<\/a>.<\/p>\n<p>Obec je dobr\u00fdm v\u00fdchodiskom na <a href=\"http:\/\/www.slovensky-kras.eu\/info\/kam-do-prirody\/planina-dolny-vrch\/\">planinu Doln\u00fd vrch<\/a>, na ktorej sa nach\u00e1dza 100 metrov hlbok\u00e1 <a href=\"http:\/\/www.slovensky-kras.eu\/info\/jaskyne-a-priepasti\/obrovska-priepast\/\">Obrovsk\u00e1 priepas\u0165<\/a>.<\/p>\n<figure id=\"attachment_19203\" aria-describedby=\"caption-attachment-19203\" style=\"width: 800px\" class=\"wp-caption aligncenter\"><a href=\"http:\/\/www.slovensky-kras.eu\/info\/wp-content\/uploads\/2020\/12\/obrovska-priepast.jpg\"><img loading=\"lazy\" decoding=\"async\" class=\"wp-image-19203 size-full\" src=\"http:\/\/www.slovensky-kras.eu\/info\/wp-content\/uploads\/2020\/12\/obrovska-priepast.jpg\" alt=\"\" width=\"800\" height=\"564\" \/><\/a><figcaption id=\"caption-attachment-19203\" class=\"wp-caption-text\">Obrovsk\u00e1 priepas\u0165 \u2013 Autor fotografie: Pavol Kup\u010d\u00edk<\/figcaption><\/figure>\n<p>Vstup do priepasti je pr\u00edsne zak\u00e1zan\u00fd pod hrozbou vysokej pokuty.<\/p>\n<p>Na \u00fazem\u00ed NPP plat\u00ed\u00a0 5. stupe\u0148 ochrany.<\/p>\n<p>Ke\u010f\u017ee je tu 5.stupe\u0148 ochrany plat\u00ed tu z\u00e1kaz pohybova\u0165 sa mimo vyzna\u010den\u00e9ho turistick\u00e9ho chodn\u00edka alebo n\u00e1u\u010dn\u00e9ho chodn\u00edka za hranicami zastavan\u00e9ho \u00fazemia obce, vch\u00e1dza\u0165 alebo st\u00e1\u0165 s bicyklom na pozemky za hranicami zastavan\u00e9ho \u00fazemia obce mimo dia\u013enice, cesty, miestnej komunik\u00e1cie a vyzna\u010denej cyklotrasy, zasiahnu\u0165 do lesn\u00e9ho porastu a po\u0161kodi\u0165 vegeta\u010dn\u00fd a p\u00f4dny kryt, chyta\u0165, usmrti\u0165 alebo lovi\u0165 \u017eivo\u010d\u00edcha a ru\u0161i\u0165 pokoj a ticho!!!<\/p>\n<p>Vstup do priepasti je pr\u00edsne zak\u00e1zan\u00fd pod hrozbou vysokej pokuty.<\/p>\n<p><strong>Nav\u0161t\u00edvi\u0165 jasky\u0148u m\u00f4\u017eete s EduTrek Slovakia.<\/strong><\/p>\n<p>EduTrek Slovakia organizuje <a href=\"http:\/\/keturist.sk\/shop\/produkt\/turisticko-vzdelavacie-exkurzie-od-krizom-krasom\/?v=13dd621f2711\" target=\"_blank\" rel=\"noopener noreferrer\">turisticko-vzdel\u00e1vacie exkurzie Kr\u00ed\u017eom-Krasom<\/a> v N\u00e1rodnom parku Slovensk\u00fd kras pre verejnos\u0165, turistick\u00e9 kluby, \u0161koly, environment\u00e1lne kr\u00fa\u017eky, jednotlivcov i skupiny mimo turistick\u00fdch tr\u00e1s na planin\u00e1ch Horn\u00fd vrch, Doln\u00fd vrch a Koniar, na planine Ple\u0161iveckej, Bor\u010dianskej, Z\u00e1dielskej, Jasovskej a Silickej, v Z\u00e1dielskej ties\u0148ave a v Kamenianskom krase.<\/p>\n<p><strong>N\u00e1zov exkurzie:<\/strong> Doln\u00fd vrch &#8211; Vtedy a teraz<\/p>\n<p>Vzdel\u00e1vacie exkurzie v NP Slovensk\u00fd kras s\u00fa vykon\u00e1van\u00e9 na z\u00e1klade povolenia Okresn\u00e9ho \u00faradu v Ko\u0161iciach, Odbor starostlivosti o \u017eivotn\u00e9 prostredie: OU-KE-OSZP1-2019\/018439 zo d\u0148a 20.5.2019.<\/p>\n<h5><span style=\"color: #ff6600;\">Kontakt<\/span><\/h5>\n<p><strong>Mgr. Andrea Mi\u0161kufov\u00e1 \u2013 EduTrek Slovakia<\/strong><br \/>\n<strong>Mobil:<\/strong> +421 907 198 724<br \/>\n<strong>E-mail:<\/strong> <a href=\"mailto:edutrekslovakia@gmail.com\" target=\"_blank\" rel=\"noopener noreferrer\">edutrekslovakia@gmail.com<\/a><br \/>\n<strong>Web:<\/strong> <a href=\"https:\/\/krizomkrasom.sk\/\" target=\"_blank\" rel=\"noopener noreferrer\">www.krizomkrasom.sk<\/a><\/p>\n<h4><span style=\"color: #993300;\">Kombinovan\u00e9 trasy<\/span><\/h4>\n<p>Kombinovan\u00fdmi turistick\u00fdmi trasami sa m\u00f4\u017eete dosta\u0165 do b\u00fdvalej goralskej dediny <strong>DERENK<\/strong> a k zr\u00facanin\u00e1m <a href=\"http:\/\/www.slovensky-kras.eu\/info\/kam-za-pamiatkami\/hrad-szadvar-np-aggtelek\/\">hradu Sz\u00e1dv\u00e1r<\/a> (obe zauj\u00edmavosti s\u00fa v Ma\u010farsku).<\/p>\n<figure id=\"attachment_21303\" aria-describedby=\"caption-attachment-21303\" style=\"width: 800px\" class=\"wp-caption aligncenter\"><a href=\"https:\/\/www.slovensky-kras.eu\/info\/wp-content\/uploads\/2021\/12\/szadvar1.jpg\"><img loading=\"lazy\" decoding=\"async\" class=\"wp-image-21303 size-full\" src=\"https:\/\/www.slovensky-kras.eu\/info\/wp-content\/uploads\/2021\/12\/szadvar1.jpg\" alt=\"\" width=\"800\" height=\"533\" srcset=\"https:\/\/www.slovensky-kras.eu\/info\/wp-content\/uploads\/2021\/12\/szadvar1.jpg 800w, https:\/\/www.slovensky-kras.eu\/info\/wp-content\/uploads\/2021\/12\/szadvar1-768x512.jpg 768w\" sizes=\"auto, (max-width: 800px) 100vw, 800px\" \/><\/a><figcaption id=\"caption-attachment-21303\" class=\"wp-caption-text\">Sz\u00e1dv\u00e1r<\/figcaption><\/figure>\n<p>Obcou neprech\u00e1dza \u017eiadna turistick\u00e1 trasa, ale\u00a0pri ceste medzi obcami Jablonov nad Tur\u0148ou a <a href=\"http:\/\/www.slovensky-kras.eu\/info\/strediska-a-centra\/obec-hrusov\/\">Hru\u0161ov<\/a> a pri na moste ponad <strong>rie\u010dku Tur\u0148a<\/strong> prech\u00e1dza\u00a0<img loading=\"lazy\" decoding=\"async\" class=\"alignnone wp-image-10334 size-full\" src=\"http:\/\/www.slovensky-kras.eu\/info\/wp-content\/uploads\/2013\/07\/zelena.png\" alt=\"zelena\" width=\"20\" height=\"21\" \/> zelen\u00e1 turistick\u00e1 zna\u010dka (z obce <a href=\"http:\/\/www.slovensky-kras.eu\/info\/strediska-a-centra\/obec-hrusov\/\">Hru\u0161ov<\/a>).<\/p>\n<figure id=\"attachment_15630\" aria-describedby=\"caption-attachment-15630\" style=\"width: 800px\" class=\"wp-caption aligncenter\"><a href=\"http:\/\/www.slovensky-kras.eu\/info\/wp-content\/uploads\/2019\/04\/dolny-vrch.jpeg\"><img loading=\"lazy\" decoding=\"async\" class=\"wp-image-15630 size-medium\" src=\"http:\/\/www.slovensky-kras.eu\/info\/wp-content\/uploads\/2019\/04\/dolny-vrch-800x600.jpeg\" alt=\"\" width=\"800\" height=\"600\" srcset=\"https:\/\/www.slovensky-kras.eu\/info\/wp-content\/uploads\/2019\/04\/dolny-vrch-800x600.jpeg 800w, https:\/\/www.slovensky-kras.eu\/info\/wp-content\/uploads\/2019\/04\/dolny-vrch-768x576.jpeg 768w, https:\/\/www.slovensky-kras.eu\/info\/wp-content\/uploads\/2019\/04\/dolny-vrch-425x319.jpeg 425w, https:\/\/www.slovensky-kras.eu\/info\/wp-content\/uploads\/2019\/04\/dolny-vrch.jpeg 868w\" sizes=\"auto, (max-width: 800px) 100vw, 800px\" \/><\/a><figcaption id=\"caption-attachment-15630\" class=\"wp-caption-text\">Planina Doln\u00fd vrch<\/figcaption><\/figure>\n<p>T\u00e1to <img loading=\"lazy\" decoding=\"async\" class=\"alignnone wp-image-10334 size-full\" src=\"http:\/\/www.slovensky-kras.eu\/info\/wp-content\/uploads\/2013\/07\/zelena.png\" alt=\"zelena\" width=\"20\" height=\"21\" \/> zelen\u00e1 turistick\u00e1 trasa pokra\u010duje a\u017e na na planinu <a href=\"http:\/\/www.slovensky-kras.eu\/info\/kam-do-prirody\/planina-dolny-vrch\/\">Doln\u00fd vrch<\/a> a k hranici s Ma\u010farskom.<\/p>\n<p>Odtia\u013e pokra\u010dujete taktie\u017e po zelenej turistickej zna\u010dke (Ma\u010farsk\u00e9 zna\u010denie).<\/p>\n<p>Na ma\u010farskej strane sa hne\u010f na hranici so Slovenskom nach\u00e1dza priepas\u0165 Vecsemb\u00fckki zsomboly, ktor\u00e1 je so svojou celkovou d\u013a\u017ekou 236 m je tre\u0165ou najhlb\u0161ou priepas\u0165ou v Ma\u010farsku.<\/p>\n<figure id=\"attachment_21273\" aria-describedby=\"caption-attachment-21273\" style=\"width: 800px\" class=\"wp-caption aligncenter\"><a href=\"https:\/\/www.slovensky-kras.eu\/info\/wp-content\/uploads\/2021\/12\/Vecsembukki-zsomboly.jpg\"><img loading=\"lazy\" decoding=\"async\" class=\"wp-image-21273 size-medium\" src=\"https:\/\/www.slovensky-kras.eu\/info\/wp-content\/uploads\/2021\/12\/Vecsembukki-zsomboly-800x450.jpg\" alt=\"\" width=\"800\" height=\"450\" srcset=\"https:\/\/www.slovensky-kras.eu\/info\/wp-content\/uploads\/2021\/12\/Vecsembukki-zsomboly-800x450.jpg 800w, https:\/\/www.slovensky-kras.eu\/info\/wp-content\/uploads\/2021\/12\/Vecsembukki-zsomboly-768x432.jpg 768w, https:\/\/www.slovensky-kras.eu\/info\/wp-content\/uploads\/2021\/12\/Vecsembukki-zsomboly.jpg 1000w\" sizes=\"auto, (max-width: 800px) 100vw, 800px\" \/><\/a><figcaption id=\"caption-attachment-21273\" class=\"wp-caption-text\">Priepas\u0165 Vecsemb\u00fckki zsomboly v NP Aggtelek (Aggteleki Nemzeti Park), autor fotografie: Kr\u00ed\u017eom-Krasom (www.krizomkrasom.sk )<\/figcaption><\/figure>\n<p>Vstupn\u00fd port\u00e1l je pre verejnos\u0165 pr\u00edstupn\u00fd.<\/p>\n<h4><span style=\"color: #993300;\">Cykloturistick\u00e9 trasy<\/span><\/h4>\n<p>Cykloturistom je tu k dispoz\u00edci\u00ed \u010derven\u00e1 cykloturistick\u00e1 trasa naz\u00fdvan\u00e1 ako &#8222;<strong>Cyklomagistr\u00e1la Slovensk\u00fd kras<\/strong>&#8220; o celkovej d\u013a\u017eke pribli\u017ene 195 km.<\/p>\n<h3><span style=\"color: #808000;\">Hist\u00f3ria<\/span><\/h3>\n<p>Prv\u00e1 p\u00edsomn\u00e1 zmienka o obci poch\u00e1dza z rokov 1332 a\u017e 1335, ktor\u00fd obec spom\u00edna ako s\u00eddlo s farou.<\/p>\n<p>Prv\u00fd n\u00e1zov obce bol&#8220;Alm\u00e1&#8220; nesk\u00f4r &#8222;Alm\u00e1s&#8220; a &#8222;Sz\u00e1dalm\u00e1s&#8220;.<\/p>\n<p>Od prvej polovice 14. storo\u010dia patrila Bebekovcom.<\/p>\n<p>Po zru\u0161en\u00ed poddanstva sa p\u00f4da patriaca panstvu za\u010dala parcelova\u0165 a rozpred\u00e1va\u0165.<\/p>\n<p>Na za\u010diatku 20.storo\u010dia opustilo obec 135 ob\u010danov, ktor\u00ed sa vys\u0165ahovali za pr\u00e1cou.<\/p>\n<p>Po druhej svetovej vojne nastala nov\u00e1 \u00e9ra rozvoja obce.<\/p>\n<p>Vybudovan\u00edm \u017eelezni\u010dnej trate Tur\u0148a \u2013 Ro\u017e\u0148ava a elektrifik\u00e1ciou obce sa vytvorili d\u00f4stojn\u00e9 \u017eivotn\u00e9 podmienky .<\/p>\n<h3><span style=\"color: #808000;\">Pamiatky<\/span><\/h3>\n<ul>\n<li><a href=\"http:\/\/www.slovensky-kras.eu\/info\/kam-za-pamiatkami\/granarium-v-jablonove-nad-turnou\/\">Gran\u00e1rium v Jablonove nad Tur\u0148ou (\u010d\u00edtaj viac&#8230;)<\/a><\/li>\n<\/ul>\n<ul>\n<li>R\u00edmskokatol\u00edcky Kostol najsv\u00e4tej\u0161ej Trojice<\/li>\n<\/ul>\n<ul>\n<li>Klasicistick\u00fd kostol reformovanej cirkvi<\/li>\n<\/ul>\n<h3><span style=\"color: #808000;\">Pr\u00edrodn\u00e9 zauj\u00edmavosti<\/span><\/h3>\n<ul>\n<li><a href=\"http:\/\/www.slovensky-kras.eu\/info\/jaskyne-a-priepasti\/hrusovska-jaskyna\/\">Hru\u0161ovsk\u00e1 jasky\u0148a (\u010d\u00edtaj viac&#8230;)<\/a><\/li>\n<\/ul>\n<h3><span style=\"color: #808000;\">Ostatn\u00e9<\/span><\/h3>\n<ul>\n<li><a href=\"http:\/\/www.slovensky-kras.eu\/info\/turnianska-vinna-cesta\/\">Turnianska v\u00ednna cesta (\u010d\u00edtaj viac&#8230;)<\/a><\/li>\n<\/ul>\n<h3><span style=\"color: #808000;\">Kult\u00fara a umenie<\/span><\/h3>\n<ul>\n<li><a href=\"http:\/\/www.slovensky-kras.eu\/info\/muzea-kutlura-a-umenie\/festival-odovzdavania-desatin-z-urody-v-jablonove-nad-turnou\/\">Festival odovzd\u00e1vania desat\u00edn z \u00farody v Jablonove nad Bodvou (\u010d\u00edtaj viac&#8230;)<\/a><\/li>\n<\/ul>\n<ul>\n<li><a href=\"http:\/\/www.slovensky-kras.eu\/info\/muzea-kutlura-a-umenie\/gemersko-turniansky-festiva\/\">Gemersko-Turniansky festival (\u010d\u00edtaj viac&#8230;)<\/a><\/li>\n<\/ul>\n<h3><span style=\"color: #808000;\">M\u00faze\u00e1 <\/span><\/h3>\n<ul>\n<li><a href=\"http:\/\/www.slovensky-kras.eu\/info\/muzea-kutlura-a-umenie\/expozicia-vinohradnictva-na-turnianskej-vinnej-ceste\/\" target=\"_self\" rel=\"noopener noreferrer\">Expoz\u00edcia vinohradn\u00edctva na Turnianskej v\u00ednnej ceste (\u010d\u00edtaj viac&#8230;)<\/a><\/li>\n<\/ul>\n<h3><span style=\"color: #808000;\">Mapy<\/span><\/h3>\n<p><strong>Vrstvy: <\/strong>Turistick\u00e1 mapa, Automapa, Cyklomapa, Ly\u017eiarska mapa, Satelitn\u00e1 mapa a OpenStreetMap.<\/p>\n<p><strong>Kliknut\u00edm na logo &#8222;Freemap.sk&#8220; sa V\u00e1m mapa zobraz\u00ed na celej ploche obrazovky.<\/strong><\/p>\n<p><iframe style=\"width: 800px; height: 600px; border: 0;\" src=\"https:\/\/www.freemap.sk\/?map=14\/48.594946\/20.673652&amp;info-point=48.594946\/20.673652,Obec Jablonov nad Tur\u0148ou&amp;layers=T&amp;embed=search\" allowfullscreen=\"allowfullscreen\"><\/iframe><\/p>\n<h3><span style=\"color: #808000;\">Po\u010dasie<\/span><\/h3>\n<p><iframe style=\"width: 800px; height: 600px;\" src=\"https:\/\/www.meteoblue.com\/sk\/po%C4%8Dasie\/widget\/three\/jablonov-nad-turnou_slovensk%c3%a1-republika_724599?geoloc=fixed&amp;nocurrent=0&amp;noforecast=0&amp;days=6&amp;tempunit=CELSIUS&amp;windunit=KILOMETER_PER_HOUR&amp;layout=image\" frameborder=\"0\" scrolling=\"NO\" sandbox=\"allow-same-origin allow-scripts allow-popups allow-popups-to-escape-sandbox\"><\/iframe><\/p>\n<div><!-- DO NOT REMOVE THIS LINK --><a href=\"https:\/\/www.meteoblue.com\/sk\/po%C4%8Dasie\/predpove%C4%8F\/t%C3%BD%C5%BEde%C5%88\/jablonov-nad-turnou_slovensk%c3%a1-republika_724599?utm_source=weather_widget&amp;utm_medium=linkus&amp;utm_content=three&amp;utm_campaign=Weather%2BWidget\" target=\"_blank\" rel=\"noopener noreferrer\">meteoblue<\/a><\/div>\n","protected":false},"excerpt":{"rendered":"<p>Menu: V\u0161eobecn\u00e9 inform\u00e1cie Jablonov nad Tur\u0148ou (ma\u010f. Sz\u00e1dalm\u00e1s) je obec na Slovensku v okrese Ro\u017e\u0148ava (Ko\u0161ick\u00fd samospr\u00e1vny kraj). Obec sa nach\u00e1dza pod Jablonovsk\u00fdm sedlom (Soro\u0161ka), v Turnianskej kotline, medzi planinami [&hellip;]<\/p>\n","protected":false},"author":1,"featured_media":0,"parent":9,"menu_order":0,"comment_status":"closed","ping_status":"open","template":"","meta":{"_uag_custom_page_level_css":"","footnotes":""},"class_list":["post-1122","page","type-page","status-publish","hentry"],"featured_image_src":"","featured_image_src_square":false,"rbea_author_info":{"display_name":"admin","author_link":"https:\/\/www.slovensky-kras.eu\/info\/author\/admin\/"},"rbea_excerpt_info":"Menu: V\u0161eobecn\u00e9 inform\u00e1cie Jablonov nad Tur\u0148ou (ma\u010f. Sz\u00e1dalm\u00e1s) je obec na Slovensku v okrese Ro\u017e\u0148ava (Ko\u0161ick\u00fd samospr\u00e1vny kraj). Obec sa nach\u00e1dza pod Jablonovsk\u00fdm sedlom (Soro\u0161ka), v Turnianskej kotline, medzi planinami [&hellip;]","uagb_featured_image_src":{"full":false,"thumbnail":false,"medium":false,"medium_large":false,"large":false,"1536x1536":false,"2048x2048":false},"uagb_author_info":{"display_name":"admin","author_link":"https:\/\/www.slovensky-kras.eu\/info\/author\/admin\/"},"uagb_comment_info":0,"uagb_excerpt":"Menu: V\u0161eobecn\u00e9 inform\u00e1cie Jablonov nad Tur\u0148ou (ma\u010f. Sz\u00e1dalm\u00e1s) je obec na Slovensku v okrese Ro\u017e\u0148ava (Ko\u0161ick\u00fd samospr\u00e1vny kraj). Obec sa nach\u00e1dza pod Jablonovsk\u00fdm sedlom (Soro\u0161ka), v Turnianskej kotline, medzi planinami [&hellip;]","_links":{"self":[{"href":"https:\/\/www.slovensky-kras.eu\/info\/wp-json\/wp\/v2\/pages\/1122","targetHints":{"allow":["GET"]}}],"collection":[{"href":"https:\/\/www.slovensky-kras.eu\/info\/wp-json\/wp\/v2\/pages"}],"about":[{"href":"https:\/\/www.slovensky-kras.eu\/info\/wp-json\/wp\/v2\/types\/page"}],"author":[{"embeddable":true,"href":"https:\/\/www.slovensky-kras.eu\/info\/wp-json\/wp\/v2\/users\/1"}],"replies":[{"embeddable":true,"href":"https:\/\/www.slovensky-kras.eu\/info\/wp-json\/wp\/v2\/comments?post=1122"}],"version-history":[{"count":17,"href":"https:\/\/www.slovensky-kras.eu\/info\/wp-json\/wp\/v2\/pages\/1122\/revisions"}],"predecessor-version":[{"id":22305,"href":"https:\/\/www.slovensky-kras.eu\/info\/wp-json\/wp\/v2\/pages\/1122\/revisions\/22305"}],"up":[{"embeddable":true,"href":"https:\/\/www.slovensky-kras.eu\/info\/wp-json\/wp\/v2\/pages\/9"}],"wp:attachment":[{"href":"https:\/\/www.slovensky-kras.eu\/info\/wp-json\/wp\/v2\/media?parent=1122"}],"curies":[{"name":"wp","href":"https:\/\/api.w.org\/{rel}","templated":true}]}}