{"id":1017,"date":"2013-07-11T19:28:30","date_gmt":"2013-07-11T17:28:30","guid":{"rendered":"http:\/\/www.slovensky-kras.eu\/info\/?page_id=1017"},"modified":"2022-01-05T17:56:29","modified_gmt":"2022-01-05T16:56:29","slug":"1017-2","status":"publish","type":"page","link":"https:\/\/www.slovensky-kras.eu\/info\/strediska-a-centra\/1017-2\/","title":{"rendered":"Obec Dvorn\u00edky-V\u010del\u00e1re"},"content":{"rendered":"<p><strong>Menu: <\/strong> <a href=\"http:\/\/www.slovensky-kras.eu\/info\/\" class=\"su-button su-button-style-default\" style=\"color:#000000;background-color:#FFCF2F;border-color:#cca626;border-radius:5px\" target=\"_self\"><span style=\"color:#000000;padding:6px 16px;font-size:13px;line-height:20px;border-color:#ffde6e;border-radius:5px;text-shadow:none\"><i class=\"sui sui-arrow-right\" style=\"font-size:13px;color:#000000\"><\/i>  \u00davod \/ Aktuality <\/span><\/a>\n<a href=\"http:\/\/www.slovensky-kras.eu\/info\/strediska-a-centra\/\" class=\"su-button su-button-style-default\" style=\"color:#000000;background-color:#FFCF2F;border-color:#cca626;border-radius:5px\" target=\"_self\"><span style=\"color:#000000;padding:6px 16px;font-size:13px;line-height:20px;border-color:#ffde6e;border-radius:5px;text-shadow:none\"><i class=\"sui sui-arrow-right\" style=\"font-size:13px;color:#000000\"><\/i>  Turistick\u00e9 v\u00fdchodisk\u00e1 <\/span><\/a>\n<div class=\"su-divider su-divider-style-default\" style=\"margin:15px 0;border-width:2px;border-color:#000000\"><\/div>\n<div class=\"su-accordion su-u-trim\">\n<div class=\"su-spoiler su-spoiler-style-fancy su-spoiler-icon-plus su-spoiler-closed\" data-scroll-offset=\"0\" data-anchor-in-url=\"no\"><div class=\"su-spoiler-title\" tabindex=\"0\" role=\"button\"><span class=\"su-spoiler-icon\"><\/span>Textov\u00e9 menu - Turistick\u00e9 v\u00fdchodisk\u00e1<\/div><div class=\"su-spoiler-content su-u-clearfix su-u-trim\"><div class=\"column-group columns-2\"><div class=\"column column-number-1 column-span-1\"><p><strong>Rekrea\u010dn\u00e9 stredisk\u00e1 a oblasti:<\/strong><br \/>\n<a href=\"http:\/\/www.slovensky-kras.eu\/info\/?page_id=97\">Domica<\/a><br \/>\n<a href=\"http:\/\/www.slovensky-kras.eu\/info\/rekreacne-stredisko-gombasek\/\">Gombasek<\/a><br \/>\n<a href=\"http:\/\/www.slovensky-kras.eu\/info\/strediska-a-centra\/turisticka-oblast-soroska-jablonovske-sedlo\/\">Soro\u0161ka-Jablonovsk\u00e9 sedlo<\/a><br \/>\n<a href=\"http:\/\/www.slovensky-kras.eu\/info\/strediska-a-centra\/rekreacna-oblast-sugov\/\">\u0160ugov<\/a><br \/>\n<strong>Mest\u00e1:<\/strong><br \/>\n<a href=\"http:\/\/www.slovensky-kras.eu\/info\/strediska-a-centra\/mesto-medzev\/\">Medzev<\/a><br \/>\n<a href=\"http:\/\/www.slovensky-kras.eu\/info\/strediska-a-centra\/mesto-moldava-nad-bodvou\/\">Moldava nad Bodvou<\/a><br \/>\n<a href=\"http:\/\/www.slovensky-kras.eu\/info\/strediska-a-centra\/mesto-roznava\/\">Ro\u017e\u0148ava<\/a><br \/>\n<strong>Obce:<\/strong><br \/>\n<a href=\"http:\/\/www.slovensky-kras.eu\/info\/strediska-a-centra\/obec-ardovo\/\">Ardovo<\/a><br \/>\n<a title=\"Obec B\u00f4rka\" href=\"http:\/\/www.slovensky-kras.eu\/info\/strediska-a-centra\/obec-borka\/\">B\u00f4rka<\/a><br \/>\n<a href=\"http:\/\/www.slovensky-kras.eu\/info\/strediska-a-centra\/obec-bretka\/\">Bretka<\/a><br \/>\n<a href=\"http:\/\/www.slovensky-kras.eu\/info\/strediska-a-centra\/obec-brzotin\/\">Brzot\u00edn<\/a><br \/>\n<a href=\"http:\/\/www.slovensky-kras.eu\/info\/strediska-a-centra\/obec-dlha-ves\/\">Dlh\u00e1 Ves<\/a><br \/>\n<a href=\"http:\/\/www.slovensky-kras.eu\/info\/strediska-a-centra\/obec-drnava\/\">Drnava<\/a><br \/>\n<a href=\"http:\/\/www.slovensky-kras.eu\/info\/strediska-a-centra\/1017-2\/\">Dvorn\u00edky-V\u010del\u00e1re<\/a><br \/>\n<a href=\"http:\/\/www.slovensky-kras.eu\/info\/strediska-a-centra\/obec-drienovec-drienovecke-kupele\/\">Drienovec-Drienoveck\u00e9 k\u00fapele<\/a><br \/>\n<a href=\"http:\/\/www.slovensky-kras.eu\/info\/strediska-a-centra\/obec-gemerska-horka\/\">Gemersk\u00e1 H\u00f4rka<\/a><br \/>\n<a href=\"http:\/\/www.slovensky-kras.eu\/info\/obec-hacava\/\">Ha\u010dava<\/a><br \/>\n<a href=\"http:\/\/www.slovensky-kras.eu\/info\/strediska-a-centra\/obec-haj\/\">H\u00e1j<\/p>\n<\/div>\n<\/a><div class=\"column column-number-2 last column-span-1\"><p><a href=\"http:\/\/www.slovensky-kras.eu\/info\/strediska-a-centra\/obec-hrhov\/\">Hrhov<\/a><br \/>\n<a href=\"http:\/\/www.slovensky-kras.eu\/info\/strediska-a-centra\/obec-hrusov\/\">Hru\u0161ov<\/a><br \/>\n<a href=\"http:\/\/www.slovensky-kras.eu\/info\/strediska-a-centra\/obec-jablonov-nad-turnou\/\">Jablonov nad Tur\u0148ou<\/a><br \/>\n<a href=\"http:\/\/www.slovensky-kras.eu\/info\/strediska-a-centra\/obec-jasov\/\">Jasov<\/a><br \/>\n<a href=\"http:\/\/www.slovensky-kras.eu\/info\/strediska-a-centra\/obec-jovice\/\">Jovice<\/a><br \/>\n<a href=\"http:\/\/www.slovensky-kras.eu\/info\/strediska-a-centra\/obec-kecovo\/\">Ke\u010dovo<\/a><br \/>\n<a href=\"http:\/\/www.slovensky-kras.eu\/info\/strediska-a-centra\/obec-krasnohorska-dlha-luka\/\">Kr\u00e1snohorsk\u00e1 Dlh\u00e1 L\u00faka<\/a><br \/>\n<a href=\"http:\/\/www.slovensky-kras.eu\/info\/strediska-a-centra\/obec-krasnohorske-podhradie\/\">Kr\u00e1snohorsk\u00e9 Podhradie<\/a><br \/>\n<a href=\"http:\/\/www.slovensky-kras.eu\/info\/strediska-a-centra\/obec-kruzna\/\">Kru\u017en\u00e1<\/a><br \/>\n<a href=\"http:\/\/www.slovensky-kras.eu\/info\/strediska-a-centra\/obec-lucka\/\">L\u00fa\u010dka<\/a><br \/>\n<a href=\"http:\/\/www.slovensky-kras.eu\/info\/strediska-a-centra\/obec-ochtina\/\">Ochtin\u00e1<\/a><br \/>\n<a href=\"http:\/\/www.slovensky-kras.eu\/info\/strediska-a-centra\/obec-plesivec\/\">Ple\u0161ivec<\/a><br \/>\n<a href=\"http:\/\/www.slovensky-kras.eu\/info\/strediska-a-centra\/obec-rakovnica\/\">Rakovnica<\/a><br \/>\n<a href=\"http:\/\/www.slovensky-kras.eu\/info\/strediska-a-centra\/obec-silica\/\">Silica<\/a><br \/>\n<a href=\"http:\/\/www.slovensky-kras.eu\/info\/strediska-a-centra\/obec-silicka-brezova\/\">Silick\u00e1 Brezov\u00e1<\/a><br \/>\n<a href=\"http:\/\/www.slovensky-kras.eu\/info\/strediska-a-centra\/obec-silicka-jablonica\/\">Silick\u00e1 Jablonica<\/a><br \/>\n<a href=\"http:\/\/www.slovensky-kras.eu\/info\/strediska-a-centra\/obec-slavec\/\">Slavec<\/a><br \/>\n<a href=\"http:\/\/www.slovensky-kras.eu\/info\/strediska-a-centra\/obec-stitnik\/\">\u0160t\u00edtnik<\/a><br \/>\n<a href=\"http:\/\/www.slovensky-kras.eu\/info\/strediska-a-centra\/obec-turna-nad-bodvou\/\">Tur\u0148a nad Bodvou<\/a><br \/>\n<a href=\"http:\/\/www.slovensky-kras.eu\/info\/strediska-a-centra\/obec-zadiel\/\">Z\u00e1diel<\/a><\/p>\n<\/div><\/div>\n<\/div><\/div>\n<\/div>\n<div class=\"su-divider su-divider-style-default\" style=\"margin:15px 0;border-width:2px;border-color:#000000\"><\/div>\n<h3><span style=\"color: #808000;\">V\u0161eobecn\u00e9 inform\u00e1cie<\/span><\/h3>\n<p>V minulosti sa obec <i>Dvorn\u00edky<\/i> a <i>V\u010del\u00e1re (po ma\u010farsky Mihyska, Mech) <\/i>naz\u00fdvali: <span dir=\"ltr\" lang=\"hu\" title=\"ma\u010farsky\" xml:lang=\"hu\"><i>Udv\u00e1rnok, Szadudv\u00e1rnok<\/i> a <i>M\u00e9h\u00e9sz<\/i>, spolo\u010dne <i>M\u00e9h\u00e9szudvarnok.<\/i><\/span><\/p>\n<figure id=\"attachment_18753\" aria-describedby=\"caption-attachment-18753\" style=\"width: 800px\" class=\"wp-caption aligncenter\"><a href=\"http:\/\/www.slovensky-kras.eu\/info\/wp-content\/uploads\/2020\/12\/dvorniky2.jpg\"><img loading=\"lazy\" decoding=\"async\" class=\"wp-image-18753 size-medium\" src=\"http:\/\/www.slovensky-kras.eu\/info\/wp-content\/uploads\/2020\/12\/dvorniky2-800x600.jpg\" alt=\"\" width=\"800\" height=\"600\" srcset=\"https:\/\/www.slovensky-kras.eu\/info\/wp-content\/uploads\/2020\/12\/dvorniky2-800x600.jpg 800w, https:\/\/www.slovensky-kras.eu\/info\/wp-content\/uploads\/2020\/12\/dvorniky2-1024x768.jpg 1024w, https:\/\/www.slovensky-kras.eu\/info\/wp-content\/uploads\/2020\/12\/dvorniky2-768x576.jpg 768w, https:\/\/www.slovensky-kras.eu\/info\/wp-content\/uploads\/2020\/12\/dvorniky2-1536x1152.jpg 1536w, https:\/\/www.slovensky-kras.eu\/info\/wp-content\/uploads\/2020\/12\/dvorniky2-2048x1536.jpg 2048w, https:\/\/www.slovensky-kras.eu\/info\/wp-content\/uploads\/2020\/12\/dvorniky2-1200x900.jpg 1200w\" sizes=\"auto, (max-width: 800px) 100vw, 800px\" \/><\/a><figcaption id=\"caption-attachment-18753\" class=\"wp-caption-text\">Obec Dvorn\u00edky-V\u010del\u00e1re<\/figcaption><\/figure>\n<p>Obec Dvorn\u00edky-V\u010del\u00e1re sa nach\u00e1dza v <strong>Turnianskej kotline<\/strong> v n\u00e1plavovom ku\u017eeli potoka <a href=\"http:\/\/www.slovensky-kras.eu\/info\/kam-do-prirody\/chotarny-potok-blatnica\/\">Blatnice<\/a> v nadmorskej v\u00fd\u0161ke 214 m a <strong>V\u010del\u00e1re<\/strong> na nive <strong>rie\u010dky Tur\u0148a<\/strong> v nadmorskej v\u00fd\u0161ke 195 m.<\/p>\n<p>Jedn\u00e1 sa o dve obce Dvorn\u00edky a V\u010del\u00e1re, ktor\u00e9 v dne\u0161nej dobe od roku 1990 tvoria jednu obec.<\/p>\n<figure id=\"attachment_6338\" aria-describedby=\"caption-attachment-6338\" style=\"width: 800px\" class=\"wp-caption aligncenter\"><a href=\"http:\/\/www.slovensky-kras.eu\/info\/wp-content\/uploads\/2013\/07\/20150606_103615.jpg\"><img loading=\"lazy\" decoding=\"async\" class=\"wp-image-6338\" src=\"http:\/\/www.slovensky-kras.eu\/info\/wp-content\/uploads\/2013\/07\/20150606_103615.jpg\" alt=\"20150606_103615\" width=\"800\" height=\"600\" srcset=\"https:\/\/www.slovensky-kras.eu\/info\/wp-content\/uploads\/2013\/07\/20150606_103615.jpg 800w, https:\/\/www.slovensky-kras.eu\/info\/wp-content\/uploads\/2013\/07\/20150606_103615-768x576.jpg 768w\" sizes=\"auto, (max-width: 800px) 100vw, 800px\" \/><\/a><figcaption id=\"caption-attachment-6338\" class=\"wp-caption-text\">sedliacky dom Dvorn\u00edky<\/figcaption><\/figure>\n<p>V minulosti v roku 1964 boli spojen\u00e9 aj s obcou <a href=\"http:\/\/www.slovensky-kras.eu\/info\/strediska-a-centra\/obec-zadiel\/\">Z\u00e1diel<\/a> pod spolo\u010dn\u00fdm n\u00e1zvom <strong>Z\u00e1dielske Dvorn\u00edky<\/strong>.<\/p>\n<p>V polo\u017e\u00ed chot\u00e1ra s\u00fa mladotre\u0165ohorn\u00e9 ulo\u017eeniny.<\/p>\n<figure id=\"attachment_18751\" aria-describedby=\"caption-attachment-18751\" style=\"width: 800px\" class=\"wp-caption aligncenter\"><a href=\"http:\/\/www.slovensky-kras.eu\/info\/wp-content\/uploads\/2020\/12\/dvorniky.jpg\"><img loading=\"lazy\" decoding=\"async\" class=\"wp-image-18751 size-medium\" src=\"http:\/\/www.slovensky-kras.eu\/info\/wp-content\/uploads\/2020\/12\/dvorniky-800x600.jpg\" alt=\"\" width=\"800\" height=\"600\" srcset=\"https:\/\/www.slovensky-kras.eu\/info\/wp-content\/uploads\/2020\/12\/dvorniky-800x600.jpg 800w, https:\/\/www.slovensky-kras.eu\/info\/wp-content\/uploads\/2020\/12\/dvorniky-1024x768.jpg 1024w, https:\/\/www.slovensky-kras.eu\/info\/wp-content\/uploads\/2020\/12\/dvorniky-768x576.jpg 768w, https:\/\/www.slovensky-kras.eu\/info\/wp-content\/uploads\/2020\/12\/dvorniky-1536x1152.jpg 1536w, https:\/\/www.slovensky-kras.eu\/info\/wp-content\/uploads\/2020\/12\/dvorniky-2048x1536.jpg 2048w, https:\/\/www.slovensky-kras.eu\/info\/wp-content\/uploads\/2020\/12\/dvorniky-1200x900.jpg 1200w\" sizes=\"auto, (max-width: 800px) 100vw, 800px\" \/><\/a><figcaption id=\"caption-attachment-18751\" class=\"wp-caption-text\">Obec Dvorn\u00edky-V\u010del\u00e1re a Z\u00e1dielsky n\u00e1hon<\/figcaption><\/figure>\n<p>Ju\u017en\u00e1 a severn\u00e1 \u010das\u0165 chot\u00e1ra m\u00e1 pahorkatinn\u00fd r\u00e1z s porastom listnat\u00fdch lesov.<\/p>\n<p>Tieto lesy, tak ako pr\u00edrodu ve\u013emi ni\u010d\u00ed v\u00e1pencov\u00fd lom (ju\u017en\u00fa \u010das\u0165), dnes patriaci VS\u017d-Keramika.<\/p>\n<p>V dedine hniezdia bociany, na ktor\u00e9 si \u013eudia zvykli a\u00a0re\u0161pektuj\u00fa ich.<\/p>\n<p>Boli tu n\u00e1jden\u00e9 n\u00e1lezy keramiky boler\u00e1zskej skupiny zo stredn\u00e9ho eneolitu.<\/p>\n<h4><span style=\"color: #993300;\">R\u00edmskokatol\u00edcky kostol Narodenia Panny M\u00e1rie<\/span><\/h4>\n<p>R\u00edmskokatol\u00edcky kostol Narodenia Panny M\u00e1rie v \u010dasti Dvorn\u00edky je jednolo\u010fov\u00e1 klasicistick\u00e1 stavba so segmentovo ukon\u010den\u00fdm presbyt\u00e9riom a ve\u017eou tvoriacou s\u00fa\u010das\u0165 jej hmoty z rokov 1800-1801.<\/p>\n<figure id=\"attachment_6336\" aria-describedby=\"caption-attachment-6336\" style=\"width: 800px\" class=\"wp-caption aligncenter\"><a href=\"http:\/\/www.slovensky-kras.eu\/info\/wp-content\/uploads\/2013\/07\/20150606_103453.jpg\"><img loading=\"lazy\" decoding=\"async\" class=\"wp-image-6336\" src=\"http:\/\/www.slovensky-kras.eu\/info\/wp-content\/uploads\/2013\/07\/20150606_103453.jpg\" alt=\"20150606_103453\" width=\"800\" height=\"600\" srcset=\"https:\/\/www.slovensky-kras.eu\/info\/wp-content\/uploads\/2013\/07\/20150606_103453.jpg 800w, https:\/\/www.slovensky-kras.eu\/info\/wp-content\/uploads\/2013\/07\/20150606_103453-768x576.jpg 768w\" sizes=\"auto, (max-width: 800px) 100vw, 800px\" \/><\/a><figcaption id=\"caption-attachment-6336\" class=\"wp-caption-text\">kostol Narodenia Panny M\u00e1rie<\/figcaption><\/figure>\n<p>Interi\u00e9r je zaklenut\u00fd pruskou klenbou.<\/p>\n<p>Kostol m\u00e1 hladk\u00e9 fas\u00e1dy, prie\u010delie m\u00e1 mierny rizalit.<\/p>\n<p>Ve\u017ea je ukon\u010den\u00e1 barokovou helmicou.<\/p>\n<h4><span style=\"color: #993300;\">\u013dudov\u00e1 architekt\u00fara<\/span><\/h4>\n<p>V obci sa zachovalo zop\u00e1r <strong>sedliackych domov<\/strong> z konca 19. storo\u010dia a za\u010diatku 20.storo\u010dia.<\/p>\n<figure id=\"attachment_6346\" aria-describedby=\"caption-attachment-6346\" style=\"width: 800px\" class=\"wp-caption aligncenter\"><a href=\"http:\/\/www.slovensky-kras.eu\/info\/wp-content\/uploads\/2013\/07\/20150606_104246.jpg\"><img loading=\"lazy\" decoding=\"async\" class=\"wp-image-6346\" src=\"http:\/\/www.slovensky-kras.eu\/info\/wp-content\/uploads\/2013\/07\/20150606_104246.jpg\" alt=\"20150606_104246\" width=\"800\" height=\"600\" srcset=\"https:\/\/www.slovensky-kras.eu\/info\/wp-content\/uploads\/2013\/07\/20150606_104246.jpg 800w, https:\/\/www.slovensky-kras.eu\/info\/wp-content\/uploads\/2013\/07\/20150606_104246-768x576.jpg 768w\" sizes=\"auto, (max-width: 800px) 100vw, 800px\" \/><\/a><figcaption id=\"caption-attachment-6346\" class=\"wp-caption-text\">sedliacky klasicistick\u00fd dom v Dvorn\u00edkoch<\/figcaption><\/figure>\n<p>\u013dudov\u00e1 architekt\u00fara je tu najviac zast\u00fapen\u00e1 murovan\u00fdmi domami, ktor\u00e9 s\u00fa typick\u00e9 pre oblas\u0165 ju\u017en\u00e9ho Spi\u0161a, Gemera, Malohotu a Abova.<\/p>\n<h4><span style=\"color: #993300;\">Hospod\u00e1rske objekty<\/span><\/h4>\n<p>V obci sa zachovali stavebn\u00e9 objekty ur\u010den\u00e9 pre hospod\u00e1rsku \u010dinnos\u0165 jej obyvate\u013eov (stodola, senn\u00edk, pivnica, ma\u0161ta\u013e, ov\u010dinec, chliev, kur\u00edn, v\u010del\u00edn, k\u00f4l\u0148a, voziare\u0148, stud\u0148a a udiare\u0148).<\/p>\n<figure id=\"attachment_6344\" aria-describedby=\"caption-attachment-6344\" style=\"width: 800px\" class=\"wp-caption aligncenter\"><a href=\"http:\/\/www.slovensky-kras.eu\/info\/wp-content\/uploads\/2013\/07\/20150606_104750.jpg\"><img loading=\"lazy\" decoding=\"async\" class=\"wp-image-6344\" src=\"http:\/\/www.slovensky-kras.eu\/info\/wp-content\/uploads\/2013\/07\/20150606_104750.jpg\" alt=\"20150606_104750\" width=\"800\" height=\"600\" srcset=\"https:\/\/www.slovensky-kras.eu\/info\/wp-content\/uploads\/2013\/07\/20150606_104750.jpg 800w, https:\/\/www.slovensky-kras.eu\/info\/wp-content\/uploads\/2013\/07\/20150606_104750-768x576.jpg 768w\" sizes=\"auto, (max-width: 800px) 100vw, 800px\" \/><\/a><figcaption id=\"caption-attachment-6344\" class=\"wp-caption-text\">hospod\u00e1rska budova zo za\u010diatku 20. storo\u010dia<\/figcaption><\/figure>\n<p>Sl\u00fa\u017eili na uskladnenie po\u013enohospod\u00e1rskych produktov, na ustajnenie hospod\u00e1rskych zvierat, na ulo\u017eenie po\u013enohospod\u00e1rskeho invent\u00e1ra a dopravn\u00fdch prostriedkov.<\/p>\n<h4><span style=\"color: #993300;\">Miestna expoz\u00edcia Dvorn\u00edky<\/span><\/h4>\n<p>Nach\u00e1dza sa tu <a href=\"http:\/\/www.slovensky-kras.eu\/info\/muzea-kutlura-a-umenie\/miestna-expozicia-dvorniky\/\">m\u00fazeum &#8211; Miestna expoz\u00edcia Dvorn\u00edky<\/a>, ktor\u00e9ho zbierka zah\u0155\u0148a i vz\u00e1cne archeologick\u00e9 n\u00e1lezy z tejto oblasti.<\/p>\n<figure id=\"attachment_18748\" aria-describedby=\"caption-attachment-18748\" style=\"width: 800px\" class=\"wp-caption aligncenter\"><a href=\"http:\/\/www.slovensky-kras.eu\/info\/wp-content\/uploads\/2020\/12\/dvorniky-muzeum.jpg\"><img loading=\"lazy\" decoding=\"async\" class=\"wp-image-18748 size-full\" src=\"http:\/\/www.slovensky-kras.eu\/info\/wp-content\/uploads\/2020\/12\/dvorniky-muzeum.jpg\" alt=\"\" width=\"800\" height=\"600\" srcset=\"https:\/\/www.slovensky-kras.eu\/info\/wp-content\/uploads\/2020\/12\/dvorniky-muzeum.jpg 800w, https:\/\/www.slovensky-kras.eu\/info\/wp-content\/uploads\/2020\/12\/dvorniky-muzeum-768x576.jpg 768w\" sizes=\"auto, (max-width: 800px) 100vw, 800px\" \/><\/a><figcaption id=\"caption-attachment-18748\" class=\"wp-caption-text\">\u00fa\u017eitkov\u00e9 predmety z minul\u00e9ho storo\u010dia<\/figcaption><\/figure>\n<p>V dvoch miestnostiach sa nach\u00e1dzaj\u00fa \u00fa\u017eitkov\u00e9 predmety z minul\u00e9ho storo\u010dia, ktor\u00e9 sa e\u0161te podarilo pozbiera\u0165 v dom\u00e1cnostiach a v jednej miestnosti je expoz\u00edcia z vykop\u00e1vok \u017eiarov\u00fdch hrobov v Dvorn\u00edkoch a repliky bronzov\u00e9ho pokladu, ktor\u00fd sa na\u0161iel pred \u00fast\u00edm do\u00a0<a href=\"https:\/\/www.slovensky-kras.eu\/info\/kam-do-prirody\/zadielska-dolina\/\">Z\u00e1dielskej doliny<\/a>.<\/p>\n<p><strong>Viac info o expoz\u00edci\u00ed sa do\u010d\u00edtate tu:<\/strong><\/p>\n<ul>\n<li><a href=\"https:\/\/www.slovensky-kras.eu\/info\/muzea-kutlura-a-umenie\/miestna-expozicia-dvorniky\/\" target=\"_blank\" rel=\"noopener\">Miestna expoz\u00edcia Dvorn\u00edky (\u010d\u00edtaj viac v novom okne&#8230;)<\/a><\/li>\n<\/ul>\n<h4><span style=\"color: #993300;\">\u010eal\u0161ie pamiatky<\/span><\/h4>\n<p>Z \u010fal\u0161\u00edch\u00a0<strong>reformovan\u00fd kalv\u00ednsky<\/strong> kostol vo V\u010del\u00e1roch z roku 1792, <strong>zemianska k\u00faria<\/strong> z druhej polovice 18. storo\u010dia a <strong>pam\u00e4tn\u00edk obetiam I.a II. sv. vojny<\/strong>.<\/p>\n<figure id=\"attachment_6340\" aria-describedby=\"caption-attachment-6340\" style=\"width: 800px\" class=\"wp-caption aligncenter\"><a href=\"http:\/\/www.slovensky-kras.eu\/info\/wp-content\/uploads\/2013\/07\/20150606_103515.jpg\"><img loading=\"lazy\" decoding=\"async\" class=\"wp-image-6340\" src=\"http:\/\/www.slovensky-kras.eu\/info\/wp-content\/uploads\/2013\/07\/20150606_103515.jpg\" alt=\"20150606_103515\" width=\"800\" height=\"600\" srcset=\"https:\/\/www.slovensky-kras.eu\/info\/wp-content\/uploads\/2013\/07\/20150606_103515.jpg 800w, https:\/\/www.slovensky-kras.eu\/info\/wp-content\/uploads\/2013\/07\/20150606_103515-768x576.jpg 768w\" sizes=\"auto, (max-width: 800px) 100vw, 800px\" \/><\/a><figcaption id=\"caption-attachment-6340\" class=\"wp-caption-text\">pam\u00e4tn\u00edk obetiam I.a II. sv. vojny<\/figcaption><\/figure>\n<p>&nbsp;<\/p>\n<h4><span style=\"color: #993300;\">Turnianska v\u00ednna cesta<\/span><\/h4>\n<p>Star\u00e1 vinohradnick\u00e1 obec je v s\u00fa\u010dasnosti s\u00fa\u010das\u0165ou <a href=\"http:\/\/www.slovensky-kras.eu\/info\/turnianska-vinna-cesta\/\">Turnianskej v\u00ednnej cesty<\/a>.<\/p>\n<figure id=\"attachment_18826\" aria-describedby=\"caption-attachment-18826\" style=\"width: 800px\" class=\"wp-caption aligncenter\"><a href=\"http:\/\/www.slovensky-kras.eu\/info\/wp-content\/uploads\/2020\/12\/vino.jpg\"><img loading=\"lazy\" decoding=\"async\" class=\"wp-image-18826 size-medium\" src=\"http:\/\/www.slovensky-kras.eu\/info\/wp-content\/uploads\/2020\/12\/vino-800x533.jpg\" alt=\"\" width=\"800\" height=\"533\" srcset=\"https:\/\/www.slovensky-kras.eu\/info\/wp-content\/uploads\/2020\/12\/vino-800x533.jpg 800w, https:\/\/www.slovensky-kras.eu\/info\/wp-content\/uploads\/2020\/12\/vino-1024x682.jpg 1024w, https:\/\/www.slovensky-kras.eu\/info\/wp-content\/uploads\/2020\/12\/vino-768x512.jpg 768w, https:\/\/www.slovensky-kras.eu\/info\/wp-content\/uploads\/2020\/12\/vino-1200x800.jpg 1200w, https:\/\/www.slovensky-kras.eu\/info\/wp-content\/uploads\/2020\/12\/vino.jpg 1280w\" sizes=\"auto, (max-width: 800px) 100vw, 800px\" \/><\/a><figcaption id=\"caption-attachment-18826\" class=\"wp-caption-text\">Turnianska v\u00ednna cesta<\/figcaption><\/figure>\n<p>Vin\u00e1rstvo tu malo v oblasti kedysi ve\u013emi siln\u00fa trad\u00edciu.<\/p>\n<p><strong>Viac info o v\u00ednnej ceste sa do\u010d\u00edtate tu:<\/strong><\/p>\n<ul>\n<li><a href=\"https:\/\/www.slovensky-kras.eu\/info\/zaujimavosti\/turnianska-vinna-cesta\/\" target=\"_blank\" rel=\"noopener\">Turnianska v\u00ednna cesta (\u010d\u00edtajte viac v novom okne&#8230;)<\/a><\/li>\n<\/ul>\n<h3><span style=\"color: #808000;\">Turistick\u00e9 mo\u017enosti a zauj\u00edmavosti<\/span><\/h3>\n<p>V\u010faka <a href=\"http:\/\/www.slovensky-kras.eu\/info\/kam-do-prirody\/zadielska-dolina\/\">Z\u00e1dielskej doline<\/a> je v obci a v jej okol\u00ed roz\u0161\u00edren\u00e1 cykloturistika a pe\u0161ia turistika.<\/p>\n<figure id=\"attachment_6342\" aria-describedby=\"caption-attachment-6342\" style=\"width: 800px\" class=\"wp-caption aligncenter\"><a href=\"http:\/\/www.slovensky-kras.eu\/info\/wp-content\/uploads\/2013\/07\/20150606_104928.jpg\"><img loading=\"lazy\" decoding=\"async\" class=\"wp-image-6342\" src=\"http:\/\/www.slovensky-kras.eu\/info\/wp-content\/uploads\/2013\/07\/20150606_104928.jpg\" alt=\"20150606_104928\" width=\"800\" height=\"600\" srcset=\"https:\/\/www.slovensky-kras.eu\/info\/wp-content\/uploads\/2013\/07\/20150606_104928.jpg 800w, https:\/\/www.slovensky-kras.eu\/info\/wp-content\/uploads\/2013\/07\/20150606_104928-768x576.jpg 768w\" sizes=\"auto, (max-width: 800px) 100vw, 800px\" \/><\/a><figcaption id=\"caption-attachment-6342\" class=\"wp-caption-text\">poh\u013ead na Z\u00e1dielsk\u00fa dolinu z obce<\/figcaption><\/figure>\n<p>N\u00e1v\u0161tevn\u00edkom je tu k dispoz\u00edci\u00ed <a href=\"http:\/\/www.slovensky-kras.eu\/info\/aktivity-a-sport\/naucny-chodnik-zadielska-tiesnava\/\">N\u00e1u\u010dn\u00fd chodn\u00edk Z\u00e1dielska ties\u0148ava<\/a>, ktor\u00fd za\u010d\u00edna v ne\u010falekej obci <a href=\"http:\/\/www.slovensky-kras.eu\/info\/strediska-a-centra\/obec-zadiel\/\">Z\u00e1diel<\/a> a smeruje na sever po ceste cez <a href=\"http:\/\/www.slovensky-kras.eu\/info\/kam-do-prirody\/npr-zadielska-tiesnava\/\">Z\u00e1dielsku ties\u0148avu<\/a> proti toku <a href=\"http:\/\/www.slovensky-kras.eu\/info\/kam-do-prirody\/chotarny-potok-blatnica\/\">Blatnick\u00e9ho potoka<\/a>.<\/p>\n<h4><span style=\"color: #993300;\">Turistick\u00e9 trasy<\/span><\/h4>\n<p>V obci za\u010dina\u00a0 <img loading=\"lazy\" decoding=\"async\" class=\"alignnone wp-image-10330 size-full\" src=\"http:\/\/www.slovensky-kras.eu\/info\/wp-content\/uploads\/2013\/06\/cervena-1.png\" alt=\"cervena\" width=\"20\" height=\"21\" \/> \u010derven\u00e1 turistick\u00e1 trasa, ktor\u00e1 pokra\u010duje do ne\u010falekej obce <a href=\"http:\/\/www.slovensky-kras.eu\/info\/strediska-a-centra\/obec-zadiel\/\">Z\u00e1diel<\/a>.<\/p>\n<figure id=\"attachment_18589\" aria-describedby=\"caption-attachment-18589\" style=\"width: 800px\" class=\"wp-caption aligncenter\"><a href=\"http:\/\/www.slovensky-kras.eu\/info\/wp-content\/uploads\/2020\/12\/zadiel.png\"><img loading=\"lazy\" decoding=\"async\" class=\"wp-image-18589 size-full\" src=\"http:\/\/www.slovensky-kras.eu\/info\/wp-content\/uploads\/2020\/12\/zadiel.png\" alt=\"\" width=\"800\" height=\"533\" srcset=\"https:\/\/www.slovensky-kras.eu\/info\/wp-content\/uploads\/2020\/12\/zadiel.png 800w, https:\/\/www.slovensky-kras.eu\/info\/wp-content\/uploads\/2020\/12\/zadiel-768x512.png 768w\" sizes=\"auto, (max-width: 800px) 100vw, 800px\" \/><\/a><figcaption id=\"caption-attachment-18589\" class=\"wp-caption-text\">Z\u00e1dielska dolina<\/figcaption><\/figure>\n<p>Celkov\u00fd \u010das do obce <a href=\"http:\/\/www.slovensky-kras.eu\/info\/strediska-a-centra\/obec-zadiel\/\">Z\u00e1diel<\/a> trv\u00e1 pribli\u017ene 0:30 h (nasp\u00e4\u0165 0:30 h).<\/p>\n<p>Najv\u00e4\u010d\u0161\u00edm turistick\u00fdm l\u00e1kadlom v okol\u00ed obce je u\u017e spom\u00ednan\u00e1 <a href=\"http:\/\/www.slovensky-kras.eu\/info\/kam-do-prirody\/zadielska-dolina\/\">Z\u00e1dielska dolina<\/a>, cez ktor\u00fa z obce <a href=\"http:\/\/www.slovensky-kras.eu\/info\/strediska-a-centra\/obec-zadiel\/\">Z\u00e1diel<\/a> prech\u00e1dza <img loading=\"lazy\" decoding=\"async\" class=\"alignnone wp-image-10330 size-full\" src=\"http:\/\/www.slovensky-kras.eu\/info\/wp-content\/uploads\/2013\/06\/cervena-1.png\" alt=\"cervena\" width=\"20\" height=\"21\" \/> \u010derven\u00e1 turistick\u00e1 trasa a\u017e ku r\u00e1zcestn\u00edku <strong>Z\u00e1dielsk\u00e1 dolina &#8211; hor\u00e1re\u0148 (450 m n.m.)<\/strong>.<\/p>\n<p>Pr\u00e1ve na tejto trase a v strede <a href=\"http:\/\/www.slovensky-kras.eu\/info\/kam-do-prirody\/zadielska-dolina\/\">Z\u00e1dielskej doliny<\/a> sa nach\u00e1dza skaln\u00e1 ve\u017ea a jeden z najvy\u0161\u0161\u00edch skaln\u00fd \u00fatvarov na Slovensku <a href=\"http:\/\/www.slovensky-kras.eu\/info\/kam-do-prirody\/cukrova-homola-105-m-n-m\/\">Cukrov\u00e1 homo\u013ea<\/a>.<\/p>\n<p>Celkov\u00fd \u010das k r\u00e1zcestn\u00edku <strong>Z\u00e1dielsk\u00e1 dolina &#8211; hor\u00e1re\u0148 (450 m n.m.)<\/strong> je z obce <a href=\"http:\/\/www.slovensky-kras.eu\/info\/strediska-a-centra\/obec-zadiel\/\">Z\u00e1diel<\/a> pribli\u017ene 1:00 h (nasp\u00e4\u0165 0:45 h).<\/p>\n<p>Spom\u00ednan\u00e1 <img loading=\"lazy\" decoding=\"async\" class=\"alignnone wp-image-10330 size-full\" src=\"http:\/\/www.slovensky-kras.eu\/info\/wp-content\/uploads\/2013\/06\/cervena-1.png\" alt=\"cervena\" width=\"20\" height=\"21\" \/> \u010derven\u00e1 turistick\u00e1 trasa za\u010d\u00edna v obci Dvorn\u00edky-V\u010del\u00e1re prech\u00e1dza obcou <a href=\"http:\/\/www.slovensky-kras.eu\/info\/strediska-a-centra\/obec-zadiel\/\">Z\u00e1diel<\/a>, <a href=\"http:\/\/www.slovensky-kras.eu\/info\/kam-do-prirody\/zadielska-dolina\/\">Z\u00e1dielskou dolinou<\/a>, planinou <a href=\"http:\/\/www.slovensky-kras.eu\/info\/kam-do-prirody\/planina-horny-vrch\/\">Horn\u00fd vrch<\/a>, <a href=\"http:\/\/www.slovensky-kras.eu\/info\/kam-do-prirody\/silicka-planina\/\">Silickou planinou<\/a> a kon\u010di v stredisku <a href=\"http:\/\/www.slovensky-kras.eu\/info\/strediska-a-centra\/domica\/\">Domica<\/a>.<\/p>\n<h4><span style=\"color: #993300;\">Kombinovan\u00e9 trasy<\/span><\/h4>\n<p>Kombinovan\u00fdmi turistick\u00fdmi trasami sa m\u00f4\u017eete dosta\u0165: k zr\u00facanin\u00e1m <a href=\"http:\/\/www.slovensky-kras.eu\/info\/kam-za-pamiatkami\/turniansky-hrad\/\">Turniansk\u00e9ho hradu<\/a> nach\u00e1dzaj\u00facich sa v <a href=\"http:\/\/www.slovensky-kras.eu\/info\/kam-do-prirody\/npr-turniansky-hradny-vrch\/\">NPR Turniansky hradn\u00fd vrch<\/a>, k jedn\u00e9mu z najv\u00e4\u010d\u0161\u00edch hrad\u00edsk v celej Eur\u00f3pe <a href=\"http:\/\/www.slovensky-kras.eu\/info\/kam-za-pamiatkami\/zadielske-hradisko\/\">Z\u00e1dielske hradisko \u2013 Okr\u00fahly laz<\/a>, k v\u00fdh\u013eadov\u00fdm miestam <a href=\"http:\/\/www.slovensky-kras.eu\/info\/kam-do-prirody\/zadielska-vyhliadka\/\">Z\u00e1dielska vyhliadka na Krkav\u010d\u00edch skal\u00e1ch<\/a> a <a href=\"http:\/\/www.slovensky-kras.eu\/info\/kam-do-prirody\/zadielsky-kamen-601-m-n-m\/\">Vyhliadka Z\u00e1dielsky kame\u0148 (601 m n.m.)<\/a>.<\/p>\n<figure id=\"attachment_21529\" aria-describedby=\"caption-attachment-21529\" style=\"width: 800px\" class=\"wp-caption aligncenter\"><a href=\"https:\/\/www.slovensky-kras.eu\/info\/wp-content\/uploads\/2021\/12\/zadielska-vyhliadka1.jpg\"><img loading=\"lazy\" decoding=\"async\" class=\"wp-image-21529 size-medium\" src=\"https:\/\/www.slovensky-kras.eu\/info\/wp-content\/uploads\/2021\/12\/zadielska-vyhliadka1-800x532.jpg\" alt=\"\" width=\"800\" height=\"532\" srcset=\"https:\/\/www.slovensky-kras.eu\/info\/wp-content\/uploads\/2021\/12\/zadielska-vyhliadka1-800x532.jpg 800w, https:\/\/www.slovensky-kras.eu\/info\/wp-content\/uploads\/2021\/12\/zadielska-vyhliadka1-768x510.jpg 768w, https:\/\/www.slovensky-kras.eu\/info\/wp-content\/uploads\/2021\/12\/zadielska-vyhliadka1.jpg 960w\" sizes=\"auto, (max-width: 800px) 100vw, 800px\" \/><\/a><figcaption id=\"caption-attachment-21529\" class=\"wp-caption-text\">poh\u013ead zo skaly smerom na juh,\u00a0 Fotograf Peter Tornauer<\/figcaption><\/figure>\n<p>\u010eal\u0161\u00edmi turistick\u00fdmi l\u00e1kadlami s\u00fa aj ne\u010falek\u00e1 hlbok\u00e1 krasov\u00e1 ties\u0148ava<a href=\"http:\/\/www.slovensky-kras.eu\/info\/kam-do-prirody\/hajska-dolina\/\"> H\u00e1jska dolina<\/a> a v nej ukryt\u00e9 <a href=\"http:\/\/www.slovensky-kras.eu\/info\/kam-do-prirody\/hajske-vodopady\/\">H\u00e1jske vodop\u00e1dy<\/a>, malebn\u00e1 <a href=\"http:\/\/www.slovensky-kras.eu\/info\/strediska-a-centra\/obec-hacava\/\">obec Ha\u010dava<\/a> a jej <a href=\"http:\/\/www.slovensky-kras.eu\/info\/kam-za-pamiatkami\/drevenice-v-obci-hacava\/\">drevenice<\/a>, <a href=\"http:\/\/www.slovensky-kras.eu\/info\/kam-do-prirody\/zadielska-planina\/\">Z\u00e1dielska planina<\/a>, <a href=\"http:\/\/www.slovensky-kras.eu\/info\/kam-do-prirody\/planina-horny-vrch\/\">planina Horn\u00fd vrch<\/a>, <a href=\"http:\/\/www.slovensky-kras.eu\/info\/kam-do-prirody\/borcianska-planina\/\">Bor\u010dianska planina<\/a>, v\u00fdh\u013eadov\u00fd <a href=\"http:\/\/www.slovensky-kras.eu\/info\/kam-do-prirody\/jeleni-vrch-947-m-n-m\/\">Jelen\u00ed vrch (947 m.n.m.)<\/a>, N\u00e1rodn\u00e9 pr\u00edrodn\u00e9 rezerv\u00e1cie <a href=\"http:\/\/www.slovensky-kras.eu\/info\/kam-do-prirody\/narodna-prirodna-rezervacia-zemne-hradisko\/\">Zemn\u00e9 hradisko<\/a> a <a href=\"http:\/\/www.slovensky-kras.eu\/info\/kam-do-prirody\/npr-havrania-skala\/\">Havrania skala<\/a>.<\/p>\n<h4><span style=\"color: #993300;\">Cykloturistick\u00e9 trasy<\/span><\/h4>\n<p>Cykloturistom je tu k dispoz\u00edci\u00ed \u010derven\u00e1 cykloturistick\u00e1 trasa naz\u00fdvan\u00e1 <strong>Cyklomagistr\u00e1la Slovensk\u00fd kras<\/strong> o celkovej d\u013a\u017eke pribl\u00ed\u017ene 195 km.<\/p>\n<p>Touto trasou sa m\u00f4\u017eete dosta\u0165 do obce <a href=\"http:\/\/www.slovensky-kras.eu\/info\/strediska-a-centra\/obec-hrhov\/\">Hrhov<\/a> s <a href=\"http:\/\/www.slovensky-kras.eu\/info\/kam-do-prirody\/hrhovsky-vodopad\/\">Hrhovsk\u00fdm vodop\u00e1dom<\/a> a <a href=\"http:\/\/www.slovensky-kras.eu\/info\/kam-do-prirody\/hrhovske-rybniky\/\">Hrhovsk\u00fdmi rybn\u00edkmi<\/a>, k N\u00e1rodnej pr\u00edrodnej rezerv\u00e1ci\u00ed <a href=\"http:\/\/www.slovensky-kras.eu\/info\/kam-do-prirody\/narodna-prirodna-rezervacia-zemne-hradisko\/\">Zemn\u00e9 hradisko<\/a>, do malebnej <a href=\"http:\/\/www.slovensky-kras.eu\/info\/strediska-a-centra\/obec-hacava\/\">obec Ha\u010dava<\/a> s <a href=\"http:\/\/www.slovensky-kras.eu\/info\/kam-za-pamiatkami\/drevenice-v-obci-hacava\/\">drevenicami<\/a> a na <a href=\"http:\/\/www.slovensky-kras.eu\/info\/kam-do-prirody\/zadielska-planina\/\">Z\u00e1dielsk\u00fa planinu<\/a>.<\/p>\n<h3><span style=\"color: #808000;\">Hist\u00f3ria<\/span><\/h3>\n<p>Chot\u00e1r obce Dvorn\u00edky bol os\u00eddlen\u00fd u\u017e d\u00e1vno, sved\u010d\u00ed o tom viacero tu n\u00e1jden\u00fdch archeologick\u00fd n\u00e1lezov.<\/p>\n<p>Pri potoku sa na\u0161li dva kusy \u017eeleznej trosky, pri hospod\u00e1rskom dvore PD sa zistilo \u017eiarov\u00e9 pohrebisko pilinskej a kyjatickej kult\u00fary (163 hrobov bohat\u00fdch na keramiku a bronzov\u00e9 ozdoby) a z\u00e1padne od obce na kopci V\u00e1radka boli objaven\u00e9 stopy os\u00eddlenia z obdobia pokro\u010dil\u00e9ho eneolitu a mlad\u0161ej doby bronzovej, ako aj n\u00e1lezy boler\u00e1zskej kult\u00farnej skupiny.<\/p>\n<p>Dvorn\u00edky s\u00fa ve\u013emi starou dedinou, prezr\u00e1dza to aj n\u00e1zov obce.<\/p>\n<p>Boli p\u00f4vodne kr\u00e1\u013eovsk\u00fdmi poddan\u00fdmi spravovan\u00ed comesom, ktor\u00ed pracovali na kr\u00e1\u013eovsk\u00fdch majetkoch.<\/p>\n<p>Pod\u013ea nich dostala obec n\u00e1zov, ke\u010f obyvatelia Dvorn\u00edk boli dvorn\u00edkmi turnianskeho kr\u00e1\u013eovsk\u00e9ho predia, ale v 2. polovici 13. stor. majetky Turnianskeho hradu prech\u00e1dzaj\u00fa do r\u00fak \u0161\u013eachtickej rodiny comesa Tekusa.<\/p>\n<p>Od roku 1440 obec vlastnil Imrich Bebek, potom pod veden\u00edm <a class=\"mw-redirect\" title=\"J\u00e1n Jiskra\" href=\"http:\/\/sk.wikipedia.org\/wiki\/J%C3%A1n_Jiskra\" target=\"_blank\" rel=\"noopener noreferrer\">J\u00e1na Jiskru<\/a> obec obsadili husiti.<\/p>\n<p>V roku 1476 obec vlastn\u00ed rodina Szapolyovcov.<\/p>\n<p>Do roku 1578 boli Dvorn\u00edky poplatn\u00e9 Turkom (6 port cel\u00fdch a 12 polovi\u010dn\u00fdch) a \u017eilo tu ma\u010farsk\u00e9 obyvate\u013estvo.<\/p>\n<p>Po Mag\u00f3csyho smrti r. 1579 panstvo vlastnilo viacero rod\u00edn (Mag\u00f3csy, M\u00f3ric, Semsey a K\u00e1thay).<\/p>\n<p>V 17. a na za\u010diatku 18. stor. obec kv\u00f4li vojnov\u00fdm udalostiam, chorob\u00e1m a n\u00e1silnostiam na pospolitom obyvate\u013estve spustla.<\/p>\n<p>V okol\u00ed obce operovali oddiely kuruckej arm\u00e1dy, proti ktor\u00fdm postupovali cis\u00e1rski labanci a obyvate\u013estvo sa s\u0165a\u017eovalo na ich ukrutnosti.<\/p>\n<p>R. 1710 v \u017eupe vypukla morov\u00e1 epid\u00e9mia.<\/p>\n<p>Obyvate\u013estvo obce sa teda zaoberalo po\u013enohospod\u00e1rstvom a do 20. stor. aj vinohradn\u00edctvom.<\/p>\n<p>V roku 1918 sa Dvorn\u00edky stali s\u00fa\u010das\u0165ou novovzniknutej I. \u010cSR.<\/p>\n<p>Po Viedenskej arbitr\u00e1\u017ei 2. novembra 1938 bola obec pripojen\u00e1 k Ma\u010farsku, II: svetov\u00e1 vojna si z radov miestneho obyvate\u013estva vy\u017eiadala krut\u00fa da\u0148 v podobe 20 vyhasl\u00fdch \u017eivotov.<\/p>\n<p>V roku 1964 do\u0161lo k zl\u00fa\u010deniu obc\u00ed Dvorn\u00edky, V\u010del\u00e1re a <a href=\"http:\/\/www.slovensky-kras.eu\/info\/strediska-a-centra\/obec-zadiel\/\">Z\u00e1diel<\/a> do spolo\u010dnej obce <strong>Z\u00e1dielske Dvorn\u00edky<\/strong>.<\/p>\n<p>V roku 1990 sa <a title=\"Z\u00e1diel\" href=\"http:\/\/sk.wikipedia.org\/wiki\/Z%C3%A1diel\" target=\"_blank\" rel=\"noopener\">Z\u00e1diel<\/a> z tejto obce vy\u010dlenil a zvy\u0161ok sa obce zmenil n\u00e1zov na <i>Dvorn\u00edky-V\u010del\u00e1re<\/i><sup id=\"cite_ref-v.C3.BDvoj-n.C3.A1zvu_5-0\" class=\"reference\"><\/sup>.<\/p>\n<h3><span style=\"color: #808000;\">Ubytovanie, stravovanie a slu\u017eby<\/span><\/h3>\n<ul>\n<li><a href=\"http:\/\/keturist.sk\/shop\/kategoria-produktu\/ubytovanie\/slovensky-kras\/?v=13dd621f2711\" target=\"_blank\" rel=\"noopener\">Ubytovacie zariadenia (\u010d\u00edtaj viac)<\/a><\/li>\n<\/ul>\n<ul>\n<li><a href=\"http:\/\/keturist.sk\/shop\/kategoria-produktu\/stravovanie\/slovensky-kras-stravovanie\/?v=13dd621f2711\" target=\"_blank\" rel=\"noopener\">Stravovacie zariadenia (\u010d\u00edtaj viac)<\/a><\/li>\n<\/ul>\n<h3><span style=\"color: #808000;\">Pamiatky<\/span><\/h3>\n<ul>\n<li>Barokovoklasicistick\u00fd Kostol Narodenia Panny M\u00e1rie<\/li>\n<\/ul>\n<ul>\n<li>sedliack\u00e9 domy z konca 19.a za\u010diatku 20. storo\u010dia<\/li>\n<\/ul>\n<ul>\n<li>reformovan\u00fd kalv\u00ednsky<\/li>\n<\/ul>\n<ul>\n<li>zemianska k\u00faria z druhej polovice 18. storo\u010dia<\/li>\n<\/ul>\n<ul>\n<li>pam\u00e4tn\u00edk obetiam I.a II. sv. vojny<\/li>\n<\/ul>\n<h3><span style=\"color: #808000;\">Pr\u00edroda<\/span><\/h3>\n<ul>\n<li><a href=\"http:\/\/www.slovensky-kras.eu\/info\/kam-do-prirody\/chotarny-potok-blatnica\/\">Chot\u00e1rny potok (Blatnica) (\u010d\u00edtaj viac&#8230;)<\/a><\/li>\n<\/ul>\n<h3><span style=\"color: #808000;\">Kult\u00fara a umenie<\/span><\/h3>\n<ul>\n<li><a href=\"http:\/\/www.slovensky-kras.eu\/info\/muzea-kutlura-a-umenie\/miestna-expozicia-dvorniky\/\">Miestna expoz\u00edcia Dvorn\u00edky (\u010d\u00edtaj viac&#8230;)<\/a><\/li>\n<\/ul>\n<h3><span style=\"color: #808000;\">Ostatn\u00e9<\/span><\/h3>\n<ul>\n<li><a href=\"http:\/\/www.slovensky-kras.eu\/info\/turnianska-vinna-cesta\/\">Turnianska v\u00ednna cesta (\u010d\u00edtaj viac&#8230;)<\/a><\/li>\n<\/ul>\n<h3><span style=\"color: #808000;\">Mapy<\/span><\/h3>\n<p><strong>Vrstvy: <\/strong>Turistick\u00e1 mapa, Automapa, Cyklomapa, Ly\u017eiarska mapa, Satelitn\u00e1 mapa a OpenStreetMap.<\/p>\n<p><strong>Kliknut\u00edm na logo &#8222;Freemap.sk&#8220; sa V\u00e1m mapa zobraz\u00ed na celej ploche obrazovky.<\/strong><\/p>\n<p><iframe style=\"width: 800px; height: 600px; border: 0;\" src=\"https:\/\/www.freemap.sk\/?map=14\/48.598210\/20.836387&amp;info-point=48.598210\/20.836387,Obec Dvorn\u00edky-V\u010del\u00e1re&amp;layers=T&amp;embed=search\" allowfullscreen=\"allowfullscreen\"><\/iframe><\/p>\n<p><span style=\"color: #808000;\"><strong>Po\u010dasie<\/strong><\/span><\/p>\n<p><iframe style=\"width: 800px; height: 600px;\" src=\"https:\/\/www.meteoblue.com\/sk\/po%C4%8Dasie\/widget\/three\/dvorn%c3%adky_slovensk%c3%a1-republika_724827?geoloc=fixed&amp;nocurrent=0&amp;noforecast=0&amp;days=6&amp;tempunit=CELSIUS&amp;windunit=KILOMETER_PER_HOUR&amp;layout=image\" frameborder=\"0\" scrolling=\"NO\" sandbox=\"allow-same-origin allow-scripts allow-popups allow-popups-to-escape-sandbox\"><\/iframe><\/p>\n<div><!-- DO NOT REMOVE THIS LINK --><a href=\"https:\/\/www.meteoblue.com\/sk\/po%C4%8Dasie\/predpove%C4%8F\/t%C3%BD%C5%BEde%C5%88\/dvorn%c3%adky_slovensk%c3%a1-republika_724827?utm_source=weather_widget&amp;utm_medium=linkus&amp;utm_content=three&amp;utm_campaign=Weather%2BWidget\" target=\"_blank\" rel=\"noopener noreferrer\">meteoblue<\/a><\/div>\n<h3><span style=\"color: #808000;\">Kontakt<\/span><\/h3>\n<p><b>\u00darad:<\/b> Obecn\u00fd \u00farad<br \/>\n<b>S\u00eddlo:<\/b> Dvorn\u00edky \u010d.4, 044 02<br \/>\n<b>Tel. \u010d.:<\/b> +421 55\u00a0466 24 05<br \/>\n<b>E-mail:<\/b> <a class=\"mail\" title=\"Opens window for sending email\"><img decoding=\"async\" src=\"http:\/\/www.regionkosice.com\/en\/typo3\/sysext\/rtehtmlarea\/res\/accessibilityicons\/img\/mail.gif\" alt=\"\" \/>obecdvorniky(at)kid.sk<\/a><br \/>\n<b>Internetov\u00e9 str\u00e1nky:<\/b>\u00a0<a class=\"external-link-new-window\" title=\"Opens external link in new window\" href=\"http:\/\/www.dvornikyvcelare.ocu.sk\/\" target=\"_blank\" rel=\"noopener noreferrer\">http:\/\/www.dvornikyvcelare.ocu.sk<\/a><\/p>\n<p>&nbsp;<\/p>\n","protected":false},"excerpt":{"rendered":"<p>Menu: V\u0161eobecn\u00e9 inform\u00e1cie V minulosti sa obec Dvorn\u00edky a V\u010del\u00e1re (po ma\u010farsky Mihyska, Mech) naz\u00fdvali: Udv\u00e1rnok, Szadudv\u00e1rnok a M\u00e9h\u00e9sz, spolo\u010dne M\u00e9h\u00e9szudvarnok. Obec Dvorn\u00edky-V\u010del\u00e1re sa nach\u00e1dza v Turnianskej kotline v n\u00e1plavovom [&hellip;]<\/p>\n","protected":false},"author":1,"featured_media":0,"parent":9,"menu_order":0,"comment_status":"closed","ping_status":"open","template":"","meta":{"_uag_custom_page_level_css":"","footnotes":""},"class_list":["post-1017","page","type-page","status-publish","hentry"],"featured_image_src":"","featured_image_src_square":false,"rbea_author_info":{"display_name":"admin","author_link":"https:\/\/www.slovensky-kras.eu\/info\/author\/admin\/"},"rbea_excerpt_info":"Menu: V\u0161eobecn\u00e9 inform\u00e1cie V minulosti sa obec Dvorn\u00edky a V\u010del\u00e1re (po ma\u010farsky Mihyska, Mech) naz\u00fdvali: Udv\u00e1rnok, Szadudv\u00e1rnok a M\u00e9h\u00e9sz, spolo\u010dne M\u00e9h\u00e9szudvarnok. Obec Dvorn\u00edky-V\u010del\u00e1re sa nach\u00e1dza v Turnianskej kotline v n\u00e1plavovom [&hellip;]","uagb_featured_image_src":{"full":false,"thumbnail":false,"medium":false,"medium_large":false,"large":false,"1536x1536":false,"2048x2048":false},"uagb_author_info":{"display_name":"admin","author_link":"https:\/\/www.slovensky-kras.eu\/info\/author\/admin\/"},"uagb_comment_info":0,"uagb_excerpt":"Menu: V\u0161eobecn\u00e9 inform\u00e1cie V minulosti sa obec Dvorn\u00edky a V\u010del\u00e1re (po ma\u010farsky Mihyska, Mech) naz\u00fdvali: Udv\u00e1rnok, Szadudv\u00e1rnok a M\u00e9h\u00e9sz, spolo\u010dne M\u00e9h\u00e9szudvarnok. Obec Dvorn\u00edky-V\u010del\u00e1re sa nach\u00e1dza v Turnianskej kotline v n\u00e1plavovom [&hellip;]","_links":{"self":[{"href":"https:\/\/www.slovensky-kras.eu\/info\/wp-json\/wp\/v2\/pages\/1017","targetHints":{"allow":["GET"]}}],"collection":[{"href":"https:\/\/www.slovensky-kras.eu\/info\/wp-json\/wp\/v2\/pages"}],"about":[{"href":"https:\/\/www.slovensky-kras.eu\/info\/wp-json\/wp\/v2\/types\/page"}],"author":[{"embeddable":true,"href":"https:\/\/www.slovensky-kras.eu\/info\/wp-json\/wp\/v2\/users\/1"}],"replies":[{"embeddable":true,"href":"https:\/\/www.slovensky-kras.eu\/info\/wp-json\/wp\/v2\/comments?post=1017"}],"version-history":[{"count":16,"href":"https:\/\/www.slovensky-kras.eu\/info\/wp-json\/wp\/v2\/pages\/1017\/revisions"}],"predecessor-version":[{"id":22437,"href":"https:\/\/www.slovensky-kras.eu\/info\/wp-json\/wp\/v2\/pages\/1017\/revisions\/22437"}],"up":[{"embeddable":true,"href":"https:\/\/www.slovensky-kras.eu\/info\/wp-json\/wp\/v2\/pages\/9"}],"wp:attachment":[{"href":"https:\/\/www.slovensky-kras.eu\/info\/wp-json\/wp\/v2\/media?parent=1017"}],"curies":[{"name":"wp","href":"https:\/\/api.w.org\/{rel}","templated":true}]}}